{"id":10822,"date":"2025-03-20T11:03:08","date_gmt":"2025-03-20T10:03:08","guid":{"rendered":"https:\/\/www.vaud.ch\/?page_id=10822"},"modified":"2025-12-05T13:23:20","modified_gmt":"2025-12-05T12:23:20","slug":"weintourismus","status":"publish","type":"page","link":"https:\/\/www.vaud.ch\/de\/tourismus\/weintourismus\/","title":{"rendered":"Weintourismus"},"content":{"rendered":"\n<div class=\"wp-block-group is-style-section is-layout-constrained wp-block-group-is-layout-constrained\">\n<p class=\"is-style-heading-p\">Weintourismus ist viel mehr als nur eine Weinverkostung: Es ist ein umfassendes Erlebnis, das Terroir, Kulturerbe und Know-how miteinander verbindet. Es l\u00e4dt Besucher dazu ein, die Weinbaulandschaften zu erkunden, die Produzenten kennenzulernen und die Geschichte hinter jeder Flasche zu verstehen.<\/p>\n\n\n\n<h2 class=\"wp-block-heading has-text-align-left\">Weintourismus<\/h2>\n\n\n\n<div style=\"height:24px\" aria-hidden=\"true\" class=\"wp-block-spacer\"><\/div>\n\n\n\n<div class=\"wp-block-columns is-layout-flex wp-container-core-columns-is-layout-9d6595d7 wp-block-columns-is-layout-flex\">\n<div class=\"wp-block-column is-layout-flow wp-block-column-is-layout-flow\" style=\"flex-basis:66.66%\">\n        <div class=\"gallery \"  style=\"\">\n            <div class=\"gallery-slider\">\n                                            <div>\n                                <img data-lazy=\"https:\/\/www.vaud.ch\/app\/uploads\/2025\/09\/Maison-des-Vins_PDRA-5-1000x680.jpg\" alt=\"\" class=\"skip-lazy\">\n                                                            <\/div>\n                        \n                                                                <div>\n                                <img data-lazy=\"https:\/\/www.vaud.ch\/app\/uploads\/2025\/11\/IMG_6765-2-1000x680.jpg\" alt=\"\" class=\"skip-lazy\">\n                                                            <\/div>\n                        \n                                                                <div>\n                                <img data-lazy=\"https:\/\/www.vaud.ch\/app\/uploads\/2025\/11\/IMG_7343-1000x680.jpg\" alt=\"\" class=\"skip-lazy\">\n                                                            <\/div>\n                        \n                                                                <div>\n                                <img data-lazy=\"https:\/\/www.vaud.ch\/app\/uploads\/2025\/11\/IMG_7166-1-1000x680.jpg\" alt=\"\" class=\"skip-lazy\">\n                                                            <\/div>\n                        \n                                                                <div>\n                                <img data-lazy=\"https:\/\/www.vaud.ch\/app\/uploads\/2025\/11\/Francey-Vins-1000x680.jpg\" alt=\"\" class=\"skip-lazy\">\n                                                            <\/div>\n                        \n                                                                <div>\n                                <img data-lazy=\"https:\/\/www.vaud.ch\/app\/uploads\/2025\/11\/IMG_2211-scaled-1-1000x680.jpeg\" alt=\"\" class=\"skip-lazy\">\n                                                            <\/div>\n                        \n                                                                <div>\n                                <img data-lazy=\"https:\/\/www.vaud.ch\/app\/uploads\/2025\/11\/IMG_6937-2-1000x680.jpg\" alt=\"\" class=\"skip-lazy\">\n                                                            <\/div>\n                        \n                                                <\/div>\n        <\/div>\n<\/div>\n\n\n\n<div class=\"wp-block-column is-layout-flow wp-block-column-is-layout-flow\" style=\"flex-basis:33.33%\">\n<p>Im Kanton Waadt kommt dieser Ansatz dank engagierter Mitglieder, die sich unter dem Label Vaud Oenotourisme zusammengeschlossen haben, voll zur Geltung. Gemeinsam bieten sie vielf\u00e4ltige Aktivit\u00e4ten an, um die Sch\u00e4tze des Kantons Waadt auf authentische und gesellige Weise zu entdecken:<\/p>\n\n\n\n<ul class=\"wp-block-list\">\n<li>Kellereibesichtigungen und Verkostungen<\/li>\n\n\n\n<li>Spazierg\u00e4nge durch die Weinberge<\/li>\n\n\n\n<li>Workshops und Verkostungskurse<\/li>\n\n\n\n<li>Gastronomische Erlebnisse<\/li>\n\n\n\n<li>Veranstaltungen und Festivals<\/li>\n\n\n\n<li>Aufenthalte und Kurzurlaube<\/li>\n\n\n\n<li>Kulturelle Besichtigungen<\/li>\n<\/ul>\n<\/div>\n<\/div>\n<\/div>\n\n\n\n<div class=\"wp-block-columns has-white-color-color has-green-color-background-color has-text-color has-background has-link-color wp-elements-959620d02266a9a68b45bcd52c146ece is-layout-flex wp-container-core-columns-is-layout-9d6595d7 wp-block-columns-is-layout-flex\">\n<div class=\"wp-block-column is-layout-flow wp-block-column-is-layout-flow\">\n<div style=\"height:25px\" aria-hidden=\"true\" class=\"wp-block-spacer\"><\/div>\n\n\n\n<h2 class=\"wp-block-heading has-white-color-color has-text-color has-link-color wp-elements-4c5eab21effa148bd089c429aec60fd0\">Unsere Ideen f\u00fcr weintouristische Aktivit\u00e4ten<\/h2>\n\n\n\n<div class=\"wp-block-columns is-layout-flex wp-container-core-columns-is-layout-9d6595d7 wp-block-columns-is-layout-flex\">\n<div class=\"wp-block-column is-layout-flow wp-block-column-is-layout-flow\">\n<figure class=\"wp-block-image size-full\"><a href=\"https:\/\/www.vaud.ch\/de\/tourismus\/weintourismus\/eine-reise-der-sinne-zwischen-wein-und-gaumenfreuden\/\"><img loading=\"lazy\" decoding=\"async\" width=\"2560\" height=\"1707\" src=\"https:\/\/www.vaud.ch\/app\/uploads\/2025\/08\/IMG_6713-2-scaled.jpg\" alt=\"\" class=\"wp-image-14828\" style=\"aspect-ratio:16\/9;object-fit:cover\" srcset=\"https:\/\/www.vaud.ch\/app\/uploads\/2025\/08\/IMG_6713-2-scaled.jpg 2560w, https:\/\/www.vaud.ch\/app\/uploads\/2025\/08\/IMG_6713-2-2048x1365.jpg 2048w, https:\/\/www.vaud.ch\/app\/uploads\/2025\/08\/IMG_6713-2-750x500.jpg 750w, https:\/\/www.vaud.ch\/app\/uploads\/2025\/08\/IMG_6713-2-300x200.jpg 300w, https:\/\/www.vaud.ch\/app\/uploads\/2025\/08\/IMG_6713-2-768x512.jpg 768w, https:\/\/www.vaud.ch\/app\/uploads\/2025\/08\/IMG_6713-2-1024x683.jpg 1024w, https:\/\/www.vaud.ch\/app\/uploads\/2025\/08\/IMG_6713-2-1536x1024.jpg 1536w\" sizes=\"auto, (max-width: 2560px) 100vw, 2560px\" \/><\/a><\/figure>\n\n\n\n<h3 class=\"wp-block-heading has-text-align-center has-white-color-color has-text-color has-link-color wp-elements-7dd951910190a0dfa515201cd8143645\">Weintourismus &amp; Gastronomie<\/h3>\n\n\n\n<p class=\"has-text-align-center\">Lassen Sie sich von einzigartigen Erlebnissen verf\u00fchren, bei denen Wein und Waadtl\u00e4nder Gastronomie auf wunderbare Weise miteinander verschmelzen.<\/p>\n\n\n\n<div class=\"wp-block-buttons is-content-justification-center is-layout-flex wp-container-core-buttons-is-layout-16018d1d wp-block-buttons-is-layout-flex\">\n<div class=\"wp-block-button\"><a class=\"wp-block-button__link has-text-align-center wp-element-button\" href=\"https:\/\/www.vaud.ch\/de\/tourismus\/gastronomie\/gastronomie-adressen\/\">Entdecken<\/a><\/div>\n<\/div>\n<\/div>\n\n\n\n<div class=\"wp-block-column is-layout-flow wp-block-column-is-layout-flow\">\n<figure class=\"wp-block-image size-full\"><a href=\"https:\/\/www.vaud.ch\/de\/tourismus\/weintourismus\/geschichte-und-weine-mit-dem-velo\/\"><img loading=\"lazy\" decoding=\"async\" width=\"2560\" height=\"1707\" src=\"https:\/\/www.vaud.ch\/app\/uploads\/2025\/03\/Velo-Route-des-vignobles-08260-c-A-Swiss-With-A-Pulse_-scaled.jpg\" alt=\"\" class=\"wp-image-11274\" style=\"aspect-ratio:16\/9;object-fit:cover\" srcset=\"https:\/\/www.vaud.ch\/app\/uploads\/2025\/03\/Velo-Route-des-vignobles-08260-c-A-Swiss-With-A-Pulse_-scaled.jpg 2560w, https:\/\/www.vaud.ch\/app\/uploads\/2025\/03\/Velo-Route-des-vignobles-08260-c-A-Swiss-With-A-Pulse_-2048x1365.jpg 2048w, https:\/\/www.vaud.ch\/app\/uploads\/2025\/03\/Velo-Route-des-vignobles-08260-c-A-Swiss-With-A-Pulse_-750x500.jpg 750w, https:\/\/www.vaud.ch\/app\/uploads\/2025\/03\/Velo-Route-des-vignobles-08260-c-A-Swiss-With-A-Pulse_-300x200.jpg 300w, https:\/\/www.vaud.ch\/app\/uploads\/2025\/03\/Velo-Route-des-vignobles-08260-c-A-Swiss-With-A-Pulse_-768x512.jpg 768w, https:\/\/www.vaud.ch\/app\/uploads\/2025\/03\/Velo-Route-des-vignobles-08260-c-A-Swiss-With-A-Pulse_-1024x683.jpg 1024w, https:\/\/www.vaud.ch\/app\/uploads\/2025\/03\/Velo-Route-des-vignobles-08260-c-A-Swiss-With-A-Pulse_-1536x1024.jpg 1536w\" sizes=\"auto, (max-width: 2560px) 100vw, 2560px\" \/><\/a><\/figure>\n\n\n\n<h3 class=\"wp-block-heading has-text-align-center has-white-color-color has-text-color has-link-color wp-elements-01b1bb6ea6eaf1244a14a6dc54e42a71\">Weintourismus &amp; Sport<\/h3>\n\n\n\n<p class=\"has-text-align-center has-white-color-color has-text-color has-link-color wp-elements-dca439fe98db39286063567dd76b260d\">Entdecken Sie unsere einzigartigen Weintourismusangebote mit dem Fahrrad, eine originelle Art, das Kulturerbe des Kantons Waadt zu erkunden.<\/p>\n\n\n\n<div class=\"wp-block-buttons is-content-justification-center is-layout-flex wp-container-core-buttons-is-layout-16018d1d wp-block-buttons-is-layout-flex\">\n<div class=\"wp-block-button\"><a class=\"wp-block-button__link wp-element-button\" href=\"https:\/\/www.vaud.ch\/de\/tourismus\/weintourismus\">Entdecken<\/a><\/div>\n<\/div>\n<\/div>\n\n\n\n<div class=\"wp-block-column is-layout-flow wp-block-column-is-layout-flow\">\n<figure class=\"wp-block-image size-full\"><a href=\"https:\/\/www.vaud.ch\/de\/tourismus\/sport\/weintourismus-copie\/geschichte-und-weine-mit-dem-velo-copie\/\"><img loading=\"lazy\" decoding=\"async\" width=\"2560\" height=\"1706\" src=\"https:\/\/www.vaud.ch\/app\/uploads\/2025\/03\/DJI_0189_Chateau_de_Vullierens_photo_Regis_Colombo_2021.jpg-scaled.jpg\" alt=\"\" class=\"wp-image-11101\" style=\"aspect-ratio:16\/9;object-fit:cover\" srcset=\"https:\/\/www.vaud.ch\/app\/uploads\/2025\/03\/DJI_0189_Chateau_de_Vullierens_photo_Regis_Colombo_2021.jpg-scaled.jpg 2560w, https:\/\/www.vaud.ch\/app\/uploads\/2025\/03\/DJI_0189_Chateau_de_Vullierens_photo_Regis_Colombo_2021.jpg-1536x1023.jpg 1536w, https:\/\/www.vaud.ch\/app\/uploads\/2025\/03\/DJI_0189_Chateau_de_Vullierens_photo_Regis_Colombo_2021.jpg-2048x1364.jpg 2048w, https:\/\/www.vaud.ch\/app\/uploads\/2025\/03\/DJI_0189_Chateau_de_Vullierens_photo_Regis_Colombo_2021.jpg-750x500.jpg 750w, https:\/\/www.vaud.ch\/app\/uploads\/2025\/03\/DJI_0189_Chateau_de_Vullierens_photo_Regis_Colombo_2021.jpg-300x200.jpg 300w, https:\/\/www.vaud.ch\/app\/uploads\/2025\/03\/DJI_0189_Chateau_de_Vullierens_photo_Regis_Colombo_2021.jpg-768x512.jpg 768w, https:\/\/www.vaud.ch\/app\/uploads\/2025\/03\/DJI_0189_Chateau_de_Vullierens_photo_Regis_Colombo_2021.jpg-1024x682.jpg 1024w\" sizes=\"auto, (max-width: 2560px) 100vw, 2560px\" \/><\/a><\/figure>\n\n\n\n<h3 class=\"wp-block-heading has-text-align-center has-white-color-color has-text-color has-link-color wp-elements-877ae6a22a15358dc932c1b668aa91e3\">Weintourismus &amp; Kultur<\/h3>\n\n\n\n<p class=\"has-text-align-center\">Entdecken Sie unsere \u00f6notouristischen Angebote rund um das Kulturerbe mit dem Fahrrad, eine originelle Art, das Kulturerbe des Kantons Waadt zu erkunden.<\/p>\n\n\n\n<div class=\"wp-block-buttons is-content-justification-center is-layout-flex wp-container-core-buttons-is-layout-16018d1d wp-block-buttons-is-layout-flex\">\n<div class=\"wp-block-button\"><a class=\"wp-block-button__link wp-element-button\" href=\"https:\/\/www.vaud.ch\/de\/tourismus\/agritourismus\">Entdecken<\/a><\/div>\n<\/div>\n<\/div>\n<\/div>\n<\/div>\n<\/div>\n\n\n\n<div class=\"wp-block-group is-style-section is-layout-constrained wp-block-group-is-layout-constrained\">\n<h2 class=\"wp-block-heading has-text-align-left\">Wein, das Juwel des Waadtl\u00e4nder Terroirs<\/h2>\n\n\n\n<p>Vom Genfersee bis zu den Ufern des Neuenburger- und Murtensees verspr\u00fcht der Kanton Waadt eine Lebensfreude, die von Weinbau, Geselligkeit und Gastronomie gepr\u00e4gt ist. Die Waadt ist ein bevorzugtes Anbaugebiet f\u00fcr Chasselas und z\u00e4hlt sechs Weinbauregionen \u2013 La C\u00f4te, Lavaux, Chablais, Bonvillars, Les C\u00f4tes de l\u2019Orbe und Vully \u2013 sowie acht kontrollierte Herkunftsbezeichnungen (AOC), die von einer reichen Weinbautradition zeugen. Zwischen spektakul\u00e4ren Landschaften, authentischen D\u00f6rfern und gastfreundlichen Weing\u00fctern kann man hier den Weintourismus auf unterschiedliche Arten erleben: Degustationen, Weinbergspazierg\u00e4nge, Begegnungen mit Winzern und Gourmetpausen. Ein Ort f\u00fcr Genussmenschen, im Rhythmus der Jahreszeiten und Entdeckungen.<\/p>\n\n\n<div class=\"wp-bootstrap-blocks-row row\">\n\t\n\n<div class=\"col-12 col-md-8\">\n\t\t\t\n\n<figure class=\"wp-block-image size-full\"><img loading=\"lazy\" decoding=\"async\" width=\"1024\" height=\"650\" src=\"https:\/\/www.vaud.ch\/app\/uploads\/2025\/03\/aoc-vaud-4.png\" alt=\"\" class=\"wp-image-11510\" srcset=\"https:\/\/www.vaud.ch\/app\/uploads\/2025\/03\/aoc-vaud-4.png 1024w, https:\/\/www.vaud.ch\/app\/uploads\/2025\/03\/aoc-vaud-4-788x500.png 788w, https:\/\/www.vaud.ch\/app\/uploads\/2025\/03\/aoc-vaud-4-300x190.png 300w, https:\/\/www.vaud.ch\/app\/uploads\/2025\/03\/aoc-vaud-4-768x488.png 768w\" sizes=\"auto, (max-width: 1024px) 100vw, 1024px\" \/><\/figure>\n\n\t<\/div>\n\n\n\n<div class=\"col-12 col-md-4\">\n\t\t\t\n\n    <div class=\"accordions \"  style=\"\">\n                        <div class=\"accordion-item\">\n                    <div class=\"accordion-header with-icon\">\n                        <lord-icon src=\"https:\/\/cdn.lordicon.com\/xsdtfyne.json\" target=\".accordion-header\" trigger=\"hover\" colors=\"primary:#0A4069\" style=\"width:34px;height:34px\"><\/lord-icon>\n                        <h4>La C\u00f4te<\/h4>\n                    <\/div>\n                    <div class=\"accordion-content\">\n                        <p>Zwischen Genfersee und Weinbergen begeistert La C\u00f4te mit sanften Panoramen und raffinierten Weinen. Perfekt f\u00fcr eine authentische Gourmetpause inmitten des Waadtl\u00e4nder Terroirs.<\/p>\n                    <\/div>\n                <\/div>\n                        <div class=\"accordion-item\">\n                    <div class=\"accordion-header with-icon\">\n                        <lord-icon src=\"https:\/\/cdn.lordicon.com\/xsdtfyne.json\" target=\".accordion-header\" trigger=\"hover\" colors=\"primary:#0A4069\" style=\"width:34px;height:34px\"><\/lord-icon>\n                        <h4>Lavaux<\/h4>\n                    <\/div>\n                    <div class=\"accordion-content\">\n                        <p>Das UNESCO-Welterbe Lavaux entz\u00fcckt mit seinen steil zum Genfersee hinabfallenden Weinterrassen. Eine spektakul\u00e4re Kulisse, um aussergew\u00f6hnliche Weine zwischen Himmel, See und Bergen zu geniessen.<\/p>\n                    <\/div>\n                <\/div>\n                        <div class=\"accordion-item\">\n                    <div class=\"accordion-header with-icon\">\n                        <lord-icon src=\"https:\/\/cdn.lordicon.com\/xsdtfyne.json\" target=\".accordion-header\" trigger=\"hover\" colors=\"primary:#0A4069\" style=\"width:34px;height:34px\"><\/lord-icon>\n                        <h4>Chablais<\/h4>\n                    <\/div>\n                    <div class=\"accordion-content\">\n                        <p>Zwischen Alpen und Genfersee gedeihen im Chablais ehrliche, grossz\u00fcgige Weine vor einer einzigartigen Bergkulisse. Eine Region der Kontraste, perfekt f\u00fcr alle, die Authentizit\u00e4t suchen.<\/p>\n                    <\/div>\n                <\/div>\n                        <div class=\"accordion-item\">\n                    <div class=\"accordion-header with-icon\">\n                        <lord-icon src=\"https:\/\/cdn.lordicon.com\/xsdtfyne.json\" target=\".accordion-header\" trigger=\"hover\" colors=\"primary:#0A4069\" style=\"width:34px;height:34px\"><\/lord-icon>\n                        <h4>Les C\u00f4tes de l\u2019Orbe<\/h4>\n                    <\/div>\n                    <div class=\"accordion-content\">\n                        <p>Das gr\u00f6sste Weinbaugebiet im Waadtland, Les C\u00f4tes de l\u2019Orbe, bringt in idyllischer Umgebung ausdruckstarke Rotweine hervor. Ein charaktervolles Reiseziel zwischen Feldern, Weinbergen und typischen D\u00f6rfern.<\/p>\n                    <\/div>\n                <\/div>\n                        <div class=\"accordion-item\">\n                    <div class=\"accordion-header with-icon\">\n                        <lord-icon src=\"https:\/\/cdn.lordicon.com\/xsdtfyne.json\" target=\".accordion-header\" trigger=\"hover\" colors=\"primary:#0A4069\" style=\"width:34px;height:34px\"><\/lord-icon>\n                        <h4>Bonvillars<\/h4>\n                    <\/div>\n                    <div class=\"accordion-content\">\n                        <p>Oberhalb des Neuenburgersees bezaubert Bonvillars mit seinen friedlichen Weinbergen und gastfreundlichen Weinkellern. Ein diskretes Juwel f\u00fcr Liebhaber von Weinen mit Charakter und der Natur.<\/p>\n                    <\/div>\n                <\/div>\n                        <div class=\"accordion-item\">\n                    <div class=\"accordion-header with-icon\">\n                        <lord-icon src=\"https:\/\/cdn.lordicon.com\/xsdtfyne.json\" target=\".accordion-header\" trigger=\"hover\" colors=\"primary:#0A4069\" style=\"width:34px;height:34px\"><\/lord-icon>\n                        <h4>Vully<\/h4>\n                    <\/div>\n                    <div class=\"accordion-content\">\n                        <p>Der gleichnamige Berg erhebt sich zwischen dem Neuenburger- und dem Murtensee. Das am Hang gelegene Weinbaugebiet Vully AOC ist sozusagen zweisprachig und ein Bindeglied zwischen den Kantonen Waadt und Freiburg.<\/p>\n                    <\/div>\n                <\/div>\n            <\/div>\n\n\n\t<\/div>\n\n<\/div>\n<\/div>\n\n\n\n<div style=\"height:50px\" aria-hidden=\"true\" class=\"wp-block-spacer\"><\/div>\n\n\n\n\n\n<div style=\"height:50px\" aria-hidden=\"true\" class=\"wp-block-spacer\"><\/div>\n\n\n\n<div class=\"wp-block-group is-style-section has-lightblue-color-full-background-color has-background is-layout-constrained wp-block-group-is-layout-constrained\">\n<h2 class=\"wp-block-heading has-text-align-center\">Unsere Partner<\/h2>\n\n\n\n<div style=\"height:50px\" aria-hidden=\"true\" class=\"wp-block-spacer\"><\/div>\n\n\n\n<h3 class=\"wp-block-heading\">Vaud \u0152notourisme<\/h3>\n\n\n\n<p>Als Vorreiter des Weintourismus in der Schweiz hat der Kanton Waadt 2014 das Netzwerk Vaud \u0152notourisme ins Leben gerufen. Es hat zur Aufgabe, Qualit\u00e4tsstandards f\u00fcr den Weintourismus zu definieren, vor allem aber Orte auszumachen, an denen man Weine degustieren, Produzenten kennenlernen und die Region entdecken kann.<\/p>\n\n\n\n<div class=\"wp-block-columns is-layout-flex wp-container-core-columns-is-layout-9d6595d7 wp-block-columns-is-layout-flex\">\n<div class=\"wp-block-column is-layout-flow wp-block-column-is-layout-flow\">\n<figure class=\"wp-block-image alignleft size-full is-style-width-100\"><img loading=\"lazy\" decoding=\"async\" width=\"874\" height=\"625\" src=\"https:\/\/www.vaud.ch\/app\/uploads\/2025\/04\/AVOE-1.png\" alt=\"\" class=\"wp-image-12383\" srcset=\"https:\/\/www.vaud.ch\/app\/uploads\/2025\/04\/AVOE-1.png 874w, https:\/\/www.vaud.ch\/app\/uploads\/2025\/04\/AVOE-1-699x500.png 699w, https:\/\/www.vaud.ch\/app\/uploads\/2025\/04\/AVOE-1-300x215.png 300w, https:\/\/www.vaud.ch\/app\/uploads\/2025\/04\/AVOE-1-768x549.png 768w\" sizes=\"auto, (max-width: 874px) 100vw, 874px\" \/><\/figure>\n<\/div>\n\n\n\n<div class=\"wp-block-column is-layout-flow wp-block-column-is-layout-flow\">\n<p>Die 2018 gegr\u00fcndete <strong>Association Vaud \u0152notourisme (AVOE)<\/strong> vereint Akteure aus den Bereichen Wein, Gastronomie und Gastgewerbe um ein gemeinsames Ziel: das Waadtl\u00e4nder Terroir durch hochwertige authentische Erlebnisse zur Geltung bringen. Die vom Kanton Waadt anerkannte Vereinigung unterst\u00fctzt die Entwicklung des Weintourismus auf der lokalen, regionalen und nationalen Ebene und beg\u00fcnstigt Synergien zwischen den verschiedenen Sektoren.<\/p>\n\n\n\n<p>Eine Mitgliedschaft bei der AVOE bietet verschiedene Vorteile: erh\u00f6hte Sichtbarkeit auf offiziellen Werbekan\u00e4len, Zugang zu spezialisierten Weiterbildungen, Teilnahme an Veranstaltungen des Netzwerks und Vorzugstarife f\u00fcr bestimmte Terroir-Produkte. Sie bedeutet auch, sich einer dynamischen Gemeinschaft anzuschliessen, die sich der Exzellenz des Weintourismus verschrieben hat, und einen aktiven Beitrag zur Attraktivit\u00e4t des Kantons Waadt zu leisten.<\/p>\n\n\n\n<div class=\"wp-block-buttons is-layout-flex wp-block-buttons-is-layout-flex\">\n<div class=\"wp-block-button\"><a class=\"wp-block-button__link wp-element-button\" href=\"https:\/\/vaud-oenotourisme.ch\/les-partenaires\/\">Alle Mitglieder entdecken<\/a><\/div>\n<\/div>\n<\/div>\n<\/div>\n\n\n\n<div style=\"height:100px\" aria-hidden=\"true\" class=\"wp-block-spacer\"><\/div>\n\n\n\n<h2 class=\"wp-block-heading\">Swiss Wine Vaud <\/h2>\n\n\n\n<div class=\"wp-block-columns is-layout-flex wp-container-core-columns-is-layout-9d6595d7 wp-block-columns-is-layout-flex\">\n<div class=\"wp-block-column is-layout-flow wp-block-column-is-layout-flow\">\n<p>Swiss Wine Vaud is the Vaud regional branch of Swiss Wine Promotion, the national organization responsible for promoting Swiss wines. It showcases the terroirs, grape varieties, and expertise of Vaud winemakers through communication campaigns, events, and partnerships with the tourism sector. Together, they work to promote Swiss wines both in Switzerland and internationally.<\/p>\n<\/div>\n\n\n\n<div class=\"wp-block-column is-layout-flow wp-block-column-is-layout-flow\">\n<figure class=\"wp-block-image alignleft size-full is-style-width-100\"><img loading=\"lazy\" decoding=\"async\" width=\"1500\" height=\"520\" src=\"https:\/\/www.vaud.ch\/app\/uploads\/2025\/09\/swiss-wine-logo_Red.png\" alt=\"\" class=\"wp-image-15747\" srcset=\"https:\/\/www.vaud.ch\/app\/uploads\/2025\/09\/swiss-wine-logo_Red.png 1500w, https:\/\/www.vaud.ch\/app\/uploads\/2025\/09\/swiss-wine-logo_Red-300x104.png 300w, https:\/\/www.vaud.ch\/app\/uploads\/2025\/09\/swiss-wine-logo_Red-768x266.png 768w, https:\/\/www.vaud.ch\/app\/uploads\/2025\/09\/swiss-wine-logo_Red-1024x355.png 1024w, https:\/\/www.vaud.ch\/app\/uploads\/2025\/09\/swiss-wine-logo_Red-1442x500.png 1442w\" sizes=\"auto, (max-width: 1500px) 100vw, 1500px\" \/><\/figure>\n<\/div>\n<\/div>\n\n\n\n<div style=\"height:100px\" aria-hidden=\"true\" class=\"wp-block-spacer\"><\/div>\n\n\n\n<h3 class=\"wp-block-heading\">Great Wine Capitals<\/h3>\n\n\n\n<p>Lausanne geh\u00f6rt dem prestigereichen internationalen Netzwerk <a href=\"https:\/\/www.greatwinecapitals.com\/capitals\/lausanne-switzerland\/\">Great Wine Capitals<\/a> an, einem Zusammenschluss der grossen Welthauptst\u00e4dte des Weintourismus. Eine Auszeichnung, die die Exzellenz seiner Weinberge, die Qualit\u00e4t seiner Gastfreundschaft und die Vielfalt seiner Lebenskunst belohnt. Zwischen See, Weinbergen und Gastronomie bietet Lausanne Weinliebhabern ein einzigartiges Erlebnis. Ein unumg\u00e4ngliches Reiseziel, um das Beste des Terroirs zu entdecken.<\/p>\n\n\n\n<div style=\"height:42px\" aria-hidden=\"true\" class=\"wp-block-spacer\"><\/div>\n\n\n\n<div class=\"wp-block-columns is-layout-flex wp-container-core-columns-is-layout-9d6595d7 wp-block-columns-is-layout-flex\">\n<div class=\"wp-block-column is-layout-flow wp-block-column-is-layout-flow\">\n<figure class=\"wp-block-image size-full is-style-width-100\"><img loading=\"lazy\" decoding=\"async\" width=\"874\" height=\"625\" src=\"https:\/\/www.vaud.ch\/app\/uploads\/2025\/04\/BOWT-1.jpg\" alt=\"\" class=\"wp-image-12371\" srcset=\"https:\/\/www.vaud.ch\/app\/uploads\/2025\/04\/BOWT-1.jpg 874w, https:\/\/www.vaud.ch\/app\/uploads\/2025\/04\/BOWT-1-699x500.jpg 699w, https:\/\/www.vaud.ch\/app\/uploads\/2025\/04\/BOWT-1-300x215.jpg 300w, https:\/\/www.vaud.ch\/app\/uploads\/2025\/04\/BOWT-1-768x549.jpg 768w\" sizes=\"auto, (max-width: 874px) 100vw, 874px\" \/><\/figure>\n<\/div>\n\n\n\n<div class=\"wp-block-column is-layout-flow wp-block-column-is-layout-flow\">\n<h4 class=\"wp-block-heading\">Best Of Wine Tourism Awards<\/h4>\n\n\n\n<p>Der Best Of Wine Tourism Award, der vom Netzwerk Great Wine Capitals verliehen wird, pr\u00e4miert jedes Jahr die weltweit bemerkenswertesten Initiativen auf dem Gebiet des Weintourismus. Er belohnt Weing\u00fcter, Unterk\u00fcnfte oder Erfahrungen, die sich durch die Qualit\u00e4t des Empfangs, ihre Originalit\u00e4t und ihre starke Verbundenheit mit dem Terroir auszeichnen.<\/p>\n\n\n\n<p>Diesen Preis zu erhalten, bedeutet internationale Anerkennung, erh\u00f6hte Sichtbarkeit und ein echtes Vertrauenssiegel f\u00fcr die Besucher. Es bedeutet auch, einer Gemeinschaft von Akteuren anzugeh\u00f6ren, die sich f\u00fcr die Exzellenz des Weintourismus engagieren, und die Attraktivit\u00e4t eines ganzen Gebiets zur Geltung zu bringen.<\/p>\n\n\n\n<div class=\"wp-block-buttons is-layout-flex wp-block-buttons-is-layout-flex\">\n<div class=\"wp-block-button\"><a class=\"wp-block-button__link wp-element-button\" href=\"https:\/\/www.greatwinecapitals.com\/best-of-wine-tourism\/?_region_filter=lausanne-switzerland\">Die Gewinner entdecken<\/a><\/div>\n<\/div>\n<\/div>\n<\/div>\n<\/div>\n\n\n\n\n\n<div class=\"wp-block-group is-style-section has-white-color-color has-green-color-background-color has-text-color has-background has-link-color wp-elements-66aadf09daa811110a2811f8908cb3dc is-layout-flow wp-block-group-is-layout-flow\" style=\"padding-top:var(--wp--preset--spacing--80);padding-bottom:var(--wp--preset--spacing--80)\">\n    <div class=\"post-list-arrows cta-title\">\n                    <h2>Entdecken Sie weitere Ideen f\u00fcr Aktivit\u00e4ten im Kanton <\/h2>\n                <div class=\"arrows\">\n            <div class=\" prev-arrow\">\n                <img decoding=\"async\" src=\"https:\/\/www.vaud.ch\/app\/themes\/child\/assets\/images\/system-outline-161-trending-flat.svg\" alt=\"\" class=\"skip-lazy\">\n            <\/div>\n            <div class=\"next-arrow\">\n                <img decoding=\"async\" src=\"https:\/\/www.vaud.ch\/app\/themes\/child\/assets\/images\/system-outline-161-trending-flat.svg\" alt=\"\" class=\"skip-lazy\">\n            <\/div>\n        <\/div>\n\n    <\/div>\n    <div class=\"call-to-action  row  \"  style=\"margin-top:0;margin-bottom:0;\">\n                        <div class=\"col-md-3\">\n                                            <a class=\"cta-item \" href=\"https:\/\/www.vaud.ch\/de\/offene-waadtlaender-weinkeller\/\" target=\"_self\">\n                                                                                    <img data-lazy=\"https:\/\/www.vaud.ch\/app\/uploads\/2025\/04\/Caves-Ouvertes-2024-6.jpg\" alt=\"Offene Waadtl\u00e4nder Weinkeller\" class=\"skip-lazy\">\n                                                        <span class=\"text\">Offene Waadtl\u00e4nder Weinkeller<\/span>\n                            <span class=\"read-more\">Mehr lesen<\/span>\n                                                    <\/a>\n                        <\/div>\n                <div class=\"col-md-3\">\n                                            <a class=\"cta-item \" href=\"https:\/\/www.vaud.ch\/de\/tourismus\/veranstaltungen\/\" target=\"_blank\">\n                                                                                    <img data-lazy=\"https:\/\/www.vaud.ch\/app\/uploads\/2023\/08\/MJF_Vaudplus_Ambassadeur.jpg\" alt=\"Agenda und Veranstaltungen\" class=\"skip-lazy\">\n                                                        <span class=\"text\">Agenda und Veranstaltungen<\/span>\n                            <span class=\"read-more\">Mehr lesen<\/span>\n                                                    <\/a>\n                        <\/div>\n                <div class=\"col-md-3\">\n                                            <a class=\"cta-item \" href=\"https:\/\/www.vaud.ch\/de\/blueten-des-genfersees\/\" target=\"_blank\">\n                                                                                    <img data-lazy=\"https:\/\/www.vaud.ch\/app\/uploads\/2025\/03\/Tulipes-Morges-1-750x500.jpg\" alt=\"Bl\u00fcten des Genfersees\" class=\"skip-lazy\">\n                                                        <span class=\"text\">Bl\u00fcten des Genfersees<\/span>\n                            <span class=\"read-more\">Mehr lesen<\/span>\n                                                    <\/a>\n                        <\/div>\n                <div class=\"col-md-3\">\n                                            <a class=\"cta-item \" href=\"https:\/\/www.vaud.ch\/de\/leben\/sport\/gravel-kanton-waadt\/\" target=\"_self\">\n                                                                                    <img data-lazy=\"https:\/\/www.vaud.ch\/app\/uploads\/2025\/04\/IMG_6317-333x500.jpg\" alt=\"Gravelbiken\" class=\"skip-lazy\">\n                                                        <span class=\"text\">Gravelbiken<\/span>\n                            <span class=\"read-more\">Mehr lesen<\/span>\n                                                    <\/a>\n                        <\/div>\n<\/div>\n\n<\/div>\n","protected":false},"excerpt":{"rendered":"<p>Weintourismus ist viel mehr als nur eine Weinverkostung: Es ist ein umfassendes Erlebnis, das Terroir, Kulturerbe und Know-how miteinander verbindet. Es l\u00e4dt Besucher dazu ein, die Weinbaulandschaften zu erkunden, die Produzenten kennenzulernen und die Geschichte hinter jeder Flasche zu verstehen. Weintourismus Im Kanton Waadt kommt dieser Ansatz dank engagierter Mitglieder, die sich unter dem Label [&hellip;]<\/p>\n","protected":false},"author":15,"featured_media":11425,"parent":2452,"menu_order":0,"comment_status":"closed","ping_status":"closed","template":"","meta":{"_acf_changed":false,"footnotes":""},"class_list":["post-10822","page","type-page","status-publish","has-post-thumbnail","hentry"],"acf":[],"aioseo_notices":[],"_links":{"self":[{"href":"https:\/\/www.vaud.ch\/de\/wp-json\/wp\/v2\/pages\/10822","targetHints":{"allow":["GET"]}}],"collection":[{"href":"https:\/\/www.vaud.ch\/de\/wp-json\/wp\/v2\/pages"}],"about":[{"href":"https:\/\/www.vaud.ch\/de\/wp-json\/wp\/v2\/types\/page"}],"author":[{"embeddable":true,"href":"https:\/\/www.vaud.ch\/de\/wp-json\/wp\/v2\/users\/15"}],"replies":[{"embeddable":true,"href":"https:\/\/www.vaud.ch\/de\/wp-json\/wp\/v2\/comments?post=10822"}],"version-history":[{"count":30,"href":"https:\/\/www.vaud.ch\/de\/wp-json\/wp\/v2\/pages\/10822\/revisions"}],"predecessor-version":[{"id":19211,"href":"https:\/\/www.vaud.ch\/de\/wp-json\/wp\/v2\/pages\/10822\/revisions\/19211"}],"up":[{"embeddable":true,"href":"https:\/\/www.vaud.ch\/de\/wp-json\/wp\/v2\/pages\/2452"}],"wp:featuredmedia":[{"embeddable":true,"href":"https:\/\/www.vaud.ch\/de\/wp-json\/wp\/v2\/media\/11425"}],"wp:attachment":[{"href":"https:\/\/www.vaud.ch\/de\/wp-json\/wp\/v2\/media?parent=10822"}],"curies":[{"name":"wp","href":"https:\/\/api.w.org\/{rel}","templated":true}]}}