{"id":11390,"date":"2025-03-25T08:48:43","date_gmt":"2025-03-25T07:48:43","guid":{"rendered":"https:\/\/www.vaud.ch\/?page_id=11390"},"modified":"2026-04-27T15:34:10","modified_gmt":"2026-04-27T13:34:10","slug":"gravel","status":"publish","type":"page","link":"https:\/\/www.vaud.ch\/de\/tourismus\/sport\/gravel\/","title":{"rendered":"Gravel"},"content":{"rendered":"\n    <\/div>\n            <div class=\"page-header header-landing-page parallax \"  style=\"background-image: url(https:\/\/www.vaud.ch\/app\/uploads\/2026\/04\/IMG_6568-1920x1080.jpg); \">\n            <div class=\"container\">\n                <div class=\"row\">\n                    <div class=\"col-lg-7\">\n                        <h1><span class=\"white-txt\">Gravel im<\/span><br \/>\n<span class=\"green-txt\">Kanton Waadt<\/span><\/h1>\n                    <\/div>\n                <\/div>\n            <\/div>\n        <\/div>\n        <div class=\"container\">\n\n    \n\n\n<div style=\"height:100px\" aria-hidden=\"true\" class=\"wp-block-spacer\"><\/div>\n\n\n<div class=\"wp-bootstrap-blocks-row row justify-content-center\">\n\t\n\n<div class=\"col-12\">\n\t\t\t\n\n<div class=\"wp-block-columns is-layout-flex wp-container-core-columns-is-layout-2edb0647 wp-block-columns-is-layout-flex\" style=\"margin-top:0;margin-bottom:0\">\n<div class=\"wp-block-column is-layout-flow wp-block-column-is-layout-flow\" style=\"padding-top:0;padding-right:var(--wp--preset--spacing--60);padding-bottom:0;padding-left:var(--wp--preset--spacing--60)\">\n<div class=\"wp-block-columns is-layout-flex wp-container-core-columns-is-layout-e098624a wp-block-columns-is-layout-flex\" style=\"margin-bottom:0;padding-top:0;padding-bottom:0\">\n<div class=\"wp-block-column is-vertically-aligned-top is-layout-flow wp-block-column-is-layout-flow\">\n<h2 class=\"wp-block-heading has-text-align-left has-green-color-color has-text-color has-link-color wp-elements-735c82315db40949c3ac4e72f0c465e2\">Gravelbiken beginnt hier<\/h2>\n\n\n\n<p class=\"has-blue-color-color has-text-color has-link-color wp-elements-de36ad44399c46d010ee0d89f24387a3\">Die Sonne scheint, die Wege sind offen, Zeit zum Velofahren! Mit der R\u00fcckkehr des sch\u00f6nen Wetters beginnt die Gravel-Saison im Kanton Waadt. Dieses vielseitige Fahrrad zwischen Rennrad und Mountainbike eignet sich perfekt, um die wundersch\u00f6nen Velorouten im Waadtland zu erkunden.<\/p>\n\n\n\n<p class=\"has-blue-color-color has-text-color has-link-color wp-elements-4b4e1d5131f2c1f6de0c818af4bb5908\">Weinberge, W\u00e4lder, Berge, Seen\u2026 Im Kanton Waadt gibt es viele Regionen, die man mit dem Velo erkunden kann! Nyon, Vall\u00e9e de Joux, Nord vaudois und die Alpes Vaudoises sind ideale Reiseziele, um mit dem Gravelbike das lokale Kulturerbe zu entdecken.<\/p>\n\n\n\n<p class=\"has-blue-color-color has-text-color has-link-color wp-elements-4c76eb25136131c450085b7a6140315a\">Wie w\u00e4r&#8217;s mit einem einzigartigen geselligen Gravel-Erlebnis? Es ist f\u00fcr jedes Niveau geeignet, ideal mit der Familie oder Freunden! Gute Tipps gibt&#8217;s hier:<\/p>\n\n\n<\/div>\n\n\n\n<div class=\"wp-block-column is-layout-flow wp-block-column-is-layout-flow\">\n<figure class=\"wp-block-embed is-type-video is-provider-youtube wp-block-embed-youtube wp-embed-aspect-16-9 wp-has-aspect-ratio\" style=\"margin-top:0;margin-right:0;margin-bottom:0;margin-left:0\"><div class=\"wp-block-embed__wrapper\">\n<iframe loading=\"lazy\" title=\"Gravelbiken beginnt hier | VAUD\" width=\"500\" height=\"281\" src=\"https:\/\/www.youtube.com\/embed\/0RlvzUfFv_8?feature=oembed\" frameborder=\"0\" allow=\"accelerometer; autoplay; clipboard-write; encrypted-media; gyroscope; picture-in-picture; web-share\" referrerpolicy=\"strict-origin-when-cross-origin\" allowfullscreen><\/iframe>\n<\/div><\/figure>\n<\/div>\n<\/div>\n<\/div>\n<\/div>\n\n\t<\/div>\n\n<\/div>\n\n\n\n<div style=\"height:100px\" aria-hidden=\"true\" id=\"plus\" class=\"wp-block-spacer\"><\/div>\n\n\n\n            <div class=\"sticky-nav-outer \"  style=\"\">\n            <div class=\"sticky-nav\">\n                <div class=\"sticky-nav-inner\">\n                                                                        <span class=\"label\">\n                                Gravelbiken im Kanton Waadt                                <i class=\"far fa-angle-right\"><\/i>\n                            <\/span>\n                                                                <ul>\n                        <li><a href=\"#hotels\">Bike hotels<\/a><\/li><li><a href=\"#experiences\">Gourmetpause<\/a><\/li><li><a href=\"#Tours-v\u00e9lo\">Radtouren<\/a><\/li><li><a href=\"#Location\">Fahrradverleih<\/a><\/li>                    <\/ul>\n                <\/div>\n            <\/div>\n        <\/div>\n    \n\n\n<h2 class=\"wp-block-heading\">Die 4 besten Gravel-Destinationen im Kanton Waadt<\/h2>\n\n\n\n    <div class=\"tiles-grid row \"  style=\"\">\n                            <div class=\"col-sm-6 col-lg-4\">\n                        <a class=\"tile-item \" href=\"https:\/\/www.alpesvaudoises.ch\/de\/Z131\/gravel\" target=\"_blank\">\n                            <div class=\"img-wrap\">\n                                                                    <img decoding=\"async\" src=\"https:\/\/www.vaud.ch\/app\/uploads\/2026\/04\/IMG_6575-scaled-e1777295434472-770x440.jpg\" alt=\"Alpes Vaudoises\">\n                                                            <\/div>\n                            <h3>Alpes Vaudoises<\/h3>\n                        <\/a>\n                    <\/div>\n                                            <div class=\"col-sm-6 col-lg-4\">\n                        <a class=\"tile-item \" href=\"https:\/\/yverdonlesbainsregion.ch\/de\/groupe\/radfahren-und-mountainbiking\/\" target=\"_blank\">\n                            <div class=\"img-wrap\">\n                                                                    <img decoding=\"async\" src=\"https:\/\/www.vaud.ch\/app\/uploads\/2026\/02\/IMG_6227-770x440.jpg\" alt=\"Nord vaudois\">\n                                                            <\/div>\n                            <h3>Nord vaudois<\/h3>\n                        <\/a>\n                    <\/div>\n                                            <div class=\"col-sm-6 col-lg-4\">\n                        <a class=\"tile-item \" href=\"https:\/\/www.lacote-tourisme.ch\/de\/Z15061\/radfahren-mountainbike-e-bike\" target=\"_blank\">\n                            <div class=\"img-wrap\">\n                                                                    <img decoding=\"async\" src=\"https:\/\/www.vaud.ch\/app\/uploads\/2025\/04\/IMG_6329-770x440.jpg\" alt=\"Nyon\">\n                                                            <\/div>\n                            <h3>Nyon<\/h3>\n                        <\/a>\n                    <\/div>\n                                            <div class=\"col-sm-6 col-lg-4\">\n                        <a class=\"tile-item \" href=\"https:\/\/www.myvalleedejoux.ch\/de\/Z14954\/fahrrad-mountainbike-und-e-bike\" target=\"_blank\">\n                            <div class=\"img-wrap\">\n                                                                    <img decoding=\"async\" src=\"https:\/\/www.vaud.ch\/app\/uploads\/2025\/04\/IMG_6486-770x440.jpg\" alt=\"Vall\u00e9e de Joux\">\n                                                            <\/div>\n                            <h3>Vall\u00e9e de Joux<\/h3>\n                        <\/a>\n                    <\/div>\n                            <\/div>\n\n\n\n\n<div id=\"morges\" class=\"wp-block-group is-style-section has-white-color-color has-lightgrey-color-background-color has-text-color has-background has-link-color wp-elements-3282993807cc9162a70926cf5635549a is-layout-flow wp-block-group-is-layout-flow\">\n<div class=\"wp-block-group is-layout-constrained wp-block-group-is-layout-constrained\">\n<h2 class=\"wp-block-heading has-blue-color-color has-text-color has-link-color wp-elements-9ea3bf0c12d64576339096294a5dc0d6\">Umfrage und Gewinnspiel<\/h2>\n\n\n\n<p class=\"has-blue-color-color has-text-color has-link-color wp-elements-7886ccd87751e8093fce75582b1cd471\">Begeistern Sie sich f\u00fcr Gravel-Radsport oder weckt er Ihr Interesse? Helfen Sie uns, Ihre Vorlieben besser zu verstehen, indem Sie an unserer speziellen Umfrage teilnehmen. Nehmen Sie sich nur wenige Minuten Zeit, um uns Ihre Erfahrungen, Erwartungen und Gewohnheiten beim Radfahren mitzuteilen, und gewinnen Sie einen zweit\u00e4gigen Gravel-Radsport-Urlaub f\u00fcr zwei Personen in Villars, im Herzen die Alpes vaudoises!<\/p>\n\n\n\n<div class=\"wp-block-buttons is-layout-flex wp-block-buttons-is-layout-flex\">\n<div class=\"wp-block-button\"><a class=\"wp-block-button__link has-green-color-background-color has-background wp-element-button\" href=\"https:\/\/s1.sphinxonline.net\/surveyserver\/s\/Observatoirevd\/EnqueteGravel\/questionnaire.htm\" target=\"_blank\" rel=\"noreferrer noopener\">Teilnehmen<\/a><\/div>\n<\/div>\n<\/div>\n<\/div>\n\n\n\n\n\n<div style=\"height:120px\" aria-hidden=\"true\" class=\"wp-block-spacer\"><\/div>\n\n\n\n\n\n\n\n\n\n\n\n<h2 class=\"wp-block-heading\">Und f\u00fcr noch mehr Gravel-Abenteuer<\/h2>\n\n\n\n<p class=\"has-blue-color-color has-text-color has-link-color wp-elements-702f9d0bacbae4d8602353cbeb281a87\">Entdecken Sie eine Auswahl an Gravel-Routen im Kanton Waadt. Die vorgeschlagenen Routen sind nicht markiert. Sie sind in der Komoot-App verf\u00fcgbar, und die GPS-Daten (Geodaten) jeder Tour k\u00f6nnen direkt heruntergeladen werden.<\/p>\n\n\n\n\n\n<div class=\"wp-block-columns is-layout-flex wp-container-core-columns-is-layout-9d6595d7 wp-block-columns-is-layout-flex\">\n<div class=\"wp-block-column is-layout-flow wp-block-column-is-layout-flow\">\n<iframe loading=\"lazy\" src=\"https:\/\/www.komoot.com\/de-de\/collection\/3340993\/embed\" width=\"100%\" height=\"600\" frameborder=\"0\" scrolling=\"no\" data-rocket-lazyload=\"fitvidscompatible\" data-lazy-src=\"https:\/\/www.komoot.com\/fr-fr\/collection\/3340993\/embed\" data-ll-status=\"loaded\" class=\"entered lazyloaded\"><\/iframe>\n<\/div>\n\n\n\n<div class=\"wp-block-column is-layout-flow wp-block-column-is-layout-flow\">\n<iframe loading=\"lazy\" src=\"https:\/\/www.komoot.com\/de-de\/collection\/3341009\/embed\" width=\"100%\" height=\"600\" frameborder=\"0\" scrolling=\"no\" data-rocket-lazyload=\"fitvidscompatible\" data-lazy-src=\"https:\/\/www.komoot.com\/fr-fr\/collection\/3341009\/embed\" data-ll-status=\"loaded\" class=\"entered lazyloaded\"><\/iframe>\n<\/div>\n<\/div>\n\n\n\n<div style=\"height:100px\" aria-hidden=\"true\" id=\"plus\" class=\"wp-block-spacer\"><\/div>\n\n\n\n<div class=\"wp-block-group is-style-section has-white-color-color has-green-color-background-color has-text-color has-background has-link-color wp-elements-953be10259ecc5a3ae3727da783f9be6 is-layout-flow wp-block-group-is-layout-flow\" style=\"padding-top:var(--wp--preset--spacing--80);padding-bottom:var(--wp--preset--spacing--80)\">\n    <div class=\"post-list-arrows cta-title\">\n                    <h2>Entdecken Sie das Kulturerbe unserer Regionen mit dem Fahrrad<\/h2>\n                <div class=\"arrows\">\n            <div class=\" prev-arrow\">\n                <img decoding=\"async\" src=\"https:\/\/www.vaud.ch\/app\/themes\/child\/assets\/images\/system-outline-161-trending-flat.svg\" alt=\"\" class=\"skip-lazy\">\n            <\/div>\n            <div class=\"next-arrow\">\n                <img decoding=\"async\" src=\"https:\/\/www.vaud.ch\/app\/themes\/child\/assets\/images\/system-outline-161-trending-flat.svg\" alt=\"\" class=\"skip-lazy\">\n            <\/div>\n        <\/div>\n\n    <\/div>\n    <div class=\"call-to-action  row  \"  style=\"margin-top:0;margin-bottom:0;\">\n                        <div class=\"col-md-3\">\n                                            <a class=\"cta-item \" href=\"https:\/\/www.montreuxriviera.com\/de\/PA462\/radfahren-in-montreux-riviera\" target=\"_blank\">\n                                                                                    <img data-lazy=\"https:\/\/www.vaud.ch\/app\/uploads\/2025\/04\/IMG_6610-750x500.jpg\" alt=\"Montreux Riviera mit dem Fahrrad\" class=\"skip-lazy\">\n                                                        <span class=\"text\">Montreux Riviera mit dem Fahrrad<\/span>\n                            <span class=\"read-more\">Mehr lesen<\/span>\n                                                    <\/a>\n                        <\/div>\n                <div class=\"col-md-3\">\n                                            <a class=\"cta-item \" href=\"https:\/\/www.avenches.ch\/de\/Z14934\/a-velo-dans-la-region-d-avenches?duration=_all_duration&#038;length=_all_length\" target=\"_blank\">\n                                                                                    <img data-lazy=\"https:\/\/www.vaud.ch\/app\/uploads\/2025\/04\/IMG_6079-333x500.jpg\" alt=\"Avenches mit dem Fahrrad\" class=\"skip-lazy\">\n                                                        <span class=\"text\">Avenches mit dem Fahrrad<\/span>\n                            <span class=\"read-more\">Mehr lesen<\/span>\n                                                    <\/a>\n                        <\/div>\n                <div class=\"col-md-3\">\n                                            <a class=\"cta-item \" href=\"https:\/\/yverdonlesbainsregion.ch\/de\/groupe\/kultur-und-erbe\/\" target=\"_blank\">\n                                                                                    <img data-lazy=\"https:\/\/www.vaud.ch\/app\/uploads\/2025\/04\/IMG_6229-scaled.jpg\" alt=\"Kultur im Nord vaudois\" class=\"skip-lazy\">\n                                                        <span class=\"text\">Kultur im Nord vaudois<\/span>\n                            <span class=\"read-more\">Mehr lesen<\/span>\n                                                    <\/a>\n                        <\/div>\n                <div class=\"col-md-3\">\n                                            <a class=\"cta-item \" href=\"https:\/\/www.moudon-tourisme.ch\/de\/Z31798\/auf-dem-farhrad\" target=\"_blank\">\n                                                                                    <img data-lazy=\"https:\/\/www.vaud.ch\/app\/uploads\/2025\/04\/IMG_6166-333x500.jpg\" alt=\"Moudon mit dem Fahrrad\" class=\"skip-lazy\">\n                                                        <span class=\"text\">Moudon mit dem Fahrrad<\/span>\n                            <span class=\"read-more\">Mehr lesen<\/span>\n                                                    <\/a>\n                        <\/div>\n                <div class=\"col-md-3\">\n                                            <a class=\"cta-item \" href=\"https:\/\/www.myvalleedejoux.ch\/de\/G1564\/bauliches-erbe\" target=\"_blank\">\n                                                                                    <img data-lazy=\"https:\/\/www.vaud.ch\/app\/uploads\/2025\/04\/IMG_6486-scaled.jpg\" alt=\"Vall\u00e9e de Joux mit dem Fahrrad\" class=\"skip-lazy\">\n                                                        <span class=\"text\">Vall\u00e9e de Joux mit dem Fahrrad<\/span>\n                            <span class=\"read-more\">Mehr lesen<\/span>\n                                                    <\/a>\n                        <\/div>\n                <div class=\"col-md-3\">\n                                            <a class=\"cta-item \" href=\"https:\/\/www.morges-tourisme.ch\/de\/G938\/la-cote-mit-dem-fahrrad?\" target=\"_blank\">\n                                                                                    <img data-lazy=\"https:\/\/www.vaud.ch\/app\/uploads\/2025\/04\/IMG_6317-333x500.jpg\" alt=\"Morges mit dem Fahrrad\" class=\"skip-lazy\">\n                                                        <span class=\"text\">Morges mit dem Fahrrad<\/span>\n                            <span class=\"read-more\">Mehr lesen<\/span>\n                                                    <\/a>\n                        <\/div>\n                <div class=\"col-md-3\">\n                                            <a class=\"cta-item \" href=\"https:\/\/www.lacote-tourisme.ch\/de\/Z15089\/kultur-erbe\" target=\"_blank\">\n                                                                                    <img data-lazy=\"https:\/\/www.vaud.ch\/app\/uploads\/2025\/04\/IMG_6319-scaled.jpg\" alt=\"Kultur und Kulturerbe in Nyon\" class=\"skip-lazy\">\n                                                        <span class=\"text\">Kultur und Kulturerbe in Nyon<\/span>\n                            <span class=\"read-more\">Mehr lesen<\/span>\n                                                    <\/a>\n                        <\/div>\n                <div class=\"col-md-3\">\n                                            <a class=\"cta-item \" href=\"https:\/\/echallens-tourisme.ch\/inspirations\/\" target=\"_blank\">\n                                                                                    <img data-lazy=\"https:\/\/www.vaud.ch\/app\/uploads\/2025\/04\/IMG_6221-333x500.jpg\" alt=\"Inspirationen in Echallens\" class=\"skip-lazy\">\n                                                        <span class=\"text\">Inspirationen in Echallens<\/span>\n                            <span class=\"read-more\">Mehr lesen<\/span>\n                                                    <\/a>\n                        <\/div>\n                <div class=\"col-md-3\">\n                                            <a class=\"cta-item \" href=\"https:\/\/www.alpesvaudoises.ch\/de\/Z85\/unendlich-radfahren\" target=\"_blank\">\n                                                                                    <img data-lazy=\"https:\/\/www.vaud.ch\/app\/uploads\/2025\/04\/IMG_6535-scaled.jpg\" alt=\"Radfahren in den Alpes Vaudoises\" class=\"skip-lazy\">\n                                                        <span class=\"text\">Radfahren in den Alpes Vaudoises<\/span>\n                            <span class=\"read-more\">Mehr lesen<\/span>\n                                                    <\/a>\n                        <\/div>\n                <div class=\"col-md-3\">\n                                            <a class=\"cta-item \" href=\"https:\/\/fribourg.ch\/de\/estavayer-payerne\/natur-region\/velo-mountainbike-region\/\" target=\"_blank\">\n                                                                                    <img data-lazy=\"https:\/\/www.vaud.ch\/app\/uploads\/2025\/03\/Velo-Bonvillars-07423-c-A-Swiss-With-A-Pulse-750x500.jpg\" alt=\"Radfahren in Estavayer-le-Lac\" class=\"skip-lazy\">\n                                                        <span class=\"text\">Radfahren in Estavayer-le-Lac<\/span>\n                            <span class=\"read-more\">Mehr lesen<\/span>\n                                                    <\/a>\n                        <\/div>\n                <div class=\"col-md-3\">\n                                            <a class=\"cta-item \" href=\"https:\/\/www.lausanne-tourisme.ch\/de\/lausanne-a-velo\/\" target=\"_blank\">\n                                                                                    <img data-lazy=\"https:\/\/www.vaud.ch\/app\/uploads\/2025\/03\/Printemps-KAZ_001-667x500.jpg\" alt=\"Lausanne mit dem Fahrrad\" class=\"skip-lazy\">\n                                                        <span class=\"text\">Lausanne mit dem Fahrrad<\/span>\n                            <span class=\"read-more\">Mehr lesen<\/span>\n                                                    <\/a>\n                        <\/div>\n                <div class=\"col-md-3\">\n                                            <a class=\"cta-item \" href=\"https:\/\/pays-denhaut.ch\/3620-2\/\" target=\"_blank\">\n                                                                                    <img data-lazy=\"https:\/\/www.vaud.ch\/app\/uploads\/2026\/02\/IMG_6509-333x500.jpg\" alt=\"Pays-d'Enhaut mit dem Fahrrad\" class=\"skip-lazy\">\n                                                        <span class=\"text\">Pays-d&#039;Enhaut mit dem Fahrrad<\/span>\n                            <span class=\"read-more\">Mehr lesen<\/span>\n                                                    <\/a>\n                        <\/div>\n<\/div>\n\n<\/div>\n\n\n\n<div style=\"height:110px\" aria-hidden=\"true\" id=\"plus\" class=\"wp-block-spacer\"><\/div>\n\n\n<div class=\"wp-bootstrap-blocks-row row justify-content-center\">\n\t\n\n<div class=\"col-12\">\n\t\t\t\n\n<div class=\"wp-block-columns is-layout-flex wp-container-core-columns-is-layout-2edb0647 wp-block-columns-is-layout-flex\" id=\"hotels\" style=\"margin-top:0;margin-bottom:0\">\n<div class=\"wp-block-column is-layout-flow wp-block-column-is-layout-flow\" style=\"padding-top:0;padding-right:var(--wp--preset--spacing--60);padding-bottom:0;padding-left:var(--wp--preset--spacing--60)\">\n<div class=\"wp-block-columns is-layout-flex wp-container-core-columns-is-layout-e098624a wp-block-columns-is-layout-flex\" style=\"margin-bottom:0;padding-top:0;padding-bottom:0\">\n<div class=\"wp-block-column is-layout-flow wp-block-column-is-layout-flow\">\n<figure class=\"wp-block-image size-full\"><img loading=\"lazy\" decoding=\"async\" width=\"2560\" height=\"1703\" src=\"https:\/\/www.vaud.ch\/app\/uploads\/2025\/11\/Lutry-Rue-Verdaine-1-scaled.jpg\" alt=\"\" class=\"wp-image-17165\" srcset=\"https:\/\/www.vaud.ch\/app\/uploads\/2025\/11\/Lutry-Rue-Verdaine-1-scaled.jpg 2560w, https:\/\/www.vaud.ch\/app\/uploads\/2025\/11\/Lutry-Rue-Verdaine-1-scaled-300x200.jpg 300w, https:\/\/www.vaud.ch\/app\/uploads\/2025\/11\/Lutry-Rue-Verdaine-1-scaled-768x511.jpg 768w, https:\/\/www.vaud.ch\/app\/uploads\/2025\/11\/Lutry-Rue-Verdaine-1-scaled-1024x681.jpg 1024w, https:\/\/www.vaud.ch\/app\/uploads\/2025\/11\/Lutry-Rue-Verdaine-1-scaled-1536x1022.jpg 1536w, https:\/\/www.vaud.ch\/app\/uploads\/2025\/11\/Lutry-Rue-Verdaine-1-scaled-2048x1362.jpg 2048w, https:\/\/www.vaud.ch\/app\/uploads\/2025\/11\/Lutry-Rue-Verdaine-1-scaled-752x500.jpg 752w\" sizes=\"auto, (max-width: 2560px) 100vw, 2560px\" \/><figcaption class=\"wp-element-caption\">LT\/ Urs Achermann<\/figcaption><\/figure>\n<\/div>\n\n\n\n<div class=\"wp-block-column is-vertically-aligned-top is-layout-flow wp-block-column-is-layout-flow\">\n<h2 class=\"wp-block-heading has-text-align-left\">In aller Ruhe entspannen<\/h2>\n\n\n\n<p>Nach einem Tag, an dem Sie unsere wundersch\u00f6ne Landschaft mit dem Fahrrad erkundet haben, mit Waldwegen, Panoramastra\u00dfen und authentischen D\u00f6rfern, gibt es nichts Sch\u00f6neres, als ein Hotel zu finden, das die Bed\u00fcrfnisse von Radfahrern wirklich versteht.<\/p>\n\n\n\n<p>Die von uns empfohlenen Unterk\u00fcnfte haben alles vorbereitet, um Sie geb\u00fchrend willkommen zu hei\u00dfen: einen sicheren, abschlie\u00dfbaren Raum f\u00fcr Ihr Fahrrad, einen Reinigungs- und Wartungsbereich, praktische Ausr\u00fcstung, Tipps zu Routen \u2026 Alles ist so konzipiert, dass Sie sich sorgenfrei ausruhen und am n\u00e4chsten Tag voller Energie und Leichtigkeit wieder aufbrechen k\u00f6nnen.<\/p>\n\n\n\n<p>Leicht radeln, nachhaltig reisen: Entdecken Sie Hotels, die sich um Sie k\u00fcmmern \u2026 und um Ihr Fahrrad!<\/p>\n\n\n\n<div class=\"wp-block-buttons is-layout-flex wp-block-buttons-is-layout-flex\">\n<div class=\"wp-block-button\"><a class=\"wp-block-button__link wp-element-button\" href=\"https:\/\/www.myswitzerland.com\/de-ch\/unterkuenfte\/hotels\/swiss-bike-hotels\/swiss-bike-hotels-suche\/-\/genferseegebietwaadtland\/\" target=\"_blank\" rel=\"noreferrer noopener\">Bike Hotels<\/a><\/div>\n<\/div>\n<\/div>\n<\/div>\n<\/div>\n<\/div>\n\n\t<\/div>\n\n<\/div>\n\n\n\n<div style=\"height:80px\" aria-hidden=\"true\" id=\"plus\" class=\"wp-block-spacer\"><\/div>\n\n\n\n<div id=\"experiences\" class=\"wp-block-group is-style-section has-white-color-color has-brown-color-background-color has-text-color has-background has-link-color wp-elements-b0264268f7959878a43b2e21b571af8f is-layout-flow wp-block-group-is-layout-flow\" style=\"padding-top:var(--wp--preset--spacing--80);padding-bottom:var(--wp--preset--spacing--80)\">\n    <div class=\"post-list-arrows cta-title\">\n                    <h2>Genie\u00dfen Sie eine kulinarische Pause<\/h2>\n                <div class=\"arrows\">\n            <div class=\" prev-arrow\">\n                <img decoding=\"async\" src=\"https:\/\/www.vaud.ch\/app\/themes\/child\/assets\/images\/system-outline-161-trending-flat.svg\" alt=\"\" class=\"skip-lazy\">\n            <\/div>\n            <div class=\"next-arrow\">\n                <img decoding=\"async\" src=\"https:\/\/www.vaud.ch\/app\/themes\/child\/assets\/images\/system-outline-161-trending-flat.svg\" alt=\"\" class=\"skip-lazy\">\n            <\/div>\n        <\/div>\n\n    <\/div>\n    <div class=\"call-to-action  row  \"  style=\"margin-top:0;margin-bottom:0;\">\n                        <div class=\"col-md-3\">\n                                            <a class=\"cta-item \" href=\"https:\/\/www.lacote-tourisme.ch\/de\/P79802\/tete-de-course-nyon-restaurant\" target=\"_blank\">\n                                                                                    <img data-lazy=\"https:\/\/www.vaud.ch\/app\/uploads\/2025\/11\/1.Velo-La-Cote-08786-c-A-Swiss-With-A-Pulse-scaled-625x500.jpg\" alt=\"\"T\u00eate de Course\" - Nyon - Restaurant\" class=\"skip-lazy\">\n                                                        <span class=\"text\">&quot;T\u00eate de Course&quot; &#8211; Nyon &#8211; Restaurant<\/span>\n                            <span class=\"read-more\">Mehr lesen<\/span>\n                                                    <\/a>\n                        <\/div>\n                <div class=\"col-md-3\">\n                                            <a class=\"cta-item \" href=\"https:\/\/yverdonlesbainsregion.ch\/de\/poi\/cafe-primeur\/\" target=\"_blank\">\n                                                                                    <img data-lazy=\"https:\/\/www.vaud.ch\/app\/uploads\/2025\/11\/Velo-Nord-vaudois-08091-c-A-Swiss-With-A-Pulse-scaled-889x500.jpg\" alt=\"Caf\u00e9 Primeur\" class=\"skip-lazy\">\n                                                        <span class=\"text\">Caf\u00e9 Primeur<\/span>\n                            <span class=\"read-more\">Mehr lesen<\/span>\n                                                    <\/a>\n                        <\/div>\n                <div class=\"col-md-3\">\n                                            <a class=\"cta-item \" href=\"https:\/\/yverdonlesbainsregion.ch\/de\/poi\/alphuette-les-cernys\/\" target=\"_blank\">\n                                                                                    <img data-lazy=\"https:\/\/www.vaud.ch\/app\/uploads\/2026\/02\/250310-Romainmotier-Vaud-gravel-03341-1-750x500.jpg\" alt=\"Alph\u00fctte Les Cernys\" class=\"skip-lazy\">\n                                                        <span class=\"text\">Alph\u00fctte Les Cernys<\/span>\n                            <span class=\"read-more\">Mehr lesen<\/span>\n                                                    <\/a>\n                        <\/div>\n                <div class=\"col-md-3\">\n                                            <a class=\"cta-item \" href=\"https:\/\/www.montreuxriviera.com\/de\/P26773\/restaurant-le-montagnard\" target=\"_blank\">\n                                                                                    <img data-lazy=\"https:\/\/www.vaud.ch\/app\/uploads\/2026\/02\/Switzerland-Alpes-Vaudoises-1531-667x500.jpg\" alt=\"Le Montagnard\" class=\"skip-lazy\">\n                                                        <span class=\"text\">Le Montagnard<\/span>\n                            <span class=\"read-more\">Mehr lesen<\/span>\n                                                    <\/a>\n                        <\/div>\n<\/div>\n\n<\/div>\n\n\n\n<div style=\"height:80px\" aria-hidden=\"true\" id=\"plus\" class=\"wp-block-spacer\"><\/div>\n\n\n\n<h2 class=\"wp-block-heading\" id=\"Tours-v\u00e9lo\">Radtouren<\/h2>\n\n\n\n<p class=\"has-blue-color-color has-text-color has-link-color wp-elements-9bf97e67a1e56b5c16c415764482215c\">Begeben Sie sich auf ein Abenteuer auf den regionalen und nationalen Routen, die den Kanton Waadt durchziehen und \u00fcber mehrere Tage zur\u00fcckgelegt werden k\u00f6nnen.<\/p>\n\n\n\n<div class=\"wp-block-columns is-layout-flex wp-container-core-columns-is-layout-9d6595d7 wp-block-columns-is-layout-flex\">\n<div class=\"wp-block-column is-layout-flow wp-block-column-is-layout-flow\">\n            <a class=\"special-link with-icon external with-img\" href=\"https:\/\/schweizmobil.ch\/de\/sommer?f_land=mountainbike&#038;f_categories=national%2Cregional&#038;f_canton=27\" target=\"_blank\">\n                            <img decoding=\"async\" src=\"https:\/\/www.vaud.ch\/app\/uploads\/2025\/11\/1.Villars-gravel-04764-c-A-Swiss-With-A-Pulse-scaled-750x500.jpg\" alt=\"Mountainbike-Touren SuisseMobile\">\n                        <div class=\"special-link-content\">\n                                    <lord-icon src=\"https:\/\/cdn.lordicon.com\/qwegujbf.json\" target=\".special-link\" trigger=\"hover\" colors=\"primary:#199573\" style=\"width:28px;height:28px\"><\/lord-icon>\n                \n                Mountainbike-Touren SuisseMobile            <\/div>\n        <\/a>\n    \n\n\n            <a class=\"special-link with-icon external with-img\" href=\"https:\/\/www.eurotrek.ch\/de\/suche#sort=initialSort&#038;type=tour&#038;tourPage=0&#038;blogPage=0&#038;search=waadt&#038;activity=mtb\" target=\"_blank\">\n                            <img decoding=\"async\" src=\"https:\/\/www.vaud.ch\/app\/uploads\/2025\/11\/Isenau-Diablerets-VTT-et-E-Bike-c-Alain-Rumpf-scaled-750x500.jpg\" alt=\"Eurotrek \u2013 Mountainbike-Angebote\">\n                        <div class=\"special-link-content\">\n                                    <lord-icon src=\"https:\/\/cdn.lordicon.com\/qwegujbf.json\" target=\".special-link\" trigger=\"hover\" colors=\"primary:#199573\" style=\"width:28px;height:28px\"><\/lord-icon>\n                \n                Eurotrek \u2013 Mountainbike-Angebote            <\/div>\n        <\/a>\n    \n\n\n            <a class=\"special-link with-icon external with-img\" href=\"https:\/\/www.alpesvaudoises.ch\/de\/V227714\/villars\/3-tagige-gravel-tour-durch-die-alpes-vaudoises\" target=\"_blank\">\n                            <img decoding=\"async\" src=\"https:\/\/www.vaud.ch\/app\/uploads\/2025\/11\/3.Villars-gravel-04806-c-A-Swiss-With-A-Pulse-scaled-500x500.jpg\" alt=\"Route Alpes vaudoises\">\n                        <div class=\"special-link-content\">\n                                    <lord-icon src=\"https:\/\/cdn.lordicon.com\/qwegujbf.json\" target=\".special-link\" trigger=\"hover\" colors=\"primary:#199573\" style=\"width:28px;height:28px\"><\/lord-icon>\n                \n                Route Alpes vaudoises            <\/div>\n        <\/a>\n    \n\n\n            <a class=\"special-link with-icon external with-img\" href=\"https:\/\/www.myvalleedejoux.ch\/de\/V1476\/bike-tour-parc-jura-vaudois\" target=\"_blank\">\n                            <img decoding=\"async\" src=\"https:\/\/www.vaud.ch\/app\/uploads\/2026\/02\/velos_2000-753x500.jpg\" alt=\"Bike Tour Parc Jura vaudois\">\n                        <div class=\"special-link-content\">\n                                    <lord-icon src=\"https:\/\/cdn.lordicon.com\/qwegujbf.json\" target=\".special-link\" trigger=\"hover\" colors=\"primary:#199573\" style=\"width:28px;height:28px\"><\/lord-icon>\n                \n                Bike Tour Parc Jura vaudois            <\/div>\n        <\/a>\n    <\/div>\n\n\n\n<div class=\"wp-block-column is-layout-flow wp-block-column-is-layout-flow\">\n            <a class=\"special-link with-icon external with-img\" href=\"https:\/\/schweizmobil.ch\/de\/sommer?f_land=cycle&#038;f_categories=national%2Cregional\" target=\"_blank\">\n                            <img decoding=\"async\" src=\"https:\/\/www.vaud.ch\/app\/uploads\/2025\/11\/2.Velo-La-Cote-08554-c-A-Swiss-With-A-Pulse-scaled-889x500.jpg\" alt=\"Radtouren SuisseMobile\">\n                        <div class=\"special-link-content\">\n                                    <lord-icon src=\"https:\/\/cdn.lordicon.com\/qwegujbf.json\" target=\".special-link\" trigger=\"hover\" colors=\"primary:#199573\" style=\"width:28px;height:28px\"><\/lord-icon>\n                \n                Radtouren SuisseMobile            <\/div>\n        <\/a>\n    \n\n\n            <a class=\"special-link with-icon external with-img\" href=\"https:\/\/www.eurotrek.ch\/de\/suche#sort=initialSort&#038;type=tour&#038;tourPage=0&#038;blogPage=0&#038;search=vaud&#038;activity=bike\" target=\"_blank\">\n                            <img decoding=\"async\" src=\"https:\/\/www.vaud.ch\/app\/uploads\/2025\/11\/Velo-Vallee-de-Joux-06806-c-A-Swiss-With-A-Pulse-Alain-Rumpf-scaled-750x500.jpg\" alt=\"Eurotrek - Offres v\u00e9lo de route et Ebike\">\n                        <div class=\"special-link-content\">\n                                    <lord-icon src=\"https:\/\/cdn.lordicon.com\/qwegujbf.json\" target=\".special-link\" trigger=\"hover\" colors=\"primary:#199573\" style=\"width:28px;height:28px\"><\/lord-icon>\n                \n                Eurotrek &#8211; Offres v\u00e9lo de route et Ebike            <\/div>\n        <\/a>\n    \n\n\n            <a class=\"special-link with-icon external with-img\" href=\"https:\/\/larouteverte.ch\/de\/gesamtstrecke\/etappe-6\/\" target=\"_blank\">\n                            <img decoding=\"async\" src=\"https:\/\/www.vaud.ch\/app\/uploads\/2025\/04\/260322-TDC-Vaud-Gravel-04390-400x500.jpg\" alt=\"Route Verte - Etappe 6\">\n                        <div class=\"special-link-content\">\n                                    <lord-icon src=\"https:\/\/cdn.lordicon.com\/qwegujbf.json\" target=\".special-link\" trigger=\"hover\" colors=\"primary:#199573\" style=\"width:28px;height:28px\"><\/lord-icon>\n                \n                Route Verte &#8211; Etappe 6            <\/div>\n        <\/a>\n    <\/div>\n<\/div>\n\n\n\n<div id=\"experiences\" class=\"wp-block-group is-style-section has-white-color-color has-brown-color-background-color has-text-color has-background has-link-color wp-elements-83d0310cd6534a7c140ff143c19f6339 is-layout-flow wp-block-group-is-layout-flow\" style=\"padding-top:var(--wp--preset--spacing--80);padding-bottom:var(--wp--preset--spacing--80)\">\n    <div class=\"post-list-arrows cta-title\">\n                    <h2>Fahrradverleih<\/h2>\n                <div class=\"arrows\">\n            <div class=\" prev-arrow\">\n                <img decoding=\"async\" src=\"https:\/\/www.vaud.ch\/app\/themes\/child\/assets\/images\/system-outline-161-trending-flat.svg\" alt=\"\" class=\"skip-lazy\">\n            <\/div>\n            <div class=\"next-arrow\">\n                <img decoding=\"async\" src=\"https:\/\/www.vaud.ch\/app\/themes\/child\/assets\/images\/system-outline-161-trending-flat.svg\" alt=\"\" class=\"skip-lazy\">\n            <\/div>\n        <\/div>\n\n    <\/div>\n    <div class=\"call-to-action  row  \" id=\"Location\" style=\"margin-top:0;margin-bottom:0;\">\n                        <div class=\"col-md-3\">\n                                            <a class=\"cta-item \" href=\"https:\/\/www.alpesvaudoises.ch\/de\/G4408\/fahrradverleih-und-wartung-in-den-alpes-vaudoises.\" target=\"_blank\">\n                                                                                    <img data-lazy=\"https:\/\/www.vaud.ch\/app\/uploads\/2025\/11\/1.Leysin-eBike-c-Visualps-Matthias-Lehmann-3-scaled-751x500.jpg\" alt=\"Alpes Vaudoises\" class=\"skip-lazy\">\n                                                        <span class=\"text\">Alpes Vaudoises<\/span>\n                            <span class=\"read-more\">Mehr lesen<\/span>\n                                                    <\/a>\n                        <\/div>\n                <div class=\"col-md-3\">\n                                            <a class=\"cta-item \" href=\"https:\/\/www.avenches.ch\/de\/P174570\/pick-e-bike-verleih-von-elektrofahrraedern\" target=\"_blank\">\n                                                                                    <img data-lazy=\"https:\/\/www.vaud.ch\/app\/uploads\/2025\/11\/2.Velo-Broye-Gros-de-Vaud-Jorat-09782-c-A-Swiss-With-A-Pulse-scaled-750x500.jpg\" alt=\"Avenches\" class=\"skip-lazy\">\n                                                        <span class=\"text\">Avenches<\/span>\n                            <span class=\"read-more\">Mehr lesen<\/span>\n                                                    <\/a>\n                        <\/div>\n                <div class=\"col-md-3\">\n                                            <a class=\"cta-item \" href=\"https:\/\/echallens-tourisme.ch\/produit\/location-e-bike\/\" target=\"_blank\">\n                                                                                    <img data-lazy=\"https:\/\/www.vaud.ch\/app\/uploads\/2025\/11\/3.Velo-Broye-Gros-de-Vaud-Jorat-09434-c-A-Swiss-With-A-Pulse-scaled-750x500.jpg\" alt=\"Region Echallens\" class=\"skip-lazy\">\n                                                        <span class=\"text\">Region Echallens<\/span>\n                            <span class=\"read-more\">Mehr lesen<\/span>\n                                                    <\/a>\n                        <\/div>\n                <div class=\"col-md-3\">\n                                            <a class=\"cta-item \" href=\"https:\/\/www.lausanne-tourisme.ch\/de\/lausanne-a-velo\/\" target=\"_blank\">\n                                                                                    <img data-lazy=\"https:\/\/www.vaud.ch\/app\/uploads\/2025\/11\/4.Parc-Bourget-scaled-751x500.jpg\" alt=\"Lausanne\" class=\"skip-lazy\">\n                                                        <span class=\"text\">Lausanne<\/span>\n                            <span class=\"read-more\">Mehr lesen<\/span>\n                                                    <\/a>\n                        <\/div>\n                <div class=\"col-md-3\">\n                                            <a class=\"cta-item \" href=\"https:\/\/www.montreuxriviera.com\/de\/PA462\/radfahren-in-montreux-riviera\" target=\"_blank\">\n                                                                                    <img data-lazy=\"https:\/\/www.vaud.ch\/app\/uploads\/2025\/11\/5.Velo-Lavaux-Mt-Pelerin-01837-c-A-Swiss-With-A-Pulse-1-scaled-889x500.jpg\" alt=\"Montreux Riviera\" class=\"skip-lazy\">\n                                                        <span class=\"text\">Montreux Riviera<\/span>\n                            <span class=\"read-more\">Mehr lesen<\/span>\n                                                    <\/a>\n                        <\/div>\n                <div class=\"col-md-3\">\n                                            <a class=\"cta-item \" href=\"http:\/\/morges-tourisme.ch\/de\/G1079\/fahrrad-mieten\" target=\"_blank\">\n                                                                                    <img data-lazy=\"https:\/\/www.vaud.ch\/app\/uploads\/2025\/11\/6.jonathanviey-4572-scaled-749x500.jpg\" alt=\"Region Morges\" class=\"skip-lazy\">\n                                                        <span class=\"text\">Region Morges<\/span>\n                            <span class=\"read-more\">Mehr lesen<\/span>\n                                                    <\/a>\n                        <\/div>\n                <div class=\"col-md-3\">\n                                            <a class=\"cta-item \" href=\"https:\/\/www.moudon-tourisme.ch\/de\/Z31798\/auf-dem-farhrad\" target=\"_blank\">\n                                                                                    <img data-lazy=\"https:\/\/www.vaud.ch\/app\/uploads\/2025\/11\/7.Velo-Broye-Gros-de-Vaud-Jorat-09585-c-A-Swiss-With-A-Pulse-scaled-750x500.jpg\" alt=\"Region Moudon\" class=\"skip-lazy\">\n                                                        <span class=\"text\">Region Moudon<\/span>\n                            <span class=\"read-more\">Mehr lesen<\/span>\n                                                    <\/a>\n                        <\/div>\n                <div class=\"col-md-3\">\n                                            <a class=\"cta-item \" href=\"https:\/\/www.lacote-tourisme.ch\/de\/Z15061\/radfahren-mountainbike-e-bike\" target=\"_blank\">\n                                                                                    <img data-lazy=\"https:\/\/www.vaud.ch\/app\/uploads\/2025\/11\/8.Velo-La-Cote-08575-c-A-Swiss-With-A-Pulse-scaled-750x500.jpg\" alt=\"Region Nyon\" class=\"skip-lazy\">\n                                                        <span class=\"text\">Region Nyon<\/span>\n                            <span class=\"read-more\">Mehr lesen<\/span>\n                                                    <\/a>\n                        <\/div>\n                <div class=\"col-md-3\">\n                                            <a class=\"cta-item \" href=\"https:\/\/www.alpesvaudoises.ch\/de\/G4408\/fahrradverleih-und-wartung-in-den-alpes-vaudoises.\" target=\"_blank\">\n                                                                                    <img data-lazy=\"https:\/\/www.vaud.ch\/app\/uploads\/2025\/11\/9.Velo-de-route-Pays-dEnhaut-c-Visualps-15-scaled-750x500.jpg\" alt=\"Pays d'Enhaut\" class=\"skip-lazy\">\n                                                        <span class=\"text\">Pays d&#039;Enhaut<\/span>\n                            <span class=\"read-more\">Mehr lesen<\/span>\n                                                    <\/a>\n                        <\/div>\n                <div class=\"col-md-3\">\n                                            <a class=\"cta-item \" href=\"https:\/\/fribourg.ch\/de\/estavayer-payerne\/gruppen\/verleih-von-fahrradern\/?r=9444\" target=\"_blank\">\n                                                                                    <img data-lazy=\"https:\/\/www.vaud.ch\/app\/uploads\/2025\/11\/10.Velo-Broye-Gros-de-Vaud-Jorat-09412-c-A-Swiss-With-A-Pulse-scaled-750x500.jpg\" alt=\"Region Payerne\" class=\"skip-lazy\">\n                                                        <span class=\"text\">Region Payerne<\/span>\n                            <span class=\"read-more\">Mehr lesen<\/span>\n                                                    <\/a>\n                        <\/div>\n                <div class=\"col-md-3\">\n                                            <a class=\"cta-item \" href=\"https:\/\/www.myvalleedejoux.ch\/de\/Z14954\/fahrrad-mountainbike-und-e-bike\" target=\"_blank\">\n                                                                                    <img data-lazy=\"https:\/\/www.vaud.ch\/app\/uploads\/2025\/11\/11.Velo-Vallee-de-Joux-06697-c-A-Swiss-With-A-Pulse-1-scaled-750x500.jpg\" alt=\"Vall\u00e9e de Joux\" class=\"skip-lazy\">\n                                                        <span class=\"text\">Vall\u00e9e de Joux<\/span>\n                            <span class=\"read-more\">Mehr lesen<\/span>\n                                                    <\/a>\n                        <\/div>\n                <div class=\"col-md-3\">\n                                            <a class=\"cta-item \" href=\"https:\/\/yverdonlesbainsregion.ch\/de\/groupe\/radfahren-und-mountainbiking\/\" target=\"_blank\">\n                                                                                    <img data-lazy=\"https:\/\/www.vaud.ch\/app\/uploads\/2025\/11\/14.Velo-Nord-vaudois-08306-c-A-Swiss-With-A-Pulse-scaled-750x500.jpg\" alt=\"Nord vaudois\" class=\"skip-lazy\">\n                                                        <span class=\"text\">Nord vaudois<\/span>\n                            <span class=\"read-more\">Mehr lesen<\/span>\n                                                    <\/a>\n                        <\/div>\n<\/div>\n\n<\/div>\n\n\n\n\n\n\n\n<div id=\"morges\" class=\"wp-block-group is-style-section has-white-color-color has-lightgrey-color-background-color has-text-color has-background has-link-color wp-elements-e2c3817c2d9a0d1e213a08496fbcf3b0 is-layout-flow wp-block-group-is-layout-flow\">\n<div class=\"wp-block-group is-layout-constrained wp-block-group-is-layout-constrained\">\n<h2 class=\"wp-block-heading has-blue-color-color has-text-color has-link-color wp-elements-b31f2c9a95016f5ace4a41a544bd2f0d\">Label UCI Bike region<\/h2>\n\n\n\n<p class=\"has-blue-color-color has-text-color has-link-color wp-elements-c75279e104c0342a901004bf7b1ebdab\">Seit 2022 tr\u00e4gt der Kanton Waadt das Label \u00abUCI Bike Region\u00bb, eine internationale Auszeichnung, die Gebiete w\u00fcrdigt, die sich f\u00fcr die F\u00f6rderung des Radsports engagieren. Im Jahr 2023 erhielt auch die Stadt Aigle dieses prestigetr\u00e4chtige Label, was die Sichtbarkeit und Exzellenz der Region im Bereich des Radsports weiter st\u00e4rkt. Diese Auszeichnungen unterstreichen die entschiedene Positionierung des Kantons zugunsten der sanften Mobilit\u00e4t, einer hochwertigen Infrastruktur und einer echten Fahrradkultur, die allen offensteht.<\/p>\n\n\n\n<div class=\"wp-block-buttons is-layout-flex wp-block-buttons-is-layout-flex\">\n<div class=\"wp-block-button\"><a class=\"wp-block-button__link has-green-color-background-color has-background wp-element-button\" href=\"https:\/\/www.uci.org\/vaud\/5ikjYfqokOGA6X548xKXv0\">Weitere Informationen zum Label<\/a><\/div>\n<\/div>\n<\/div>\n<\/div>\n","protected":false},"excerpt":{"rendered":"<p>Die 4 besten Gravel-Destinationen im Kanton Waadt Umfrage und Gewinnspiel Begeistern Sie sich f\u00fcr Gravel-Radsport oder weckt er Ihr Interesse? Helfen Sie uns, Ihre Vorlieben besser zu verstehen, indem Sie an unserer speziellen Umfrage teilnehmen. Nehmen Sie sich nur wenige Minuten Zeit, um uns Ihre Erfahrungen, Erwartungen und Gewohnheiten beim Radfahren mitzuteilen, und gewinnen Sie [&hellip;]<\/p>\n","protected":false},"author":17,"featured_media":0,"parent":16499,"menu_order":0,"comment_status":"closed","ping_status":"closed","template":"landing-page.php","meta":{"_acf_changed":false,"footnotes":""},"class_list":["post-11390","page","type-page","status-publish","hentry"],"acf":[],"aioseo_notices":[],"_links":{"self":[{"href":"https:\/\/www.vaud.ch\/de\/wp-json\/wp\/v2\/pages\/11390","targetHints":{"allow":["GET"]}}],"collection":[{"href":"https:\/\/www.vaud.ch\/de\/wp-json\/wp\/v2\/pages"}],"about":[{"href":"https:\/\/www.vaud.ch\/de\/wp-json\/wp\/v2\/types\/page"}],"author":[{"embeddable":true,"href":"https:\/\/www.vaud.ch\/de\/wp-json\/wp\/v2\/users\/17"}],"replies":[{"embeddable":true,"href":"https:\/\/www.vaud.ch\/de\/wp-json\/wp\/v2\/comments?post=11390"}],"version-history":[{"count":45,"href":"https:\/\/www.vaud.ch\/de\/wp-json\/wp\/v2\/pages\/11390\/revisions"}],"predecessor-version":[{"id":22059,"href":"https:\/\/www.vaud.ch\/de\/wp-json\/wp\/v2\/pages\/11390\/revisions\/22059"}],"up":[{"embeddable":true,"href":"https:\/\/www.vaud.ch\/de\/wp-json\/wp\/v2\/pages\/16499"}],"wp:attachment":[{"href":"https:\/\/www.vaud.ch\/de\/wp-json\/wp\/v2\/media?parent=11390"}],"curies":[{"name":"wp","href":"https:\/\/api.w.org\/{rel}","templated":true}]}}