{"id":12690,"date":"2025-04-17T15:10:23","date_gmt":"2025-04-17T13:10:23","guid":{"rendered":"https:\/\/www.vaud.ch\/?page_id=12690"},"modified":"2025-07-07T09:48:44","modified_gmt":"2025-07-07T07:48:44","slug":"eine-reise-der-sinne-zwischen-wein-und-gaumenfreuden","status":"publish","type":"page","link":"https:\/\/www.vaud.ch\/de\/tourismus\/weintourismus\/eine-reise-der-sinne-zwischen-wein-und-gaumenfreuden\/","title":{"rendered":"Eine Reise der Sinne zwischen Wein und Gaumenfreuden"},"content":{"rendered":"\n<div class=\"wp-block-group is-style-section is-layout-constrained wp-block-group-is-layout-constrained\">\n<p class=\"is-style-default\">Tauchen Sie ein in den Kanton Waadt, in die Harmonie seiner vom Weinbau gepr\u00e4gten Landschaften und seiner schmackhaften Terroir-Produkte. Diese Weintourismus-Erlebnisse bieten weit mehr als Degustationen: Begegnungen mit passionierten Winzern, mit Produzenten handwerklich erzeugter K\u00f6stlichkeiten und einer abwechslungsreichen Landschaft.<\/p>\n\n\n\n<p class=\"is-style-default\">Zwischen Spazierg\u00e4ngen \u00fcber Weinterrassen, Besichtigungen familiengef\u00fchrter Weinkeller und Gourmetessen, die lokale Erzeugnisse veredeln, weckt jede Etappe die Sinne. Eine raffinierte Auszeit, bei der der Wein eine Geschichte erz\u00e4hlt, die in der Gastronomie ihren Widerhall findet, in einem ebenso gastfreundlichen wie authentischen Rahmen.<\/p>\n\n\n\n<div style=\"height:50px\" aria-hidden=\"true\" class=\"wp-block-spacer\"><\/div>\n\n\n\n<h2 class=\"wp-block-heading\">Unsere Ideen f\u00fcr Aktivit\u00e4ten rund um die Gastronomie<\/h2>\n\n\n\n<div style=\"height:0px\" aria-hidden=\"true\" class=\"wp-block-spacer\"><\/div>\n\n\n<div class=\"wp-bootstrap-blocks-row row\">\n\t\n\n<div class=\"col-12 col-md-6\">\n\t\t\t\n\n            <a class=\"special-link with-icon external with-img\" href=\"https:\/\/vitismusicalis.ch\/\" target=\"_blank\">\n                            <img decoding=\"async\" src=\"https:\/\/www.vaud.ch\/app\/uploads\/2025\/04\/Vitis-musicalis-699x500.jpg\" alt=\"Domaine Vitis Musicalis \u2013 Eine F\u00fclle ungew\u00f6hnlicher Erfahrungen \">\n                        <div class=\"special-link-content\">\n                                    <lord-icon src=\"https:\/\/cdn.lordicon.com\/qwegujbf.json\" target=\".special-link\" trigger=\"hover\" colors=\"primary:#199573\" style=\"width:28px;height:28px\"><\/lord-icon>\n                \n                Domaine Vitis Musicalis \u2013 Eine F\u00fclle ungew\u00f6hnlicher Erfahrungen             <\/div>\n        <\/a>\n    \n\n\n            <a class=\"special-link with-icon external with-img\" href=\"https:\/\/lavoiedessens.ch\/de\/home-deutsch\/\" target=\"_blank\">\n                            <img decoding=\"async\" src=\"https:\/\/www.vaud.ch\/app\/uploads\/2025\/04\/BAM-699x500.jpg\" alt=\"La Voie des sens \u2013 Genussfahrt mit einer Bahn am Juras\u00fcdfuss\">\n                        <div class=\"special-link-content\">\n                                    <lord-icon src=\"https:\/\/cdn.lordicon.com\/qwegujbf.json\" target=\".special-link\" trigger=\"hover\" colors=\"primary:#199573\" style=\"width:28px;height:28px\"><\/lord-icon>\n                \n                La Voie des sens \u2013 Genussfahrt mit einer Bahn am Juras\u00fcdfuss            <\/div>\n        <\/a>\n    \n\n\n            <a class=\"special-link with-icon external with-img\" href=\"https:\/\/moulindesevery.ch\/\" target=\"_blank\">\n                            <img decoding=\"async\" src=\"https:\/\/www.vaud.ch\/app\/uploads\/2025\/04\/Severy-699x500.jpg\" alt=\"Moulin de S\u00e9very \u2013 Herstellung aussergew\u00f6hnlicher Terroir-Produkte in der \u00d6lm\u00fchle\">\n                        <div class=\"special-link-content\">\n                                    <lord-icon src=\"https:\/\/cdn.lordicon.com\/qwegujbf.json\" target=\".special-link\" trigger=\"hover\" colors=\"primary:#199573\" style=\"width:28px;height:28px\"><\/lord-icon>\n                \n                Moulin de S\u00e9very \u2013 Herstellung aussergew\u00f6hnlicher Terroir-Produkte in der \u00d6lm\u00fchle            <\/div>\n        <\/a>\n    \n\n\n            <a class=\"special-link with-icon external with-img\" href=\"https:\/\/www.benouais.ch\/\" target=\"_blank\">\n                            <img decoding=\"async\" src=\"https:\/\/www.vaud.ch\/app\/uploads\/2025\/04\/Ben-ouais-699x500.jpg\" alt=\"Ben Ouais ! \u2013 Gasth\u00e4user, Einkaufsl\u00e4den und Caf\u00e9s mit \u00f6kologischem Bewusstsein\">\n                        <div class=\"special-link-content\">\n                                    <lord-icon src=\"https:\/\/cdn.lordicon.com\/qwegujbf.json\" target=\".special-link\" trigger=\"hover\" colors=\"primary:#199573\" style=\"width:28px;height:28px\"><\/lord-icon>\n                \n                Ben Ouais ! \u2013 Gasth\u00e4user, Einkaufsl\u00e4den und Caf\u00e9s mit \u00f6kologischem Bewusstsein            <\/div>\n        <\/a>\n    \n\n\n            <a class=\"special-link with-icon external with-img\" href=\"https:\/\/cave-combe.ch\/215\/oenotourisme\" target=\"_blank\">\n                            <img decoding=\"async\" src=\"https:\/\/www.vaud.ch\/app\/uploads\/2025\/05\/20210319-vinorando-001-e1746771651663.jpg\" alt=\"Cave de la Combe - R\u00e4tsel durch die Weinberge und Fondue in der Capite\">\n                        <div class=\"special-link-content\">\n                                    <lord-icon src=\"https:\/\/cdn.lordicon.com\/qwegujbf.json\" target=\".special-link\" trigger=\"hover\" colors=\"primary:#199573\" style=\"width:28px;height:28px\"><\/lord-icon>\n                \n                Cave de la Combe &#8211; R\u00e4tsel durch die Weinberge und Fondue in der Capite            <\/div>\n        <\/a>\n    \n\t<\/div>\n\n\n\n<div class=\"col-12 col-md-6\">\n\t\t\t\n\n            <a class=\"special-link with-icon external with-img\" href=\"https:\/\/refuge-solalex.ch\/\" target=\"_blank\">\n                            <img decoding=\"async\" src=\"https:\/\/www.vaud.ch\/app\/uploads\/2025\/04\/Refuge-Solalex-699x500.jpg\" alt=\"Refuge de Solalex \u2013 Von den Weinbergen in die Berge ist es nur ein Katzensprung \">\n                        <div class=\"special-link-content\">\n                                    <lord-icon src=\"https:\/\/cdn.lordicon.com\/qwegujbf.json\" target=\".special-link\" trigger=\"hover\" colors=\"primary:#199573\" style=\"width:28px;height:28px\"><\/lord-icon>\n                \n                Refuge de Solalex \u2013 Von den Weinbergen in die Berge ist es nur ein Katzensprung             <\/div>\n        <\/a>\n    \n\n\n            <a class=\"special-link with-icon external with-img\" href=\"https:\/\/www.lafromageriegourmande.ch\/\" target=\"_self\">\n                            <img decoding=\"async\" src=\"https:\/\/www.vaud.ch\/app\/uploads\/2025\/04\/Fromagerie-gourmand-699x500.jpg\" alt=\"La Fromagerie Gourmande \u2013 Eine K\u00e4serei in idyllischer Umgebung \">\n                        <div class=\"special-link-content\">\n                                    <lord-icon src=\"https:\/\/cdn.lordicon.com\/qwegujbf.json\" target=\".special-link\" trigger=\"hover\" colors=\"primary:#199573\" style=\"width:28px;height:28px\"><\/lord-icon>\n                \n                La Fromagerie Gourmande \u2013 Eine K\u00e4serei in idyllischer Umgebung             <\/div>\n        <\/a>\n    \n\n\n            <a class=\"special-link with-icon external with-img\" href=\"https:\/\/www.lausanne-tourisme.ch\/de\/angebot\/zu-tisch-auf-dem-weingut\/\" target=\"_blank\">\n                            <img decoding=\"async\" src=\"https:\/\/www.vaud.ch\/app\/uploads\/2025\/04\/Table-vigneron-699x500.jpg\" alt=\"Zu Tisch auf dem Weingut  \u2013 Momente zum Geniessen und Teilen\">\n                        <div class=\"special-link-content\">\n                                    <lord-icon src=\"https:\/\/cdn.lordicon.com\/qwegujbf.json\" target=\".special-link\" trigger=\"hover\" colors=\"primary:#199573\" style=\"width:28px;height:28px\"><\/lord-icon>\n                \n                Zu Tisch auf dem Weingut  \u2013 Momente zum Geniessen und Teilen            <\/div>\n        <\/a>\n    \n\n\n            <a class=\"special-link with-icon external with-img\" href=\"https:\/\/www.brasseriedemontbenon.ch\/\" target=\"_blank\">\n                            <img decoding=\"async\" src=\"https:\/\/www.vaud.ch\/app\/uploads\/2025\/04\/Montbenon-699x500.jpg\" alt=\"Brasserie de Montbenon \u2013 Zeitgen\u00f6ssische K\u00fcche mit Seeblick\">\n                        <div class=\"special-link-content\">\n                                    <lord-icon src=\"https:\/\/cdn.lordicon.com\/qwegujbf.json\" target=\".special-link\" trigger=\"hover\" colors=\"primary:#199573\" style=\"width:28px;height:28px\"><\/lord-icon>\n                \n                Brasserie de Montbenon \u2013 Zeitgen\u00f6ssische K\u00fcche mit Seeblick            <\/div>\n        <\/a>\n    \n\t<\/div>\n\n<\/div>\n<\/div>\n\n\n\n<div class=\"wp-block-group is-style-section is-layout-constrained wp-block-group-is-layout-constrained\">\n<h2 class=\"wp-block-heading\">Ein aussergew\u00f6hnliches Terroir<\/h2>\n\n\n\n<div style=\"height:25px\" aria-hidden=\"true\" class=\"wp-block-spacer\"><\/div>\n\n\n\n<p>Die Geografie des Kantons Waadt bietet die Grundlage f\u00fcr sehr vielf\u00e4ltige Gaumenfreuden. Von den Alpen bis zu den Ufern des Genfersees bieten alle unsere Regionen eine F\u00fclle lokaler Produkte, zur grossen Freude aller Genussmenschen.<\/p>\n\n\n\n<div style=\"height:0px\" aria-hidden=\"true\" class=\"wp-block-spacer\"><\/div>\n\n\n\n<div class=\"wp-block-columns is-layout-flex wp-container-core-columns-is-layout-9d6595d7 wp-block-columns-is-layout-flex\">\n<div class=\"wp-block-column is-layout-flow wp-block-column-is-layout-flow\">\n<figure class=\"wp-block-image size-full\"><img loading=\"lazy\" decoding=\"async\" width=\"1600\" height=\"1067\" src=\"https:\/\/www.vaud.ch\/app\/uploads\/2025\/04\/LaCote_Malakoff_ColinJ00004-1-4.jpg\" alt=\"\" class=\"wp-image-12419\" srcset=\"https:\/\/www.vaud.ch\/app\/uploads\/2025\/04\/LaCote_Malakoff_ColinJ00004-1-4.jpg 1600w, https:\/\/www.vaud.ch\/app\/uploads\/2025\/04\/LaCote_Malakoff_ColinJ00004-1-4-750x500.jpg 750w, https:\/\/www.vaud.ch\/app\/uploads\/2025\/04\/LaCote_Malakoff_ColinJ00004-1-4-300x200.jpg 300w, https:\/\/www.vaud.ch\/app\/uploads\/2025\/04\/LaCote_Malakoff_ColinJ00004-1-4-768x512.jpg 768w, https:\/\/www.vaud.ch\/app\/uploads\/2025\/04\/LaCote_Malakoff_ColinJ00004-1-4-1024x683.jpg 1024w, https:\/\/www.vaud.ch\/app\/uploads\/2025\/04\/LaCote_Malakoff_ColinJ00004-1-4-1536x1024.jpg 1536w\" sizes=\"auto, (max-width: 1600px) 100vw, 1600px\" \/><figcaption class=\"wp-element-caption\">Nyon Luins Auberge Malakoff<\/figcaption><\/figure>\n<\/div>\n\n\n\n<div class=\"wp-block-column is-layout-flow wp-block-column-is-layout-flow\">\n<h3 class=\"wp-block-heading\">Das Label VAUD CERTIFI\u00c9 D\u2019ICI<\/h3>\n\n\n\n<p>Schmackhaft, lokal, saisonal \u2013 das Label VAUD CERTIFI\u00c9 D\u2019ICI b\u00fcrgt f\u00fcr die Authentizit\u00e4t, die R\u00fcckverfolgbarkeit und die Regionalit\u00e4t der zertifizierten Produkte und hebt gleichzeitig das Know-how der regionalen Produzentinnen und Produzenten hervor.<\/p>\n\n\n\n<p>Wer lokal konsumiert, profitiert nicht nur von den besten saisonalen Produkten, sondern unterst\u00fctzt auch die Waadtl\u00e4nder Wirtschaft mit Eink\u00fcnften, die direkt in Produzenten der Region investiert werden.<\/p>\n\n\n\n<div class=\"wp-block-buttons is-layout-flex wp-block-buttons-is-layout-flex\">\n<div class=\"wp-block-button\"><a class=\"wp-block-button__link wp-element-button\" href=\"https:\/\/www.vaud.ch\/de\/terroir\/\">Entdecken<\/a><\/div>\n<\/div>\n<\/div>\n<\/div>\n<\/div>\n\n\n\n<div class=\"wp-block-group is-style-section has-white-color-color has-green-color-background-color has-text-color has-background has-link-color wp-elements-e3145f9b80a5562cb6295119412323b5 is-layout-flow wp-block-group-is-layout-flow\" style=\"padding-top:var(--wp--preset--spacing--80);padding-bottom:var(--wp--preset--spacing--80)\">\n    <div class=\"post-list-arrows cta-title\">\n                    <h2>Entdecken Sie weitere Ideen f\u00fcr Aktivit\u00e4ten im Kanton <\/h2>\n                <div class=\"arrows\">\n            <div class=\" prev-arrow\">\n                <img decoding=\"async\" src=\"https:\/\/www.vaud.ch\/app\/themes\/child\/assets\/images\/system-outline-161-trending-flat.svg\" alt=\"\" class=\"skip-lazy\">\n            <\/div>\n            <div class=\"next-arrow\">\n                <img decoding=\"async\" src=\"https:\/\/www.vaud.ch\/app\/themes\/child\/assets\/images\/system-outline-161-trending-flat.svg\" alt=\"\" class=\"skip-lazy\">\n            <\/div>\n        <\/div>\n\n    <\/div>\n    <div class=\"call-to-action  row  \"  style=\"margin-top:0;margin-bottom:0;\">\n                        <div class=\"col-md-3\">\n                                            <a class=\"cta-item \" href=\"https:\/\/www.vaud.ch\/de\/weintourismus-kanton-waadt\/\" target=\"_blank\">\n                                                                                    <img data-lazy=\"https:\/\/www.vaud.ch\/app\/uploads\/2025\/03\/2V0A1916-750x500.jpg\" alt=\"Weintourismus\" class=\"skip-lazy\">\n                                                        <span class=\"text\">Weintourismus<\/span>\n                            <span class=\"read-more\">Mehr lesen<\/span>\n                                                    <\/a>\n                        <\/div>\n                <div class=\"col-md-3\">\n                                            <a class=\"cta-item \" href=\"https:\/\/www.vaud.ch\/de\/blueten-des-genfersees\/\" target=\"_blank\">\n                                                                                    <img data-lazy=\"https:\/\/www.vaud.ch\/app\/uploads\/2025\/03\/Tulipes-Morges-1-750x500.jpg\" alt=\"Bl\u00fcten des Genfersees\" class=\"skip-lazy\">\n                                                        <span class=\"text\">Bl\u00fcten des Genfersees<\/span>\n                            <span class=\"read-more\">Mehr lesen<\/span>\n                                                    <\/a>\n                        <\/div>\n                <div class=\"col-md-3\">\n                                            <a class=\"cta-item \" href=\"https:\/\/www.vaud.ch\/de\/tourismus\/veranstaltungen\/\" target=\"_blank\">\n                                                                                    <img data-lazy=\"https:\/\/www.vaud.ch\/app\/uploads\/2023\/08\/MJF_Vaudplus_Ambassadeur.jpg\" alt=\"Agenda und Veranstaltungen\" class=\"skip-lazy\">\n                                                        <span class=\"text\">Agenda und Veranstaltungen<\/span>\n                            <span class=\"read-more\">Mehr lesen<\/span>\n                                                    <\/a>\n                        <\/div>\n                <div class=\"col-md-3\">\n                                            <a class=\"cta-item \" href=\"https:\/\/www.vaud.ch\/de\/leben\/sport\/gravel-kanton-waadt\/\" target=\"_blank\">\n                                                                                    <img data-lazy=\"https:\/\/www.vaud.ch\/app\/uploads\/2025\/04\/IMG_6317-333x500.jpg\" alt=\"Gravelbiken\" class=\"skip-lazy\">\n                                                        <span class=\"text\">Gravelbiken<\/span>\n                            <span class=\"read-more\">Mehr lesen<\/span>\n                                                    <\/a>\n                        <\/div>\n<\/div>\n\n<\/div>\n","protected":false},"excerpt":{"rendered":"<p>Tauchen Sie ein in den Kanton Waadt, in die Harmonie seiner vom Weinbau gepr\u00e4gten Landschaften und seiner schmackhaften Terroir-Produkte. Diese Weintourismus-Erlebnisse bieten weit mehr als Degustationen: Begegnungen mit passionierten Winzern, mit Produzenten handwerklich erzeugter K\u00f6stlichkeiten und einer abwechslungsreichen Landschaft. Zwischen Spazierg\u00e4ngen \u00fcber Weinterrassen, Besichtigungen familiengef\u00fchrter Weinkeller und Gourmetessen, die lokale Erzeugnisse veredeln, weckt jede Etappe [&hellip;]<\/p>\n","protected":false},"author":17,"featured_media":12490,"parent":10822,"menu_order":0,"comment_status":"closed","ping_status":"closed","template":"","meta":{"_acf_changed":false,"footnotes":""},"class_list":["post-12690","page","type-page","status-publish","has-post-thumbnail","hentry"],"acf":[],"aioseo_notices":[],"_links":{"self":[{"href":"https:\/\/www.vaud.ch\/de\/wp-json\/wp\/v2\/pages\/12690","targetHints":{"allow":["GET"]}}],"collection":[{"href":"https:\/\/www.vaud.ch\/de\/wp-json\/wp\/v2\/pages"}],"about":[{"href":"https:\/\/www.vaud.ch\/de\/wp-json\/wp\/v2\/types\/page"}],"author":[{"embeddable":true,"href":"https:\/\/www.vaud.ch\/de\/wp-json\/wp\/v2\/users\/17"}],"replies":[{"embeddable":true,"href":"https:\/\/www.vaud.ch\/de\/wp-json\/wp\/v2\/comments?post=12690"}],"version-history":[{"count":9,"href":"https:\/\/www.vaud.ch\/de\/wp-json\/wp\/v2\/pages\/12690\/revisions"}],"predecessor-version":[{"id":13444,"href":"https:\/\/www.vaud.ch\/de\/wp-json\/wp\/v2\/pages\/12690\/revisions\/13444"}],"up":[{"embeddable":true,"href":"https:\/\/www.vaud.ch\/de\/wp-json\/wp\/v2\/pages\/10822"}],"wp:featuredmedia":[{"embeddable":true,"href":"https:\/\/www.vaud.ch\/de\/wp-json\/wp\/v2\/media\/12490"}],"wp:attachment":[{"href":"https:\/\/www.vaud.ch\/de\/wp-json\/wp\/v2\/media?parent=12690"}],"curies":[{"name":"wp","href":"https:\/\/api.w.org\/{rel}","templated":true}]}}