{"id":12696,"date":"2025-04-16T13:42:41","date_gmt":"2025-04-16T11:42:41","guid":{"rendered":"https:\/\/www.vaud.ch\/?page_id=12696"},"modified":"2026-04-17T07:36:28","modified_gmt":"2026-04-17T05:36:28","slug":"offene-weinkeller-waadt","status":"publish","type":"page","link":"https:\/\/www.vaud.ch\/de\/tourismus\/weintourismus\/offene-weinkeller-waadt\/","title":{"rendered":"Offene Weinkeller im Kanton Waadt"},"content":{"rendered":"\n<div class=\"wp-block-group is-style-section is-layout-constrained wp-block-group-is-layout-constrained\">\n<h2 class=\"wp-block-heading\">23. und 24. Mai 2026<\/h2>\n\n\n\n<p class=\"is-style-heading-p\">Am Pfingstwochenende \u00f6ffnen \u00fcber 250 Weing\u00fcter im gesamten Kanton Waadt ihre T\u00fcren und laden Weinliebhaber, Kenner und Neugierige ein, den Reichtum der sechs Weinbaugebiete des Kantons Waadt zu entdecken. Nutzen Sie Ihren Kurzurlaub, um den Kanton mit dem Fahrrad zu erkunden, panoramareiche Routen durch die Weinberge zu befahren, in charmanten Unterk\u00fcnften zu \u00fcbernachten und das Erlebnis mit kulturellen Aktivit\u00e4ten abzurunden.<\/p>\n\n\n\n            <div class=\"sticky-nav-outer \"  style=\"\">\n            <div class=\"sticky-nav\">\n                <div class=\"sticky-nav-inner\">\n                                                                        <span class=\"label\">\n                                Caves Ouvertes Vaudoises                                <i class=\"far fa-angle-right\"><\/i>\n                            <\/span>\n                                                                <ul>\n                        <li><a href=\"#tickets\">Tickets<\/a><\/li><li><a href=\"#hotels_speciales\">Sonderangebote <\/a><\/li><li><a href=\"#hotels\">Unterk\u00fcnfte<\/a><\/li><li><a href=\"#velo\">Mit dem Fahrrad durch den Kanton<\/a><\/li><li><a href=\"#activites\">Aktivit\u00e4tsvorschl\u00e4ge<\/a><\/li>                    <\/ul>\n                <\/div>\n            <\/div>\n        <\/div>\n    \n\n\n<figure class=\"wp-block-image aligncenter size-full\"><img loading=\"lazy\" decoding=\"async\" width=\"2560\" height=\"1440\" src=\"https:\/\/www.vaud.ch\/app\/uploads\/2026\/03\/Domaine-du-Manoir-\u00a9-ADNV-Lionel-Bourgeois-3-scaled.jpeg\" alt=\"\" class=\"wp-image-20942\" srcset=\"https:\/\/www.vaud.ch\/app\/uploads\/2026\/03\/Domaine-du-Manoir-\u00a9-ADNV-Lionel-Bourgeois-3-scaled.jpeg 2560w, https:\/\/www.vaud.ch\/app\/uploads\/2026\/03\/Domaine-du-Manoir-\u00a9-ADNV-Lionel-Bourgeois-3-300x169.jpeg 300w, https:\/\/www.vaud.ch\/app\/uploads\/2026\/03\/Domaine-du-Manoir-\u00a9-ADNV-Lionel-Bourgeois-3-1024x576.jpeg 1024w, https:\/\/www.vaud.ch\/app\/uploads\/2026\/03\/Domaine-du-Manoir-\u00a9-ADNV-Lionel-Bourgeois-3-768x432.jpeg 768w, https:\/\/www.vaud.ch\/app\/uploads\/2026\/03\/Domaine-du-Manoir-\u00a9-ADNV-Lionel-Bourgeois-3-1536x864.jpeg 1536w, https:\/\/www.vaud.ch\/app\/uploads\/2026\/03\/Domaine-du-Manoir-\u00a9-ADNV-Lionel-Bourgeois-3-2048x1152.jpeg 2048w, https:\/\/www.vaud.ch\/app\/uploads\/2026\/03\/Domaine-du-Manoir-\u00a9-ADNV-Lionel-Bourgeois-3-1920x1080.jpeg 1920w, https:\/\/www.vaud.ch\/app\/uploads\/2026\/03\/Domaine-du-Manoir-\u00a9-ADNV-Lionel-Bourgeois-3-889x500.jpeg 889w\" sizes=\"auto, (max-width: 2560px) 100vw, 2560px\" \/><figcaption class=\"wp-element-caption\">\u00a9 ADNV &#8211; Lionel Bourgeois<\/figcaption><\/figure>\n\n\n\n<div style=\"height:56px\" aria-hidden=\"true\" class=\"wp-block-spacer\"><\/div>\n\n\n\n<h3 class=\"wp-block-heading has-blue-color-color has-text-color has-link-color wp-elements-1877fc7a62566eb0179cad8846fbb0ee\" id=\"tickets\"><strong>Das Ticket f\u00fcr CHF 40.00 beinhaltet:<\/strong><\/h3>\n\n\n\n<div style=\"height:52px\" aria-hidden=\"true\" class=\"wp-block-spacer\"><\/div>\n\n\n\n<div class=\"wp-block-columns is-layout-flex wp-container-core-columns-is-layout-9d6595d7 wp-block-columns-is-layout-flex\">\n<div class=\"wp-block-column is-layout-flow wp-block-column-is-layout-flow\">\n<h4 class=\"wp-block-heading has-green-color-color has-text-color has-link-color wp-elements-a113509d8723d092b64f71110767ee8f\">\u2022 Alle Verkostungen und Veranstaltungen<\/h4>\n\n\n\n<p><em>in den 6 teilnehmenden Weinbaugebieten<\/em><\/p>\n\n\n\n<h4 class=\"wp-block-heading has-green-color-color has-text-color has-link-color wp-elements-873920cd6d56bae5e0ed638631c577a2\">\u2022 Kostenloser \u00f6ffentlicher Nahverkehr<\/h4>\n\n\n\n<p><em>in den Mobilis-Bereichen beim Online-Kauf<\/em><\/p>\n\n\n\n<h4 class=\"wp-block-heading has-green-color-color has-text-color has-link-color wp-elements-9f51a322f49d4cf495b354360815cc80\">\u2022 Ein Rabatt von CHF 20.00<\/h4>\n\n\n\n<p><em>ab dem Kauf von 6 Flaschen in den teilnehmenden Weinkellern<\/em><\/p>\n\n\n\n<div style=\"height:12px\" aria-hidden=\"true\" class=\"wp-block-spacer\"><\/div>\n\n\n\n<div class=\"wp-block-buttons is-layout-flex wp-block-buttons-is-layout-flex\">\n<div class=\"wp-block-button\"><a class=\"wp-block-button__link wp-element-button\" href=\"https:\/\/www.mescavesouvertes.ch\/de_CH\">Ticket kaufen<\/a><\/div>\n<\/div>\n<\/div>\n\n\n\n<div class=\"wp-block-column is-layout-flow wp-block-column-is-layout-flow\">\n        <div class=\"gallery \"  style=\"\">\n            <div class=\"gallery-slider\">\n                                            <div>\n                                <img data-lazy=\"https:\/\/www.vaud.ch\/app\/uploads\/2024\/05\/IMG_5086-1000x680.jpg\" alt=\"\" class=\"skip-lazy\">\n                                                                    <figcaption class=\"wp-element-caption\">\u00a9Office des Vins Vaudois<\/figcaption>\n                                                            <\/div>\n                        \n                                                                <div>\n                                <img data-lazy=\"https:\/\/www.vaud.ch\/app\/uploads\/2024\/05\/IMG_5094-1000x680.jpg\" alt=\"\" class=\"skip-lazy\">\n                                                                    <figcaption class=\"wp-element-caption\">\u00a9Office des Vins Vaudois<\/figcaption>\n                                                            <\/div>\n                        \n                                                                <div>\n                                <img data-lazy=\"https:\/\/www.vaud.ch\/app\/uploads\/2024\/05\/IMG_5105-1000x680.jpg\" alt=\"\" class=\"skip-lazy\">\n                                                                    <figcaption class=\"wp-element-caption\">\u00a9Office des Vins Vaudois<\/figcaption>\n                                                            <\/div>\n                        \n                                                                <div>\n                                <img data-lazy=\"https:\/\/www.vaud.ch\/app\/uploads\/2025\/04\/Caves-Ouvertes-2024-6-1000x680.jpg\" alt=\"\" class=\"skip-lazy\">\n                                                                    <figcaption class=\"wp-element-caption\">Caves Ouvertes 2024<\/figcaption>\n                                                            <\/div>\n                        \n                                                <\/div>\n        <\/div>\n<\/div>\n<\/div>\n\n\n\n<div style=\"height:50px\" aria-hidden=\"true\" class=\"wp-block-spacer\"><\/div>\n\n\n\n<div id=\"hotels_speciales\" class=\"wp-block-group hotels has-blue-color-color has-lightblue-color-full-background-color has-text-color has-background has-link-color wp-elements-fb6b2788071ce1b21654c7dd64b78279 is-layout-constrained wp-block-group-is-layout-constrained\">\n<h2 class=\"wp-block-heading has-blue-color-color has-text-color has-link-color wp-elements-18681965e8b306bdc5a4cbec5982ad0d\">Sonderangebote<\/h2>\n\n\n\n<h3 class=\"wp-block-heading has-green-color-color has-text-color has-link-color wp-elements-5633bd2935b777d1d0b0869dcb5c5f93\">Nord vaudois und Chablais<\/h3>\n\n\n\n<p>Anl\u00e4sslich der <em>Caves Ouvertes Vaudoises<\/em> bietet Ihnen Vaud Promotion in Zusammenarbeit mit dem <strong>Office des Vins Vaudois<\/strong> und dem <strong>Association romande des h\u00f4teliers<\/strong> ein einzigartiges Erlebnis, das Regionalit\u00e4t, Entspannung und Entdeckungsfreude vereint.<\/p>\n\n\n\n<p>Buchen Sie Ihren Aufenthalt am verl\u00e4ngerten Wochenende der offenen Weinkeller in einem der Partnerhotels und erhalten Sie <strong>eine Flasche Waadtl\u00e4nder Wein<\/strong> auf Ihr Zimmer. Verpassen Sie nicht das zus\u00e4tzliche <strong>Sonderangebot<\/strong>, das das Hotel anl\u00e4sslich dieses grossen Weintourismus-Wochenendes bereitstellt.<\/p>\n\n\n\n<div style=\"height:20px\" aria-hidden=\"true\" class=\"wp-block-spacer\"><\/div>\n\n\n\n<div style=\"height:0px\" aria-hidden=\"true\" class=\"wp-block-spacer\"><\/div>\n\n\n\n<div class=\"wp-block-columns is-layout-flex wp-container-core-columns-is-layout-9d6595d7 wp-block-columns-is-layout-flex\">\n<div class=\"wp-block-column is-layout-flow wp-block-column-is-layout-flow\">\n            <a class=\"special-link with-icon external with-img\" href=\"https:\/\/api.mews.com\/distributor\/c4c1d9b8-4722-4775-90d6-b41800f985d8\" target=\"_blank\">\n                            <img decoding=\"async\" src=\"https:\/\/www.vaud.ch\/app\/uploads\/2026\/03\/Media-Export-Template-Horizontal_0006_Calque-6-750x500.jpg\" alt=\"Y Parc in Yverdon-les-Bains - 10 % Rabatt auf die 2. \u00dcbernachtung\">\n                        <div class=\"special-link-content\">\n                                    <lord-icon src=\"https:\/\/cdn.lordicon.com\/qwegujbf.json\" target=\".special-link\" trigger=\"hover\" colors=\"primary:#199573\" style=\"width:28px;height:28px\"><\/lord-icon>\n                \n                Y Parc in Yverdon-les-Bains &#8211; 10 % Rabatt auf die 2. \u00dcbernachtung            <\/div>\n        <\/a>\n    \n\n\n            <a class=\"special-link with-icon external with-img\" href=\"https:\/\/bookings.hoteldunord.ch\/hotel-du-nord\/package\/A4476?language=de\" target=\"_blank\">\n                            <img decoding=\"async\" src=\"https:\/\/www.vaud.ch\/app\/uploads\/2026\/04\/Hotel_du_Nord-016-1024x683-1-750x500.jpg\" alt=\"H\u00f4tel du Nord in Aigle - Bis zu 15 % Rabatt bei einem Aufenthalt von 1, 2 oder 3 N\u00e4chten\">\n                        <div class=\"special-link-content\">\n                                    <lord-icon src=\"https:\/\/cdn.lordicon.com\/qwegujbf.json\" target=\".special-link\" trigger=\"hover\" colors=\"primary:#199573\" style=\"width:28px;height:28px\"><\/lord-icon>\n                \n                H\u00f4tel du Nord in Aigle &#8211; Bis zu 15 % Rabatt bei einem Aufenthalt von 1, 2 oder 3 N\u00e4chten            <\/div>\n        <\/a>\n    \n\n<\/div>\n\n\n\n<div class=\"wp-block-column is-layout-flow wp-block-column-is-layout-flow\">\n\n\n\n\n            <a class=\"special-link with-icon external with-img\" href=\"https:\/\/www.simplebooking.it\/ibe2\/hotel\/8394?lang=DE&#038;cur=CHF&#038;in=2026-05-22&#038;out=2026-05-24&#038;guests=A%2CA&#038;coupon=COV\" target=\"_blank\">\n                            <img decoding=\"async\" src=\"https:\/\/www.vaud.ch\/app\/uploads\/2026\/03\/Hotel-Viu-3_4166_20220602091633-890x500.jpg\" alt=\"Viu H\u00f4tel in Villars sur Ollon - 20 % Rabatt auf den geltenden Preis\">\n                        <div class=\"special-link-content\">\n                                    <lord-icon src=\"https:\/\/cdn.lordicon.com\/qwegujbf.json\" target=\".special-link\" trigger=\"hover\" colors=\"primary:#199573\" style=\"width:28px;height:28px\"><\/lord-icon>\n                \n                Viu H\u00f4tel in Villars sur Ollon &#8211; 20 % Rabatt auf den geltenden Preis            <\/div>\n        <\/a>\n    <\/div>\n<\/div>\n<\/div>\n\n\n\n<div class=\"wp-block-group hotels has-blue-color-color has-text-color has-link-color wp-elements-9ac135a4da14c5ca0b11854c55899167 is-layout-constrained wp-block-group-is-layout-constrained\">\n<div id=\"hotels\" class=\"wp-block-group is-style-section has-white-color-color has-green-color-background-color has-text-color has-background has-link-color wp-elements-a8d977b3184b21db2647eb5f61517df6 is-layout-flow wp-block-group-is-layout-flow\" style=\"padding-top:var(--wp--preset--spacing--80);padding-bottom:var(--wp--preset--spacing--80)\">\n<h3 class=\"wp-block-heading\">Verbringen Sie Ihren Urlaub in einer der 6 Weinregionen<\/h3>\n\n\n\n<p class=\"has-white-color-color has-text-color has-link-color wp-elements-0dce50d2acd4fa248afbf2c0051c71f7\">Verl\u00e4ngern Sie das Erlebnis der \u201eCaves Ouvertes Vaudoises\u201c mit einem Aufenthalt inmitten der Weinberge. Zwischen See und Bergen hei\u00dfen Sie die sechs Weinbaugebiete des Kantons Waadt zu einem Wochenende willkommen, das Weinverkostungen, wundersch\u00f6ne Landschaften und Lebensart vereint.<\/p>\n\n\n\n    <div class=\"post-list-arrows \">\n                <div class=\"arrows\">\n            <div class=\" prev-arrow\">\n                <img decoding=\"async\" src=\"https:\/\/www.vaud.ch\/app\/themes\/child\/assets\/images\/system-outline-161-trending-flat.svg\" alt=\"\" class=\"skip-lazy\">\n            <\/div>\n            <div class=\"next-arrow\">\n                <img decoding=\"async\" src=\"https:\/\/www.vaud.ch\/app\/themes\/child\/assets\/images\/system-outline-161-trending-flat.svg\" alt=\"\" class=\"skip-lazy\">\n            <\/div>\n        <\/div>\n\n    <\/div>\n    <div class=\"call-to-action  row v2 \"  style=\"margin-top:0;margin-bottom:0;\">\n                        <div class=\"col-md-3\">\n                                            <a class=\"cta-item \" href=\"https:\/\/yverdonlesbainsregion.ch\/hebergements-nord-vaudois\/\" target=\"_blank\">\n                                                                                    <img data-lazy=\"https:\/\/www.vaud.ch\/app\/uploads\/2026\/03\/Vignoble-Arnex-sur-Orbe-\u00a9-ADNV-Lionel-Bourgeois-15-891x500.jpeg\" alt=\"Bonvillars &#038; C\u00f4tes de l'Orbe (Nord vaudois)\" class=\"skip-lazy\">\n                                                        <span class=\"text\">Bonvillars &amp; C\u00f4tes de l&#039;Orbe (Nord vaudois)<\/span>\n                            <span class=\"read-more\">Mehr lesen<\/span>\n                                                    <\/a>\n                        <\/div>\n                <div class=\"col-md-3\">\n                                            <a class=\"cta-item \" href=\"https:\/\/booking.alpesvaudoises.ch\/s?ctx=oDlCQP1rAo&#038;locale=de-CH\" target=\"_blank\">\n                                                                                    <img data-lazy=\"https:\/\/www.vaud.ch\/app\/uploads\/2025\/11\/Aigle-Chateau-c-Visualps-Matthias-Lehmann-1-750x500.jpg\" alt=\"Chablais (Alpes Vaudoises)\" class=\"skip-lazy\">\n                                                        <span class=\"text\">Chablais (Alpes Vaudoises)<\/span>\n                            <span class=\"read-more\">Mehr lesen<\/span>\n                                                    <\/a>\n                        <\/div>\n                <div class=\"col-md-3\">\n                                            <a class=\"cta-item \" href=\"https:\/\/shop.morges-tourisme.ch\/Morges\/ukv\/search?lang=de\" target=\"_blank\">\n                                                                                    <img data-lazy=\"https:\/\/www.vaud.ch\/app\/uploads\/2025\/03\/ST-ete-2021-La-Cote-2-3-811x500.jpg\" alt=\"La C\u00f4te (Morges R\u00e9gion)\" class=\"skip-lazy\">\n                                                        <span class=\"text\">La C\u00f4te (Morges R\u00e9gion)<\/span>\n                            <span class=\"read-more\">Mehr lesen<\/span>\n                                                    <\/a>\n                        <\/div>\n                <div class=\"col-md-3\">\n                                            <a class=\"cta-item \" href=\"https:\/\/shop.lacote-tourisme.ch\/Nyon\/ukv\/search?lang=de\" target=\"_blank\">\n                                                                                    <img data-lazy=\"https:\/\/www.vaud.ch\/app\/uploads\/2025\/04\/Maison-Vins-699x500.jpg\" alt=\"La C\u00f4te (Nyon R\u00e9gion)\" class=\"skip-lazy\">\n                                                        <span class=\"text\">La C\u00f4te (Nyon R\u00e9gion)<\/span>\n                            <span class=\"read-more\">Mehr lesen<\/span>\n                                                    <\/a>\n                        <\/div>\n                <div class=\"col-md-3\">\n                                            <a class=\"cta-item \" href=\"http:\/\/lausanne-tourisme.ch\/de\/unterkunft\/\" target=\"_blank\">\n                                                                                    <img data-lazy=\"https:\/\/www.vaud.ch\/app\/uploads\/2026\/03\/Burignon_2024_06-500x500.jpg\" alt=\"Lavaux (Lausanne R\u00e9gion)\" class=\"skip-lazy\">\n                                                        <span class=\"text\">Lavaux (Lausanne R\u00e9gion)<\/span>\n                            <span class=\"read-more\">Mehr lesen<\/span>\n                                                    <\/a>\n                        <\/div>\n                <div class=\"col-md-3\">\n                                            <a class=\"cta-item \" href=\"https:\/\/www.montreuxriviera.com\/de\/G13\/unterkunfte\" target=\"_blank\">\n                                                                                    <img data-lazy=\"https:\/\/www.vaud.ch\/app\/uploads\/2025\/07\/Lavaux-Patrimoine.png\" alt=\"Lavaux (Montreux Riviera)\" class=\"skip-lazy\">\n                                                        <span class=\"text\">Lavaux (Montreux Riviera)<\/span>\n                            <span class=\"read-more\">Mehr lesen<\/span>\n                                                    <\/a>\n                        <\/div>\n                <div class=\"col-md-3\">\n                                            <a class=\"cta-item \" href=\"https:\/\/fribourg.ch\/de\/regionmurtensee\/der-vully-und-seine-weinberge\/\" target=\"_self\">\n                                                                                    <img data-lazy=\"https:\/\/www.vaud.ch\/app\/uploads\/2026\/03\/Vully_velo_DCARLIER_2017_d8009091-749x500.jpeg\" alt=\"Vully (Vully-les-Lacs)\" class=\"skip-lazy\">\n                                                        <span class=\"text\">Vully (Vully-les-Lacs)<\/span>\n                            <span class=\"read-more\">Mehr lesen<\/span>\n                                                    <\/a>\n                        <\/div>\n<\/div>\n\n<\/div>\n<\/div>\n\n\n\n<div style=\"height:61px\" aria-hidden=\"true\" class=\"wp-block-spacer\"><\/div>\n\n\n\n<div style=\"height:61px\" aria-hidden=\"true\" class=\"wp-block-spacer\"><\/div>\n\n\n\n<h3 class=\"wp-block-heading\" id=\"velo\">Erkunden Sie den Kanton Waadt mit dem Fahrrad<\/h3>\n\n\n\n<div style=\"height:38px\" aria-hidden=\"true\" class=\"wp-block-spacer\"><\/div>\n\n\n\n<div class=\"wp-block-columns is-layout-flex wp-container-core-columns-is-layout-9d6595d7 wp-block-columns-is-layout-flex\">\n<div class=\"wp-block-column is-layout-flow wp-block-column-is-layout-flow\">\n<h3 class=\"wp-block-heading has-green-color-color has-text-color has-link-color wp-elements-07c3795a2b3478718784781283d5dc75\">Gravelbiken, es beginnt hier<\/h3>\n\n\n\n<p class=\"has-blue-color-color has-text-color has-link-color wp-elements-de36ad44399c46d010ee0d89f24387a3\">Die Sonne scheint, die Wege sind offen, Zeit zum Velofahren! Mit der R\u00fcckkehr des sch\u00f6nen Wetters beginnt die Gravel-Saison im Kanton Waadt. Dieses vielseitige Fahrrad zwischen Rennrad und Mountainbike eignet sich perfekt, um die wundersch\u00f6nen Velorouten im Waadtland zu erkunden.<\/p>\n\n\n\n<p class=\"has-blue-color-color has-text-color has-link-color wp-elements-4b4e1d5131f2c1f6de0c818af4bb5908\">Weinberge, W\u00e4lder, Berge, Seen\u2026 Im Kanton Waadt gibt es viele Regionen, die man mit dem Velo erkunden kann! Nyon, Vall\u00e9e de Joux, Nord vaudois und die Alpes Vaudoises sind ideale Reiseziele, um mit dem Gravelbike das lokale Kulturerbe zu entdecken.<\/p>\n\n\n\n<div class=\"wp-block-buttons is-layout-flex wp-block-buttons-is-layout-flex\">\n<div class=\"wp-block-button\"><a class=\"wp-block-button__link wp-element-button\" href=\"https:\/\/www.vaud.ch\/de\/tourismus\/sport\/gravel\/\">Die besten Gravel-Tipps entdecken<\/a><\/div>\n<\/div>\n<\/div>\n\n\n\n<div class=\"wp-block-column is-layout-flow wp-block-column-is-layout-flow\">\n<figure class=\"wp-block-embed is-type-video is-provider-youtube wp-block-embed-youtube wp-embed-aspect-16-9 wp-has-aspect-ratio\"><div class=\"wp-block-embed__wrapper\">\n<iframe loading=\"lazy\" title=\"Le Gravel, \u00e7a commence ici | VAUD\" width=\"500\" height=\"281\" src=\"https:\/\/www.youtube.com\/embed\/fFtkkWzSKVU?feature=oembed\" frameborder=\"0\" allow=\"accelerometer; autoplay; clipboard-write; encrypted-media; gyroscope; picture-in-picture; web-share\" referrerpolicy=\"strict-origin-when-cross-origin\" allowfullscreen><\/iframe>\n<\/div><\/figure>\n<\/div>\n<\/div>\n\n\n\n<div style=\"height:100px\" aria-hidden=\"true\" class=\"wp-block-spacer\"><\/div>\n\n\n\n<h3 class=\"wp-block-heading\" id=\"activites\">Entdecken Sie den Kanton Waadt<\/h3>\n\n\n\n<p class=\"has-blue-color-color has-text-color has-link-color wp-elements-dc27f250fdd530ce711c54f3b7610e48\">Lassen Sie sich w\u00e4hrend Ihres Wochenendes oder Aufenthalts von einer Vielzahl an Aktivit\u00e4ten \u00fcberraschen, die f\u00fcr jeden etwas bieten: gemeinsame Zeit mit der Familie, romantische Ausfl\u00fcge zu zweit, Unternehmungen mit Freunden oder Erlebnisse ganz f\u00fcr sich allein.<\/p>\n\n\n\n<div style=\"height:38px\" aria-hidden=\"true\" class=\"wp-block-spacer\"><\/div>\n\n\n    <div class=\"events-list-outer posts-list-map \"  style=\"\" data-max-post=\"8\" data-type=\"pois\" data-lang=\"de\">\n        <div class=\"row\">\n            <div class=\"col-lg-5\">\n                <div class=\"filter-outer\">\n                    <div class=\"filters-tools v2 show\">\n                        <span class=\"total\">\n                            <span class=\"number\">1000<\/span>\n                            Ergebnisse                        <\/span>\n                        <a href=\"#\" class=\"reset-filters with-icon d-none\">\n                            Filter zur\u00fccksetzen                            <lord-icon src=\"https:\/\/cdn.lordicon.com\/ebyacdql.json\" target=\".reset-filters\" trigger=\"hover\" colors=\"primary:#0A4069\" style=\"width:24px;height:24px\"><\/lord-icon>\n                        <\/a>\n                        <lord-icon src=\"https:\/\/cdn.lordicon.com\/gkryirhd.json\" class=\"loading-icon\" trigger=\"loop\" state=\"loop-snake\" colors=\"primary:#0a4069\" style=\"width:30px;height:30px\"><\/lord-icon>\n                    <\/div>\n                    <div class=\"mobile-filters-btn with-icon\">\n                        <span class=\"icon\">\n                            <lord-icon src=\"https:\/\/cdn.lordicon.com\/qhybrhfg.json\" target=\".mobile-filters-btn\" trigger=\"hover\" colors=\"primary:#0A4069\" state=\"hover\" style=\"width:26px;height:26px\"><\/lord-icon>\n                        <\/span>\n                        Filter                    <\/div>\n                    <div class=\"filter-inner\">\n                        <div class=\"filters v2\">\n                                                            <div class=\"filter-input search-input with-icon\">\n                                    <input type=\"text\" class=\"search\" placeholder=\"Suche\" value=\"\">\n                                    <lord-icon src=\"https:\/\/cdn.lordicon.com\/xaekjsls.json\" target=\".filter-input\" trigger=\"hover\" colors=\"primary:#0A4069\" style=\"width:30px;height:30px\"><\/lord-icon>\n                                <\/div>\n                                                                <select class=\"types with-search\" data-placeholder=\"Suche\">\n                                    <option value=\"\">Types<\/option>\n                                                                            <option value=\"01kbhq6pz0dbqtqty0cwtnyf5k\" >Famille<\/option>\n                                                                            <option value=\"01kbhq6pz17xw2s4913ya8410e\" >Wellness<\/option>\n                                                                            <option value=\"01kbhq6pz3bb2zp6e6xsk68wz1\" >Sommeraktivit\u00e4ten<\/option>\n                                                                            <option value=\"01kbhq6pz484896fk070ypfxf1\" >Sport &amp; Freizeit<\/option>\n                                                                            <option value=\"01kbhq6pz5764eqq96arhf9d8c\" >Winteraktivit\u00e4ten<\/option>\n                                                                            <option value=\"01kbhq6pz7y3rqsqj1f3wpbaye\" >Nature<\/option>\n                                                                            <option value=\"01kbhq6pz8j9s4vadcct8nctrj\" >Natur<\/option>\n                                                                            <option value=\"01kbhq6pz9k0and37pp76jqzf3\" >Parks<\/option>\n                                                                            <option value=\"01kbhq6pzajjthdd0ffbexdm70\" >Sport<\/option>\n                                                                            <option value=\"01kbhq6pzbtjar18zcxw1tc8ke\" >Touristische Verkehrsmittel<\/option>\n                                                                            <option value=\"01kbhq6pzevrkeysj4q3wxwzfv\" >Gesch\u00e4ftstourismus<\/option>\n                                                                            <option value=\"01kbhq6pzf2f1sz995yehqjxmx\" >Schulen &amp; Institutionen<\/option>\n                                                                            <option value=\"01kbhq6pzgtfk7hn158f706dwh\" >Hotel<\/option>\n                                                                            <option value=\"01kbhq6pzh0vxc0wtdakf313r9\" >Unterkunft<\/option>\n                                                                            <option value=\"01kbhq6pzj9t0yb27t751hyyj0\" >Informations<\/option>\n                                                                            <option value=\"01kbhq6pzmmra8mkmebfn25zpv\" >Infrastrukturen<\/option>\n                                                                            <option value=\"01kbhq6pznjepgm0p0pexrg7fv\" >Tourismusb\u00fcros<\/option>\n                                                                            <option value=\"01kbhq6pzqff75xg911vy01vmv\" >Shopping<\/option>\n                                                                            <option value=\"01kbhq6pzrr9qshb16v76zxn3w\" >Transports<\/option>\n                                                                            <option value=\"01kbhq6pzsws05nw992x8bc176\" >Ferienwohnung<\/option>\n                                                                            <option value=\"01kbhq6pzvtjdmy5am83c7tzjc\" >Campingplatz<\/option>\n                                                                            <option value=\"01kbhq6pzwskywbs76k7rc3kbq\" >Chalet<\/option>\n                                                                            <option value=\"01kbhq6pzy32phmhtq4v96aw9x\" >Gastezimmer<\/option>\n                                                                            <option value=\"01kbhq6pzz50ts4jqa63n4aebg\" >Schlafsal \/ Bergh\u00fctten<\/option>\n                                                                            <option value=\"01kbhq6q01rs896wqhzhe0eygy\" >Hotel<\/option>\n                                                                            <option value=\"01kbhq6q026w3hf0nh8dksyypg\" >Commerces<\/option>\n                                                                            <option value=\"01kbhq6q045gqm2r6esgpwfkk5\" >Kultur<\/option>\n                                                                            <option value=\"01kbhq6q051w7g4m5g4m55p9jx\" >Kultur &amp; Erbe<\/option>\n                                                                            <option value=\"01kbhq6q06m1bp94zdy5xsrrhr\" >Museen<\/option>\n                                                                            <option value=\"01kbhq6q08bkeczvd631afd16h\" >Gastronomie &amp; Wein<\/option>\n                                                                            <option value=\"01kbhq6q09f7h5pztvh94ds10n\" >Sorties<\/option>\n                                                                            <option value=\"01kbhq6q0avhryqgqmhy3g0vgc\" >Lokale Produkte<\/option>\n                                                                            <option value=\"01kbhq6q0cmct7y73xtj1mncva\" >Restaurants<\/option>\n                                                                            <option value=\"01kbhq6q0dcff7hkt2y71z46d5\" >Nachtleben<\/option>\n                                                                            <option value=\"01kp2pfy09vn846dke9zt3e4dt\" >Aventure et loisirs<\/option>\n                                                                    <\/select>\n                                                                <select class=\"destinations with-search\" data-placeholder=\"Suche\">\n                                    <option value=\"\">Reiseziele<\/option>\n                                                                            <option value=\"01kbhq6f0sdeybeqq9zpy5pvn5\" >Aigle-Leysin-Les Mosses<\/option>\n                                                                            <option value=\"01kbhq6f0z02pm0fh2z2qmmmm3\" >Avenches Tourisme<\/option>\n                                                                            <option value=\"01kbhq6f144f0wgf98qtxczv8n\" >Echallens Tourisme<\/option>\n                                                                            <option value=\"01kbhq6f17v1w23f955n5q26gf\" >Lausanne Tourisme<\/option>\n                                                                            <option value=\"01kbhq6f1ajnfshmvbrygj5dq6\" >Montreux Riviera<\/option>\n                                                                            <option value=\"01kbhq6f1hfdzebz7avxw43j5t\" >Morges R\u00e9gion Tourisme<\/option>\n                                                                            <option value=\"01kbhq6f1p1jrttn4jhtxgmmz3\" >Moudon Tourisme<\/option>\n                                                                            <option value=\"01kbhq6f1vhhzm5gf2rvq4xxdj\" >Nyon R\u00e9gion Tourisme<\/option>\n                                                                            <option value=\"01kbhq6f20gcwnd0r20fr4rtez\" >Pays-d\u2019Enhaut Tourisme<\/option>\n                                                                            <option value=\"01kbhq6f26s7v3a536ec8hzhzq\" >Vall\u00e9e de Joux Tourisme<\/option>\n                                                                            <option value=\"01kbhq6f2c9y3drg0aa7fb43pj\" >Villars-Gryon-Les Diablerets-Bex<\/option>\n                                                                            <option value=\"01kbhq6f2h6rsvnj8egf0cchd8\" >Yverdon-les-Bains R\u00e9gion<\/option>\n                                                                    <\/select>\n                                                                    <select class=\"seasons\" id=\"landmark_AT290\">\n                                        <option value=\"\">Saison<\/option>\n                                                                                    <option value=\"AT290_0\" >Hiver<\/option>\n                                                                                    <option value=\"AT290_1\" >Printemps<\/option>\n                                                                                    <option value=\"AT290_2\" >\u00c9t\u00e9<\/option>\n                                                                                    <option value=\"AT290_3\" >Automne<\/option>\n                                                                                    <option value=\"AT290_0\" >Hiver<\/option>\n                                                                                    <option value=\"AT290_1\" >Printemps<\/option>\n                                                                                    <option value=\"AT290_2\" >\u00c9t\u00e9<\/option>\n                                                                                    <option value=\"AT290_3\" >Automne<\/option>\n                                                                            <\/select>\n                                \n                                <div class=\"accessibility\">\n                                    <input type=\"checkbox\" class=\"checkbox\" id=\"landmark_AT194\" name=\"landmark_AT194\" >\n                                    <label for=\"landmark_AT194\">Rollstuhlgerecht<\/label>\n                                <\/div>\n                                                    <\/div>\n                    <\/div>\n                <\/div>\n            <\/div>\n            <div class=\"col-lg-7\">\n                                    <ul class=\"view-switcher switcher-tab-nav\">\n                        <li class=\"grid-view active\" data-tab=\"1\">Raster<\/li>\n                        <li class=\"map-view\" data-tab=\"2\">Karte<\/li>\n                    <\/ul>\n                                <div class=\"switcher-tab-content\">\n                    <div class=\"switcher-tab active\" data-tab=\"1\">\n                        <div class=\"row events-list\">\n                            <div class=\"col-md-6\">\n    <a href=\"https:\/\/www.vaud.ch\/de\/tourismus\/aktivitaten\/das-olympische-museum\" data-id=\"01kbhr8dw0qzwn5jph0xdga565\" class=\"event-card v2\">\n        <div class=\"img-wrap\">\n                            <div class=\"event-cat\">\n                    <span>Museen<\/span>\n                <\/div>\n                                        <img decoding=\"async\" src=\"https:\/\/www.vaud.ch\/app\/themes\/child\/assets\/images\/loading-pixel.svg\" class=\"lazyload\" data-src=\"https:\/\/app.localhub.ch\/api\/image\/01kbhr8dyv1jg3mdwqpgz4f9ar\/scale\/800\" alt=\"Das Olympische Museum\">\n                        <button class=\"favorite-button\" data-item-title=\"Das Olympische Museum\" data-item-id=\"01kbhr8dw0qzwn5jph0xdga565\" data-item-type=\"pois\">\n                <i class=\"fas fa-heart favorite__icon favorite--enable\"><\/i>\n                <i class=\"far fa-heart favorite__icon favorite--not\"><\/i>\n            <\/button>\n        <\/div>\n        <div class=\"event-content\">\n            <h3>Das Olympische Museum<\/h3>\n            <div class=\"post-meta\">\n                                    <span class=\"location\"><img decoding=\"async\" src=\"https:\/\/www.vaud.ch\/app\/themes\/child\/assets\/images\/location-v2.svg\" alt=\"\" class=\"skip-lazy\">Lausanne Tourisme<\/span>\n                            <\/div>\n        <\/div>\n    <\/a>\n<\/div><div class=\"col-md-6\">\n    <a href=\"https:\/\/www.vaud.ch\/de\/tourismus\/aktivitaten\/collection-de-lart-brut\" data-id=\"01kbhr8dw0qzwn5jph0xdga566\" class=\"event-card v2\">\n        <div class=\"img-wrap\">\n                            <div class=\"event-cat\">\n                    <span>Museen<\/span>\n                <\/div>\n                                        <img decoding=\"async\" src=\"https:\/\/www.vaud.ch\/app\/themes\/child\/assets\/images\/loading-pixel.svg\" class=\"lazyload\" data-src=\"https:\/\/app.localhub.ch\/api\/image\/01kbhr8e96h59ztx053hhay9j6\/scale\/800\" alt=\"Collection de l\u2019Art Brut\">\n                        <button class=\"favorite-button\" data-item-title=\"Collection de l\u2019Art Brut\" data-item-id=\"01kbhr8dw0qzwn5jph0xdga566\" data-item-type=\"pois\">\n                <i class=\"fas fa-heart favorite__icon favorite--enable\"><\/i>\n                <i class=\"far fa-heart favorite__icon favorite--not\"><\/i>\n            <\/button>\n        <\/div>\n        <div class=\"event-content\">\n            <h3>Collection de l\u2019Art Brut<\/h3>\n            <div class=\"post-meta\">\n                                    <span class=\"location\"><img decoding=\"async\" src=\"https:\/\/www.vaud.ch\/app\/themes\/child\/assets\/images\/location-v2.svg\" alt=\"\" class=\"skip-lazy\">Lausanne Tourisme<\/span>\n                            <\/div>\n        <\/div>\n    <\/a>\n<\/div><div class=\"col-md-6\">\n    <a href=\"https:\/\/www.vaud.ch\/de\/tourismus\/aktivitaten\/goldenpass-panoramic\" data-id=\"01kbhr8dw0qzwn5jph0xdga567\" class=\"event-card v2\">\n        <div class=\"img-wrap\">\n                            <div class=\"event-cat\">\n                    <span>Touristische Verkehrsmittel<\/span>\n                <\/div>\n                                        <img decoding=\"async\" src=\"https:\/\/www.vaud.ch\/app\/themes\/child\/assets\/images\/loading-pixel.svg\" class=\"lazyload\" data-src=\"https:\/\/app.localhub.ch\/api\/image\/01kbhr8ef887qrbb5pg3hy9a0d\/scale\/800\" alt=\"GoldenPass Panoramic\">\n                        <button class=\"favorite-button\" data-item-title=\"GoldenPass Panoramic\" data-item-id=\"01kbhr8dw0qzwn5jph0xdga567\" data-item-type=\"pois\">\n                <i class=\"fas fa-heart favorite__icon favorite--enable\"><\/i>\n                <i class=\"far fa-heart favorite__icon favorite--not\"><\/i>\n            <\/button>\n        <\/div>\n        <div class=\"event-content\">\n            <h3>GoldenPass Panoramic<\/h3>\n            <div class=\"post-meta\">\n                                    <span class=\"location\"><img decoding=\"async\" src=\"https:\/\/www.vaud.ch\/app\/themes\/child\/assets\/images\/location-v2.svg\" alt=\"\" class=\"skip-lazy\">Montreux-Vevey Tourisme<\/span>\n                            <\/div>\n        <\/div>\n    <\/a>\n<\/div><div class=\"col-md-6\">\n    <a href=\"https:\/\/www.vaud.ch\/de\/tourismus\/aktivitaten\/das-museum-von-montreux\" data-id=\"01kbhr8dw0qzwn5jph0xdga568\" class=\"event-card v2\">\n        <div class=\"img-wrap\">\n                            <div class=\"event-cat\">\n                    <span>Museen<\/span>\n                <\/div>\n                                        <img decoding=\"async\" src=\"https:\/\/www.vaud.ch\/app\/themes\/child\/assets\/images\/loading-pixel.svg\" class=\"lazyload\" data-src=\"https:\/\/app.localhub.ch\/api\/image\/01kbhr8ensxws8eymwtcdkafpc\/scale\/800\" alt=\"Das Museum von Montreux\">\n                        <button class=\"favorite-button\" data-item-title=\"Das Museum von Montreux\" data-item-id=\"01kbhr8dw0qzwn5jph0xdga568\" data-item-type=\"pois\">\n                <i class=\"fas fa-heart favorite__icon favorite--enable\"><\/i>\n                <i class=\"far fa-heart favorite__icon favorite--not\"><\/i>\n            <\/button>\n        <\/div>\n        <div class=\"event-content\">\n            <h3>Das Museum von Montreux<\/h3>\n            <div class=\"post-meta\">\n                                    <span class=\"location\"><img decoding=\"async\" src=\"https:\/\/www.vaud.ch\/app\/themes\/child\/assets\/images\/location-v2.svg\" alt=\"\" class=\"skip-lazy\">Montreux-Vevey Tourisme<\/span>\n                            <\/div>\n        <\/div>\n    <\/a>\n<\/div><div class=\"col-md-6\">\n    <a href=\"https:\/\/www.vaud.ch\/de\/tourismus\/aktivitaten\/alimentarium\" data-id=\"01kbhr8dw0qzwn5jph0xdga569\" class=\"event-card v2\">\n        <div class=\"img-wrap\">\n                            <div class=\"event-cat\">\n                    <span>Museen<\/span>\n                <\/div>\n                                        <img decoding=\"async\" src=\"https:\/\/www.vaud.ch\/app\/themes\/child\/assets\/images\/loading-pixel.svg\" class=\"lazyload\" data-src=\"https:\/\/app.localhub.ch\/api\/image\/01kbhr8ess15yta1bq4hxx4sa6\/scale\/800\" alt=\"Alimentarium\">\n                        <button class=\"favorite-button\" data-item-title=\"Alimentarium\" data-item-id=\"01kbhr8dw0qzwn5jph0xdga569\" data-item-type=\"pois\">\n                <i class=\"fas fa-heart favorite__icon favorite--enable\"><\/i>\n                <i class=\"far fa-heart favorite__icon favorite--not\"><\/i>\n            <\/button>\n        <\/div>\n        <div class=\"event-content\">\n            <h3>Alimentarium<\/h3>\n            <div class=\"post-meta\">\n                                    <span class=\"location\"><img decoding=\"async\" src=\"https:\/\/www.vaud.ch\/app\/themes\/child\/assets\/images\/location-v2.svg\" alt=\"\" class=\"skip-lazy\">Montreux-Vevey Tourisme<\/span>\n                            <\/div>\n        <\/div>\n    <\/a>\n<\/div><div class=\"col-md-6\">\n    <a href=\"https:\/\/www.vaud.ch\/de\/tourismus\/aktivitaten\/museum-alexis-forel\" data-id=\"01kbhr8dw0qzwn5jph0xdga56a\" class=\"event-card v2\">\n        <div class=\"img-wrap\">\n                            <div class=\"event-cat\">\n                    <span>Museen<\/span>\n                <\/div>\n                                        <img decoding=\"async\" src=\"https:\/\/www.vaud.ch\/app\/themes\/child\/assets\/images\/loading-pixel.svg\" class=\"lazyload\" data-src=\"https:\/\/app.localhub.ch\/api\/image\/01kbhr8exwrf3ysm7vgtm6dyzm\/scale\/800\" alt=\"Museum Alexis Forel\">\n                        <button class=\"favorite-button\" data-item-title=\"Museum Alexis Forel\" data-item-id=\"01kbhr8dw0qzwn5jph0xdga56a\" data-item-type=\"pois\">\n                <i class=\"fas fa-heart favorite__icon favorite--enable\"><\/i>\n                <i class=\"far fa-heart favorite__icon favorite--not\"><\/i>\n            <\/button>\n        <\/div>\n        <div class=\"event-content\">\n            <h3>Museum Alexis Forel<\/h3>\n            <div class=\"post-meta\">\n                                    <span class=\"location\"><img decoding=\"async\" src=\"https:\/\/www.vaud.ch\/app\/themes\/child\/assets\/images\/location-v2.svg\" alt=\"\" class=\"skip-lazy\">Morges R\u00e9gion Tourisme<\/span>\n                            <\/div>\n        <\/div>\n    <\/a>\n<\/div><div class=\"col-md-6\">\n    <a href=\"https:\/\/www.vaud.ch\/de\/tourismus\/aktivitaten\/romisches-museum-von-nyon\" data-id=\"01kbhr8dw0qzwn5jph0xdga56b\" class=\"event-card v2\">\n        <div class=\"img-wrap\">\n                            <div class=\"event-cat\">\n                    <span>Museen<\/span>\n                <\/div>\n                                        <img decoding=\"async\" src=\"https:\/\/www.vaud.ch\/app\/themes\/child\/assets\/images\/loading-pixel.svg\" class=\"lazyload\" data-src=\"https:\/\/app.localhub.ch\/api\/image\/01kbhr8f537ekhd3exyng926js\/scale\/800\" alt=\"R\u00f6misches Museum von Nyon\">\n                        <button class=\"favorite-button\" data-item-title=\"R\u00f6misches Museum von Nyon\" data-item-id=\"01kbhr8dw0qzwn5jph0xdga56b\" data-item-type=\"pois\">\n                <i class=\"fas fa-heart favorite__icon favorite--enable\"><\/i>\n                <i class=\"far fa-heart favorite__icon favorite--not\"><\/i>\n            <\/button>\n        <\/div>\n        <div class=\"event-content\">\n            <h3>R\u00f6misches Museum von Nyon<\/h3>\n            <div class=\"post-meta\">\n                                    <span class=\"location\"><img decoding=\"async\" src=\"https:\/\/www.vaud.ch\/app\/themes\/child\/assets\/images\/location-v2.svg\" alt=\"\" class=\"skip-lazy\">Nyon R\u00e9gion Tourisme<\/span>\n                            <\/div>\n        <\/div>\n    <\/a>\n<\/div><div class=\"col-md-6\">\n    <a href=\"https:\/\/www.vaud.ch\/de\/tourismus\/aktivitaten\/espace-horloger-vallee-de-joux-uhrenmuseum\" data-id=\"01kbhr8dw0qzwn5jph0xdga56c\" class=\"event-card v2\">\n        <div class=\"img-wrap\">\n                            <div class=\"event-cat\">\n                    <span>Museen<\/span>\n                <\/div>\n                                        <img decoding=\"async\" src=\"https:\/\/www.vaud.ch\/app\/themes\/child\/assets\/images\/loading-pixel.svg\" class=\"lazyload\" data-src=\"https:\/\/app.localhub.ch\/api\/image\/01kbhr8fdzkgbpq2k75p0f1ghq\/scale\/800\" alt=\"Espace horloger Vall\u00e9e de Joux - Uhrenmuseum\">\n                        <button class=\"favorite-button\" data-item-title=\"Espace horloger Vall\u00e9e de Joux - Uhrenmuseum\" data-item-id=\"01kbhr8dw0qzwn5jph0xdga56c\" data-item-type=\"pois\">\n                <i class=\"fas fa-heart favorite__icon favorite--enable\"><\/i>\n                <i class=\"far fa-heart favorite__icon favorite--not\"><\/i>\n            <\/button>\n        <\/div>\n        <div class=\"event-content\">\n            <h3>Espace horloger Vall\u00e9e de Joux &#8211; Uhrenmuseum<\/h3>\n            <div class=\"post-meta\">\n                                    <span class=\"location\"><img decoding=\"async\" src=\"https:\/\/www.vaud.ch\/app\/themes\/child\/assets\/images\/location-v2.svg\" alt=\"\" class=\"skip-lazy\">Vall\u00e9e de Joux Tourisme<\/span>\n                            <\/div>\n        <\/div>\n    <\/a>\n<\/div>                        <\/div>\n                                                    <div>\n                                                                <a href=\"#\"\n                                    class=\"load-more-btn btn \"\n                                    data-page=\"1\"\n                                    data-post-per-page=\"8\">\n                                    <span>Mehr anzeigen<\/span>\n                                    <img decoding=\"async\" src=\"https:\/\/www.vaud.ch\/app\/themes\/child\/assets\/images\/loader.svg\" alt=\"\" class=\"skip-lazy\">\n                                <\/a>\n                            <\/div>\n                                            <\/div>\n                                            <div class=\"map-outer switcher-tab\" data-tab=\"2\">\n                            <div id=\"map\">\n                                <div id=\"map-loading\">\n                                    <span><lord-icon src=\"https:\/\/cdn.lordicon.com\/gkryirhd.json\" trigger=\"loop\" state=\"loop-snake\" colors=\"primary:#0a4069\" style=\"width:70px;height:70px\"><\/lord-icon><\/span>\n                                <\/div>\n                            <\/div>\n                            <div class=\"overlay-zoom\">\n                                <span class=\"desktop-msg\">\n                                    Mit STRG + Scrollrad k\u00f6nnen Sie die Karte vergr\u00f6\u00dfern                                <\/span>\n                                <span class=\"touch-msg\">\n                                    Verwenden Sie zwei Finger, um die Karte zu verschieben                                <\/span>\n                            <\/div>\n                        <\/div>\n                                    <\/div>\n            <\/div>\n        <\/div>\n    <\/div>\n\n\n    <\/div>\n\n\n\n<div class=\"wp-block-group is-style-section has-white-color-color has-green-color-background-color has-text-color has-background has-link-color wp-elements-71ec54288c81337cebbb799bd7ad64bb is-layout-flow wp-block-group-is-layout-flow\" style=\"padding-top:var(--wp--preset--spacing--80);padding-bottom:var(--wp--preset--spacing--80)\">\n    <div class=\"post-list-arrows cta-title\">\n                    <h2>Entdecken Sie weitere Ausflugsideen im Kanton<\/h2>\n                <div class=\"arrows\">\n            <div class=\" prev-arrow\">\n                <img decoding=\"async\" src=\"https:\/\/www.vaud.ch\/app\/themes\/child\/assets\/images\/system-outline-161-trending-flat.svg\" alt=\"\" class=\"skip-lazy\">\n            <\/div>\n            <div class=\"next-arrow\">\n                <img decoding=\"async\" src=\"https:\/\/www.vaud.ch\/app\/themes\/child\/assets\/images\/system-outline-161-trending-flat.svg\" alt=\"\" class=\"skip-lazy\">\n            <\/div>\n        <\/div>\n\n    <\/div>\n    <div class=\"call-to-action  row  \"  style=\"margin-top:0;margin-bottom:0;\">\n                        <div class=\"col-md-3\">\n                                            <a class=\"cta-item \" href=\"https:\/\/www.vaud.ch\/de\/tourismus\/kultur-und-erbe\/blueten-des-genfersees\/\" target=\"_self\">\n                                                                                    <img data-lazy=\"https:\/\/www.vaud.ch\/app\/uploads\/2025\/03\/Tulipes-Morges-1-750x500.jpg\" alt=\"Bl\u00fcten des Genfersees\" class=\"skip-lazy\">\n                                                        <span class=\"text\">Bl\u00fcten des Genfersees<\/span>\n                            <span class=\"read-more\">Mehr lesen<\/span>\n                                                    <\/a>\n                        <\/div>\n                <div class=\"col-md-3\">\n                                            <a class=\"cta-item \" href=\"https:\/\/www.vaud.ch\/de\/tourismus\/weintourismus\/geschichte-und-weine-mit-dem-velo\/\" target=\"_self\">\n                                                                                    <img data-lazy=\"https:\/\/www.vaud.ch\/app\/uploads\/2025\/03\/2V0A1916-750x500.jpg\" alt=\"Weintourismus mit dem Fahrrad\" class=\"skip-lazy\">\n                                                        <span class=\"text\">Weintourismus mit dem Fahrrad<\/span>\n                            <span class=\"read-more\">Mehr lesen<\/span>\n                                                    <\/a>\n                        <\/div>\n                <div class=\"col-md-3\">\n                                            <a class=\"cta-item \" href=\"https:\/\/www.vaud.ch\/vivre\/sport\/gravel-canton-vaud\/\" target=\"_self\">\n                                                                                    <img data-lazy=\"https:\/\/www.vaud.ch\/app\/uploads\/2025\/04\/IMG_6317-333x500.jpg\" alt=\"Gravel im Kanton Waadt\" class=\"skip-lazy\">\n                                                        <span class=\"text\">Gravel im Kanton Waadt<\/span>\n                            <span class=\"read-more\">Mehr lesen<\/span>\n                                                    <\/a>\n                        <\/div>\n                <div class=\"col-md-3\">\n                                            <a class=\"cta-item \" href=\"https:\/\/www.vaud.ch\/de\/tourismus\/veranstaltungen\/\" target=\"_self\">\n                                                                                    <img data-lazy=\"https:\/\/www.vaud.ch\/app\/uploads\/2023\/08\/MJF_Vaudplus_Ambassadeur.jpg\" alt=\"Kalender und Veranstaltungen\" class=\"skip-lazy\">\n                                                        <span class=\"text\">Kalender und Veranstaltungen<\/span>\n                            <span class=\"read-more\">Mehr lesen<\/span>\n                                                    <\/a>\n                        <\/div>\n<\/div>\n\n<\/div>\n","protected":false},"excerpt":{"rendered":"<p>23. und 24. Mai 2026 Am Pfingstwochenende \u00f6ffnen \u00fcber 250 Weing\u00fcter im gesamten Kanton Waadt ihre T\u00fcren und laden Weinliebhaber, Kenner und Neugierige ein, den Reichtum der sechs Weinbaugebiete des Kantons Waadt zu entdecken. Nutzen Sie Ihren Kurzurlaub, um den Kanton mit dem Fahrrad zu erkunden, panoramareiche Routen durch die Weinberge zu befahren, in charmanten [&hellip;]<\/p>\n","protected":false},"author":15,"featured_media":20926,"parent":10822,"menu_order":0,"comment_status":"closed","ping_status":"closed","template":"","meta":{"_acf_changed":false,"footnotes":""},"class_list":["post-12696","page","type-page","status-publish","has-post-thumbnail","hentry"],"acf":[],"aioseo_notices":[],"_links":{"self":[{"href":"https:\/\/www.vaud.ch\/de\/wp-json\/wp\/v2\/pages\/12696","targetHints":{"allow":["GET"]}}],"collection":[{"href":"https:\/\/www.vaud.ch\/de\/wp-json\/wp\/v2\/pages"}],"about":[{"href":"https:\/\/www.vaud.ch\/de\/wp-json\/wp\/v2\/types\/page"}],"author":[{"embeddable":true,"href":"https:\/\/www.vaud.ch\/de\/wp-json\/wp\/v2\/users\/15"}],"replies":[{"embeddable":true,"href":"https:\/\/www.vaud.ch\/de\/wp-json\/wp\/v2\/comments?post=12696"}],"version-history":[{"count":28,"href":"https:\/\/www.vaud.ch\/de\/wp-json\/wp\/v2\/pages\/12696\/revisions"}],"predecessor-version":[{"id":21702,"href":"https:\/\/www.vaud.ch\/de\/wp-json\/wp\/v2\/pages\/12696\/revisions\/21702"}],"up":[{"embeddable":true,"href":"https:\/\/www.vaud.ch\/de\/wp-json\/wp\/v2\/pages\/10822"}],"wp:featuredmedia":[{"embeddable":true,"href":"https:\/\/www.vaud.ch\/de\/wp-json\/wp\/v2\/media\/20926"}],"wp:attachment":[{"href":"https:\/\/www.vaud.ch\/de\/wp-json\/wp\/v2\/media?parent=12696"}],"curies":[{"name":"wp","href":"https:\/\/api.w.org\/{rel}","templated":true}]}}