{"id":13448,"date":"2025-07-09T11:42:25","date_gmt":"2025-07-09T09:42:25","guid":{"rendered":"https:\/\/www.vaud.ch\/?page_id=13448"},"modified":"2025-12-08T17:15:50","modified_gmt":"2025-12-08T16:15:50","slug":"festivals-im-kanton-waadt","status":"publish","type":"page","link":"https:\/\/www.vaud.ch\/de\/tourismus\/kultur-und-erbe\/festivals-im-kanton-waadt\/","title":{"rendered":"Festivals im Kanton Waadt"},"content":{"rendered":"<div class=\"wp-bootstrap-blocks-row row justify-content-center\">\n\t\n\n<div class=\"col-12 col-md-6 col-xl-7\">\n\t\t\t\n\n<p class=\"is-style-heading-p\">Der Kanton Waadt pulsiert das ganze Jahr \u00fcber im Rhythmus vielf\u00e4ltiger Musikfestivals. Von den Ufern des Genfersees bis zu den Waadtl\u00e4nder Alpen treffen Jazz, Rock, Elektro und Klassik aufeinander und bieten einzigartige Erlebnisse. Entdecken Sie unsere Auswahl:<\/p>\n\n\n\n<h2 class=\"wp-block-heading\">Fr\u00fchling<\/h2>\n\n\n<div class=\"wp-bootstrap-blocks-row row\">\n\t\n\n<div class=\"col-12 col-md-6\">\n\t\t\t\n\n            <a class=\"special-link with-icon external with-img\" href=\"https:\/\/shapes-festival.com\/leysin\/\" target=\"_blank\">\n                            <img decoding=\"async\" src=\"https:\/\/www.vaud.ch\/app\/uploads\/2025\/07\/Leysin-Shapes-Festival-2023-c-Visualps-1-751x500.jpg\" alt=\"Shapes Festival Leysin\">\n                        <div class=\"special-link-content\">\n                                    <lord-icon src=\"https:\/\/cdn.lordicon.com\/qwegujbf.json\" target=\".special-link\" trigger=\"hover\" colors=\"primary:#199573\" style=\"width:28px;height:28px\"><\/lord-icon>\n                \n                Shapes Festival Leysin            <\/div>\n        <\/a>\n    \n\t<\/div>\n\n\n\n<div class=\"col-12 col-md-6\">\n\t\t\t\n\n            <a class=\"special-link with-icon external with-img\" href=\"https:\/\/cullyjazz.ch\/de\" target=\"_blank\">\n                            <img decoding=\"async\" src=\"https:\/\/www.vaud.ch\/app\/uploads\/2025\/07\/Cully-Jazz-concert-1-749x500.jpg\" alt=\"Cully Jazz Festival\">\n                        <div class=\"special-link-content\">\n                                    <lord-icon src=\"https:\/\/cdn.lordicon.com\/qwegujbf.json\" target=\".special-link\" trigger=\"hover\" colors=\"primary:#199573\" style=\"width:28px;height:28px\"><\/lord-icon>\n                \n                Cully Jazz Festival            <\/div>\n        <\/a>\n    \n\t<\/div>\n\n<\/div>\n\n\n\n<h2 class=\"wp-block-heading\">Juni<\/h2>\n\n\n<div class=\"wp-bootstrap-blocks-row row\">\n\t\n\n<div class=\"col-12 col-md-6\">\n\t\t\t\n\n<div class=\"wp-block-group is-nowrap is-layout-flex wp-container-core-group-is-layout-ad2f72ca wp-block-group-is-layout-flex\">\n            <a class=\"special-link with-icon external with-img\" href=\"https:\/\/caribana.ch\/en\" target=\"_blank\">\n                            <img decoding=\"async\" src=\"https:\/\/www.vaud.ch\/app\/uploads\/2025\/07\/cs-06062025-3068-0011.jpg-e1751898630857-500x500.webp\" alt=\"Caribana Festival\">\n                        <div class=\"special-link-content\">\n                                    <lord-icon src=\"https:\/\/cdn.lordicon.com\/qwegujbf.json\" target=\".special-link\" trigger=\"hover\" colors=\"primary:#199573\" style=\"width:28px;height:28px\"><\/lord-icon>\n                \n                Caribana Festival            <\/div>\n        <\/a>\n    <\/div>\n\n\t<\/div>\n\n\n\n<div class=\"col-12 col-md-6\">\n\t\t\t\n\n            <a class=\"special-link with-icon external with-img\" href=\"https:\/\/aiglinmusic.ch\/\" target=\"_blank\">\n                            <img decoding=\"async\" src=\"https:\/\/www.vaud.ch\/app\/uploads\/2025\/07\/Kimberley_Perrenoud_106-scaled-1-e1751899125607-500x500.jpg\" alt=\"Aigl'in Music\">\n                        <div class=\"special-link-content\">\n                                    <lord-icon src=\"https:\/\/cdn.lordicon.com\/qwegujbf.json\" target=\".special-link\" trigger=\"hover\" colors=\"primary:#199573\" style=\"width:28px;height:28px\"><\/lord-icon>\n                \n                Aigl&#039;in Music            <\/div>\n        <\/a>\n    \n\t<\/div>\n\n<\/div>\n\n\n<div class=\"wp-bootstrap-blocks-row row\">\n\t\n\n<div class=\"col-12 col-md-6\">\n\t\t\t\n\n            <a class=\"special-link with-icon external with-img\" href=\"https:\/\/www.pullylivefestival.ch\/\" target=\"_blank\">\n                            <img decoding=\"async\" src=\"https:\/\/www.vaud.ch\/app\/uploads\/2025\/07\/socialize-mag-pully-live-festival-1-1600x1066-1-e1751899358155-500x500.jpg\" alt=\"Pully Live Festival\">\n                        <div class=\"special-link-content\">\n                                    <lord-icon src=\"https:\/\/cdn.lordicon.com\/qwegujbf.json\" target=\".special-link\" trigger=\"hover\" colors=\"primary:#199573\" style=\"width:28px;height:28px\"><\/lord-icon>\n                \n                Pully Live Festival            <\/div>\n        <\/a>\n    \n\t<\/div>\n\n\n\n<div class=\"col-12 col-md-6\">\n\t\t\t\n\n            <a class=\"special-link with-icon external with-img\" href=\"https:\/\/lucensclassique.ch\/\" target=\"_blank\">\n                            <img decoding=\"async\" src=\"https:\/\/www.vaud.ch\/app\/uploads\/2025\/07\/210724-ilce-0054-ld-e1751899723785.jpg\" alt=\"Lucens Classique\">\n                        <div class=\"special-link-content\">\n                                    <lord-icon src=\"https:\/\/cdn.lordicon.com\/qwegujbf.json\" target=\".special-link\" trigger=\"hover\" colors=\"primary:#199573\" style=\"width:28px;height:28px\"><\/lord-icon>\n                \n                Lucens Classique            <\/div>\n        <\/a>\n    \n\t<\/div>\n\n<\/div>\n\n\n\n<h2 class=\"wp-block-heading\">Juli<\/h2>\n\n\n<div class=\"wp-bootstrap-blocks-row row\">\n\t\n\n<div class=\"col-12 col-md-6\">\n\t\t\t\n\n<div class=\"wp-block-group is-nowrap is-layout-flex wp-container-core-group-is-layout-ad2f72ca wp-block-group-is-layout-flex\">\n            <a class=\"special-link with-icon external with-img\" href=\"https:\/\/festivalcite.ch\/en\/\" target=\"_blank\">\n                            <img decoding=\"async\" src=\"https:\/\/www.vaud.ch\/app\/uploads\/2025\/07\/Festival-Cite-2024-5-1-e1751964350783-500x500.jpg\" alt=\"Festival de la Cit\u00e9\">\n                        <div class=\"special-link-content\">\n                                    <lord-icon src=\"https:\/\/cdn.lordicon.com\/qwegujbf.json\" target=\".special-link\" trigger=\"hover\" colors=\"primary:#199573\" style=\"width:28px;height:28px\"><\/lord-icon>\n                \n                Festival de la Cit\u00e9            <\/div>\n        <\/a>\n    <\/div>\n\n\t<\/div>\n\n\n\n<div class=\"col-12 col-md-6\">\n\t\t\t\n\n            <a class=\"special-link with-icon external with-img\" href=\"https:\/\/www.montreuxjazzfestival.com\/de\/\" target=\"_blank\">\n                            <img decoding=\"async\" src=\"https:\/\/www.vaud.ch\/app\/uploads\/2025\/07\/Montreux-Jazz-Festival-nuit-1-1-749x500.jpg\" alt=\"Montreux Jazz Festival\">\n                        <div class=\"special-link-content\">\n                                    <lord-icon src=\"https:\/\/cdn.lordicon.com\/qwegujbf.json\" target=\".special-link\" trigger=\"hover\" colors=\"primary:#199573\" style=\"width:28px;height:28px\"><\/lord-icon>\n                \n                Montreux Jazz Festival            <\/div>\n        <\/a>\n    \n\t<\/div>\n\n<\/div>\n\n\n<div class=\"wp-bootstrap-blocks-row row\">\n\t\n\n<div class=\"col-12 col-md-6\">\n\t\t\t\n\n<div class=\"wp-block-group is-nowrap is-layout-flex wp-container-core-group-is-layout-ad2f72ca wp-block-group-is-layout-flex\">\n            <a class=\"special-link with-icon external with-img\" href=\"http:\/\/www.shortcircuit.ch\/\" target=\"_blank\">\n                            <img decoding=\"async\" src=\"https:\/\/www.vaud.ch\/app\/uploads\/2025\/07\/AA2I6172-1024x683-1-e1751964769176-500x500.jpg\" alt=\"Short Circuit Open Air Festival\">\n                        <div class=\"special-link-content\">\n                                    <lord-icon src=\"https:\/\/cdn.lordicon.com\/qwegujbf.json\" target=\".special-link\" trigger=\"hover\" colors=\"primary:#199573\" style=\"width:28px;height:28px\"><\/lord-icon>\n                \n                Short Circuit Open Air Festival            <\/div>\n        <\/a>\n    <\/div>\n\n\t<\/div>\n\n\n\n<div class=\"col-12 col-md-6\">\n\t\t\t\n\n            <a class=\"special-link with-icon external with-img\" href=\"https:\/\/www.instagram.com\/yaleofestival\/?hl=en\" target=\"_blank\">\n                            <img decoding=\"async\" src=\"https:\/\/www.vaud.ch\/app\/uploads\/2025\/07\/1749296509-e1751964923447-500x500.jpg\" alt=\"Yaleo Festival\">\n                        <div class=\"special-link-content\">\n                                    <lord-icon src=\"https:\/\/cdn.lordicon.com\/qwegujbf.json\" target=\".special-link\" trigger=\"hover\" colors=\"primary:#199573\" style=\"width:28px;height:28px\"><\/lord-icon>\n                \n                Yaleo Festival            <\/div>\n        <\/a>\n    \n\t<\/div>\n\n<\/div>\n\n\n<div class=\"wp-bootstrap-blocks-row row\">\n\t\n\n<div class=\"col-12 col-md-6\">\n\t\t\t\n\n<div class=\"wp-block-group is-nowrap is-layout-flex wp-container-core-group-is-layout-ad2f72ca wp-block-group-is-layout-flex\">\n            <a class=\"special-link with-icon external with-img\" href=\"https:\/\/yeah.paleo.ch\/de\" target=\"_blank\">\n                            <img decoding=\"async\" src=\"https:\/\/www.vaud.ch\/app\/uploads\/2025\/07\/Paleo-749x500.jpg\" alt=\"Pal\u00e9o Festival\">\n                        <div class=\"special-link-content\">\n                                    <lord-icon src=\"https:\/\/cdn.lordicon.com\/qwegujbf.json\" target=\".special-link\" trigger=\"hover\" colors=\"primary:#199573\" style=\"width:28px;height:28px\"><\/lord-icon>\n                \n                Pal\u00e9o Festival            <\/div>\n        <\/a>\n    <\/div>\n\n\t<\/div>\n\n\n\n<div class=\"col-12 col-md-6\">\n\t\t\t\t<\/div>\n\n<\/div>\n\n\n\n<h2 class=\"wp-block-heading\">August<\/h2>\n\n\n<div class=\"wp-bootstrap-blocks-row row\">\n\t\n\n<div class=\"col-12 col-md-6\">\n\t\t\t\n\n<div class=\"wp-block-group is-nowrap is-layout-flex wp-container-core-group-is-layout-ad2f72ca wp-block-group-is-layout-flex\">\n            <a class=\"special-link with-icon external with-img\" href=\"https:\/\/intothecorn.ch\/\" target=\"_blank\">\n                            <img decoding=\"async\" src=\"https:\/\/www.vaud.ch\/app\/uploads\/2025\/07\/314338926-630444262207688-2122725616300494085-n_2000-e1751965948869-499x500.jpg\" alt=\"Into the Corn Music Festival\">\n                        <div class=\"special-link-content\">\n                                    <lord-icon src=\"https:\/\/cdn.lordicon.com\/qwegujbf.json\" target=\".special-link\" trigger=\"hover\" colors=\"primary:#199573\" style=\"width:28px;height:28px\"><\/lord-icon>\n                \n                Into the Corn Music Festival            <\/div>\n        <\/a>\n    <\/div>\n\n\t<\/div>\n\n\n\n<div class=\"col-12 col-md-6\">\n\t\t\t\n\n            <a class=\"special-link with-icon external with-img\" href=\"https:\/\/venogefestival.ch\/\" target=\"_blank\">\n                            <img decoding=\"async\" src=\"https:\/\/www.vaud.ch\/app\/uploads\/2025\/07\/Drone-Venoge-Festival-2024-total-haut-publes-02-studio42d-e1751966144847-501x500.jpg\" alt=\"Venoge Festival\">\n                        <div class=\"special-link-content\">\n                                    <lord-icon src=\"https:\/\/cdn.lordicon.com\/qwegujbf.json\" target=\".special-link\" trigger=\"hover\" colors=\"primary:#199573\" style=\"width:28px;height:28px\"><\/lord-icon>\n                \n                Venoge Festival            <\/div>\n        <\/a>\n    \n\t<\/div>\n\n<\/div>\n\n\n<div class=\"wp-bootstrap-blocks-row row\">\n\t\n\n<div class=\"col-12 col-md-6\">\n\t\t\t\n\n<div class=\"wp-block-group is-nowrap is-layout-flex wp-container-core-group-is-layout-ad2f72ca wp-block-group-is-layout-flex\">\n            <a class=\"special-link with-icon external with-img\" href=\"https:\/\/www.buskersamorges.com\/\" target=\"_blank\">\n                            <img decoding=\"async\" src=\"https:\/\/www.vaud.ch\/app\/uploads\/2025\/07\/buskers-2025_2000-e1751966312379-500x500.png\" alt=\"Buskers \u00e0 Morges\">\n                        <div class=\"special-link-content\">\n                                    <lord-icon src=\"https:\/\/cdn.lordicon.com\/qwegujbf.json\" target=\".special-link\" trigger=\"hover\" colors=\"primary:#199573\" style=\"width:28px;height:28px\"><\/lord-icon>\n                \n                Buskers \u00e0 Morges            <\/div>\n        <\/a>\n    <\/div>\n\n\t<\/div>\n\n\n\n<div class=\"col-12 col-md-6\">\n\t\t\t\n\n            <a class=\"special-link with-icon external with-img\" href=\"https:\/\/www.jval.ch\/\" target=\"_blank\">\n                            <img decoding=\"async\" src=\"https:\/\/www.vaud.ch\/app\/uploads\/2025\/07\/LeonardFisch-08386-1-600x400-1-e1751966920764.jpg\" alt=\"JVAL Openair\">\n                        <div class=\"special-link-content\">\n                                    <lord-icon src=\"https:\/\/cdn.lordicon.com\/qwegujbf.json\" target=\".special-link\" trigger=\"hover\" colors=\"primary:#199573\" style=\"width:28px;height:28px\"><\/lord-icon>\n                \n                JVAL Openair            <\/div>\n        <\/a>\n    \n\t<\/div>\n\n<\/div>\n\n\n<div class=\"wp-bootstrap-blocks-row row\">\n\t\n\n<div class=\"col-12 col-md-6\">\n\t\t\t\n\n<div class=\"wp-block-group is-nowrap is-layout-flex wp-container-core-group-is-layout-ad2f72ca wp-block-group-is-layout-flex\">\n            <a class=\"special-link with-icon external with-img\" href=\"https:\/\/www.musicales-tannay.ch\/\" target=\"_blank\">\n                            <img decoding=\"async\" src=\"https:\/\/www.vaud.ch\/app\/uploads\/2025\/07\/60393_default_landscape-e1751967148661-501x500.jpg\" alt=\"Variations Musicales de Tannay\">\n                        <div class=\"special-link-content\">\n                                    <lord-icon src=\"https:\/\/cdn.lordicon.com\/qwegujbf.json\" target=\".special-link\" trigger=\"hover\" colors=\"primary:#199573\" style=\"width:28px;height:28px\"><\/lord-icon>\n                \n                Variations Musicales de Tannay            <\/div>\n        <\/a>\n    <\/div>\n\n\t<\/div>\n\n\n\n<div class=\"col-12 col-md-6\">\n\t\t\t\n\n            <a class=\"special-link with-icon external with-img\" href=\"https:\/\/www.noxorae.ch\/\" target=\"_blank\">\n                            <img decoding=\"async\" src=\"https:\/\/www.vaud.ch\/app\/uploads\/2025\/07\/NOXORAE_2022_107_\u00a9GABRIEL_MONNET-e1751967373909-499x500.jpg\" alt=\"Nox Orae\">\n                        <div class=\"special-link-content\">\n                                    <lord-icon src=\"https:\/\/cdn.lordicon.com\/qwegujbf.json\" target=\".special-link\" trigger=\"hover\" colors=\"primary:#199573\" style=\"width:28px;height:28px\"><\/lord-icon>\n                \n                Nox Orae            <\/div>\n        <\/a>\n    \n\t<\/div>\n\n<\/div>\n\n\n\n<h2 class=\"wp-block-heading\">Herbst<\/h2>\n\n\n<div class=\"wp-bootstrap-blocks-row row\">\n\t\n\n<div class=\"col-12 col-md-6\">\n\t\t\t\n\n<div class=\"wp-block-group is-nowrap is-layout-flex wp-container-core-group-is-layout-ad2f72ca wp-block-group-is-layout-flex\">\n            <a class=\"special-link with-icon external with-img\" href=\"https:\/\/www.alpesvaudoises.ch\/de\/E195739\/pays-d&#039;enhaut\/festival-der-klang-der-garten\" target=\"_blank\">\n                            <img decoding=\"async\" src=\"https:\/\/www.vaud.ch\/app\/uploads\/2025\/07\/festival-le-son-des-jardins_2000-e1751967734579-500x500.jpg\" alt=\"Festival le son des jardins\">\n                        <div class=\"special-link-content\">\n                                    <lord-icon src=\"https:\/\/cdn.lordicon.com\/qwegujbf.json\" target=\".special-link\" trigger=\"hover\" colors=\"primary:#199573\" style=\"width:28px;height:28px\"><\/lord-icon>\n                \n                Festival le son des jardins            <\/div>\n        <\/a>\n    <\/div>\n\n\t<\/div>\n\n\n\n<div class=\"col-12 col-md-6\">\n\t\t\t\n\n            <a class=\"special-link with-icon external with-img\" href=\"https:\/\/collectif52.ch\/pages\/montain\" target=\"_blank\">\n                            <img decoding=\"async\" src=\"https:\/\/www.vaud.ch\/app\/uploads\/2025\/07\/DSC_2006-e1751968147289-500x500.webp\" alt=\"Mont'ain Festival\">\n                        <div class=\"special-link-content\">\n                                    <lord-icon src=\"https:\/\/cdn.lordicon.com\/qwegujbf.json\" target=\".special-link\" trigger=\"hover\" colors=\"primary:#199573\" style=\"width:28px;height:28px\"><\/lord-icon>\n                \n                Mont&#039;ain Festival            <\/div>\n        <\/a>\n    \n\t<\/div>\n\n<\/div>\n\n\n<div class=\"wp-bootstrap-blocks-row row\">\n\t\n\n<div class=\"col-12 col-md-6\">\n\t\t\t\n\n<div class=\"wp-block-group is-nowrap is-layout-flex wp-container-core-group-is-layout-ad2f72ca wp-block-group-is-layout-flex\">\n            <a class=\"special-link with-icon external with-img\" href=\"https:\/\/www.rollejazzfest.com\/\" target=\"_blank\">\n                            <img decoding=\"async\" src=\"https:\/\/www.vaud.ch\/app\/uploads\/2025\/07\/Capture-decran-2025-07-08-115246-e1751968446774.png\" alt=\"Rolle Jazz Festival\">\n                        <div class=\"special-link-content\">\n                                    <lord-icon src=\"https:\/\/cdn.lordicon.com\/qwegujbf.json\" target=\".special-link\" trigger=\"hover\" colors=\"primary:#199573\" style=\"width:28px;height:28px\"><\/lord-icon>\n                \n                Rolle Jazz Festival            <\/div>\n        <\/a>\n    <\/div>\n\n\t<\/div>\n\n\n\n<div class=\"col-12 col-md-6\">\n\t\t\t\t<\/div>\n\n<\/div>\n\n\n\n<div style=\"height:100px\" aria-hidden=\"true\" class=\"wp-block-spacer\"><\/div>\n\n\n\n<div class=\"wp-block-buttons is-content-justification-center is-layout-flex wp-container-core-buttons-is-layout-16018d1d wp-block-buttons-is-layout-flex\">\n<div class=\"wp-block-button\"><a class=\"wp-block-button__link has-text-align-center wp-element-button\" href=\"https:\/\/www.vaud.ch\/de\/tourismus\/veranstaltungen\/\" target=\"_blank\" rel=\"noreferrer noopener\">Kalender aller Veranstaltungen im Kanton Waadt<\/a><\/div>\n<\/div>\n\n\t<\/div>\n\n<\/div>\n\n\n\n<div class=\"wp-block-group is-style-section has-blue-color-color has-lightblue-color-full-background-color has-text-color has-background has-link-color wp-elements-49065527d161a0c158404edd86883a30 is-layout-flow wp-block-group-is-layout-flow\" style=\"padding-top:var(--wp--preset--spacing--80);padding-bottom:var(--wp--preset--spacing--80)\">\n    <div class=\"post-list-arrows cta-title\">\n                    <h2>Noch mehr Ideen f\u00fcr Aktivit\u00e4ten<\/h2>\n                <div class=\"arrows\">\n            <div class=\" prev-arrow\">\n                <img decoding=\"async\" src=\"https:\/\/www.vaud.ch\/app\/themes\/child\/assets\/images\/system-outline-161-trending-flat.svg\" alt=\"\" class=\"skip-lazy\">\n            <\/div>\n            <div class=\"next-arrow\">\n                <img decoding=\"async\" src=\"https:\/\/www.vaud.ch\/app\/themes\/child\/assets\/images\/system-outline-161-trending-flat.svg\" alt=\"\" class=\"skip-lazy\">\n            <\/div>\n        <\/div>\n\n    <\/div>\n    <div class=\"call-to-action  row  \"  style=\"margin-top:0;margin-bottom:0;\">\n                        <div class=\"col-md-3\">\n                                            <a class=\"cta-item \" href=\"https:\/\/www.vaud.ch\/de\/tourismus\/weintourismus\/\" target=\"_self\">\n                                                                                    <img data-lazy=\"https:\/\/www.vaud.ch\/app\/uploads\/2025\/04\/2V0A1749-e1744624443256-1103x500.jpg\" alt=\"Weintourismus\" class=\"skip-lazy\">\n                                                        <span class=\"text\">Weintourismus<\/span>\n                            <span class=\"read-more\">Mehr lesen<\/span>\n                                                    <\/a>\n                        <\/div>\n                <div class=\"col-md-3\">\n                                            <a class=\"cta-item \" href=\"https:\/\/www.vaud.ch\/de\/tourismus\/sport\/gravel\/\" target=\"_self\">\n                                                                                    <img data-lazy=\"https:\/\/www.vaud.ch\/app\/uploads\/2025\/04\/IMG_6610-750x500.jpg\" alt=\"Gravelbiken\" class=\"skip-lazy\">\n                                                        <span class=\"text\">Gravelbiken<\/span>\n                            <span class=\"read-more\">Mehr lesen<\/span>\n                                                    <\/a>\n                        <\/div>\n                <div class=\"col-md-3\">\n                                            <a class=\"cta-item \" href=\"https:\/\/www.vaud.ch\/de\/blueten-des-genfersees\/\" target=\"_blank\">\n                                                                                    <img data-lazy=\"https:\/\/www.vaud.ch\/app\/uploads\/2025\/03\/FTU-23\u00a9A-38-1-e1741856103544-500x500.jpg\" alt=\"Bl\u00fcten des Genfersees\" class=\"skip-lazy\">\n                                                        <span class=\"text\">Bl\u00fcten des Genfersees<\/span>\n                            <span class=\"read-more\">Mehr lesen<\/span>\n                                                    <\/a>\n                        <\/div>\n<\/div>\n\n<\/div>\n\n\n\n\n\n<p><\/p>\n","protected":false},"excerpt":{"rendered":"","protected":false},"author":16,"featured_media":13458,"parent":16503,"menu_order":0,"comment_status":"closed","ping_status":"closed","template":"","meta":{"_acf_changed":false,"footnotes":""},"class_list":["post-13448","page","type-page","status-publish","has-post-thumbnail","hentry"],"acf":[],"aioseo_notices":[],"_links":{"self":[{"href":"https:\/\/www.vaud.ch\/de\/wp-json\/wp\/v2\/pages\/13448","targetHints":{"allow":["GET"]}}],"collection":[{"href":"https:\/\/www.vaud.ch\/de\/wp-json\/wp\/v2\/pages"}],"about":[{"href":"https:\/\/www.vaud.ch\/de\/wp-json\/wp\/v2\/types\/page"}],"author":[{"embeddable":true,"href":"https:\/\/www.vaud.ch\/de\/wp-json\/wp\/v2\/users\/16"}],"replies":[{"embeddable":true,"href":"https:\/\/www.vaud.ch\/de\/wp-json\/wp\/v2\/comments?post=13448"}],"version-history":[{"count":13,"href":"https:\/\/www.vaud.ch\/de\/wp-json\/wp\/v2\/pages\/13448\/revisions"}],"predecessor-version":[{"id":19572,"href":"https:\/\/www.vaud.ch\/de\/wp-json\/wp\/v2\/pages\/13448\/revisions\/19572"}],"up":[{"embeddable":true,"href":"https:\/\/www.vaud.ch\/de\/wp-json\/wp\/v2\/pages\/16503"}],"wp:featuredmedia":[{"embeddable":true,"href":"https:\/\/www.vaud.ch\/de\/wp-json\/wp\/v2\/media\/13458"}],"wp:attachment":[{"href":"https:\/\/www.vaud.ch\/de\/wp-json\/wp\/v2\/media?parent=13448"}],"curies":[{"name":"wp","href":"https:\/\/api.w.org\/{rel}","templated":true}]}}