{"id":13874,"date":"2025-07-11T11:55:35","date_gmt":"2025-07-11T09:55:35","guid":{"rendered":"https:\/\/www.vaud.ch\/highlights\/"},"modified":"2025-12-08T13:24:31","modified_gmt":"2025-12-08T12:24:31","slug":"highlights","status":"publish","type":"page","link":"https:\/\/www.vaud.ch\/de\/tourismus\/highlights\/","title":{"rendered":"Highlights"},"content":{"rendered":"\n    <\/div>\n                    <div class=\"slider-outer\">\n            <div class=\"slider  \"  style=\"\">\n                                            <div class=\"slide first-slide \">\n                                <video id=\"bgVideo\" autoplay loop muted playsinline >\n                                    <source src=\"https:\/\/www.vaud.ch\/app\/uploads\/2025\/08\/WEB_1920x1080_corr_highlights_D.mp4\" type=\"video\/mp4\">\n                                <\/video>\n                            <\/div>\n\n                        \n                            <\/div>\n            <div class=\"container\">\n                <div class=\"row\">\n                    <div class=\"col-md-9 col-lg-6 slider-caption\">\n                        <h1><span class=\"blue-txt\" style=\"color: #0b406a;\">6 Highlights <\/span><\/h1>\n<h1><span style=\"color: #0b406a;\">im Genferseegebiet<\/span><\/h1>\n                    <\/div>\n                <\/div>\n            <\/div>\n            <div class=\"slider-nav\">\n                <ul>\n                                            <li class=\" active\" data-slide=\"1\">\n                            <h2 class=\"with-icon\"><\/h2>\n                        <\/li>\n                                    <\/ul>\n            <\/div>\n                            <div class=\"slider-socials\">\n                                            <a href=\"https:\/\/www.linkedin.com\/company\/vaud-promotion\/\" target=\"_blank\"><i class=\"fab fa-linkedin-in\"><\/i><\/a>\n                                            <a href=\"https:\/\/www.facebook.com\/myvaud\" target=\"_blank\"><i class=\"fab fa-facebook\"><\/i><\/a>\n                                            <a href=\"https:\/\/www.instagram.com\/myvaud\/\" target=\"_blank\"><i class=\"fab fa-instagram\"><\/i><\/a>\n                                            <a href=\"https:\/\/www.youtube.com\/regionduleman\" target=\"_blank\"><i class=\"fab fa-youtube\"><\/i><\/a>\n                                    <\/div>\n                    <\/div>\n        <!-- <div class=\"loader\">\n            <img decoding=\"async\" src=\"https:\/\/www.vaud.ch\/app\/themes\/child\/assets\/images\/vaud_logo_blue.svg\" alt=\"\">\n        <\/div> -->\n        <div class=\"container\">\n    \n\n\n<div style=\"height:100px\" aria-hidden=\"true\" class=\"wp-block-spacer\"><\/div>\n\n\n<div class=\"wp-bootstrap-blocks-row row justify-content-center\">\n\t\n\n<div class=\"col-12\">\n\t\t\t\n\n<div class=\"wp-block-columns is-layout-flex wp-container-core-columns-is-layout-2edb0647 wp-block-columns-is-layout-flex\" style=\"margin-top:0;margin-bottom:0\">\n<div class=\"wp-block-column is-layout-flow wp-block-column-is-layout-flow\" style=\"padding-top:0;padding-right:var(--wp--preset--spacing--60);padding-bottom:0;padding-left:var(--wp--preset--spacing--60)\">\n<div class=\"wp-block-columns is-layout-flex wp-container-core-columns-is-layout-e098624a wp-block-columns-is-layout-flex\" style=\"margin-bottom:0;padding-top:0;padding-bottom:0\">\n<div class=\"wp-block-column is-vertically-aligned-center is-layout-flow wp-block-column-is-layout-flow\">\n<h2 class=\"wp-block-heading has-text-align-center has-blue-color-color has-text-color has-link-color wp-elements-17aba50d1d86d23f315f37abc83eb6d4\">Erleben Sie Aussergew\u00f6hnliches an ikonischen Orten<\/h2>\n\n\n\n<p class=\"has-text-align-center is-style-heading-p has-blue-color-color has-text-color has-link-color wp-elements-2047c026458a29e9ba8b53172553ca44\">Kulturliebhaber, Geschichtsbegeisterte oder Abenteuerlustige: Wie versprechen allen unvergessliche Erinnerungen.<\/p>\n\n\n\n<div class=\"wp-block-buttons is-content-justification-center is-layout-flex wp-container-core-buttons-is-layout-16018d1d wp-block-buttons-is-layout-flex\">\n<div class=\"wp-block-button\"><a class=\"wp-block-button__link has-text-align-center wp-element-button\" href=\"#CH\">Entdecken<\/a><\/div>\n<\/div>\n<\/div>\n\n\n\n<div class=\"wp-block-column is-layout-flow wp-block-column-is-layout-flow\">\n<figure class=\"wp-block-image size-full\"><img loading=\"lazy\" decoding=\"async\" width=\"2560\" height=\"1701\" src=\"https:\/\/www.vaud.ch\/app\/uploads\/2025\/07\/carte_VAUD-scaled.png\" alt=\"\" class=\"wp-image-13552\" srcset=\"https:\/\/www.vaud.ch\/app\/uploads\/2025\/07\/carte_VAUD-scaled.png 2560w, https:\/\/www.vaud.ch\/app\/uploads\/2025\/07\/carte_VAUD-1536x1020.png 1536w, https:\/\/www.vaud.ch\/app\/uploads\/2025\/07\/carte_VAUD-753x500.png 753w, https:\/\/www.vaud.ch\/app\/uploads\/2025\/07\/carte_VAUD-300x199.png 300w, https:\/\/www.vaud.ch\/app\/uploads\/2025\/07\/carte_VAUD-768x510.png 768w, https:\/\/www.vaud.ch\/app\/uploads\/2025\/07\/carte_VAUD-1024x680.png 1024w, https:\/\/www.vaud.ch\/app\/uploads\/2025\/07\/carte_VAUD-2048x1361.png 2048w\" sizes=\"auto, (max-width: 2560px) 100vw, 2560px\" \/><\/figure>\n<\/div>\n<\/div>\n<\/div>\n<\/div>\n\n\t<\/div>\n\n<\/div>\n\n\n\n<div style=\"height:100px\" aria-hidden=\"true\" class=\"wp-block-spacer\"><\/div>\n\n\n<div class=\"wp-bootstrap-blocks-row row justify-content-center align-items-center\">\n\t\n\n<div class=\"col-12\">\n\t\t\t<div class=\"h-100 d-flex flex-column justify-content-center\">\n\t\t\t\n\n\t\t<\/div>\n\t<\/div>\n\n<\/div>\n\n\n\n<div style=\"height:100px\" aria-hidden=\"true\" class=\"wp-block-spacer\"><\/div>\n\n\n<div class=\"wp-bootstrap-blocks-row row justify-content-center\">\n\t\n\n<div class=\"col-12\">\n\t\t\t\n\n<div class=\"wp-block-columns is-layout-flex wp-container-core-columns-is-layout-2edb0647 wp-block-columns-is-layout-flex\" style=\"margin-top:0;margin-bottom:0\">\n<div class=\"wp-block-column is-layout-flow wp-block-column-is-layout-flow\" style=\"padding-top:0;padding-right:var(--wp--preset--spacing--60);padding-bottom:0;padding-left:var(--wp--preset--spacing--60)\">\n<div class=\"wp-block-columns is-layout-flex wp-container-core-columns-is-layout-e098624a wp-block-columns-is-layout-flex\" style=\"margin-bottom:0;padding-top:0;padding-bottom:0\">\n<div class=\"wp-block-column is-vertically-aligned-top is-layout-flow wp-block-column-is-layout-flow\">\n<h2 class=\"wp-block-heading has-text-align-center has-blue-color-color has-text-color has-link-color wp-elements-db21b249d631442f48061df68aba1e83\">Attraktionen, an denen kein Weg vorbeif\u00fchrt<\/h2>\n\n\n\n<div style=\"height:75px\" aria-hidden=\"true\" class=\"wp-block-spacer\"><\/div>\n\n\n\n<div class=\"wp-block-columns alignfull are-vertically-aligned-center is-layout-flex wp-container-core-columns-is-layout-ed5226f6 wp-block-columns-is-layout-flex\" style=\"padding-right:0;padding-left:0\">\n<div class=\"wp-block-column is-vertically-aligned-center is-layout-flow wp-block-column-is-layout-flow\" style=\"padding-right:0;padding-left:0;flex-basis:70%\"><div class=\"wp-bootstrap-blocks-row row is-style-default gx-5 gy-5 justify-content-center align-items-center\">\n\t\n\n<div class=\"col-12 col-md-4\">\n\t\t\t<div class=\"h-100 d-flex flex-column justify-content-center\">\n\t\t\t\n\n<figure class=\"wp-block-image aligncenter size-full is-resized\"><img loading=\"lazy\" decoding=\"async\" width=\"200\" height=\"200\" src=\"https:\/\/www.vaud.ch\/app\/uploads\/2025\/07\/Top-icon.png\" alt=\"\" class=\"wp-image-13623\" style=\"width:127px;height:auto\" srcset=\"https:\/\/www.vaud.ch\/app\/uploads\/2025\/07\/Top-icon.png 200w, https:\/\/www.vaud.ch\/app\/uploads\/2025\/07\/Top-icon-150x150.png 150w\" sizes=\"auto, (max-width: 200px) 100vw, 200px\" \/><\/figure>\n\n\n\n<h4 class=\"wp-block-heading has-text-align-center has-blue-color-color has-text-color has-link-color wp-elements-63bb523404a0b81ff1715f8a409b4aa4\">TOP 6 <\/h4>\n\n\n\n<p class=\"has-text-align-center has-blue-color-color has-text-color has-link-color wp-elements-6beb7fbb6316c63559afabd9e387b74f\">Entdecken Sie die Vielfalt der Region mit 6 aussergew\u00f6hnlichen Aktivit\u00e4ten<\/p>\n\n\t\t<\/div>\n\t<\/div>\n\n\n\n<div class=\"col-12 col-md-4\">\n\t\t\t<div class=\"h-100 d-flex flex-column justify-content-center\">\n\t\t\t\n\n<figure class=\"wp-block-image aligncenter size-full is-resized\"><img loading=\"lazy\" decoding=\"async\" width=\"200\" height=\"200\" src=\"https:\/\/www.vaud.ch\/app\/uploads\/2025\/07\/famille-ou-amis.png\" alt=\"\" class=\"wp-image-13626\" style=\"width:127px;height:auto\" srcset=\"https:\/\/www.vaud.ch\/app\/uploads\/2025\/07\/famille-ou-amis.png 200w, https:\/\/www.vaud.ch\/app\/uploads\/2025\/07\/famille-ou-amis-150x150.png 150w\" sizes=\"auto, (max-width: 200px) 100vw, 200px\" \/><\/figure>\n\n\n\n<h4 class=\"wp-block-heading has-text-align-center has-blue-color-color has-text-color has-link-color wp-elements-72e62be6c2bff0c2f8b612b779bf8825\">F\u00fcr alle<\/h4>\n\n\n\n<p class=\"has-text-align-center has-blue-color-color has-text-color has-link-color wp-elements-eef1f113f9e12d2433c05a824720ce2d\">Ideal mit der Familie, als Paar, mit Freunden oder allein<\/p>\n\n\t\t<\/div>\n\t<\/div>\n\n\n\n<div class=\"col-12 col-md-4\">\n\t\t\t<div class=\"h-100 d-flex flex-column justify-content-center\">\n\t\t\t\n\n<figure class=\"wp-block-image aligncenter size-full is-resized\"><img loading=\"lazy\" decoding=\"async\" width=\"200\" height=\"200\" src=\"https:\/\/www.vaud.ch\/app\/uploads\/2025\/07\/paysage.png\" alt=\"\" class=\"wp-image-13629\" style=\"width:125px;height:auto\" srcset=\"https:\/\/www.vaud.ch\/app\/uploads\/2025\/07\/paysage.png 200w, https:\/\/www.vaud.ch\/app\/uploads\/2025\/07\/paysage-150x150.png 150w\" sizes=\"auto, (max-width: 200px) 100vw, 200px\" \/><\/figure>\n\n\n\n<h4 class=\"wp-block-heading has-text-align-center has-blue-color-color has-text-color has-link-color wp-elements-19363103f31627b323002897c08ba582\">Am See und in den Bergen<\/h4>\n\n\n\n<p class=\"has-text-align-center has-blue-color-color has-text-color has-link-color wp-elements-1dd4f72cad9b0034f9e726325fb203c1\">Erkunden Sie die sch\u00f6nsten Landschaften der Region<\/p>\n\n\t\t<\/div>\n\t<\/div>\n\n<\/div>\n<\/div>\n<\/div>\n\n\n\n<div style=\"height:75px\" aria-hidden=\"true\" class=\"wp-block-spacer\"><\/div>\n<\/div>\n<\/div>\n<\/div>\n<\/div>\n\n\t<\/div>\n\n<\/div>\n\n\n<div class=\"wp-bootstrap-blocks-row row justify-content-center\">\n\t\n\n<div class=\"col-12\">\n\t\t\t\n\n<div class=\"wp-block-columns is-layout-flex wp-container-core-columns-is-layout-2edb0647 wp-block-columns-is-layout-flex\" style=\"margin-top:0;margin-bottom:0\">\n<div class=\"wp-block-column is-layout-flow wp-block-column-is-layout-flow\" style=\"padding-top:0;padding-right:var(--wp--preset--spacing--60);padding-bottom:0;padding-left:var(--wp--preset--spacing--60)\">\n<div class=\"wp-block-columns is-layout-flex wp-container-core-columns-is-layout-e098624a wp-block-columns-is-layout-flex\" style=\"margin-bottom:0;padding-top:0;padding-bottom:0\">\n<div class=\"wp-block-column is-vertically-aligned-top has-white-color-background-color has-background is-layout-flow wp-block-column-is-layout-flow\">\n<div id=\"CH\" class=\"wp-block-group has-lightblue-color-background-color has-background is-layout-flow wp-block-group-is-layout-flow\"><div class=\"wp-bootstrap-blocks-row row justify-content-end align-items-center\">\n\t\n\n<div class=\"col-12 col-md-4\">\n\t\t\t<div class=\"h-100 d-flex flex-column justify-content-center\">\n\t\t\t\n\n<figure class=\"wp-block-image alignright size-large\"><img loading=\"lazy\" decoding=\"async\" width=\"862\" height=\"1024\" src=\"https:\/\/www.vaud.ch\/app\/uploads\/2025\/07\/polaroid-chillon-862x1024.png\" alt=\"\" class=\"wp-image-13606\" srcset=\"https:\/\/www.vaud.ch\/app\/uploads\/2025\/07\/polaroid-chillon-862x1024.png 862w, https:\/\/www.vaud.ch\/app\/uploads\/2025\/07\/polaroid-chillon-421x500.png 421w, https:\/\/www.vaud.ch\/app\/uploads\/2025\/07\/polaroid-chillon-253x300.png 253w, https:\/\/www.vaud.ch\/app\/uploads\/2025\/07\/polaroid-chillon-768x912.png 768w, https:\/\/www.vaud.ch\/app\/uploads\/2025\/07\/polaroid-chillon.png 995w\" sizes=\"auto, (max-width: 862px) 100vw, 862px\" \/><\/figure>\n\n\t\t<\/div>\n\t<\/div>\n\n\n\n<div class=\"col-12 col-md-8\">\n\t\t\t\n\n<ul class=\"wp-block-list editor-list is-style-tags-list\">\n<li class=\"has-blue-color-color has-text-color has-link-color wp-elements-d61a447394f463d11525dfa83b5c1f2c\">Geschichte<\/li>\n\n\n\n<li class=\"has-blue-color-color has-text-color has-link-color wp-elements-8cbb90513390f2a56f02937f20d4da95\">M\u00e4rchenwelt<\/li>\n\n\n\n<li class=\"has-blue-color-color has-text-color has-link-color wp-elements-f09e9b476e0b35fe9c18edc32a749455\">Architektur<\/li>\n<\/ul>\n\n\n\n<h2 class=\"wp-block-heading has-blue-color-color has-text-color has-link-color wp-elements-17e6875b564260b232837e84d0819b67\" id=\"vallee-de-joux\"><mark style=\"background-color:rgba(0, 0, 0, 0)\" class=\"has-inline-color has-green-color-color\"><mark style=\"background-color:rgba(0, 0, 0, 0)\" class=\"has-inline-color has-green-color-color\">Das Schloss Chillon<\/mark><\/mark><br>Ein M\u00e4rchen am Seeufer<\/h2>\n\n\n\n<p class=\"has-blue-color-color has-text-color has-link-color wp-elements-0108b7bcabece6151a300ee9d5cd796b\">Tauchen Sie ein in fast 1000 Jahre Geschichte und entdecken Sie eine der ber\u00fchmtesten Burgen Europas, die auf einem Felsvorsprung am Ufer des Genfersees steht.<\/p>\n\n\n\n\n\n<div class=\"wp-block-buttons is-layout-flex wp-block-buttons-is-layout-flex\">\n<div class=\"wp-block-button\"><a class=\"wp-block-button__link has-green-color-background-color has-background has-text-align-center wp-element-button\" href=\"https:\/\/www.chillon.ch\/de\/ticketshop\/\" target=\"_blank\" rel=\"noreferrer noopener\">Eine Aktivit\u00e4t reservieren<\/a><\/div>\n\n\n\n<div class=\"wp-block-button is-style-white-hover\"><a class=\"wp-block-button__link has-blue-color-background-color has-background wp-element-button\" href=\"https:\/\/www.chillon.ch\/de\/\" target=\"_blank\" rel=\"noreferrer noopener\">Website von Schloss Chillon<\/a><\/div>\n<\/div>\n\n\n\n<p class=\"has-blue-color-color has-text-color has-link-color wp-elements-8dc95e80a4b6d3821ac9b0a2d583e573\"><\/p>\n\n\t<\/div>\n\n<\/div>\n<\/div>\n\n\n\n<div style=\"height:12px\" aria-hidden=\"true\" class=\"wp-block-spacer\"><\/div>\n<\/div>\n<\/div>\n<\/div>\n<\/div>\n\n\t<\/div>\n\n<\/div>\n\n\n<div class=\"wp-bootstrap-blocks-row row justify-content-center\">\n\t\n\n<div class=\"col-12\">\n\t\t\t\n\n<div class=\"wp-block-columns is-layout-flex wp-container-core-columns-is-layout-2edb0647 wp-block-columns-is-layout-flex\" style=\"margin-top:0;margin-bottom:0\">\n<div class=\"wp-block-column is-layout-flow wp-block-column-is-layout-flow\" style=\"padding-top:0;padding-right:var(--wp--preset--spacing--60);padding-bottom:0;padding-left:var(--wp--preset--spacing--60)\">\n<div class=\"wp-block-columns is-layout-flex wp-container-core-columns-is-layout-e098624a wp-block-columns-is-layout-flex\" style=\"margin-bottom:0;padding-top:0;padding-bottom:0\">\n<div class=\"wp-block-column is-vertically-aligned-top has-white-color-background-color has-background is-layout-flow wp-block-column-is-layout-flow\">\n<div class=\"wp-block-group has-lightblue-color-background-color has-background is-layout-flow wp-block-group-is-layout-flow\"><div class=\"wp-bootstrap-blocks-row row justify-content-end align-items-center\">\n\t\n\n<div class=\"col-12 col-md-4\">\n\t\t\t<div class=\"h-100 d-flex flex-column justify-content-center\">\n\t\t\t\n\n<figure class=\"wp-block-image alignright size-large\"><img loading=\"lazy\" decoding=\"async\" width=\"862\" height=\"1024\" src=\"https:\/\/www.vaud.ch\/app\/uploads\/2025\/07\/polaroid-cgn-1-862x1024.png\" alt=\"\" class=\"wp-image-13603\" srcset=\"https:\/\/www.vaud.ch\/app\/uploads\/2025\/07\/polaroid-cgn-1-862x1024.png 862w, https:\/\/www.vaud.ch\/app\/uploads\/2025\/07\/polaroid-cgn-1-421x500.png 421w, https:\/\/www.vaud.ch\/app\/uploads\/2025\/07\/polaroid-cgn-1-253x300.png 253w, https:\/\/www.vaud.ch\/app\/uploads\/2025\/07\/polaroid-cgn-1-768x912.png 768w, https:\/\/www.vaud.ch\/app\/uploads\/2025\/07\/polaroid-cgn-1.png 995w\" sizes=\"auto, (max-width: 862px) 100vw, 862px\" \/><\/figure>\n\n\t\t<\/div>\n\t<\/div>\n\n\n\n<div class=\"col-12 col-md-8\">\n\t\t\t\n\n<ul class=\"wp-block-list editor-list is-style-tags-list\">\n<li class=\"has-blue-color-color has-text-color has-link-color wp-elements-d074fa02a5f0b2405e3024ca1100eee8\">Sch\u00f6nheit<\/li>\n\n\n\n<li class=\"has-blue-color-color has-text-color has-link-color wp-elements-f130af2fc3325044d9e625729d2684e5\">Beschaulichkeit<\/li>\n\n\n\n<li class=\"has-blue-color-color has-text-color has-link-color wp-elements-c20feea50985f3f3bd625d52a97520f9\">Kulturerbe<\/li>\n<\/ul>\n\n\n\n<h2 class=\"wp-block-heading has-blue-color-color has-text-color has-link-color wp-elements-27ae24338eea38c685964f331d4de94f\" id=\"vallee-de-joux\"><mark style=\"background-color:rgba(0, 0, 0, 0)\" class=\"has-inline-color has-green-color-color\"><mark style=\"background-color:rgba(0, 0, 0, 0)\" class=\"has-inline-color has-green-color-color\">CGN<\/mark><\/mark><br>Auf den Wogen des Genfersees<\/h2>\n\n\n\n<p class=\"has-blue-color-color has-text-color has-link-color wp-elements-7f2bb8f54cad9d3d1b86d9b4df9510ed\">Gleiten Sie an Bord eines Schiffs der CGN \u00fcber das ruhige Wasser des Genfersees. Auf einer Schifffahrt ab Lausanne, Vevey, Montreux oder Chillon bietet sich eine atemberaubende Aussicht auf die Alpen und die Weinterrassen des Lavaux.<\/p>\n\n\n\n\n\n<div class=\"wp-block-buttons is-layout-flex wp-block-buttons-is-layout-flex\">\n<div class=\"wp-block-button\"><a class=\"wp-block-button__link has-green-color-background-color has-background has-text-align-center wp-element-button\" href=\"https:\/\/www.cgn.ch\/de\/horaires-billets\" target=\"_blank\" rel=\"noreferrer noopener\">Eine Aktivit\u00e4t reservieren<\/a><\/div>\n\n\n\n<div class=\"wp-block-button is-style-white-hover\"><a class=\"wp-block-button__link has-blue-color-background-color has-background wp-element-button\" href=\"https:\/\/www.cgn.ch\/de\/\" target=\"_blank\" rel=\"noreferrer noopener\">Website der CGN<\/a><\/div>\n<\/div>\n\n\n\n<p class=\"has-blue-color-color has-text-color has-link-color wp-elements-8dc95e80a4b6d3821ac9b0a2d583e573\"><\/p>\n\n\t<\/div>\n\n<\/div>\n<\/div>\n\n\n\n<div style=\"height:12px\" aria-hidden=\"true\" class=\"wp-block-spacer\"><\/div>\n<\/div>\n<\/div>\n<\/div>\n<\/div>\n\n\t<\/div>\n\n<\/div>\n\n\n<div class=\"wp-bootstrap-blocks-row row justify-content-center\">\n\t\n\n<div class=\"col-12\">\n\t\t\t\n\n<div class=\"wp-block-columns is-layout-flex wp-container-core-columns-is-layout-2edb0647 wp-block-columns-is-layout-flex\" style=\"margin-top:0;margin-bottom:0\">\n<div class=\"wp-block-column is-layout-flow wp-block-column-is-layout-flow\" style=\"padding-top:0;padding-right:var(--wp--preset--spacing--60);padding-bottom:0;padding-left:var(--wp--preset--spacing--60)\">\n<div class=\"wp-block-columns is-layout-flex wp-container-core-columns-is-layout-e098624a wp-block-columns-is-layout-flex\" style=\"margin-bottom:0;padding-top:0;padding-bottom:0\">\n<div class=\"wp-block-column is-vertically-aligned-top has-white-color-background-color has-background is-layout-flow wp-block-column-is-layout-flow\">\n<div class=\"wp-block-group has-lightblue-color-background-color has-background is-layout-flow wp-block-group-is-layout-flow\"><div class=\"wp-bootstrap-blocks-row row justify-content-end align-items-center\">\n\t\n\n<div class=\"col-12 col-md-4\">\n\t\t\t<div class=\"h-100 d-flex flex-column justify-content-center\">\n\t\t\t\n\n<figure class=\"wp-block-image alignright size-large\"><img loading=\"lazy\" decoding=\"async\" width=\"862\" height=\"1024\" src=\"https:\/\/www.vaud.ch\/app\/uploads\/2025\/07\/polaroid_Glacier3000-862x1024.png\" alt=\"\" class=\"wp-image-13594\" srcset=\"https:\/\/www.vaud.ch\/app\/uploads\/2025\/07\/polaroid_Glacier3000-862x1024.png 862w, https:\/\/www.vaud.ch\/app\/uploads\/2025\/07\/polaroid_Glacier3000-421x500.png 421w, https:\/\/www.vaud.ch\/app\/uploads\/2025\/07\/polaroid_Glacier3000-253x300.png 253w, https:\/\/www.vaud.ch\/app\/uploads\/2025\/07\/polaroid_Glacier3000-768x912.png 768w, https:\/\/www.vaud.ch\/app\/uploads\/2025\/07\/polaroid_Glacier3000.png 995w\" sizes=\"auto, (max-width: 862px) 100vw, 862px\" \/><\/figure>\n\n\t\t<\/div>\n\t<\/div>\n\n\n\n<div class=\"col-12 col-md-8\">\n\t\t\t\n\n<ul class=\"wp-block-list editor-list is-style-tags-list\">\n<li class=\"has-blue-color-color has-text-color has-link-color wp-elements-cc9fd6c6ae42ec647778341dae61858d\">Sport <\/li>\n\n\n\n<li class=\"has-blue-color-color has-text-color has-link-color wp-elements-89eb3e200a86da108ee6aa0ae8fc1b2c\">Kultur<\/li>\n\n\n\n<li class=\"has-blue-color-color has-text-color has-link-color wp-elements-04f4db2d45eb8210046ea996437f7333\">Inspiration<\/li>\n<\/ul>\n\n\n\n<h2 class=\"wp-block-heading has-blue-color-color has-text-color has-link-color wp-elements-32daea29e641818069aec952ad919129\" id=\"vallee-de-joux\"><mark style=\"background-color:rgba(0, 0, 0, 0)\" class=\"has-inline-color has-green-color-color\"><mark style=\"background-color:rgba(0, 0, 0, 0)\" class=\"has-inline-color has-green-color-color\">Glacier 3000<\/mark><\/mark><br>Das Dach der Waadtl\u00e4nder Alpen<\/h2>\n\n\n\n<p class=\"has-blue-color-color has-text-color has-link-color wp-elements-ad3aef97959426e3cfc4b4ed66577a17\">Erreichen Sie in wenigen Minuten 3000&nbsp;Meter \u00fcber Meer! Glacier 3000 bietet ein einmaliges Erlebnis: Im Sommer wie Winter gibt es hier eine Menge vielf\u00e4ltiger und atemberaubender Aktivit\u00e4ten.<\/p>\n\n\n\n\n\n<div class=\"wp-block-buttons is-layout-flex wp-block-buttons-is-layout-flex\">\n<div class=\"wp-block-button\" id=\"glacier\"><a class=\"wp-block-button__link has-green-color-background-color has-background has-text-align-center wp-element-button\" href=\"https:\/\/www.glacier3000.shop\/de\/forfait-ski\/billet-aller-retour\/?s=2024-11-26&amp;sk%5B1%5D%5Bcc%5D=ADULT&amp;dp=0\" target=\"_blank\" rel=\"noreferrer noopener\">Eine Aktivit\u00e4t reservieren<\/a><\/div>\n\n\n\n<div class=\"wp-block-button is-style-white-hover\"><a class=\"wp-block-button__link has-blue-color-background-color has-background wp-element-button\" href=\"https:\/\/www.glacier3000.ch\/de\/\" target=\"_blank\" rel=\"noreferrer noopener\">Website von Glacier 3000<\/a><\/div>\n<\/div>\n\n\n\n<p class=\"has-blue-color-color has-text-color has-link-color wp-elements-8dc95e80a4b6d3821ac9b0a2d583e573\"><\/p>\n\n\t<\/div>\n\n<\/div>\n<\/div>\n\n\n\n<div style=\"height:12px\" aria-hidden=\"true\" class=\"wp-block-spacer\"><\/div>\n<\/div>\n<\/div>\n<\/div>\n<\/div>\n\n\t<\/div>\n\n<\/div>\n\n\n<div class=\"wp-bootstrap-blocks-row row justify-content-center\">\n\t\n\n<div class=\"col-12\">\n\t\t\t\n\n<div class=\"wp-block-columns is-layout-flex wp-container-core-columns-is-layout-2edb0647 wp-block-columns-is-layout-flex\" style=\"margin-top:0;margin-bottom:0\">\n<div class=\"wp-block-column is-layout-flow wp-block-column-is-layout-flow\" style=\"padding-top:0;padding-right:var(--wp--preset--spacing--60);padding-bottom:0;padding-left:var(--wp--preset--spacing--60)\">\n<div class=\"wp-block-columns is-layout-flex wp-container-core-columns-is-layout-e098624a wp-block-columns-is-layout-flex\" style=\"margin-bottom:0;padding-top:0;padding-bottom:0\">\n<div class=\"wp-block-column is-vertically-aligned-top has-white-color-background-color has-background is-layout-flow wp-block-column-is-layout-flow\">\n<div class=\"wp-block-group has-lightblue-color-background-color has-background is-layout-flow wp-block-group-is-layout-flow\"><div class=\"wp-bootstrap-blocks-row row justify-content-end align-items-center\">\n\t\n\n<div class=\"col-12 col-md-4\">\n\t\t\t<div class=\"h-100 d-flex flex-column justify-content-center\">\n\t\t\t\n\n<figure class=\"wp-block-image alignright size-large\"><img loading=\"lazy\" decoding=\"async\" width=\"862\" height=\"1024\" src=\"https:\/\/www.vaud.ch\/app\/uploads\/2025\/07\/polaroid-cailler-862x1024.png\" alt=\"\" class=\"wp-image-13600\" srcset=\"https:\/\/www.vaud.ch\/app\/uploads\/2025\/07\/polaroid-cailler-862x1024.png 862w, https:\/\/www.vaud.ch\/app\/uploads\/2025\/07\/polaroid-cailler-421x500.png 421w, https:\/\/www.vaud.ch\/app\/uploads\/2025\/07\/polaroid-cailler-253x300.png 253w, https:\/\/www.vaud.ch\/app\/uploads\/2025\/07\/polaroid-cailler-768x912.png 768w, https:\/\/www.vaud.ch\/app\/uploads\/2025\/07\/polaroid-cailler.png 995w\" sizes=\"auto, (max-width: 862px) 100vw, 862px\" \/><\/figure>\n\n\t\t<\/div>\n\t<\/div>\n\n\n\n<div class=\"col-12 col-md-8\">\n\t\t\t\n\n<ul class=\"wp-block-list editor-list is-style-tags-list\">\n<li class=\"has-blue-color-color has-text-color has-link-color wp-elements-aa89e78c1de537d048bb3fa655c157d8\">Schokolade<\/li>\n\n\n\n<li class=\"has-blue-color-color has-text-color has-link-color wp-elements-89eb3e200a86da108ee6aa0ae8fc1b2c\">Kultur<\/li>\n\n\n\n<li class=\"has-blue-color-color has-text-color has-link-color wp-elements-000c55c750a8c2bc0175cb5bbae78c3e\">Museum<\/li>\n<\/ul>\n\n\n\n<h2 class=\"wp-block-heading has-blue-color-color has-text-color has-link-color wp-elements-5296ae22555680e24eeb5b987f70cf7c\" id=\"vallee-de-joux\"><mark style=\"background-color:rgba(0, 0, 0, 0)\" class=\"has-inline-color has-green-color-color\"><mark style=\"background-color:rgba(0, 0, 0, 0)\" class=\"has-inline-color has-green-color-color\">Das Maison Cailler<\/mark><\/mark><br>Die Geschichte der Schweizer Schokolade<\/h2>\n\n\n\n<p class=\"has-blue-color-color has-text-color has-link-color wp-elements-3d86db3e96ff54edbddfabb1169303c6\">Das Maison Cailler in Broc l\u00e4dt Sie zu einem interaktiven, genussvollen Besuch ein, um in die Geschichte der Schweizer Schokolade einzutauchen.<\/p>\n\n\n\n\n\n<div class=\"wp-block-buttons is-layout-flex wp-block-buttons-is-layout-flex\">\n<div class=\"wp-block-button\"><a class=\"wp-block-button__link has-green-color-background-color has-background has-text-align-center wp-element-button\" href=\"https:\/\/boutique.cailler.ch\/content?lang=de\" target=\"_blank\" rel=\"noreferrer noopener\">Eine Aktivit\u00e4t reservieren<\/a><\/div>\n\n\n\n<div class=\"wp-block-button is-style-white-hover\"><a class=\"wp-block-button__link has-blue-color-background-color has-background wp-element-button\" href=\"https:\/\/www.cailler.ch\/de\/cailler-erlebnisse\" target=\"_blank\" rel=\"noreferrer noopener\">Website des Maison Cailler<\/a><\/div>\n<\/div>\n\n\n\n<p class=\"has-blue-color-color has-text-color has-link-color wp-elements-8dc95e80a4b6d3821ac9b0a2d583e573\"><\/p>\n\n\t<\/div>\n\n<\/div>\n<\/div>\n\n\n\n<div style=\"height:12px\" aria-hidden=\"true\" class=\"wp-block-spacer\"><\/div>\n<\/div>\n<\/div>\n<\/div>\n<\/div>\n\n\t<\/div>\n\n<\/div>\n\n\n<div class=\"wp-bootstrap-blocks-row row justify-content-center\">\n\t\n\n<div class=\"col-12\">\n\t\t\t\n\n<div class=\"wp-block-columns is-layout-flex wp-container-core-columns-is-layout-2edb0647 wp-block-columns-is-layout-flex\" style=\"margin-top:0;margin-bottom:0\">\n<div class=\"wp-block-column is-layout-flow wp-block-column-is-layout-flow\" style=\"padding-top:0;padding-right:var(--wp--preset--spacing--60);padding-bottom:0;padding-left:var(--wp--preset--spacing--60)\">\n<div class=\"wp-block-columns is-layout-flex wp-container-core-columns-is-layout-e098624a wp-block-columns-is-layout-flex\" style=\"margin-bottom:0;padding-top:0;padding-bottom:0\">\n<div class=\"wp-block-column is-vertically-aligned-top has-white-color-background-color has-background is-layout-flow wp-block-column-is-layout-flow\">\n<div class=\"wp-block-group has-lightblue-color-background-color has-background is-layout-flow wp-block-group-is-layout-flow\"><div class=\"wp-bootstrap-blocks-row row justify-content-end align-items-center\">\n\t\n\n<div class=\"col-12 col-md-4\">\n\t\t\t<div class=\"h-100 d-flex flex-column justify-content-center\">\n\t\t\t\n\n<figure class=\"wp-block-image alignright size-large\"><img loading=\"lazy\" decoding=\"async\" width=\"862\" height=\"1024\" src=\"https:\/\/www.vaud.ch\/app\/uploads\/2025\/08\/polaroid_finaux_D_3-862x1024.png\" alt=\"\" class=\"wp-image-14833\" srcset=\"https:\/\/www.vaud.ch\/app\/uploads\/2025\/08\/polaroid_finaux_D_3-862x1024.png 862w, https:\/\/www.vaud.ch\/app\/uploads\/2025\/08\/polaroid_finaux_D_3-253x300.png 253w, https:\/\/www.vaud.ch\/app\/uploads\/2025\/08\/polaroid_finaux_D_3-768x912.png 768w, https:\/\/www.vaud.ch\/app\/uploads\/2025\/08\/polaroid_finaux_D_3.png 995w\" sizes=\"auto, (max-width: 862px) 100vw, 862px\" \/><\/figure>\n\n\t\t<\/div>\n\t<\/div>\n\n\n\n<div class=\"col-12 col-md-8\">\n\t\t\t\n\n<ul class=\"wp-block-list editor-list is-style-tags-list\">\n<li class=\"has-blue-color-color has-text-color has-link-color wp-elements-bdde2f255aa7e537f51ebffeb5abd3f8\">Panorama<\/li>\n\n\n\n<li class=\"has-blue-color-color has-text-color has-link-color wp-elements-65f4453174601d2acc8e8574c52297bb\">Authentizit\u00e4t<\/li>\n\n\n\n<li class=\"has-blue-color-color has-text-color has-link-color wp-elements-de430bd0d4cf2e840dcf498d93d01fef\">Transport<\/li>\n<\/ul>\n\n\n\n<h2 class=\"wp-block-heading has-blue-color-color has-text-color has-link-color wp-elements-f5e290cf3d6a76f9442cc114a8cd1d23\" id=\"vallee-de-joux\"><mark style=\"background-color:rgba(0, 0, 0, 0)\" class=\"has-inline-color has-green-color-color\"><mark style=\"background-color:rgba(0, 0, 0, 0)\" class=\"has-inline-color has-green-color-color\">MOB<\/mark><\/mark> <mark style=\"background-color:rgba(0, 0, 0, 0)\" class=\"has-inline-color has-green-color-color\">&#8211; GOLDENPASS<\/mark><br>PANORAMAFAHRT ZWISCHEN MONTREUX UND INTERLAKEN<\/h2>\n\n\n\n<p class=\"has-blue-color-color has-text-color has-link-color wp-elements-5feb67c937a047bf310a3bce883fbcaf\">Besteigen Sie in den GoldenPass Express und erleben Sie eine faszinierende Reise zwischen Seen und Bergen.<\/p>\n\n\n\n\n\n<div class=\"wp-block-buttons is-layout-flex wp-block-buttons-is-layout-flex\">\n<div class=\"wp-block-button\"><a class=\"wp-block-button__link has-green-color-background-color has-background has-text-align-center wp-element-button\" href=\"https:\/\/www.gpx.swiss\/de\/pages\/buchen-gpx\" target=\"_blank\" rel=\"noreferrer noopener\">Ein Ticket reservieren<\/a><\/div>\n\n\n\n<div class=\"wp-block-button is-style-white-hover\"><a class=\"wp-block-button__link has-blue-color-background-color has-background wp-element-button\" href=\"https:\/\/www.gpx.swiss\/de\/\" target=\"_blank\" rel=\"noreferrer noopener\">Website der MOB &#8211; GoldenPass<\/a><\/div>\n<\/div>\n\n\n\n<p class=\"has-blue-color-color has-text-color has-link-color wp-elements-8dc95e80a4b6d3821ac9b0a2d583e573\"><\/p>\n\n\t<\/div>\n\n<\/div>\n<\/div>\n\n\n\n<div style=\"height:12px\" aria-hidden=\"true\" class=\"wp-block-spacer\"><\/div>\n<\/div>\n<\/div>\n<\/div>\n<\/div>\n\n\t<\/div>\n\n<\/div>\n\n\n<div class=\"wp-bootstrap-blocks-row row justify-content-center\">\n\t\n\n<div class=\"col-12\">\n\t\t\t\n\n<div class=\"wp-block-columns is-layout-flex wp-container-core-columns-is-layout-2edb0647 wp-block-columns-is-layout-flex\" style=\"margin-top:0;margin-bottom:0\">\n<div class=\"wp-block-column is-layout-flow wp-block-column-is-layout-flow\" style=\"padding-top:0;padding-right:var(--wp--preset--spacing--60);padding-bottom:0;padding-left:var(--wp--preset--spacing--60)\">\n<div class=\"wp-block-columns is-layout-flex wp-container-core-columns-is-layout-e098624a wp-block-columns-is-layout-flex\" style=\"margin-bottom:0;padding-top:0;padding-bottom:0\">\n<div class=\"wp-block-column is-vertically-aligned-top has-white-color-background-color has-background is-layout-flow wp-block-column-is-layout-flow\">\n<div id=\"MO\" class=\"wp-block-group has-lightblue-color-background-color has-background is-layout-flow wp-block-group-is-layout-flow\"><div class=\"wp-bootstrap-blocks-row row justify-content-end align-items-center\">\n\t\n\n<div class=\"col-12 col-md-4\">\n\t\t\t<div class=\"h-100 d-flex flex-column justify-content-center\">\n\t\t\t\n\n<figure class=\"wp-block-image alignright size-large\"><img loading=\"lazy\" decoding=\"async\" width=\"862\" height=\"1024\" src=\"https:\/\/www.vaud.ch\/app\/uploads\/2025\/08\/polaroid_finaux_D-02-1-862x1024.png\" alt=\"\" class=\"wp-image-14634\" srcset=\"https:\/\/www.vaud.ch\/app\/uploads\/2025\/08\/polaroid_finaux_D-02-1-862x1024.png 862w, https:\/\/www.vaud.ch\/app\/uploads\/2025\/08\/polaroid_finaux_D-02-1-253x300.png 253w, https:\/\/www.vaud.ch\/app\/uploads\/2025\/08\/polaroid_finaux_D-02-1-768x912.png 768w, https:\/\/www.vaud.ch\/app\/uploads\/2025\/08\/polaroid_finaux_D-02-1.png 995w\" sizes=\"auto, (max-width: 862px) 100vw, 862px\" \/><\/figure>\n\n\t\t<\/div>\n\t<\/div>\n\n\n\n<div class=\"col-12 col-md-8\">\n\t\t\t\n\n<ul class=\"wp-block-list editor-list is-style-tags-list\">\n<li class=\"has-blue-color-color has-text-color has-link-color wp-elements-cc9fd6c6ae42ec647778341dae61858d\">Sport <\/li>\n\n\n\n<li class=\"has-blue-color-color has-text-color has-link-color wp-elements-89eb3e200a86da108ee6aa0ae8fc1b2c\">Kultur<\/li>\n\n\n\n<li class=\"has-blue-color-color has-text-color has-link-color wp-elements-04f4db2d45eb8210046ea996437f7333\">Inspiration<\/li>\n<\/ul>\n\n\n\n<h2 class=\"wp-block-heading has-blue-color-color has-text-color has-link-color wp-elements-3043cd3e9c60446e01e6e7986bb3fdbb\" id=\"vallee-de-joux\"><mark style=\"background-color:rgba(0, 0, 0, 0)\" class=\"has-inline-color has-green-color-color\"><mark style=\"background-color:rgba(0, 0, 0, 0)\" class=\"has-inline-color has-green-color-color\">Olympisches Museum<\/mark><\/mark><br>Der Geist der Spiele<\/h2>\n\n\n\n<p class=\"has-blue-color-color has-text-color has-link-color wp-elements-8fb0c2f4bc45cf075f4f8509ac9901fc\">In Lausanne l\u00e4sst Sie das Olympische Museum die Spitzenleistungen der gr\u00f6ssten Athleten nacherleben. Dank \u00fcber 1500 Ausstellungsobjekten, immersiven Videos und interaktiven Installationen k\u00f6nnen Sie die Emotionen der Olympischen Spiele hautnah erfahren.<\/p>\n\n\n\n\n\n<div class=\"wp-block-buttons is-layout-flex wp-block-buttons-is-layout-flex\">\n<div class=\"wp-block-button\"><a class=\"wp-block-button__link has-green-color-background-color has-background has-text-align-center wp-element-button\" href=\"https:\/\/museumshop.olympics.com\/list\/partnerAdvantage?code=HLGR25&amp;lang=de\" target=\"_blank\" rel=\"noreferrer noopener\">Eine Aktivit\u00e4t reservieren<\/a><\/div>\n\n\n\n<div class=\"wp-block-button\"><a class=\"wp-block-button__link wp-element-button\" href=\"https:\/\/www.olympics.com\/olympisches-museum\" target=\"_blank\" rel=\"noreferrer noopener\">Website des Olympischen Museums<\/a><\/div>\n<\/div>\n\n\n\n<p class=\"has-blue-color-color has-text-color has-link-color wp-elements-8dc95e80a4b6d3821ac9b0a2d583e573\"><\/p>\n\n\t<\/div>\n\n<\/div>\n<\/div>\n\n\n\n<div style=\"height:12px\" aria-hidden=\"true\" class=\"wp-block-spacer\"><\/div>\n<\/div>\n<\/div>\n<\/div>\n<\/div>\n\n\t<\/div>\n\n<\/div>\n\n\n\n<div class=\"wp-block-group is-style-section has-white-color-color has-blue-color-background-color has-text-color has-background has-link-color wp-elements-9c043be31d65fff36b6c4bc7462792ea is-layout-flow wp-block-group-is-layout-flow\" style=\"padding-top:var(--wp--preset--spacing--80);padding-bottom:var(--wp--preset--spacing--80)\">\n    <div class=\"post-list-arrows cta-title\">\n                    <h2>Entdecken Sie weitere Ideen f\u00fcr Aktivit\u00e4ten im Kanton <\/h2>\n                <div class=\"arrows\">\n            <div class=\" prev-arrow\">\n                <img decoding=\"async\" src=\"https:\/\/www.vaud.ch\/app\/themes\/child\/assets\/images\/system-outline-161-trending-flat.svg\" alt=\"\" class=\"skip-lazy\">\n            <\/div>\n            <div class=\"next-arrow\">\n                <img decoding=\"async\" src=\"https:\/\/www.vaud.ch\/app\/themes\/child\/assets\/images\/system-outline-161-trending-flat.svg\" alt=\"\" class=\"skip-lazy\">\n            <\/div>\n        <\/div>\n\n    <\/div>\n    <div class=\"call-to-action  row  \"  style=\"margin-top:0;margin-bottom:0;\">\n                        <div class=\"col-md-3\">\n                                            <a class=\"cta-item \" href=\"https:\/\/www.vaud.ch\/de\/tourismus\/veranstaltungen\/\" target=\"_blank\">\n                                                                                    <img data-lazy=\"https:\/\/www.vaud.ch\/app\/uploads\/2023\/08\/MJF_Vaudplus_Ambassadeur.jpg\" alt=\"Agenda und Veranstaltungen\" class=\"skip-lazy\">\n                                                        <span class=\"text\">Agenda und Veranstaltungen<\/span>\n                            <span class=\"read-more\">Mehr lesen<\/span>\n                                                    <\/a>\n                        <\/div>\n                <div class=\"col-md-3\">\n                                            <a class=\"cta-item \" href=\"https:\/\/www.vaud.ch\/de\/blueten-des-genfersees\/\" target=\"_blank\">\n                                                                                    <img data-lazy=\"https:\/\/www.vaud.ch\/app\/uploads\/2025\/03\/Tulipes-Morges-1-750x500.jpg\" alt=\"Bl\u00fcten des Genfersees\" class=\"skip-lazy\">\n                                                        <span class=\"text\">Bl\u00fcten des Genfersees<\/span>\n                            <span class=\"read-more\">Mehr lesen<\/span>\n                                                    <\/a>\n                        <\/div>\n                <div class=\"col-md-3\">\n                                            <a class=\"cta-item \" href=\"https:\/\/www.vaud.ch\/de\/tourismus\/sport\/gravel\/\" target=\"_self\">\n                                                                                    <img data-lazy=\"https:\/\/www.vaud.ch\/app\/uploads\/2025\/04\/IMG_6317-333x500.jpg\" alt=\"Gravelbiken\" class=\"skip-lazy\">\n                                                        <span class=\"text\">Gravelbiken<\/span>\n                            <span class=\"read-more\">Mehr lesen<\/span>\n                                                    <\/a>\n                        <\/div>\n                <div class=\"col-md-3\">\n                                            <a class=\"cta-item \" href=\"https:\/\/www.vaud.ch\/de\/weintourismus-kanton-waadt\/\" target=\"_self\">\n                                                                                    <img data-lazy=\"https:\/\/www.vaud.ch\/app\/uploads\/2025\/04\/2V0A1749-e1744624443256.jpg\" alt=\"Weintourismus\" class=\"skip-lazy\">\n                                                        <span class=\"text\">Weintourismus<\/span>\n                            <span class=\"read-more\">Mehr lesen<\/span>\n                                                    <\/a>\n                        <\/div>\n<\/div>\n\n<\/div>\n","protected":false},"excerpt":{"rendered":"","protected":false},"author":7,"featured_media":0,"parent":2452,"menu_order":0,"comment_status":"closed","ping_status":"closed","template":"","meta":{"_acf_changed":false,"footnotes":""},"class_list":["post-13874","page","type-page","status-publish","hentry"],"acf":[],"aioseo_notices":[],"_links":{"self":[{"href":"https:\/\/www.vaud.ch\/de\/wp-json\/wp\/v2\/pages\/13874","targetHints":{"allow":["GET"]}}],"collection":[{"href":"https:\/\/www.vaud.ch\/de\/wp-json\/wp\/v2\/pages"}],"about":[{"href":"https:\/\/www.vaud.ch\/de\/wp-json\/wp\/v2\/types\/page"}],"author":[{"embeddable":true,"href":"https:\/\/www.vaud.ch\/de\/wp-json\/wp\/v2\/users\/7"}],"replies":[{"embeddable":true,"href":"https:\/\/www.vaud.ch\/de\/wp-json\/wp\/v2\/comments?post=13874"}],"version-history":[{"count":36,"href":"https:\/\/www.vaud.ch\/de\/wp-json\/wp\/v2\/pages\/13874\/revisions"}],"predecessor-version":[{"id":19501,"href":"https:\/\/www.vaud.ch\/de\/wp-json\/wp\/v2\/pages\/13874\/revisions\/19501"}],"up":[{"embeddable":true,"href":"https:\/\/www.vaud.ch\/de\/wp-json\/wp\/v2\/pages\/2452"}],"wp:attachment":[{"href":"https:\/\/www.vaud.ch\/de\/wp-json\/wp\/v2\/media?parent=13874"}],"curies":[{"name":"wp","href":"https:\/\/api.w.org\/{rel}","templated":true}]}}