{"id":14673,"date":"2025-09-05T14:43:05","date_gmt":"2025-09-05T12:43:05","guid":{"rendered":"https:\/\/www.vaud.ch\/?page_id=14673"},"modified":"2026-01-27T09:11:17","modified_gmt":"2026-01-27T08:11:17","slug":"gastronomie","status":"publish","type":"page","link":"https:\/\/www.vaud.ch\/de\/tourismus\/gastronomie\/","title":{"rendered":"Waadtl\u00e4ndische Gastronomie"},"content":{"rendered":"\n<div class=\"wp-block-group is-style-section is-layout-constrained wp-block-group-is-layout-constrained\">\n<div class=\"wp-block-columns is-layout-flex wp-container-core-columns-is-layout-9d6595d7 wp-block-columns-is-layout-flex\">\n<div class=\"wp-block-column is-layout-flow wp-block-column-is-layout-flow\">\n<h2 class=\"wp-block-heading has-text-align-left\">Authentischer Genuss beginnt hier<\/h2>\n\n\n\n<p>Im Herzen des Kantons Waadt erwartet Sie eine Gastronomie, die einem aussergew\u00f6hnlichen Terroir zu verdanken ist. K\u00f6stliche K\u00e4se, raffinierte Weine und saisonale Produkte bieten Ihnen Zugang zu einer reichen Natur, die sich passionierte Produzenten und Gastwirte zunutze machen.<\/p>\n<\/div>\n\n\n\n<div class=\"wp-block-column is-vertically-aligned-top is-layout-flow wp-block-column-is-layout-flow\">\n<figure class=\"wp-block-video\"><video height=\"2160\" style=\"aspect-ratio: 3840 \/ 2160;\" width=\"3840\" controls src=\"https:\/\/www.vaud.ch\/app\/uploads\/2025\/09\/VP_TEASER_Fall_MASTER_16X9_DE.mp4\"><\/video><\/figure>\n<\/div>\n<\/div>\n\n\n\n<div style=\"height:12px\" aria-hidden=\"true\" class=\"wp-block-spacer\"><\/div>\n\n\n\n<h2 class=\"wp-block-heading\">Von Gourmet-Tischen bis hin zu traditionellen Restaurants<\/h2>\n\n\n\n        <div class=\"gallery \"  style=\"\">\n            <div class=\"lightgallery row\">\n                                            <div class=\"grid-item col-6\" data-src=\"https:\/\/www.vaud.ch\/app\/uploads\/2025\/12\/EHL-cuisine.jpg\" data-sub-html=\"Cuisine du restaurant gastronomique Le Berceau des Sens a l'Ecole hoteliere de Lausanne (EHL).\">\n                                <a href=\"\" class=\"gallery-item\">\n                                    <img loading=\"lazy\" decoding=\"async\" width=\"2048\" height=\"1365\" src=\"https:\/\/www.vaud.ch\/app\/uploads\/2025\/12\/EHL-cuisine.jpg\" class=\"skip-lazy\" alt=\"\" srcset=\"https:\/\/www.vaud.ch\/app\/uploads\/2025\/12\/EHL-cuisine.jpg 2048w, https:\/\/www.vaud.ch\/app\/uploads\/2025\/12\/EHL-cuisine-300x200.jpg 300w, https:\/\/www.vaud.ch\/app\/uploads\/2025\/12\/EHL-cuisine-1024x683.jpg 1024w, https:\/\/www.vaud.ch\/app\/uploads\/2025\/12\/EHL-cuisine-768x512.jpg 768w, https:\/\/www.vaud.ch\/app\/uploads\/2025\/12\/EHL-cuisine-1536x1024.jpg 1536w\" sizes=\"auto, (max-width: 2048px) 100vw, 2048px\" \/>                                    <div class=\"gallery-overlay with-icon\">\n                                        <lord-icon src=\"https:\/\/cdn.lordicon.com\/fqfpkgja.json\" target=\".gallery-overlay\" trigger=\"hover\" colors=\"primary:#ffffff\" style=\"width:100px;height:100px\">\n                                        <\/lord-icon>\n                                    <\/div>\n                                <\/a>\n                            <\/div>\n                        \n                                                                <div class=\"grid-item col-6\" data-src=\"https:\/\/www.vaud.ch\/app\/uploads\/2025\/12\/Papet-vaudois-scaled.jpg\" data-sub-html=\"Assiette de Papet vaudois specialite  vaudoise\">\n                                <a href=\"\" class=\"gallery-item\">\n                                    <img loading=\"lazy\" decoding=\"async\" width=\"2560\" height=\"1698\" src=\"https:\/\/www.vaud.ch\/app\/uploads\/2025\/12\/Papet-vaudois-scaled.jpg\" class=\"skip-lazy\" alt=\"\" srcset=\"https:\/\/www.vaud.ch\/app\/uploads\/2025\/12\/Papet-vaudois-scaled.jpg 2560w, https:\/\/www.vaud.ch\/app\/uploads\/2025\/12\/Papet-vaudois-300x199.jpg 300w, https:\/\/www.vaud.ch\/app\/uploads\/2025\/12\/Papet-vaudois-1024x679.jpg 1024w, https:\/\/www.vaud.ch\/app\/uploads\/2025\/12\/Papet-vaudois-768x509.jpg 768w, https:\/\/www.vaud.ch\/app\/uploads\/2025\/12\/Papet-vaudois-1536x1019.jpg 1536w, https:\/\/www.vaud.ch\/app\/uploads\/2025\/12\/Papet-vaudois-2048x1359.jpg 2048w\" sizes=\"auto, (max-width: 2560px) 100vw, 2560px\" \/>                                    <div class=\"gallery-overlay with-icon\">\n                                        <lord-icon src=\"https:\/\/cdn.lordicon.com\/fqfpkgja.json\" target=\".gallery-overlay\" trigger=\"hover\" colors=\"primary:#ffffff\" style=\"width:100px;height:100px\">\n                                        <\/lord-icon>\n                                    <\/div>\n                                <\/a>\n                            <\/div>\n                        \n                                                <\/div>\n        <\/div>\n\n\n\n<div class=\"wp-block-columns is-layout-flex wp-container-core-columns-is-layout-9d6595d7 wp-block-columns-is-layout-flex\">\n<div class=\"wp-block-column is-layout-flow wp-block-column-is-layout-flow\">\n<p>Ganz gleich ob Feinschmecker- oder klassisches Restaurant, das Wichtigste ist, den Gaumen zu erfreuen! Die Feinschmecker des Kantons Waadt k\u00f6nnten diesen Satz zu ihrem Motto machen, denn lokale Spezialit\u00e4ten begeistern sie ebenso wie die von Sternek\u00f6chen zubereiteten K\u00f6stlichkeiten.<\/p>\n\n\n\n<p>Ebenso lecker kann man in den typischen Waadtl\u00e4nder Pinten essen, die in einem einzigartigen Ambiente regionale Spezialit\u00e4ten servieren: Waadtl\u00e4nder Wurst, Lauch-Kartoffeleintopf Papet, Kabiswurst, Vacherin Mont-d\u2019Or AOP aus dem Ofen, S\u00fcsswasserfische aus den Seen usw. Nicht zu vergessen die traditionellen Fondues und andere K\u00e4sespezialit\u00e4ten, die am besten schmecken, wenn man sie vor einem atemberaubenden Alpenpanorama oder in einer Alph\u00fctte geniesst.<\/p>\n<\/div>\n<\/div>\n\n\n\n<div style=\"height:12px\" aria-hidden=\"true\" class=\"wp-block-spacer\"><\/div>\n\n\n\n<div class=\"wp-block-columns has-white-color-color has-green-color-background-color has-text-color has-background has-link-color wp-elements-2d698cc5aca656f7d561bf3a7d8682b6 is-layout-flex wp-container-core-columns-is-layout-9d6595d7 wp-block-columns-is-layout-flex\">\n<div class=\"wp-block-column is-layout-flow wp-block-column-is-layout-flow\">\n<div style=\"height:25px\" aria-hidden=\"true\" class=\"wp-block-spacer\"><\/div>\n\n\n\n<h2 class=\"wp-block-heading has-white-color-color has-text-color has-link-color wp-elements-68353509f0f3150c146437414f7c9e93\">Die Waadtl\u00e4nder Gastronomie durch einzigartige Erlebnisse<\/h2>\n\n\n\n<p class=\"has-white-color-color has-text-color has-link-color wp-elements-86ca46c03e5dc772121be3804a129a1c\">Geniessen Sie den Reichtum des Waadtlandes durch einzigartige Erlebnisse: Weintourismus mit Verkostungen und Kellerbesichtigungen, Agrotourismus, um die Region im Rhythmus der Jahreszeiten zu entdecken, und zertifizierte Produkte, die Authentizit\u00e4t und Qualit\u00e4t garantieren.<\/p>\n\n\n\n<div style=\"height:25px\" aria-hidden=\"true\" class=\"wp-block-spacer\"><\/div>\n\n\n\n<div class=\"wp-block-columns is-layout-flex wp-container-core-columns-is-layout-9d6595d7 wp-block-columns-is-layout-flex\">\n<div class=\"wp-block-column is-layout-flow wp-block-column-is-layout-flow\">\n<h3 class=\"wp-block-heading has-text-align-center has-white-color-color has-text-color has-link-color wp-elements-072478aeb8cdb8dbcef4449e9f3f50d9\">Restaurants<\/h3>\n\n\n\n<figure class=\"wp-block-image size-full\"><img loading=\"lazy\" decoding=\"async\" width=\"1600\" height=\"1063\" src=\"https:\/\/www.vaud.ch\/app\/uploads\/2025\/12\/Chexbres-DSF0083.jpg\" alt=\"\" class=\"wp-image-18596\" srcset=\"https:\/\/www.vaud.ch\/app\/uploads\/2025\/12\/Chexbres-DSF0083.jpg 1600w, https:\/\/www.vaud.ch\/app\/uploads\/2025\/12\/Chexbres-DSF0083-300x199.jpg 300w, https:\/\/www.vaud.ch\/app\/uploads\/2025\/12\/Chexbres-DSF0083-768x510.jpg 768w, https:\/\/www.vaud.ch\/app\/uploads\/2025\/12\/Chexbres-DSF0083-1024x680.jpg 1024w, https:\/\/www.vaud.ch\/app\/uploads\/2025\/12\/Chexbres-DSF0083-1536x1020.jpg 1536w, https:\/\/www.vaud.ch\/app\/uploads\/2025\/12\/Chexbres-DSF0083-753x500.jpg 753w\" sizes=\"auto, (max-width: 1600px) 100vw, 1600px\" \/><figcaption class=\"wp-element-caption\">Blick auf die Terrasse des Baron Tavernier in Chexbres, die Weinberge, den See und die Alpen<\/figcaption><\/figure>\n\n\n\n<p class=\"has-text-align-center\">Zwischen eleganten Terrassen, Almh\u00fctten und Lokalen mit urbanem Design bietet der Kanton Waadt eine einzigartige Palette an Geschmackserlebnissen.<\/p>\n\n\n\n<div class=\"wp-block-buttons is-content-justification-center is-layout-flex wp-container-core-buttons-is-layout-16018d1d wp-block-buttons-is-layout-flex\">\n<div class=\"wp-block-button\"><a class=\"wp-block-button__link wp-element-button\" href=\"https:\/\/www.vaud.ch\/de\/tourismus\/gastronomie\/restaurant-adressen\/\">Unsere Auswahl entdecken<\/a><\/div>\n<\/div>\n<\/div>\n\n\n\n<div class=\"wp-block-column is-layout-flow wp-block-column-is-layout-flow\">\n<h3 class=\"wp-block-heading has-text-align-center has-white-color-color has-text-color has-link-color wp-elements-0c403ce8bc2d60c5ce5c5e17e9959ca6\">Weintourismus<\/h3>\n\n\n\n<figure class=\"wp-block-image size-full\"><img loading=\"lazy\" decoding=\"async\" width=\"2560\" height=\"1707\" src=\"https:\/\/www.vaud.ch\/app\/uploads\/2025\/12\/Maison-des-Vins-de-La-Cote-3-scaled.jpg\" alt=\"\" class=\"wp-image-18262\" srcset=\"https:\/\/www.vaud.ch\/app\/uploads\/2025\/12\/Maison-des-Vins-de-La-Cote-3-scaled.jpg 2560w, https:\/\/www.vaud.ch\/app\/uploads\/2025\/12\/Maison-des-Vins-de-La-Cote-3-scaled-300x200.jpg 300w, https:\/\/www.vaud.ch\/app\/uploads\/2025\/12\/Maison-des-Vins-de-La-Cote-3-scaled-768x512.jpg 768w, https:\/\/www.vaud.ch\/app\/uploads\/2025\/12\/Maison-des-Vins-de-La-Cote-3-scaled-1024x683.jpg 1024w, https:\/\/www.vaud.ch\/app\/uploads\/2025\/12\/Maison-des-Vins-de-La-Cote-3-scaled-1536x1024.jpg 1536w, https:\/\/www.vaud.ch\/app\/uploads\/2025\/12\/Maison-des-Vins-de-La-Cote-3-scaled-2048x1366.jpg 2048w, https:\/\/www.vaud.ch\/app\/uploads\/2025\/12\/Maison-des-Vins-de-La-Cote-3-scaled-750x500.jpg 750w\" sizes=\"auto, (max-width: 2560px) 100vw, 2560px\" \/><figcaption class=\"wp-element-caption\">Maison des Vins de La C\u00f4te<\/figcaption><\/figure>\n\n\n\n<p class=\"has-text-align-center\">Ateliers, Besichtigungen und gesellige Momente rund um den Wein, um den Reichtum der Waadtl\u00e4nder Weinberge auf eine andere Art zu entdecken.<\/p>\n\n\n\n<div class=\"wp-block-buttons is-content-justification-center is-layout-flex wp-container-core-buttons-is-layout-16018d1d wp-block-buttons-is-layout-flex\">\n<div class=\"wp-block-button\"><a class=\"wp-block-button__link wp-element-button\" href=\"https:\/\/www.vaud.ch\/de\/tourismus\/weintourismus\/\">Unsere Angebote entdecken<\/a><\/div>\n<\/div>\n<\/div>\n\n\n\n<div class=\"wp-block-column is-layout-flow wp-block-column-is-layout-flow\">\n<h3 class=\"wp-block-heading has-text-align-center has-white-color-color has-text-color has-link-color wp-elements-e2e5bca02788cb683ea523c7c279fbbe\">Agrotourismus<\/h3>\n\n\n\n<figure class=\"wp-block-image size-full\"><img loading=\"lazy\" decoding=\"async\" width=\"2560\" height=\"1707\" src=\"https:\/\/www.vaud.ch\/app\/uploads\/2025\/12\/Alpage-Bassine-\u00a9-CREATIVES-MRT-PDRA-13-scaled.jpg\" alt=\"\" class=\"wp-image-18265\" srcset=\"https:\/\/www.vaud.ch\/app\/uploads\/2025\/12\/Alpage-Bassine-\u00a9-CREATIVES-MRT-PDRA-13-scaled.jpg 2560w, https:\/\/www.vaud.ch\/app\/uploads\/2025\/12\/Alpage-Bassine-\u00a9-CREATIVES-MRT-PDRA-13-scaled-300x200.jpg 300w, https:\/\/www.vaud.ch\/app\/uploads\/2025\/12\/Alpage-Bassine-\u00a9-CREATIVES-MRT-PDRA-13-scaled-768x512.jpg 768w, https:\/\/www.vaud.ch\/app\/uploads\/2025\/12\/Alpage-Bassine-\u00a9-CREATIVES-MRT-PDRA-13-scaled-1024x683.jpg 1024w, https:\/\/www.vaud.ch\/app\/uploads\/2025\/12\/Alpage-Bassine-\u00a9-CREATIVES-MRT-PDRA-13-scaled-1536x1024.jpg 1536w, https:\/\/www.vaud.ch\/app\/uploads\/2025\/12\/Alpage-Bassine-\u00a9-CREATIVES-MRT-PDRA-13-scaled-2048x1366.jpg 2048w, https:\/\/www.vaud.ch\/app\/uploads\/2025\/12\/Alpage-Bassine-\u00a9-CREATIVES-MRT-PDRA-13-scaled-750x500.jpg 750w\" sizes=\"auto, (max-width: 2560px) 100vw, 2560px\" \/><\/figure>\n\n\n\n<p class=\"has-text-align-center has-white-color-color has-text-color has-link-color wp-elements-efe4046ac4686bf495ae446b5987b899\">Produkte aus der Erde, mit Sorgfalt und Respekt vor den Jahreszeiten angebaut, f\u00fcr authentische Erlebnisse.<\/p>\n\n\n\n<div class=\"wp-block-buttons is-content-justification-center is-layout-flex wp-container-core-buttons-is-layout-16018d1d wp-block-buttons-is-layout-flex\">\n<div class=\"wp-block-button\"><a class=\"wp-block-button__link wp-element-button\" href=\"https:\/\/www.vaud.ch\/de\/tourismus\/agritourismus\">Unsere Angebote entdecken<\/a><\/div>\n<\/div>\n<\/div>\n<\/div>\n<\/div>\n<\/div>\n<\/div>\n\n\n\n<div style=\"height:20px\" aria-hidden=\"true\" class=\"wp-block-spacer\"><\/div>\n\n\n\n<div class=\"wp-block-group is-style-section has-lightblue-color-full-background-color has-background is-layout-constrained wp-block-group-is-layout-constrained\">\n<h2 class=\"wp-block-heading has-text-align-center\">Verpassen Sie keine gastronomischen Events<\/h2>\n\n\n\n<div style=\"height:50px\" aria-hidden=\"true\" class=\"wp-block-spacer\"><\/div>\n\n\n    <div class=\"events-list-outer posts-list-map \"  style=\"\" data-max-post=\"4\" data-type=\"events\" data-lang=\"de\">\n        <div class=\"row\">\n            <div class=\"col-lg-5\">\n                <div class=\"filter-outer\">\n                    <div class=\"filters-tools v2 show\">\n                        <span class=\"total\">\n                            <span class=\"number\">36<\/span>\n                            Ergebnisse                        <\/span>\n                        <a href=\"#\" class=\"reset-filters with-icon d-none\">\n                            Filter zur\u00fccksetzen                            <lord-icon src=\"https:\/\/cdn.lordicon.com\/ebyacdql.json\" target=\".reset-filters\" trigger=\"hover\" colors=\"primary:#0A4069\" style=\"width:24px;height:24px\"><\/lord-icon>\n                        <\/a>\n                        <lord-icon src=\"https:\/\/cdn.lordicon.com\/gkryirhd.json\" class=\"loading-icon\" trigger=\"loop\" state=\"loop-snake\" colors=\"primary:#0a4069\" style=\"width:30px;height:30px\"><\/lord-icon>\n                    <\/div>\n                    <div class=\"mobile-filters-btn with-icon\">\n                        <span class=\"icon\">\n                            <lord-icon src=\"https:\/\/cdn.lordicon.com\/qhybrhfg.json\" target=\".mobile-filters-btn\" trigger=\"hover\" colors=\"primary:#0A4069\" state=\"hover\" style=\"width:26px;height:26px\"><\/lord-icon>\n                        <\/span>\n                        Filter                    <\/div>\n                    <div class=\"filter-inner\">\n                        <div class=\"filters v2\">\n                                                            <div class=\"filter-input search-input with-icon\">\n                                    <input type=\"text\" class=\"search\" placeholder=\"Suche\" value=\"\">\n                                    <lord-icon src=\"https:\/\/cdn.lordicon.com\/xaekjsls.json\" target=\".filter-input\" trigger=\"hover\" colors=\"primary:#0A4069\" style=\"width:30px;height:30px\"><\/lord-icon>\n                                <\/div>\n                                <div class=\"daterangepicker-input with-icon\">\n                                    <input type=\"text\" id=\"datepicker\" autocomplete=\"off\" class=\"datepicker\" placeholder=\"Daten\" value=\"\">\n                                    <lord-icon src=\"https:\/\/cdn.lordicon.com\/qjuahhae.json\" target=\".daterangepicker-input\" trigger=\"hover\" colors=\"primary:#0A4069\" style=\"width:30px;height:30px\"><\/lord-icon>\n                                    <button type=\"button\" class=\"datepicker-reset\" style=\"display: none;\">\n                                        <i class=\"fal fa-times\"><\/i>\n                                    <\/button>\n                                <\/div>\n                                                                <select class=\"types with-search\" data-placeholder=\"Suche\">\n                                    <option value=\"\">Types<\/option>\n                                                                            <option value=\"01kbhq6q0fxsptexq41bx51kmc\" >Anderes<\/option>\n                                                                            <option value=\"01kbhq6q0he3enc6mw8c0g5t9x\" >Business<\/option>\n                                                                            <option value=\"01kbhq6q0jrjsh7457hd70gsqn\" >Kino<\/option>\n                                                                            <option value=\"01kbhq6q0krcha13f5nggbvgz7\" >Konzert<\/option>\n                                                                            <option value=\"01kbhq6q0nmsm7s02w4n9fds5d\" >Konferenz<\/option>\n                                                                            <option value=\"01kbhq6q0pexs3bjp0dhapfzf7\" >Kurse &amp; Weiterbildung<\/option>\n                                                                            <option value=\"01kbhq6q0rcrw590jy6z0vhneq\" >Kochkurse und Kostproben<\/option>\n                                                                            <option value=\"01kbhq6q0sphmx67nm2dw1dnp7\" >Kultur und Kulturerbe<\/option>\n                                                                            <option value=\"01kbhq6q0twy5yvsa4ewe4fnwn\" >Ev\u00e9nements<\/option>\n                                                                            <option value=\"01kbhq6q0wnxgrdjqx65dzfn0p\" >Ausstellung<\/option>\n                                                                            <option value=\"01kbhq6q0xj1agnkpedcsaw5je\" >Feste und Festivals<\/option>\n                                                                            <option value=\"01kbhq6q0yx9dtzm6xsafzmty0\" selected>Gastronomie &amp; Wein<\/option>\n                                                                            <option value=\"01kbhq6q0zvqq1pf2mnn1jkksc\" >Veranstaltungen<\/option>\n                                                                            <option value=\"01kbhq6q11vgagqw13syzb7aq2\" >M\u00e4rkte<\/option>\n                                                                            <option value=\"01kbhq6q125egc1d9xqgny95h7\" >C715 &#8211; MICE [Genferseegebiet]<\/option>\n                                                                            <option value=\"01kbhq6q13n8jrt1yej60mqajt\" >Natur<\/option>\n                                                                            <option value=\"01kbhq6q14k1y0zwx269ebtfk4\" >Sport<\/option>\n                                                                            <option value=\"01kbhq6q169m7bnr5cxxha140s\" >Theatre und Shows<\/option>\n                                                                            <option value=\"01kbhq6q17v7hvscmxb4mpvw4m\" >Besuche und F\u00fchrungen<\/option>\n                                                                            <option value=\"01kkerp7402x3djdch9h173c0x\" >Brauchtum, Markt, Handwerk<\/option>\n                                                                            <option value=\"01kkg8sdw7vbqd51k7jxmwd9jg\" >Theater, Kino, Vorf\u00fchrung<\/option>\n                                                                            <option value=\"01kn4gfva67hfpdbqvavtvm8q2\" >Spectacle<\/option>\n                                                                            <option value=\"01kp2nnx5b6x6gbc26m4ekvepq\" >Sport<\/option>\n                                                                            <option value=\"01kp2nspr8vnp5p5898pwqyq99\" >F\u00eate<\/option>\n                                                                    <\/select>\n                                                                <select class=\"destinations with-search\" data-placeholder=\"Suche\">\n                                    <option value=\"\">Reiseziele<\/option>\n                                                                            <option value=\"01kbhq6f0sdeybeqq9zpy5pvn5\" >Aigle-Leysin-Les Mosses<\/option>\n                                                                            <option value=\"01kbhq6f0z02pm0fh2z2qmmmm3\" >Avenches Tourisme<\/option>\n                                                                            <option value=\"01kbhq6f144f0wgf98qtxczv8n\" >Echallens Tourisme<\/option>\n                                                                            <option value=\"01kbhq6f17v1w23f955n5q26gf\" >Lausanne Tourisme<\/option>\n                                                                            <option value=\"01kbhq6f1ajnfshmvbrygj5dq6\" >Montreux Riviera<\/option>\n                                                                            <option value=\"01kbhq6f1hfdzebz7avxw43j5t\" >Morges R\u00e9gion Tourisme<\/option>\n                                                                            <option value=\"01kbhq6f1p1jrttn4jhtxgmmz3\" >Moudon Tourisme<\/option>\n                                                                            <option value=\"01kbhq6f1vhhzm5gf2rvq4xxdj\" >Nyon R\u00e9gion Tourisme<\/option>\n                                                                            <option value=\"01kbhq6f20gcwnd0r20fr4rtez\" >Pays-d\u2019Enhaut Tourisme<\/option>\n                                                                            <option value=\"01kbhq6f26s7v3a536ec8hzhzq\" >Vall\u00e9e de Joux Tourisme<\/option>\n                                                                            <option value=\"01kbhq6f2c9y3drg0aa7fb43pj\" >Villars-Gryon-Les Diablerets-Bex<\/option>\n                                                                            <option value=\"01kbhq6f2h6rsvnj8egf0cchd8\" >Yverdon-les-Bains R\u00e9gion<\/option>\n                                                                            <option value=\"01kkerp73yjxqs2q9dknyy75z9\" >Lac de Morat &amp; Estavayer R\u00e9gion<\/option>\n                                                                    <\/select>\n\n                                                                    <select class=\"seasons\" id=\"event_AT290\">\n                                        <option value=\"\">Saison<\/option>\n                                                                                    <option value=\"AT290_0\" >Hiver<\/option>\n                                                                                    <option value=\"AT290_1\" >Printemps<\/option>\n                                                                                    <option value=\"AT290_2\" >\u00c9t\u00e9<\/option>\n                                                                                    <option value=\"AT290_3\" >Automne<\/option>\n                                                                            <\/select>\n                                \n                                <div class=\"accessibility\">\n                                    <input type=\"checkbox\" class=\"checkbox\" id=\"event_AT194\" name=\"event_AT194\" >\n                                    <label for=\"event_AT194\">Rollstuhlgerecht<\/label>\n                                <\/div>\n                                                    <\/div>\n                    <\/div>\n                <\/div>\n            <\/div>\n            <div class=\"col-lg-7\">\n                                    <ul class=\"view-switcher switcher-tab-nav\">\n                        <li class=\"grid-view active\" data-tab=\"1\">Raster<\/li>\n                        <li class=\"map-view\" data-tab=\"2\">Karte<\/li>\n                    <\/ul>\n                                <div class=\"switcher-tab-content\">\n                    <div class=\"switcher-tab active\" data-tab=\"1\">\n                        <div class=\"row events-list\">\n                            <div class=\"col-md-6\">\n    <a href=\"https:\/\/www.vaud.ch\/de\/tourismus\/veranstaltungen\/samedis-gourmands-degustation-et-repas-gastronomique\" data-id=\"01kh0nmmp842m8ywxhjqs3c6w9\" class=\"event-card v2\">\n        <div class=\"img-wrap\">\n                            <div class=\"event-cat\">\n                    <span>Gastronomie &#038; Wein<\/span>\n                <\/div>\n                                        <img decoding=\"async\" src=\"https:\/\/www.vaud.ch\/app\/themes\/child\/assets\/images\/loading-pixel.svg\" class=\"lazyload\" data-src=\"https:\/\/app.localhub.ch\/api\/image\/01kh0nmqncqfac2zknymkzq1z0\/scale\/800\" alt=\"&quot;Samedis Gourmands&quot; - D\u00e9gustation et Repas Gastronomique\">\n                        <button class=\"favorite-button\" data-item-title=\"&quot;Samedis Gourmands&quot; - D\u00e9gustation et Repas Gastronomique\" data-item-id=\"01kh0nmmp842m8ywxhjqs3c6w9\" data-item-type=\"events\">\n                <i class=\"fas fa-heart favorite__icon favorite--enable\"><\/i>\n                <i class=\"far fa-heart favorite__icon favorite--not\"><\/i>\n            <\/button>\n        <\/div>\n        <div class=\"event-content\">\n            <h3>&#8220;Samedis Gourmands&#8221; &#8211; D\u00e9gustation et Repas Gastronomique<\/h3>\n            <div class=\"post-meta\">\n                                    <span class=\"location\"><img decoding=\"async\" src=\"https:\/\/www.vaud.ch\/app\/themes\/child\/assets\/images\/location-v2.svg\" alt=\"\" class=\"skip-lazy\">Morges R\u00e9gion Tourisme<\/span>\n                            <\/div>\n        <\/div>\n    <\/a>\n<\/div><div class=\"col-md-6\">\n    <a href=\"https:\/\/www.vaud.ch\/de\/tourismus\/veranstaltungen\/degustations-estivales\" data-id=\"01kh0nmmp842m8ywxhjqs3c6wf\" class=\"event-card v2\">\n        <div class=\"img-wrap\">\n                            <div class=\"event-cat\">\n                    <span>Gastronomie &#038; Wein<\/span>\n                <\/div>\n                                        <img decoding=\"async\" src=\"https:\/\/www.vaud.ch\/app\/themes\/child\/assets\/images\/loading-pixel.svg\" class=\"lazyload\" data-src=\"https:\/\/app.localhub.ch\/api\/image\/01kh0nmrfzpp9m5r6e2zgzbjec\/scale\/800\" alt=\"D\u00e9gustations estivales\">\n                        <button class=\"favorite-button\" data-item-title=\"D\u00e9gustations estivales\" data-item-id=\"01kh0nmmp842m8ywxhjqs3c6wf\" data-item-type=\"events\">\n                <i class=\"fas fa-heart favorite__icon favorite--enable\"><\/i>\n                <i class=\"far fa-heart favorite__icon favorite--not\"><\/i>\n            <\/button>\n        <\/div>\n        <div class=\"event-content\">\n            <h3>D\u00e9gustations estivales<\/h3>\n            <div class=\"post-meta\">\n                                    <span class=\"location\"><img decoding=\"async\" src=\"https:\/\/www.vaud.ch\/app\/themes\/child\/assets\/images\/location-v2.svg\" alt=\"\" class=\"skip-lazy\">Morges R\u00e9gion Tourisme<\/span>\n                            <\/div>\n        <\/div>\n    <\/a>\n<\/div><div class=\"col-md-6\">\n    <a href=\"https:\/\/www.vaud.ch\/de\/tourismus\/veranstaltungen\/01kn4g8fzz9t78n6ktn4k0ww05\" data-id=\"01kn4g8fzz9t78n6ktn4k0ww05\" class=\"event-card v2\">\n        <div class=\"img-wrap\">\n                            <div class=\"event-cat\">\n                    <span>Gastronomie &#038; Wein<\/span>\n                <\/div>\n                                        <img decoding=\"async\" src=\"https:\/\/www.vaud.ch\/app\/themes\/child\/assets\/images\/loading-pixel.svg\" class=\"lazyload\" data-src=\"https:\/\/app.localhub.ch\/api\/image\/01kn4g8my58z6ckrsf3es9g3h9\/scale\/800\" alt=\"Offene Waadtl\u00e4nder Weinkeller 2026\">\n                        <button class=\"favorite-button\" data-item-title=\"Offene Waadtl\u00e4nder Weinkeller 2026\" data-item-id=\"01kn4g8fzz9t78n6ktn4k0ww05\" data-item-type=\"events\">\n                <i class=\"fas fa-heart favorite__icon favorite--enable\"><\/i>\n                <i class=\"far fa-heart favorite__icon favorite--not\"><\/i>\n            <\/button>\n        <\/div>\n        <div class=\"event-content\">\n            <h3>Offene Waadtl\u00e4nder Weinkeller 2026<\/h3>\n            <div class=\"post-meta\">\n                                    <span class=\"location\"><img decoding=\"async\" src=\"https:\/\/www.vaud.ch\/app\/themes\/child\/assets\/images\/location-v2.svg\" alt=\"\" class=\"skip-lazy\">Aigle-Leysin-Les Mosses<\/span>\n                            <\/div>\n        <\/div>\n    <\/a>\n<\/div><div class=\"col-md-6\">\n    <a href=\"https:\/\/www.vaud.ch\/de\/tourismus\/veranstaltungen\/offene-waadtlander-weinkeller-2026\" data-id=\"01kpn1dzw03szggf0h8tachdng\" class=\"event-card v2\">\n        <div class=\"img-wrap\">\n                            <div class=\"event-cat\">\n                    <span>Gastronomie &#038; Wein<\/span>\n                <\/div>\n                                        <img decoding=\"async\" src=\"https:\/\/www.vaud.ch\/app\/themes\/child\/assets\/images\/loading-pixel.svg\" class=\"lazyload\" data-src=\"https:\/\/app.localhub.ch\/api\/image\/01kpn1e5knwvzjyjqxwpz1z2wb\/scale\/800\" alt=\"Offene Waadtl\u00e4nder Weinkeller 2026\">\n                        <button class=\"favorite-button\" data-item-title=\"Offene Waadtl\u00e4nder Weinkeller 2026\" data-item-id=\"01kpn1dzw03szggf0h8tachdng\" data-item-type=\"events\">\n                <i class=\"fas fa-heart favorite__icon favorite--enable\"><\/i>\n                <i class=\"far fa-heart favorite__icon favorite--not\"><\/i>\n            <\/button>\n        <\/div>\n        <div class=\"event-content\">\n            <h3>Offene Waadtl\u00e4nder Weinkeller 2026<\/h3>\n            <div class=\"post-meta\">\n                                    <span class=\"location\"><img decoding=\"async\" src=\"https:\/\/www.vaud.ch\/app\/themes\/child\/assets\/images\/location-v2.svg\" alt=\"\" class=\"skip-lazy\">Montreux Riviera<\/span>\n                            <\/div>\n        <\/div>\n    <\/a>\n<\/div>                        <\/div>\n                                                    <div>\n                                                                <a href=\"#\"\n                                    class=\"load-more-btn btn \"\n                                    data-page=\"1\"\n                                    data-post-per-page=\"4\">\n                                    <span>Mehr anzeigen<\/span>\n                                    <img decoding=\"async\" src=\"https:\/\/www.vaud.ch\/app\/themes\/child\/assets\/images\/loader.svg\" alt=\"\" class=\"skip-lazy\">\n                                <\/a>\n                            <\/div>\n                                            <\/div>\n                                            <div class=\"map-outer switcher-tab\" data-tab=\"2\">\n                            <div id=\"map\">\n                                <div id=\"map-loading\">\n                                    <span><lord-icon src=\"https:\/\/cdn.lordicon.com\/gkryirhd.json\" trigger=\"loop\" state=\"loop-snake\" colors=\"primary:#0a4069\" style=\"width:70px;height:70px\"><\/lord-icon><\/span>\n                                <\/div>\n                            <\/div>\n                            <div class=\"overlay-zoom\">\n                                <span class=\"desktop-msg\">\n                                    Mit STRG + Scrollrad k\u00f6nnen Sie die Karte vergr\u00f6\u00dfern                                <\/span>\n                                <span class=\"touch-msg\">\n                                    Verwenden Sie zwei Finger, um die Karte zu verschieben                                <\/span>\n                            <\/div>\n                        <\/div>\n                                    <\/div>\n            <\/div>\n        <\/div>\n    <\/div>\n\n\n            <script>\n            jQuery('#datepicker').daterangepicker({\n                \"autoApply\": true,\n                \"linkedCalendars\": false,\n                \"showCustomRangeLabel\": false,\n                \"startDate\": \"28.04.2026\",\n                \"endDate\": false,\n                \"autoUpdateInput\": false,\n                \"minDate\": \"28.04.2026\",\n                \"maxDate\": false,\n                \"value\": \"28.04.2026 - \",\n                \"locale\": {\n                    \"format\": \"DD.MM.YYYY\",\n                    \"daysOfWeek\": [\n                        \"Son\",\n                        \"Mon\",\n                        \"Die\",\n                        \"Mitt\",\n                        \"Don\",\n                        \"Fre\",\n                        \"Sam\"\n                    ],\n                    \"monthNames\": [\n                        \"<b>Januar<\/b>\",\n                        \"<b>Februar<\/b>\",\n                        \"<b>M\u00e4rz<\/b>\",\n                        \"<b>April<\/b>\",\n                        \"<b>Mai<\/b>\",\n                        \"<b>Juni<\/b>\",\n                        \"<b>Juli<\/b>\",\n                        \"<b>August<\/b>\",\n                        \"<b>September<\/b>\",\n                        \"<b>Oktober<\/b>\",\n                        \"<b>November<\/b>\",\n                        \"<b>Dezember <\/b>\"\n                    ],\n                    \"firstDay\": 1\n                },\n            });\n\n            jQuery('#datepicker').on('show.daterangepicker', function(ev, picker) {\n                jQuery(this).addClass('active');\n            });\n\n            jQuery('#datepicker').on('hide.daterangepicker', function(ev, picker) {\n                jQuery(this).removeClass('active');\n            });\n\n            jQuery('#datepicker').on('apply.daterangepicker', function(ev, picker) {\n                jQuery(this).val(picker.startDate.format('DD.MM.YYYY') + ' - ' + picker.endDate.format('DD.MM.YYYY'));\n                var $datepicker_reset = jQuery('.datepicker-reset');\n                if (jQuery('#datepicker').val() != '') {\n                    $datepicker_reset.show();\n                } else {\n                    $datepicker_reset.hide();\n                }\n            });\n\n            jQuery(document).on('click', '.datepicker-reset', function() {\n                var $el = jQuery('#datepicker');\n                var drp = $el.data('daterangepicker');\n                if (drp && typeof drp.clickCancel === 'function') {\n                    drp.clickCancel();\n                } else {\n                    \/\/ Fallback: \u00e9mettre l'\u00e9v\u00e9nement cancel\n                    $el.trigger('cancel.daterangepicker', [drp]);\n                }\n                jQuery(this).hide();\n            });\n        <\/script>\n<\/div>\n\n\n\n<div style=\"height:100px\" aria-hidden=\"true\" class=\"wp-block-spacer\"><\/div>\n\n\n\n<div class=\"wp-block-columns is-layout-flex wp-container-core-columns-is-layout-9d6595d7 wp-block-columns-is-layout-flex\">\n<div class=\"wp-block-column is-layout-flow wp-block-column-is-layout-flow\">\n<h2 class=\"wp-block-heading\">Les Grands Sites du Go\u00fbt<\/h2>\n\n\n\n<figure class=\"wp-block-image size-full is-resized\"><img loading=\"lazy\" decoding=\"async\" width=\"300\" height=\"156\" src=\"https:\/\/www.vaud.ch\/app\/uploads\/2025\/12\/GSG-e1764922334211.png\" alt=\"\" class=\"wp-image-18583\" style=\"width:260px;height:auto\"\/><\/figure>\n\n\n\n<p>Geniessen Sie den Kanton Waadt mit seinen Grands Sites du Go\u00fbt: einzigartige Orte, an denen Terroir und Tradition aufeinander treffen. Entdecken Sie die Finesse des Chasselas, der emblematischen Rebsorte der Waadtl\u00e4nder Weinberge, den Reichtum des Alpensalzes und den authentischen Charakter der Waadtl\u00e4nder Walnuss.<\/p>\n\n\n\n<div class=\"wp-block-buttons is-content-justification-center is-layout-flex wp-container-core-buttons-is-layout-16018d1d wp-block-buttons-is-layout-flex\">\n<div class=\"wp-block-button\"><a class=\"wp-block-button__link wp-element-button\" href=\"https:\/\/swisstastes.ch\/de\">Mehr dazu<\/a><\/div>\n<\/div>\n<\/div>\n\n\n\n<div class=\"wp-block-column is-layout-flow wp-block-column-is-layout-flow\">\n<figure class=\"wp-block-image size-full\"><img loading=\"lazy\" decoding=\"async\" width=\"1920\" height=\"1280\" src=\"https:\/\/www.vaud.ch\/app\/uploads\/2025\/12\/noix-grands-sites-du-gout_2000.jpg\" alt=\"\" class=\"wp-image-18672\" srcset=\"https:\/\/www.vaud.ch\/app\/uploads\/2025\/12\/noix-grands-sites-du-gout_2000.jpg 1920w, https:\/\/www.vaud.ch\/app\/uploads\/2025\/12\/noix-grands-sites-du-gout_2000-300x200.jpg 300w, https:\/\/www.vaud.ch\/app\/uploads\/2025\/12\/noix-grands-sites-du-gout_2000-768x512.jpg 768w, https:\/\/www.vaud.ch\/app\/uploads\/2025\/12\/noix-grands-sites-du-gout_2000-1024x683.jpg 1024w, https:\/\/www.vaud.ch\/app\/uploads\/2025\/12\/noix-grands-sites-du-gout_2000-1536x1024.jpg 1536w, https:\/\/www.vaud.ch\/app\/uploads\/2025\/12\/noix-grands-sites-du-gout_2000-750x500.jpg 750w\" sizes=\"auto, (max-width: 1920px) 100vw, 1920px\" \/><\/figure>\n<\/div>\n<\/div>\n\n\n\n<div style=\"height:54px\" aria-hidden=\"true\" class=\"wp-block-spacer\"><\/div>\n\n\n\n<div class=\"wp-block-group has-brown-color-background-color has-background is-layout-flow wp-block-group-is-layout-flow\">\n<h2 class=\"wp-block-heading\">Das Label VAUD CERTIFI\u00c9 D&#8217;ICI<\/h2>\n\n\n\n<div class=\"wp-block-columns is-layout-flex wp-container-core-columns-is-layout-9d6595d7 wp-block-columns-is-layout-flex\">\n<div class=\"wp-block-column is-layout-flow wp-block-column-is-layout-flow\">\n<p>Die Geografie des Kantons Waadt bietet eine grosse Vielfalt an kulinarischen Gen\u00fcssen. Von den Alpen bis zu den Ufern des Genfer Sees bieten alle unsere Regionen eine F\u00fclle lokaler Produkte, die Feinschmecker begeistern werden.<\/p>\n\n\n\n<p>K\u00f6stlich, lokal, saisonal \u2013 das Label VAUD CERTIFI\u00c9 D&#8217;ICI garantiert die Authentizit\u00e4t, R\u00fcckverfolgbarkeit und Regionalit\u00e4t der zertifizierten Produkte und w\u00fcrdigt gleichzeitig das Know-how der Produzentinnen und Produzenten der Region.<\/p>\n\n\n\n<blockquote class=\"wp-block-quote is-layout-flow wp-block-quote-is-layout-flow\">\n<p>Es ist einfacher, lokal zu konsumieren, wenn Qualit\u00e4t und Herkunft garantiert sind.<\/p>\n<\/blockquote>\n\n\n\n<div class=\"wp-block-buttons is-content-justification-center is-layout-flex wp-container-core-buttons-is-layout-16018d1d wp-block-buttons-is-layout-flex\">\n<div class=\"wp-block-button\"><a class=\"wp-block-button__link wp-element-button\" href=\"https:\/\/www.vaud.ch\/de\/terroir\/\">Mehr dazu<\/a><\/div>\n<\/div>\n<\/div>\n\n\n\n<div class=\"wp-block-column is-layout-flow wp-block-column-is-layout-flow\">\n<figure class=\"wp-block-image size-full\"><img loading=\"lazy\" decoding=\"async\" width=\"1600\" height=\"1065\" src=\"https:\/\/www.vaud.ch\/app\/uploads\/2023\/08\/Ferme-et-ble.jpg\" alt=\"Ferme vaudoise\" class=\"wp-image-2551\" srcset=\"https:\/\/www.vaud.ch\/app\/uploads\/2023\/08\/Ferme-et-ble.jpg 1600w, https:\/\/www.vaud.ch\/app\/uploads\/2023\/08\/Ferme-et-ble-751x500.jpg 751w, https:\/\/www.vaud.ch\/app\/uploads\/2023\/08\/Ferme-et-ble-300x200.jpg 300w, https:\/\/www.vaud.ch\/app\/uploads\/2023\/08\/Ferme-et-ble-768x511.jpg 768w, https:\/\/www.vaud.ch\/app\/uploads\/2023\/08\/Ferme-et-ble-1024x682.jpg 1024w, https:\/\/www.vaud.ch\/app\/uploads\/2023\/08\/Ferme-et-ble-1536x1022.jpg 1536w\" sizes=\"auto, (max-width: 1600px) 100vw, 1600px\" \/><figcaption class=\"wp-element-caption\">Studio Patrick Jantet<\/figcaption><\/figure>\n<\/div>\n<\/div>\n<\/div>\n\n\n\n<div style=\"height:50px\" aria-hidden=\"true\" class=\"wp-block-spacer\"><\/div>\n\n\n\n\n\n\n\n<div style=\"height:0px\" aria-hidden=\"true\" class=\"wp-block-spacer\"><\/div>\n\n\n\n\n\n\n\n<div style=\"height:100px\" aria-hidden=\"true\" class=\"wp-block-spacer\"><\/div>\n\n\n\n<div class=\"wp-block-group is-style-section has-white-color-color has-green-color-background-color has-text-color has-background has-link-color wp-elements-70a7d1615faff0357306de26bf4ef6e9 is-layout-flow wp-block-group-is-layout-flow\" style=\"padding-top:var(--wp--preset--spacing--80);padding-bottom:var(--wp--preset--spacing--80)\">\n    <div class=\"post-list-arrows cta-title\">\n                    <h2>D\u00e9couvrez d&#8217;autres id\u00e9es d&#8217;activit\u00e9s dans le canton<\/h2>\n                <div class=\"arrows\">\n            <div class=\" prev-arrow\">\n                <img decoding=\"async\" src=\"https:\/\/www.vaud.ch\/app\/themes\/child\/assets\/images\/system-outline-161-trending-flat.svg\" alt=\"\" class=\"skip-lazy\">\n            <\/div>\n            <div class=\"next-arrow\">\n                <img decoding=\"async\" src=\"https:\/\/www.vaud.ch\/app\/themes\/child\/assets\/images\/system-outline-161-trending-flat.svg\" alt=\"\" class=\"skip-lazy\">\n            <\/div>\n        <\/div>\n\n    <\/div>\n    <div class=\"call-to-action  row  \"  style=\"margin-top:0;margin-bottom:0;\">\n                        <div class=\"col-md-3\">\n                                            <a class=\"cta-item \" href=\"https:\/\/www.vaud.ch\/tourisme\/tous-les-evenements\/\" target=\"_blank\">\n                                                                                    <img data-lazy=\"https:\/\/www.vaud.ch\/app\/uploads\/2023\/08\/MJF_Vaudplus_Ambassadeur.jpg\" alt=\"Agenda et \u00e9v\u00e9nements\" class=\"skip-lazy\">\n                                                        <span class=\"text\">Agenda et \u00e9v\u00e9nements<\/span>\n                            <span class=\"read-more\">Mehr lesen<\/span>\n                                                    <\/a>\n                        <\/div>\n                <div class=\"col-md-3\">\n                                            <a class=\"cta-item \" href=\"https:\/\/www.vaud.ch\/fleurs-du-leman\" target=\"_blank\">\n                                                                                    <img data-lazy=\"https:\/\/www.vaud.ch\/app\/uploads\/2025\/03\/Tulipes-Morges-1-750x500.jpg\" alt=\"Le Canton de Vaud en fleurs\" class=\"skip-lazy\">\n                                                        <span class=\"text\">Le Canton de Vaud en fleurs<\/span>\n                            <span class=\"read-more\">Mehr lesen<\/span>\n                                                    <\/a>\n                        <\/div>\n                <div class=\"col-md-3\">\n                                            <a class=\"cta-item \" href=\"https:\/\/www.vaud.ch\/vivre\/sport\/gravel-canton-vaud\/\" target=\"_blank\">\n                                                                                    <img data-lazy=\"https:\/\/www.vaud.ch\/app\/uploads\/2025\/04\/IMG_6317-333x500.jpg\" alt=\"Le Gravel dans le Canton de Vaud\" class=\"skip-lazy\">\n                                                        <span class=\"text\">Le Gravel dans le Canton de Vaud<\/span>\n                            <span class=\"read-more\">Mehr lesen<\/span>\n                                                    <\/a>\n                        <\/div>\n<\/div>\n\n<\/div>\n","protected":false},"excerpt":{"rendered":"<p>Authentischer Genuss beginnt hier Im Herzen des Kantons Waadt erwartet Sie eine Gastronomie, die einem aussergew\u00f6hnlichen Terroir zu verdanken ist. K\u00f6stliche K\u00e4se, raffinierte Weine und saisonale Produkte bieten Ihnen Zugang zu einer reichen Natur, die sich passionierte Produzenten und Gastwirte zunutze machen. Von Gourmet-Tischen bis hin zu traditionellen Restaurants Ganz gleich ob Feinschmecker- oder klassisches [&hellip;]<\/p>\n","protected":false},"author":17,"featured_media":15782,"parent":2452,"menu_order":0,"comment_status":"closed","ping_status":"closed","template":"","meta":{"_acf_changed":false,"footnotes":""},"class_list":["post-14673","page","type-page","status-publish","has-post-thumbnail","hentry"],"acf":[],"aioseo_notices":[],"_links":{"self":[{"href":"https:\/\/www.vaud.ch\/de\/wp-json\/wp\/v2\/pages\/14673","targetHints":{"allow":["GET"]}}],"collection":[{"href":"https:\/\/www.vaud.ch\/de\/wp-json\/wp\/v2\/pages"}],"about":[{"href":"https:\/\/www.vaud.ch\/de\/wp-json\/wp\/v2\/types\/page"}],"author":[{"embeddable":true,"href":"https:\/\/www.vaud.ch\/de\/wp-json\/wp\/v2\/users\/17"}],"replies":[{"embeddable":true,"href":"https:\/\/www.vaud.ch\/de\/wp-json\/wp\/v2\/comments?post=14673"}],"version-history":[{"count":25,"href":"https:\/\/www.vaud.ch\/de\/wp-json\/wp\/v2\/pages\/14673\/revisions"}],"predecessor-version":[{"id":20336,"href":"https:\/\/www.vaud.ch\/de\/wp-json\/wp\/v2\/pages\/14673\/revisions\/20336"}],"up":[{"embeddable":true,"href":"https:\/\/www.vaud.ch\/de\/wp-json\/wp\/v2\/pages\/2452"}],"wp:featuredmedia":[{"embeddable":true,"href":"https:\/\/www.vaud.ch\/de\/wp-json\/wp\/v2\/media\/15782"}],"wp:attachment":[{"href":"https:\/\/www.vaud.ch\/de\/wp-json\/wp\/v2\/media?parent=14673"}],"curies":[{"name":"wp","href":"https:\/\/api.w.org\/{rel}","templated":true}]}}