{"id":14892,"date":"2025-08-27T09:29:28","date_gmt":"2025-08-27T07:29:28","guid":{"rendered":"https:\/\/www.vaud.ch\/?page_id=14892"},"modified":"2025-11-26T09:54:22","modified_gmt":"2025-11-26T08:54:22","slug":"wein-und-kultur","status":"publish","type":"page","link":"https:\/\/www.vaud.ch\/de\/tourismus\/weintourismus\/wein-und-kultur\/","title":{"rendered":"Wein und Kultur"},"content":{"rendered":"\n<div class=\"wp-block-group is-style-section is-layout-constrained wp-block-group-is-layout-constrained\">\n<h2 class=\"wp-block-heading\">Unsere Ideen f\u00fcr Aktivit\u00e4ten rund um das Kulturerbe<\/h2>\n\n\n\n<p class=\"is-style-default\">Neben vom Weinbau gepr\u00e4gten Landschaften und renommierten Crus laden Schl\u00f6sser, Winzerh\u00e4user und historische D\u00f6rfer zu weintouristischen Erlebnissen ein, bei denen jeder Stein eine Geschichte erz\u00e4hlt von Kultur, Terroir und lebendigen Traditionen. Was gibt es Sch\u00f6neres als das Kulturerbe zu bewundern und gleichzeitig die besten Weine der Region zu geniessen? Unsere Auswahl an Aktivit\u00e4ten, die Kulturerbe und Weintourismus kombinieren:<\/p>\n\n\n\n<div style=\"height:10px\" aria-hidden=\"true\" class=\"wp-block-spacer\"><\/div>\n\n\n<div class=\"wp-bootstrap-blocks-row row\">\n\t\n\n<div class=\"col-12 col-md-6\">\n\t\t\t\n\n            <a class=\"special-link with-icon external with-img\" href=\"https:\/\/www.chateauvullierens.ch\/de\/schlosskeller\/\" target=\"_blank\">\n                            <img decoding=\"async\" src=\"https:\/\/www.vaud.ch\/app\/uploads\/2025\/03\/DJI_0189_Chateau_de_Vullierens_photo_Regis_Colombo_2021.jpg-750x500.jpg\" alt=\"Ch\u00e2teau de Vullierens \u2013 Eintauchen in die Geschichte des Schlosses und Degustation seiner Weine\">\n                        <div class=\"special-link-content\">\n                                    <lord-icon src=\"https:\/\/cdn.lordicon.com\/qwegujbf.json\" target=\".special-link\" trigger=\"hover\" colors=\"primary:#199573\" style=\"width:28px;height:28px\"><\/lord-icon>\n                \n                Ch\u00e2teau de Vullierens \u2013 Eintauchen in die Geschichte des Schlosses und Degustation seiner Weine            <\/div>\n        <\/a>\n    \n\n\n            <a class=\"special-link with-icon external with-img\" href=\"https:\/\/www.lausanne-tourisme.ch\/de\/angebot\/offentliche-fuhrung-lausanne-und-weine\/\" target=\"_blank\">\n                            <img decoding=\"async\" src=\"https:\/\/www.vaud.ch\/app\/uploads\/2025\/04\/Lausanne-et-ses-vins-699x500.jpg\" alt=\"Lausanne &amp; seine Weine \u2013 Die Stadt und ihr bedeutendes Weinbaugebiet entdecken\">\n                        <div class=\"special-link-content\">\n                                    <lord-icon src=\"https:\/\/cdn.lordicon.com\/qwegujbf.json\" target=\".special-link\" trigger=\"hover\" colors=\"primary:#199573\" style=\"width:28px;height:28px\"><\/lord-icon>\n                \n                Lausanne &amp; seine Weine \u2013 Die Stadt und ihr bedeutendes Weinbaugebiet entdecken            <\/div>\n        <\/a>\n    \n\n\n            <a class=\"special-link with-icon external with-img\" href=\"https:\/\/www.chateau-eclepens.ch\/?lang=de\" target=\"_blank\">\n                            <img decoding=\"async\" src=\"https:\/\/www.vaud.ch\/app\/uploads\/2025\/04\/Eclepens-699x500.jpg\" alt=\"Ch\u00e2teau d'Ecl\u00e9pens \u2013 Ein einzigartiges Weingut, das im Rhythmus festlicher Veranstaltungen lebt \">\n                        <div class=\"special-link-content\">\n                                    <lord-icon src=\"https:\/\/cdn.lordicon.com\/qwegujbf.json\" target=\".special-link\" trigger=\"hover\" colors=\"primary:#199573\" style=\"width:28px;height:28px\"><\/lord-icon>\n                \n                Ch\u00e2teau d&#039;Ecl\u00e9pens \u2013 Ein einzigartiges Weingut, das im Rhythmus festlicher Veranstaltungen lebt             <\/div>\n        <\/a>\n    \n\n\n<p><\/p>\n\n\t<\/div>\n\n\n\n<div class=\"col-12 col-md-6\">\n\t\t\t\n\n            <a class=\"special-link with-icon external with-img\" href=\"https:\/\/maisondesvins.ch\/de\/homepage\/\" target=\"_blank\">\n                            <img decoding=\"async\" src=\"https:\/\/www.vaud.ch\/app\/uploads\/2025\/04\/Maison-Vins-699x500.jpg\" alt=\"La Maison des Vins de La C\u00f4te \u2013 Die Weine von La C\u00f4te an einem Ort inmitten der Weinberge vereint\">\n                        <div class=\"special-link-content\">\n                                    <lord-icon src=\"https:\/\/cdn.lordicon.com\/qwegujbf.json\" target=\".special-link\" trigger=\"hover\" colors=\"primary:#199573\" style=\"width:28px;height:28px\"><\/lord-icon>\n                \n                La Maison des Vins de La C\u00f4te \u2013 Die Weine von La C\u00f4te an einem Ort inmitten der Weinberge vereint            <\/div>\n        <\/a>\n    \n\n\n            <a class=\"special-link with-icon external with-img\" href=\"https:\/\/www.chateausalavaux.ch\/home?lang=de\" target=\"_blank\">\n                            <img decoding=\"async\" src=\"https:\/\/www.vaud.ch\/app\/uploads\/2025\/04\/Chateau-Sallavaux-699x500.jpg\" alt=\"Ch\u00e2teau Salavaux \u2013 Eine Oase des Friedens, in der Weine und Wohlbefinden das Sagen haben\">\n                        <div class=\"special-link-content\">\n                                    <lord-icon src=\"https:\/\/cdn.lordicon.com\/qwegujbf.json\" target=\".special-link\" trigger=\"hover\" colors=\"primary:#199573\" style=\"width:28px;height:28px\"><\/lord-icon>\n                \n                Ch\u00e2teau Salavaux \u2013 Eine Oase des Friedens, in der Weine und Wohlbefinden das Sagen haben            <\/div>\n        <\/a>\n    \n\n\n            <a class=\"special-link with-icon external with-img\" href=\"https:\/\/www.lausanne-tourisme.ch\/de\/angebot\/zu-tisch-auf-dem-weingut\/\" target=\"_blank\">\n                            <img decoding=\"async\" src=\"https:\/\/www.vaud.ch\/app\/uploads\/2025\/04\/Table-vigneron-699x500.jpg\" alt=\"Beim Winzer zu Tisch \u2013 Momente zum Geniessen und Teilen\">\n                        <div class=\"special-link-content\">\n                                    <lord-icon src=\"https:\/\/cdn.lordicon.com\/qwegujbf.json\" target=\".special-link\" trigger=\"hover\" colors=\"primary:#199573\" style=\"width:28px;height:28px\"><\/lord-icon>\n                \n                Beim Winzer zu Tisch \u2013 Momente zum Geniessen und Teilen            <\/div>\n        <\/a>\n    \n\t<\/div>\n\n<\/div>\n<\/div>\n\n\n\n<div class=\"wp-block-group is-style-section has-white-color-color has-green-color-background-color has-text-color has-background has-link-color wp-elements-e3145f9b80a5562cb6295119412323b5 is-layout-flow wp-block-group-is-layout-flow\" style=\"padding-top:var(--wp--preset--spacing--80);padding-bottom:var(--wp--preset--spacing--80)\">\n    <div class=\"post-list-arrows cta-title\">\n                    <h2>Entdecken Sie weitere Ideen f\u00fcr Aktivit\u00e4ten im Kanton <\/h2>\n                <div class=\"arrows\">\n            <div class=\" prev-arrow\">\n                <img decoding=\"async\" src=\"https:\/\/www.vaud.ch\/app\/themes\/child\/assets\/images\/system-outline-161-trending-flat.svg\" alt=\"\" class=\"skip-lazy\">\n            <\/div>\n            <div class=\"next-arrow\">\n                <img decoding=\"async\" src=\"https:\/\/www.vaud.ch\/app\/themes\/child\/assets\/images\/system-outline-161-trending-flat.svg\" alt=\"\" class=\"skip-lazy\">\n            <\/div>\n        <\/div>\n\n    <\/div>\n    <div class=\"call-to-action  row  \"  style=\"margin-top:0;margin-bottom:0;\">\n                        <div class=\"col-md-3\">\n                                            <a class=\"cta-item \" href=\"https:\/\/www.vaud.ch\/de\/weintourismus-kanton-waadt\/\" target=\"_blank\">\n                                                                                    <img data-lazy=\"https:\/\/www.vaud.ch\/app\/uploads\/2025\/03\/2V0A1916-750x500.jpg\" alt=\"Weintourismus\" class=\"skip-lazy\">\n                                                        <span class=\"text\">Weintourismus<\/span>\n                            <span class=\"read-more\">Mehr lesen<\/span>\n                                                    <\/a>\n                        <\/div>\n                <div class=\"col-md-3\">\n                                            <a class=\"cta-item \" href=\"https:\/\/www.vaud.ch\/de\/blueten-des-genfersees\/\" target=\"_blank\">\n                                                                                    <img data-lazy=\"https:\/\/www.vaud.ch\/app\/uploads\/2025\/03\/Tulipes-Morges-1-750x500.jpg\" alt=\"Bl\u00fcten des Genfersees\" class=\"skip-lazy\">\n                                                        <span class=\"text\">Bl\u00fcten des Genfersees<\/span>\n                            <span class=\"read-more\">Mehr lesen<\/span>\n                                                    <\/a>\n                        <\/div>\n                <div class=\"col-md-3\">\n                                            <a class=\"cta-item \" href=\"https:\/\/www.vaud.ch\/de\/tourismus\/veranstaltungen\/\" target=\"_blank\">\n                                                                                    <img data-lazy=\"https:\/\/www.vaud.ch\/app\/uploads\/2023\/08\/MJF_Vaudplus_Ambassadeur.jpg\" alt=\"Agenda und Veranstaltungen\" class=\"skip-lazy\">\n                                                        <span class=\"text\">Agenda und Veranstaltungen<\/span>\n                            <span class=\"read-more\">Mehr lesen<\/span>\n                                                    <\/a>\n                        <\/div>\n                <div class=\"col-md-3\">\n                                            <a class=\"cta-item \" href=\"https:\/\/www.vaud.ch\/de\/leben\/sport\/gravel-kanton-waadt\/\" target=\"_blank\">\n                                                                                    <img data-lazy=\"https:\/\/www.vaud.ch\/app\/uploads\/2025\/04\/IMG_6317-333x500.jpg\" alt=\"Gravelbiken\" class=\"skip-lazy\">\n                                                        <span class=\"text\">Gravelbiken<\/span>\n                            <span class=\"read-more\">Mehr lesen<\/span>\n                                                    <\/a>\n                        <\/div>\n<\/div>\n\n<\/div>\n\n\n\n<p><\/p>\n","protected":false},"excerpt":{"rendered":"<p>Unsere Ideen f\u00fcr Aktivit\u00e4ten rund um das Kulturerbe Neben vom Weinbau gepr\u00e4gten Landschaften und renommierten Crus laden Schl\u00f6sser, Winzerh\u00e4user und historische D\u00f6rfer zu weintouristischen Erlebnissen ein, bei denen jeder Stein eine Geschichte erz\u00e4hlt von Kultur, Terroir und lebendigen Traditionen. Was gibt es Sch\u00f6neres als das Kulturerbe zu bewundern und gleichzeitig die besten Weine der Region [&hellip;]<\/p>\n","protected":false},"author":15,"featured_media":12317,"parent":10822,"menu_order":0,"comment_status":"closed","ping_status":"closed","template":"","meta":{"_acf_changed":false,"footnotes":""},"class_list":["post-14892","page","type-page","status-publish","has-post-thumbnail","hentry"],"acf":[],"aioseo_notices":[],"_links":{"self":[{"href":"https:\/\/www.vaud.ch\/de\/wp-json\/wp\/v2\/pages\/14892","targetHints":{"allow":["GET"]}}],"collection":[{"href":"https:\/\/www.vaud.ch\/de\/wp-json\/wp\/v2\/pages"}],"about":[{"href":"https:\/\/www.vaud.ch\/de\/wp-json\/wp\/v2\/types\/page"}],"author":[{"embeddable":true,"href":"https:\/\/www.vaud.ch\/de\/wp-json\/wp\/v2\/users\/15"}],"replies":[{"embeddable":true,"href":"https:\/\/www.vaud.ch\/de\/wp-json\/wp\/v2\/comments?post=14892"}],"version-history":[{"count":2,"href":"https:\/\/www.vaud.ch\/de\/wp-json\/wp\/v2\/pages\/14892\/revisions"}],"predecessor-version":[{"id":16917,"href":"https:\/\/www.vaud.ch\/de\/wp-json\/wp\/v2\/pages\/14892\/revisions\/16917"}],"up":[{"embeddable":true,"href":"https:\/\/www.vaud.ch\/de\/wp-json\/wp\/v2\/pages\/10822"}],"wp:featuredmedia":[{"embeddable":true,"href":"https:\/\/www.vaud.ch\/de\/wp-json\/wp\/v2\/media\/12317"}],"wp:attachment":[{"href":"https:\/\/www.vaud.ch\/de\/wp-json\/wp\/v2\/media?parent=14892"}],"curies":[{"name":"wp","href":"https:\/\/api.w.org\/{rel}","templated":true}]}}