{"id":16499,"date":"2025-12-02T12:05:08","date_gmt":"2025-12-02T11:05:08","guid":{"rendered":"https:\/\/www.vaud.ch\/?page_id=16499"},"modified":"2026-01-27T09:11:05","modified_gmt":"2026-01-27T08:11:05","slug":"sport","status":"publish","type":"page","link":"https:\/\/www.vaud.ch\/de\/tourismus\/sport\/","title":{"rendered":"Sport"},"content":{"rendered":"\n<div class=\"wp-block-group is-layout-constrained wp-block-group-is-layout-constrained\">\n<div class=\"wp-block-columns is-layout-flex wp-container-core-columns-is-layout-9d6595d7 wp-block-columns-is-layout-flex\">\n<div class=\"wp-block-column is-layout-flow wp-block-column-is-layout-flow\">\n<p class=\"is-style-heading-p\">Aufgrund seiner grossen geografischen Vielfalt ist der Kanton Waadt ein fantastisches Gebiet f\u00fcr Anh\u00e4nger von k\u00f6rperlicher Bet\u00e4tigung und Nervenkitzel. Schneesport, Wassersport, Wandern, Tanz, Radsport, Canyoning oder Paragliding: Alles ist vorhanden, um Gross und Klein im Sommer wie im Winter zu begeistern. Athleten jeden Niveaus finden hier ideale Bedingungen f\u00fcr die Aus\u00fcbung ihrer Disziplin. Der Kanton Waadt darf sich auch mit Stolz als Hochburg des internationalen Sports bezeichnen.&nbsp;<\/p>\n<\/div>\n<\/div>\n<\/div>\n\n\n\n<div style=\"height:50px\" aria-hidden=\"true\" class=\"wp-block-spacer\"><\/div>\n\n\n\n<div class=\"wp-block-columns is-layout-flex wp-container-core-columns-is-layout-9d6595d7 wp-block-columns-is-layout-flex\">\n<div class=\"wp-block-column is-layout-flow wp-block-column-is-layout-flow\">\n<figure class=\"wp-block-image size-full\"><img loading=\"lazy\" decoding=\"async\" width=\"2560\" height=\"1709\" src=\"https:\/\/www.vaud.ch\/app\/uploads\/2025\/11\/Villars-Gryon_VTT_DCARLIER_2017_07170967-scaled.jpg\" alt=\"\" class=\"wp-image-16725\" style=\"aspect-ratio:16\/9;object-fit:cover\" srcset=\"https:\/\/www.vaud.ch\/app\/uploads\/2025\/11\/Villars-Gryon_VTT_DCARLIER_2017_07170967-scaled.jpg 2560w, https:\/\/www.vaud.ch\/app\/uploads\/2025\/11\/Villars-Gryon_VTT_DCARLIER_2017_07170967-scaled-300x200.jpg 300w, https:\/\/www.vaud.ch\/app\/uploads\/2025\/11\/Villars-Gryon_VTT_DCARLIER_2017_07170967-scaled-768x513.jpg 768w, https:\/\/www.vaud.ch\/app\/uploads\/2025\/11\/Villars-Gryon_VTT_DCARLIER_2017_07170967-scaled-1024x684.jpg 1024w, https:\/\/www.vaud.ch\/app\/uploads\/2025\/11\/Villars-Gryon_VTT_DCARLIER_2017_07170967-scaled-1536x1025.jpg 1536w, https:\/\/www.vaud.ch\/app\/uploads\/2025\/11\/Villars-Gryon_VTT_DCARLIER_2017_07170967-scaled-2048x1367.jpg 2048w, https:\/\/www.vaud.ch\/app\/uploads\/2025\/11\/Villars-Gryon_VTT_DCARLIER_2017_07170967-scaled-749x500.jpg 749w\" sizes=\"auto, (max-width: 2560px) 100vw, 2560px\" \/><figcaption class=\"wp-element-caption\">D.CARLIER \/ davidcarlierphotography.com<\/figcaption><\/figure>\n<\/div>\n\n\n\n<div class=\"wp-block-column is-vertically-aligned-top is-layout-flow wp-block-column-is-layout-flow\">\n<h3 class=\"wp-block-heading\">Velo, Mountainbike und Gravelbike<\/h3>\n\n\n\n<p>Wer gern auf zwei R\u00e4dern unterwegs ist, wird im Kanton Waadt viel entdecken! Auf rund zwanzig markierten Routen aller Schwierigkeitsgrade gelangen Radfahrer durch unterschiedlichste Landschaften: an stille Seen, \u00fcber anspruchsvolle Bergp\u00e4sse, durch l\u00e4ndliche Gegenden und Weinbaugebiete. Das Gravelbike, ein vielseitiges Fahrrad zwischen Rennrad und Mountainbike, ist perfekt, um das Waadtland mit dem Velo zu erkunden. Um diese Abenteuer allen zug\u00e4nglich zu machen, ist es in den meisten Sportgesch\u00e4ften m\u00f6glich, jede Art von Fahrr\u00e4dern und E-Bikes zu mieten.&nbsp;<\/p>\n\n\n\n<div class=\"wp-block-buttons is-layout-flex wp-block-buttons-is-layout-flex\">\n<div class=\"wp-block-button\"><a class=\"wp-block-button__link wp-element-button\" href=\"https:\/\/www.vaud.ch\/de\/tourismus\/sport\/gravel\/\">Den Kanton Waadt auf zwei R\u00e4dern entdecken<\/a><\/div>\n<\/div>\n<\/div>\n<\/div>\n\n\n\n<div style=\"height:50px\" aria-hidden=\"true\" class=\"wp-block-spacer\"><\/div>\n\n\n\n<div class=\"wp-block-columns is-layout-flex wp-container-core-columns-is-layout-9d6595d7 wp-block-columns-is-layout-flex\">\n<div class=\"wp-block-column is-vertically-aligned-top is-layout-flow wp-block-column-is-layout-flow\">\n<h3 class=\"wp-block-heading\">Wanderungen und Ausfl\u00fcge<\/h3>\n\n\n\n<p>Der Kanton Waadt bietet im Sommer wie im Winter viele Ausflugsm\u00f6glichkeiten. Wanderwege unterschiedlicher Dauer und Schwierigkeit laden Sonntagsspazierg\u00e4nger und ambitionierte Sportler dazu ein, die vielen Facetten des Kantons zu entdecken, um in Einklang mit der Natur \u00fcber sich selbst hinauszuwachsen und neue Energie zu tanken. Damit diese Ausfl\u00fcge eine 100-prozentig nachhaltige Erfahrung werden, sind die Ausgangs- und Zielorte leicht mit \u00f6ffentlichen Verkehrsmitteln erreichbar.&nbsp;<\/p>\n\n\n\n<div class=\"wp-block-buttons is-layout-flex wp-block-buttons-is-layout-flex\">\n<div class=\"wp-block-button\"><a class=\"wp-block-button__link wp-element-button\" href=\"https:\/\/www.vaud.ch\/de\/tourismus\/sport\/wanderungen-und-ausfluge\/\">Wanderungen im Kanton Waadt entdecken&nbsp;&nbsp;<\/a><\/div>\n<\/div>\n<\/div>\n\n\n\n<div class=\"wp-block-column is-layout-flow wp-block-column-is-layout-flow\">\n<figure class=\"wp-block-image size-full\"><img loading=\"lazy\" decoding=\"async\" width=\"1600\" height=\"1067\" src=\"https:\/\/www.vaud.ch\/app\/uploads\/2025\/05\/Leysin-Travelita.jpg\" alt=\"\" class=\"wp-image-13229\" style=\"aspect-ratio:16\/9;object-fit:cover\" srcset=\"https:\/\/www.vaud.ch\/app\/uploads\/2025\/05\/Leysin-Travelita.jpg 1600w, https:\/\/www.vaud.ch\/app\/uploads\/2025\/05\/Leysin-Travelita-750x500.jpg 750w, https:\/\/www.vaud.ch\/app\/uploads\/2025\/05\/Leysin-Travelita-300x200.jpg 300w, https:\/\/www.vaud.ch\/app\/uploads\/2025\/05\/Leysin-Travelita-768x512.jpg 768w, https:\/\/www.vaud.ch\/app\/uploads\/2025\/05\/Leysin-Travelita-1024x683.jpg 1024w, https:\/\/www.vaud.ch\/app\/uploads\/2025\/05\/Leysin-Travelita-1536x1024.jpg 1536w\" sizes=\"auto, (max-width: 1600px) 100vw, 1600px\" \/><figcaption class=\"wp-element-caption\">Randonn\u00e9e \u00e0 Leysin<\/figcaption><\/figure>\n<\/div>\n<\/div>\n\n\n\n<div style=\"height:50px\" aria-hidden=\"true\" class=\"wp-block-spacer\"><\/div>\n\n\n\n<div class=\"wp-block-columns is-layout-flex wp-container-core-columns-is-layout-9d6595d7 wp-block-columns-is-layout-flex\">\n<div class=\"wp-block-column is-layout-flow wp-block-column-is-layout-flow\">\n<figure class=\"wp-block-image size-full\"><img loading=\"lazy\" decoding=\"async\" width=\"2560\" height=\"1440\" src=\"https:\/\/www.vaud.ch\/app\/uploads\/2025\/11\/Ski-alpin-Remontees-Mecaniques-de-Sainte-Croix-_cRemontees-Mecaniques-du-Balcon-du-Jura-Vaudois-scaled.jpg\" alt=\"\" class=\"wp-image-16687\" style=\"aspect-ratio:16\/9;object-fit:cover\" srcset=\"https:\/\/www.vaud.ch\/app\/uploads\/2025\/11\/Ski-alpin-Remontees-Mecaniques-de-Sainte-Croix-_cRemontees-Mecaniques-du-Balcon-du-Jura-Vaudois-scaled.jpg 2560w, https:\/\/www.vaud.ch\/app\/uploads\/2025\/11\/Ski-alpin-Remontees-Mecaniques-de-Sainte-Croix-_cRemontees-Mecaniques-du-Balcon-du-Jura-Vaudois-scaled-300x169.jpg 300w, https:\/\/www.vaud.ch\/app\/uploads\/2025\/11\/Ski-alpin-Remontees-Mecaniques-de-Sainte-Croix-_cRemontees-Mecaniques-du-Balcon-du-Jura-Vaudois-scaled-768x432.jpg 768w, https:\/\/www.vaud.ch\/app\/uploads\/2025\/11\/Ski-alpin-Remontees-Mecaniques-de-Sainte-Croix-_cRemontees-Mecaniques-du-Balcon-du-Jura-Vaudois-scaled-1024x576.jpg 1024w, https:\/\/www.vaud.ch\/app\/uploads\/2025\/11\/Ski-alpin-Remontees-Mecaniques-de-Sainte-Croix-_cRemontees-Mecaniques-du-Balcon-du-Jura-Vaudois-scaled-1536x864.jpg 1536w, https:\/\/www.vaud.ch\/app\/uploads\/2025\/11\/Ski-alpin-Remontees-Mecaniques-de-Sainte-Croix-_cRemontees-Mecaniques-du-Balcon-du-Jura-Vaudois-scaled-2048x1152.jpg 2048w, https:\/\/www.vaud.ch\/app\/uploads\/2025\/11\/Ski-alpin-Remontees-Mecaniques-de-Sainte-Croix-_cRemontees-Mecaniques-du-Balcon-du-Jura-Vaudois-scaled-1920x1080.jpg 1920w, https:\/\/www.vaud.ch\/app\/uploads\/2025\/11\/Ski-alpin-Remontees-Mecaniques-de-Sainte-Croix-_cRemontees-Mecaniques-du-Balcon-du-Jura-Vaudois-scaled-889x500.jpg 889w\" sizes=\"auto, (max-width: 2560px) 100vw, 2560px\" \/><figcaption class=\"wp-element-caption\">Remont\u00e9es M\u00e9caniques du Balcon du Jura Vaudois<\/figcaption><\/figure>\n<\/div>\n\n\n\n<div class=\"wp-block-column is-vertically-aligned-top is-layout-flow wp-block-column-is-layout-flow\">\n<h3 class=\"wp-block-heading\">Wintersport<\/h3>\n\n\n\n<p>Der Kanton Waadt, der sich von den Hochebenen des Juras \u00fcber den Genfersee bis auf die Gipfel der Alpen erstreckt, ist ein abwechslungsreiches Gebiet mit ungeahnten Ressourcen. Sobald der erste Schnee f\u00e4llt, verwandelt er sich in ein weisses Paradies, das manche \u00dcberraschungen bereith\u00e4lt und allen Erwartungen gerecht wird. Schneeschuhwandern, Langlaufen, rasante Abfahrten mit Schlitten, Snowboard oder Ski \u2013 s\u00e4mtliche Wintersportvergn\u00fcgen liegen nur einen Katzensprung entfernt.&nbsp;<\/p>\n\n\n\n<div class=\"wp-block-buttons is-layout-flex wp-block-buttons-is-layout-flex\">\n<div class=\"wp-block-button\"><a class=\"wp-block-button__link wp-element-button\" href=\"https:\/\/www.vaud.ch\/de\/tourismus\/sport\/wintersport\/\">Winteraktivit\u00e4ten im Kanton Waadt entdecken<\/a><\/div>\n<\/div>\n<\/div>\n<\/div>\n\n\n\n<div class=\"wp-block-group is-layout-constrained wp-block-group-is-layout-constrained\">\n        <div class=\"gallery \"  style=\"\">\n            <div class=\"gallery-slider\">\n                                            <div>\n                                <img data-lazy=\"https:\/\/www.vaud.ch\/app\/uploads\/2025\/03\/jonathanviey-4532-1000x680.jpg\" alt=\"\" class=\"skip-lazy\">\n                                                                    <figcaption class=\"wp-element-caption\">Velo Bicycle Cycling<\/figcaption>\n                                                            <\/div>\n                        \n                                                                <div>\n                                <img data-lazy=\"https:\/\/www.vaud.ch\/app\/uploads\/2025\/03\/Velo-Route-des-vignobles-08272-c-A-Swiss-With-A-Pulse_-1000x680.jpg\" alt=\"\" class=\"skip-lazy\">\n                                                                    <figcaption class=\"wp-element-caption\">Collection photos d&#039;Alain Rumpf<\/figcaption>\n                                                            <\/div>\n                        \n                                                                <div>\n                                <img data-lazy=\"https:\/\/www.vaud.ch\/app\/uploads\/2025\/04\/IMG_6221-1000x680.jpg\" alt=\"\" class=\"skip-lazy\">\n                                                            <\/div>\n                        \n                                                                <div>\n                                <img data-lazy=\"https:\/\/www.vaud.ch\/app\/uploads\/2025\/11\/CHAX-Laitemaire-c-Pays-dEnhaut-Region-1000x680.jpg\" alt=\"\" class=\"skip-lazy\">\n                                                                    <figcaption class=\"wp-element-caption\">Pays-d&#039;Enhaut R\u00e9gion<\/figcaption>\n                                                            <\/div>\n                        \n                                                                <div>\n                                <img data-lazy=\"https:\/\/www.vaud.ch\/app\/uploads\/2025\/11\/Nyon-Chateau_-c-Zoe-Rey-\u00a9-Office-du-Tourisme-du-Canton-de-Vaud-1000x680.jpg\" alt=\"\" class=\"skip-lazy\">\n                                                                    <figcaption class=\"wp-element-caption\">Nyon<\/figcaption>\n                                                            <\/div>\n                        \n                                                                <div>\n                                <img data-lazy=\"https:\/\/www.vaud.ch\/app\/uploads\/2025\/11\/YlBR-le-Chasseron-rando-\u00a9-Vincent-Bourrut-www.vincentbourrut.ch_-1000x680.jpg\" alt=\"\" class=\"skip-lazy\">\n                                                                    <figcaption class=\"wp-element-caption\">Vincent Bourrut &#8211; www.vincentbourrut.ch<\/figcaption>\n                                                            <\/div>\n                        \n                                                                <div>\n                                <img data-lazy=\"https:\/\/www.vaud.ch\/app\/uploads\/2025\/11\/Leysin-Hiver-Freeride-\u00a9-Visualps-Mathieu-Chassot-1-1000x680.jpg\" alt=\"\" class=\"skip-lazy\">\n                                                                    <figcaption class=\"wp-element-caption\">Freeride entre la Tour d&#039;Ai et la Tour de Mayen a Leysin<\/figcaption>\n                                                            <\/div>\n                        \n                                                                <div>\n                                <img data-lazy=\"https:\/\/www.vaud.ch\/app\/uploads\/2025\/11\/OH7A8976-1000x680.jpg\" alt=\"\" class=\"skip-lazy\">\n                                                                    <figcaption class=\"wp-element-caption\">Montreux Montagne Neige Mountain Snow Coucher de soleil sunset Foret Forest Raquettes snowshoes<\/figcaption>\n                                                            <\/div>\n                        \n                                                                <div>\n                                <img data-lazy=\"https:\/\/www.vaud.ch\/app\/uploads\/2025\/11\/DCARLIER-2016-CHE-VAUD-OT-6029-1000x680.jpg\" alt=\"\" class=\"skip-lazy\">\n                                                                    <figcaption class=\"wp-element-caption\">Photographer: David Carlier www.davidcarlierphotography.com<\/figcaption>\n                                                            <\/div>\n                        \n                                                <\/div>\n        <\/div>\n<\/div>\n\n\n\n<div class=\"wp-block-group is-style-section has-lightblue-color-full-background-color has-background is-layout-constrained wp-block-group-is-layout-constrained\">\n<h2 class=\"wp-block-heading has-text-align-center\">Verpassen Sie kein Sportereignis<\/h2>\n\n\n\n<div style=\"height:50px\" aria-hidden=\"true\" class=\"wp-block-spacer\"><\/div>\n\n\n    <div class=\"events-list-outer posts-list-map \"  style=\"\" data-max-post=\"4\" data-type=\"events\" data-lang=\"de\">\n        <div class=\"row\">\n            <div class=\"col-lg-5\">\n                <div class=\"filter-outer\">\n                    <div class=\"filters-tools v2 show\">\n                        <span class=\"total\">\n                            <span class=\"number\">57<\/span>\n                            Ergebnisse                        <\/span>\n                        <a href=\"#\" class=\"reset-filters with-icon d-none\">\n                            Filter zur\u00fccksetzen                            <lord-icon src=\"https:\/\/cdn.lordicon.com\/ebyacdql.json\" target=\".reset-filters\" trigger=\"hover\" colors=\"primary:#0A4069\" style=\"width:24px;height:24px\"><\/lord-icon>\n                        <\/a>\n                        <lord-icon src=\"https:\/\/cdn.lordicon.com\/gkryirhd.json\" class=\"loading-icon\" trigger=\"loop\" state=\"loop-snake\" colors=\"primary:#0a4069\" style=\"width:30px;height:30px\"><\/lord-icon>\n                    <\/div>\n                    <div class=\"mobile-filters-btn with-icon\">\n                        <span class=\"icon\">\n                            <lord-icon src=\"https:\/\/cdn.lordicon.com\/qhybrhfg.json\" target=\".mobile-filters-btn\" trigger=\"hover\" colors=\"primary:#0A4069\" state=\"hover\" style=\"width:26px;height:26px\"><\/lord-icon>\n                        <\/span>\n                        Filter                    <\/div>\n                    <div class=\"filter-inner\">\n                        <div class=\"filters v2\">\n                                                            <div class=\"filter-input search-input with-icon\">\n                                    <input type=\"text\" class=\"search\" placeholder=\"Suche\" value=\"\">\n                                    <lord-icon src=\"https:\/\/cdn.lordicon.com\/xaekjsls.json\" target=\".filter-input\" trigger=\"hover\" colors=\"primary:#0A4069\" style=\"width:30px;height:30px\"><\/lord-icon>\n                                <\/div>\n                                <div class=\"daterangepicker-input with-icon\">\n                                    <input type=\"text\" id=\"datepicker\" autocomplete=\"off\" class=\"datepicker\" placeholder=\"Daten\" value=\"\">\n                                    <lord-icon src=\"https:\/\/cdn.lordicon.com\/qjuahhae.json\" target=\".daterangepicker-input\" trigger=\"hover\" colors=\"primary:#0A4069\" style=\"width:30px;height:30px\"><\/lord-icon>\n                                    <button type=\"button\" class=\"datepicker-reset\" style=\"display: none;\">\n                                        <i class=\"fal fa-times\"><\/i>\n                                    <\/button>\n                                <\/div>\n                                                                <select class=\"types with-search\" data-placeholder=\"Suche\">\n                                    <option value=\"\">Types<\/option>\n                                                                            <option value=\"01kbhq6q0fxsptexq41bx51kmc\" >Anderes<\/option>\n                                                                            <option value=\"01kbhq6q0he3enc6mw8c0g5t9x\" >Business<\/option>\n                                                                            <option value=\"01kbhq6q0jrjsh7457hd70gsqn\" >Kino<\/option>\n                                                                            <option value=\"01kbhq6q0krcha13f5nggbvgz7\" >Konzert<\/option>\n                                                                            <option value=\"01kbhq6q0nmsm7s02w4n9fds5d\" >Konferenz<\/option>\n                                                                            <option value=\"01kbhq6q0pexs3bjp0dhapfzf7\" >Kurse &amp; Weiterbildung<\/option>\n                                                                            <option value=\"01kbhq6q0rcrw590jy6z0vhneq\" >Kochkurse und Kostproben<\/option>\n                                                                            <option value=\"01kbhq6q0sphmx67nm2dw1dnp7\" >Kultur und Kulturerbe<\/option>\n                                                                            <option value=\"01kbhq6q0twy5yvsa4ewe4fnwn\" >Ev\u00e9nements<\/option>\n                                                                            <option value=\"01kbhq6q0wnxgrdjqx65dzfn0p\" >Ausstellung<\/option>\n                                                                            <option value=\"01kbhq6q0xj1agnkpedcsaw5je\" >Feste und Festivals<\/option>\n                                                                            <option value=\"01kbhq6q0yx9dtzm6xsafzmty0\" >Gastronomie &amp; Wein<\/option>\n                                                                            <option value=\"01kbhq6q0zvqq1pf2mnn1jkksc\" >Veranstaltungen<\/option>\n                                                                            <option value=\"01kbhq6q11vgagqw13syzb7aq2\" >M\u00e4rkte<\/option>\n                                                                            <option value=\"01kbhq6q125egc1d9xqgny95h7\" >C715 &#8211; MICE [Genferseegebiet]<\/option>\n                                                                            <option value=\"01kbhq6q13n8jrt1yej60mqajt\" >Natur<\/option>\n                                                                            <option value=\"01kbhq6q14k1y0zwx269ebtfk4\" selected>Sport<\/option>\n                                                                            <option value=\"01kbhq6q169m7bnr5cxxha140s\" >Theatre und Shows<\/option>\n                                                                            <option value=\"01kbhq6q17v7hvscmxb4mpvw4m\" >Besuche und F\u00fchrungen<\/option>\n                                                                            <option value=\"01kkerp7402x3djdch9h173c0x\" >Brauchtum, Markt, Handwerk<\/option>\n                                                                            <option value=\"01kkg8sdw7vbqd51k7jxmwd9jg\" >Theater, Kino, Vorf\u00fchrung<\/option>\n                                                                            <option value=\"01kn4gfva67hfpdbqvavtvm8q2\" >Spectacle<\/option>\n                                                                            <option value=\"01kp2nnx5b6x6gbc26m4ekvepq\" >Sport<\/option>\n                                                                            <option value=\"01kp2nspr8vnp5p5898pwqyq99\" >F\u00eate<\/option>\n                                                                    <\/select>\n                                                                <select class=\"destinations with-search\" data-placeholder=\"Suche\">\n                                    <option value=\"\">Reiseziele<\/option>\n                                                                            <option value=\"01kbhq6f0sdeybeqq9zpy5pvn5\" >Aigle-Leysin-Les Mosses<\/option>\n                                                                            <option value=\"01kbhq6f0z02pm0fh2z2qmmmm3\" >Avenches Tourisme<\/option>\n                                                                            <option value=\"01kbhq6f144f0wgf98qtxczv8n\" >Echallens Tourisme<\/option>\n                                                                            <option value=\"01kbhq6f17v1w23f955n5q26gf\" >Lausanne Tourisme<\/option>\n                                                                            <option value=\"01kbhq6f1ajnfshmvbrygj5dq6\" >Montreux Riviera<\/option>\n                                                                            <option value=\"01kbhq6f1hfdzebz7avxw43j5t\" >Morges R\u00e9gion Tourisme<\/option>\n                                                                            <option value=\"01kbhq6f1p1jrttn4jhtxgmmz3\" >Moudon Tourisme<\/option>\n                                                                            <option value=\"01kbhq6f1vhhzm5gf2rvq4xxdj\" >Nyon R\u00e9gion Tourisme<\/option>\n                                                                            <option value=\"01kbhq6f20gcwnd0r20fr4rtez\" >Pays-d\u2019Enhaut Tourisme<\/option>\n                                                                            <option value=\"01kbhq6f26s7v3a536ec8hzhzq\" >Vall\u00e9e de Joux Tourisme<\/option>\n                                                                            <option value=\"01kbhq6f2c9y3drg0aa7fb43pj\" >Villars-Gryon-Les Diablerets-Bex<\/option>\n                                                                            <option value=\"01kbhq6f2h6rsvnj8egf0cchd8\" >Yverdon-les-Bains R\u00e9gion<\/option>\n                                                                            <option value=\"01kkerp73yjxqs2q9dknyy75z9\" >Lac de Morat &amp; Estavayer R\u00e9gion<\/option>\n                                                                    <\/select>\n\n                                                                    <select class=\"seasons\" id=\"event_AT290\">\n                                        <option value=\"\">Saison<\/option>\n                                                                                    <option value=\"AT290_0\" >Hiver<\/option>\n                                                                                    <option value=\"AT290_1\" >Printemps<\/option>\n                                                                                    <option value=\"AT290_2\" >\u00c9t\u00e9<\/option>\n                                                                                    <option value=\"AT290_3\" >Automne<\/option>\n                                                                            <\/select>\n                                \n                                <div class=\"accessibility\">\n                                    <input type=\"checkbox\" class=\"checkbox\" id=\"event_AT194\" name=\"event_AT194\" >\n                                    <label for=\"event_AT194\">Rollstuhlgerecht<\/label>\n                                <\/div>\n                                                    <\/div>\n                    <\/div>\n                <\/div>\n            <\/div>\n            <div class=\"col-lg-7\">\n                                    <ul class=\"view-switcher switcher-tab-nav\">\n                        <li class=\"grid-view active\" data-tab=\"1\">Raster<\/li>\n                        <li class=\"map-view\" data-tab=\"2\">Karte<\/li>\n                    <\/ul>\n                                <div class=\"switcher-tab-content\">\n                    <div class=\"switcher-tab active\" data-tab=\"1\">\n                        <div class=\"row events-list\">\n                            <div class=\"col-md-6\">\n    <a href=\"https:\/\/www.vaud.ch\/de\/tourismus\/veranstaltungen\/les-jardins-du-chateau-de-vullierens\" data-id=\"01kbhr9x7vcacgb22kec04fpns\" class=\"event-card v2\">\n        <div class=\"img-wrap\">\n                            <div class=\"event-cat\">\n                    <span>Sport<\/span>\n                <\/div>\n                                        <img decoding=\"async\" src=\"https:\/\/www.vaud.ch\/app\/themes\/child\/assets\/images\/loading-pixel.svg\" class=\"lazyload\" data-src=\"https:\/\/app.localhub.ch\/api\/image\/01kbhra7anhzg8d4pqxnemnwge\/scale\/800\" alt=\"Les Jardins du Ch\u00e2teau de Vullierens\">\n                        <button class=\"favorite-button\" data-item-title=\"Les Jardins du Ch\u00e2teau de Vullierens\" data-item-id=\"01kbhr9x7vcacgb22kec04fpns\" data-item-type=\"events\">\n                <i class=\"fas fa-heart favorite__icon favorite--enable\"><\/i>\n                <i class=\"far fa-heart favorite__icon favorite--not\"><\/i>\n            <\/button>\n        <\/div>\n        <div class=\"event-content\">\n            <h3>Les Jardins du Ch\u00e2teau de Vullierens<\/h3>\n            <div class=\"post-meta\">\n                                    <span class=\"location\"><img decoding=\"async\" src=\"https:\/\/www.vaud.ch\/app\/themes\/child\/assets\/images\/location-v2.svg\" alt=\"\" class=\"skip-lazy\">Morges R\u00e9gion Tourisme<\/span>\n                            <\/div>\n        <\/div>\n    <\/a>\n<\/div><div class=\"col-md-6\">\n    <a href=\"https:\/\/www.vaud.ch\/de\/tourismus\/veranstaltungen\/bowling-a-gogo\" data-id=\"01kbyt6jvv1qjafh6a5av43xn9\" class=\"event-card v2\">\n        <div class=\"img-wrap\">\n                            <div class=\"event-cat\">\n                    <span>Sport<\/span>\n                <\/div>\n                                        <img decoding=\"async\" src=\"https:\/\/www.vaud.ch\/app\/themes\/child\/assets\/images\/loading-pixel.svg\" class=\"lazyload\" data-src=\"https:\/\/app.localhub.ch\/api\/image\/01kbq6r7pqj2avk5z3w3htz0qq\/scale\/800\" alt=\"pistes du bowling du parc avec lumi\u00e8res bleues - pas de saison - Ch\u00e2teau-d&#039;\u0152x -  Bowling du Parc\">\n                        <button class=\"favorite-button\" data-item-title=\"Bowling \u00e0 gogo\" data-item-id=\"01kbyt6jvv1qjafh6a5av43xn9\" data-item-type=\"events\">\n                <i class=\"fas fa-heart favorite__icon favorite--enable\"><\/i>\n                <i class=\"far fa-heart favorite__icon favorite--not\"><\/i>\n            <\/button>\n        <\/div>\n        <div class=\"event-content\">\n            <h3>Bowling \u00e0 gogo<\/h3>\n            <div class=\"post-meta\">\n                                    <span class=\"location\"><img decoding=\"async\" src=\"https:\/\/www.vaud.ch\/app\/themes\/child\/assets\/images\/location-v2.svg\" alt=\"\" class=\"skip-lazy\">Pays-d\u2019Enhaut Tourisme<\/span>\n                            <\/div>\n        <\/div>\n    <\/a>\n<\/div><div class=\"col-md-6\">\n    <a href=\"https:\/\/www.vaud.ch\/de\/tourismus\/veranstaltungen\/01kp2nqy6q08av8k06r8s93yxb\" data-id=\"01kp2nqy6q08av8k06r8s93yxb\" class=\"event-card v2\">\n        <div class=\"img-wrap\">\n                            <div class=\"event-cat\">\n                    <span>Sport<\/span>\n                <\/div>\n                                        <img decoding=\"async\" src=\"https:\/\/www.vaud.ch\/app\/themes\/child\/assets\/images\/loading-pixel.svg\" class=\"lazyload\" data-src=\"https:\/\/app.localhub.ch\/api\/image\/01kp2nr9c513h2dsbk6kkx45ym\/scale\/800\" alt=\"Praktizieren Sie Mood Yoga\">\n                        <button class=\"favorite-button\" data-item-title=\"Praktizieren Sie Mood Yoga\" data-item-id=\"01kp2nqy6q08av8k06r8s93yxb\" data-item-type=\"events\">\n                <i class=\"fas fa-heart favorite__icon favorite--enable\"><\/i>\n                <i class=\"far fa-heart favorite__icon favorite--not\"><\/i>\n            <\/button>\n        <\/div>\n        <div class=\"event-content\">\n            <h3>Praktizieren Sie Mood Yoga<\/h3>\n            <div class=\"post-meta\">\n                                    <span class=\"location\"><img decoding=\"async\" src=\"https:\/\/www.vaud.ch\/app\/themes\/child\/assets\/images\/location-v2.svg\" alt=\"\" class=\"skip-lazy\">Montreux Riviera<\/span>\n                            <\/div>\n        <\/div>\n    <\/a>\n<\/div><div class=\"col-md-6\">\n    <a href=\"https:\/\/www.vaud.ch\/de\/tourismus\/veranstaltungen\/sport-im-park\" data-id=\"01kpn1dzw03szggf0h8tachdmx\" class=\"event-card v2\">\n        <div class=\"img-wrap\">\n                            <div class=\"event-cat\">\n                    <span>Sport<\/span>\n                <\/div>\n                                        <img decoding=\"async\" src=\"https:\/\/www.vaud.ch\/app\/themes\/child\/assets\/images\/loading-pixel.svg\" class=\"lazyload\" data-src=\"https:\/\/app.localhub.ch\/api\/image\/01kpn1e3233d93fhjh0zr7wvm0\/scale\/800\" alt=\"SPORT IM PARK\">\n                        <button class=\"favorite-button\" data-item-title=\"SPORT IM PARK\" data-item-id=\"01kpn1dzw03szggf0h8tachdmx\" data-item-type=\"events\">\n                <i class=\"fas fa-heart favorite__icon favorite--enable\"><\/i>\n                <i class=\"far fa-heart favorite__icon favorite--not\"><\/i>\n            <\/button>\n        <\/div>\n        <div class=\"event-content\">\n            <h3>SPORT IM PARK<\/h3>\n            <div class=\"post-meta\">\n                                    <span class=\"location\"><img decoding=\"async\" src=\"https:\/\/www.vaud.ch\/app\/themes\/child\/assets\/images\/location-v2.svg\" alt=\"\" class=\"skip-lazy\">Montreux Riviera<\/span>\n                            <\/div>\n        <\/div>\n    <\/a>\n<\/div>                        <\/div>\n                                                    <div>\n                                                                <a href=\"#\"\n                                    class=\"load-more-btn btn \"\n                                    data-page=\"1\"\n                                    data-post-per-page=\"4\">\n                                    <span>Mehr anzeigen<\/span>\n                                    <img decoding=\"async\" src=\"https:\/\/www.vaud.ch\/app\/themes\/child\/assets\/images\/loader.svg\" alt=\"\" class=\"skip-lazy\">\n                                <\/a>\n                            <\/div>\n                                            <\/div>\n                                            <div class=\"map-outer switcher-tab\" data-tab=\"2\">\n                            <div id=\"map\">\n                                <div id=\"map-loading\">\n                                    <span><lord-icon src=\"https:\/\/cdn.lordicon.com\/gkryirhd.json\" trigger=\"loop\" state=\"loop-snake\" colors=\"primary:#0a4069\" style=\"width:70px;height:70px\"><\/lord-icon><\/span>\n                                <\/div>\n                            <\/div>\n                            <div class=\"overlay-zoom\">\n                                <span class=\"desktop-msg\">\n                                    Mit STRG + Scrollrad k\u00f6nnen Sie die Karte vergr\u00f6\u00dfern                                <\/span>\n                                <span class=\"touch-msg\">\n                                    Verwenden Sie zwei Finger, um die Karte zu verschieben                                <\/span>\n                            <\/div>\n                        <\/div>\n                                    <\/div>\n            <\/div>\n        <\/div>\n    <\/div>\n\n\n            <script>\n            jQuery('#datepicker').daterangepicker({\n                \"autoApply\": true,\n                \"linkedCalendars\": false,\n                \"showCustomRangeLabel\": false,\n                \"startDate\": \"28.04.2026\",\n                \"endDate\": false,\n                \"autoUpdateInput\": false,\n                \"minDate\": \"28.04.2026\",\n                \"maxDate\": false,\n                \"value\": \"28.04.2026 - \",\n                \"locale\": {\n                    \"format\": \"DD.MM.YYYY\",\n                    \"daysOfWeek\": [\n                        \"Son\",\n                        \"Mon\",\n                        \"Die\",\n                        \"Mitt\",\n                        \"Don\",\n                        \"Fre\",\n                        \"Sam\"\n                    ],\n                    \"monthNames\": [\n                        \"<b>Januar<\/b>\",\n                        \"<b>Februar<\/b>\",\n                        \"<b>M\u00e4rz<\/b>\",\n                        \"<b>April<\/b>\",\n                        \"<b>Mai<\/b>\",\n                        \"<b>Juni<\/b>\",\n                        \"<b>Juli<\/b>\",\n                        \"<b>August<\/b>\",\n                        \"<b>September<\/b>\",\n                        \"<b>Oktober<\/b>\",\n                        \"<b>November<\/b>\",\n                        \"<b>Dezember <\/b>\"\n                    ],\n                    \"firstDay\": 1\n                },\n            });\n\n            jQuery('#datepicker').on('show.daterangepicker', function(ev, picker) {\n                jQuery(this).addClass('active');\n            });\n\n            jQuery('#datepicker').on('hide.daterangepicker', function(ev, picker) {\n                jQuery(this).removeClass('active');\n            });\n\n            jQuery('#datepicker').on('apply.daterangepicker', function(ev, picker) {\n                jQuery(this).val(picker.startDate.format('DD.MM.YYYY') + ' - ' + picker.endDate.format('DD.MM.YYYY'));\n                var $datepicker_reset = jQuery('.datepicker-reset');\n                if (jQuery('#datepicker').val() != '') {\n                    $datepicker_reset.show();\n                } else {\n                    $datepicker_reset.hide();\n                }\n            });\n\n            jQuery(document).on('click', '.datepicker-reset', function() {\n                var $el = jQuery('#datepicker');\n                var drp = $el.data('daterangepicker');\n                if (drp && typeof drp.clickCancel === 'function') {\n                    drp.clickCancel();\n                } else {\n                    \/\/ Fallback: \u00e9mettre l'\u00e9v\u00e9nement cancel\n                    $el.trigger('cancel.daterangepicker', [drp]);\n                }\n                jQuery(this).hide();\n            });\n        <\/script>\n<\/div>\n\n\n\n\n\n\n\n<div style=\"height:100px\" aria-hidden=\"true\" class=\"wp-block-spacer\"><\/div>\n\n\n\n<div class=\"wp-block-group is-style-section has-white-color-color has-green-color-background-color has-text-color has-background has-link-color wp-elements-533b2e13b723fb3c301433524a8b7f86 is-layout-flow wp-block-group-is-layout-flow\" style=\"padding-top:var(--wp--preset--spacing--80);padding-bottom:var(--wp--preset--spacing--80)\">\n    <div class=\"post-list-arrows cta-title\">\n                    <h2>Entdecken Sie weitere Ideen f\u00fcr Aktivit\u00e4ten im Kanton<\/h2>\n                <div class=\"arrows\">\n            <div class=\" prev-arrow\">\n                <img decoding=\"async\" src=\"https:\/\/www.vaud.ch\/app\/themes\/child\/assets\/images\/system-outline-161-trending-flat.svg\" alt=\"\" class=\"skip-lazy\">\n            <\/div>\n            <div class=\"next-arrow\">\n                <img decoding=\"async\" src=\"https:\/\/www.vaud.ch\/app\/themes\/child\/assets\/images\/system-outline-161-trending-flat.svg\" alt=\"\" class=\"skip-lazy\">\n            <\/div>\n        <\/div>\n\n    <\/div>\n    <div class=\"call-to-action  row  \"  style=\"margin-top:0;margin-bottom:0;\">\n                        <div class=\"col-md-3\">\n                                            <a class=\"cta-item \" href=\"https:\/\/www.vaud.ch\/de\/tourismus\/sport\/wintersport\/\" target=\"_blank\">\n                                                                                    <img data-lazy=\"https:\/\/www.vaud.ch\/app\/uploads\/2025\/11\/Les-Mosses-Hiver-Paysage-scaled-1228x500.jpg\" alt=\"Wintersport\" class=\"skip-lazy\">\n                                                        <span class=\"text\">Wintersport<\/span>\n                            <span class=\"read-more\">Mehr lesen<\/span>\n                                                    <\/a>\n                        <\/div>\n                <div class=\"col-md-3\">\n                                            <a class=\"cta-item \" href=\"https:\/\/www.vaud.ch\/de\/tourismus\/sport\/wintersport\/ski-langlauf-und-winterwanderungen\/\" target=\"_blank\">\n                                                                                    <img data-lazy=\"https:\/\/www.vaud.ch\/app\/uploads\/2025\/12\/Les-Mosses-Hiver-Ski-de-fond-\ufffd\ufffd-Visualps-Matthias-Lehmann-1-scaled-750x500.jpg\" alt=\"Skifahren, Langlaufen und Winterwandern\" class=\"skip-lazy\">\n                                                        <span class=\"text\">Skifahren, Langlaufen und Winterwandern<\/span>\n                            <span class=\"read-more\">Mehr lesen<\/span>\n                                                    <\/a>\n                        <\/div>\n                <div class=\"col-md-3\">\n                                            <a class=\"cta-item \" href=\"https:\/\/www.vaud.ch\/de\/tourismus\/sport\/wintersport\/schneeschuhwandern-und-andere-winteraktivitaten\/\" target=\"_blank\">\n                                                                                    <img data-lazy=\"https:\/\/www.vaud.ch\/app\/uploads\/2025\/12\/2.DJI_0319-scaled-625x500.jpg\" alt=\"Schneeschuhwandern und andere Winteraktivit\u00e4ten\" class=\"skip-lazy\">\n                                                        <span class=\"text\">Schneeschuhwandern und andere Winteraktivit\u00e4ten<\/span>\n                            <span class=\"read-more\">Mehr lesen<\/span>\n                                                    <\/a>\n                        <\/div>\n                <div class=\"col-md-3\">\n                                            <a class=\"cta-item \" href=\"https:\/\/www.vaud.ch\/de\/tourismus\/sport\/wintersport\/materialvermietung\/\" target=\"_blank\">\n                                                                                    <img data-lazy=\"https:\/\/www.vaud.ch\/app\/uploads\/2025\/12\/3.YlBRSte-Croix-Ski-et-sapins\u00a9-Claude-Jaccard-www-scaled-755x500.jpg\" alt=\"Materialvermietung\" class=\"skip-lazy\">\n                                                        <span class=\"text\">Materialvermietung<\/span>\n                            <span class=\"read-more\">Mehr lesen<\/span>\n                                                    <\/a>\n                        <\/div>\n                <div class=\"col-md-3\">\n                                            <a class=\"cta-item \" href=\"https:\/\/www.vaud.ch\/de\/tourismus\/sport\/wanderungen-und-ausfluge\/\" target=\"_blank\">\n                                                                                    <img data-lazy=\"https:\/\/www.vaud.ch\/app\/uploads\/2025\/12\/8.ST_3x2_Nyon-Hiking_75444-750x500.jpg\" alt=\"Wanderungen und Ausfl\u00fcge\" class=\"skip-lazy\">\n                                                        <span class=\"text\">Wanderungen und Ausfl\u00fcge<\/span>\n                            <span class=\"read-more\">Mehr lesen<\/span>\n                                                    <\/a>\n                        <\/div>\n                <div class=\"col-md-3\">\n                                            <a class=\"cta-item \" href=\"https:\/\/www.vaud.ch\/de\/tourismus\/sport\/gravel\/\" target=\"_blank\">\n                                                                                    <img data-lazy=\"https:\/\/www.vaud.ch\/app\/uploads\/2025\/04\/IMG_6317-333x500.jpg\" alt=\"Gravel im Kanton Waadt\" class=\"skip-lazy\">\n                                                        <span class=\"text\">Gravel im Kanton Waadt<\/span>\n                            <span class=\"read-more\">Mehr lesen<\/span>\n                                                    <\/a>\n                        <\/div>\n<\/div>\n\n\n\n\n<p><\/p>\n<\/div>\n","protected":false},"excerpt":{"rendered":"<p>Aufgrund seiner grossen geografischen Vielfalt ist der Kanton Waadt ein fantastisches Gebiet f\u00fcr Anh\u00e4nger von k\u00f6rperlicher Bet\u00e4tigung und Nervenkitzel. Schneesport, Wassersport, Wandern, Tanz, Radsport, Canyoning oder Paragliding: Alles ist vorhanden, um Gross und Klein im Sommer wie im Winter zu begeistern. Athleten jeden Niveaus finden hier ideale Bedingungen f\u00fcr die Aus\u00fcbung ihrer Disziplin. Der Kanton [&hellip;]<\/p>\n","protected":false},"author":17,"featured_media":12012,"parent":2452,"menu_order":0,"comment_status":"closed","ping_status":"closed","template":"","meta":{"_acf_changed":false,"footnotes":""},"class_list":["post-16499","page","type-page","status-publish","has-post-thumbnail","hentry"],"acf":[],"aioseo_notices":[],"_links":{"self":[{"href":"https:\/\/www.vaud.ch\/de\/wp-json\/wp\/v2\/pages\/16499","targetHints":{"allow":["GET"]}}],"collection":[{"href":"https:\/\/www.vaud.ch\/de\/wp-json\/wp\/v2\/pages"}],"about":[{"href":"https:\/\/www.vaud.ch\/de\/wp-json\/wp\/v2\/types\/page"}],"author":[{"embeddable":true,"href":"https:\/\/www.vaud.ch\/de\/wp-json\/wp\/v2\/users\/17"}],"replies":[{"embeddable":true,"href":"https:\/\/www.vaud.ch\/de\/wp-json\/wp\/v2\/comments?post=16499"}],"version-history":[{"count":10,"href":"https:\/\/www.vaud.ch\/de\/wp-json\/wp\/v2\/pages\/16499\/revisions"}],"predecessor-version":[{"id":20335,"href":"https:\/\/www.vaud.ch\/de\/wp-json\/wp\/v2\/pages\/16499\/revisions\/20335"}],"up":[{"embeddable":true,"href":"https:\/\/www.vaud.ch\/de\/wp-json\/wp\/v2\/pages\/2452"}],"wp:featuredmedia":[{"embeddable":true,"href":"https:\/\/www.vaud.ch\/de\/wp-json\/wp\/v2\/media\/12012"}],"wp:attachment":[{"href":"https:\/\/www.vaud.ch\/de\/wp-json\/wp\/v2\/media?parent=16499"}],"curies":[{"name":"wp","href":"https:\/\/api.w.org\/{rel}","templated":true}]}}