{"id":16514,"date":"2025-11-26T10:55:09","date_gmt":"2025-11-26T09:55:09","guid":{"rendered":"https:\/\/www.vaud.ch\/?page_id=16514"},"modified":"2025-12-08T16:37:16","modified_gmt":"2025-12-08T15:37:16","slug":"schloesser-und-museen","status":"publish","type":"page","link":"https:\/\/www.vaud.ch\/de\/tourismus\/kultur-und-erbe\/schloesser-und-museen\/","title":{"rendered":"Schl\u00f6sser und Museen"},"content":{"rendered":"<div class=\"wp-bootstrap-blocks-row row justify-content-center\">\n\t\n\n<div class=\"col-12 col-md-6 col-xl-7\">\n\t\t\t\n\n<p class=\"is-style-heading-p\">Mit achtzehn Schl\u00f6ssern, die besichtigt werden k\u00f6nnen, und noch mehr Bauwerken in Privatbesitz, die zum Teil f\u00fcr Veranstaltungen vermietet werden, ist der Kanton Waadt ein Ort mit Geschichte, wo man das Erbe der Vergangenheit zu sch\u00e4tzten weiss. Diese Burgen unterschiedlicher Gr\u00f6sse und Stilrichtung werden sorgf\u00e4ltig instandgehalten und zeigen oft vielf\u00e4ltige, interaktive Ausstellungen. Dieses reichhaltige Kulturangebot wird durch eine Vielzahl unterschiedlichster Museen im ganzen Kanton erg\u00e4nzt.<\/p>\n\n\n\n        <div class=\"gallery \"  style=\"\">\n            <div class=\"gallery-slider\">\n                                            <div>\n                                <img data-lazy=\"https:\/\/www.vaud.ch\/app\/uploads\/2023\/08\/Plateforme-10-visite-1000x680.jpg\" alt=\"Visite du Canton de Vaud \" class=\"skip-lazy\">\n                                                                    <figcaption class=\"wp-element-caption\">Switzerland Tourism\/Lorenz Richard<\/figcaption>\n                                                            <\/div>\n                        \n                                                                <div>\n                                <img data-lazy=\"https:\/\/www.vaud.ch\/app\/uploads\/2025\/01\/Galeries-MZL-1000x680.jpg\" alt=\"\" class=\"skip-lazy\">\n                                                                    <figcaption class=\"wp-element-caption\">Musee zoologique Palais de Rumine<\/figcaption>\n                                                            <\/div>\n                        \n                                                                <div>\n                                <img data-lazy=\"https:\/\/www.vaud.ch\/app\/uploads\/2025\/07\/Chateau_de_morges_et-port-\u00a9JulieMasson-1000x680.jpg\" alt=\"\" class=\"skip-lazy\">\n                                                                    <figcaption class=\"wp-element-caption\"> Julie Masson<\/figcaption>\n                                                            <\/div>\n                        \n                                                                <div>\n                                <img data-lazy=\"https:\/\/www.vaud.ch\/app\/uploads\/2025\/11\/Nyon9-1000x680.jpg\" alt=\"\" class=\"skip-lazy\">\n                                                                    <figcaption class=\"wp-element-caption\">chateau Nyon bord du lac lac leman pedalo castle shores of lake Geneva Geneva lake paddle boat<\/figcaption>\n                                                            <\/div>\n                        \n                                                                <div>\n                                <img data-lazy=\"https:\/\/www.vaud.ch\/app\/uploads\/2025\/11\/The-Olympic-Museum-\u00a9CIO-1000x680.jpg\" alt=\"\" class=\"skip-lazy\">\n                                                            <\/div>\n                        \n                                                                <div>\n                                <img data-lazy=\"https:\/\/www.vaud.ch\/app\/uploads\/2025\/11\/\u00a9-www.vision-air.ch-Cyril-Neri-1000x680.jpg\" alt=\"\" class=\"skip-lazy\">\n                                                            <\/div>\n                        \n                                                <\/div>\n        <\/div>\n\n\n\n<div style=\"height:37px\" aria-hidden=\"true\" class=\"wp-block-spacer\"><\/div>\n\n\t<\/div>\n\n<\/div>\n\n\n\n<div class=\"wp-block-columns is-layout-flex wp-container-core-columns-is-layout-9d6595d7 wp-block-columns-is-layout-flex\">\n<div class=\"wp-block-column is-vertically-aligned-top is-layout-flow wp-block-column-is-layout-flow\">\n<h2 class=\"wp-block-heading\">Museen, Aquarium und weitere Kulturst\u00e4tten<\/h2>\n\n\n\n<p>Der Kanton Waadt geh\u00f6rt zu den Regionen mit der h\u00f6chsten Museumsdichte pro Einwohner. Mit einem derartigen Angebot kommen alle Kulturliebhaber auf ihre Kosten, unabh\u00e4ngig davon, ob sie sich f\u00fcr Geschichte, lokales Kunsthandwerk oder zeitgen\u00f6ssische Kunst interessieren. Auch Gesellschaftsthemen und ber\u00fchmten G\u00e4sten werden lebendige, interaktive Ausstellungen gewidmet. Das Olympische Museum, Chaplin\u2019s World und Aquatis stossen bei Gross und Klein gleichermassen auf Begeisterung.<\/p>\n<\/div>\n<\/div>\n\n\n\n<div class=\"wp-block-columns is-layout-flex wp-container-core-columns-is-layout-9d6595d7 wp-block-columns-is-layout-flex\">\n<div class=\"wp-block-column is-layout-flow wp-block-column-is-layout-flow\">\n            <a class=\"special-link with-icon external with-img\" href=\"https:\/\/www.olympics.com\/olympisches-museum\" target=\"_blank\">\n                            <img decoding=\"async\" src=\"https:\/\/www.vaud.ch\/app\/uploads\/2025\/11\/The-Olympic-Museum-\u00a9CIO-scaled-750x500.jpg\" alt=\"Das Olympische Museum\">\n                        <div class=\"special-link-content\">\n                                    <lord-icon src=\"https:\/\/cdn.lordicon.com\/qwegujbf.json\" target=\".special-link\" trigger=\"hover\" colors=\"primary:#199573\" style=\"width:28px;height:28px\"><\/lord-icon>\n                \n                Das Olympische Museum            <\/div>\n        <\/a>\n    \n\n\n            <a class=\"special-link with-icon external with-img\" href=\"https:\/\/espacehorloger.ch\/de\" target=\"_blank\">\n                            <img decoding=\"async\" src=\"https:\/\/www.vaud.ch\/app\/uploads\/2024\/06\/\u00a9espace-horloger-collection-gideon_2000-750x500.jpeg\" alt=\"Espace Horloger Vall\u00e9e de Joux \">\n                        <div class=\"special-link-content\">\n                                    <lord-icon src=\"https:\/\/cdn.lordicon.com\/qwegujbf.json\" target=\".special-link\" trigger=\"hover\" colors=\"primary:#199573\" style=\"width:28px;height:28px\"><\/lord-icon>\n                \n                Espace Horloger Vall\u00e9e de Joux             <\/div>\n        <\/a>\n    \n\n\n            <a class=\"special-link with-icon external with-img\" href=\"https:\/\/musee-chateau-doex.ch\/de\" target=\"_blank\">\n                            <img decoding=\"async\" src=\"https:\/\/www.vaud.ch\/app\/uploads\/2025\/11\/Salle-sous-sol-2-750x500.jpg\" alt=\"Mus\u00e9e du Pays-d\u2019Enhaut - Schweizer Zentrum f\u00fcr Scherenschnitte\">\n                        <div class=\"special-link-content\">\n                                    <lord-icon src=\"https:\/\/cdn.lordicon.com\/qwegujbf.json\" target=\".special-link\" trigger=\"hover\" colors=\"primary:#199573\" style=\"width:28px;height:28px\"><\/lord-icon>\n                \n                Mus\u00e9e du Pays-d\u2019Enhaut &#8211; Schweizer Zentrum f\u00fcr Scherenschnitte            <\/div>\n        <\/a>\n    <\/div>\n\n\n\n<div class=\"wp-block-column is-layout-flow wp-block-column-is-layout-flow\">\n            <a class=\"special-link with-icon external with-img\" href=\"https:\/\/www.chaplinsworld.com\/de\" target=\"_blank\">\n                            <img decoding=\"async\" src=\"https:\/\/www.vaud.ch\/app\/uploads\/2025\/03\/Chaplins-World\u2122-\u00a9-Bubbles-Incorporated-087-studio-750x500.jpg\" alt=\"Chaplin's World by Gr\u00e9vin \">\n                        <div class=\"special-link-content\">\n                                    <lord-icon src=\"https:\/\/cdn.lordicon.com\/qwegujbf.json\" target=\".special-link\" trigger=\"hover\" colors=\"primary:#199573\" style=\"width:28px;height:28px\"><\/lord-icon>\n                \n                Chaplin&#039;s World by Gr\u00e9vin             <\/div>\n        <\/a>\n    \n\n\n            <a class=\"special-link with-icon external with-img\" href=\"https:\/\/salina-helvetica.ch\/mines\" target=\"_blank\">\n                            <img decoding=\"async\" src=\"https:\/\/www.vaud.ch\/app\/uploads\/2025\/11\/Mines-de-Sel-25_SN-747x500.jpg\" alt=\"Die Salzminen von Bex\">\n                        <div class=\"special-link-content\">\n                                    <lord-icon src=\"https:\/\/cdn.lordicon.com\/qwegujbf.json\" target=\".special-link\" trigger=\"hover\" colors=\"primary:#199573\" style=\"width:28px;height:28px\"><\/lord-icon>\n                \n                Die Salzminen von Bex            <\/div>\n        <\/a>\n    \n\n\n            <a class=\"special-link with-icon external with-img\" href=\"https:\/\/www.aquatis.ch\/de\/\" target=\"_blank\">\n                            <img decoding=\"async\" src=\"https:\/\/www.vaud.ch\/app\/uploads\/2024\/06\/Aquatis-Aquarium-Vivarium-famille-800x500.jpg\" alt=\"Aquatis - Aquarium-Vivarium \">\n                        <div class=\"special-link-content\">\n                                    <lord-icon src=\"https:\/\/cdn.lordicon.com\/qwegujbf.json\" target=\".special-link\" trigger=\"hover\" colors=\"primary:#199573\" style=\"width:28px;height:28px\"><\/lord-icon>\n                \n                Aquatis &#8211; Aquarium-Vivarium             <\/div>\n        <\/a>\n    <\/div>\n<\/div>\n\n\n\n<div style=\"height:12px\" aria-hidden=\"true\" class=\"wp-block-spacer\"><\/div>\n\n\n\n<div class=\"wp-block-columns is-layout-flex wp-container-core-columns-is-layout-9d6595d7 wp-block-columns-is-layout-flex\">\n<div class=\"wp-block-column is-vertically-aligned-top is-layout-flow wp-block-column-is-layout-flow\">\n<h2 class=\"wp-block-heading\">Burgen, Pal\u00e4ste und prachtvolle Wohnsitze<\/h2>\n\n\n\n<p>Im Kanton Waadt sind derzeit achtzehn Schl\u00f6sser, oft an den Ufern des Genfersees oder des Neuenburgersees gelegen, f\u00fcr die \u00d6ffentlichkeit zug\u00e4nglich. Sie stellen Objekte in Zusammenhang mit ihrer Geschichte aus, aber auch thematische Sammlungen. So zum Beispiel das Schloss Aigle, in dem das Museum f\u00fcr Wein und Weinbau untergebracht ist, aber auch das Schloss Prangins, ein Sitz des Schweizerischen Nationalmuseums.<\/p>\n\n\n\n<p>Die meisten dieser Burgen sind Feudalherren des Mittelalters zu verdanken. Das Schloss Grandson war Zeuge der Schlacht, in der sich Karl der K\u00fchne und die Eidgenossen bek\u00e4mpften. Die Schl\u00f6sser von Yverdon-les-Bains und Morges wurden von Savoyer F\u00fcrsten mit einem viereckigen Grundriss, dem sogenannten \u00abCarr\u00e9 savoyard\u00bb, errichtet. Mit seiner ikonischen, scheinbar auf dem Genfersee schwebenden Silhouette ist das Schloss Chillon das meistbesuchte historische Denkmal der Schweiz. Weitere Schl\u00f6sser wie diejenigen in L\u2019Isle oder Vuillerens \u00e4hneln eher Pal\u00e4sten und besitzen manchmal wundersch\u00f6ne G\u00e4rten.<\/p>\n<\/div>\n<\/div>\n\n\n\n<div style=\"height:12px\" aria-hidden=\"true\" class=\"wp-block-spacer\"><\/div>\n\n\n\n<div class=\"wp-block-columns is-layout-flex wp-container-core-columns-is-layout-9d6595d7 wp-block-columns-is-layout-flex\">\n<div class=\"wp-block-column is-layout-flow wp-block-column-is-layout-flow\">\n            <a class=\"special-link with-icon external with-img\" href=\"https:\/\/chateauaigle.ch\/de\" target=\"_blank\">\n                            <img decoding=\"async\" src=\"https:\/\/www.vaud.ch\/app\/uploads\/2025\/11\/Aigle-Chateau-c-Visualps-Matthias-Lehmann-1-750x500.jpg\" alt=\"Schloss Aigle\">\n                        <div class=\"special-link-content\">\n                                    <lord-icon src=\"https:\/\/cdn.lordicon.com\/qwegujbf.json\" target=\".special-link\" trigger=\"hover\" colors=\"primary:#199573\" style=\"width:28px;height:28px\"><\/lord-icon>\n                \n                Schloss Aigle            <\/div>\n        <\/a>\n    \n\n\n            <a class=\"special-link with-icon external with-img\" href=\"https:\/\/www.chillon.ch\/de\" target=\"_blank\">\n                            <img decoding=\"async\" src=\"https:\/\/www.vaud.ch\/app\/uploads\/2023\/08\/Chillon_197_coucher_soleil_copyright-Stephane-Engl-749x500.jpg\" alt=\"Schloss Chillon\">\n                        <div class=\"special-link-content\">\n                                    <lord-icon src=\"https:\/\/cdn.lordicon.com\/qwegujbf.json\" target=\".special-link\" trigger=\"hover\" colors=\"primary:#199573\" style=\"width:28px;height:28px\"><\/lord-icon>\n                \n                Schloss Chillon            <\/div>\n        <\/a>\n    \n\n\n            <a class=\"special-link with-icon external with-img\" href=\"https:\/\/www.chateauvullierens.ch\/de\" target=\"_blank\">\n                            <img decoding=\"async\" src=\"https:\/\/www.vaud.ch\/app\/uploads\/2025\/03\/DJI_0189_Chateau_de_Vullierens_photo_Regis_Colombo_2021.jpg-750x500.jpg\" alt=\"Schloss Vullierens\">\n                        <div class=\"special-link-content\">\n                                    <lord-icon src=\"https:\/\/cdn.lordicon.com\/qwegujbf.json\" target=\".special-link\" trigger=\"hover\" colors=\"primary:#199573\" style=\"width:28px;height:28px\"><\/lord-icon>\n                \n                Schloss Vullierens            <\/div>\n        <\/a>\n    <\/div>\n\n\n\n<div class=\"wp-block-column is-layout-flow wp-block-column-is-layout-flow\">\n            <a class=\"special-link with-icon external with-img\" href=\"https:\/\/chateau-grandson.ch\/\" target=\"_blank\">\n                            <img decoding=\"async\" src=\"https:\/\/www.vaud.ch\/app\/uploads\/2025\/11\/YlBR-Grandson-Chateau-\u00a9-onesime.ch_-667x500.jpg\" alt=\"Schloss Grandson\">\n                        <div class=\"special-link-content\">\n                                    <lord-icon src=\"https:\/\/cdn.lordicon.com\/qwegujbf.json\" target=\".special-link\" trigger=\"hover\" colors=\"primary:#199573\" style=\"width:28px;height:28px\"><\/lord-icon>\n                \n                Schloss Grandson            <\/div>\n        <\/a>\n    \n\n\n            <a class=\"special-link with-icon external with-img\" href=\"https:\/\/chateau-morges.ch\/le-chateau\/\" target=\"_self\">\n                            <img decoding=\"async\" src=\"https:\/\/www.vaud.ch\/app\/uploads\/2025\/07\/Chateau_de_morges_et-port-\u00a9JulieMasson-750x500.jpg\" alt=\"Schloss Morges\">\n                        <div class=\"special-link-content\">\n                                    <lord-icon src=\"https:\/\/cdn.lordicon.com\/qwegujbf.json\" target=\".special-link\" trigger=\"hover\" colors=\"primary:#199573\" style=\"width:28px;height:28px\"><\/lord-icon>\n                \n                Schloss Morges            <\/div>\n        <\/a>\n    \n\n\n            <a class=\"special-link with-icon internal with-img\" href=\"https:\/\/chateaudoron.ch\/de\" target=\"_blank\">\n                            <img decoding=\"async\" src=\"https:\/\/www.vaud.ch\/app\/uploads\/2025\/12\/Chateau-Oron-751x500.jpg\" alt=\"Schloss Oron\">\n                        <div class=\"special-link-content\">\n                                    <lord-icon src=\"https:\/\/cdn.lordicon.com\/zmkotitn.json\" target=\".special-link\" trigger=\"hover\" colors=\"primary:#199573\" style=\"width:28px;height:28px\"><\/lord-icon>\n                \n                Schloss Oron            <\/div>\n        <\/a>\n    <\/div>\n<\/div>\n\n\n\n<div style=\"height:12px\" aria-hidden=\"true\" class=\"wp-block-spacer\"><\/div>\n\n\n\n<div class=\"wp-block-group is-style-section has-green-color-background-color has-background is-layout-flow wp-block-group-is-layout-flow\" style=\"margin-top:0px;margin-bottom:0px\"><div class=\"wp-bootstrap-blocks-row row justify-content-center\">\n\t\n\n<div class=\"col-12 col-md-4\">\n\t\t\t\n\n<figure class=\"wp-block-image size-full\"><img loading=\"lazy\" decoding=\"async\" width=\"2000\" height=\"1419\" src=\"https:\/\/www.vaud.ch\/app\/uploads\/2023\/08\/chillon-2020_2000_montreuxriviera_MaudeRion.jpg\" alt=\"Ch\u00e2teau de Chillon dans la r\u00e9gion de Montreux\" class=\"wp-image-1779\" srcset=\"https:\/\/www.vaud.ch\/app\/uploads\/2023\/08\/chillon-2020_2000_montreuxriviera_MaudeRion.jpg 2000w, https:\/\/www.vaud.ch\/app\/uploads\/2023\/08\/chillon-2020_2000_montreuxriviera_MaudeRion-705x500.jpg 705w, https:\/\/www.vaud.ch\/app\/uploads\/2023\/08\/chillon-2020_2000_montreuxriviera_MaudeRion-300x213.jpg 300w, https:\/\/www.vaud.ch\/app\/uploads\/2023\/08\/chillon-2020_2000_montreuxriviera_MaudeRion-768x545.jpg 768w, https:\/\/www.vaud.ch\/app\/uploads\/2023\/08\/chillon-2020_2000_montreuxriviera_MaudeRion-1024x727.jpg 1024w, https:\/\/www.vaud.ch\/app\/uploads\/2023\/08\/chillon-2020_2000_montreuxriviera_MaudeRion-1536x1090.jpg 1536w\" sizes=\"auto, (max-width: 2000px) 100vw, 2000px\" \/><figcaption class=\"wp-element-caption\">Maude Rion<\/figcaption><\/figure>\n\n\t<\/div>\n\n\n\n<div class=\"col-12 col-md-4 offset-md-1\">\n\t\t\t\n\n<h2 class=\"wp-block-heading has-white-color-color has-text-color\">Und vieles mehr<\/h2>\n\n\n\n<p class=\"has-white-color-color has-text-color\">F\u00fcr Kulturliebhaber gibt es noch viele weitere Sehensw\u00fcrdigkeiten zu entdecken.<\/p>\n\n\n\n<div class=\"wp-block-buttons is-layout-flex wp-block-buttons-is-layout-flex\">\n<div class=\"wp-block-button is-style-fill\"><a class=\"wp-block-button__link wp-element-button\" href=\"https:\/\/www.vaud.ch\/de\/gastronomie-copie-copie\/\" target=\"_blank\" rel=\"noreferrer noopener\">Mehr dazu<\/a><\/div>\n<\/div>\n\n\t<\/div>\n\n<\/div>\n<\/div>\n\n\n\n<div style=\"height:100px\" aria-hidden=\"true\" class=\"wp-block-spacer\"><\/div>\n\n\n\n\n\n<div class=\"wp-block-group is-style-section has-white-color-color has-green-color-background-color has-text-color has-background has-link-color wp-elements-1ce2f75538c8104f2189624a5f3dcf56 is-layout-flow wp-block-group-is-layout-flow\" style=\"padding-top:var(--wp--preset--spacing--80);padding-bottom:var(--wp--preset--spacing--80)\">\n    <div class=\"post-list-arrows cta-title\">\n                    <h2>Autres destinations vaudoises<\/h2>\n                <div class=\"arrows\">\n            <div class=\" prev-arrow\">\n                <img decoding=\"async\" src=\"https:\/\/www.vaud.ch\/app\/themes\/child\/assets\/images\/system-outline-161-trending-flat.svg\" alt=\"\" class=\"skip-lazy\">\n            <\/div>\n            <div class=\"next-arrow\">\n                <img decoding=\"async\" src=\"https:\/\/www.vaud.ch\/app\/themes\/child\/assets\/images\/system-outline-161-trending-flat.svg\" alt=\"\" class=\"skip-lazy\">\n            <\/div>\n        <\/div>\n\n    <\/div>\n    <div class=\"call-to-action  row  \"  style=\"margin-top:0;margin-bottom:0;\">\n                        <div class=\"col-md-3\">\n                                            <a class=\"cta-item \" href=\"https:\/\/www.lacote-tourisme.ch\/fr\/\" target=\"_blank\">\n                                                                                    <img data-lazy=\"https:\/\/www.vaud.ch\/app\/uploads\/2024\/09\/chateau_nyon\u00a9-Olivier-Gisiger_swissimages.com_-750x500.jpg\" alt=\"Nyon R\u00e9gion\" class=\"skip-lazy\">\n                                                        <span class=\"text\">Nyon R\u00e9gion<\/span>\n                            <span class=\"read-more\">Mehr lesen<\/span>\n                                                    <\/a>\n                        <\/div>\n                <div class=\"col-md-3\">\n                                            <a class=\"cta-item \" href=\"https:\/\/www.alpesvaudoises.ch\/fr\/\" target=\"_blank\">\n                                                                                    <img data-lazy=\"https:\/\/www.vaud.ch\/app\/uploads\/2024\/11\/Velo-Alpes-vaudoises-00591-c-A-Swiss-With-A-Pulse-750x500.jpg\" alt=\"Alpes Vaudoises\" class=\"skip-lazy\">\n                                                        <span class=\"text\">Alpes Vaudoises<\/span>\n                            <span class=\"read-more\">Mehr lesen<\/span>\n                                                    <\/a>\n                        <\/div>\n                <div class=\"col-md-3\">\n                                            <a class=\"cta-item \" href=\"https:\/\/www.lausanne-tourisme.ch\/fr\/\" target=\"_blank\">\n                                                                                    <img data-lazy=\"https:\/\/www.vaud.ch\/app\/uploads\/2024\/06\/Lausanne.jpg\" alt=\"Lausanne\" class=\"skip-lazy\">\n                                                        <span class=\"text\">Lausanne<\/span>\n                            <span class=\"read-more\">Mehr lesen<\/span>\n                                                    <\/a>\n                        <\/div>\n                <div class=\"col-md-3\">\n                                            <a class=\"cta-item \" href=\"https:\/\/yverdonlesbainsregion.ch\/\" target=\"_blank\">\n                                                                                    <img data-lazy=\"https:\/\/www.vaud.ch\/app\/uploads\/2023\/08\/ylbr-le-chasseron-paysage-c-vincent-bourrut-www-vincentbourrut-ch-2_2000-750x500.jpg\" alt=\"Yverdon-les-Bains\" class=\"skip-lazy\">\n                                                        <span class=\"text\">Yverdon-les-Bains<\/span>\n                            <span class=\"read-more\">Mehr lesen<\/span>\n                                                    <\/a>\n                        <\/div>\n                <div class=\"col-md-3\">\n                                            <a class=\"cta-item \" href=\"https:\/\/www.myvalleedejoux.ch\/fr\/\" target=\"_blank\">\n                                                                                    <img data-lazy=\"https:\/\/www.vaud.ch\/app\/uploads\/2023\/08\/VivreVaud_ValleedeJoux_jonathanviey-0155-890x500.jpg\" alt=\"Vall\u00e9e de Joux\" class=\"skip-lazy\">\n                                                        <span class=\"text\">Vall\u00e9e de Joux<\/span>\n                            <span class=\"read-more\">Mehr lesen<\/span>\n                                                    <\/a>\n                        <\/div>\n                <div class=\"col-md-3\">\n                                            <a class=\"cta-item \" href=\"https:\/\/www.moudon-tourisme.ch\/fr\/1\/moudon-region-tourisme\" target=\"_blank\">\n                                                                                    <img data-lazy=\"https:\/\/www.vaud.ch\/app\/uploads\/2023\/08\/Moudon-752x500.jpg\" alt=\"Moudon R\u00e9gion\" class=\"skip-lazy\">\n                                                        <span class=\"text\">Moudon R\u00e9gion<\/span>\n                            <span class=\"read-more\">Mehr lesen<\/span>\n                                                    <\/a>\n                        <\/div>\n                <div class=\"col-md-3\">\n                                            <a class=\"cta-item \" href=\"https:\/\/fribourg.ch\/fr\/estavayer-payerne\/\" target=\"_blank\">\n                                                                                    <img data-lazy=\"https:\/\/www.vaud.ch\/app\/uploads\/2024\/09\/Ruelle-Payerne-printemps\u00a9ATB-Gaetan-Brugger-2024-2-332x500.jpg\" alt=\"Payerne R\u00e9gion\" class=\"skip-lazy\">\n                                                        <span class=\"text\">Payerne R\u00e9gion<\/span>\n                            <span class=\"read-more\">Mehr lesen<\/span>\n                                                    <\/a>\n                        <\/div>\n                <div class=\"col-md-3\">\n                                            <a class=\"cta-item \" href=\"https:\/\/echallens-tourisme.ch\/\" target=\"_blank\">\n                                                                                    <img data-lazy=\"https:\/\/www.vaud.ch\/app\/uploads\/2024\/07\/Musee-du-Ble-et-du-Pain-Echallens-500x500.png\" alt=\"Echallens R\u00e9gion\" class=\"skip-lazy\">\n                                                        <span class=\"text\">Echallens R\u00e9gion<\/span>\n                            <span class=\"read-more\">Mehr lesen<\/span>\n                                                    <\/a>\n                        <\/div>\n                <div class=\"col-md-3\">\n                                            <a class=\"cta-item \" href=\"https:\/\/www.avenches.ch\/fr\/\" target=\"_blank\">\n                                                                                    <img data-lazy=\"https:\/\/www.vaud.ch\/app\/uploads\/2024\/09\/VG_publiques-cAvenches-Tourisme-750x500.jpg\" alt=\"Avenches\" class=\"skip-lazy\">\n                                                        <span class=\"text\">Avenches<\/span>\n                            <span class=\"read-more\">Mehr lesen<\/span>\n                                                    <\/a>\n                        <\/div>\n                <div class=\"col-md-3\">\n                                            <a class=\"cta-item \" href=\"https:\/\/www.montreuxriviera.com\/fr\/\" target=\"_blank\">\n                                                                                    <img data-lazy=\"https:\/\/www.vaud.ch\/app\/uploads\/2025\/03\/PROMOVE_Les-avants_vue_narcisses_chablais\u00aeMontreux-1-752x500.jpg\" alt=\"Montreux Riviera\" class=\"skip-lazy\">\n                                                        <span class=\"text\">Montreux Riviera<\/span>\n                            <span class=\"read-more\">Mehr lesen<\/span>\n                                                    <\/a>\n                        <\/div>\n                <div class=\"col-md-3\">\n                                            <a class=\"cta-item \" href=\"https:\/\/www.morges-tourisme.ch\" target=\"_blank\">\n                                                                                    <img data-lazy=\"https:\/\/www.vaud.ch\/app\/uploads\/2025\/03\/Chateau-de-Morges-374x500.jpg\" alt=\"Morges R\u00e9gion\" class=\"skip-lazy\">\n                                                        <span class=\"text\">Morges R\u00e9gion<\/span>\n                            <span class=\"read-more\">Mehr lesen<\/span>\n                                                    <\/a>\n                        <\/div>\n<\/div>\n\n<\/div>\n\n\n\n<p><\/p>\n","protected":false},"excerpt":{"rendered":"<p>Museen, Aquarium und weitere Kulturst\u00e4tten Der Kanton Waadt geh\u00f6rt zu den Regionen mit der h\u00f6chsten Museumsdichte pro Einwohner. Mit einem derartigen Angebot kommen alle Kulturliebhaber auf ihre Kosten, unabh\u00e4ngig davon, ob sie sich f\u00fcr Geschichte, lokales Kunsthandwerk oder zeitgen\u00f6ssische Kunst interessieren. Auch Gesellschaftsthemen und ber\u00fchmten G\u00e4sten werden lebendige, interaktive Ausstellungen gewidmet. Das Olympische Museum, Chaplin\u2019s [&hellip;]<\/p>\n","protected":false},"author":17,"featured_media":16971,"parent":16503,"menu_order":0,"comment_status":"closed","ping_status":"closed","template":"","meta":{"_acf_changed":false,"footnotes":""},"class_list":["post-16514","page","type-page","status-publish","has-post-thumbnail","hentry"],"acf":[],"aioseo_notices":[],"_links":{"self":[{"href":"https:\/\/www.vaud.ch\/de\/wp-json\/wp\/v2\/pages\/16514","targetHints":{"allow":["GET"]}}],"collection":[{"href":"https:\/\/www.vaud.ch\/de\/wp-json\/wp\/v2\/pages"}],"about":[{"href":"https:\/\/www.vaud.ch\/de\/wp-json\/wp\/v2\/types\/page"}],"author":[{"embeddable":true,"href":"https:\/\/www.vaud.ch\/de\/wp-json\/wp\/v2\/users\/17"}],"replies":[{"embeddable":true,"href":"https:\/\/www.vaud.ch\/de\/wp-json\/wp\/v2\/comments?post=16514"}],"version-history":[{"count":7,"href":"https:\/\/www.vaud.ch\/de\/wp-json\/wp\/v2\/pages\/16514\/revisions"}],"predecessor-version":[{"id":17948,"href":"https:\/\/www.vaud.ch\/de\/wp-json\/wp\/v2\/pages\/16514\/revisions\/17948"}],"up":[{"embeddable":true,"href":"https:\/\/www.vaud.ch\/de\/wp-json\/wp\/v2\/pages\/16503"}],"wp:featuredmedia":[{"embeddable":true,"href":"https:\/\/www.vaud.ch\/de\/wp-json\/wp\/v2\/media\/16971"}],"wp:attachment":[{"href":"https:\/\/www.vaud.ch\/de\/wp-json\/wp\/v2\/media?parent=16514"}],"curies":[{"name":"wp","href":"https:\/\/api.w.org\/{rel}","templated":true}]}}