{"id":16694,"date":"2025-10-23T17:29:00","date_gmt":"2025-10-23T15:29:00","guid":{"rendered":"https:\/\/www.vaud.ch\/morges-region\/"},"modified":"2026-04-01T16:40:49","modified_gmt":"2026-04-01T14:40:49","slug":"morges-region","status":"publish","type":"page","link":"https:\/\/www.vaud.ch\/de\/tourismus\/nos-destinations\/morges-region\/","title":{"rendered":"Morges und Region\u00a0"},"content":{"rendered":"\n<div class=\"wp-block-group is-style-section is-layout-flow wp-block-group-is-layout-flow\"><div class=\"wp-bootstrap-blocks-row row justify-content-center\">\n\t\n\n<div class=\"col-12 col-md-10 col-xl-6\">\n\t\t\t\n\n\n\n<h2 class=\"wp-block-heading\" id=\"id-defini-sur-element\">Morges und Region&nbsp;<\/h2>\n\n\n\n<p class=\"is-style-heading-p\"><strong>Morges, auch \u00abBl\u00fcte des Genfersees\u00bb genannt, ist f\u00fcr seine blumenges\u00e4umte Uferpromenade und sein Schloss bekannt, das sich dort mit Blick auf den Montblanc erhebt. Die vielf\u00e4ltige Umgebung ist reich an Natursch\u00e4tzen und Gaumenfreuden.<\/strong>&nbsp;<\/p>\n\n\n\n<p>Die sch\u00f6n gestaltete Uferpromenade dieser direkt am See gelegenen Stadt \u00fcbt eine unbestreitbare Anziehungskraft aus, aber auch die Altstadt mit ihrer Fussg\u00e4ngerzone und ihren charmanten Gassen hat einiges zu bieten. Ein besonderes Vergn\u00fcgen ist, dort an Markttagen zu flanieren!<\/p>\n\n\t<\/div>\n\n<\/div>\n<\/div>\n\n\n\n<div class=\"wp-block-group is-style-section is-layout-flow wp-block-group-is-layout-flow\"><div class=\"wp-bootstrap-blocks-row row justify-content-center\">\n\t\n\n<div class=\"col-12 col-md-10\">\n\t\t\t\n\n<h3 class=\"wp-block-heading\">Die Highlights von Morges<\/h3>\n\n\n    <div class=\"events-list-outer posts-list-map \"  style=\"\" data-max-post=\"4\" data-type=\"pois\" data-lang=\"de\">\n        <div class=\"row\">\n            <div class=\"col-lg-5\">\n                <div class=\"filter-outer\">\n                    <div class=\"filters-tools v2 show\">\n                        <span class=\"total\">\n                            <span class=\"number\">223<\/span>\n                            Ergebnisse                        <\/span>\n                        <a href=\"#\" class=\"reset-filters with-icon d-none\">\n                            Filter zur\u00fccksetzen                            <lord-icon src=\"https:\/\/cdn.lordicon.com\/ebyacdql.json\" target=\".reset-filters\" trigger=\"hover\" colors=\"primary:#0A4069\" style=\"width:24px;height:24px\"><\/lord-icon>\n                        <\/a>\n                        <lord-icon src=\"https:\/\/cdn.lordicon.com\/gkryirhd.json\" class=\"loading-icon\" trigger=\"loop\" state=\"loop-snake\" colors=\"primary:#0a4069\" style=\"width:30px;height:30px\"><\/lord-icon>\n                    <\/div>\n                    <div class=\"mobile-filters-btn with-icon\">\n                        <span class=\"icon\">\n                            <lord-icon src=\"https:\/\/cdn.lordicon.com\/qhybrhfg.json\" target=\".mobile-filters-btn\" trigger=\"hover\" colors=\"primary:#0A4069\" state=\"hover\" style=\"width:26px;height:26px\"><\/lord-icon>\n                        <\/span>\n                        Filter                    <\/div>\n                    <div class=\"filter-inner\">\n                        <div class=\"filters v2\">\n                                                            <div class=\"filter-input search-input with-icon\">\n                                    <input type=\"text\" class=\"search\" placeholder=\"Suche\" value=\"\">\n                                    <lord-icon src=\"https:\/\/cdn.lordicon.com\/xaekjsls.json\" target=\".filter-input\" trigger=\"hover\" colors=\"primary:#0A4069\" style=\"width:30px;height:30px\"><\/lord-icon>\n                                <\/div>\n                                                                <select class=\"types with-search\" data-placeholder=\"Suche\">\n                                    <option value=\"\">Types<\/option>\n                                                                            <option value=\"01kbhq6pz0dbqtqty0cwtnyf5k\" >Famille<\/option>\n                                                                            <option value=\"01kbhq6pz17xw2s4913ya8410e\" >Wellness<\/option>\n                                                                            <option value=\"01kbhq6pz3bb2zp6e6xsk68wz1\" >Sommeraktivit\u00e4ten<\/option>\n                                                                            <option value=\"01kbhq6pz484896fk070ypfxf1\" >Sport &amp; Freizeit<\/option>\n                                                                            <option value=\"01kbhq6pz5764eqq96arhf9d8c\" >Winteraktivit\u00e4ten<\/option>\n                                                                            <option value=\"01kbhq6pz7y3rqsqj1f3wpbaye\" >Nature<\/option>\n                                                                            <option value=\"01kbhq6pz8j9s4vadcct8nctrj\" >Natur<\/option>\n                                                                            <option value=\"01kbhq6pz9k0and37pp76jqzf3\" >Parks<\/option>\n                                                                            <option value=\"01kbhq6pzajjthdd0ffbexdm70\" >Sport<\/option>\n                                                                            <option value=\"01kbhq6pzbtjar18zcxw1tc8ke\" >Touristische Verkehrsmittel<\/option>\n                                                                            <option value=\"01kbhq6pzevrkeysj4q3wxwzfv\" >Gesch\u00e4ftstourismus<\/option>\n                                                                            <option value=\"01kbhq6pzf2f1sz995yehqjxmx\" >Schulen &amp; Institutionen<\/option>\n                                                                            <option value=\"01kbhq6pzgtfk7hn158f706dwh\" >Hotel<\/option>\n                                                                            <option value=\"01kbhq6pzh0vxc0wtdakf313r9\" >Unterkunft<\/option>\n                                                                            <option value=\"01kbhq6pzj9t0yb27t751hyyj0\" >Informations<\/option>\n                                                                            <option value=\"01kbhq6pzmmra8mkmebfn25zpv\" >Infrastrukturen<\/option>\n                                                                            <option value=\"01kbhq6pznjepgm0p0pexrg7fv\" >Tourismusb\u00fcros<\/option>\n                                                                            <option value=\"01kbhq6pzqff75xg911vy01vmv\" >Shopping<\/option>\n                                                                            <option value=\"01kbhq6pzrr9qshb16v76zxn3w\" >Transports<\/option>\n                                                                            <option value=\"01kbhq6pzsws05nw992x8bc176\" >Ferienwohnung<\/option>\n                                                                            <option value=\"01kbhq6pzvtjdmy5am83c7tzjc\" >Campingplatz<\/option>\n                                                                            <option value=\"01kbhq6pzwskywbs76k7rc3kbq\" >Chalet<\/option>\n                                                                            <option value=\"01kbhq6pzy32phmhtq4v96aw9x\" >Gastezimmer<\/option>\n                                                                            <option value=\"01kbhq6pzz50ts4jqa63n4aebg\" >Schlafsal \/ Bergh\u00fctten<\/option>\n                                                                            <option value=\"01kbhq6q01rs896wqhzhe0eygy\" >Hotel<\/option>\n                                                                            <option value=\"01kbhq6q026w3hf0nh8dksyypg\" >Commerces<\/option>\n                                                                            <option value=\"01kbhq6q045gqm2r6esgpwfkk5\" >Kultur<\/option>\n                                                                            <option value=\"01kbhq6q051w7g4m5g4m55p9jx\" >Kultur &amp; Erbe<\/option>\n                                                                            <option value=\"01kbhq6q06m1bp94zdy5xsrrhr\" >Museen<\/option>\n                                                                            <option value=\"01kbhq6q08bkeczvd631afd16h\" >Gastronomie &amp; Wein<\/option>\n                                                                            <option value=\"01kbhq6q09f7h5pztvh94ds10n\" >Sorties<\/option>\n                                                                            <option value=\"01kbhq6q0avhryqgqmhy3g0vgc\" >Lokale Produkte<\/option>\n                                                                            <option value=\"01kbhq6q0cmct7y73xtj1mncva\" >Restaurants<\/option>\n                                                                            <option value=\"01kbhq6q0dcff7hkt2y71z46d5\" >Nachtleben<\/option>\n                                                                            <option value=\"01kp2pfy09vn846dke9zt3e4dt\" >Aventure et loisirs<\/option>\n                                                                    <\/select>\n                                                                <select class=\"destinations with-search\" data-placeholder=\"Suche\">\n                                    <option value=\"\">Reiseziele<\/option>\n                                                                            <option value=\"01kbhq6f0sdeybeqq9zpy5pvn5\" >Aigle-Leysin-Les Mosses<\/option>\n                                                                            <option value=\"01kbhq6f0z02pm0fh2z2qmmmm3\" >Avenches Tourisme<\/option>\n                                                                            <option value=\"01kbhq6f144f0wgf98qtxczv8n\" >Echallens Tourisme<\/option>\n                                                                            <option value=\"01kbhq6f17v1w23f955n5q26gf\" >Lausanne Tourisme<\/option>\n                                                                            <option value=\"01kbhq6f1ajnfshmvbrygj5dq6\" >Montreux Riviera<\/option>\n                                                                            <option value=\"01kbhq6f1hfdzebz7avxw43j5t\" selected>Morges R\u00e9gion Tourisme<\/option>\n                                                                            <option value=\"01kbhq6f1p1jrttn4jhtxgmmz3\" >Moudon Tourisme<\/option>\n                                                                            <option value=\"01kbhq6f1vhhzm5gf2rvq4xxdj\" >Nyon R\u00e9gion Tourisme<\/option>\n                                                                            <option value=\"01kbhq6f20gcwnd0r20fr4rtez\" >Pays-d\u2019Enhaut Tourisme<\/option>\n                                                                            <option value=\"01kbhq6f26s7v3a536ec8hzhzq\" >Vall\u00e9e de Joux Tourisme<\/option>\n                                                                            <option value=\"01kbhq6f2c9y3drg0aa7fb43pj\" >Villars-Gryon-Les Diablerets-Bex<\/option>\n                                                                            <option value=\"01kbhq6f2h6rsvnj8egf0cchd8\" >Yverdon-les-Bains R\u00e9gion<\/option>\n                                                                    <\/select>\n                                                                    <select class=\"seasons\" id=\"landmark_AT290\">\n                                        <option value=\"\">Saison<\/option>\n                                                                                    <option value=\"AT290_0\" >Hiver<\/option>\n                                                                                    <option value=\"AT290_1\" >Printemps<\/option>\n                                                                                    <option value=\"AT290_2\" >\u00c9t\u00e9<\/option>\n                                                                                    <option value=\"AT290_3\" >Automne<\/option>\n                                                                                    <option value=\"AT290_0\" >Hiver<\/option>\n                                                                                    <option value=\"AT290_1\" >Printemps<\/option>\n                                                                                    <option value=\"AT290_2\" >\u00c9t\u00e9<\/option>\n                                                                                    <option value=\"AT290_3\" >Automne<\/option>\n                                                                            <\/select>\n                                \n                                <div class=\"accessibility\">\n                                    <input type=\"checkbox\" class=\"checkbox\" id=\"landmark_AT194\" name=\"landmark_AT194\" >\n                                    <label for=\"landmark_AT194\">Rollstuhlgerecht<\/label>\n                                <\/div>\n                                                    <\/div>\n                    <\/div>\n                <\/div>\n            <\/div>\n            <div class=\"col-lg-7\">\n                                    <ul class=\"view-switcher switcher-tab-nav\">\n                        <li class=\"grid-view active\" data-tab=\"1\">Raster<\/li>\n                        <li class=\"map-view\" data-tab=\"2\">Karte<\/li>\n                    <\/ul>\n                                <div class=\"switcher-tab-content\">\n                    <div class=\"switcher-tab active\" data-tab=\"1\">\n                        <div class=\"row events-list\">\n                            <div class=\"col-md-6\">\n    <a href=\"https:\/\/www.vaud.ch\/de\/tourismus\/aktivitaten\/museum-alexis-forel\" data-id=\"01kbhr8dw0qzwn5jph0xdga56a\" class=\"event-card v2\">\n        <div class=\"img-wrap\">\n                            <div class=\"event-cat\">\n                    <span>Museen<\/span>\n                <\/div>\n                                        <img decoding=\"async\" src=\"https:\/\/www.vaud.ch\/app\/themes\/child\/assets\/images\/loading-pixel.svg\" class=\"lazyload\" data-src=\"https:\/\/app.localhub.ch\/api\/image\/01kbhr8exwrf3ysm7vgtm6dyzm\/scale\/800\" alt=\"Museum Alexis Forel\">\n                        <button class=\"favorite-button\" data-item-title=\"Museum Alexis Forel\" data-item-id=\"01kbhr8dw0qzwn5jph0xdga56a\" data-item-type=\"pois\">\n                <i class=\"fas fa-heart favorite__icon favorite--enable\"><\/i>\n                <i class=\"far fa-heart favorite__icon favorite--not\"><\/i>\n            <\/button>\n        <\/div>\n        <div class=\"event-content\">\n            <h3>Museum Alexis Forel<\/h3>\n            <div class=\"post-meta\">\n                                    <span class=\"location\"><img decoding=\"async\" src=\"https:\/\/www.vaud.ch\/app\/themes\/child\/assets\/images\/location-v2.svg\" alt=\"\" class=\"skip-lazy\">Morges R\u00e9gion Tourisme<\/span>\n                            <\/div>\n        <\/div>\n    <\/a>\n<\/div><div class=\"col-md-6\">\n    <a href=\"https:\/\/www.vaud.ch\/de\/tourismus\/aktivitaten\/schloss-morges-seine-museen\" data-id=\"01kbhr8dw0qzwn5jph0xdga56w\" class=\"event-card v2\">\n        <div class=\"img-wrap\">\n                            <div class=\"event-cat\">\n                    <span>Museen<\/span>\n                <\/div>\n                                        <img decoding=\"async\" src=\"https:\/\/www.vaud.ch\/app\/themes\/child\/assets\/images\/loading-pixel.svg\" class=\"lazyload\" data-src=\"https:\/\/app.localhub.ch\/api\/image\/01kbhr8kdxdz0zj4jt9zzjxd2q\/scale\/800\" alt=\"Schloss Morges &amp; seine Museen\">\n                        <button class=\"favorite-button\" data-item-title=\"Schloss Morges &amp; seine Museen\" data-item-id=\"01kbhr8dw0qzwn5jph0xdga56w\" data-item-type=\"pois\">\n                <i class=\"fas fa-heart favorite__icon favorite--enable\"><\/i>\n                <i class=\"far fa-heart favorite__icon favorite--not\"><\/i>\n            <\/button>\n        <\/div>\n        <div class=\"event-content\">\n            <h3>Schloss Morges &#038; seine Museen<\/h3>\n            <div class=\"post-meta\">\n                                    <span class=\"location\"><img decoding=\"async\" src=\"https:\/\/www.vaud.ch\/app\/themes\/child\/assets\/images\/location-v2.svg\" alt=\"\" class=\"skip-lazy\">Morges R\u00e9gion Tourisme<\/span>\n                            <\/div>\n        <\/div>\n    <\/a>\n<\/div><div class=\"col-md-6\">\n    <a href=\"https:\/\/www.vaud.ch\/de\/tourismus\/aktivitaten\/holzmuseum-im-arboretum\" data-id=\"01kbhr8dw0qzwn5jph0xdga570\" class=\"event-card v2\">\n        <div class=\"img-wrap\">\n                            <div class=\"event-cat\">\n                    <span>Museen<\/span>\n                <\/div>\n                                        <img decoding=\"async\" src=\"https:\/\/www.vaud.ch\/app\/themes\/child\/assets\/images\/loading-pixel.svg\" class=\"lazyload\" data-src=\"https:\/\/app.localhub.ch\/api\/image\/01kbhr8m0s0xzafkb9te558807\/scale\/800\" alt=\"Holzmuseum im Arboretum\">\n                        <button class=\"favorite-button\" data-item-title=\"Holzmuseum im Arboretum\" data-item-id=\"01kbhr8dw0qzwn5jph0xdga570\" data-item-type=\"pois\">\n                <i class=\"fas fa-heart favorite__icon favorite--enable\"><\/i>\n                <i class=\"far fa-heart favorite__icon favorite--not\"><\/i>\n            <\/button>\n        <\/div>\n        <div class=\"event-content\">\n            <h3>Holzmuseum im Arboretum<\/h3>\n            <div class=\"post-meta\">\n                                    <span class=\"location\"><img decoding=\"async\" src=\"https:\/\/www.vaud.ch\/app\/themes\/child\/assets\/images\/location-v2.svg\" alt=\"\" class=\"skip-lazy\">Morges R\u00e9gion Tourisme<\/span>\n                            <\/div>\n        <\/div>\n    <\/a>\n<\/div><div class=\"col-md-6\">\n    <a href=\"https:\/\/www.vaud.ch\/de\/tourismus\/aktivitaten\/pferdemuseum\" data-id=\"01kbhr8dw0qzwn5jph0xdga572\" class=\"event-card v2\">\n        <div class=\"img-wrap\">\n                            <div class=\"event-cat\">\n                    <span>Museen<\/span>\n                <\/div>\n                                        <img decoding=\"async\" src=\"https:\/\/www.vaud.ch\/app\/themes\/child\/assets\/images\/loading-pixel.svg\" class=\"lazyload\" data-src=\"https:\/\/app.localhub.ch\/api\/image\/01kbhr8mb2asbth8rxr11dxd7j\/scale\/800\" alt=\"Pferdemuseum\">\n                        <button class=\"favorite-button\" data-item-title=\"Pferdemuseum\" data-item-id=\"01kbhr8dw0qzwn5jph0xdga572\" data-item-type=\"pois\">\n                <i class=\"fas fa-heart favorite__icon favorite--enable\"><\/i>\n                <i class=\"far fa-heart favorite__icon favorite--not\"><\/i>\n            <\/button>\n        <\/div>\n        <div class=\"event-content\">\n            <h3>Pferdemuseum<\/h3>\n            <div class=\"post-meta\">\n                                    <span class=\"location\"><img decoding=\"async\" src=\"https:\/\/www.vaud.ch\/app\/themes\/child\/assets\/images\/location-v2.svg\" alt=\"\" class=\"skip-lazy\">Morges R\u00e9gion Tourisme<\/span>\n                            <\/div>\n        <\/div>\n    <\/a>\n<\/div>                        <\/div>\n                                                    <div>\n                                                                <a href=\"#\"\n                                    class=\"load-more-btn btn \"\n                                    data-page=\"1\"\n                                    data-post-per-page=\"4\">\n                                    <span>Mehr anzeigen<\/span>\n                                    <img decoding=\"async\" src=\"https:\/\/www.vaud.ch\/app\/themes\/child\/assets\/images\/loader.svg\" alt=\"\" class=\"skip-lazy\">\n                                <\/a>\n                            <\/div>\n                                            <\/div>\n                                            <div class=\"map-outer switcher-tab\" data-tab=\"2\">\n                            <div id=\"map\">\n                                <div id=\"map-loading\">\n                                    <span><lord-icon src=\"https:\/\/cdn.lordicon.com\/gkryirhd.json\" trigger=\"loop\" state=\"loop-snake\" colors=\"primary:#0a4069\" style=\"width:70px;height:70px\"><\/lord-icon><\/span>\n                                <\/div>\n                            <\/div>\n                            <div class=\"overlay-zoom\">\n                                <span class=\"desktop-msg\">\n                                    Mit STRG + Scrollrad k\u00f6nnen Sie die Karte vergr\u00f6\u00dfern                                <\/span>\n                                <span class=\"touch-msg\">\n                                    Verwenden Sie zwei Finger, um die Karte zu verschieben                                <\/span>\n                            <\/div>\n                        <\/div>\n                                    <\/div>\n            <\/div>\n        <\/div>\n    <\/div>\n\n\n    \n\t<\/div>\n\n<\/div>\n<\/div>\n\n\n\n<div class=\"wp-block-group is-style-section is-layout-flow wp-block-group-is-layout-flow\"><div class=\"wp-bootstrap-blocks-row row\">\n\t\n\n<div class=\"col-12 col-md-6\">\n\t\t\t\n\n<h2 class=\"wp-block-heading\">Ein Traumaufenthalt in der Region Waadt<\/h2>\n\n\n\n<p class=\"is-style-default\">Die den Hafen von Morges dominierende Festung erinnert an die mittelalterliche Vergangenheit der Region. In ihren ehrw\u00fcrdigen Mauern sind heute nicht weniger als f\u00fcnf Museen untergebracht. Das nur wenige Kilometer entfernte Schloss Vuillerens erinnert seinerseits eher an ein \u00abkleines Versailles\u00bb und begeistert mit seinen spektakul\u00e4ren G\u00e4rten. Das Tulpenfestival und das B\u00fccherfestival \u2013 zwei beliebte Veranstaltungen mit hohem Besucheraufkommen \u2013 verleihen der Stadt \u00fcber ihre Grenzen hinaus Ausstrahlung. <\/p>\n\n\n\n<p class=\"is-style-default\">Das dem Leben im Wasser gewidmete \u00abHaus des Flusses\u00bb und die Vogelinsel bilden eine friedliche Oase f\u00fcr Naturliebhaber. Etwas oberhalb der Stadt ist im Arboretum du Vallon eine erstaunliche Vielfalt an Pflanzen und B\u00e4umen aus aller Welt versammelt, die einen zauberhaften Rahmen f\u00fcr Familienspazierg\u00e4nge bieten.&nbsp;&nbsp;<\/p>\n\n\n\n<p class=\"is-style-default\">Die Ruhe und die Authentizit\u00e4t von Morges, gew\u00fcrzt mit einer Prise Verr\u00fccktheit, \u00fcberzeugen die Lokalbev\u00f6lkerung und Touristen, aber nicht nur! Zahlreiche Ber\u00fchmtheiten haben sich in der Region niedergelassen, so auch Audrey Hepburn, die mehr als 20\u202fJahre hier lebte.&nbsp;<\/p>\n\n\t<\/div>\n\n\n\n<div class=\"col-12 col-md-6\">\n\t\t\t\n\n<figure class=\"wp-block-image size-full\" style=\"margin-top:0px;margin-bottom:0px\"><img loading=\"lazy\" decoding=\"async\" width=\"2560\" height=\"1707\" src=\"https:\/\/www.vaud.ch\/app\/uploads\/2025\/11\/Chateau_de_morges_et-port-\u00a9JulieMasson-scaled.jpg\" alt=\"\u00a9 Julie Masson\" class=\"wp-image-16455\" style=\"aspect-ratio:1;object-fit:cover\" srcset=\"https:\/\/www.vaud.ch\/app\/uploads\/2025\/11\/Chateau_de_morges_et-port-\u00a9JulieMasson-scaled.jpg 2560w, https:\/\/www.vaud.ch\/app\/uploads\/2025\/11\/Chateau_de_morges_et-port-\u00a9JulieMasson-scaled-300x200.jpg 300w, https:\/\/www.vaud.ch\/app\/uploads\/2025\/11\/Chateau_de_morges_et-port-\u00a9JulieMasson-scaled-768x512.jpg 768w, https:\/\/www.vaud.ch\/app\/uploads\/2025\/11\/Chateau_de_morges_et-port-\u00a9JulieMasson-scaled-1024x683.jpg 1024w, https:\/\/www.vaud.ch\/app\/uploads\/2025\/11\/Chateau_de_morges_et-port-\u00a9JulieMasson-scaled-1536x1024.jpg 1536w, https:\/\/www.vaud.ch\/app\/uploads\/2025\/11\/Chateau_de_morges_et-port-\u00a9JulieMasson-scaled-2048x1366.jpg 2048w, https:\/\/www.vaud.ch\/app\/uploads\/2025\/11\/Chateau_de_morges_et-port-\u00a9JulieMasson-scaled-750x500.jpg 750w\" sizes=\"auto, (max-width: 2560px) 100vw, 2560px\" \/><\/figure>\n\n\t<\/div>\n\n<\/div>\n<\/div>\n\n\n\n    \n    <div class=\"tourism-office-section wp-block-group is-style-section has-lightblue-color-background-color has-background \"  style=\"\">\n        <div class=\"wp-bootstrap-blocks-row row is-style-left-img-text align-items-center\">\n            <div class=\"col-12 col-md-6\">\n                                    <img decoding=\"async\" src=\"https:\/\/www.vaud.ch\/app\/uploads\/2025\/10\/region-map.jpg\" alt=\"\" class=\"img-fluid\">\n                            <\/div>\n            <div class=\"col-12 col-md-6\">\n                                <p class=\"is-style-surtitle\">Ihr Tourismusb\u00fcro<\/p>\n\n                <div class=\"tourism-office-tabs\">\n                                            <h2 class=\"wp-block-heading\">\n                            Morges                         <\/h2>\n                                                                <div class=\"tourism-office-tabs-content\">\n                                    <div class=\"contact-information-wrapper active\" id=\"tourism-office-0\">\n            <table class=\"contact-information\">\n                <tbody>\n                                            <tr class=\"anime-icon\">\n                            <td>\n                                <label>\n                                    <lord-icon src=\"https:\/\/cdn.lordicon.com\/yymhadbu.json\" target=\".anime-icon\" trigger=\"hover\" colors=\"primary:#199573\" style=\"width:22px;height:22px\"><\/lord-icon>\n                                    Standort                                <\/label>\n                            <\/td>\n                            <td>\n                                                                    <a href=\"https:\/\/www.google.com\/maps\/dir\/\/Place de l'H\u00f4tel-de-Ville 1, 1110 Morges\" target=\"_blank\">Morges R\u00e9gion Tourisme<\/a>\n                                                            <\/td>\n                        <\/tr>\n                                                                <tr class=\"anime-icon\">\n                            <td>\n                                <label>\n                                    <lord-icon src=\"https:\/\/cdn.lordicon.com\/ssvybplt.json\" target=\".anime-icon\" trigger=\"hover\" colors=\"primary:#199573\" style=\"width:22px;height:22px\"><\/lord-icon>\n                                    Telefon                                <\/label>\n                            <\/td>\n                            <td>\n                                <a href=\"tel:+41 21 801 32 33\">\n                                    +41 21 801 32 33                                <\/a>\n                            <\/td>\n                        <\/tr>\n                                                                <tr class=\"anime-icon\">\n                            <td>\n                                <label>\n                                    <lord-icon src=\"https:\/\/cdn.lordicon.com\/nfsqebdc.json\" target=\".anime-icon\" trigger=\"hover\" colors=\"primary:#199573\" style=\"width:22px;height:22px\"><\/lord-icon>\n                                    E-Mail                                <\/label>\n                            <\/td>\n                            <td>\n                                <a href=\"mailto:info@morges-tourisme.ch\">\n                                    info@morges-tourisme.ch                                <\/a>\n                            <\/td>\n                        <\/tr>\n                                                                <tr class=\"anime-icon\">\n                            <td>\n                                <label>\n                                    <lord-icon src=\"https:\/\/cdn.lordicon.com\/pkagxqjy.json\" target=\".anime-icon\" trigger=\"hover\" colors=\"primary:#199573\" style=\"width:22px;height:22px\"><\/lord-icon>\n                                    Website                                <\/label>\n                            <\/td>\n                            <td>\n                                <a href=\"https:\/\/www.morges-tourisme.ch\/fr\/\" target=\"_blank\">\n                                    https:\/\/www.morges-tourisme.ch\/fr\/                                <\/a>\n                            <\/td>\n                        <\/tr>\n                                                                <tr class=\"anime-icon\">\n                            <td>\n                                <label>\n                                    <lord-icon src=\"https:\/\/cdn.lordicon.com\/nqlwocyk.json\" target=\".anime-icon\" trigger=\"hover\" colors=\"primary:#199573\" style=\"width:22px;height:22px\"><\/lord-icon>\n                                    Links                                <\/label>\n                            <\/td>\n                            <td>\n                                <ul class=\"socials-link\">\n                                    <li><a href=\"https:\/\/www.facebook.com\/morgesregiontourisme\/\" target=\"_blank\"><i class=\"fab fa-facebook-f\"><\/i><\/a><\/li><li><a href=\"https:\/\/www.instagram.com\/morgesregiontourisme\/\" target=\"_blank\"><i class=\"fab fa-instagram\"><\/i><\/a><\/li><li><a href=\"https:\/\/www.youtube.com\/user\/morgestourisme\" target=\"_blank\"><i class=\"fab fa-youtube\"><\/i><\/a><\/li><li><a href=\"https:\/\/www.linkedin.com\/company\/morges-region-tourisme\/posts\/?feedView=all\" target=\"_blank\"><i class=\"fab fa-linkedin\"><\/i><\/a><\/li>                                <\/ul>\n                            <\/td>\n                        <\/tr>\n                                                        <\/tbody>\n            <\/table>\n        <\/div>\n\n                        <\/div>\n                                    <\/div>\n            <\/div>\n        <\/div>\n    <\/div>\n\n\n\n    <div class=\"post-list-arrows cta-title\">\n                    <h2>Den Kanton Waadt entdecken<\/h2>\n                <div class=\"arrows\">\n            <div class=\" prev-arrow\">\n                <img decoding=\"async\" src=\"https:\/\/www.vaud.ch\/app\/themes\/child\/assets\/images\/system-outline-161-trending-flat.svg\" alt=\"\" class=\"skip-lazy\">\n            <\/div>\n            <div class=\"next-arrow\">\n                <img decoding=\"async\" src=\"https:\/\/www.vaud.ch\/app\/themes\/child\/assets\/images\/system-outline-161-trending-flat.svg\" alt=\"\" class=\"skip-lazy\">\n            <\/div>\n        <\/div>\n\n    <\/div>\n    <div class=\"call-to-action  row v2 \"  style=\"\">\n                        <div class=\"col-md-3\">\n                                            <a class=\"cta-item \" href=\"https:\/\/www.vaud.ch\/de\/tourismus\/veranstaltungen\/\" target=\"_self\">\n                                                                                    <img data-lazy=\"https:\/\/www.vaud.ch\/app\/uploads\/2024\/06\/ntm-sa21-nicolas-patault-01_2000-750x500.jpg\" alt=\"Veranstaltungen\" class=\"skip-lazy\">\n                                                        <span class=\"text\">Veranstaltungen<\/span>\n                            <span class=\"read-more\">Mehr lesen<\/span>\n                                                    <\/a>\n                        <\/div>\n                <div class=\"col-md-3\">\n                                            <a class=\"cta-item \" href=\"https:\/\/www.vaud.ch\/de\/tourismus\/aktivitaten\/\" target=\"_self\">\n                                                                                    <img data-lazy=\"https:\/\/www.vaud.ch\/app\/uploads\/2024\/07\/Musee-des-Beaux-Arts-Lausanne-500x500.png\" alt=\"Alle Aktivit\u00e4ten\" class=\"skip-lazy\">\n                                                        <span class=\"text\">Alle Aktivit\u00e4ten<\/span>\n                            <span class=\"read-more\">Mehr lesen<\/span>\n                                                    <\/a>\n                        <\/div>\n                <div class=\"col-md-3\">\n                                            <a class=\"cta-item \" href=\"https:\/\/www.vaud.ch\/de\/praktische-tipps\/\" target=\"_self\">\n                                                                                    <img data-lazy=\"https:\/\/www.vaud.ch\/app\/uploads\/2025\/11\/BoNoel_VP-07-scaled-750x500.jpg\" alt=\"Praktische Tipps\" class=\"skip-lazy\">\n                                                        <span class=\"text\">Praktische Tipps<\/span>\n                            <span class=\"read-more\">Mehr lesen<\/span>\n                                                    <\/a>\n                        <\/div>\n                <div class=\"col-md-3\">\n                                            <a class=\"cta-item \" href=\"https:\/\/www.vaud.ch\/de\/tourismus\/nos-destinations\/\" target=\"_self\">\n                                                                                    <img data-lazy=\"https:\/\/www.vaud.ch\/app\/uploads\/2025\/03\/lavaux-750x500.jpg\" alt=\"Unsere Reiseziele\" class=\"skip-lazy\">\n                                                        <span class=\"text\">Unsere Reiseziele<\/span>\n                            <span class=\"read-more\">Mehr lesen<\/span>\n                                                    <\/a>\n                        <\/div>\n<\/div>\n\n","protected":false},"excerpt":{"rendered":"","protected":false},"author":18,"featured_media":19862,"parent":16764,"menu_order":0,"comment_status":"closed","ping_status":"closed","template":"","meta":{"_acf_changed":false,"footnotes":""},"class_list":["post-16694","page","type-page","status-publish","has-post-thumbnail","hentry"],"acf":[],"aioseo_notices":[],"_links":{"self":[{"href":"https:\/\/www.vaud.ch\/de\/wp-json\/wp\/v2\/pages\/16694","targetHints":{"allow":["GET"]}}],"collection":[{"href":"https:\/\/www.vaud.ch\/de\/wp-json\/wp\/v2\/pages"}],"about":[{"href":"https:\/\/www.vaud.ch\/de\/wp-json\/wp\/v2\/types\/page"}],"author":[{"embeddable":true,"href":"https:\/\/www.vaud.ch\/de\/wp-json\/wp\/v2\/users\/18"}],"replies":[{"embeddable":true,"href":"https:\/\/www.vaud.ch\/de\/wp-json\/wp\/v2\/comments?post=16694"}],"version-history":[{"count":10,"href":"https:\/\/www.vaud.ch\/de\/wp-json\/wp\/v2\/pages\/16694\/revisions"}],"predecessor-version":[{"id":21091,"href":"https:\/\/www.vaud.ch\/de\/wp-json\/wp\/v2\/pages\/16694\/revisions\/21091"}],"up":[{"embeddable":true,"href":"https:\/\/www.vaud.ch\/de\/wp-json\/wp\/v2\/pages\/16764"}],"wp:featuredmedia":[{"embeddable":true,"href":"https:\/\/www.vaud.ch\/de\/wp-json\/wp\/v2\/media\/19862"}],"wp:attachment":[{"href":"https:\/\/www.vaud.ch\/de\/wp-json\/wp\/v2\/media?parent=16694"}],"curies":[{"name":"wp","href":"https:\/\/api.w.org\/{rel}","templated":true}]}}