{"id":17467,"date":"2025-12-02T12:40:25","date_gmt":"2025-12-02T11:40:25","guid":{"rendered":"https:\/\/www.vaud.ch\/?page_id=17467"},"modified":"2026-03-06T11:51:29","modified_gmt":"2026-03-06T10:51:29","slug":"wintersport","status":"publish","type":"page","link":"https:\/\/www.vaud.ch\/de\/tourismus\/sport\/wintersport\/","title":{"rendered":"Wintersport"},"content":{"rendered":"\n<div class=\"wp-block-group is-style-section is-layout-constrained wp-block-group-is-layout-constrained\">\n<p class=\"is-style-heading-p\">Der Kanton Waadt, der sich von den Hochebenen&nbsp;des Juras&nbsp;\u00fcber den Genfersee bis auf die Gipfel der Alpen erstreckt, ist ein abwechslungsreiches Gebiet mit ungeahnten Ressourcen. Sobald der erste Schnee f\u00e4llt, verwandelt er sich in ein weisses Paradies,&nbsp;das&nbsp;manche \u00dcberraschungen&nbsp;bereith\u00e4lt&nbsp;und allen Erwartungen gerecht wird.&nbsp;Schneeschuhwandern, Langlaufen, rasante Abfahrten mit Schlitten, Snowboard oder Ski \u2013 s\u00e4mtliche Wintersportvergn\u00fcgen&nbsp;liegen&nbsp;nur einen Katzensprung entfernt.<\/p>\n\n\n\n<h2 class=\"wp-block-heading has-text-align-left\">Ski&nbsp;und Winteraktivit\u00e4ten&nbsp;<\/h2>\n\n\n\n<div style=\"height:24px\" aria-hidden=\"true\" class=\"wp-block-spacer\"><\/div>\n\n\n\n<p>Auf der Suche nach unvergesslichen&nbsp;Bergfahrten, sportlichen Herausforderungen oder aussergew\u00f6hnlichen&nbsp;Wintererlebnissen?&nbsp;In den Waadtl\u00e4nder Alpen und ihren charmanten Ferienorten&nbsp;finden alle ihr&nbsp;Gl\u00fcck.&nbsp;Sei es&nbsp;mit Latten an den F\u00fcssen im gr\u00f6ssten&nbsp;Waadtl\u00e4nder Skigebiet,&nbsp;auf&nbsp;einer&nbsp;H\u00e4ngebr\u00fccke zwischen zwei Berggipfeln auf fast 3000\u202fMeter \u00fcber Meer oder&nbsp;bei einer n\u00e4chtlichen Schlittenfahrt!&nbsp;Willkommen in&nbsp;<a href=\"https:\/\/www.alpesvaudoises.ch\/de\" target=\"_blank\" rel=\"noopener\" title=\"\">Villars-Gryon \u2013 Les Diablerets<\/a>&nbsp;und dem einzigartigen Gebiet von&nbsp;Glacier\u202f3000.&nbsp;Unweit von hier lockt das Skigebiet von<a href=\"https:\/\/www.alpesvaudoises.ch\/de\" target=\"_blank\" rel=\"noopener\" title=\"\">&nbsp;Leysin \u2013 Col des Mosses<\/a>,&nbsp;das f\u00fcr seinen Snowpark und seine sonnige Lage bekannt ist,&nbsp;jedes Jahr&nbsp;unz\u00e4hlige Wintersportler an. Am Fusse der Pisten&nbsp;erm\u00f6glichen&nbsp;hier&nbsp;der&nbsp;Tobogganing&nbsp;Park&nbsp;und das Nordische Zentrum, den Schnee von einer anderen Seite kennenzulernen.<\/p>\n\n\n\n<div class=\"wp-block-group is-layout-constrained wp-block-group-is-layout-constrained\"><div class=\"wp-bootstrap-blocks-row row\">\n\t\n\n<div class=\"col-12 col-md-12\">\n\t\t\t\n\n<div class=\"wp-block-columns is-layout-flex wp-container-core-columns-is-layout-9d6595d7 wp-block-columns-is-layout-flex\">\n<div class=\"wp-block-column is-layout-flow wp-block-column-is-layout-flow\" style=\"flex-basis:100%\">\n        <div class=\"gallery \"  style=\"\">\n            <div class=\"gallery-slider\">\n                                            <div>\n                                <img data-lazy=\"https:\/\/www.vaud.ch\/app\/uploads\/2025\/12\/La-Braye-hiver-luge-1000x680.jpg\" alt=\"\" class=\"skip-lazy\">\n                                                                    <figcaption class=\"wp-element-caption\">Hiver a la Braye.<\/figcaption>\n                                                            <\/div>\n                        \n                                                                <div>\n                                <img data-lazy=\"https:\/\/www.vaud.ch\/app\/uploads\/2025\/12\/8.Randonnee-raquette-1000x680.jpg\" alt=\"\" class=\"skip-lazy\">\n                                                                    <figcaption class=\"wp-element-caption\">Mer de brouillard<\/figcaption>\n                                                            <\/div>\n                        \n                                                                <div>\n                                <img data-lazy=\"https:\/\/www.vaud.ch\/app\/uploads\/2025\/12\/7.Snow-Free-Ride-Hors-Piste-\u00a9RomanTyulyakov-VillarsT-1000x680.jpg\" alt=\"\" class=\"skip-lazy\">\n                                                            <\/div>\n                        \n                                                                <div>\n                                <img data-lazy=\"https:\/\/www.vaud.ch\/app\/uploads\/2025\/12\/DCARLIER-2016-CHE-VAUD-OT-5911-1000x680.jpg\" alt=\"\" class=\"skip-lazy\">\n                                                                    <figcaption class=\"wp-element-caption\">Photographer: David Carlier www.davidcarlierphotography.com<\/figcaption>\n                                                            <\/div>\n                        \n                                                <\/div>\n        <\/div>\n<\/div>\n<\/div>\n\n\t<\/div>\n\n<\/div>\n<\/div>\n\n\n\n<p><a href=\"https:\/\/www.alpesvaudoises.ch\/de\" target=\"_blank\" rel=\"noopener\" title=\"\">Ch\u00e2teau-d\u2019\u0152x \u2013 Rougement \u2013 Rossini\u00e8re<\/a>&nbsp;ist ein weiteres Feriengebiet im Kanton Waadt,&nbsp;das zweifelsohne&nbsp;einen Abstecher lohnt. Inmitten der Berge begeistert&nbsp;der Austragungsort des Internationalen Ballonfestivals&nbsp;mit seiner idyllischen Umgebung und seinen lebendigen Traditionen.&nbsp;Obwohl auch&nbsp;hier&nbsp;Abfahrtsski m\u00f6glich ist, stehen eher Langlauf und Winterwandern im Vordergrund.&nbsp;Unweit von&nbsp;Vevey&nbsp;und&nbsp;Montreux&nbsp;bieten&nbsp;<a href=\"https:\/\/www.montreuxriviera.com\/de\/PA358\/aktivitaten-im-winter\" target=\"_blank\" rel=\"noopener\" title=\"\">Les Rochers-de-Naye&nbsp;und&nbsp;Les&nbsp;Pl\u00e9iades<\/a>&nbsp;die perfekte Kombination aus Skiferien und Stadttourismus, mit Schneeschuhwanderungen bei Sonnenuntergang oder dem Besuch des Weihnachtsmarkts&nbsp;Montreux No\u00ebl&nbsp;als besonderen&nbsp;Attraktionen.&nbsp;<\/p>\n\n\n\n<p>Tr\u00e4umen Sie von Entspannung, langen Spazierg\u00e4ngen und m\u00e4rchenhaften Landschaften?&nbsp;Mit bis zu 1700\u202fMeter hohen Gipfeln ist der Jura ein&nbsp;beruhigender Ort mit einer intakten Natur.&nbsp;Schneebedeckte Nadelw\u00e4lder&nbsp;schaffen&nbsp;eine traumhafte Kulisse f\u00fcr Freizeitaktivit\u00e4ten wie Skilanglauf, Abfahrtsski, Eislaufen und Schneeschuhwandern.&nbsp;Oder m\u00f6chten Sie lieber in&nbsp;einem Wellness-Bereich&nbsp;relaxen?&nbsp;<a href=\"https:\/\/www.myvalleedejoux.ch\/de\/\" target=\"_blank\" rel=\"noopener\" title=\"\">Das&nbsp;Vall\u00e9e de Joux<\/a>,&nbsp;<a href=\"https:\/\/yverdonlesbainsregion.ch\/de\/aufenthalt\/unsere-region\/sainte-croix-les-rasses\/\" target=\"_blank\" rel=\"noopener\" title=\"\">Sainte-Croix \/ Les Rasses<\/a>&nbsp;und&nbsp;<a href=\"https:\/\/www.lacote-tourisme.ch\/de\/Z14674\/st-cergue\" target=\"_blank\" rel=\"noopener\" title=\"\">Saint-Cergue<\/a>&nbsp;und&nbsp;sein grenz\u00fcberschreitendes Skigebiet&nbsp;\u00abJura&nbsp;sur&nbsp;L\u00e9man\u00bb&nbsp;sind bei Familien und Feinschmeckern beliebte Ferienziele.&nbsp;&nbsp;<\/p>\n\n\n\n<div style=\"height:140px\" aria-hidden=\"true\" class=\"wp-block-spacer\"><\/div>\n\n\n\n<h3 class=\"wp-block-heading\">N\u00fctzliche Links f\u00fcr Routen und Freizeitaktivit\u00e4ten im Winter:&nbsp;<\/h3>\n<\/div>\n\n\n\n<div class=\"wp-block-columns is-layout-flex wp-container-core-columns-is-layout-9d6595d7 wp-block-columns-is-layout-flex\">\n<div class=\"wp-block-column is-vertically-aligned-top is-layout-flow wp-block-column-is-layout-flow\">\n<h3 class=\"wp-block-heading\">Ski, Langlaufski und Winterwanderungen<\/h3>\n\n\n\n<p>Ob Sie ein Fan von Skiabfahrten sind, sich f\u00fcr Langlauf begeistern oder Winterwanderungen lieben \u2013 auf dieser Seite finden Sie all unsere Destinationen, an denen Sie die Freuden des Schnees in vollen Z\u00fcgen genie\u00dfen k\u00f6nnen. Lassen Sie sich zu den besten Orten f\u00fchren, um zu gleiten, zu entdecken und den Winter in seiner ganzen Pracht einzuatmen, und planen Sie Ihren n\u00e4chsten Ausflug in au\u00dfergew\u00f6hnlich verschneite Landschaften.<\/p>\n\n\n\n<div class=\"wp-block-buttons is-layout-flex wp-block-buttons-is-layout-flex\">\n<div class=\"wp-block-button\"><a class=\"wp-block-button__link wp-element-button\" href=\"https:\/\/www.vaud.ch\/de\/tourismus\/sport\/wintersport\/ski-langlauf-und-winterwanderungen\/\">Entdecken Sie die Routen<\/a><\/div>\n<\/div>\n<\/div>\n\n\n\n<div class=\"wp-block-column is-layout-flow wp-block-column-is-layout-flow\">\n<figure class=\"wp-block-image size-full\"><img loading=\"lazy\" decoding=\"async\" width=\"2560\" height=\"1707\" src=\"https:\/\/www.vaud.ch\/app\/uploads\/2025\/12\/Les-Mosses-Hiver-Ski-de-fond-\ufffd\ufffd-Visualps-Matthias-Lehmann-1-scaled.jpg\" alt=\"\" class=\"wp-image-17951\" style=\"aspect-ratio:16\/9;object-fit:cover\" srcset=\"https:\/\/www.vaud.ch\/app\/uploads\/2025\/12\/Les-Mosses-Hiver-Ski-de-fond-\ufffd\ufffd-Visualps-Matthias-Lehmann-1-scaled.jpg 2560w, https:\/\/www.vaud.ch\/app\/uploads\/2025\/12\/Les-Mosses-Hiver-Ski-de-fond-\ufffd\ufffd-Visualps-Matthias-Lehmann-1-scaled-300x200.jpg 300w, https:\/\/www.vaud.ch\/app\/uploads\/2025\/12\/Les-Mosses-Hiver-Ski-de-fond-\ufffd\ufffd-Visualps-Matthias-Lehmann-1-scaled-768x512.jpg 768w, https:\/\/www.vaud.ch\/app\/uploads\/2025\/12\/Les-Mosses-Hiver-Ski-de-fond-\ufffd\ufffd-Visualps-Matthias-Lehmann-1-scaled-1024x683.jpg 1024w, https:\/\/www.vaud.ch\/app\/uploads\/2025\/12\/Les-Mosses-Hiver-Ski-de-fond-\ufffd\ufffd-Visualps-Matthias-Lehmann-1-scaled-1536x1024.jpg 1536w, https:\/\/www.vaud.ch\/app\/uploads\/2025\/12\/Les-Mosses-Hiver-Ski-de-fond-\ufffd\ufffd-Visualps-Matthias-Lehmann-1-scaled-2048x1366.jpg 2048w, https:\/\/www.vaud.ch\/app\/uploads\/2025\/12\/Les-Mosses-Hiver-Ski-de-fond-\ufffd\ufffd-Visualps-Matthias-Lehmann-1-scaled-750x500.jpg 750w\" sizes=\"auto, (max-width: 2560px) 100vw, 2560px\" \/><figcaption class=\"wp-element-caption\">Ski de fond aux Mosses<\/figcaption><\/figure>\n<\/div>\n<\/div>\n\n\n\n<div class=\"wp-block-columns is-layout-flex wp-container-core-columns-is-layout-9d6595d7 wp-block-columns-is-layout-flex\">\n<div class=\"wp-block-column is-layout-flow wp-block-column-is-layout-flow\">\n<figure class=\"wp-block-image size-full\"><img loading=\"lazy\" decoding=\"async\" width=\"2560\" height=\"2048\" src=\"https:\/\/www.vaud.ch\/app\/uploads\/2025\/12\/2.DJI_0319-scaled.jpg\" alt=\"\" class=\"wp-image-17811\" style=\"aspect-ratio:16\/9;object-fit:cover\" srcset=\"https:\/\/www.vaud.ch\/app\/uploads\/2025\/12\/2.DJI_0319-scaled.jpg 2560w, https:\/\/www.vaud.ch\/app\/uploads\/2025\/12\/2.DJI_0319-scaled-300x240.jpg 300w, https:\/\/www.vaud.ch\/app\/uploads\/2025\/12\/2.DJI_0319-scaled-768x614.jpg 768w, https:\/\/www.vaud.ch\/app\/uploads\/2025\/12\/2.DJI_0319-scaled-1024x819.jpg 1024w, https:\/\/www.vaud.ch\/app\/uploads\/2025\/12\/2.DJI_0319-scaled-1536x1229.jpg 1536w, https:\/\/www.vaud.ch\/app\/uploads\/2025\/12\/2.DJI_0319-scaled-2048x1638.jpg 2048w, https:\/\/www.vaud.ch\/app\/uploads\/2025\/12\/2.DJI_0319-scaled-625x500.jpg 625w\" sizes=\"auto, (max-width: 2560px) 100vw, 2560px\" \/><\/figure>\n<\/div>\n\n\n\n<div class=\"wp-block-column is-vertically-aligned-top is-layout-flow wp-block-column-is-layout-flow\">\n<h3 class=\"wp-block-heading\">Schneeschuhwanderungen und weitere Winteraktivit\u00e4ten<\/h3>\n\n\n\n<p>Ob Sie rasante Schlittelerlebnisse suchen, leidenschaftlich gerne mit Schneeschuhen unterwegs sind oder einfach nur m\u00e4rchenhafte Winterlandschaften geniessen m\u00f6chten \u2013 auf dieser Seite finden Sie die besten Orte, um die Wintersaison in vollen Z\u00fcgen zu erleben. Entdecken Sie unsere Destinationen, lassen Sie sich inspirieren und freuen Sie sich auf unvergessliche Momente mitten im Winter.<\/p>\n\n\n\n<div class=\"wp-block-buttons is-layout-flex wp-block-buttons-is-layout-flex\">\n<div class=\"wp-block-button\"><a class=\"wp-block-button__link wp-element-button\" href=\"https:\/\/www.vaud.ch\/de\/tourismus\/sport\/wintersport\/schneeschuhwandern-und-andere-winteraktivitaten\/\">Entdecken Sie die Routen<\/a><\/div>\n<\/div>\n<\/div>\n<\/div>\n\n\n\n<div class=\"wp-block-columns is-layout-flex wp-container-core-columns-is-layout-9d6595d7 wp-block-columns-is-layout-flex\">\n<div class=\"wp-block-column is-vertically-aligned-top is-layout-flow wp-block-column-is-layout-flow\">\n<h3 class=\"wp-block-heading\">Materialvermietung<\/h3>\n\n\n\n<p>Sie m\u00f6chten den Schnee geniessen und die Landschaften des Kantons Waadt entdecken, wissen aber nicht, wo Sie die passende Ausr\u00fcstung finden? Auf den Websites der Destinationen finden Sie alle n\u00f6tigen Informationen zur Organisation Ihrer Winteraktivit\u00e4ten \u2013 darunter auch die verschiedenen M\u00f6glichkeiten zur Materialmiete. Folgen Sie einfach dem untenstehenden Link, um Ihren Besuch optimal vorzubereiten.<\/p>\n\n\n\n<div class=\"wp-block-buttons is-layout-flex wp-block-buttons-is-layout-flex\">\n<div class=\"wp-block-button\"><a class=\"wp-block-button__link wp-element-button\" href=\"https:\/\/www.vaud.ch\/de\/tourismus\/sport\/wintersport\/materialvermietung\/\">Materialvermietung<\/a><\/div>\n<\/div>\n<\/div>\n\n\n\n<div class=\"wp-block-column is-layout-flow wp-block-column-is-layout-flow\">\n<figure class=\"wp-block-image size-full\"><img loading=\"lazy\" decoding=\"async\" width=\"2560\" height=\"1696\" src=\"https:\/\/www.vaud.ch\/app\/uploads\/2025\/11\/YlBRSte-Croix-Ski-et-sapins\u00a9-Claude-Jaccard-www-scaled.jpg\" alt=\"\" class=\"wp-image-17581\" style=\"aspect-ratio:16\/9;object-fit:cover\" srcset=\"https:\/\/www.vaud.ch\/app\/uploads\/2025\/11\/YlBRSte-Croix-Ski-et-sapins\u00a9-Claude-Jaccard-www-scaled.jpg 2560w, https:\/\/www.vaud.ch\/app\/uploads\/2025\/11\/YlBRSte-Croix-Ski-et-sapins\u00a9-Claude-Jaccard-www-scaled-300x199.jpg 300w, https:\/\/www.vaud.ch\/app\/uploads\/2025\/11\/YlBRSte-Croix-Ski-et-sapins\u00a9-Claude-Jaccard-www-scaled-768x509.jpg 768w, https:\/\/www.vaud.ch\/app\/uploads\/2025\/11\/YlBRSte-Croix-Ski-et-sapins\u00a9-Claude-Jaccard-www-scaled-1024x678.jpg 1024w, https:\/\/www.vaud.ch\/app\/uploads\/2025\/11\/YlBRSte-Croix-Ski-et-sapins\u00a9-Claude-Jaccard-www-scaled-1536x1018.jpg 1536w, https:\/\/www.vaud.ch\/app\/uploads\/2025\/11\/YlBRSte-Croix-Ski-et-sapins\u00a9-Claude-Jaccard-www-scaled-2048x1357.jpg 2048w, https:\/\/www.vaud.ch\/app\/uploads\/2025\/11\/YlBRSte-Croix-Ski-et-sapins\u00a9-Claude-Jaccard-www-scaled-755x500.jpg 755w\" sizes=\"auto, (max-width: 2560px) 100vw, 2560px\" \/><figcaption class=\"wp-element-caption\">Claude Jaccard<\/figcaption><\/figure>\n<\/div>\n<\/div>\n\n\n\n<div style=\"height:100px\" aria-hidden=\"true\" class=\"wp-block-spacer\"><\/div>\n\n\n\n<div class=\"wp-block-group is-layout-constrained wp-block-group-is-layout-constrained\">\n<h3 class=\"wp-block-heading has-text-align-center\">Nach der Anstrengung kommt die Belohnung!<\/h3>\n\n\n\n<p class=\"is-style-heading-p\">Auf den verschneiten Wegen lassen Sie sich zu gem\u00fctlichen H\u00fctten f\u00fchren, in denen Sie die D\u00fcfte der Berge und regionale K\u00f6stlichkeiten erwarten. Eine perfekte Rast mitten im Winter.<\/p>\n\n\n<div class=\"wp-bootstrap-blocks-row row\">\n\t\n\n<div class=\"col-12 col-md-6\">\n\t\t\t\n\n            <a class=\"special-link with-icon external with-img\" href=\"https:\/\/www.alpesvaudoises.ch\/de\/G4135\/leysin\/bergrestaurants-und-buvetten-in-leysin\" target=\"_blank\">\n                            <img decoding=\"async\" src=\"https:\/\/www.vaud.ch\/app\/uploads\/2025\/12\/2.Leysin-Kuklos-c-Visualps-scaled-751x500.jpg\" alt=\"Leysin\">\n                        <div class=\"special-link-content\">\n                                    <lord-icon src=\"https:\/\/cdn.lordicon.com\/qwegujbf.json\" target=\".special-link\" trigger=\"hover\" colors=\"primary:#199573\" style=\"width:28px;height:28px\"><\/lord-icon>\n                \n                Leysin            <\/div>\n        <\/a>\n    \n\n\n            <a class=\"special-link with-icon external with-img\" href=\"https:\/\/www.alpesvaudoises.ch\/de\/G4234\/hohenrestaurants-und-buvetten-in-les-mosses\" target=\"_blank\">\n                            <img decoding=\"async\" src=\"https:\/\/www.vaud.ch\/app\/uploads\/2025\/12\/les-mosses-889x500.jpg\" alt=\"Les Mosses\">\n                        <div class=\"special-link-content\">\n                                    <lord-icon src=\"https:\/\/cdn.lordicon.com\/qwegujbf.json\" target=\".special-link\" trigger=\"hover\" colors=\"primary:#199573\" style=\"width:28px;height:28px\"><\/lord-icon>\n                \n                Les Mosses            <\/div>\n        <\/a>\n    \n\n\n            <a class=\"special-link with-icon external with-img\" href=\"https:\/\/www.alpesvaudoises.ch\/de\/G133\/pays-d&#039;enhaut\/berg-restaurants\" target=\"_blank\">\n                            <img decoding=\"async\" src=\"https:\/\/www.vaud.ch\/app\/uploads\/2025\/12\/4.Rougemont-Buvette-de-Rubloz-c-Visualps-3-scaled-751x500.jpg\" alt=\"Pays d'Enhaut\">\n                        <div class=\"special-link-content\">\n                                    <lord-icon src=\"https:\/\/cdn.lordicon.com\/qwegujbf.json\" target=\".special-link\" trigger=\"hover\" colors=\"primary:#199573\" style=\"width:28px;height:28px\"><\/lord-icon>\n                \n                Pays d&#039;Enhaut            <\/div>\n        <\/a>\n    \n\n\n            <a class=\"special-link with-icon external with-img\" href=\"https:\/\/www.montreuxriviera.com\/de\/G12\/restaurants?filter=altitude\" target=\"_blank\">\n                            <img decoding=\"async\" src=\"https:\/\/www.vaud.ch\/app\/uploads\/2025\/12\/1.DJI_0336-scaled-625x500.jpg\" alt=\"Montreux Riviera\">\n                        <div class=\"special-link-content\">\n                                    <lord-icon src=\"https:\/\/cdn.lordicon.com\/qwegujbf.json\" target=\".special-link\" trigger=\"hover\" colors=\"primary:#199573\" style=\"width:28px;height:28px\"><\/lord-icon>\n                \n                Montreux Riviera            <\/div>\n        <\/a>\n    \n\n\n            <a class=\"special-link with-icon external with-img\" href=\"https:\/\/www.morges-tourisme.ch\/de\/G1097\/bars-almhuetten?\" target=\"_self\">\n                            <img decoding=\"async\" src=\"https:\/\/www.vaud.ch\/app\/uploads\/2025\/12\/Chatel-Mollendruz-1-scaled-667x500.jpg\" alt=\"Morges\">\n                        <div class=\"special-link-content\">\n                                    <lord-icon src=\"https:\/\/cdn.lordicon.com\/qwegujbf.json\" target=\".special-link\" trigger=\"hover\" colors=\"primary:#199573\" style=\"width:28px;height:28px\"><\/lord-icon>\n                \n                Morges            <\/div>\n        <\/a>\n    \n\n\n            <a class=\"special-link with-icon external with-img\" href=\"https:\/\/www.moudon-tourisme.ch\/de\/Z32430\/logement-pour-pelerin?\" target=\"_blank\">\n                            <img decoding=\"async\" src=\"https:\/\/www.vaud.ch\/app\/uploads\/2025\/12\/Design-sans-titre-4-889x500.jpg\" alt=\"Moudon R\u00e9gion\">\n                        <div class=\"special-link-content\">\n                                    <lord-icon src=\"https:\/\/cdn.lordicon.com\/qwegujbf.json\" target=\".special-link\" trigger=\"hover\" colors=\"primary:#199573\" style=\"width:28px;height:28px\"><\/lord-icon>\n                \n                Moudon R\u00e9gion            <\/div>\n        <\/a>\n    \n\t<\/div>\n\n\n\n<div class=\"col-12 col-md-6\">\n\t\t\t\n\n            <a class=\"special-link with-icon external with-img\" href=\"https:\/\/www.alpesvaudoises.ch\/de\/G4043\/les-diablerets\/die-bergrestaurants-und-buvetten-in-les-diablerets.\" target=\"_blank\">\n                            <img decoding=\"async\" src=\"https:\/\/www.vaud.ch\/app\/uploads\/2025\/12\/Les-Diablerets-Roman-Tyulyakov-11-scaled-750x500.jpg\" alt=\"Les Diablerets\">\n                        <div class=\"special-link-content\">\n                                    <lord-icon src=\"https:\/\/cdn.lordicon.com\/qwegujbf.json\" target=\".special-link\" trigger=\"hover\" colors=\"primary:#199573\" style=\"width:28px;height:28px\"><\/lord-icon>\n                \n                Les Diablerets            <\/div>\n        <\/a>\n    \n\n\n            <a class=\"special-link with-icon external with-img\" href=\"https:\/\/www.alpesvaudoises.ch\/de\/G3828\/bex\/restaurants-und-bars-in-den-bergen-in-bex\" target=\"_blank\">\n                            <img decoding=\"async\" src=\"https:\/\/www.vaud.ch\/app\/uploads\/2025\/12\/Amoureux-du-monde_Villars_0295_raw-scaled-667x500.jpg\" alt=\"Bex\">\n                        <div class=\"special-link-content\">\n                                    <lord-icon src=\"https:\/\/cdn.lordicon.com\/qwegujbf.json\" target=\".special-link\" trigger=\"hover\" colors=\"primary:#199573\" style=\"width:28px;height:28px\"><\/lord-icon>\n                \n                Bex            <\/div>\n        <\/a>\n    \n\n\n            <a class=\"special-link with-icon external with-img\" href=\"https:\/\/www.alpesvaudoises.ch\/de\/G3856\/gryon\/die-bergrestaurants-und-buvetten-in-gryon.\" target=\"_blank\">\n                            <img decoding=\"async\" src=\"https:\/\/www.vaud.ch\/app\/uploads\/2025\/12\/3.Gryon-Cergnement-c-Jeremy-Blatti-3-scaled-750x500.jpg\" alt=\"Gryon\">\n                        <div class=\"special-link-content\">\n                                    <lord-icon src=\"https:\/\/cdn.lordicon.com\/qwegujbf.json\" target=\".special-link\" trigger=\"hover\" colors=\"primary:#199573\" style=\"width:28px;height:28px\"><\/lord-icon>\n                \n                Gryon            <\/div>\n        <\/a>\n    \n\n\n            <a class=\"special-link with-icon external with-img\" href=\"https:\/\/www.alpesvaudoises.ch\/de\/G4051\/villars\/restaurants-und-bars-in-den-hohenlagen-von-villars\" target=\"_blank\">\n                            <img decoding=\"async\" src=\"https:\/\/www.vaud.ch\/app\/uploads\/2025\/12\/Design-sans-titre-3-889x500.jpg\" alt=\"Villars\">\n                        <div class=\"special-link-content\">\n                                    <lord-icon src=\"https:\/\/cdn.lordicon.com\/qwegujbf.json\" target=\".special-link\" trigger=\"hover\" colors=\"primary:#199573\" style=\"width:28px;height:28px\"><\/lord-icon>\n                \n                Villars            <\/div>\n        <\/a>\n    \n\n\n            <a class=\"special-link with-icon external with-img\" href=\"https:\/\/www.lacote-tourisme.ch\/de\/G4388\/winter-berghuetten?\" target=\"_blank\">\n                            <img decoding=\"async\" src=\"https:\/\/www.vaud.ch\/app\/uploads\/2025\/12\/8.Vallee-de-Joux-en-hiver-scaled-747x500.jpg\" alt=\"Nyon R\u00e9gion\">\n                        <div class=\"special-link-content\">\n                                    <lord-icon src=\"https:\/\/cdn.lordicon.com\/qwegujbf.json\" target=\".special-link\" trigger=\"hover\" colors=\"primary:#199573\" style=\"width:28px;height:28px\"><\/lord-icon>\n                \n                Nyon R\u00e9gion            <\/div>\n        <\/a>\n    \n\n\n            <a class=\"special-link with-icon external with-img\" href=\"https:\/\/www.myvalleedejoux.ch\/de\/G1529\/alphuetten-im-winter?\" target=\"_blank\">\n                            <img decoding=\"async\" src=\"https:\/\/www.vaud.ch\/app\/uploads\/2025\/12\/6.Vallee-de-Joux-en-hiver-1-scaled-747x500.jpg\" alt=\"Vall\u00e9e de Joux\">\n                        <div class=\"special-link-content\">\n                                    <lord-icon src=\"https:\/\/cdn.lordicon.com\/qwegujbf.json\" target=\".special-link\" trigger=\"hover\" colors=\"primary:#199573\" style=\"width:28px;height:28px\"><\/lord-icon>\n                \n                Vall\u00e9e de Joux            <\/div>\n        <\/a>\n    \n\t<\/div>\n\n<\/div>\n<\/div>\n\n\n\n<div style=\"height:50px\" aria-hidden=\"true\" class=\"wp-block-spacer\"><\/div>\n\n\n\n\n\n\n\n<div id=\"morges\" class=\"wp-block-group is-style-section has-white-color-color has-lightgrey-color-background-color has-text-color has-background has-link-color wp-elements-ac5e03e6ab06b33be3dba99fa0330a28 is-layout-flow wp-block-group-is-layout-flow\">\n<div class=\"wp-block-group is-layout-constrained wp-block-group-is-layout-constrained\">\n<h2 class=\"wp-block-heading has-blue-color-color has-text-color has-link-color wp-elements-3889d424f7456d60dca1f44d204a50d5\">Schauen Sie sich den Schneebericht an<\/h2>\n\n\n\n<p class=\"has-blue-color-color has-text-color has-link-color wp-elements-80246c2e4b718500ed95120143c727ea\">Erhalten Sie offizielle, aktuelle Informationen zu den Schneeverh\u00e4ltnissen im Kanton Waadt. Informieren Sie sich \u00fcber die Pistenbedingungen, die Schneeh\u00f6he und die \u00d6ffnungszeiten der Skigebiete, damit Sie Ihre Winteraktivit\u00e4ten planen k\u00f6nnen.<\/p>\n\n\n\n<div class=\"wp-block-buttons is-layout-flex wp-block-buttons-is-layout-flex\">\n<div class=\"wp-block-button\"><a class=\"wp-block-button__link has-green-color-background-color has-background wp-element-button\" href=\"https:\/\/snow.myswitzerland.com\/schneebericht\/-\/kanton-waadt\/\" target=\"_blank\" rel=\"noreferrer noopener\">Schneebericht<\/a><\/div>\n<\/div>\n<\/div>\n<\/div>\n\n\n\n<div class=\"wp-block-group is-style-section has-white-color-color has-green-color-background-color has-text-color has-background has-link-color wp-elements-533b2e13b723fb3c301433524a8b7f86 is-layout-flow wp-block-group-is-layout-flow\" style=\"padding-top:var(--wp--preset--spacing--80);padding-bottom:var(--wp--preset--spacing--80)\">\n    <div class=\"post-list-arrows cta-title\">\n                    <h2>Entdecken Sie weitere Ideen f\u00fcr Aktivit\u00e4ten im Kanton<\/h2>\n                <div class=\"arrows\">\n            <div class=\" prev-arrow\">\n                <img decoding=\"async\" src=\"https:\/\/www.vaud.ch\/app\/themes\/child\/assets\/images\/system-outline-161-trending-flat.svg\" alt=\"\" class=\"skip-lazy\">\n            <\/div>\n            <div class=\"next-arrow\">\n                <img decoding=\"async\" src=\"https:\/\/www.vaud.ch\/app\/themes\/child\/assets\/images\/system-outline-161-trending-flat.svg\" alt=\"\" class=\"skip-lazy\">\n            <\/div>\n        <\/div>\n\n    <\/div>\n    <div class=\"call-to-action  row  \"  style=\"margin-top:0;margin-bottom:0;\">\n                        <div class=\"col-md-3\">\n                                            <a class=\"cta-item \" href=\"https:\/\/www.vaud.ch\/de\/tourismus\/sport\/wintersport\/\" target=\"_blank\">\n                                                                                    <img data-lazy=\"https:\/\/www.vaud.ch\/app\/uploads\/2025\/11\/Les-Mosses-Hiver-Paysage-scaled-1228x500.jpg\" alt=\"Wintersport\" class=\"skip-lazy\">\n                                                        <span class=\"text\">Wintersport<\/span>\n                            <span class=\"read-more\">Mehr lesen<\/span>\n                                                    <\/a>\n                        <\/div>\n                <div class=\"col-md-3\">\n                                            <a class=\"cta-item \" href=\"https:\/\/www.vaud.ch\/de\/tourismus\/sport\/wintersport\/ski-langlauf-und-winterwanderungen\/\" target=\"_blank\">\n                                                                                    <img data-lazy=\"https:\/\/www.vaud.ch\/app\/uploads\/2025\/12\/Les-Mosses-Hiver-Ski-de-fond-\ufffd\ufffd-Visualps-Matthias-Lehmann-1-scaled-750x500.jpg\" alt=\"Skifahren, Langlaufen und Winterwandern\" class=\"skip-lazy\">\n                                                        <span class=\"text\">Skifahren, Langlaufen und Winterwandern<\/span>\n                            <span class=\"read-more\">Mehr lesen<\/span>\n                                                    <\/a>\n                        <\/div>\n                <div class=\"col-md-3\">\n                                            <a class=\"cta-item \" href=\"https:\/\/www.vaud.ch\/de\/tourismus\/sport\/wintersport\/schneeschuhwandern-und-andere-winteraktivitaten\/\" target=\"_blank\">\n                                                                                    <img data-lazy=\"https:\/\/www.vaud.ch\/app\/uploads\/2025\/12\/2.DJI_0319-scaled-625x500.jpg\" alt=\"Schneeschuhwandern und andere Winteraktivit\u00e4ten\" class=\"skip-lazy\">\n                                                        <span class=\"text\">Schneeschuhwandern und andere Winteraktivit\u00e4ten<\/span>\n                            <span class=\"read-more\">Mehr lesen<\/span>\n                                                    <\/a>\n                        <\/div>\n                <div class=\"col-md-3\">\n                                            <a class=\"cta-item \" href=\"https:\/\/www.vaud.ch\/de\/tourismus\/sport\/wintersport\/materialvermietung\/\" target=\"_blank\">\n                                                                                    <img data-lazy=\"https:\/\/www.vaud.ch\/app\/uploads\/2025\/12\/3.YlBRSte-Croix-Ski-et-sapins\u00a9-Claude-Jaccard-www-scaled-755x500.jpg\" alt=\"Materialvermietung\" class=\"skip-lazy\">\n                                                        <span class=\"text\">Materialvermietung<\/span>\n                            <span class=\"read-more\">Mehr lesen<\/span>\n                                                    <\/a>\n                        <\/div>\n                <div class=\"col-md-3\">\n                                            <a class=\"cta-item \" href=\"https:\/\/www.vaud.ch\/de\/tourismus\/sport\/wanderungen-und-ausfluge\/\" target=\"_blank\">\n                                                                                    <img data-lazy=\"https:\/\/www.vaud.ch\/app\/uploads\/2025\/12\/8.ST_3x2_Nyon-Hiking_75444-750x500.jpg\" alt=\"Wanderungen und Ausfl\u00fcge\" class=\"skip-lazy\">\n                                                        <span class=\"text\">Wanderungen und Ausfl\u00fcge<\/span>\n                            <span class=\"read-more\">Mehr lesen<\/span>\n                                                    <\/a>\n                        <\/div>\n                <div class=\"col-md-3\">\n                                            <a class=\"cta-item \" href=\"https:\/\/www.vaud.ch\/de\/tourismus\/sport\/gravel\/\" target=\"_blank\">\n                                                                                    <img data-lazy=\"https:\/\/www.vaud.ch\/app\/uploads\/2025\/04\/IMG_6317-333x500.jpg\" alt=\"Gravel im Kanton Waadt\" class=\"skip-lazy\">\n                                                        <span class=\"text\">Gravel im Kanton Waadt<\/span>\n                            <span class=\"read-more\">Mehr lesen<\/span>\n                                                    <\/a>\n                        <\/div>\n<\/div>\n\n\n\n\n<p><\/p>\n<\/div>\n","protected":false},"excerpt":{"rendered":"<p>Der Kanton Waadt, der sich von den Hochebenen&nbsp;des Juras&nbsp;\u00fcber den Genfersee bis auf die Gipfel der Alpen erstreckt, ist ein abwechslungsreiches Gebiet mit ungeahnten Ressourcen. Sobald der erste Schnee f\u00e4llt, verwandelt er sich in ein weisses Paradies,&nbsp;das&nbsp;manche \u00dcberraschungen&nbsp;bereith\u00e4lt&nbsp;und allen Erwartungen gerecht wird.&nbsp;Schneeschuhwandern, Langlaufen, rasante Abfahrten mit Schlitten, Snowboard oder Ski \u2013 s\u00e4mtliche Wintersportvergn\u00fcgen&nbsp;liegen&nbsp;nur einen Katzensprung [&hellip;]<\/p>\n","protected":false},"author":29,"featured_media":17616,"parent":16499,"menu_order":0,"comment_status":"closed","ping_status":"closed","template":"","meta":{"_acf_changed":false,"footnotes":""},"class_list":["post-17467","page","type-page","status-publish","has-post-thumbnail","hentry"],"acf":[],"aioseo_notices":[],"_links":{"self":[{"href":"https:\/\/www.vaud.ch\/de\/wp-json\/wp\/v2\/pages\/17467","targetHints":{"allow":["GET"]}}],"collection":[{"href":"https:\/\/www.vaud.ch\/de\/wp-json\/wp\/v2\/pages"}],"about":[{"href":"https:\/\/www.vaud.ch\/de\/wp-json\/wp\/v2\/types\/page"}],"author":[{"embeddable":true,"href":"https:\/\/www.vaud.ch\/de\/wp-json\/wp\/v2\/users\/29"}],"replies":[{"embeddable":true,"href":"https:\/\/www.vaud.ch\/de\/wp-json\/wp\/v2\/comments?post=17467"}],"version-history":[{"count":28,"href":"https:\/\/www.vaud.ch\/de\/wp-json\/wp\/v2\/pages\/17467\/revisions"}],"predecessor-version":[{"id":20671,"href":"https:\/\/www.vaud.ch\/de\/wp-json\/wp\/v2\/pages\/17467\/revisions\/20671"}],"up":[{"embeddable":true,"href":"https:\/\/www.vaud.ch\/de\/wp-json\/wp\/v2\/pages\/16499"}],"wp:featuredmedia":[{"embeddable":true,"href":"https:\/\/www.vaud.ch\/de\/wp-json\/wp\/v2\/media\/17616"}],"wp:attachment":[{"href":"https:\/\/www.vaud.ch\/de\/wp-json\/wp\/v2\/media?parent=17467"}],"curies":[{"name":"wp","href":"https:\/\/api.w.org\/{rel}","templated":true}]}}