{"id":17775,"date":"2025-12-02T12:44:37","date_gmt":"2025-12-02T11:44:37","guid":{"rendered":"https:\/\/www.vaud.ch\/?page_id=17775"},"modified":"2026-01-27T09:55:17","modified_gmt":"2026-01-27T08:55:17","slug":"schneeschuhwandern-und-andere-winteraktivitaten","status":"publish","type":"page","link":"https:\/\/www.vaud.ch\/de\/tourismus\/sport\/wintersport\/schneeschuhwandern-und-andere-winteraktivitaten\/","title":{"rendered":"Schneeschuhwandern und andere Winteraktivit\u00e4ten"},"content":{"rendered":"\n<div class=\"wp-block-group is-style-section is-layout-constrained wp-block-group-is-layout-constrained\">\n<p class=\"is-style-heading-p\">Lust, die Pisten mit dem Schlitten hinunterzufahren, einen Familienausflug im Schnee zu genie\u00dfen oder einzigartige Wintererlebnisse zu entdecken? Diese Seite versammelt alle Ziele, an denen Sie die kalte Jahreszeit in vollen Z\u00fcgen erleben k\u00f6nnen. Durchst\u00f6bern Sie unsere Vorschl\u00e4ge, finden Sie den idealen Ort und lassen Sie sich von der Magie der verschneiten Landschaften verzaubern. Tauchen Sie ein in die Welt der Winteraktivit\u00e4ten!<\/p>\n\n\n\n<div style=\"height:50px\" aria-hidden=\"true\" class=\"wp-block-spacer\"><\/div>\n\n\n\n<h2 class=\"wp-block-heading\">Entdecken Sie unsere Regionen mit Schneeschuhen<\/h2>\n\n\n<div class=\"wp-bootstrap-blocks-row row\">\n\t\n\n<div class=\"col-12 col-md-6\">\n\t\t\t\n\n            <a class=\"special-link with-icon external with-img\" href=\"https:\/\/www.alpesvaudoises.ch\/de\/Z87\/unendlich-winter#randonnee\" target=\"_blank\">\n                            <img decoding=\"async\" src=\"https:\/\/www.vaud.ch\/app\/uploads\/2025\/12\/1.Leysin-Hiver-Raquettes-\u00a9-Visualps-Matthias-Lehmann-scaled-750x500.jpg\" alt=\"Aigle - Leysin - Les Col des Mosses\">\n                        <div class=\"special-link-content\">\n                                    <lord-icon src=\"https:\/\/cdn.lordicon.com\/qwegujbf.json\" target=\".special-link\" trigger=\"hover\" colors=\"primary:#199573\" style=\"width:28px;height:28px\"><\/lord-icon>\n                \n                Aigle &#8211; Leysin &#8211; Les Col des Mosses            <\/div>\n        <\/a>\n    \n\n\n            <a class=\"special-link with-icon external with-img\" href=\"https:\/\/www.morges-tourisme.ch\/de\/G937\/winterwanderung?\" target=\"_blank\">\n                            <img decoding=\"async\" src=\"https:\/\/www.vaud.ch\/app\/uploads\/2025\/12\/6.jonathanviey-2784-scaled-750x500.jpg\" alt=\"Morges R\u00e9gion\">\n                        <div class=\"special-link-content\">\n                                    <lord-icon src=\"https:\/\/cdn.lordicon.com\/qwegujbf.json\" target=\".special-link\" trigger=\"hover\" colors=\"primary:#199573\" style=\"width:28px;height:28px\"><\/lord-icon>\n                \n                Morges R\u00e9gion            <\/div>\n        <\/a>\n    \n\n\n            <a class=\"special-link with-icon external with-img\" href=\"https:\/\/www.alpesvaudoises.ch\/de\/Z87\/unendlich-winter#randonnee\" target=\"_blank\">\n                            <img decoding=\"async\" src=\"https:\/\/www.vaud.ch\/app\/uploads\/2025\/12\/Design-sans-titre-6-889x500.jpg\" alt=\"Pays d'Enhaut\">\n                        <div class=\"special-link-content\">\n                                    <lord-icon src=\"https:\/\/cdn.lordicon.com\/qwegujbf.json\" target=\".special-link\" trigger=\"hover\" colors=\"primary:#199573\" style=\"width:28px;height:28px\"><\/lord-icon>\n                \n                Pays d&#039;Enhaut            <\/div>\n        <\/a>\n    \n\n\n            <a class=\"special-link with-icon external with-img\" href=\"https:\/\/www.alpesvaudoises.ch\/de\/Z87\/unendlich-winter#randonnee\" target=\"_blank\">\n                            <img decoding=\"async\" src=\"https:\/\/www.vaud.ch\/app\/uploads\/2025\/12\/7.Bex-randonnee-raquette-Solalex-c-Visualps.ch-21-1-scaled-750x500.jpg\" alt=\"Villars - Gryon - Les Diablerets - Bex\">\n                        <div class=\"special-link-content\">\n                                    <lord-icon src=\"https:\/\/cdn.lordicon.com\/qwegujbf.json\" target=\".special-link\" trigger=\"hover\" colors=\"primary:#199573\" style=\"width:28px;height:28px\"><\/lord-icon>\n                \n                Villars &#8211; Gryon &#8211; Les Diablerets &#8211; Bex            <\/div>\n        <\/a>\n    \n\n\n            <a class=\"special-link with-icon external with-img\" href=\"https:\/\/yverdonlesbainsregion.ch\/de\/groupe\/sport-und-natur-2\/\" target=\"_blank\">\n                            <img decoding=\"async\" src=\"https:\/\/www.vaud.ch\/app\/uploads\/2025\/12\/9.jonathanviey-0955-scaled-891x500.jpg\" alt=\"Nord vaudois\">\n                        <div class=\"special-link-content\">\n                                    <lord-icon src=\"https:\/\/cdn.lordicon.com\/qwegujbf.json\" target=\".special-link\" trigger=\"hover\" colors=\"primary:#199573\" style=\"width:28px;height:28px\"><\/lord-icon>\n                \n                Nord vaudois            <\/div>\n        <\/a>\n    \n\t<\/div>\n\n\n\n<div class=\"col-12 col-md-6\">\n\t\t\t\n\n            <a class=\"special-link with-icon external with-img\" href=\"https:\/\/www.montreuxriviera.com\/de\/G24\/schneeschuhe-and-winterwanderwege\" target=\"_blank\">\n                            <img decoding=\"async\" src=\"https:\/\/www.vaud.ch\/app\/uploads\/2025\/12\/2.OH7A8976-1-750x500.jpg\" alt=\"Montreux Riviera\">\n                        <div class=\"special-link-content\">\n                                    <lord-icon src=\"https:\/\/cdn.lordicon.com\/qwegujbf.json\" target=\".special-link\" trigger=\"hover\" colors=\"primary:#199573\" style=\"width:28px;height:28px\"><\/lord-icon>\n                \n                Montreux Riviera            <\/div>\n        <\/a>\n    \n\n\n            <a class=\"special-link with-icon external with-img\" href=\"https:\/\/www.lacote-tourisme.ch\/de\/Z16386\/schneeschuhwanderungen\" target=\"_blank\">\n                            <img decoding=\"async\" src=\"https:\/\/www.vaud.ch\/app\/uploads\/2025\/12\/4.YlBR-Ste-Croix-4.Hiver-raquettes-13-\u00a9D.CARLIER-david-scaled-749x500.jpg\" alt=\"Nyon R\u00e9gion\">\n                        <div class=\"special-link-content\">\n                                    <lord-icon src=\"https:\/\/cdn.lordicon.com\/qwegujbf.json\" target=\".special-link\" trigger=\"hover\" colors=\"primary:#199573\" style=\"width:28px;height:28px\"><\/lord-icon>\n                \n                Nyon R\u00e9gion            <\/div>\n        <\/a>\n    \n\n\n            <a class=\"special-link with-icon external with-img\" href=\"https:\/\/www.myvalleedejoux.ch\/de\/Z14959\/schneeshuhwandern\" target=\"_blank\">\n                            <img decoding=\"async\" src=\"https:\/\/www.vaud.ch\/app\/uploads\/2025\/12\/6.jonathanviey-2784-scaled-750x500.jpg\" alt=\"Vall\u00e9e de Joux\">\n                        <div class=\"special-link-content\">\n                                    <lord-icon src=\"https:\/\/cdn.lordicon.com\/qwegujbf.json\" target=\".special-link\" trigger=\"hover\" colors=\"primary:#199573\" style=\"width:28px;height:28px\"><\/lord-icon>\n                \n                Vall\u00e9e de Joux            <\/div>\n        <\/a>\n    \n\n\n            <a class=\"special-link with-icon external with-img\" href=\"https:\/\/www.j3l.ch\/de\/Z10363\/erlebnisse\/sport-freizeit\/schneeschuhtouren?bounds=-0.47440+40.18938+17.01584+52.90394\" target=\"_blank\">\n                            <img decoding=\"async\" src=\"https:\/\/www.vaud.ch\/app\/uploads\/2025\/12\/8.Randonnee-raquette-scaled-755x500.jpg\" alt=\"Vully-les-lacs\">\n                        <div class=\"special-link-content\">\n                                    <lord-icon src=\"https:\/\/cdn.lordicon.com\/qwegujbf.json\" target=\".special-link\" trigger=\"hover\" colors=\"primary:#199573\" style=\"width:28px;height:28px\"><\/lord-icon>\n                \n                Vully-les-lacs            <\/div>\n        <\/a>\n    \n\n\n            <a class=\"special-link with-icon external with-img\" href=\"https:\/\/schweizmobil.ch\/de\/sommer?f_land=snowshoe&#038;f_canton=27\" target=\"_blank\">\n                            <img decoding=\"async\" src=\"https:\/\/www.vaud.ch\/app\/uploads\/2025\/12\/22012017_Viree_Chasseron-234-scaled-750x500.jpg\" alt=\"SuisseMobile - Schneeschuhwanderung\">\n                        <div class=\"special-link-content\">\n                                    <lord-icon src=\"https:\/\/cdn.lordicon.com\/qwegujbf.json\" target=\".special-link\" trigger=\"hover\" colors=\"primary:#199573\" style=\"width:28px;height:28px\"><\/lord-icon>\n                \n                SuisseMobile &#8211; Schneeschuhwanderung            <\/div>\n        <\/a>\n    \n\t<\/div>\n\n<\/div>\n\n\n\n<div style=\"height:85px\" aria-hidden=\"true\" class=\"wp-block-spacer\"><\/div>\n\n\n\n<h2 class=\"wp-block-heading\">Entdecken Sie unsere Rodelbahnen<\/h2>\n\n\n<div class=\"wp-bootstrap-blocks-row row\">\n\t\n\n<div class=\"col-12 col-md-6\">\n\t\t\t\n\n            <a class=\"special-link with-icon external with-img\" href=\"https:\/\/www.montreuxriviera.com\/de\/G2748\/schlitten-fahren\" target=\"_blank\">\n                            <img decoding=\"async\" src=\"https:\/\/www.vaud.ch\/app\/uploads\/2025\/12\/La-Braye-hiver-luge-scaled-889x500.jpg\" alt=\"Montreux Riviera\">\n                        <div class=\"special-link-content\">\n                                    <lord-icon src=\"https:\/\/cdn.lordicon.com\/qwegujbf.json\" target=\".special-link\" trigger=\"hover\" colors=\"primary:#199573\" style=\"width:28px;height:28px\"><\/lord-icon>\n                \n                Montreux Riviera            <\/div>\n        <\/a>\n    \n\n\n            <a class=\"special-link with-icon external with-img\" href=\"https:\/\/www.myvalleedejoux.ch\/de\/Z14970\/schlittelpisten\" target=\"_blank\">\n                            <img decoding=\"async\" src=\"https:\/\/www.vaud.ch\/app\/uploads\/2025\/12\/Luge-Mollendruz-scaled-667x500.jpg\" alt=\"Vall\u00e9e de Joux\">\n                        <div class=\"special-link-content\">\n                                    <lord-icon src=\"https:\/\/cdn.lordicon.com\/qwegujbf.json\" target=\".special-link\" trigger=\"hover\" colors=\"primary:#199573\" style=\"width:28px;height:28px\"><\/lord-icon>\n                \n                Vall\u00e9e de Joux            <\/div>\n        <\/a>\n    \n\n\n            <a class=\"special-link with-icon external with-img\" href=\"https:\/\/www.lausanne-tourisme.ch\/de\/entdecken\/ski-schlitten-und-bobfahren\/\" target=\"_blank\">\n                            <img decoding=\"async\" src=\"https:\/\/www.vaud.ch\/app\/uploads\/2025\/12\/Luge-sous-la-neige-750x500.jpg\" alt=\"Lausanne\">\n                        <div class=\"special-link-content\">\n                                    <lord-icon src=\"https:\/\/cdn.lordicon.com\/qwegujbf.json\" target=\".special-link\" trigger=\"hover\" colors=\"primary:#199573\" style=\"width:28px;height:28px\"><\/lord-icon>\n                \n                Lausanne            <\/div>\n        <\/a>\n    \n\n\n            <a class=\"special-link with-icon external with-img\" href=\"https:\/\/schweizmobil.ch\/de\/sommer?f_land=sledge&#038;f_canton=27\" target=\"_blank\">\n                            <img decoding=\"async\" src=\"https:\/\/www.vaud.ch\/app\/uploads\/2025\/12\/Design-sans-titre-7-889x500.jpg\" alt=\"SuisseMobile - Rodelbahn\">\n                        <div class=\"special-link-content\">\n                                    <lord-icon src=\"https:\/\/cdn.lordicon.com\/qwegujbf.json\" target=\".special-link\" trigger=\"hover\" colors=\"primary:#199573\" style=\"width:28px;height:28px\"><\/lord-icon>\n                \n                SuisseMobile &#8211; Rodelbahn            <\/div>\n        <\/a>\n    \n\t<\/div>\n\n\n\n<div class=\"col-12 col-md-6\">\n\t\t\t\n\n            <a class=\"special-link with-icon external with-img\" href=\"https:\/\/www.alpesvaudoises.ch\/de\/Z87\/unendlich-winter#luge\" target=\"_blank\">\n                            <img decoding=\"async\" src=\"https:\/\/www.vaud.ch\/app\/uploads\/2025\/12\/Luge-sous-la-neige-750x500.jpg\" alt=\"Les Alpes vaudoises\">\n                        <div class=\"special-link-content\">\n                                    <lord-icon src=\"https:\/\/cdn.lordicon.com\/qwegujbf.json\" target=\".special-link\" trigger=\"hover\" colors=\"primary:#199573\" style=\"width:28px;height:28px\"><\/lord-icon>\n                \n                Les Alpes vaudoises            <\/div>\n        <\/a>\n    \n\n\n            <a class=\"special-link with-icon external with-img\" href=\"https:\/\/www.morges-tourisme.ch\/de\/G3250\/schlittenfahren-rutschen?\" target=\"_blank\">\n                            <img decoding=\"async\" src=\"https:\/\/www.vaud.ch\/app\/uploads\/2025\/12\/Jardin-des-neiges-scaled-755x500.jpg\" alt=\"Morges R\u00e9gion\">\n                        <div class=\"special-link-content\">\n                                    <lord-icon src=\"https:\/\/cdn.lordicon.com\/qwegujbf.json\" target=\".special-link\" trigger=\"hover\" colors=\"primary:#199573\" style=\"width:28px;height:28px\"><\/lord-icon>\n                \n                Morges R\u00e9gion            <\/div>\n        <\/a>\n    \n\n\n            <a class=\"special-link with-icon external with-img\" href=\"https:\/\/www.lacote-tourisme.ch\/de\/P64382\/rodeln-in-der-region\" target=\"_blank\">\n                            <img decoding=\"async\" src=\"https:\/\/www.vaud.ch\/app\/uploads\/2025\/12\/Olivier-Fatzer-120-scaled-750x500.jpg\" alt=\"Nyon R\u00e9gion\">\n                        <div class=\"special-link-content\">\n                                    <lord-icon src=\"https:\/\/cdn.lordicon.com\/qwegujbf.json\" target=\".special-link\" trigger=\"hover\" colors=\"primary:#199573\" style=\"width:28px;height:28px\"><\/lord-icon>\n                \n                Nyon R\u00e9gion            <\/div>\n        <\/a>\n    \n\t<\/div>\n\n<\/div>\n\n\n\n<div style=\"height:85px\" aria-hidden=\"true\" class=\"wp-block-spacer\"><\/div>\n\n\n\n<h2 class=\"wp-block-heading\">Auf den gefrorenen Seen Schlittschuh laufen<\/h2>\n\n\n<div class=\"wp-bootstrap-blocks-row row\">\n\t\n\n<div class=\"col-12 col-md-6\">\n\t\t\t\n\n            <a class=\"special-link with-icon external with-img\" href=\"https:\/\/www.myvalleedejoux.ch\/de\/Z14971\/gefrorene-seen\" target=\"_blank\">\n                            <img decoding=\"async\" src=\"https:\/\/www.vaud.ch\/app\/uploads\/2025\/12\/1.Lac-de-Joux-gele-scaled-747x500.jpg\" alt=\"Vall\u00e9e de Joux\">\n                        <div class=\"special-link-content\">\n                                    <lord-icon src=\"https:\/\/cdn.lordicon.com\/qwegujbf.json\" target=\".special-link\" trigger=\"hover\" colors=\"primary:#199573\" style=\"width:28px;height:28px\"><\/lord-icon>\n                \n                Vall\u00e9e de Joux            <\/div>\n        <\/a>\n    \n\n\n            <a class=\"special-link with-icon external with-img\" href=\"https:\/\/yverdonlesbainsregion.ch\/de\/poi\/natureisbahn-in-lauberson\/\" target=\"_blank\">\n                            <img decoding=\"async\" src=\"https:\/\/www.vaud.ch\/app\/uploads\/2025\/12\/4.YlBR-Sainte-Croix-Patinoire-Combe-lAuberson-\u00a9Patr-scaled-751x500.jpg\" alt=\"Nord vaudois\">\n                        <div class=\"special-link-content\">\n                                    <lord-icon src=\"https:\/\/cdn.lordicon.com\/qwegujbf.json\" target=\".special-link\" trigger=\"hover\" colors=\"primary:#199573\" style=\"width:28px;height:28px\"><\/lord-icon>\n                \n                Nord vaudois            <\/div>\n        <\/a>\n    \n\t<\/div>\n\n\n\n<div class=\"col-12 col-md-6\">\n\t\t\t\n\n            <a class=\"special-link with-icon external with-img\" href=\"https:\/\/www.montreuxriviera.com\/de\/P5220\/eisbahn-von-caux\" target=\"_blank\">\n                            <img decoding=\"async\" src=\"https:\/\/www.vaud.ch\/app\/uploads\/2025\/12\/2.DJI_0319-scaled-625x500.jpg\" alt=\"Montreux Riviera\">\n                        <div class=\"special-link-content\">\n                                    <lord-icon src=\"https:\/\/cdn.lordicon.com\/qwegujbf.json\" target=\".special-link\" trigger=\"hover\" colors=\"primary:#199573\" style=\"width:28px;height:28px\"><\/lord-icon>\n                \n                Montreux Riviera            <\/div>\n        <\/a>\n    \n\t<\/div>\n\n<\/div>\n<\/div>\n\n\n\n<div id=\"morges\" class=\"wp-block-group is-style-section has-white-color-color has-lightgrey-color-background-color has-text-color has-background has-link-color wp-elements-ac5e03e6ab06b33be3dba99fa0330a28 is-layout-flow wp-block-group-is-layout-flow\">\n<div class=\"wp-block-group is-layout-constrained wp-block-group-is-layout-constrained\">\n<h2 class=\"wp-block-heading has-blue-color-color has-text-color has-link-color wp-elements-3889d424f7456d60dca1f44d204a50d5\">Schauen Sie sich den Schneebericht an<\/h2>\n\n\n\n<p class=\"has-blue-color-color has-text-color has-link-color wp-elements-80246c2e4b718500ed95120143c727ea\">Erhalten Sie offizielle, aktuelle Informationen zu den Schneeverh\u00e4ltnissen im Kanton Waadt. Informieren Sie sich \u00fcber die Pistenbedingungen, die Schneeh\u00f6he und die \u00d6ffnungszeiten der Skigebiete, damit Sie Ihre Winteraktivit\u00e4ten planen k\u00f6nnen.<\/p>\n\n\n\n<div class=\"wp-block-buttons is-layout-flex wp-block-buttons-is-layout-flex\">\n<div class=\"wp-block-button\"><a class=\"wp-block-button__link has-green-color-background-color has-background wp-element-button\" href=\"https:\/\/snow.myswitzerland.com\/schneebericht\/-\/kanton-waadt\/\" target=\"_blank\" rel=\"noreferrer noopener\">Schneebericht<\/a><\/div>\n<\/div>\n<\/div>\n<\/div>\n\n\n\n<div class=\"wp-block-group is-style-section has-white-color-color has-green-color-background-color has-text-color has-background has-link-color wp-elements-533b2e13b723fb3c301433524a8b7f86 is-layout-flow wp-block-group-is-layout-flow\" style=\"padding-top:var(--wp--preset--spacing--80);padding-bottom:var(--wp--preset--spacing--80)\">\n    <div class=\"post-list-arrows cta-title\">\n                    <h2>Entdecken Sie weitere Ideen f\u00fcr Aktivit\u00e4ten im Kanton<\/h2>\n                <div class=\"arrows\">\n            <div class=\" prev-arrow\">\n                <img decoding=\"async\" src=\"https:\/\/www.vaud.ch\/app\/themes\/child\/assets\/images\/system-outline-161-trending-flat.svg\" alt=\"\" class=\"skip-lazy\">\n            <\/div>\n            <div class=\"next-arrow\">\n                <img decoding=\"async\" src=\"https:\/\/www.vaud.ch\/app\/themes\/child\/assets\/images\/system-outline-161-trending-flat.svg\" alt=\"\" class=\"skip-lazy\">\n            <\/div>\n        <\/div>\n\n    <\/div>\n    <div class=\"call-to-action  row  \"  style=\"margin-top:0;margin-bottom:0;\">\n                        <div class=\"col-md-3\">\n                                            <a class=\"cta-item \" href=\"https:\/\/www.vaud.ch\/de\/tourismus\/sport\/wintersport\/\" target=\"_blank\">\n                                                                                    <img data-lazy=\"https:\/\/www.vaud.ch\/app\/uploads\/2025\/11\/Les-Mosses-Hiver-Paysage-scaled-1228x500.jpg\" alt=\"Wintersport\" class=\"skip-lazy\">\n                                                        <span class=\"text\">Wintersport<\/span>\n                            <span class=\"read-more\">Mehr lesen<\/span>\n                                                    <\/a>\n                        <\/div>\n                <div class=\"col-md-3\">\n                                            <a class=\"cta-item \" href=\"https:\/\/www.vaud.ch\/de\/tourismus\/sport\/wintersport\/ski-langlauf-und-winterwanderungen\/\" target=\"_blank\">\n                                                                                    <img data-lazy=\"https:\/\/www.vaud.ch\/app\/uploads\/2025\/12\/Les-Mosses-Hiver-Ski-de-fond-\ufffd\ufffd-Visualps-Matthias-Lehmann-1-scaled-750x500.jpg\" alt=\"Skifahren, Langlaufen und Winterwandern\" class=\"skip-lazy\">\n                                                        <span class=\"text\">Skifahren, Langlaufen und Winterwandern<\/span>\n                            <span class=\"read-more\">Mehr lesen<\/span>\n                                                    <\/a>\n                        <\/div>\n                <div class=\"col-md-3\">\n                                            <a class=\"cta-item \" href=\"https:\/\/www.vaud.ch\/de\/tourismus\/sport\/wintersport\/schneeschuhwandern-und-andere-winteraktivitaten\/\" target=\"_blank\">\n                                                                                    <img data-lazy=\"https:\/\/www.vaud.ch\/app\/uploads\/2025\/12\/2.DJI_0319-scaled-625x500.jpg\" alt=\"Schneeschuhwandern und andere Winteraktivit\u00e4ten\" class=\"skip-lazy\">\n                                                        <span class=\"text\">Schneeschuhwandern und andere Winteraktivit\u00e4ten<\/span>\n                            <span class=\"read-more\">Mehr lesen<\/span>\n                                                    <\/a>\n                        <\/div>\n                <div class=\"col-md-3\">\n                                            <a class=\"cta-item \" href=\"https:\/\/www.vaud.ch\/de\/tourismus\/sport\/wintersport\/materialvermietung\/\" target=\"_blank\">\n                                                                                    <img data-lazy=\"https:\/\/www.vaud.ch\/app\/uploads\/2025\/12\/3.YlBRSte-Croix-Ski-et-sapins\u00a9-Claude-Jaccard-www-scaled-755x500.jpg\" alt=\"Materialvermietung\" class=\"skip-lazy\">\n                                                        <span class=\"text\">Materialvermietung<\/span>\n                            <span class=\"read-more\">Mehr lesen<\/span>\n                                                    <\/a>\n                        <\/div>\n                <div class=\"col-md-3\">\n                                            <a class=\"cta-item \" href=\"https:\/\/www.vaud.ch\/de\/tourismus\/sport\/wanderungen-und-ausfluge\/\" target=\"_blank\">\n                                                                                    <img data-lazy=\"https:\/\/www.vaud.ch\/app\/uploads\/2025\/12\/8.ST_3x2_Nyon-Hiking_75444-750x500.jpg\" alt=\"Wanderungen und Ausfl\u00fcge\" class=\"skip-lazy\">\n                                                        <span class=\"text\">Wanderungen und Ausfl\u00fcge<\/span>\n                            <span class=\"read-more\">Mehr lesen<\/span>\n                                                    <\/a>\n                        <\/div>\n                <div class=\"col-md-3\">\n                                            <a class=\"cta-item \" href=\"https:\/\/www.vaud.ch\/de\/tourismus\/sport\/gravel\/\" target=\"_blank\">\n                                                                                    <img data-lazy=\"https:\/\/www.vaud.ch\/app\/uploads\/2025\/04\/IMG_6317-333x500.jpg\" alt=\"Gravel im Kanton Waadt\" class=\"skip-lazy\">\n                                                        <span class=\"text\">Gravel im Kanton Waadt<\/span>\n                            <span class=\"read-more\">Mehr lesen<\/span>\n                                                    <\/a>\n                        <\/div>\n<\/div>\n\n\n\n\n<p><\/p>\n<\/div>\n","protected":false},"excerpt":{"rendered":"<p>Lust, die Pisten mit dem Schlitten hinunterzufahren, einen Familienausflug im Schnee zu genie\u00dfen oder einzigartige Wintererlebnisse zu entdecken? Diese Seite versammelt alle Ziele, an denen Sie die kalte Jahreszeit in vollen Z\u00fcgen erleben k\u00f6nnen. Durchst\u00f6bern Sie unsere Vorschl\u00e4ge, finden Sie den idealen Ort und lassen Sie sich von der Magie der verschneiten Landschaften verzaubern. Tauchen [&hellip;]<\/p>\n","protected":false},"author":29,"featured_media":17813,"parent":17467,"menu_order":0,"comment_status":"closed","ping_status":"closed","template":"","meta":{"_acf_changed":false,"footnotes":""},"class_list":["post-17775","page","type-page","status-publish","has-post-thumbnail","hentry"],"acf":[],"aioseo_notices":[],"_links":{"self":[{"href":"https:\/\/www.vaud.ch\/de\/wp-json\/wp\/v2\/pages\/17775","targetHints":{"allow":["GET"]}}],"collection":[{"href":"https:\/\/www.vaud.ch\/de\/wp-json\/wp\/v2\/pages"}],"about":[{"href":"https:\/\/www.vaud.ch\/de\/wp-json\/wp\/v2\/types\/page"}],"author":[{"embeddable":true,"href":"https:\/\/www.vaud.ch\/de\/wp-json\/wp\/v2\/users\/29"}],"replies":[{"embeddable":true,"href":"https:\/\/www.vaud.ch\/de\/wp-json\/wp\/v2\/comments?post=17775"}],"version-history":[{"count":13,"href":"https:\/\/www.vaud.ch\/de\/wp-json\/wp\/v2\/pages\/17775\/revisions"}],"predecessor-version":[{"id":20370,"href":"https:\/\/www.vaud.ch\/de\/wp-json\/wp\/v2\/pages\/17775\/revisions\/20370"}],"up":[{"embeddable":true,"href":"https:\/\/www.vaud.ch\/de\/wp-json\/wp\/v2\/pages\/17467"}],"wp:featuredmedia":[{"embeddable":true,"href":"https:\/\/www.vaud.ch\/de\/wp-json\/wp\/v2\/media\/17813"}],"wp:attachment":[{"href":"https:\/\/www.vaud.ch\/de\/wp-json\/wp\/v2\/media?parent=17775"}],"curies":[{"name":"wp","href":"https:\/\/api.w.org\/{rel}","templated":true}]}}