{"id":17861,"date":"2025-12-02T12:42:19","date_gmt":"2025-12-02T11:42:19","guid":{"rendered":"https:\/\/www.vaud.ch\/?page_id=17861"},"modified":"2026-01-27T09:54:22","modified_gmt":"2026-01-27T08:54:22","slug":"ski-langlauf-und-winterwanderungen","status":"publish","type":"page","link":"https:\/\/www.vaud.ch\/de\/tourismus\/sport\/wintersport\/ski-langlauf-und-winterwanderungen\/","title":{"rendered":"Ski, Langlauf und Winterwanderungen"},"content":{"rendered":"\n<div class=\"wp-block-group is-style-section is-layout-constrained wp-block-group-is-layout-constrained\">\n<p class=\"is-style-heading-p\"><strong>M\u00f6chten Sie die Pisten hinunterfahren, Ihre Spur beim Langlaufen ziehen oder zu einer Wanderung im frischen Schnee aufbrechen? Hier finden Sie alle Destinationen, die das Beste an Winteraktivit\u00e4ten bieten. Tanken Sie neue Energie und bereiten Sie Ihren n\u00e4chsten Ausflug an die frische Luft vor. G\u00f6nnen Sie sich eine Extraportion frische Bergluft!<\/strong><\/p>\n\n\n\n<div style=\"height:10px\" aria-hidden=\"true\" class=\"wp-block-spacer\"><\/div>\n\n\n\n<h2 class=\"wp-block-heading\">Ski und Waadtl\u00e4nder Skigebiete<\/h2>\n\n\n<div class=\"wp-bootstrap-blocks-row row\">\n\t\n\n<div class=\"col-12 col-md-6\">\n\t\t\t\n\n            <a class=\"special-link with-icon external with-img\" href=\"https:\/\/www.alpesvaudoises.ch\/de\/Z84\/unendlich-skifahren\" target=\"_blank\">\n                            <img decoding=\"async\" src=\"https:\/\/www.vaud.ch\/app\/uploads\/2025\/12\/1.Leysin-Kuklos-c-Visualps-1-scaled-750x500.jpg\" alt=\"Aigle - Leysin - Le Col des Mosses\">\n                        <div class=\"special-link-content\">\n                                    <lord-icon src=\"https:\/\/cdn.lordicon.com\/qwegujbf.json\" target=\".special-link\" trigger=\"hover\" colors=\"primary:#199573\" style=\"width:28px;height:28px\"><\/lord-icon>\n                \n                Aigle &#8211; Leysin &#8211; Le Col des Mosses            <\/div>\n        <\/a>\n    \n\n\n            <a class=\"special-link with-icon external with-img\" href=\"https:\/\/www.morges-tourisme.ch\/de\/G3246\/skigebiet?\" target=\"_blank\">\n                            <img decoding=\"async\" src=\"https:\/\/www.vaud.ch\/app\/uploads\/2025\/12\/3.YlBRSte-Croix-Ski-et-sapins\u00a9-Claude-Jaccard-www-scaled-755x500.jpg\" alt=\"Morges R\u00e9gion\">\n                        <div class=\"special-link-content\">\n                                    <lord-icon src=\"https:\/\/cdn.lordicon.com\/qwegujbf.json\" target=\".special-link\" trigger=\"hover\" colors=\"primary:#199573\" style=\"width:28px;height:28px\"><\/lord-icon>\n                \n                Morges R\u00e9gion            <\/div>\n        <\/a>\n    \n\n\n            <a class=\"special-link with-icon external with-img\" href=\"https:\/\/www.alpesvaudoises.ch\/de\/Z84\/unendlich-skifahren\" target=\"_blank\">\n                            <img decoding=\"async\" src=\"https:\/\/www.vaud.ch\/app\/uploads\/2025\/12\/5.Hiver-LaVidemanette-9-scaled-750x500.jpg\" alt=\"Pays d'Enhaut\">\n                        <div class=\"special-link-content\">\n                                    <lord-icon src=\"https:\/\/cdn.lordicon.com\/qwegujbf.json\" target=\".special-link\" trigger=\"hover\" colors=\"primary:#199573\" style=\"width:28px;height:28px\"><\/lord-icon>\n                \n                Pays d&#039;Enhaut            <\/div>\n        <\/a>\n    \n\n\n            <a class=\"special-link with-icon external with-img\" href=\"https:\/\/www.alpesvaudoises.ch\/de\/Z84\/unendlich-skifahren\" target=\"_blank\">\n                            <img decoding=\"async\" src=\"https:\/\/www.vaud.ch\/app\/uploads\/2025\/12\/7.Snow-Free-Ride-Hors-Piste-\u00a9RomanTyulyakov-VillarsT-scaled-889x500.jpg\" alt=\"Villars - Gryon - Les Diablerets - Bex\">\n                        <div class=\"special-link-content\">\n                                    <lord-icon src=\"https:\/\/cdn.lordicon.com\/qwegujbf.json\" target=\".special-link\" trigger=\"hover\" colors=\"primary:#199573\" style=\"width:28px;height:28px\"><\/lord-icon>\n                \n                Villars &#8211; Gryon &#8211; Les Diablerets &#8211; Bex            <\/div>\n        <\/a>\n    \n\t<\/div>\n\n\n\n<div class=\"col-12 col-md-6\">\n\t\t\t\n\n            <a class=\"special-link with-icon external with-img\" href=\"https:\/\/www.montreuxriviera.com\/de\/PA358\/aktivitaten-im-winter\" target=\"_blank\">\n                            <img decoding=\"async\" src=\"https:\/\/www.vaud.ch\/app\/uploads\/2025\/12\/Design-sans-titre-5-889x500.jpg\" alt=\"Montreux Rivera\">\n                        <div class=\"special-link-content\">\n                                    <lord-icon src=\"https:\/\/cdn.lordicon.com\/qwegujbf.json\" target=\".special-link\" trigger=\"hover\" colors=\"primary:#199573\" style=\"width:28px;height:28px\"><\/lord-icon>\n                \n                Montreux Rivera            <\/div>\n        <\/a>\n    \n\n\n            <a class=\"special-link with-icon external with-img\" href=\"https:\/\/www.lacote-tourisme.ch\/de\/Z16384\/skifahren\" target=\"_blank\">\n                            <img decoding=\"async\" src=\"https:\/\/www.vaud.ch\/app\/uploads\/2025\/12\/4.La-Dole-hiver-scaled-667x500.jpg\" alt=\"Nyon R\u00e9gion\">\n                        <div class=\"special-link-content\">\n                                    <lord-icon src=\"https:\/\/cdn.lordicon.com\/qwegujbf.json\" target=\".special-link\" trigger=\"hover\" colors=\"primary:#199573\" style=\"width:28px;height:28px\"><\/lord-icon>\n                \n                Nyon R\u00e9gion            <\/div>\n        <\/a>\n    \n\n\n            <a class=\"special-link with-icon external with-img\" href=\"https:\/\/www.morges-tourisme.ch\/de\/G3246\/skigebiet?\" target=\"_blank\">\n                            <img decoding=\"async\" src=\"https:\/\/www.vaud.ch\/app\/uploads\/2025\/12\/6.Snowboardeur-Vallee-de-Joux-scaled-747x500.jpg\" alt=\"Vall\u00e9e de Joux\">\n                        <div class=\"special-link-content\">\n                                    <lord-icon src=\"https:\/\/cdn.lordicon.com\/qwegujbf.json\" target=\".special-link\" trigger=\"hover\" colors=\"primary:#199573\" style=\"width:28px;height:28px\"><\/lord-icon>\n                \n                Vall\u00e9e de Joux            <\/div>\n        <\/a>\n    \n\n\n            <a class=\"special-link with-icon external with-img\" href=\"https:\/\/yverdonlesbainsregion.ch\/de\/poi\/skilift-und-nachtpiste-von-sainte-croix\/\" target=\"_blank\">\n                            <img decoding=\"async\" src=\"https:\/\/www.vaud.ch\/app\/uploads\/2025\/12\/8.Ski-alpin-Remontees-Mecaniques-de-Sainte-Croix-_-Les-Rasses-scaled-889x500.jpg\" alt=\"Nord vaudois\">\n                        <div class=\"special-link-content\">\n                                    <lord-icon src=\"https:\/\/cdn.lordicon.com\/qwegujbf.json\" target=\".special-link\" trigger=\"hover\" colors=\"primary:#199573\" style=\"width:28px;height:28px\"><\/lord-icon>\n                \n                Nord vaudois            <\/div>\n        <\/a>\n    \n\t<\/div>\n\n<\/div>\n\n\n\n<div style=\"height:10px\" aria-hidden=\"true\" class=\"wp-block-spacer\"><\/div>\n\n\n\n<h2 class=\"wp-block-heading\">Winterwanderungen<\/h2>\n\n\n<div class=\"wp-bootstrap-blocks-row row\">\n\t\n\n<div class=\"col-12 col-md-6\">\n\t\t\t\n\n            <a class=\"special-link with-icon external with-img\" href=\"https:\/\/www.alpesvaudoises.ch\/de\/Z87\/unendlich-winter#randonnee\" target=\"_blank\">\n                            <img decoding=\"async\" src=\"https:\/\/www.vaud.ch\/app\/uploads\/2025\/12\/1.Leysin-Hiver-Raquettes-\u00a9-Visualps-Matthias-Lehmann-scaled-750x500.jpg\" alt=\"Aigle - Leysin - Le Col des Mosses\">\n                        <div class=\"special-link-content\">\n                                    <lord-icon src=\"https:\/\/cdn.lordicon.com\/qwegujbf.json\" target=\".special-link\" trigger=\"hover\" colors=\"primary:#199573\" style=\"width:28px;height:28px\"><\/lord-icon>\n                \n                Aigle &#8211; Leysin &#8211; Le Col des Mosses            <\/div>\n        <\/a>\n    \n\n\n            <a class=\"special-link with-icon external with-img\" href=\"https:\/\/www.avenches.ch\/de\/Z14933\/wanderungen-in-der-region-avenches?duration=_all_duration&#038;length=_all_length\" target=\"_blank\">\n                            <img decoding=\"async\" src=\"https:\/\/www.vaud.ch\/app\/uploads\/2025\/12\/Avenches-musee-1-scaled-755x500.jpg\" alt=\"Avenches\">\n                        <div class=\"special-link-content\">\n                                    <lord-icon src=\"https:\/\/cdn.lordicon.com\/qwegujbf.json\" target=\".special-link\" trigger=\"hover\" colors=\"primary:#199573\" style=\"width:28px;height:28px\"><\/lord-icon>\n                \n                Avenches            <\/div>\n        <\/a>\n    \n\n\n            <a class=\"special-link with-icon external with-img\" href=\"https:\/\/echallens-tourisme.ch\/inspirations\/\" target=\"_blank\">\n                            <img decoding=\"async\" src=\"https:\/\/www.vaud.ch\/app\/uploads\/2025\/12\/Marche-folklorique-Echallens-750x500.jpg\" alt=\"Echallens R\u00e9gion\">\n                        <div class=\"special-link-content\">\n                                    <lord-icon src=\"https:\/\/cdn.lordicon.com\/qwegujbf.json\" target=\".special-link\" trigger=\"hover\" colors=\"primary:#199573\" style=\"width:28px;height:28px\"><\/lord-icon>\n                \n                Echallens R\u00e9gion            <\/div>\n        <\/a>\n    \n\n\n            <a class=\"special-link with-icon external with-img\" href=\"https:\/\/www.lausanne-tourisme.ch\/de\/the-lausanner\/articles\/meine-liebsten-spaziergaenge-in-lausanne-um-energie-zu-tanken\/\" target=\"_blank\">\n                            <img decoding=\"async\" src=\"https:\/\/www.vaud.ch\/app\/uploads\/2025\/12\/4.Hiver-KAZ1920-scaled-749x500.jpg\" alt=\"Lausanne\">\n                        <div class=\"special-link-content\">\n                                    <lord-icon src=\"https:\/\/cdn.lordicon.com\/qwegujbf.json\" target=\".special-link\" trigger=\"hover\" colors=\"primary:#199573\" style=\"width:28px;height:28px\"><\/lord-icon>\n                \n                Lausanne            <\/div>\n        <\/a>\n    \n\n\n            <a class=\"special-link with-icon external with-img\" href=\"https:\/\/www.montreuxriviera.com\/de\/G24\/schneeschuhe-and-winterwanderwege\" target=\"_blank\">\n                            <img decoding=\"async\" src=\"https:\/\/www.vaud.ch\/app\/uploads\/2025\/12\/5.OH7A8976-750x500.jpg\" alt=\"Montreux Rivera\">\n                        <div class=\"special-link-content\">\n                                    <lord-icon src=\"https:\/\/cdn.lordicon.com\/qwegujbf.json\" target=\".special-link\" trigger=\"hover\" colors=\"primary:#199573\" style=\"width:28px;height:28px\"><\/lord-icon>\n                \n                Montreux Rivera            <\/div>\n        <\/a>\n    \n\n\n            <a class=\"special-link with-icon external with-img\" href=\"https:\/\/www.morges-tourisme.ch\/de\/G937\/winterwanderung?\" target=\"_blank\">\n                            <img decoding=\"async\" src=\"https:\/\/www.vaud.ch\/app\/uploads\/2025\/12\/6.Chatel-Mollendruz-scaled-667x500.jpg\" alt=\"Morges R\u00e9gion\">\n                        <div class=\"special-link-content\">\n                                    <lord-icon src=\"https:\/\/cdn.lordicon.com\/qwegujbf.json\" target=\".special-link\" trigger=\"hover\" colors=\"primary:#199573\" style=\"width:28px;height:28px\"><\/lord-icon>\n                \n                Morges R\u00e9gion            <\/div>\n        <\/a>\n    \n\n\n            <a class=\"special-link with-icon external with-img\" href=\"https:\/\/www.moudon-tourisme.ch\/de\/Z32095\/wanderungen?duration=_all_duration&#038;length=_all_length\" target=\"_blank\">\n                            <img decoding=\"async\" src=\"https:\/\/www.vaud.ch\/app\/uploads\/2025\/12\/7.Moudon-scaled-935x500.jpg\" alt=\"Moudon R\u00e9gion\">\n                        <div class=\"special-link-content\">\n                                    <lord-icon src=\"https:\/\/cdn.lordicon.com\/qwegujbf.json\" target=\".special-link\" trigger=\"hover\" colors=\"primary:#199573\" style=\"width:28px;height:28px\"><\/lord-icon>\n                \n                Moudon R\u00e9gion            <\/div>\n        <\/a>\n    \n\n\n            <a class=\"special-link with-icon external with-img\" href=\"https:\/\/www.lacote-tourisme.ch\/de\/G1474\/wanderwege-in-der-region?categories=c-189\" target=\"_blank\">\n                            <img decoding=\"async\" src=\"https:\/\/www.vaud.ch\/app\/uploads\/2025\/12\/8.St-Cergue-Hiver_2018-@glenn_Michel-6-scaled-750x500.jpg\" alt=\"Nyon R\u00e9gion\">\n                        <div class=\"special-link-content\">\n                                    <lord-icon src=\"https:\/\/cdn.lordicon.com\/qwegujbf.json\" target=\".special-link\" trigger=\"hover\" colors=\"primary:#199573\" style=\"width:28px;height:28px\"><\/lord-icon>\n                \n                Nyon R\u00e9gion            <\/div>\n        <\/a>\n    \n\t<\/div>\n\n\n\n<div class=\"col-12 col-md-6\">\n\t\t\t\n\n            <a class=\"special-link with-icon external with-img\" href=\"https:\/\/www.alpesvaudoises.ch\/de\/G115\/pays-d&#039;enhaut\/winterwanderungen-im-pays-d&#039;enhaut\" target=\"_blank\">\n                            <img decoding=\"async\" src=\"https:\/\/www.vaud.ch\/app\/uploads\/2025\/12\/9.Les-Mosses-balade-en-raquettes-c-Visualps-667x500.jpg\" alt=\"Pays d'Enhaut\">\n                        <div class=\"special-link-content\">\n                                    <lord-icon src=\"https:\/\/cdn.lordicon.com\/qwegujbf.json\" target=\".special-link\" trigger=\"hover\" colors=\"primary:#199573\" style=\"width:28px;height:28px\"><\/lord-icon>\n                \n                Pays d&#039;Enhaut            <\/div>\n        <\/a>\n    \n\n\n            <a class=\"special-link with-icon external with-img\" href=\"https:\/\/fribourg.ch\/de\/estavayer-payerne\/wandern\/\" target=\"_blank\">\n                            <img decoding=\"async\" src=\"https:\/\/www.vaud.ch\/app\/uploads\/2025\/12\/Payerne-2-scaled-752x500.jpg\" alt=\"Payerne R\u00e9gion\">\n                        <div class=\"special-link-content\">\n                                    <lord-icon src=\"https:\/\/cdn.lordicon.com\/qwegujbf.json\" target=\".special-link\" trigger=\"hover\" colors=\"primary:#199573\" style=\"width:28px;height:28px\"><\/lord-icon>\n                \n                Payerne R\u00e9gion            <\/div>\n        <\/a>\n    \n\n\n            <a class=\"special-link with-icon external with-img\" href=\"https:\/\/www.myvalleedejoux.ch\/de\/Z14969\/winterwanderungen\" target=\"_blank\">\n                            <img decoding=\"async\" src=\"https:\/\/www.vaud.ch\/app\/uploads\/2025\/12\/11.jonathanviey-3175-scaled-750x500.jpg\" alt=\"Vall\u00e9e de Joux\">\n                        <div class=\"special-link-content\">\n                                    <lord-icon src=\"https:\/\/cdn.lordicon.com\/qwegujbf.json\" target=\".special-link\" trigger=\"hover\" colors=\"primary:#199573\" style=\"width:28px;height:28px\"><\/lord-icon>\n                \n                Vall\u00e9e de Joux            <\/div>\n        <\/a>\n    \n\n\n            <a class=\"special-link with-icon external with-img\" href=\"https:\/\/www.alpesvaudoises.ch\/de\/Z87\/unendlich-winter#randonnee\" target=\"_blank\">\n                            <img decoding=\"async\" src=\"https:\/\/www.vaud.ch\/app\/uploads\/2025\/12\/12.Villars-Raquette-c-Olivier-Fatzer-70-scaled-750x500.jpg\" alt=\"Villars - Gryon - Les Diablerets - Bex\">\n                        <div class=\"special-link-content\">\n                                    <lord-icon src=\"https:\/\/cdn.lordicon.com\/qwegujbf.json\" target=\".special-link\" trigger=\"hover\" colors=\"primary:#199573\" style=\"width:28px;height:28px\"><\/lord-icon>\n                \n                Villars &#8211; Gryon &#8211; Les Diablerets &#8211; Bex            <\/div>\n        <\/a>\n    \n\n\n            <a class=\"special-link with-icon external with-img\" href=\"https:\/\/www.j3l.ch\/de\/Z13073\/erlebnisse\/sport-freizeit\/winterwanderungen?bounds=-0.47440+40.18938+17.01584+52.90394\" target=\"_blank\">\n                            <img decoding=\"async\" src=\"https:\/\/www.vaud.ch\/app\/uploads\/2025\/12\/13.Vue-hiver-LAuberson-2c-Drone-Suisse-scaled-889x500.jpg\" alt=\"Vully-les-lacs\">\n                        <div class=\"special-link-content\">\n                                    <lord-icon src=\"https:\/\/cdn.lordicon.com\/qwegujbf.json\" target=\".special-link\" trigger=\"hover\" colors=\"primary:#199573\" style=\"width:28px;height:28px\"><\/lord-icon>\n                \n                Vully-les-lacs            <\/div>\n        <\/a>\n    \n\n\n            <a class=\"special-link with-icon external with-img\" href=\"https:\/\/yverdonlesbainsregion.ch\/de\/aktivitaeten-im-winter\/\" target=\"_blank\">\n                            <img decoding=\"async\" src=\"https:\/\/www.vaud.ch\/app\/uploads\/2025\/12\/14.YlBR-Ste-Croix14.-Hiver-raquettes-17-\u00a9D.CARLIER-david-scaled-752x500.jpg\" alt=\"Yverdon-les-Bains R\u00e9gion\">\n                        <div class=\"special-link-content\">\n                                    <lord-icon src=\"https:\/\/cdn.lordicon.com\/qwegujbf.json\" target=\".special-link\" trigger=\"hover\" colors=\"primary:#199573\" style=\"width:28px;height:28px\"><\/lord-icon>\n                \n                Yverdon-les-Bains R\u00e9gion            <\/div>\n        <\/a>\n    \n\n\n            <a class=\"special-link with-icon external with-img\" href=\"https:\/\/schweizmobil.ch\/fr\/ete?f_land=winterhike&#038;f_canton=27\" target=\"_blank\">\n                            <img decoding=\"async\" src=\"https:\/\/www.vaud.ch\/app\/uploads\/2025\/12\/8.Randonnee-raquette-scaled-755x500.jpg\" alt=\"SuisseMobile - Winterwanderungen\">\n                        <div class=\"special-link-content\">\n                                    <lord-icon src=\"https:\/\/cdn.lordicon.com\/qwegujbf.json\" target=\".special-link\" trigger=\"hover\" colors=\"primary:#199573\" style=\"width:28px;height:28px\"><\/lord-icon>\n                \n                SuisseMobile &#8211; Winterwanderungen            <\/div>\n        <\/a>\n    \n\t<\/div>\n\n<\/div>\n\n\n\n<div style=\"height:50px\" aria-hidden=\"true\" class=\"wp-block-spacer\"><\/div>\n\n\n\n<h2 class=\"wp-block-heading\">Langlauf<\/h2>\n\n\n<div class=\"wp-bootstrap-blocks-row row\">\n\t\n\n<div class=\"col-12 col-md-6\">\n\t\t\t\n\n            <a class=\"special-link with-icon external with-img\" href=\"https:\/\/www.alpesvaudoises.ch\/de\/Z277\/suche?query=ski+de+fond\" target=\"_blank\">\n                            <img decoding=\"async\" src=\"https:\/\/www.vaud.ch\/app\/uploads\/2025\/12\/Les-Mosses-Hiver-Ski-de-fond-\ufffd\ufffd-Visualps-Matthias-Lehmann-scaled-750x500.jpg\" alt=\"Aigle - Leysin - Le Col des Mosses\">\n                        <div class=\"special-link-content\">\n                                    <lord-icon src=\"https:\/\/cdn.lordicon.com\/qwegujbf.json\" target=\".special-link\" trigger=\"hover\" colors=\"primary:#199573\" style=\"width:28px;height:28px\"><\/lord-icon>\n                \n                Aigle &#8211; Leysin &#8211; Le Col des Mosses            <\/div>\n        <\/a>\n    \n\n\n            <a class=\"special-link with-icon external with-img\" href=\"https:\/\/www.montreuxriviera.com\/de\/G37\/skilanglauf\" target=\"_blank\">\n                            <img decoding=\"async\" src=\"https:\/\/www.vaud.ch\/app\/uploads\/2025\/12\/Nicolas-Gascard_Shooting-hiver-2019-1-scaled-749x500.jpg\" alt=\"Montreux Rivera\">\n                        <div class=\"special-link-content\">\n                                    <lord-icon src=\"https:\/\/cdn.lordicon.com\/qwegujbf.json\" target=\".special-link\" trigger=\"hover\" colors=\"primary:#199573\" style=\"width:28px;height:28px\"><\/lord-icon>\n                \n                Montreux Rivera            <\/div>\n        <\/a>\n    \n\n\n            <a class=\"special-link with-icon external with-img\" href=\"https:\/\/www.lacote-tourisme.ch\/de\/Z16385\/langlaufloipen\" target=\"_blank\">\n                            <img decoding=\"async\" src=\"https:\/\/www.vaud.ch\/app\/uploads\/2025\/12\/jonathanviey-1905-scaled-891x500.jpg\" alt=\"Nyon R\u00e9gion\">\n                        <div class=\"special-link-content\">\n                                    <lord-icon src=\"https:\/\/cdn.lordicon.com\/qwegujbf.json\" target=\".special-link\" trigger=\"hover\" colors=\"primary:#199573\" style=\"width:28px;height:28px\"><\/lord-icon>\n                \n                Nyon R\u00e9gion            <\/div>\n        <\/a>\n    \n\n\n            <a class=\"special-link with-icon external with-img\" href=\"https:\/\/www.alpesvaudoises.ch\/de\/Z277\/suche?query=ski+de+fond\" target=\"_blank\">\n                            <img decoding=\"async\" src=\"https:\/\/www.vaud.ch\/app\/uploads\/2025\/12\/DCARLIER-2016-CHE-VAUD-OT-5856-scaled-749x500.jpg\" alt=\"Pays d'Enhaut\">\n                        <div class=\"special-link-content\">\n                                    <lord-icon src=\"https:\/\/cdn.lordicon.com\/qwegujbf.json\" target=\".special-link\" trigger=\"hover\" colors=\"primary:#199573\" style=\"width:28px;height:28px\"><\/lord-icon>\n                \n                Pays d&#039;Enhaut            <\/div>\n        <\/a>\n    \n\t<\/div>\n\n\n\n<div class=\"col-12 col-md-6\">\n\t\t\t\n\n            <a class=\"special-link with-icon external with-img\" href=\"https:\/\/www.myvalleedejoux.ch\/de\/Z14914\/langlauf\" target=\"_blank\">\n                            <img decoding=\"async\" src=\"https:\/\/www.vaud.ch\/app\/uploads\/2025\/11\/DCARLIER-2016-CHE-VAUD-OT-6029-scaled-749x500.jpg\" alt=\"Vall\u00e9e de Joux\">\n                        <div class=\"special-link-content\">\n                                    <lord-icon src=\"https:\/\/cdn.lordicon.com\/qwegujbf.json\" target=\".special-link\" trigger=\"hover\" colors=\"primary:#199573\" style=\"width:28px;height:28px\"><\/lord-icon>\n                \n                Vall\u00e9e de Joux            <\/div>\n        <\/a>\n    \n\n\n            <a class=\"special-link with-icon external with-img\" href=\"https:\/\/www.alpesvaudoises.ch\/de\/Z277\/suche?query=ski+de+fond\" target=\"_blank\">\n                            <img decoding=\"async\" src=\"https:\/\/www.vaud.ch\/app\/uploads\/2025\/12\/Villars-ski-de-fond-c-Visualps.ch-72-scaled-813x500.jpg\" alt=\"Villars - Gryon - Les Diablerets - Bex\">\n                        <div class=\"special-link-content\">\n                                    <lord-icon src=\"https:\/\/cdn.lordicon.com\/qwegujbf.json\" target=\".special-link\" trigger=\"hover\" colors=\"primary:#199573\" style=\"width:28px;height:28px\"><\/lord-icon>\n                \n                Villars &#8211; Gryon &#8211; Les Diablerets &#8211; Bex            <\/div>\n        <\/a>\n    \n\n\n            <a class=\"special-link with-icon external with-img\" href=\"https:\/\/yverdonlesbainsregion.ch\/de\/poi\/skilanglauf-sainte-croix-les-rasses\/\" target=\"_blank\">\n                            <img decoding=\"async\" src=\"https:\/\/www.vaud.ch\/app\/uploads\/2025\/12\/DCARLIER-2016-CHE-VAUD-OT-5911-scaled-749x500.jpg\" alt=\"Yverdon-les-Bains R\u00e9gion\">\n                        <div class=\"special-link-content\">\n                                    <lord-icon src=\"https:\/\/cdn.lordicon.com\/qwegujbf.json\" target=\".special-link\" trigger=\"hover\" colors=\"primary:#199573\" style=\"width:28px;height:28px\"><\/lord-icon>\n                \n                Yverdon-les-Bains R\u00e9gion            <\/div>\n        <\/a>\n    \n\n\n            <a class=\"special-link with-icon external with-img\" href=\"https:\/\/schweizmobil.ch\/de\/sommer?f_land=crosscountry&#038;f_canton=27\" target=\"_blank\">\n                            <img decoding=\"async\" src=\"https:\/\/www.vaud.ch\/app\/uploads\/2025\/12\/Les-Mosses-Hiver-Ski-de-fond-\ufffd\ufffd-Visualps-Matthias-Lehmann-1-scaled-750x500.jpg\" alt=\"SuisseMobile - Langlauf\">\n                        <div class=\"special-link-content\">\n                                    <lord-icon src=\"https:\/\/cdn.lordicon.com\/qwegujbf.json\" target=\".special-link\" trigger=\"hover\" colors=\"primary:#199573\" style=\"width:28px;height:28px\"><\/lord-icon>\n                \n                SuisseMobile &#8211; Langlauf            <\/div>\n        <\/a>\n    \n\t<\/div>\n\n<\/div>\n\n\n\n<div style=\"height:80px\" aria-hidden=\"true\" class=\"wp-block-spacer\"><\/div>\n<\/div>\n\n\n\n<div id=\"morges\" class=\"wp-block-group is-style-section has-white-color-color has-lightgrey-color-background-color has-text-color has-background has-link-color wp-elements-ac5e03e6ab06b33be3dba99fa0330a28 is-layout-flow wp-block-group-is-layout-flow\">\n<div class=\"wp-block-group is-layout-constrained wp-block-group-is-layout-constrained\">\n<h2 class=\"wp-block-heading has-blue-color-color has-text-color has-link-color wp-elements-3889d424f7456d60dca1f44d204a50d5\">Schauen Sie sich den Schneebericht an<\/h2>\n\n\n\n<p class=\"has-blue-color-color has-text-color has-link-color wp-elements-80246c2e4b718500ed95120143c727ea\">Erhalten Sie offizielle, aktuelle Informationen zu den Schneeverh\u00e4ltnissen im Kanton Waadt. Informieren Sie sich \u00fcber die Pistenbedingungen, die Schneeh\u00f6he und die \u00d6ffnungszeiten der Skigebiete, damit Sie Ihre Winteraktivit\u00e4ten planen k\u00f6nnen.<\/p>\n\n\n\n<div class=\"wp-block-buttons is-layout-flex wp-block-buttons-is-layout-flex\">\n<div class=\"wp-block-button\"><a class=\"wp-block-button__link has-green-color-background-color has-background wp-element-button\" href=\"https:\/\/snow.myswitzerland.com\/schneebericht\/-\/kanton-waadt\/\" target=\"_blank\" rel=\"noreferrer noopener\">Schneebericht<\/a><\/div>\n<\/div>\n<\/div>\n<\/div>\n\n\n\n<div class=\"wp-block-group is-style-section has-white-color-color has-green-color-background-color has-text-color has-background has-link-color wp-elements-533b2e13b723fb3c301433524a8b7f86 is-layout-flow wp-block-group-is-layout-flow\" style=\"padding-top:var(--wp--preset--spacing--80);padding-bottom:var(--wp--preset--spacing--80)\">\n    <div class=\"post-list-arrows cta-title\">\n                    <h2>Entdecken Sie weitere Ideen f\u00fcr Aktivit\u00e4ten im Kanton<\/h2>\n                <div class=\"arrows\">\n            <div class=\" prev-arrow\">\n                <img decoding=\"async\" src=\"https:\/\/www.vaud.ch\/app\/themes\/child\/assets\/images\/system-outline-161-trending-flat.svg\" alt=\"\" class=\"skip-lazy\">\n            <\/div>\n            <div class=\"next-arrow\">\n                <img decoding=\"async\" src=\"https:\/\/www.vaud.ch\/app\/themes\/child\/assets\/images\/system-outline-161-trending-flat.svg\" alt=\"\" class=\"skip-lazy\">\n            <\/div>\n        <\/div>\n\n    <\/div>\n    <div class=\"call-to-action  row  \"  style=\"margin-top:0;margin-bottom:0;\">\n                        <div class=\"col-md-3\">\n                                            <a class=\"cta-item \" href=\"https:\/\/www.vaud.ch\/de\/tourismus\/sport\/wintersport\/\" target=\"_blank\">\n                                                                                    <img data-lazy=\"https:\/\/www.vaud.ch\/app\/uploads\/2025\/11\/Les-Mosses-Hiver-Paysage-scaled-1228x500.jpg\" alt=\"Wintersport\" class=\"skip-lazy\">\n                                                        <span class=\"text\">Wintersport<\/span>\n                            <span class=\"read-more\">Mehr lesen<\/span>\n                                                    <\/a>\n                        <\/div>\n                <div class=\"col-md-3\">\n                                            <a class=\"cta-item \" href=\"https:\/\/www.vaud.ch\/de\/tourismus\/sport\/wintersport\/ski-langlauf-und-winterwanderungen\/\" target=\"_blank\">\n                                                                                    <img data-lazy=\"https:\/\/www.vaud.ch\/app\/uploads\/2025\/12\/Les-Mosses-Hiver-Ski-de-fond-\ufffd\ufffd-Visualps-Matthias-Lehmann-1-scaled-750x500.jpg\" alt=\"Skifahren, Langlaufen und Winterwandern\" class=\"skip-lazy\">\n                                                        <span class=\"text\">Skifahren, Langlaufen und Winterwandern<\/span>\n                            <span class=\"read-more\">Mehr lesen<\/span>\n                                                    <\/a>\n                        <\/div>\n                <div class=\"col-md-3\">\n                                            <a class=\"cta-item \" href=\"https:\/\/www.vaud.ch\/de\/tourismus\/sport\/wintersport\/schneeschuhwandern-und-andere-winteraktivitaten\/\" target=\"_blank\">\n                                                                                    <img data-lazy=\"https:\/\/www.vaud.ch\/app\/uploads\/2025\/12\/2.DJI_0319-scaled-625x500.jpg\" alt=\"Schneeschuhwandern und andere Winteraktivit\u00e4ten\" class=\"skip-lazy\">\n                                                        <span class=\"text\">Schneeschuhwandern und andere Winteraktivit\u00e4ten<\/span>\n                            <span class=\"read-more\">Mehr lesen<\/span>\n                                                    <\/a>\n                        <\/div>\n                <div class=\"col-md-3\">\n                                            <a class=\"cta-item \" href=\"https:\/\/www.vaud.ch\/de\/tourismus\/sport\/wintersport\/materialvermietung\/\" target=\"_blank\">\n                                                                                    <img data-lazy=\"https:\/\/www.vaud.ch\/app\/uploads\/2025\/12\/3.YlBRSte-Croix-Ski-et-sapins\u00a9-Claude-Jaccard-www-scaled-755x500.jpg\" alt=\"Materialvermietung\" class=\"skip-lazy\">\n                                                        <span class=\"text\">Materialvermietung<\/span>\n                            <span class=\"read-more\">Mehr lesen<\/span>\n                                                    <\/a>\n                        <\/div>\n                <div class=\"col-md-3\">\n                                            <a class=\"cta-item \" href=\"https:\/\/www.vaud.ch\/de\/tourismus\/sport\/wanderungen-und-ausfluge\/\" target=\"_blank\">\n                                                                                    <img data-lazy=\"https:\/\/www.vaud.ch\/app\/uploads\/2025\/12\/8.ST_3x2_Nyon-Hiking_75444-750x500.jpg\" alt=\"Wanderungen und Ausfl\u00fcge\" class=\"skip-lazy\">\n                                                        <span class=\"text\">Wanderungen und Ausfl\u00fcge<\/span>\n                            <span class=\"read-more\">Mehr lesen<\/span>\n                                                    <\/a>\n                        <\/div>\n                <div class=\"col-md-3\">\n                                            <a class=\"cta-item \" href=\"https:\/\/www.vaud.ch\/de\/tourismus\/sport\/gravel\/\" target=\"_blank\">\n                                                                                    <img data-lazy=\"https:\/\/www.vaud.ch\/app\/uploads\/2025\/04\/IMG_6317-333x500.jpg\" alt=\"Gravel im Kanton Waadt\" class=\"skip-lazy\">\n                                                        <span class=\"text\">Gravel im Kanton Waadt<\/span>\n                            <span class=\"read-more\">Mehr lesen<\/span>\n                                                    <\/a>\n                        <\/div>\n<\/div>\n\n\n\n\n<p><\/p>\n<\/div>\n","protected":false},"excerpt":{"rendered":"<p>M\u00f6chten Sie die Pisten hinunterfahren, Ihre Spur beim Langlaufen ziehen oder zu einer Wanderung im frischen Schnee aufbrechen? Hier finden Sie alle Destinationen, die das Beste an Winteraktivit\u00e4ten bieten. Tanken Sie neue Energie und bereiten Sie Ihren n\u00e4chsten Ausflug an die frische Luft vor. G\u00f6nnen Sie sich eine Extraportion frische Bergluft! Ski und Waadtl\u00e4nder Skigebiete [&hellip;]<\/p>\n","protected":false},"author":29,"featured_media":17953,"parent":17467,"menu_order":0,"comment_status":"closed","ping_status":"closed","template":"","meta":{"_acf_changed":false,"footnotes":""},"class_list":["post-17861","page","type-page","status-publish","has-post-thumbnail","hentry"],"acf":[],"aioseo_notices":[],"_links":{"self":[{"href":"https:\/\/www.vaud.ch\/de\/wp-json\/wp\/v2\/pages\/17861","targetHints":{"allow":["GET"]}}],"collection":[{"href":"https:\/\/www.vaud.ch\/de\/wp-json\/wp\/v2\/pages"}],"about":[{"href":"https:\/\/www.vaud.ch\/de\/wp-json\/wp\/v2\/types\/page"}],"author":[{"embeddable":true,"href":"https:\/\/www.vaud.ch\/de\/wp-json\/wp\/v2\/users\/29"}],"replies":[{"embeddable":true,"href":"https:\/\/www.vaud.ch\/de\/wp-json\/wp\/v2\/comments?post=17861"}],"version-history":[{"count":16,"href":"https:\/\/www.vaud.ch\/de\/wp-json\/wp\/v2\/pages\/17861\/revisions"}],"predecessor-version":[{"id":20371,"href":"https:\/\/www.vaud.ch\/de\/wp-json\/wp\/v2\/pages\/17861\/revisions\/20371"}],"up":[{"embeddable":true,"href":"https:\/\/www.vaud.ch\/de\/wp-json\/wp\/v2\/pages\/17467"}],"wp:featuredmedia":[{"embeddable":true,"href":"https:\/\/www.vaud.ch\/de\/wp-json\/wp\/v2\/media\/17953"}],"wp:attachment":[{"href":"https:\/\/www.vaud.ch\/de\/wp-json\/wp\/v2\/media?parent=17861"}],"curies":[{"name":"wp","href":"https:\/\/api.w.org\/{rel}","templated":true}]}}