{"id":18052,"date":"2025-11-26T13:02:12","date_gmt":"2025-11-26T12:02:12","guid":{"rendered":"https:\/\/www.vaud.ch\/nos-destinations\/nord-vaudois\/"},"modified":"2025-12-09T18:01:40","modified_gmt":"2025-12-09T17:01:40","slug":"nord-vaudois","status":"publish","type":"page","link":"https:\/\/www.vaud.ch\/de\/tourismus\/nos-destinations\/nord-vaudois\/","title":{"rendered":"Nord vaudois"},"content":{"rendered":"\n<div class=\"wp-block-group is-style-section is-layout-flow wp-block-group-is-layout-flow\"><div class=\"wp-bootstrap-blocks-row row justify-content-center\">\n\t\n\n<div class=\"col-12 col-md-10 col-xl-6\">\n\t\t\t\n\n\n\n<h2 class=\"wp-block-heading\" id=\"id-defini-sur-element\">Nord vaudois <\/h2>\n\n\n\n<p class=\"is-style-heading-p\">Die Nordwaadt h\u00e4lt f\u00fcr ihre Besucher und Bewohner eine sch\u00f6ne Mischung aus Natur, Geschichte, Wohlbefinden, Terroir und Authentizit\u00e4t bereit. Diese Region am Neuenburgersee und im Juragebirge bietet eine grosse Vielfalt an Landschaften und Aktivit\u00e4ten.<\/p>\n\n\t<\/div>\n\n<\/div>\n<\/div>\n\n\n\n<div class=\"wp-block-group is-style-section is-layout-flow wp-block-group-is-layout-flow\"><div class=\"wp-bootstrap-blocks-row row justify-content-center\">\n\t\n\n<div class=\"col-12 col-md-10\">\n\t\t\t\n\n<h3 class=\"wp-block-heading\">Nord vaudois Highlights<\/h3>\n\n\n    <div class=\"events-list-outer posts-list-map \"  style=\"\" data-max-post=\"4\" data-type=\"pois\" data-lang=\"de\">\n        <div class=\"row\">\n            <div class=\"col-lg-5\">\n                <div class=\"filter-outer\">\n                    <div class=\"filters-tools v2 show\">\n                        <span class=\"total\">\n                            <span class=\"number\">198<\/span>\n                            Ergebnisse                        <\/span>\n                        <a href=\"#\" class=\"reset-filters with-icon d-none\">\n                            Filter zur\u00fccksetzen                            <lord-icon src=\"https:\/\/cdn.lordicon.com\/ebyacdql.json\" target=\".reset-filters\" trigger=\"hover\" colors=\"primary:#0A4069\" style=\"width:24px;height:24px\"><\/lord-icon>\n                        <\/a>\n                        <lord-icon src=\"https:\/\/cdn.lordicon.com\/gkryirhd.json\" class=\"loading-icon\" trigger=\"loop\" state=\"loop-snake\" colors=\"primary:#0a4069\" style=\"width:30px;height:30px\"><\/lord-icon>\n                    <\/div>\n                    <div class=\"mobile-filters-btn with-icon\">\n                        <span class=\"icon\">\n                            <lord-icon src=\"https:\/\/cdn.lordicon.com\/qhybrhfg.json\" target=\".mobile-filters-btn\" trigger=\"hover\" colors=\"primary:#0A4069\" state=\"hover\" style=\"width:26px;height:26px\"><\/lord-icon>\n                        <\/span>\n                        Filter                    <\/div>\n                    <div class=\"filter-inner\">\n                        <div class=\"filters v2\">\n                                                            <div class=\"filter-input search-input with-icon\">\n                                    <input type=\"text\" class=\"search\" placeholder=\"Suche\" value=\"\">\n                                    <lord-icon src=\"https:\/\/cdn.lordicon.com\/xaekjsls.json\" target=\".filter-input\" trigger=\"hover\" colors=\"primary:#0A4069\" style=\"width:30px;height:30px\"><\/lord-icon>\n                                <\/div>\n                                                                <select class=\"types with-search\" data-placeholder=\"Suche\">\n                                    <option value=\"\">Types<\/option>\n                                                                            <option value=\"01kbhq6pz0dbqtqty0cwtnyf5k\" >Famille<\/option>\n                                                                            <option value=\"01kbhq6pz17xw2s4913ya8410e\" >Wellness<\/option>\n                                                                            <option value=\"01kbhq6pz3bb2zp6e6xsk68wz1\" >Sommeraktivit\u00e4ten<\/option>\n                                                                            <option value=\"01kbhq6pz484896fk070ypfxf1\" >Sport &amp; Freizeit<\/option>\n                                                                            <option value=\"01kbhq6pz5764eqq96arhf9d8c\" >Winteraktivit\u00e4ten<\/option>\n                                                                            <option value=\"01kbhq6pz7y3rqsqj1f3wpbaye\" >Nature<\/option>\n                                                                            <option value=\"01kbhq6pz8j9s4vadcct8nctrj\" >Natur<\/option>\n                                                                            <option value=\"01kbhq6pz9k0and37pp76jqzf3\" >Parks<\/option>\n                                                                            <option value=\"01kbhq6pzajjthdd0ffbexdm70\" >Sport<\/option>\n                                                                            <option value=\"01kbhq6pzbtjar18zcxw1tc8ke\" >Touristische Verkehrsmittel<\/option>\n                                                                            <option value=\"01kbhq6pzevrkeysj4q3wxwzfv\" >Gesch\u00e4ftstourismus<\/option>\n                                                                            <option value=\"01kbhq6pzf2f1sz995yehqjxmx\" >Schulen &amp; Institutionen<\/option>\n                                                                            <option value=\"01kbhq6pzgtfk7hn158f706dwh\" >Hotel<\/option>\n                                                                            <option value=\"01kbhq6pzh0vxc0wtdakf313r9\" >Unterkunft<\/option>\n                                                                            <option value=\"01kbhq6pzj9t0yb27t751hyyj0\" >Informations<\/option>\n                                                                            <option value=\"01kbhq6pzmmra8mkmebfn25zpv\" >Infrastrukturen<\/option>\n                                                                            <option value=\"01kbhq6pznjepgm0p0pexrg7fv\" >Tourismusb\u00fcros<\/option>\n                                                                            <option value=\"01kbhq6pzqff75xg911vy01vmv\" >Shopping<\/option>\n                                                                            <option value=\"01kbhq6pzrr9qshb16v76zxn3w\" >Transports<\/option>\n                                                                            <option value=\"01kbhq6pzsws05nw992x8bc176\" >Ferienwohnung<\/option>\n                                                                            <option value=\"01kbhq6pzvtjdmy5am83c7tzjc\" >Campingplatz<\/option>\n                                                                            <option value=\"01kbhq6pzwskywbs76k7rc3kbq\" >Chalet<\/option>\n                                                                            <option value=\"01kbhq6pzy32phmhtq4v96aw9x\" >Gastezimmer<\/option>\n                                                                            <option value=\"01kbhq6pzz50ts4jqa63n4aebg\" >Schlafsal \/ Bergh\u00fctten<\/option>\n                                                                            <option value=\"01kbhq6q01rs896wqhzhe0eygy\" >Hotel<\/option>\n                                                                            <option value=\"01kbhq6q026w3hf0nh8dksyypg\" >Commerces<\/option>\n                                                                            <option value=\"01kbhq6q045gqm2r6esgpwfkk5\" >Kultur<\/option>\n                                                                            <option value=\"01kbhq6q051w7g4m5g4m55p9jx\" >Kultur &amp; Erbe<\/option>\n                                                                            <option value=\"01kbhq6q06m1bp94zdy5xsrrhr\" >Museen<\/option>\n                                                                            <option value=\"01kbhq6q08bkeczvd631afd16h\" >Gastronomie &amp; Wein<\/option>\n                                                                            <option value=\"01kbhq6q09f7h5pztvh94ds10n\" >Sorties<\/option>\n                                                                            <option value=\"01kbhq6q0avhryqgqmhy3g0vgc\" >Lokale Produkte<\/option>\n                                                                            <option value=\"01kbhq6q0cmct7y73xtj1mncva\" >Restaurants<\/option>\n                                                                            <option value=\"01kbhq6q0dcff7hkt2y71z46d5\" >Nachtleben<\/option>\n                                                                            <option value=\"01kp2pfy09vn846dke9zt3e4dt\" >Aventure et loisirs<\/option>\n                                                                    <\/select>\n                                                                <select class=\"destinations with-search\" data-placeholder=\"Suche\">\n                                    <option value=\"\">Reiseziele<\/option>\n                                                                            <option value=\"01kbhq6f0sdeybeqq9zpy5pvn5\" >Aigle-Leysin-Les Mosses<\/option>\n                                                                            <option value=\"01kbhq6f0z02pm0fh2z2qmmmm3\" >Avenches Tourisme<\/option>\n                                                                            <option value=\"01kbhq6f144f0wgf98qtxczv8n\" >Echallens Tourisme<\/option>\n                                                                            <option value=\"01kbhq6f17v1w23f955n5q26gf\" >Lausanne Tourisme<\/option>\n                                                                            <option value=\"01kbhq6f1ajnfshmvbrygj5dq6\" >Montreux Riviera<\/option>\n                                                                            <option value=\"01kbhq6f1hfdzebz7avxw43j5t\" >Morges R\u00e9gion Tourisme<\/option>\n                                                                            <option value=\"01kbhq6f1p1jrttn4jhtxgmmz3\" >Moudon Tourisme<\/option>\n                                                                            <option value=\"01kbhq6f1vhhzm5gf2rvq4xxdj\" >Nyon R\u00e9gion Tourisme<\/option>\n                                                                            <option value=\"01kbhq6f20gcwnd0r20fr4rtez\" >Pays-d\u2019Enhaut Tourisme<\/option>\n                                                                            <option value=\"01kbhq6f26s7v3a536ec8hzhzq\" >Vall\u00e9e de Joux Tourisme<\/option>\n                                                                            <option value=\"01kbhq6f2c9y3drg0aa7fb43pj\" >Villars-Gryon-Les Diablerets-Bex<\/option>\n                                                                            <option value=\"01kbhq6f2h6rsvnj8egf0cchd8\" selected>Yverdon-les-Bains R\u00e9gion<\/option>\n                                                                    <\/select>\n                                                                    <select class=\"seasons\" id=\"landmark_AT290\">\n                                        <option value=\"\">Saison<\/option>\n                                                                                    <option value=\"AT290_0\" >Hiver<\/option>\n                                                                                    <option value=\"AT290_1\" >Printemps<\/option>\n                                                                                    <option value=\"AT290_2\" >\u00c9t\u00e9<\/option>\n                                                                                    <option value=\"AT290_3\" >Automne<\/option>\n                                                                                    <option value=\"AT290_0\" >Hiver<\/option>\n                                                                                    <option value=\"AT290_1\" >Printemps<\/option>\n                                                                                    <option value=\"AT290_2\" >\u00c9t\u00e9<\/option>\n                                                                                    <option value=\"AT290_3\" >Automne<\/option>\n                                                                            <\/select>\n                                \n                                <div class=\"accessibility\">\n                                    <input type=\"checkbox\" class=\"checkbox\" id=\"landmark_AT194\" name=\"landmark_AT194\" >\n                                    <label for=\"landmark_AT194\">Rollstuhlgerecht<\/label>\n                                <\/div>\n                                                    <\/div>\n                    <\/div>\n                <\/div>\n            <\/div>\n            <div class=\"col-lg-7\">\n                                    <ul class=\"view-switcher switcher-tab-nav\">\n                        <li class=\"grid-view active\" data-tab=\"1\">Raster<\/li>\n                        <li class=\"map-view\" data-tab=\"2\">Karte<\/li>\n                    <\/ul>\n                                <div class=\"switcher-tab-content\">\n                    <div class=\"switcher-tab active\" data-tab=\"1\">\n                        <div class=\"row events-list\">\n                            <div class=\"col-md-6\">\n    <a href=\"https:\/\/www.vaud.ch\/de\/tourismus\/aktivitaten\/mumaps-museum-fur-kunstmechanik-und-kulturerbe\" data-id=\"01kbhr8dw0qzwn5jph0xdga56d\" class=\"event-card v2\">\n        <div class=\"img-wrap\">\n                            <div class=\"event-cat\">\n                    <span>Museen<\/span>\n                <\/div>\n                                        <img decoding=\"async\" src=\"https:\/\/www.vaud.ch\/app\/themes\/child\/assets\/images\/loading-pixel.svg\" class=\"lazyload\" data-src=\"https:\/\/app.localhub.ch\/api\/image\/01kbhr8fravmvppzt0z5bfv5ar\/scale\/800\" alt=\"MuMAPS \u2013 Museum f\u00fcr Kunstmechanik und Kulturerbe\">\n                        <button class=\"favorite-button\" data-item-title=\"MuMAPS \u2013 Museum f\u00fcr Kunstmechanik und Kulturerbe\" data-item-id=\"01kbhr8dw0qzwn5jph0xdga56d\" data-item-type=\"pois\">\n                <i class=\"fas fa-heart favorite__icon favorite--enable\"><\/i>\n                <i class=\"far fa-heart favorite__icon favorite--not\"><\/i>\n            <\/button>\n        <\/div>\n        <div class=\"event-content\">\n            <h3>MuMAPS \u2013 Museum f\u00fcr Kunstmechanik und Kulturerbe<\/h3>\n            <div class=\"post-meta\">\n                                    <span class=\"location\"><img decoding=\"async\" src=\"https:\/\/www.vaud.ch\/app\/themes\/child\/assets\/images\/location-v2.svg\" alt=\"\" class=\"skip-lazy\">Yverdon-les-Bains R\u00e9gion<\/span>\n                            <\/div>\n        <\/div>\n    <\/a>\n<\/div><div class=\"col-md-6\">\n    <a href=\"https:\/\/www.vaud.ch\/de\/tourismus\/aktivitaten\/maison-dailleurs\" data-id=\"01kbhr8dw0qzwn5jph0xdga56e\" class=\"event-card v2\">\n        <div class=\"img-wrap\">\n                            <div class=\"event-cat\">\n                    <span>Museen<\/span>\n                <\/div>\n                                        <img decoding=\"async\" src=\"https:\/\/www.vaud.ch\/app\/themes\/child\/assets\/images\/loading-pixel.svg\" class=\"lazyload\" data-src=\"https:\/\/app.localhub.ch\/api\/image\/01kbhr8g0ffxkvvyq5vcqcjexf\/scale\/800\" alt=\"Maison d\u2019Ailleurs\">\n                        <button class=\"favorite-button\" data-item-title=\"Maison d\u2019Ailleurs\" data-item-id=\"01kbhr8dw0qzwn5jph0xdga56e\" data-item-type=\"pois\">\n                <i class=\"fas fa-heart favorite__icon favorite--enable\"><\/i>\n                <i class=\"far fa-heart favorite__icon favorite--not\"><\/i>\n            <\/button>\n        <\/div>\n        <div class=\"event-content\">\n            <h3>Maison d\u2019Ailleurs<\/h3>\n            <div class=\"post-meta\">\n                                    <span class=\"location\"><img decoding=\"async\" src=\"https:\/\/www.vaud.ch\/app\/themes\/child\/assets\/images\/location-v2.svg\" alt=\"\" class=\"skip-lazy\">Yverdon-les-Bains R\u00e9gion<\/span>\n                            <\/div>\n        <\/div>\n    <\/a>\n<\/div><div class=\"col-md-6\">\n    <a href=\"https:\/\/www.vaud.ch\/de\/tourismus\/aktivitaten\/museum-von-yverdon-und-region\" data-id=\"01kbhr8dw0qzwn5jph0xdga56v\" class=\"event-card v2\">\n        <div class=\"img-wrap\">\n                            <div class=\"event-cat\">\n                    <span>Museen<\/span>\n                <\/div>\n                                        <img decoding=\"async\" src=\"https:\/\/www.vaud.ch\/app\/themes\/child\/assets\/images\/loading-pixel.svg\" class=\"lazyload\" data-src=\"https:\/\/app.localhub.ch\/api\/image\/01kbhr8k38a6jz1afmd2z757ha\/scale\/800\" alt=\"Museum von Yverdon und Region\">\n                        <button class=\"favorite-button\" data-item-title=\"Museum von Yverdon und Region\" data-item-id=\"01kbhr8dw0qzwn5jph0xdga56v\" data-item-type=\"pois\">\n                <i class=\"fas fa-heart favorite__icon favorite--enable\"><\/i>\n                <i class=\"far fa-heart favorite__icon favorite--not\"><\/i>\n            <\/button>\n        <\/div>\n        <div class=\"event-content\">\n            <h3>Museum von Yverdon und Region<\/h3>\n            <div class=\"post-meta\">\n                                    <span class=\"location\"><img decoding=\"async\" src=\"https:\/\/www.vaud.ch\/app\/themes\/child\/assets\/images\/location-v2.svg\" alt=\"\" class=\"skip-lazy\">Yverdon-les-Bains R\u00e9gion<\/span>\n                            <\/div>\n        <\/div>\n    <\/a>\n<\/div><div class=\"col-md-6\">\n    <a href=\"https:\/\/www.vaud.ch\/de\/tourismus\/aktivitaten\/schweizerisches-modemuseum-espace-robert-piguet\" data-id=\"01kbhr8dw0qzwn5jph0xdga56z\" class=\"event-card v2\">\n        <div class=\"img-wrap\">\n                            <div class=\"event-cat\">\n                    <span>Museen<\/span>\n                <\/div>\n                                        <img decoding=\"async\" src=\"https:\/\/www.vaud.ch\/app\/themes\/child\/assets\/images\/loading-pixel.svg\" class=\"lazyload\" data-src=\"https:\/\/app.localhub.ch\/api\/image\/01kbhr8kw85f8xcb0kdg8hjacj\/scale\/800\" alt=\"Schweizerisches Modemuseum - Espace Robert Piguet\">\n                        <button class=\"favorite-button\" data-item-title=\"Schweizerisches Modemuseum - Espace Robert Piguet\" data-item-id=\"01kbhr8dw0qzwn5jph0xdga56z\" data-item-type=\"pois\">\n                <i class=\"fas fa-heart favorite__icon favorite--enable\"><\/i>\n                <i class=\"far fa-heart favorite__icon favorite--not\"><\/i>\n            <\/button>\n        <\/div>\n        <div class=\"event-content\">\n            <h3>Schweizerisches Modemuseum &#8211; Espace Robert Piguet<\/h3>\n            <div class=\"post-meta\">\n                                    <span class=\"location\"><img decoding=\"async\" src=\"https:\/\/www.vaud.ch\/app\/themes\/child\/assets\/images\/location-v2.svg\" alt=\"\" class=\"skip-lazy\">Yverdon-les-Bains R\u00e9gion<\/span>\n                            <\/div>\n        <\/div>\n    <\/a>\n<\/div>                        <\/div>\n                                                    <div>\n                                                                <a href=\"#\"\n                                    class=\"load-more-btn btn \"\n                                    data-page=\"1\"\n                                    data-post-per-page=\"4\">\n                                    <span>Mehr anzeigen<\/span>\n                                    <img decoding=\"async\" src=\"https:\/\/www.vaud.ch\/app\/themes\/child\/assets\/images\/loader.svg\" alt=\"\" class=\"skip-lazy\">\n                                <\/a>\n                            <\/div>\n                                            <\/div>\n                                            <div class=\"map-outer switcher-tab\" data-tab=\"2\">\n                            <div id=\"map\">\n                                <div id=\"map-loading\">\n                                    <span><lord-icon src=\"https:\/\/cdn.lordicon.com\/gkryirhd.json\" trigger=\"loop\" state=\"loop-snake\" colors=\"primary:#0a4069\" style=\"width:70px;height:70px\"><\/lord-icon><\/span>\n                                <\/div>\n                            <\/div>\n                            <div class=\"overlay-zoom\">\n                                <span class=\"desktop-msg\">\n                                    Mit STRG + Scrollrad k\u00f6nnen Sie die Karte vergr\u00f6\u00dfern                                <\/span>\n                                <span class=\"touch-msg\">\n                                    Verwenden Sie zwei Finger, um die Karte zu verschieben                                <\/span>\n                            <\/div>\n                        <\/div>\n                                    <\/div>\n            <\/div>\n        <\/div>\n    <\/div>\n\n\n    \n\t<\/div>\n\n<\/div>\n<\/div>\n\n\n\n<div class=\"wp-block-group is-style-section is-layout-flow wp-block-group-is-layout-flow\"><div class=\"wp-bootstrap-blocks-row row\">\n\t\n\n<div class=\"col-12 col-md-6\">\n\t\t\t\n\n<h2 class=\"wp-block-heading\">Ein Traumaufenthalt in der Region Waadt<\/h2>\n\n\n\n<p>Yverdon-les-Bains&nbsp;ist&nbsp;vor allem f\u00fcr seine entspannenden Thermalquellen und&nbsp;die&nbsp;f\u00fcr Wassersport geeigneten Seeufer bekannt, hat&nbsp;aber&nbsp;noch viel mehr zu bieten. Die zweitgr\u00f6sste Stadt des Kantons profitiert von einer aussergew\u00f6hnlichen Umgebung, die die Menschen seit&nbsp;Urzeiten&nbsp;inspiriert hat.&nbsp;Mit ihren Menhiren, r\u00f6mischen Mosaiken,&nbsp;Schl\u00f6ssern&nbsp;und Kirchen verf\u00fcgt die Region \u00fcber ein reiches Kulturerbe, das von&nbsp;einer&nbsp;Vergangenheit mit&nbsp;verschiedenartigen&nbsp;Einfl\u00fcssen zeugt.&nbsp;<\/p>\n\n\n\n<p>Die&nbsp;Natursch\u00f6nheiten der Nordwaadt&nbsp;sind&nbsp;ein&nbsp;weiterer&nbsp;grosser Pluspunkt.&nbsp;Am&nbsp;Jurafuss&nbsp;und&nbsp;auf den H\u00f6hen gibt es zahlreiche Routen,&nbsp;die Wanderer auf der Suche nach wundersch\u00f6nen Landschaften&nbsp;begeistern.&nbsp;Velofahrer,&nbsp;Fans&nbsp;von Nervenkitzel und&nbsp;Gravelbiken, kommen ebenfalls auf ihre Kosten.&nbsp;Im Winter machen&nbsp;Fahrr\u00e4der&nbsp;und Wanderschuhe Skiern&nbsp;und Schneeschuhen Platz, sehr zur Freude der Liebhaber von Neuschnee.&nbsp;&nbsp;<\/p>\n\n\n\n<p>Geniesser und Gourmets sch\u00e4tzen&nbsp;ihrerseits&nbsp;die&nbsp;Waadtl\u00e4nder Lebenskunst,&nbsp;die&nbsp;K\u00f6stlichkeiten des Terroirs und&nbsp;die&nbsp;kulinarischen&nbsp;Spezialit\u00e4ten.&nbsp;AOP-K\u00e4se, Tr\u00fcffeln, Mandelkuchen aus&nbsp;Sainte-Croix&nbsp;oder lokale Biere&nbsp;sind&nbsp;lauter Delikatessen zum Probieren, aber auch sch\u00f6ne&nbsp;Mitbringsel.<\/p>\n\n\t<\/div>\n\n\n\n<div class=\"col-12 col-md-6\">\n\t\t\t\n\n<figure class=\"wp-block-image size-full\" style=\"margin-top:0px;margin-bottom:0px\"><img loading=\"lazy\" decoding=\"async\" width=\"1600\" height=\"1067\" src=\"https:\/\/www.vaud.ch\/app\/uploads\/2025\/11\/Velo-Nord-vaudois-07918-c-A-Swiss-With-A-Pulse-1.jpg\" alt=\"Vue sur le Nord vaudois\" class=\"wp-image-17036\" style=\"aspect-ratio:1;object-fit:cover\" srcset=\"https:\/\/www.vaud.ch\/app\/uploads\/2025\/11\/Velo-Nord-vaudois-07918-c-A-Swiss-With-A-Pulse-1.jpg 1600w, https:\/\/www.vaud.ch\/app\/uploads\/2025\/11\/Velo-Nord-vaudois-07918-c-A-Swiss-With-A-Pulse-1-300x200.jpg 300w, https:\/\/www.vaud.ch\/app\/uploads\/2025\/11\/Velo-Nord-vaudois-07918-c-A-Swiss-With-A-Pulse-1-768x512.jpg 768w, https:\/\/www.vaud.ch\/app\/uploads\/2025\/11\/Velo-Nord-vaudois-07918-c-A-Swiss-With-A-Pulse-1-1024x683.jpg 1024w, https:\/\/www.vaud.ch\/app\/uploads\/2025\/11\/Velo-Nord-vaudois-07918-c-A-Swiss-With-A-Pulse-1-1536x1024.jpg 1536w, https:\/\/www.vaud.ch\/app\/uploads\/2025\/11\/Velo-Nord-vaudois-07918-c-A-Swiss-With-A-Pulse-1-750x500.jpg 750w\" sizes=\"auto, (max-width: 1600px) 100vw, 1600px\" \/><figcaption class=\"wp-element-caption\">A Swiss With A Pulse &#8211; Alain Rumpf<\/figcaption><\/figure>\n\n\t<\/div>\n\n<\/div>\n<\/div>\n\n\n\n    \n    <div class=\"tourism-office-section wp-block-group is-style-section has-lightblue-color-background-color has-background \"  style=\"\">\n        <div class=\"wp-bootstrap-blocks-row row is-style-left-img-text align-items-center\">\n            <div class=\"col-12 col-md-6\">\n                                    <img decoding=\"async\" src=\"https:\/\/www.vaud.ch\/app\/uploads\/2025\/10\/map-lausanne.jpg\" alt=\"\" class=\"img-fluid\">\n                            <\/div>\n            <div class=\"col-12 col-md-6\">\n                                <p class=\"is-style-surtitle\">Ihr Tourismusb\u00fcro<\/p>\n\n                <div class=\"tourism-office-tabs\">\n                                            <h2 class=\"wp-block-heading\">\n                            Nord vaudois                        <\/h2>\n                                                                <div class=\"tourism-office-tabs-content\">\n                                    <div class=\"contact-information-wrapper active\" id=\"tourism-office-0\">\n            <table class=\"contact-information\">\n                <tbody>\n                                            <tr class=\"anime-icon\">\n                            <td>\n                                <label>\n                                    <lord-icon src=\"https:\/\/cdn.lordicon.com\/yymhadbu.json\" target=\".anime-icon\" trigger=\"hover\" colors=\"primary:#199573\" style=\"width:22px;height:22px\"><\/lord-icon>\n                                    Standort                                <\/label>\n                            <\/td>\n                            <td>\n                                                                    <a href=\"https:\/\/www.google.com\/maps\/dir\/\/Avenue de la Gare 2 1400 Yverdon \" target=\"_blank\">Office du tourisme du Nord vaudois<\/a>\n                                                            <\/td>\n                        <\/tr>\n                                                                <tr class=\"anime-icon\">\n                            <td>\n                                <label>\n                                    <lord-icon src=\"https:\/\/cdn.lordicon.com\/ssvybplt.json\" target=\".anime-icon\" trigger=\"hover\" colors=\"primary:#199573\" style=\"width:22px;height:22px\"><\/lord-icon>\n                                    Telefon                                <\/label>\n                            <\/td>\n                            <td>\n                                <a href=\"tel:+41 24 423 03 13 \">\n                                    +41 24 423 03 13                                 <\/a>\n                            <\/td>\n                        <\/tr>\n                                                                <tr class=\"anime-icon\">\n                            <td>\n                                <label>\n                                    <lord-icon src=\"https:\/\/cdn.lordicon.com\/nfsqebdc.json\" target=\".anime-icon\" trigger=\"hover\" colors=\"primary:#199573\" style=\"width:22px;height:22px\"><\/lord-icon>\n                                    E-Mail                                <\/label>\n                            <\/td>\n                            <td>\n                                <a href=\"mailto:tourisme@adnv.ch\">\n                                    tourisme@adnv.ch                                <\/a>\n                            <\/td>\n                        <\/tr>\n                                                                <tr class=\"anime-icon\">\n                            <td>\n                                <label>\n                                    <lord-icon src=\"https:\/\/cdn.lordicon.com\/pkagxqjy.json\" target=\".anime-icon\" trigger=\"hover\" colors=\"primary:#199573\" style=\"width:22px;height:22px\"><\/lord-icon>\n                                    Website                                <\/label>\n                            <\/td>\n                            <td>\n                                <a href=\"https:\/\/yverdonlesbainsregion.ch\/de\/\" target=\"_blank\">\n                                    https:\/\/yverdonlesbainsregion.ch\/de\/                                <\/a>\n                            <\/td>\n                        <\/tr>\n                                                                <tr class=\"anime-icon\">\n                            <td>\n                                <label>\n                                    <lord-icon src=\"https:\/\/cdn.lordicon.com\/nqlwocyk.json\" target=\".anime-icon\" trigger=\"hover\" colors=\"primary:#199573\" style=\"width:22px;height:22px\"><\/lord-icon>\n                                    Links                                <\/label>\n                            <\/td>\n                            <td>\n                                <ul class=\"socials-link\">\n                                    <li><a href=\"https:\/\/www.facebook.com\/search\/top?q=yverdon-les-bains%20region\" target=\"_blank\"><i class=\"fab fa-facebook-f\"><\/i><\/a><\/li><li><a href=\"https:\/\/www.instagram.com\/yverdonlesbainsregion\/\" target=\"_blank\"><i class=\"fab fa-instagram\"><\/i><\/a><\/li><li><a href=\"https:\/\/www.youtube.com\/user\/RegionYlB\" target=\"_blank\"><i class=\"fab fa-youtube\"><\/i><\/a><\/li><li><a href=\"https:\/\/fr.pinterest.com\/ylbregion\/\" target=\"_blank\"><i class=\"fab fa-pinterest\"><\/i><\/a><\/li><li><a href=\"https:\/\/www.tiktok.com\/@yverdonlesbainsregion\" target=\"_blank\"><i class=\"fab fa-tiktok\"><\/i><\/a><\/li><li><a href=\"https:\/\/www.linkedin.com\/company\/a-d-n-v\/\" target=\"_blank\"><i class=\"fab fa-linkedin\"><\/i><\/a><\/li>                                <\/ul>\n                            <\/td>\n                        <\/tr>\n                                                        <\/tbody>\n            <\/table>\n        <\/div>\n\n                        <\/div>\n                                    <\/div>\n            <\/div>\n        <\/div>\n    <\/div>\n\n\n\n    <div class=\"post-list-arrows cta-title\">\n                    <h2>Den Kanton Waadt entdecken<\/h2>\n                <div class=\"arrows\">\n            <div class=\" prev-arrow\">\n                <img decoding=\"async\" src=\"https:\/\/www.vaud.ch\/app\/themes\/child\/assets\/images\/system-outline-161-trending-flat.svg\" alt=\"\" class=\"skip-lazy\">\n            <\/div>\n            <div class=\"next-arrow\">\n                <img decoding=\"async\" src=\"https:\/\/www.vaud.ch\/app\/themes\/child\/assets\/images\/system-outline-161-trending-flat.svg\" alt=\"\" class=\"skip-lazy\">\n            <\/div>\n        <\/div>\n\n    <\/div>\n    <div class=\"call-to-action  row v2 \"  style=\"\">\n                        <div class=\"col-md-3\">\n                                            <a class=\"cta-item \" href=\"https:\/\/www.vaud.ch\/de\/tourismus\/veranstaltungen\/\" target=\"_self\">\n                                                                                    <img data-lazy=\"https:\/\/www.vaud.ch\/app\/uploads\/2024\/06\/ntm-sa21-nicolas-patault-01_2000-750x500.jpg\" alt=\"Veranstaltungen\" class=\"skip-lazy\">\n                                                        <span class=\"text\">Veranstaltungen<\/span>\n                            <span class=\"read-more\">Mehr lesen<\/span>\n                                                    <\/a>\n                        <\/div>\n                <div class=\"col-md-3\">\n                                            <a class=\"cta-item \" href=\"https:\/\/www.vaud.ch\/de\/tourismus\/aktivitaten\/\" target=\"_self\">\n                                                                                    <img data-lazy=\"https:\/\/www.vaud.ch\/app\/uploads\/2024\/07\/Musee-des-Beaux-Arts-Lausanne-500x500.png\" alt=\"Alle Aktivit\u00e4ten\" class=\"skip-lazy\">\n                                                        <span class=\"text\">Alle Aktivit\u00e4ten<\/span>\n                            <span class=\"read-more\">Mehr lesen<\/span>\n                                                    <\/a>\n                        <\/div>\n                <div class=\"col-md-3\">\n                                            <a class=\"cta-item \" href=\"https:\/\/www.vaud.ch\/de\/praktische-tipps\/\" target=\"_self\">\n                                                                                    <img data-lazy=\"https:\/\/www.vaud.ch\/app\/uploads\/2025\/11\/BoNoel_VP-07-scaled-750x500.jpg\" alt=\"Praktische Tipps\" class=\"skip-lazy\">\n                                                        <span class=\"text\">Praktische Tipps<\/span>\n                            <span class=\"read-more\">Mehr lesen<\/span>\n                                                    <\/a>\n                        <\/div>\n                <div class=\"col-md-3\">\n                                            <a class=\"cta-item \" href=\"https:\/\/www.vaud.ch\/de\/tourismus\/nos-destinations\/\" target=\"_self\">\n                                                                                    <img data-lazy=\"https:\/\/www.vaud.ch\/app\/uploads\/2025\/03\/lavaux-750x500.jpg\" alt=\"Unsere Reiseziele\" class=\"skip-lazy\">\n                                                        <span class=\"text\">Unsere Reiseziele<\/span>\n                            <span class=\"read-more\">Mehr lesen<\/span>\n                                                    <\/a>\n                        <\/div>\n<\/div>\n\n","protected":false},"excerpt":{"rendered":"","protected":false},"author":17,"featured_media":17031,"parent":16764,"menu_order":0,"comment_status":"closed","ping_status":"closed","template":"","meta":{"_acf_changed":false,"footnotes":""},"class_list":["post-18052","page","type-page","status-publish","has-post-thumbnail","hentry"],"acf":[],"aioseo_notices":[],"_links":{"self":[{"href":"https:\/\/www.vaud.ch\/de\/wp-json\/wp\/v2\/pages\/18052","targetHints":{"allow":["GET"]}}],"collection":[{"href":"https:\/\/www.vaud.ch\/de\/wp-json\/wp\/v2\/pages"}],"about":[{"href":"https:\/\/www.vaud.ch\/de\/wp-json\/wp\/v2\/types\/page"}],"author":[{"embeddable":true,"href":"https:\/\/www.vaud.ch\/de\/wp-json\/wp\/v2\/users\/17"}],"replies":[{"embeddable":true,"href":"https:\/\/www.vaud.ch\/de\/wp-json\/wp\/v2\/comments?post=18052"}],"version-history":[{"count":10,"href":"https:\/\/www.vaud.ch\/de\/wp-json\/wp\/v2\/pages\/18052\/revisions"}],"predecessor-version":[{"id":19841,"href":"https:\/\/www.vaud.ch\/de\/wp-json\/wp\/v2\/pages\/18052\/revisions\/19841"}],"up":[{"embeddable":true,"href":"https:\/\/www.vaud.ch\/de\/wp-json\/wp\/v2\/pages\/16764"}],"wp:featuredmedia":[{"embeddable":true,"href":"https:\/\/www.vaud.ch\/de\/wp-json\/wp\/v2\/media\/17031"}],"wp:attachment":[{"href":"https:\/\/www.vaud.ch\/de\/wp-json\/wp\/v2\/media?parent=18052"}],"curies":[{"name":"wp","href":"https:\/\/api.w.org\/{rel}","templated":true}]}}