{"id":18641,"date":"2025-12-03T16:54:37","date_gmt":"2025-12-03T15:54:37","guid":{"rendered":"https:\/\/www.vaud.ch\/?page_id=18641"},"modified":"2026-01-27T09:25:13","modified_gmt":"2026-01-27T08:25:13","slug":"wanderungen-und-ausfluge","status":"publish","type":"page","link":"https:\/\/www.vaud.ch\/de\/tourismus\/sport\/wanderungen-und-ausfluge\/","title":{"rendered":"Wanderungen und\u00a0Ausfl\u00fcge\u00a0"},"content":{"rendered":"\n<div class=\"wp-block-group is-style-section is-layout-constrained wp-block-group-is-layout-constrained\">\n<p class=\"is-style-heading-p\">Gibt es etwas Besseres, als inmitten der Natur umgeben von atemberaubenden Panoramen den Kopf freizubekommen?&nbsp;Der Kanton Waadt bietet nicht weniger als 3700\u202fKilometer markierte Wanderwege f\u00fcr jedes Niveau und jede Vorliebe. Diese Routen unterschiedlicher L\u00e4nge und Schwierigkeit laden Wanderer und Sportler dazu ein, die vielf\u00e4ltigen Facetten des Kantons zu&nbsp;entdecken, um dem Alltag zu entfliehen, \u00fcber sich&nbsp;selbst&nbsp;hinauszuwachsen und neue Energie zu tanken.&nbsp;<\/p>\n\n\n\n<div style=\"height:80px\" aria-hidden=\"true\" class=\"wp-block-spacer\"><\/div>\n\n\n\n<h2 class=\"wp-block-heading has-text-align-left\">Routen und Wandervorschl\u00e4ge<\/h2>\n\n\n\n<p>Mit seiner vielf\u00e4ltigen Geografie und Vegetation ist der Kanton Waadt ein idealer Ort f\u00fcr Ausfl\u00fcge in die Natur. Einige dieser Routen sind sogar legend\u00e4r geworden:<\/p>\n\n\n\n    <div class=\"accordions \"  style=\"\">\n                        <div class=\"accordion-item\">\n                    <div class=\"accordion-header with-icon\">\n                        <lord-icon src=\"https:\/\/cdn.lordicon.com\/xsdtfyne.json\" target=\".accordion-header\" trigger=\"hover\" colors=\"primary:#0A4069\" style=\"width:34px;height:34px\"><\/lord-icon>\n                        <h4>Via\u00a0Valdensis<\/h4>\n                    <\/div>\n                    <div class=\"accordion-content\">\n                        <p>Die Via Valdensis durchquert den Kanton Waadt von Norden nach S\u00fcden. Die Route f\u00fchrt durch die Voralpenlandschaft, die Weinberge des Lavaux und mehrere regionale Kulturst\u00e4tten.<\/p>\n<p>Alle n\u00fctzlichen Informationen findest du unten:<\/p>\n<p><a href=\"https:\/\/viavaldensis.ch\/\" target=\"_blank\" rel=\"noreferrer noopener\">Via Valdensis<\/a><\/p>\n                    <\/div>\n                <\/div>\n                        <div class=\"accordion-item\">\n                    <div class=\"accordion-header with-icon\">\n                        <lord-icon src=\"https:\/\/cdn.lordicon.com\/xsdtfyne.json\" target=\".accordion-header\" trigger=\"hover\" colors=\"primary:#0A4069\" style=\"width:34px;height:34px\"><\/lord-icon>\n                        <h4>Via Jacobi<\/h4>\n                    <\/div>\n                    <div class=\"accordion-content\">\n                        <p>Die Via Jacobi folgt den historischen Pilgerwegen nach Santiago de Compostela. Sie f\u00fchrt Wanderer durch abwechslungsreiche Landschaften zwischen Seen, W\u00e4ldern und geschichtstr\u00e4chtigen Schweizer D\u00f6rfern.<\/p>\n<p>Alle n\u00fctzlichen Informationen findest du unten:<\/p>\n<p><a href=\"https:\/\/schweizmobil.ch\/de\/wanderland\/route-4\" target=\"_blank\" rel=\"noreferrer noopener\">Suisse Mobile: Etappe 15-18<\/a><\/p>\n<p><a href=\"https:\/\/www.moudon-tourisme.ch\/de\/Z33382\/stufenweise-wege\" target=\"_blank\" rel=\"noreferrer noopener\">Moudon<\/a><\/p>\n                    <\/div>\n                <\/div>\n                        <div class=\"accordion-item\">\n                    <div class=\"accordion-header with-icon\">\n                        <lord-icon src=\"https:\/\/cdn.lordicon.com\/xsdtfyne.json\" target=\".accordion-header\" trigger=\"hover\" colors=\"primary:#0A4069\" style=\"width:34px;height:34px\"><\/lord-icon>\n                        <h4>Via Alpina<\/h4>\n                    <\/div>\n                    <div class=\"accordion-content\">\n                        <p>Die Via Alpina ist ein internationales Wanderwegenetz, das sich \u00fcber den gesamten Alpenraum erstreckt. In der Schweiz k\u00f6nnen Sie damit Alpent\u00e4ler, Hochp\u00e4sse und Naturschutzgebiete erkunden.<\/p>\n<p>Alle n\u00fctzlichen Informationen finden Sie unten:<\/p>\n<p><a href=\"https:\/\/schweizmobil.ch\/de\/wanderland\/route-1\" target=\"_blank\" rel=\"noreferrer noopener\">SuisseMobile: Etappe 17-20<\/a><\/p>\n<p><a href=\"https:\/\/www.alpesvaudoises.ch\/de\/Z277\/suche?query=via+alpina\" target=\"_blank\" rel=\"noreferrer noopener\">Pays-d\u2019Enhaut<\/a><\/p>\n<p><a href=\"https:\/\/www.montreuxriviera.com\/de\/P49427\/via-alpina\" target=\"_blank\" rel=\"noreferrer noopener\">Montreuxriviera<\/a><\/p>\n                    <\/div>\n                <\/div>\n                        <div class=\"accordion-item\">\n                    <div class=\"accordion-header with-icon\">\n                        <lord-icon src=\"https:\/\/cdn.lordicon.com\/xsdtfyne.json\" target=\".accordion-header\" trigger=\"hover\" colors=\"primary:#0A4069\" style=\"width:34px;height:34px\"><\/lord-icon>\n                        <h4>Via Huguenots<\/h4>\n                    <\/div>\n                    <div class=\"accordion-content\">\n                        <p>Die Via Huguenots zeichnet den Weg des Exils der protestantischen Hugenotten im 17. Jahrhundert nach. Die Route verbindet historisches Erbe, malerische D\u00f6rfer und beruhigende Landschaften.<\/p>\n<p>Alle n\u00fctzlichen Informationen findest du unten:<\/p>\n<p><a href=\"https:\/\/www.via-huguenots.ch\/de\/\" target=\"_blank\" rel=\"noreferrer noopener\">Via Hugenots Schweiz<\/a><\/p>\n<p><a href=\"https:\/\/www.via-huguenots-vd.ch\/\" target=\"_blank\" rel=\"noreferrer noopener\">Via Hugenots Waadt<\/a><\/p>\n<p><a href=\"https:\/\/www.moudon-tourisme.ch\/de\/Z33382\/stufenweise-wege\" target=\"_blank\" rel=\"noreferrer noopener\">Moudon<\/a><\/p>\n<p><a href=\"https:\/\/www.morges-tourisme.ch\/de\/V1173\/le-sentier-des-huguenots\" target=\"_blank\" rel=\"noreferrer noopener\">Morges\u00a0<\/a><\/p>\n                    <\/div>\n                <\/div>\n                        <div class=\"accordion-item\">\n                    <div class=\"accordion-header with-icon\">\n                        <lord-icon src=\"https:\/\/cdn.lordicon.com\/xsdtfyne.json\" target=\".accordion-header\" trigger=\"hover\" colors=\"primary:#0A4069\" style=\"width:34px;height:34px\"><\/lord-icon>\n                        <h4>Via Cluny<\/h4>\n                    <\/div>\n                    <div class=\"accordion-content\">\n                        <p>Die Via Cluny verbindet verschiedene St\u00e4tten des ehemaligen kluniazensischen Klosterverbunds. Die Route f\u00fchrt durch l\u00e4ndliche Gebiete und historische Marktflecken und hebt dabei das mittelalterliche religi\u00f6se Erbe hervor.<\/p>\n<p>Alle n\u00fctzlichen Informationen findest du unten:<\/p>\n<p><a href=\"https:\/\/viacluny.ch\/\" target=\"_blank\" rel=\"noreferrer noopener\">Viacluny\u00a0<\/a><\/p>\n<p><a href=\"https:\/\/yverdonlesbainsregion.ch\/de\/poi\/cluny-wege-in-der-schweiz\/\" target=\"_blank\" rel=\"noreferrer noopener\">Yverdon<\/a><\/p>\n<p><a href=\"https:\/\/fribourg.ch\/fr\/estavayer-payerne\/randonnees-pedestres\/via-cluny-muchenwiler-villars-les-moines-payerne\/\" target=\"_blank\" rel=\"noreferrer noopener\">Payerne\u00a0<\/a><\/p>\n<p><a href=\"https:\/\/fribourg.ch\/wp-content\/uploads\/2025\/05\/brochure_pelerins-2025.pdf\" target=\"_blank\" rel=\"noreferrer noopener\">Avenches-Payerne-Moudon<\/a><\/p>\n                    <\/div>\n                <\/div>\n                        <div class=\"accordion-item\">\n                    <div class=\"accordion-header with-icon\">\n                        <lord-icon src=\"https:\/\/cdn.lordicon.com\/xsdtfyne.json\" target=\".accordion-header\" trigger=\"hover\" colors=\"primary:#0A4069\" style=\"width:34px;height:34px\"><\/lord-icon>\n                        <h4>Via Francigena<\/h4>\n                    <\/div>\n                    <div class=\"accordion-content\">\n                        <p>Die Via Francigena entstand aus der Reise von Sigerich im Jahr 990 und ist eine tausendj\u00e4hrige Route, die die Schweiz vom Jura bis zu den Alpen durchquert und r\u00f6mische Geschichte, Pilgerreisen und grandiose Landschaften miteinander verbindet. Von den wilden Schluchten der Orbe bis zum mythischen Grossen St. Bernhard-Pass bietet sie zweifellos die spektakul\u00e4rsten Etappen der gesamten europ\u00e4ischen Route.<\/p>\n<p>Alle n\u00fctzlichen Informationen findest du unten:<\/p>\n<p><a href=\"https:\/\/www.viafrancigenasuisse.ch\/\">Via Francigena Schweiz<\/a><\/p>\n<p><a href=\"https:\/\/www.viafrancigenasuisse.ch\/parcours\/\">Via Francigena Etappen<\/a><\/p>\n                    <\/div>\n                <\/div>\n                        <div class=\"accordion-item\">\n                    <div class=\"accordion-header with-icon\">\n                        <lord-icon src=\"https:\/\/cdn.lordicon.com\/xsdtfyne.json\" target=\".accordion-header\" trigger=\"hover\" colors=\"primary:#0A4069\" style=\"width:34px;height:34px\"><\/lord-icon>\n                        <h4>Alpenpanorama-Weg<\/h4>\n                    <\/div>\n                    <div class=\"accordion-content\">\n                        <p>Der Alpenpanorama-Weg vom Bodensee zum Genfer See verspricht eine wundersch\u00f6ne Aussicht auf die Gipfel der Alpen, aber auch auf das Mittelland und den Jura. Die Route f\u00fchrt durch die traditionelle Kulturlandschaft der Voralpen, wo Milch und K\u00e4se auch heute noch eine wichtige Rolle spielen.<\/p>\n<p>Alle n\u00fctzlichen Informationen findest du unten:<\/p>\n<p><a href=\"https:\/\/schweizmobil.ch\/de\/wanderland\/route-3\" target=\"_blank\" rel=\"noreferrer noopener\">SuisseMobile: Etappe 23 \u00e0 28<\/a><\/p>\n                    <\/div>\n                <\/div>\n                        <div class=\"accordion-item\">\n                    <div class=\"accordion-header with-icon\">\n                        <lord-icon src=\"https:\/\/cdn.lordicon.com\/xsdtfyne.json\" target=\".accordion-header\" trigger=\"hover\" colors=\"primary:#0A4069\" style=\"width:34px;height:34px\"><\/lord-icon>\n                        <h4>Chemin des Cr\u00eates du Jura<\/h4>\n                    <\/div>\n                    <div class=\"accordion-content\">\n                        <p>Dieser symboltr\u00e4chtige Wanderweg folgt den Bergk\u00e4mmen des Jura und bietet eine einzigartige Mischung aus W\u00e4ldern, Weiden und weiten Horizonten. Perfekt f\u00fcr Wanderer, die Ruhe und Natur suchen.<\/p>\n<p>Alle n\u00fctzlichen Informationen findest du unten:<\/p>\n<p><a href=\"https:\/\/schweizmobil.ch\/de\/wanderland\/route-5\" target=\"_blank\" rel=\"noreferrer noopener\">SuisseMobile: Etappe 10-16<\/a><\/p>\n<p><a href=\"https:\/\/www.morges-tourisme.ch\/de\/V1046\/chemin-des-cretes-du-jura-005\" target=\"_blank\" rel=\"noreferrer noopener\">Morges <\/a><\/p>\n<p><a href=\"https:\/\/www.lacote-tourisme.ch\/de\/V783\/chemin-des-cretes-du-jura\" target=\"_blank\" rel=\"noreferrer noopener\">Nyon\u00a0<\/a><\/p>\n                    <\/div>\n                <\/div>\n                        <div class=\"accordion-item\">\n                    <div class=\"accordion-header with-icon\">\n                        <lord-icon src=\"https:\/\/cdn.lordicon.com\/xsdtfyne.json\" target=\".accordion-header\" trigger=\"hover\" colors=\"primary:#0A4069\" style=\"width:34px;height:34px\"><\/lord-icon>\n                        <h4>L\u2019Echapp\u00e9e\u00a0Jurassienne\u202f<\/h4>\n                    <\/div>\n                    <div class=\"accordion-content\">\n                        <p>Die \u00c9chapp\u00e9e Jurassienne verbindet Frankreich mit dem Schweizer Jura und f\u00fchrt durch abwechslungsreiche Landschaften wie Hochebenen, Aussichtspunkte, Seen und W\u00e4lder. Die Route bietet eine schrittweise Entdeckung des nat\u00fcrlichen und geologischen Erbes des Jura.<\/p>\n<p>Alle n\u00fctzlichen Informationen findest du unten:<\/p>\n<p><a href=\"https:\/\/www.jura-tourism.com\/vivre-le-jura\/pratiquer\/balades-randonnees-pedestres\/l-echappee-jurassienne\/#\" target=\"_blank\" rel=\"noreferrer noopener\">L&#8217;\u00e9chapp\u00e9e jurassienne<\/a><\/p>\n<p><a href=\"https:\/\/www.lacote-tourisme.ch\/de\/Z14770\/l-echappee-jurassienne\" target=\"_blank\" rel=\"noreferrer noopener\">Nyon r\u00e9gion<\/a><\/p>\n                    <\/div>\n                <\/div>\n            <\/div>\n\n\n\n\n<div class=\"wp-block-buttons is-layout-flex wp-block-buttons-is-layout-flex\">\n<div class=\"wp-block-button\"><a class=\"wp-block-button__link wp-element-button\" href=\"https:\/\/www.vaud.ch\/de\/tourismus\/sport\/routen\/\" target=\"_blank\" rel=\"noreferrer noopener\">Entdecken Sie noch mehr Aktivit\u00e4ten und Wanderungen<\/a><\/div>\n<\/div>\n\n\n\n<div style=\"height:60px\" aria-hidden=\"true\" class=\"wp-block-spacer\"><\/div>\n\n\n\n<div id=\"morges\" class=\"wp-block-group is-style-section has-white-color-color has-lightgrey-color-background-color has-text-color has-background has-link-color wp-elements-6a7313e3bd6ee81c06f8a77f668cec54 is-layout-flow wp-block-group-is-layout-flow\">\n<div class=\"wp-block-group is-layout-constrained wp-block-group-is-layout-constrained\">\n<h2 class=\"wp-block-heading has-blue-color-color has-text-color has-link-color wp-elements-247ce470e977db63b6562aac0067de80\">Eurotrek<\/h2>\n\n\n\n<p class=\"has-blue-color-color has-text-color has-link-color wp-elements-bb43698625cb3519103a886bc6bc9258\">Wenn Sie Ihre Wanderung in vollen Z\u00fcgen genie\u00dfen m\u00f6chten, ohne sich um die Logistik k\u00fcmmern zu m\u00fcssen, sollten Sie die Plattform unseres Partners Eurotrek erkunden. Als Spezialist f\u00fcr Rundreisen bietet Eurotrek schl\u00fcsselfertige Angebote, die Unterkunft, Gep\u00e4cktransport und praktische Dienstleistungen umfassen, damit Sie Ihren Ausflug ganz entspannt genie\u00dfen k\u00f6nnen.<\/p>\n\n\n\n<div class=\"wp-block-buttons is-layout-flex wp-block-buttons-is-layout-flex\">\n<div class=\"wp-block-button\"><a class=\"wp-block-button__link has-green-color-background-color has-background wp-element-button\" href=\"https:\/\/www.eurotrek.ch\/de\/suche#sort=initialSort&amp;type=tour&amp;tourPage=0&amp;blogPage=0\" target=\"_blank\" rel=\"noreferrer noopener\">Wanderangebote<\/a><\/div>\n\n\n\n<div class=\"wp-block-button\"><a class=\"wp-block-button__link has-green-color-background-color has-background wp-element-button\" href=\"https:\/\/www.eurotrek.ch\/de\/aktivitaeten\/wanderferien\/alpin\/ch-eurotrek-alpin-trekking-alpes-vaudoises-6-5#package=2362&amp;year=2026\" target=\"_blank\" rel=\"noreferrer noopener\">Trekking-Angebote<\/a><\/div>\n<\/div>\n<\/div>\n<\/div>\n\n\n\n<div style=\"height:100px\" aria-hidden=\"true\" class=\"wp-block-spacer\"><\/div>\n\n\n\n<h2 class=\"wp-block-heading has-text-align-left\">Nachhaltige, gut erreichbare Wanderungen<\/h2>\n\n\n\n<div style=\"height:24px\" aria-hidden=\"true\" class=\"wp-block-spacer\"><\/div>\n\n\n\n<div class=\"wp-block-columns is-layout-flex wp-container-core-columns-is-layout-9d6595d7 wp-block-columns-is-layout-flex\">\n<div class=\"wp-block-column is-layout-flow wp-block-column-is-layout-flow\">\n<figure class=\"wp-block-image size-full\"><img loading=\"lazy\" decoding=\"async\" width=\"2560\" height=\"1707\" src=\"https:\/\/www.vaud.ch\/app\/uploads\/2025\/12\/6.Arboretum-automne-2022-\u00a9Marie_Contreras-10-scaled.jpg\" alt=\"\" class=\"wp-image-18654\" style=\"aspect-ratio:1;object-fit:cover\" srcset=\"https:\/\/www.vaud.ch\/app\/uploads\/2025\/12\/6.Arboretum-automne-2022-\u00a9Marie_Contreras-10-scaled.jpg 2560w, https:\/\/www.vaud.ch\/app\/uploads\/2025\/12\/6.Arboretum-automne-2022-\u00a9Marie_Contreras-10-scaled-300x200.jpg 300w, https:\/\/www.vaud.ch\/app\/uploads\/2025\/12\/6.Arboretum-automne-2022-\u00a9Marie_Contreras-10-scaled-768x512.jpg 768w, https:\/\/www.vaud.ch\/app\/uploads\/2025\/12\/6.Arboretum-automne-2022-\u00a9Marie_Contreras-10-scaled-1024x683.jpg 1024w, https:\/\/www.vaud.ch\/app\/uploads\/2025\/12\/6.Arboretum-automne-2022-\u00a9Marie_Contreras-10-scaled-1536x1024.jpg 1536w, https:\/\/www.vaud.ch\/app\/uploads\/2025\/12\/6.Arboretum-automne-2022-\u00a9Marie_Contreras-10-scaled-2048x1366.jpg 2048w, https:\/\/www.vaud.ch\/app\/uploads\/2025\/12\/6.Arboretum-automne-2022-\u00a9Marie_Contreras-10-scaled-750x500.jpg 750w\" sizes=\"auto, (max-width: 2560px) 100vw, 2560px\" \/><\/figure>\n<\/div>\n\n\n\n<div class=\"wp-block-column is-layout-flow wp-block-column-is-layout-flow\">\n<p>Wandern ist eine nachhaltige Aktivit\u00e4t, die von allen ausge\u00fcbt werden kann, und eine hervorragende M\u00f6glichkeit, mit der Natur in Einklang zu kommen. Die Ausgangs- und Zielorte der vorgeschlagenen Routen sind leicht mit \u00f6ffentlichen Verkehrsmitteln erreichbar. Bereits die Anfahrt ist Teil des Abenteuers. Sie erm\u00f6glicht, in die wundersch\u00f6nen Landschaften der Region einzutauchen, sei es mit dem Bus, Postauto oder Zug, der Zahnradbahn oder dem Schiff.<\/p>\n\n\n\n<p>Der Gipfel des&nbsp;<a href=\"https:\/\/www.alpesvaudoises.ch\/de\/P100482\/villars\/grand-chamossaire\" target=\"_blank\" rel=\"noreferrer noopener\">Grand&nbsp;Chamossaire<\/a>&nbsp;auf&nbsp;2212\u202fMeter \u00fcber Meer&nbsp;ist von&nbsp;Villars&nbsp;aus&nbsp;im&nbsp;Sommer&nbsp;wie&nbsp;im Winter&nbsp;mit den Bergbahnen erreichbar. Unweit von hier erm\u00f6glicht&nbsp;<a href=\"https:\/\/www.alpesvaudoises.ch\/de\/P1162\/les-diablerets\/glacier-3000\" target=\"_blank\" rel=\"noreferrer noopener\">Glacier 3000<\/a>&nbsp;jedermann ein Hochgebirgserlebnis. Der&nbsp;<a href=\"https:\/\/www.lacote-tourisme.ch\/de\/V911\/sentier-des-toblerones\" target=\"_blank\" rel=\"noreferrer noopener\">Toblerone-Weg<\/a>&nbsp;in der Region La C\u00f4te oder der&nbsp;<a href=\"https:\/\/echallens-tourisme.ch\/activite\/le-bois-des-brigands\/\" target=\"_blank\" rel=\"noreferrer noopener\">Bois des&nbsp;Brigands<\/a>&nbsp;in der Region&nbsp;Echallens&nbsp;sind zwei perfekte Beispiele f\u00fcr Waldspazierg\u00e4nge, w\u00e4hrend das&nbsp;<a href=\"https:\/\/fribourg.ch\/de\/estavayer-payerne\/natur\/birdlife-naturzentrum-la-sauge\/\" target=\"_blank\" rel=\"noreferrer noopener\">BirdLife-Naturzentrum&nbsp;La Sauge<\/a>&nbsp;oder der&nbsp;<a href=\"https:\/\/www.avenches.ch\/de\/P35829\/botanischer-waldpfad-im-bois-de-chatel\" target=\"_blank\" rel=\"noreferrer noopener\">Botanische Waldpfad&nbsp;im&nbsp;Bois de&nbsp;Ch\u00e2tel<\/a>&nbsp;eine Begegnung mit Fauna und Flora erm\u00f6glichen.&nbsp;Einige Ausfl\u00fcge wie der&nbsp;<a href=\"https:\/\/echallens-tourisme.ch\/activite\/sentier-handicap-et-nature\/\" target=\"_blank\" rel=\"noreferrer noopener\">Sentier&nbsp;Handicap &amp; Nature<\/a>&nbsp;sind auch besonders&nbsp;f\u00fcr Menschen mit eingeschr\u00e4nkter Mobilit\u00e4t geeignet.&nbsp;&nbsp;<\/p>\n\n\n\n<div class=\"wp-block-buttons is-layout-flex wp-block-buttons-is-layout-flex\">\n<div class=\"wp-block-button\"><a class=\"wp-block-button__link wp-element-button\" href=\"\/de\/?page_id=18956\" target=\"_blank\" rel=\"noreferrer noopener\">Entdecken Sie weitere nachhaltige Reiserouten<\/a><\/div>\n<\/div>\n<\/div>\n<\/div>\n\n\n\n<div style=\"height:80px\" aria-hidden=\"true\" class=\"wp-block-spacer\"><\/div>\n\n\n\n<h2 class=\"wp-block-heading has-text-align-left\">Wohlverdiente Schlemmerpausen<\/h2>\n\n\n\n<p>Wanderungen sind auch die ideale Gelegenheit, sich ein feines Essen zu g\u00f6nnen und lokale Spezialit\u00e4ten zu probieren.&nbsp;Viele&nbsp;speziell&nbsp;daf\u00fcr&nbsp;konzipierte Genusswanderungen und Spazierg\u00e4nge&nbsp;machen&nbsp;in Buvetten und Alph\u00fctten&nbsp;Halt. Lausanne Tourismus&nbsp;bietet sogar eine&nbsp;<a href=\"https:\/\/www.lausanne-tourisme.ch\/de\/angebot\/schoko-tour-lausanne\/\" target=\"_blank\" rel=\"noreferrer noopener\">Schoko-Tour<\/a>&nbsp;und eine&nbsp;<a href=\"https:\/\/www.lausanne-tourisme.ch\/de\/angebot\/lausanne-food-tour\/\" target=\"_blank\" rel=\"noreferrer noopener\">Food Tour<\/a>&nbsp;an.&nbsp;<\/p>\n\n\n<div class=\"wp-bootstrap-blocks-row row\">\n\t\n\n<div class=\"col-12 col-md-6\">\n\t\t\t\n\n            <a class=\"special-link with-icon external with-img\" href=\"https:\/\/www.avenches.ch\/de\/V2415\/rando-decouverte-die-gastronomie\" target=\"_blank\">\n                            <img decoding=\"async\" src=\"https:\/\/www.vaud.ch\/app\/uploads\/2025\/12\/Avenches-musee-scaled-755x500.jpg\" alt=\"Avenches\">\n                        <div class=\"special-link-content\">\n                                    <lord-icon src=\"https:\/\/cdn.lordicon.com\/qwegujbf.json\" target=\".special-link\" trigger=\"hover\" colors=\"primary:#199573\" style=\"width:28px;height:28px\"><\/lord-icon>\n                \n                Avenches            <\/div>\n        <\/a>\n    \n\n\n            <a class=\"special-link with-icon external with-img\" href=\"https:\/\/echallens-tourisme.ch\/activite\/balade-historique-echallens-daillens\/\" target=\"_blank\">\n                            <img decoding=\"async\" src=\"https:\/\/www.vaud.ch\/app\/uploads\/2025\/12\/Design-sans-titre-889x500.jpg\" alt=\"Echallens\">\n                        <div class=\"special-link-content\">\n                                    <lord-icon src=\"https:\/\/cdn.lordicon.com\/qwegujbf.json\" target=\".special-link\" trigger=\"hover\" colors=\"primary:#199573\" style=\"width:28px;height:28px\"><\/lord-icon>\n                \n                Echallens            <\/div>\n        <\/a>\n    \n\n\n            <a class=\"special-link with-icon external with-img\" href=\"https:\/\/www.morges-tourisme.ch\/de\/V1449\/gourmet-rundgang-am-fusse-des-juras\" target=\"_blank\">\n                            <img decoding=\"async\" src=\"https:\/\/www.vaud.ch\/app\/uploads\/2025\/12\/Parc-Jura-vaudois-4-scaled-751x500.jpg\" alt=\"Morges R\u00e9gion\">\n                        <div class=\"special-link-content\">\n                                    <lord-icon src=\"https:\/\/cdn.lordicon.com\/qwegujbf.json\" target=\".special-link\" trigger=\"hover\" colors=\"primary:#199573\" style=\"width:28px;height:28px\"><\/lord-icon>\n                \n                Morges R\u00e9gion            <\/div>\n        <\/a>\n    \n\n\n            <a class=\"special-link with-icon external with-img\" href=\"https:\/\/www.lacote-tourisme.ch\/de\/Z14895\/restaurants-berghuetten?\" target=\"_blank\">\n                            <img decoding=\"async\" src=\"https:\/\/www.vaud.ch\/app\/uploads\/2025\/12\/6.Parc-Jura-vaudois-3-scaled-751x500.jpg\" alt=\"Nyon R\u00e9gion\">\n                        <div class=\"special-link-content\">\n                                    <lord-icon src=\"https:\/\/cdn.lordicon.com\/qwegujbf.json\" target=\".special-link\" trigger=\"hover\" colors=\"primary:#199573\" style=\"width:28px;height:28px\"><\/lord-icon>\n                \n                Nyon R\u00e9gion            <\/div>\n        <\/a>\n    \n\t<\/div>\n\n\n\n<div class=\"col-12 col-md-6\">\n\t\t\t\n\n            <a class=\"special-link with-icon external with-img\" href=\"https:\/\/www.alpesvaudoises.ch\/de\/Z277\/suche?query=Gourmetwanderung\" target=\"_blank\">\n                            <img decoding=\"async\" src=\"https:\/\/www.vaud.ch\/app\/uploads\/2025\/12\/Design-sans-titre-1-889x500.jpg\" alt=\"Pays d'Enhaut\">\n                        <div class=\"special-link-content\">\n                                    <lord-icon src=\"https:\/\/cdn.lordicon.com\/qwegujbf.json\" target=\".special-link\" trigger=\"hover\" colors=\"primary:#199573\" style=\"width:28px;height:28px\"><\/lord-icon>\n                \n                Pays d&#039;Enhaut            <\/div>\n        <\/a>\n    \n\n\n            <a class=\"special-link with-icon external with-img\" href=\"https:\/\/www.alpesvaudoises.ch\/de\/Z277\/suche?query=Gourmetwanderung\" target=\"_blank\">\n                            <img decoding=\"async\" src=\"https:\/\/www.vaud.ch\/app\/uploads\/2025\/12\/9.Leysin-Kuklos-c-Visualps-2-1-scaled-750x500.jpg\" alt=\"Villars - Gryon - Les Diablerets - Bex\">\n                        <div class=\"special-link-content\">\n                                    <lord-icon src=\"https:\/\/cdn.lordicon.com\/qwegujbf.json\" target=\".special-link\" trigger=\"hover\" colors=\"primary:#199573\" style=\"width:28px;height:28px\"><\/lord-icon>\n                \n                Villars &#8211; Gryon &#8211; Les Diablerets &#8211; Bex            <\/div>\n        <\/a>\n    \n\n\n            <a class=\"special-link with-icon external with-img\" href=\"https:\/\/www.myvalleedejoux.ch\/de\/G1529\/alphuetten-im-winter?\" target=\"_blank\">\n                            <img decoding=\"async\" src=\"https:\/\/www.vaud.ch\/app\/uploads\/2025\/12\/8.Parc-Jura-vaudois-1-scaled-753x500.jpg\" alt=\"Vall\u00e9e de Joux\">\n                        <div class=\"special-link-content\">\n                                    <lord-icon src=\"https:\/\/cdn.lordicon.com\/qwegujbf.json\" target=\".special-link\" trigger=\"hover\" colors=\"primary:#199573\" style=\"width:28px;height:28px\"><\/lord-icon>\n                \n                Vall\u00e9e de Joux            <\/div>\n        <\/a>\n    \n\n\n            <a class=\"special-link with-icon external with-img\" href=\"https:\/\/yverdonlesbainsregion.ch\/de\/almhuetten-in-der-nordwaadt\/\" target=\"_blank\">\n                            <img decoding=\"async\" src=\"https:\/\/www.vaud.ch\/app\/uploads\/2025\/12\/10.YlBR-Orbe-Chalet-Le-Suchet-\u00a9-claudejaccard.com_-1-scaled-749x500.jpg\" alt=\"Nord vaudois\">\n                        <div class=\"special-link-content\">\n                                    <lord-icon src=\"https:\/\/cdn.lordicon.com\/qwegujbf.json\" target=\".special-link\" trigger=\"hover\" colors=\"primary:#199573\" style=\"width:28px;height:28px\"><\/lord-icon>\n                \n                Nord vaudois            <\/div>\n        <\/a>\n    \n\t<\/div>\n\n<\/div>\n\n\n\n<div style=\"height:50px\" aria-hidden=\"true\" class=\"wp-block-spacer\"><\/div>\n\n\n\n<p>Um Ihre Ausfl\u00fcge vorzubereiten und ein k\u00f6stliches Picknick zusammenzustellen, sollten Sie einen Abstecher in unsere <a href=\"https:\/\/www.vaud.ch\/terroir\/trouver-nos-produits\/\" target=\"_blank\" rel=\"noopener\" title=\"\">Lebensmittelgesch\u00e4fte<\/a> machen, um unsere zertifizierten Produkte aus dem Waadtland zu genie\u00dfen.<\/p>\n\n\n\n<div style=\"height:80px\" aria-hidden=\"true\" class=\"wp-block-spacer\"><\/div>\n\n\n\n<h2 class=\"wp-block-heading has-text-align-left\">Originelle Unterk\u00fcnfte<\/h2>\n\n\n\n<p>Und warum nicht&nbsp;gleich&nbsp;vor Ort \u00fcbernachten,&nbsp;um das Vergn\u00fcgen zu verl\u00e4ngern,&nbsp;vielleicht sogar&nbsp;in&nbsp;einer&nbsp;etwas&nbsp;ungew\u00f6hnlichen&nbsp;Unterkunft?&nbsp;Im Kanton Waadt mangelt es nicht an Bergh\u00fctten&nbsp;und&nbsp;<a href=\"https:\/\/www.moudon-tourisme.ch\/de\/Z32430\/logement-pour-pelerin?\" target=\"_blank\" rel=\"noreferrer noopener\">Pilgerunterk\u00fcnften<\/a>,&nbsp;die gerne m\u00fcde Wanderer willkommen heissen. Hotels und Gasth\u00f6fe erg\u00e4nzen dieses Angebot mit klassischeren Unterkunftsm\u00f6glichkeiten.&nbsp;&nbsp;<\/p>\n\n\n<div class=\"wp-bootstrap-blocks-row row\">\n\t\n\n<div class=\"col-12 col-md-6\">\n\t\t\t\n\n            <a class=\"special-link with-icon external with-img\" href=\"https:\/\/www.alpesvaudoises.ch\/de\/Z277\/suche?query=h%C3%BCtte\" target=\"_blank\">\n                            <img decoding=\"async\" src=\"https:\/\/www.vaud.ch\/app\/uploads\/2025\/12\/1.Leysin-Travelita-750x500.jpg\" alt=\"Aigle - Leysin - Col des Mosses\">\n                        <div class=\"special-link-content\">\n                                    <lord-icon src=\"https:\/\/cdn.lordicon.com\/qwegujbf.json\" target=\".special-link\" trigger=\"hover\" colors=\"primary:#199573\" style=\"width:28px;height:28px\"><\/lord-icon>\n                \n                Aigle &#8211; Leysin &#8211; Col des Mosses            <\/div>\n        <\/a>\n    \n\n\n            <a class=\"special-link with-icon external with-img\" href=\"https:\/\/www.moudon-tourisme.ch\/de\/G4606\/aussergewoehnliche-unterkuenfte?\" target=\"_blank\">\n                            <img decoding=\"async\" src=\"https:\/\/www.vaud.ch\/app\/uploads\/2025\/12\/2.Moudon-3-scaled-752x500.jpg\" alt=\"Moudon R\u00e9gion\">\n                        <div class=\"special-link-content\">\n                                    <lord-icon src=\"https:\/\/cdn.lordicon.com\/qwegujbf.json\" target=\".special-link\" trigger=\"hover\" colors=\"primary:#199573\" style=\"width:28px;height:28px\"><\/lord-icon>\n                \n                Moudon R\u00e9gion            <\/div>\n        <\/a>\n    \n\n\n            <a class=\"special-link with-icon external with-img\" href=\"https:\/\/www.calameo.com\/read\/004820538f9b706a1290e\" target=\"_blank\">\n                            <img decoding=\"async\" src=\"https:\/\/www.vaud.ch\/app\/uploads\/2025\/12\/3.Parc-Jura-vaudois-scaled-1000x500.jpg\" alt=\"Nyon R\u00e9gion\">\n                        <div class=\"special-link-content\">\n                                    <lord-icon src=\"https:\/\/cdn.lordicon.com\/qwegujbf.json\" target=\".special-link\" trigger=\"hover\" colors=\"primary:#199573\" style=\"width:28px;height:28px\"><\/lord-icon>\n                \n                Nyon R\u00e9gion            <\/div>\n        <\/a>\n    \n\t<\/div>\n\n\n\n<div class=\"col-12 col-md-6\">\n\t\t\t\n\n            <a class=\"special-link with-icon external with-img\" href=\"https:\/\/www.alpesvaudoises.ch\/de\/Z277\/suche?query=h%C3%BCtte\" target=\"_blank\">\n                            <img decoding=\"async\" src=\"https:\/\/www.vaud.ch\/app\/uploads\/2025\/12\/4.Cabane-des-Monts-Chevreuils-scaled-750x500.jpg\" alt=\"Pays d'Enhaut\">\n                        <div class=\"special-link-content\">\n                                    <lord-icon src=\"https:\/\/cdn.lordicon.com\/qwegujbf.json\" target=\".special-link\" trigger=\"hover\" colors=\"primary:#199573\" style=\"width:28px;height:28px\"><\/lord-icon>\n                \n                Pays d&#039;Enhaut            <\/div>\n        <\/a>\n    \n\n\n            <a class=\"special-link with-icon external with-img\" href=\"https:\/\/www.alpesvaudoises.ch\/de\/Z277\/suche?query=h%C3%BCtte\" target=\"_blank\">\n                            <img decoding=\"async\" src=\"https:\/\/www.vaud.ch\/app\/uploads\/2025\/12\/6.Villars-Gryon_DCARLIER_2017_07171005588-scaled-752x500.jpg\" alt=\"Villars - Gryon - Les Diablerets - Bex\">\n                        <div class=\"special-link-content\">\n                                    <lord-icon src=\"https:\/\/cdn.lordicon.com\/qwegujbf.json\" target=\".special-link\" trigger=\"hover\" colors=\"primary:#199573\" style=\"width:28px;height:28px\"><\/lord-icon>\n                \n                Villars &#8211; Gryon &#8211; Les Diablerets &#8211; Bex            <\/div>\n        <\/a>\n    \n\n\n            <a class=\"special-link with-icon external with-img\" href=\"https:\/\/www.myvalleedejoux.ch\/de\/G86\/unterkuenfte-auf-der-alp?\" target=\"_blank\">\n                            <img decoding=\"async\" src=\"https:\/\/www.vaud.ch\/app\/uploads\/2025\/12\/5.Parc-Jura-vaudois-1-scaled-753x500.jpg\" alt=\"Vall\u00e9e de Joux\">\n                        <div class=\"special-link-content\">\n                                    <lord-icon src=\"https:\/\/cdn.lordicon.com\/qwegujbf.json\" target=\".special-link\" trigger=\"hover\" colors=\"primary:#199573\" style=\"width:28px;height:28px\"><\/lord-icon>\n                \n                Vall\u00e9e de Joux            <\/div>\n        <\/a>\n    \n\t<\/div>\n\n<\/div>\n\n\n\n<div style=\"height:30px\" aria-hidden=\"true\" class=\"wp-block-spacer\"><\/div>\n<\/div>\n\n\n\n<div class=\"wp-block-group is-layout-constrained wp-block-group-is-layout-constrained\">\n<h3 class=\"wp-block-heading has-text-align-center\">Alle Wanderangebote der verschiedenen Reiseziele finden Sie direkt auf deren Website.<\/h3>\n\n\n<div class=\"wp-bootstrap-blocks-row row\">\n\t\n\n<div class=\"col-12 col-md-6\">\n\t\t\t\n\n            <a class=\"special-link with-icon external \" href=\"https:\/\/www.alpesvaudoises.ch\/de\/Z121\/unendlich-sommer#randonn%C3%A9e\" target=\"_blank\">\n                        <div class=\"special-link-content\">\n                                    <lord-icon src=\"https:\/\/cdn.lordicon.com\/qwegujbf.json\" target=\".special-link\" trigger=\"hover\" colors=\"primary:#199573\" style=\"width:28px;height:28px\"><\/lord-icon>\n                \n                Aigle &#8211; Leysin &#8211; Col des Mosses            <\/div>\n        <\/a>\n    \n\n\n            <a class=\"special-link with-icon external \" href=\"https:\/\/www.avenches.ch\/de\/Z14933\/wanderungen-in-der-region-avenches?duration=_all_duration&#038;length=_all_length\" target=\"_blank\">\n                        <div class=\"special-link-content\">\n                                    <lord-icon src=\"https:\/\/cdn.lordicon.com\/qwegujbf.json\" target=\".special-link\" trigger=\"hover\" colors=\"primary:#199573\" style=\"width:28px;height:28px\"><\/lord-icon>\n                \n                Avenches            <\/div>\n        <\/a>\n    \n\n\n            <a class=\"special-link with-icon external \" href=\"https:\/\/echallens-tourisme.ch\/activites\/\" target=\"_blank\">\n                        <div class=\"special-link-content\">\n                                    <lord-icon src=\"https:\/\/cdn.lordicon.com\/qwegujbf.json\" target=\".special-link\" trigger=\"hover\" colors=\"primary:#199573\" style=\"width:28px;height:28px\"><\/lord-icon>\n                \n                Echallens R\u00e9gion            <\/div>\n        <\/a>\n    \n\n\n            <a class=\"special-link with-icon external \" href=\"https:\/\/www.lausanne-tourisme.ch\/de\/the-lausanner\/articles\/meine-liebsten-spaziergaenge-in-lausanne-um-energie-zu-tanken\/\" target=\"_blank\">\n                        <div class=\"special-link-content\">\n                                    <lord-icon src=\"https:\/\/cdn.lordicon.com\/qwegujbf.json\" target=\".special-link\" trigger=\"hover\" colors=\"primary:#199573\" style=\"width:28px;height:28px\"><\/lord-icon>\n                \n                Lausanne            <\/div>\n        <\/a>\n    \n\n\n            <a class=\"special-link with-icon external \" href=\"https:\/\/www.montreuxriviera.com\/de\/G19\/ausfluge-and-wanderungen\" target=\"_blank\">\n                        <div class=\"special-link-content\">\n                                    <lord-icon src=\"https:\/\/cdn.lordicon.com\/qwegujbf.json\" target=\".special-link\" trigger=\"hover\" colors=\"primary:#199573\" style=\"width:28px;height:28px\"><\/lord-icon>\n                \n                Montreux Riviera            <\/div>\n        <\/a>\n    \n\n\n            <a class=\"special-link with-icon external \" href=\"https:\/\/www.morges-tourisme.ch\/de\/G933\/die-wanderungen?\" target=\"_blank\">\n                        <div class=\"special-link-content\">\n                                    <lord-icon src=\"https:\/\/cdn.lordicon.com\/qwegujbf.json\" target=\".special-link\" trigger=\"hover\" colors=\"primary:#199573\" style=\"width:28px;height:28px\"><\/lord-icon>\n                \n                Morges R\u00e9gion            <\/div>\n        <\/a>\n    \n\n\n            <a class=\"special-link with-icon external \" href=\"https:\/\/www.moudon-tourisme.ch\/de\/Z32095\/wanderungen?duration=_all_duration&#038;length=_all_length\" target=\"_blank\">\n                        <div class=\"special-link-content\">\n                                    <lord-icon src=\"https:\/\/cdn.lordicon.com\/qwegujbf.json\" target=\".special-link\" trigger=\"hover\" colors=\"primary:#199573\" style=\"width:28px;height:28px\"><\/lord-icon>\n                \n                Moudon R\u00e9gion            <\/div>\n        <\/a>\n    \n\t<\/div>\n\n\n\n<div class=\"col-12 col-md-6\">\n\t\t\t\n\n            <a class=\"special-link with-icon external \" href=\"https:\/\/www.lacote-tourisme.ch\/fr\/G1474\/itineraires-dans-la-region-de-la-cote?\" target=\"_blank\">\n                        <div class=\"special-link-content\">\n                                    <lord-icon src=\"https:\/\/cdn.lordicon.com\/qwegujbf.json\" target=\".special-link\" trigger=\"hover\" colors=\"primary:#199573\" style=\"width:28px;height:28px\"><\/lord-icon>\n                \n                Nyon R\u00e9gion            <\/div>\n        <\/a>\n    \n\n\n            <a class=\"special-link with-icon external \" href=\"https:\/\/www.alpesvaudoises.ch\/de\/Z121\/unendlich-sommer#randonn%C3%A9e\" target=\"_blank\">\n                        <div class=\"special-link-content\">\n                                    <lord-icon src=\"https:\/\/cdn.lordicon.com\/qwegujbf.json\" target=\".special-link\" trigger=\"hover\" colors=\"primary:#199573\" style=\"width:28px;height:28px\"><\/lord-icon>\n                \n                Pays d&#039;Enhaut            <\/div>\n        <\/a>\n    \n\n\n            <a class=\"special-link with-icon external \" href=\"https:\/\/fribourg.ch\/de\/estavayer-payerne\/wandern\/\" target=\"_blank\">\n                        <div class=\"special-link-content\">\n                                    <lord-icon src=\"https:\/\/cdn.lordicon.com\/qwegujbf.json\" target=\".special-link\" trigger=\"hover\" colors=\"primary:#199573\" style=\"width:28px;height:28px\"><\/lord-icon>\n                \n                Payerne R\u00e9gion            <\/div>\n        <\/a>\n    \n\n\n            <a class=\"special-link with-icon external \" href=\"https:\/\/www.myvalleedejoux.ch\/de\/Z14783\/wanderrouten?length=_all_length\" target=\"_blank\">\n                        <div class=\"special-link-content\">\n                                    <lord-icon src=\"https:\/\/cdn.lordicon.com\/qwegujbf.json\" target=\".special-link\" trigger=\"hover\" colors=\"primary:#199573\" style=\"width:28px;height:28px\"><\/lord-icon>\n                \n                Vall\u00e9e de Joux            <\/div>\n        <\/a>\n    \n\n\n            <a class=\"special-link with-icon external \" href=\"https:\/\/www.alpesvaudoises.ch\/de\/Z121\/unendlich-sommer#randonn%C3%A9e\" target=\"_blank\">\n                        <div class=\"special-link-content\">\n                                    <lord-icon src=\"https:\/\/cdn.lordicon.com\/qwegujbf.json\" target=\".special-link\" trigger=\"hover\" colors=\"primary:#199573\" style=\"width:28px;height:28px\"><\/lord-icon>\n                \n                Villars &#8211; Gryon &#8211; Les Diablerets &#8211; Bex            <\/div>\n        <\/a>\n    \n\n\n            <a class=\"special-link with-icon external \" href=\"https:\/\/www.j3l.ch\/de\/Z10351\/erlebnisse\/sport-freizeit\/wandern?regionFilters%5B%5D=5&#038;region=10&#038;bounds=6.16130+46.46223+7.30758+47.29260\" target=\"_blank\">\n                        <div class=\"special-link-content\">\n                                    <lord-icon src=\"https:\/\/cdn.lordicon.com\/qwegujbf.json\" target=\".special-link\" trigger=\"hover\" colors=\"primary:#199573\" style=\"width:28px;height:28px\"><\/lord-icon>\n                \n                Vully-les-lacs            <\/div>\n        <\/a>\n    \n\n\n            <a class=\"special-link with-icon external \" href=\"https:\/\/yverdonlesbainsregion.ch\/de\/groupe\/sport-und-natur-2\/\" target=\"_blank\">\n                        <div class=\"special-link-content\">\n                                    <lord-icon src=\"https:\/\/cdn.lordicon.com\/qwegujbf.json\" target=\".special-link\" trigger=\"hover\" colors=\"primary:#199573\" style=\"width:28px;height:28px\"><\/lord-icon>\n                \n                Yverdon-les-Bains R\u00e9gion            <\/div>\n        <\/a>\n    \n\t<\/div>\n\n<\/div>\n<\/div>\n\n\n\n<div style=\"height:50px\" aria-hidden=\"true\" class=\"wp-block-spacer\"><\/div>\n\n\n\n<div style=\"height:100px\" aria-hidden=\"true\" class=\"wp-block-spacer\"><\/div>\n\n\n\n\n\n\n\n<div class=\"wp-block-group is-style-section has-white-color-color has-green-color-background-color has-text-color has-background has-link-color wp-elements-533b2e13b723fb3c301433524a8b7f86 is-layout-flow wp-block-group-is-layout-flow\" style=\"padding-top:var(--wp--preset--spacing--80);padding-bottom:var(--wp--preset--spacing--80)\">\n    <div class=\"post-list-arrows cta-title\">\n                    <h2>Entdecken Sie weitere Ideen f\u00fcr Aktivit\u00e4ten im Kanton<\/h2>\n                <div class=\"arrows\">\n            <div class=\" prev-arrow\">\n                <img decoding=\"async\" src=\"https:\/\/www.vaud.ch\/app\/themes\/child\/assets\/images\/system-outline-161-trending-flat.svg\" alt=\"\" class=\"skip-lazy\">\n            <\/div>\n            <div class=\"next-arrow\">\n                <img decoding=\"async\" src=\"https:\/\/www.vaud.ch\/app\/themes\/child\/assets\/images\/system-outline-161-trending-flat.svg\" alt=\"\" class=\"skip-lazy\">\n            <\/div>\n        <\/div>\n\n    <\/div>\n    <div class=\"call-to-action  row  \"  style=\"margin-top:0;margin-bottom:0;\">\n                        <div class=\"col-md-3\">\n                                            <a class=\"cta-item \" href=\"https:\/\/www.vaud.ch\/de\/tourismus\/sport\/wintersport\/\" target=\"_blank\">\n                                                                                    <img data-lazy=\"https:\/\/www.vaud.ch\/app\/uploads\/2025\/11\/Les-Mosses-Hiver-Paysage-scaled-1228x500.jpg\" alt=\"Wintersport\" class=\"skip-lazy\">\n                                                        <span class=\"text\">Wintersport<\/span>\n                            <span class=\"read-more\">Mehr lesen<\/span>\n                                                    <\/a>\n                        <\/div>\n                <div class=\"col-md-3\">\n                                            <a class=\"cta-item \" href=\"https:\/\/www.vaud.ch\/de\/tourismus\/sport\/wintersport\/ski-langlauf-und-winterwanderungen\/\" target=\"_blank\">\n                                                                                    <img data-lazy=\"https:\/\/www.vaud.ch\/app\/uploads\/2025\/12\/Les-Mosses-Hiver-Ski-de-fond-\ufffd\ufffd-Visualps-Matthias-Lehmann-1-scaled-750x500.jpg\" alt=\"Skifahren, Langlaufen und Winterwandern\" class=\"skip-lazy\">\n                                                        <span class=\"text\">Skifahren, Langlaufen und Winterwandern<\/span>\n                            <span class=\"read-more\">Mehr lesen<\/span>\n                                                    <\/a>\n                        <\/div>\n                <div class=\"col-md-3\">\n                                            <a class=\"cta-item \" href=\"https:\/\/www.vaud.ch\/de\/tourismus\/sport\/wintersport\/schneeschuhwandern-und-andere-winteraktivitaten\/\" target=\"_blank\">\n                                                                                    <img data-lazy=\"https:\/\/www.vaud.ch\/app\/uploads\/2025\/12\/2.DJI_0319-scaled-625x500.jpg\" alt=\"Schneeschuhwandern und andere Winteraktivit\u00e4ten\" class=\"skip-lazy\">\n                                                        <span class=\"text\">Schneeschuhwandern und andere Winteraktivit\u00e4ten<\/span>\n                            <span class=\"read-more\">Mehr lesen<\/span>\n                                                    <\/a>\n                        <\/div>\n                <div class=\"col-md-3\">\n                                            <a class=\"cta-item \" href=\"https:\/\/www.vaud.ch\/de\/tourismus\/sport\/wintersport\/materialvermietung\/\" target=\"_blank\">\n                                                                                    <img data-lazy=\"https:\/\/www.vaud.ch\/app\/uploads\/2025\/12\/3.YlBRSte-Croix-Ski-et-sapins\u00a9-Claude-Jaccard-www-scaled-755x500.jpg\" alt=\"Materialvermietung\" class=\"skip-lazy\">\n                                                        <span class=\"text\">Materialvermietung<\/span>\n                            <span class=\"read-more\">Mehr lesen<\/span>\n                                                    <\/a>\n                        <\/div>\n                <div class=\"col-md-3\">\n                                            <a class=\"cta-item \" href=\"https:\/\/www.vaud.ch\/de\/tourismus\/sport\/wanderungen-und-ausfluge\/\" target=\"_blank\">\n                                                                                    <img data-lazy=\"https:\/\/www.vaud.ch\/app\/uploads\/2025\/12\/8.ST_3x2_Nyon-Hiking_75444-750x500.jpg\" alt=\"Wanderungen und Ausfl\u00fcge\" class=\"skip-lazy\">\n                                                        <span class=\"text\">Wanderungen und Ausfl\u00fcge<\/span>\n                            <span class=\"read-more\">Mehr lesen<\/span>\n                                                    <\/a>\n                        <\/div>\n                <div class=\"col-md-3\">\n                                            <a class=\"cta-item \" href=\"https:\/\/www.vaud.ch\/de\/tourismus\/sport\/gravel\/\" target=\"_blank\">\n                                                                                    <img data-lazy=\"https:\/\/www.vaud.ch\/app\/uploads\/2025\/04\/IMG_6317-333x500.jpg\" alt=\"Gravel im Kanton Waadt\" class=\"skip-lazy\">\n                                                        <span class=\"text\">Gravel im Kanton Waadt<\/span>\n                            <span class=\"read-more\">Mehr lesen<\/span>\n                                                    <\/a>\n                        <\/div>\n<\/div>\n\n\n\n\n<p><\/p>\n<\/div>\n","protected":false},"excerpt":{"rendered":"<p>Gibt es etwas Besseres, als inmitten der Natur umgeben von atemberaubenden Panoramen den Kopf freizubekommen?&nbsp;Der Kanton Waadt bietet nicht weniger als 3700\u202fKilometer markierte Wanderwege f\u00fcr jedes Niveau und jede Vorliebe. Diese Routen unterschiedlicher L\u00e4nge und Schwierigkeit laden Wanderer und Sportler dazu ein, die vielf\u00e4ltigen Facetten des Kantons zu&nbsp;entdecken, um dem Alltag zu entfliehen, \u00fcber sich&nbsp;selbst&nbsp;hinauszuwachsen [&hellip;]<\/p>\n","protected":false},"author":29,"featured_media":18799,"parent":16499,"menu_order":0,"comment_status":"closed","ping_status":"closed","template":"","meta":{"_acf_changed":false,"footnotes":""},"class_list":["post-18641","page","type-page","status-publish","has-post-thumbnail","hentry"],"acf":[],"aioseo_notices":[],"_links":{"self":[{"href":"https:\/\/www.vaud.ch\/de\/wp-json\/wp\/v2\/pages\/18641","targetHints":{"allow":["GET"]}}],"collection":[{"href":"https:\/\/www.vaud.ch\/de\/wp-json\/wp\/v2\/pages"}],"about":[{"href":"https:\/\/www.vaud.ch\/de\/wp-json\/wp\/v2\/types\/page"}],"author":[{"embeddable":true,"href":"https:\/\/www.vaud.ch\/de\/wp-json\/wp\/v2\/users\/29"}],"replies":[{"embeddable":true,"href":"https:\/\/www.vaud.ch\/de\/wp-json\/wp\/v2\/comments?post=18641"}],"version-history":[{"count":25,"href":"https:\/\/www.vaud.ch\/de\/wp-json\/wp\/v2\/pages\/18641\/revisions"}],"predecessor-version":[{"id":20345,"href":"https:\/\/www.vaud.ch\/de\/wp-json\/wp\/v2\/pages\/18641\/revisions\/20345"}],"up":[{"embeddable":true,"href":"https:\/\/www.vaud.ch\/de\/wp-json\/wp\/v2\/pages\/16499"}],"wp:featuredmedia":[{"embeddable":true,"href":"https:\/\/www.vaud.ch\/de\/wp-json\/wp\/v2\/media\/18799"}],"wp:attachment":[{"href":"https:\/\/www.vaud.ch\/de\/wp-json\/wp\/v2\/media?parent=18641"}],"curies":[{"name":"wp","href":"https:\/\/api.w.org\/{rel}","templated":true}]}}