{"id":18858,"date":"2025-12-15T09:05:29","date_gmt":"2025-12-15T08:05:29","guid":{"rendered":"https:\/\/www.vaud.ch\/?page_id=18858"},"modified":"2025-12-15T09:33:27","modified_gmt":"2025-12-15T08:33:27","slug":"restaurant-adressen","status":"publish","type":"page","link":"https:\/\/www.vaud.ch\/de\/tourismus\/gastronomie\/restaurant-adressen\/","title":{"rendered":"Unsere gastronomischen Perlen"},"content":{"rendered":"\n<div class=\"wp-block-group is-style-section is-layout-constrained wp-block-group-is-layout-constrained\">\n<h2 class=\"wp-block-heading\">Gaumenfreuden mit Panorama<\/h2>\n\n\n\n<p class=\"is-style-default\">Mit atemberaubender Aussicht bieten diese Restaurants exquisite Gerichte, w\u00e4hrend Sie beeindruckende Landschaften bewundern k\u00f6nnen. Ob am Ufer des Genfersees oder hoch in den Bergen &#8211; jedes Essen wird dabei zu einem visuellen und geschmacklichen Erlebnis.<\/p>\n\n\n\n<div style=\"height:10px\" aria-hidden=\"true\" class=\"wp-block-spacer\"><\/div>\n\n\n<div class=\"wp-bootstrap-blocks-row row\">\n\t\n\n<div class=\"col-12 col-md-6\">\n\t\t\t\n\n            <a class=\"special-link with-icon external with-img\" href=\"https:\/\/buffet2glion.ch\/\" target=\"_blank\">\n                            <img decoding=\"async\" src=\"https:\/\/www.vaud.ch\/app\/uploads\/2025\/12\/Buffet-de-la-gare-de-Glion_categorie-1-504x500.jpg\" alt=\"Buffet de la gare de Glion\">\n                        <div class=\"special-link-content\">\n                                    <lord-icon src=\"https:\/\/cdn.lordicon.com\/qwegujbf.json\" target=\".special-link\" trigger=\"hover\" colors=\"primary:#199573\" style=\"width:28px;height:28px\"><\/lord-icon>\n                \n                Buffet de la gare de Glion            <\/div>\n        <\/a>\n    \n\n\n            <a class=\"special-link with-icon external with-img\" href=\"https:\/\/www.grandhotelrasses.ch\/wellness\" target=\"_blank\">\n                            <img decoding=\"async\" src=\"https:\/\/www.vaud.ch\/app\/uploads\/2025\/12\/YlBR-Ste-Croix-Grand-Hotel-des-Rasses\u00a9Olivier-Mair-720x500.jpg\" alt=\"Restaurant Belle Epoque - Grand H\u00f4tel des Rasses\">\n                        <div class=\"special-link-content\">\n                                    <lord-icon src=\"https:\/\/cdn.lordicon.com\/qwegujbf.json\" target=\".special-link\" trigger=\"hover\" colors=\"primary:#199573\" style=\"width:28px;height:28px\"><\/lord-icon>\n                \n                Restaurant Belle Epoque &#8211; Grand H\u00f4tel des Rasses            <\/div>\n        <\/a>\n    \n\n\n            <a class=\"special-link with-icon external with-img\" href=\"https:\/\/www.cafedesalpesgryon.ch\/\" target=\"_blank\">\n                            <img decoding=\"async\" src=\"https:\/\/www.vaud.ch\/app\/uploads\/2025\/12\/Cafe-des-Alpes-Gryon_categorie-1-375x500.jpg\" alt=\"Caf\u00e9 des Alpes Gryon\">\n                        <div class=\"special-link-content\">\n                                    <lord-icon src=\"https:\/\/cdn.lordicon.com\/qwegujbf.json\" target=\".special-link\" trigger=\"hover\" colors=\"primary:#199573\" style=\"width:28px;height:28px\"><\/lord-icon>\n                \n                Caf\u00e9 des Alpes Gryon            <\/div>\n        <\/a>\n    \n\n\n            <a class=\"special-link with-icon external with-img\" href=\"http:\/\/Restaurant%20de%20Dorigny\" target=\"_blank\">\n                            <img decoding=\"async\" src=\"https:\/\/www.vaud.ch\/app\/uploads\/2025\/12\/Restaurant-de-Dorigny-2.png\" alt=\"Restaurant de Dorigny\">\n                        <div class=\"special-link-content\">\n                                    <lord-icon src=\"https:\/\/cdn.lordicon.com\/qwegujbf.json\" target=\".special-link\" trigger=\"hover\" colors=\"primary:#199573\" style=\"width:28px;height:28px\"><\/lord-icon>\n                \n                Restaurant de Dorigny            <\/div>\n        <\/a>\n    \n\n\n            <a class=\"special-link with-icon external with-img\" href=\"https:\/\/www.royalplaza.ch\/restaurant-bars\/cafe-bellagio\/\" target=\"_blank\">\n                            <img decoding=\"async\" src=\"https:\/\/www.vaud.ch\/app\/uploads\/2025\/12\/Cafe-Bellagio_categorie-1-scaled-750x500.jpg\" alt=\"Caf\u00e9 Bellagio\">\n                        <div class=\"special-link-content\">\n                                    <lord-icon src=\"https:\/\/cdn.lordicon.com\/qwegujbf.json\" target=\".special-link\" trigger=\"hover\" colors=\"primary:#199573\" style=\"width:28px;height:28px\"><\/lord-icon>\n                \n                Caf\u00e9 Bellagio            <\/div>\n        <\/a>\n    \n\t<\/div>\n\n\n\n<div class=\"col-12 col-md-6\">\n\t\t\t\n\n            <a class=\"special-link with-icon external with-img\" href=\"https:\/\/www.alademilune.ch\/\" target=\"_blank\">\n                            <img decoding=\"async\" src=\"https:\/\/www.vaud.ch\/app\/uploads\/2025\/12\/A-La-Demi-Lune_categorie-1-scaled-333x500.jpg\" alt=\"A la Demi-Lune\">\n                        <div class=\"special-link-content\">\n                                    <lord-icon src=\"https:\/\/cdn.lordicon.com\/qwegujbf.json\" target=\".special-link\" trigger=\"hover\" colors=\"primary:#199573\" style=\"width:28px;height:28px\"><\/lord-icon>\n                \n                A la Demi-Lune            <\/div>\n        <\/a>\n    \n\n\n            <a class=\"special-link with-icon external with-img\" href=\"https:\/\/www.chez-nath.ch\/accueil\" target=\"_blank\">\n                            <img decoding=\"async\" src=\"https:\/\/www.vaud.ch\/app\/uploads\/2025\/12\/Restaurant-Bar-Lounge-Chez-Nath_categorie-1-2-scaled-375x500.jpg\" alt=\"Restaurant-Bar \"Chez Nath\"\">\n                        <div class=\"special-link-content\">\n                                    <lord-icon src=\"https:\/\/cdn.lordicon.com\/qwegujbf.json\" target=\".special-link\" trigger=\"hover\" colors=\"primary:#199573\" style=\"width:28px;height:28px\"><\/lord-icon>\n                \n                Restaurant-Bar &quot;Chez Nath&quot;            <\/div>\n        <\/a>\n    \n\n\n            <a class=\"special-link with-icon external with-img\" href=\"https:\/\/www.laclefdor.ch\/\" target=\"_blank\">\n                            <img decoding=\"async\" src=\"https:\/\/www.vaud.ch\/app\/uploads\/2025\/12\/Auberge-Communale-de-la-Clef-dOr_categorie-1-2-scaled-667x500.jpg\" alt=\"H\u00f4tel La Clef d'Or\">\n                        <div class=\"special-link-content\">\n                                    <lord-icon src=\"https:\/\/cdn.lordicon.com\/qwegujbf.json\" target=\".special-link\" trigger=\"hover\" colors=\"primary:#199573\" style=\"width:28px;height:28px\"><\/lord-icon>\n                \n                H\u00f4tel La Clef d&#039;Or            <\/div>\n        <\/a>\n    \n\n\n            <a class=\"special-link with-icon external with-img\" href=\"https:\/\/chaletgrangeneuve.ch\/\" target=\"_blank\">\n                            <img decoding=\"async\" src=\"https:\/\/www.vaud.ch\/app\/uploads\/2025\/12\/Chalet-Restaurant-de-la-Grange-Neuve_categorie-1-3-scaled-667x500.jpg\" alt=\"Chalet de Grange Neuve\">\n                        <div class=\"special-link-content\">\n                                    <lord-icon src=\"https:\/\/cdn.lordicon.com\/qwegujbf.json\" target=\".special-link\" trigger=\"hover\" colors=\"primary:#199573\" style=\"width:28px;height:28px\"><\/lord-icon>\n                \n                Chalet de Grange Neuve            <\/div>\n        <\/a>\n    \n\t<\/div>\n\n<\/div>\n<\/div>\n\n\n\n<div class=\"wp-block-group is-style-section is-layout-constrained wp-block-group-is-layout-constrained\">\n<h2 class=\"wp-block-heading\">Gastronomische Highlights in den St\u00e4dten<\/h2>\n\n\n\n<p class=\"is-style-default\">In den St\u00e4dten des Kantons Waadt gelegen, tauchen Sie hier ins Herz des st\u00e4dtischen Lebens ein. Genie\u00dfen Sie die kulinarische Vielfalt, wo Tradition und Moderne harmonisch nebeneinander existieren.<\/p>\n\n\n\n<div style=\"height:10px\" aria-hidden=\"true\" class=\"wp-block-spacer\"><\/div>\n\n\n<div class=\"wp-bootstrap-blocks-row row\">\n\t\n\n<div class=\"col-12 col-md-6\">\n\t\t\t\n\n            <a class=\"special-link with-icon external with-img\" href=\"https:\/\/brasserienotredame.ch\/\" target=\"_blank\">\n                            <img decoding=\"async\" src=\"https:\/\/www.vaud.ch\/app\/uploads\/2025\/12\/Brasserie-Notre-Dame-Resized-375x500.jpg\" alt=\"Brasserie Notre-Dame\">\n                        <div class=\"special-link-content\">\n                                    <lord-icon src=\"https:\/\/cdn.lordicon.com\/qwegujbf.json\" target=\".special-link\" trigger=\"hover\" colors=\"primary:#199573\" style=\"width:28px;height:28px\"><\/lord-icon>\n                \n                Brasserie Notre-Dame            <\/div>\n        <\/a>\n    \n\n\n            <a class=\"special-link with-icon external with-img\" href=\"https:\/\/brasserie-lestroisrois.ch\/\" target=\"_blank\">\n                            <img decoding=\"async\" src=\"https:\/\/www.vaud.ch\/app\/uploads\/2025\/12\/Brasserie-les-Trois-Rois_categorie-2-406x500.jpeg\" alt=\"Brasserie Les Trois Rois\">\n                        <div class=\"special-link-content\">\n                                    <lord-icon src=\"https:\/\/cdn.lordicon.com\/qwegujbf.json\" target=\".special-link\" trigger=\"hover\" colors=\"primary:#199573\" style=\"width:28px;height:28px\"><\/lord-icon>\n                \n                Brasserie Les Trois Rois            <\/div>\n        <\/a>\n    \n\n\n            <a class=\"special-link with-icon external with-img\" href=\"https:\/\/la-promenade.ch\/\" target=\"_blank\">\n                            <img decoding=\"async\" src=\"https:\/\/www.vaud.ch\/app\/uploads\/2025\/12\/Le-Cafe-de-la-Promenade-2-749x500.jpg\" alt=\"Le Caf\u00e9 de la Promenade\">\n                        <div class=\"special-link-content\">\n                                    <lord-icon src=\"https:\/\/cdn.lordicon.com\/qwegujbf.json\" target=\".special-link\" trigger=\"hover\" colors=\"primary:#199573\" style=\"width:28px;height:28px\"><\/lord-icon>\n                \n                Le Caf\u00e9 de la Promenade            <\/div>\n        <\/a>\n    \n\n\n            <a class=\"special-link with-icon external with-img\" href=\"https:\/\/resto-chezmononcle.com\/\" target=\"_blank\">\n                            <img decoding=\"async\" src=\"https:\/\/www.vaud.ch\/app\/uploads\/2025\/12\/Chez-Mon-Oncle_categorie-2-3.jpg\" alt=\"Chez Mon Oncle\">\n                        <div class=\"special-link-content\">\n                                    <lord-icon src=\"https:\/\/cdn.lordicon.com\/qwegujbf.json\" target=\".special-link\" trigger=\"hover\" colors=\"primary:#199573\" style=\"width:28px;height:28px\"><\/lord-icon>\n                \n                Chez Mon Oncle            <\/div>\n        <\/a>\n    \n\t<\/div>\n\n\n\n<div class=\"col-12 col-md-6\">\n\t\t\t\n\n            <a class=\"special-link with-icon external with-img\" href=\"https:\/\/celeste.bar\/\" target=\"_blank\">\n                            <img decoding=\"async\" src=\"https:\/\/www.vaud.ch\/app\/uploads\/2025\/12\/Celeste_categorie-2-2--scaled-625x500.jpg\" alt=\"C\u00e9leste\">\n                        <div class=\"special-link-content\">\n                                    <lord-icon src=\"https:\/\/cdn.lordicon.com\/qwegujbf.json\" target=\".special-link\" trigger=\"hover\" colors=\"primary:#199573\" style=\"width:28px;height:28px\"><\/lord-icon>\n                \n                C\u00e9leste            <\/div>\n        <\/a>\n    \n\n\n            <a class=\"special-link with-icon external with-img\" href=\"https:\/\/www.tartaresandco.ch\/\" target=\"_blank\">\n                            <img decoding=\"async\" src=\"https:\/\/www.vaud.ch\/app\/uploads\/2025\/12\/Tartares-Co-4.jpg\" alt=\"Tartare &amp; Co\">\n                        <div class=\"special-link-content\">\n                                    <lord-icon src=\"https:\/\/cdn.lordicon.com\/qwegujbf.json\" target=\".special-link\" trigger=\"hover\" colors=\"primary:#199573\" style=\"width:28px;height:28px\"><\/lord-icon>\n                \n                Tartare &amp; Co            <\/div>\n        <\/a>\n    \n\n\n            <a class=\"special-link with-icon external with-img\" href=\"https:\/\/le-contretemps.ch\/\" target=\"_blank\">\n                            <img decoding=\"async\" src=\"https:\/\/www.vaud.ch\/app\/uploads\/2025\/12\/Le-Contretemps_categorie-2-749x500.jpg\" alt=\"Le Contre-Temps\">\n                        <div class=\"special-link-content\">\n                                    <lord-icon src=\"https:\/\/cdn.lordicon.com\/qwegujbf.json\" target=\".special-link\" trigger=\"hover\" colors=\"primary:#199573\" style=\"width:28px;height:28px\"><\/lord-icon>\n                \n                Le Contre-Temps            <\/div>\n        <\/a>\n    \n\n\n            <a class=\"special-link with-icon external with-img\" href=\"https:\/\/lelumen.ch\/pages\/restaurant\" target=\"_blank\">\n                            <img decoding=\"async\" src=\"https:\/\/www.vaud.ch\/app\/uploads\/2025\/12\/LE-LUMEN_categorie-2-3-scaled-667x500.jpeg\" alt=\"Le Lumen\">\n                        <div class=\"special-link-content\">\n                                    <lord-icon src=\"https:\/\/cdn.lordicon.com\/qwegujbf.json\" target=\".special-link\" trigger=\"hover\" colors=\"primary:#199573\" style=\"width:28px;height:28px\"><\/lord-icon>\n                \n                Le Lumen            <\/div>\n        <\/a>\n    \n\t<\/div>\n\n<\/div>\n<\/div>\n\n\n\n<div class=\"wp-block-group is-style-section is-layout-constrained wp-block-group-is-layout-constrained\">\n<h2 class=\"wp-block-heading\">Trendige &amp; Design-Restaurants<\/h2>\n\n\n\n<p class=\"is-style-default\">Mit modernem Ambiente und K\u00fcche zeichnen sich diese Restaurants durch ihre schicke und zeitgem\u00e4\u00dfe Atmosph\u00e4re aus. Hier steht Innovation im Vordergrund, sowohl bei der Pr\u00e4sentation der Gerichte als auch beim Design, f\u00fcr ein trendiges, gastronomisches Erlebnis.<\/p>\n\n\n\n<div style=\"height:10px\" aria-hidden=\"true\" class=\"wp-block-spacer\"><\/div>\n\n\n<div class=\"wp-bootstrap-blocks-row row\">\n\t\n\n<div class=\"col-12 col-md-6\">\n\t\t\t\n\n            <a class=\"special-link with-icon external with-img\" href=\"https:\/\/www.pinte-communale.ch\/\" target=\"_blank\">\n                            <img decoding=\"async\" src=\"https:\/\/www.vaud.ch\/app\/uploads\/2025\/12\/La-Pinte-Communale_categorie-3-3.jpg\" alt=\"La Pinte Communale\">\n                        <div class=\"special-link-content\">\n                                    <lord-icon src=\"https:\/\/cdn.lordicon.com\/qwegujbf.json\" target=\".special-link\" trigger=\"hover\" colors=\"primary:#199573\" style=\"width:28px;height:28px\"><\/lord-icon>\n                \n                La Pinte Communale            <\/div>\n        <\/a>\n    \n\n\n            <a class=\"special-link with-icon external with-img\" href=\"https:\/\/lesateliersvevey.ch\/\" target=\"_blank\">\n                            <img decoding=\"async\" src=\"https:\/\/www.vaud.ch\/app\/uploads\/2025\/12\/Les-Ateliers-2-750x500.jpg\" alt=\"Les Ateliers\">\n                        <div class=\"special-link-content\">\n                                    <lord-icon src=\"https:\/\/cdn.lordicon.com\/qwegujbf.json\" target=\".special-link\" trigger=\"hover\" colors=\"primary:#199573\" style=\"width:28px;height:28px\"><\/lord-icon>\n                \n                Les Ateliers            <\/div>\n        <\/a>\n    \n\n\n            <a class=\"special-link with-icon external with-img\" href=\"https:\/\/maisondecotterd.com\/\" target=\"_blank\">\n                            <img decoding=\"async\" src=\"https:\/\/www.vaud.ch\/app\/uploads\/2025\/12\/La-Maison-Decotterd-2-scaled-750x500.jpg\" alt=\"Maison D\u00e9cotterd\">\n                        <div class=\"special-link-content\">\n                                    <lord-icon src=\"https:\/\/cdn.lordicon.com\/qwegujbf.json\" target=\".special-link\" trigger=\"hover\" colors=\"primary:#199573\" style=\"width:28px;height:28px\"><\/lord-icon>\n                \n                Maison D\u00e9cotterd            <\/div>\n        <\/a>\n    \n\n\n            <a class=\"special-link with-icon external with-img\" href=\"https:\/\/www.lebotanik.ch\/\" target=\"_blank\">\n                            <img decoding=\"async\" src=\"https:\/\/www.vaud.ch\/app\/uploads\/2025\/12\/Le-Botanik-scaled-281x500.jpg\" alt=\"Le Botanik\">\n                        <div class=\"special-link-content\">\n                                    <lord-icon src=\"https:\/\/cdn.lordicon.com\/qwegujbf.json\" target=\".special-link\" trigger=\"hover\" colors=\"primary:#199573\" style=\"width:28px;height:28px\"><\/lord-icon>\n                \n                Le Botanik            <\/div>\n        <\/a>\n    \n\n\n            <a class=\"special-link with-icon external with-img\" href=\"https:\/\/montheron.ch\/fr\" target=\"_blank\">\n                            <img decoding=\"async\" src=\"https:\/\/www.vaud.ch\/app\/uploads\/2025\/12\/MONTHERON_0136-721x500.jpg\" alt=\"Auberge de l'Abbaye de Montheron\">\n                        <div class=\"special-link-content\">\n                                    <lord-icon src=\"https:\/\/cdn.lordicon.com\/qwegujbf.json\" target=\".special-link\" trigger=\"hover\" colors=\"primary:#199573\" style=\"width:28px;height:28px\"><\/lord-icon>\n                \n                Auberge de l&#039;Abbaye de Montheron            <\/div>\n        <\/a>\n    \n\t<\/div>\n\n\n\n<div class=\"col-12 col-md-6\">\n\t\t\t\n\n            <a class=\"special-link with-icon external with-img\" href=\"https:\/\/www.olympics.com\/museum\/visit\/restaurant\" target=\"_blank\">\n                            <img decoding=\"async\" src=\"https:\/\/www.vaud.ch\/app\/uploads\/2025\/12\/MuseeOlympique_083-750x500.jpg\" alt=\"Restaurant du Mus\u00e9e Olympique\">\n                        <div class=\"special-link-content\">\n                                    <lord-icon src=\"https:\/\/cdn.lordicon.com\/qwegujbf.json\" target=\".special-link\" trigger=\"hover\" colors=\"primary:#199573\" style=\"width:28px;height:28px\"><\/lord-icon>\n                \n                Restaurant du Mus\u00e9e Olympique            <\/div>\n        <\/a>\n    \n\n\n            <a class=\"special-link with-icon external with-img\" href=\"https:\/\/www.hotel-leman.ch\/fr\/manger-et-boire.html\" target=\"_blank\">\n                            <img decoding=\"async\" src=\"https:\/\/www.vaud.ch\/app\/uploads\/2025\/12\/Lepicurienne-3-749x500.jpg\" alt=\"Restaurant de l'Epicurienne\">\n                        <div class=\"special-link-content\">\n                                    <lord-icon src=\"https:\/\/cdn.lordicon.com\/qwegujbf.json\" target=\".special-link\" trigger=\"hover\" colors=\"primary:#199573\" style=\"width:28px;height:28px\"><\/lord-icon>\n                \n                Restaurant de l&#039;Epicurienne            <\/div>\n        <\/a>\n    \n\n\n            <a class=\"special-link with-icon external with-img\" href=\"https:\/\/www.millennium.ch\/fr\/restaurants\" target=\"_blank\">\n                            <img decoding=\"async\" src=\"https:\/\/www.vaud.ch\/app\/uploads\/2025\/12\/La-Brasserie-Millennium-889x500.jpg\" alt=\"La Brasserie Millennium\">\n                        <div class=\"special-link-content\">\n                                    <lord-icon src=\"https:\/\/cdn.lordicon.com\/qwegujbf.json\" target=\".special-link\" trigger=\"hover\" colors=\"primary:#199573\" style=\"width:28px;height:28px\"><\/lord-icon>\n                \n                La Brasserie Millennium            <\/div>\n        <\/a>\n    \n\n\n            <a class=\"special-link with-icon external with-img\" href=\"https:\/\/www.brasseriedemontbenon.ch\/\" target=\"_blank\">\n                            <img decoding=\"async\" src=\"https:\/\/www.vaud.ch\/app\/uploads\/2025\/12\/BM_\u00a9Michel_Bonvin-667x500.jpg\" alt=\"Brasserie de Montbenon\">\n                        <div class=\"special-link-content\">\n                                    <lord-icon src=\"https:\/\/cdn.lordicon.com\/qwegujbf.json\" target=\".special-link\" trigger=\"hover\" colors=\"primary:#199573\" style=\"width:28px;height:28px\"><\/lord-icon>\n                \n                Brasserie de Montbenon            <\/div>\n        <\/a>\n    \n\t<\/div>\n\n<\/div>\n<\/div>\n\n\n\n<div class=\"wp-block-group is-style-section is-layout-constrained wp-block-group-is-layout-constrained\">\n<h2 class=\"wp-block-heading\">Typische Landbeizen<\/h2>\n\n\n\n<p class=\"is-style-default\">Authentisch und originell bieten diese Adressen in den charmanten D\u00f6rfern des Kantons Waadt einen Einblick in die lokale Tradition. Mit Produkten aus der Region und \u00fcberlieferten Rezepten l\u00e4dt jedes Mahl dazu ein, die kulinarische Vielfalt des Kantons in einer malerischen und freundlichen Umgebung zu entdecken.<\/p>\n\n\n\n<div style=\"height:10px\" aria-hidden=\"true\" class=\"wp-block-spacer\"><\/div>\n\n\n<div class=\"wp-bootstrap-blocks-row row\">\n\t\n\n<div class=\"col-12 col-md-6\">\n\t\t\t\n\n            <a class=\"special-link with-icon external with-img\" href=\"https:\/\/www.aumontagnard.ch\/\" target=\"_blank\">\n                            <img decoding=\"async\" src=\"https:\/\/www.vaud.ch\/app\/uploads\/2025\/12\/Au-Montagnard-2.jpg\" alt=\"Au Montagnard\">\n                        <div class=\"special-link-content\">\n                                    <lord-icon src=\"https:\/\/cdn.lordicon.com\/qwegujbf.json\" target=\".special-link\" trigger=\"hover\" colors=\"primary:#199573\" style=\"width:28px;height:28px\"><\/lord-icon>\n                \n                Au Montagnard            <\/div>\n        <\/a>\n    \n\n\n            <a class=\"special-link with-icon external with-img\" href=\"https:\/\/www.lecommerceaubonne.ch\/fr\/\" target=\"_blank\">\n                            <img decoding=\"async\" src=\"https:\/\/www.vaud.ch\/app\/uploads\/2025\/12\/cafe-du-Commerce-Aubonne-Sarl_categorie-4-scaled-667x500.png\" alt=\"Caf\u00e9 du Commerce Restaurant\">\n                        <div class=\"special-link-content\">\n                                    <lord-icon src=\"https:\/\/cdn.lordicon.com\/qwegujbf.json\" target=\".special-link\" trigger=\"hover\" colors=\"primary:#199573\" style=\"width:28px;height:28px\"><\/lord-icon>\n                \n                Caf\u00e9 du Commerce Restaurant            <\/div>\n        <\/a>\n    \n\n\n            <a class=\"special-link with-icon external with-img\" href=\"https:\/\/www.lafleurdesel.ch\/\" target=\"_blank\">\n                            <img decoding=\"async\" src=\"https:\/\/www.vaud.ch\/app\/uploads\/2025\/12\/Fleur-de-Sel_categorie-4.jpg\" alt=\"La Fleur de Sel (17pts GM)\">\n                        <div class=\"special-link-content\">\n                                    <lord-icon src=\"https:\/\/cdn.lordicon.com\/qwegujbf.json\" target=\".special-link\" trigger=\"hover\" colors=\"primary:#199573\" style=\"width:28px;height:28px\"><\/lord-icon>\n                \n                La Fleur de Sel (17pts GM)            <\/div>\n        <\/a>\n    \n\n\n            <a class=\"special-link with-icon external with-img\" href=\"https:\/\/www.aubergedully.ch\/\" target=\"_blank\">\n                            <img decoding=\"async\" src=\"https:\/\/www.vaud.ch\/app\/uploads\/2025\/12\/Auberge_de_Dully_categorie-4-scaled-755x500.jpg\" alt=\"Auberge de Dully\">\n                        <div class=\"special-link-content\">\n                                    <lord-icon src=\"https:\/\/cdn.lordicon.com\/qwegujbf.json\" target=\".special-link\" trigger=\"hover\" colors=\"primary:#199573\" style=\"width:28px;height:28px\"><\/lord-icon>\n                \n                Auberge de Dully            <\/div>\n        <\/a>\n    \n\n\n            <a class=\"special-link with-icon external with-img\" href=\"https:\/\/croixfederalemathod.ch\/\" target=\"_blank\">\n                            <img decoding=\"async\" src=\"https:\/\/www.vaud.ch\/app\/uploads\/2025\/12\/Croix-Federale_categorie-4-2-scaled-752x500.jpg\" alt=\"Restaurant de la Croix F\u00e9d\u00e9rale\">\n                        <div class=\"special-link-content\">\n                                    <lord-icon src=\"https:\/\/cdn.lordicon.com\/qwegujbf.json\" target=\".special-link\" trigger=\"hover\" colors=\"primary:#199573\" style=\"width:28px;height:28px\"><\/lord-icon>\n                \n                Restaurant de la Croix F\u00e9d\u00e9rale            <\/div>\n        <\/a>\n    \n\t<\/div>\n\n\n\n<div class=\"col-12 col-md-6\">\n\t\t\t\n\n            <a class=\"special-link with-icon external with-img\" href=\"https:\/\/www.auberge-labalance.ch\/\" target=\"_blank\">\n                            <img decoding=\"async\" src=\"https:\/\/www.vaud.ch\/app\/uploads\/2025\/12\/Auberge-Communale-La-Balance_categorie-4-2-scaled-1110x500.jpg\" alt=\"Auberge La Balance\">\n                        <div class=\"special-link-content\">\n                                    <lord-icon src=\"https:\/\/cdn.lordicon.com\/qwegujbf.json\" target=\".special-link\" trigger=\"hover\" colors=\"primary:#199573\" style=\"width:28px;height:28px\"><\/lord-icon>\n                \n                Auberge La Balance            <\/div>\n        <\/a>\n    \n\n\n            <a class=\"special-link with-icon external with-img\" href=\"https:\/\/www.laubergedelours.ch\/\" target=\"_blank\">\n                            <img decoding=\"async\" src=\"https:\/\/www.vaud.ch\/app\/uploads\/2025\/12\/auberge-de-lours_categorie-4-400x500.jpg\" alt=\"L'Auberge de l'Ours\">\n                        <div class=\"special-link-content\">\n                                    <lord-icon src=\"https:\/\/cdn.lordicon.com\/qwegujbf.json\" target=\".special-link\" trigger=\"hover\" colors=\"primary:#199573\" style=\"width:28px;height:28px\"><\/lord-icon>\n                \n                L&#039;Auberge de l&#039;Ours            <\/div>\n        <\/a>\n    \n\n\n            <a class=\"special-link with-icon external with-img\" href=\"https:\/\/lepetitcorbeau.ch\/\" target=\"_blank\">\n                            <img decoding=\"async\" src=\"https:\/\/www.vaud.ch\/app\/uploads\/2025\/12\/Le-petit-Corbeau_restaurant_Chavornay_categorie-4-2-scaled-749x500.jpg\" alt=\"Le Petit Corbeau\">\n                        <div class=\"special-link-content\">\n                                    <lord-icon src=\"https:\/\/cdn.lordicon.com\/qwegujbf.json\" target=\".special-link\" trigger=\"hover\" colors=\"primary:#199573\" style=\"width:28px;height:28px\"><\/lord-icon>\n                \n                Le Petit Corbeau            <\/div>\n        <\/a>\n    \n\n\n            <a class=\"special-link with-icon external with-img\" href=\"https:\/\/www.holaga.ch\/index.html\" target=\"_blank\">\n                            <img decoding=\"async\" src=\"https:\/\/www.vaud.ch\/app\/uploads\/2025\/12\/Hotel-du-Lac-et-Gare_categorie-4-scaled-375x500.jpg\" alt=\"H\u00f4tel du Lac et Gare\">\n                        <div class=\"special-link-content\">\n                                    <lord-icon src=\"https:\/\/cdn.lordicon.com\/qwegujbf.json\" target=\".special-link\" trigger=\"hover\" colors=\"primary:#199573\" style=\"width:28px;height:28px\"><\/lord-icon>\n                \n                H\u00f4tel du Lac et Gare            <\/div>\n        <\/a>\n    \n\n\n            <a class=\"special-link with-icon external with-img\" href=\"http:\/\/auberge-communale-st-legier.ch\/\" target=\"_blank\">\n                            <img decoding=\"async\" src=\"https:\/\/www.vaud.ch\/app\/uploads\/2025\/12\/Auberge-de-St-Legier-2-600x500.jpg\" alt=\"Auberge Communale de St-L\u00e9gier\">\n                        <div class=\"special-link-content\">\n                                    <lord-icon src=\"https:\/\/cdn.lordicon.com\/qwegujbf.json\" target=\".special-link\" trigger=\"hover\" colors=\"primary:#199573\" style=\"width:28px;height:28px\"><\/lord-icon>\n                \n                Auberge Communale de St-L\u00e9gier            <\/div>\n        <\/a>\n    \n\t<\/div>\n\n<\/div>\n<\/div>\n\n\n\n<div class=\"wp-block-group is-style-section has-white-color-color has-green-color-background-color has-text-color has-background has-link-color wp-elements-05cda4bb274b9b4e0d8ed1500068b4db is-layout-flow wp-block-group-is-layout-flow\" style=\"padding-top:var(--wp--preset--spacing--80);padding-bottom:var(--wp--preset--spacing--80)\">\n    <div class=\"post-list-arrows cta-title\">\n                    <h2>D\u00e9couvrez d&#8217;autres id\u00e9es d&#8217;activit\u00e9s dans le canton<\/h2>\n                <div class=\"arrows\">\n            <div class=\" prev-arrow\">\n                <img decoding=\"async\" src=\"https:\/\/www.vaud.ch\/app\/themes\/child\/assets\/images\/system-outline-161-trending-flat.svg\" alt=\"\" class=\"skip-lazy\">\n            <\/div>\n            <div class=\"next-arrow\">\n                <img decoding=\"async\" src=\"https:\/\/www.vaud.ch\/app\/themes\/child\/assets\/images\/system-outline-161-trending-flat.svg\" alt=\"\" class=\"skip-lazy\">\n            <\/div>\n        <\/div>\n\n    <\/div>\n    <div class=\"call-to-action  row  \"  style=\"margin-top:0;margin-bottom:0;\">\n                        <div class=\"col-md-3\">\n                                            <a class=\"cta-item \" href=\"https:\/\/www.vaud.ch\/oenotourisme\" target=\"_blank\">\n                                                                                    <img data-lazy=\"https:\/\/www.vaud.ch\/app\/uploads\/2025\/03\/2V0A1916-750x500.jpg\" alt=\"L'oenotourisme dans le Canton de Vaud \" class=\"skip-lazy\">\n                                                        <span class=\"text\">L&#039;oenotourisme dans le Canton de Vaud <\/span>\n                            <span class=\"read-more\">Mehr lesen<\/span>\n                                                    <\/a>\n                        <\/div>\n                <div class=\"col-md-3\">\n                                            <a class=\"cta-item \" href=\"https:\/\/www.vaud.ch\/fleurs-du-leman\" target=\"_blank\">\n                                                                                    <img data-lazy=\"https:\/\/www.vaud.ch\/app\/uploads\/2025\/03\/Tulipes-Morges-1-750x500.jpg\" alt=\"Le Canton de Vaud en fleurs\" class=\"skip-lazy\">\n                                                        <span class=\"text\">Le Canton de Vaud en fleurs<\/span>\n                            <span class=\"read-more\">Mehr lesen<\/span>\n                                                    <\/a>\n                        <\/div>\n                <div class=\"col-md-3\">\n                                            <a class=\"cta-item \" href=\"https:\/\/www.vaud.ch\/tourisme\/tous-les-evenements\/\" target=\"_blank\">\n                                                                                    <img data-lazy=\"https:\/\/www.vaud.ch\/app\/uploads\/2023\/08\/MJF_Vaudplus_Ambassadeur.jpg\" alt=\"Agenda et \u00e9v\u00e9nements\" class=\"skip-lazy\">\n                                                        <span class=\"text\">Agenda et \u00e9v\u00e9nements<\/span>\n                            <span class=\"read-more\">Mehr lesen<\/span>\n                                                    <\/a>\n                        <\/div>\n                <div class=\"col-md-3\">\n                                            <a class=\"cta-item \" href=\"https:\/\/www.vaud.ch\/vivre\/sport\/gravel-canton-vaud\/\" target=\"_blank\">\n                                                                                    <img data-lazy=\"https:\/\/www.vaud.ch\/app\/uploads\/2025\/04\/IMG_6317-333x500.jpg\" alt=\"Le Gravel dans le Canton de Vaud\" class=\"skip-lazy\">\n                                                        <span class=\"text\">Le Gravel dans le Canton de Vaud<\/span>\n                            <span class=\"read-more\">Mehr lesen<\/span>\n                                                    <\/a>\n                        <\/div>\n<\/div>\n\n<\/div>\n","protected":false},"excerpt":{"rendered":"<p>Gaumenfreuden mit Panorama Mit atemberaubender Aussicht bieten diese Restaurants exquisite Gerichte, w\u00e4hrend Sie beeindruckende Landschaften bewundern k\u00f6nnen. Ob am Ufer des Genfersees oder hoch in den Bergen &#8211; jedes Essen wird dabei zu einem visuellen und geschmacklichen Erlebnis. Gastronomische Highlights in den St\u00e4dten In den St\u00e4dten des Kantons Waadt gelegen, tauchen Sie hier ins Herz [&hellip;]<\/p>\n","protected":false},"author":15,"featured_media":18894,"parent":14673,"menu_order":0,"comment_status":"closed","ping_status":"closed","template":"","meta":{"_acf_changed":false,"footnotes":""},"class_list":["post-18858","page","type-page","status-publish","has-post-thumbnail","hentry"],"acf":[],"aioseo_notices":[],"_links":{"self":[{"href":"https:\/\/www.vaud.ch\/de\/wp-json\/wp\/v2\/pages\/18858","targetHints":{"allow":["GET"]}}],"collection":[{"href":"https:\/\/www.vaud.ch\/de\/wp-json\/wp\/v2\/pages"}],"about":[{"href":"https:\/\/www.vaud.ch\/de\/wp-json\/wp\/v2\/types\/page"}],"author":[{"embeddable":true,"href":"https:\/\/www.vaud.ch\/de\/wp-json\/wp\/v2\/users\/15"}],"replies":[{"embeddable":true,"href":"https:\/\/www.vaud.ch\/de\/wp-json\/wp\/v2\/comments?post=18858"}],"version-history":[{"count":2,"href":"https:\/\/www.vaud.ch\/de\/wp-json\/wp\/v2\/pages\/18858\/revisions"}],"predecessor-version":[{"id":19121,"href":"https:\/\/www.vaud.ch\/de\/wp-json\/wp\/v2\/pages\/18858\/revisions\/19121"}],"up":[{"embeddable":true,"href":"https:\/\/www.vaud.ch\/de\/wp-json\/wp\/v2\/pages\/14673"}],"wp:featuredmedia":[{"embeddable":true,"href":"https:\/\/www.vaud.ch\/de\/wp-json\/wp\/v2\/media\/18894"}],"wp:attachment":[{"href":"https:\/\/www.vaud.ch\/de\/wp-json\/wp\/v2\/media?parent=18858"}],"curies":[{"name":"wp","href":"https:\/\/api.w.org\/{rel}","templated":true}]}}