{"id":23794,"date":"2026-08-17T11:03:49","date_gmt":"2026-08-17T09:03:49","guid":{"rendered":"https:\/\/www.vaud.ch\/?page_id=23794"},"modified":"2026-09-02T10:28:23","modified_gmt":"2026-09-02T08:28:23","slug":"herbst-gastronomie","status":"publish","type":"page","link":"https:\/\/www.vaud.ch\/de\/herbst-gastronomie\/","title":{"rendered":"Herbstlicher Genuss im Kanton Waadt"},"content":{"rendered":"\n    <\/div>\n            <div class=\"page-header parallax\" style=\"background-image: url(https:\/\/www.vaud.ch\/app\/uploads\/2024\/09\/Montreux-Gastronomie-2-1920x1080.jpg);\">\n            <div class=\"container\">\n                <div class=\"row\">\n                    <div class=\"col-xl-7\">\n                        <ul id=\"ah-breadcrumb\" class=\"ah-breadcrumb\"><li class=\"item\"><a href=\"https:\/\/www.vaud.ch\/de\/\"><lord-icon src=\"https:\/\/cdn.lordicon.com\/onercatl.json\" state=\"hover-home-2\" trigger=\"loop-on-hover\" colors=\"primary:#ffffff\" style=\"width:18px;height:18px\" class=\"home-white\"><\/lord-icon><lord-icon src=\"https:\/\/cdn.lordicon.com\/onercatl.json\" state=\"hover-home-2\" trigger=\"loop-on-hover\" colors=\"primary:#0A4069\" class=\"home-blue\" style=\"width:18px;height:18px\"><\/lord-icon><\/a><\/li><li class=\"separator\"><svg xmlns=\"http:\/\/www.w3.org\/2000\/svg\" viewBox=\"0 0 192 512\"><path d=\"M166.9 264.5l-117.8 116c-4.7 4.7-12.3 4.7-17 0l-7.1-7.1c-4.7-4.7-4.7-12.3 0-17L127.3 256 25.1 155.6c-4.7-4.7-4.7-12.3 0-17l7.1-7.1c4.7-4.7 12.3-4.7 17 0l117.8 116c4.6 4.7 4.6 12.3-.1 17z\" fill=\"#ffffff\" \/><\/svg><\/li><\/ul>                        <h1>Herbstlicher Genuss im Kanton Waadt<\/h1>\n                    <\/div>\n                <\/div>\n            <\/div>\n        <\/div>\n        <div class=\"container\">\n\n    \n\n\n<div style=\"height:50px\" aria-hidden=\"true\" class=\"wp-block-spacer\"><\/div>\n\n\n\n<h2 class=\"wp-block-heading\"><strong>5 Destinationen, 5 Genussreisen f\u00fcr drei Tage<\/strong><\/h2>\n\n\n\n<p class=\"is-style-heading-p wp-block-paragraph\">Nehmen Sie sich diesen Herbst Zeit f\u00fcr das Waadtl\u00e4nder Lebensgef\u00fchl. Entdecken Sie auf f\u00fcnf genussvollen 3-Tages-Routen die sch\u00f6nsten Regionen des Kantons und geniessen Sie das Beste, was das Waadtland zu bieten hat: Weinberge, saisonale Spezialit\u00e4ten, charaktervolle Restaurants und authentische Begegnungen.<\/p>\n\n\n\n    <div class=\"itinerary-block wp-block-acf-itinerary\">\n        <div class=\"itinerary-layout\">\n                            <div class=\"sticky-nav-outer itinerary-lieu-tabs-outer\">\n                    <div class=\"sticky-nav itinerary-lieu-tabs\">\n                        <div class=\"sticky-nav-inner\">\n                            <ul>\n                                                                    <li>\n                                        <button\n                                            type=\"button\"\n                                            class=\"itinerary-lieu-tab\"\n                                            data-lieu-id=\"morges-region\"\n                                            data-day-id=\"morges-region-tag-1-morges-und-die-weine-der-region-entdecken\"\n                                            data-step-id=\"morges-region-tag-1-morges-und-die-weine-der-region-entdecken-step-1\"\n                                        >\n                                            Morges\n                                    <\/li>\n                                                                    <li>\n                                        <button\n                                            type=\"button\"\n                                            class=\"itinerary-lieu-tab\"\n                                            data-lieu-id=\"pays-denhaut\"\n                                            data-day-id=\"pays-denhaut-tag-1-handwerk-und-tradition-der-alpen\"\n                                            data-step-id=\"pays-denhaut-tag-1-handwerk-und-tradition-der-alpen-step-1\"\n                                        >\n                                            Pays-d\u2019Enhaut\n                                    <\/li>\n                                                                    <li>\n                                        <button\n                                            type=\"button\"\n                                            class=\"itinerary-lieu-tab\"\n                                            data-lieu-id=\"alpes-vaudoises\"\n                                            data-day-id=\"alpes-vaudoises-tag-1-von-den-rebbergen-in-die-berge\"\n                                            data-step-id=\"alpes-vaudoises-tag-1-von-den-rebbergen-in-die-berge-step-1\"\n                                        >\n                                            Alpes vaudoises\n                                    <\/li>\n                                                                    <li>\n                                        <button\n                                            type=\"button\"\n                                            class=\"itinerary-lieu-tab\"\n                                            data-lieu-id=\"montreux-riviera\"\n                                            data-day-id=\"montreux-riviera-tag-1-eintauchen-in-die-rebberge-von-lavaux\"\n                                            data-step-id=\"montreux-riviera-tag-1-eintauchen-in-die-rebberge-von-lavaux-step-1\"\n                                        >\n                                            Montreux Riviera\n                                    <\/li>\n                                                                    <li>\n                                        <button\n                                            type=\"button\"\n                                            class=\"itinerary-lieu-tab\"\n                                            data-lieu-id=\"nord-vaudois\"\n                                            data-day-id=\"nord-vaudois-tag-1-stadtbesichtigung-und-gastronomisches-dinner\"\n                                            data-step-id=\"nord-vaudois-tag-1-stadtbesichtigung-und-gastronomisches-dinner-step-1\"\n                                        >\n                                            Nord vaudois\n                                    <\/li>\n                                                            <\/ul>\n                        <\/div>\n                    <\/div>\n                <\/div>\n                        <div class=\"itinerary-map\">\n                <div class=\"map-outer\">\n                    <div id=\"itinerary-map-block_3e6b8c44408775ddb77ba648d3b39080\" class=\"itinerary-map-canvas\"><\/div>\n                    <div class=\"overlay-zoom\">\n                        <span class=\"desktop-msg\">\n                            Mit STRG + Scrollrad k\u00f6nnen Sie die Karte vergr\u00f6\u00dfern                        <\/span>\n                        <span class=\"touch-msg\">\n                            Verwenden Sie zwei Finger, um die Karte zu verschieben                        <\/span>\n                    <\/div>\n                <\/div>\n            <\/div>\n\n                            <section class=\"itinerary-lieu-section\" data-lieu-id=\"morges-region\">\n                    <h3 class=\"itinerary-lieu-title\">\n                        Route  Morges Region                    <\/h3>\n                                            <div class=\"itinerary-lieu-intro\">\n                            Diese dreit\u00e4gige Route durch die Region Morges erm\u00f6glicht es Ihnen, einige der sch\u00f6nsten Facetten von La C\u00f4te zu entdecken \u2013 zwischen Weinbergen, Gastronomie und lokalem Know-how. Von Morges \u00fcber Yens und S\u00e9very bis nach Aubonne verbindet sie Weinverkostungen, kulinarische Highlights, Begegnungen mit lokalen Handwerkern und kulturelle Entdeckungen. Ein idealer Kurzurlaub, um die Region in eigenem Tempo zu erkunden, die Herbstfarben zu geniessen und die Produkte zu kosten, f\u00fcr die La C\u00f4te bekannt ist.\r\n<br><br><h4>Zu probieren<\/h4>\r\n<ul>\r\n \t<li class=\"ewa-rteLine\">Der Servagnin, eine typische Rebsorte aus Morges<\/li>\r\n \t<li>Der Gruy\u00e8re AOP aus Montricher<\/li>\r\n \t<li class=\"ewa-rteLine\">Die \u00d6le der Moulin de S\u00e9very<\/li>\r\n<\/ul>                        <\/div>\n                                        <div class=\"itinerary-layout-bottom\">\n                        <aside class=\"itinerary-sidebar\">\n                                                                                                                            <div class=\"itinerary-day-group\" data-day-id=\"morges-region-tag-1-morges-und-die-weine-der-region-entdecken\">\n                                    <h5 class=\"itinerary-day-title\">\n                                        Tag 1 \u2013 Morges und die Weine der Region entdecken                                    <\/h5>\n                                    <ul class=\"itinerary-steps-list\">\n                                                                                    <li class=\"itinerary-step-item\">\n                                                <button\n                                                    type=\"button\"\n                                                    class=\"itinerary-step-link\"\n                                                    data-lieu-id=\"morges-region\"\n                                                    data-day-id=\"morges-region-tag-1-morges-und-die-weine-der-region-entdecken\"\n                                                    data-step-id=\"morges-region-tag-1-morges-und-die-weine-der-region-entdecken-step-1\"\n                                                >\n                                                    <span class=\"itinerary-step-number\">1<\/span>\n                                                    <span class=\"itinerary-step-label\">Kultureller Spaziergang durch Morges<\/span>\n                                                <\/button>\n                                            <\/li>\n                                                                                    <li class=\"itinerary-step-item\">\n                                                <button\n                                                    type=\"button\"\n                                                    class=\"itinerary-step-link\"\n                                                    data-lieu-id=\"morges-region\"\n                                                    data-day-id=\"morges-region-tag-1-morges-und-die-weine-der-region-entdecken\"\n                                                    data-step-id=\"morges-region-tag-1-morges-und-die-weine-der-region-entdecken-step-2\"\n                                                >\n                                                    <span class=\"itinerary-step-number\">2<\/span>\n                                                    <span class=\"itinerary-step-label\">Pass Wine Tasting<\/span>\n                                                <\/button>\n                                            <\/li>\n                                                                                    <li class=\"itinerary-step-item\">\n                                                <button\n                                                    type=\"button\"\n                                                    class=\"itinerary-step-link\"\n                                                    data-lieu-id=\"morges-region\"\n                                                    data-day-id=\"morges-region-tag-1-morges-und-die-weine-der-region-entdecken\"\n                                                    data-step-id=\"morges-region-tag-1-morges-und-die-weine-der-region-entdecken-step-3\"\n                                                >\n                                                    <span class=\"itinerary-step-number\">3<\/span>\n                                                    <span class=\"itinerary-step-label\">Dinner mit Weinbegleitung in der Auberge de la Croix d\u2019Or in Yens<\/span>\n                                                <\/button>\n                                            <\/li>\n                                                                                    <li class=\"itinerary-step-item\">\n                                                <button\n                                                    type=\"button\"\n                                                    class=\"itinerary-step-link\"\n                                                    data-lieu-id=\"morges-region\"\n                                                    data-day-id=\"morges-region-tag-1-morges-und-die-weine-der-region-entdecken\"\n                                                    data-step-id=\"morges-region-tag-1-morges-und-die-weine-der-region-entdecken-step-4\"\n                                                >\n                                                    <span class=\"itinerary-step-number\">4<\/span>\n                                                    <span class=\"itinerary-step-label\">Hostellerie Le Petit Manoir<\/span>\n                                                <\/button>\n                                            <\/li>\n                                                                            <\/ul>\n                                <\/div>\n                                                                                                                            <div class=\"itinerary-day-group\" data-day-id=\"morges-region-tag-2-kulinarische-ausfluege-in-die-landschaft-rund-um-morges\">\n                                    <h5 class=\"itinerary-day-title\">\n                                        Tag 2 \u2013 Kulinarische Ausfl\u00fcge in die Landschaft rund um Morges                                    <\/h5>\n                                    <ul class=\"itinerary-steps-list\">\n                                                                                    <li class=\"itinerary-step-item\">\n                                                <button\n                                                    type=\"button\"\n                                                    class=\"itinerary-step-link\"\n                                                    data-lieu-id=\"morges-region\"\n                                                    data-day-id=\"morges-region-tag-2-kulinarische-ausfluege-in-die-landschaft-rund-um-morges\"\n                                                    data-step-id=\"morges-region-tag-2-kulinarische-ausfluege-in-die-landschaft-rund-um-morges-step-1\"\n                                                >\n                                                    <span class=\"itinerary-step-number\">1<\/span>\n                                                    <span class=\"itinerary-step-label\">Besuch der Fromagerie Gourmande<\/span>\n                                                <\/button>\n                                            <\/li>\n                                                                                    <li class=\"itinerary-step-item\">\n                                                <button\n                                                    type=\"button\"\n                                                    class=\"itinerary-step-link\"\n                                                    data-lieu-id=\"morges-region\"\n                                                    data-day-id=\"morges-region-tag-2-kulinarische-ausfluege-in-die-landschaft-rund-um-morges\"\n                                                    data-step-id=\"morges-region-tag-2-kulinarische-ausfluege-in-die-landschaft-rund-um-morges-step-2\"\n                                                >\n                                                    <span class=\"itinerary-step-number\">2<\/span>\n                                                    <span class=\"itinerary-step-label\">Moulin-Huilerie de S\u00e9very<\/span>\n                                                <\/button>\n                                            <\/li>\n                                                                                    <li class=\"itinerary-step-item\">\n                                                <button\n                                                    type=\"button\"\n                                                    class=\"itinerary-step-link\"\n                                                    data-lieu-id=\"morges-region\"\n                                                    data-day-id=\"morges-region-tag-2-kulinarische-ausfluege-in-die-landschaft-rund-um-morges\"\n                                                    data-step-id=\"morges-region-tag-2-kulinarische-ausfluege-in-die-landschaft-rund-um-morges-step-3\"\n                                                >\n                                                    <span class=\"itinerary-step-number\">3<\/span>\n                                                    <span class=\"itinerary-step-label\">Gastronomisches Dinner im Nj\u00f8rden mit Weinen von La C\u00f4te<\/span>\n                                                <\/button>\n                                            <\/li>\n                                                                                    <li class=\"itinerary-step-item\">\n                                                <button\n                                                    type=\"button\"\n                                                    class=\"itinerary-step-link\"\n                                                    data-lieu-id=\"morges-region\"\n                                                    data-day-id=\"morges-region-tag-2-kulinarische-ausfluege-in-die-landschaft-rund-um-morges\"\n                                                    data-step-id=\"morges-region-tag-2-kulinarische-ausfluege-in-die-landschaft-rund-um-morges-step-4\"\n                                                >\n                                                    <span class=\"itinerary-step-number\">4<\/span>\n                                                    <span class=\"itinerary-step-label\">Hostellerie Le Petit Manoir<\/span>\n                                                <\/button>\n                                            <\/li>\n                                                                            <\/ul>\n                                <\/div>\n                                                                                                                            <div class=\"itinerary-day-group\" data-day-id=\"morges-region-tag-3-regionale-genuesse-und-natur-im-arboretum\">\n                                    <h5 class=\"itinerary-day-title\">\n                                        Tag 3 \u2013 Regionale Gen\u00fcsse und Natur im Arboretum                                    <\/h5>\n                                    <ul class=\"itinerary-steps-list\">\n                                                                                    <li class=\"itinerary-step-item\">\n                                                <button\n                                                    type=\"button\"\n                                                    class=\"itinerary-step-link\"\n                                                    data-lieu-id=\"morges-region\"\n                                                    data-day-id=\"morges-region-tag-3-regionale-genuesse-und-natur-im-arboretum\"\n                                                    data-step-id=\"morges-region-tag-3-regionale-genuesse-und-natur-im-arboretum-step-1\"\n                                                >\n                                                    <span class=\"itinerary-step-number\">1<\/span>\n                                                    <span class=\"itinerary-step-label\">Brunch mit La Voie des Sens<\/span>\n                                                <\/button>\n                                            <\/li>\n                                                                                    <li class=\"itinerary-step-item\">\n                                                <button\n                                                    type=\"button\"\n                                                    class=\"itinerary-step-link\"\n                                                    data-lieu-id=\"morges-region\"\n                                                    data-day-id=\"morges-region-tag-3-regionale-genuesse-und-natur-im-arboretum\"\n                                                    data-step-id=\"morges-region-tag-3-regionale-genuesse-und-natur-im-arboretum-step-2\"\n                                                >\n                                                    <span class=\"itinerary-step-number\">2<\/span>\n                                                    <span class=\"itinerary-step-label\">Arboretum du Vallon de l\u2019Aubonne<\/span>\n                                                <\/button>\n                                            <\/li>\n                                                                                    <li class=\"itinerary-step-item\">\n                                                <button\n                                                    type=\"button\"\n                                                    class=\"itinerary-step-link\"\n                                                    data-lieu-id=\"morges-region\"\n                                                    data-day-id=\"morges-region-tag-3-regionale-genuesse-und-natur-im-arboretum\"\n                                                    data-step-id=\"morges-region-tag-3-regionale-genuesse-und-natur-im-arboretum-step-3\"\n                                                >\n                                                    <span class=\"itinerary-step-number\">3<\/span>\n                                                    <span class=\"itinerary-step-label\">Ausstellung \u00fcber Korbflechterei im Arboretum<\/span>\n                                                <\/button>\n                                            <\/li>\n                                                                                    <li class=\"itinerary-step-item\">\n                                                <button\n                                                    type=\"button\"\n                                                    class=\"itinerary-step-link\"\n                                                    data-lieu-id=\"morges-region\"\n                                                    data-day-id=\"morges-region-tag-3-regionale-genuesse-und-natur-im-arboretum\"\n                                                    data-step-id=\"morges-region-tag-3-regionale-genuesse-und-natur-im-arboretum-step-4\"\n                                                >\n                                                    <span class=\"itinerary-step-number\">4<\/span>\n                                                    <span class=\"itinerary-step-label\">Balade des Capites mit dem Kit Rando-Terroir<\/span>\n                                                <\/button>\n                                            <\/li>\n                                                                            <\/ul>\n                                <\/div>\n                                                    <\/aside>\n\n                        <div class=\"itinerary-content\">\n                                                                                                <div\n                                        class=\"itinerary-content-panel\"\n                                        id=\"itinerary-content-morges-region-tag-1-morges-und-die-weine-der-region-entdecken-step-1\"\n                                        data-lieu-id=\"morges-region\"\n                                        data-day-id=\"morges-region-tag-1-morges-und-die-weine-der-region-entdecken\"\n                                        data-step-id=\"morges-region-tag-1-morges-und-die-weine-der-region-entdecken-step-1\"\n                                    >\n                                        <div class=\"itinerary-step-content wp-block-acf-itinerary-step-content\">\n    \n\n<h4 class=\"wp-block-heading\">VORMITTAG \u2013 Kultureller Spaziergang durch Morges<\/h4>\n\n\n\n<p class=\"wp-block-paragraph\">Beginnen Sie Ihren Aufenthalt mit einer Entdeckungstour durch Morges: Altstadt, Parc de l\u2019Ind\u00e9pendance, Schloss und malerischer Hafen. Mit dem Genfersee und dem Mont Blanc als Kulisse f\u00fchrt der Spaziergang anschliessend am Ufer entlang bis nach Pr\u00e9verenges.<\/p>\n\n            <section class=\"itinerary-step-medias\">\n                            <div class=\"gallery\">\n                                        <div class=\"lightgallery row\">\n                                                        <div class=\"grid-item col-6\" data-src=\"https:\/\/app.localhub.ch\/api\/image\/01m0ccqgrpkq2ab6505was8z82\/scale\/1920\" data-sub-html=\"Chemin sans barri\u00e8re - \u00a9 MRT\">\n                                    <a href=\"\" class=\"gallery-item wp-block-image lazyload-wrapper\">\n                                        <img decoding=\"async\" src=\"https:\/\/www.vaud.ch\/app\/themes\/child\/assets\/images\/loading-pixel.svg\" data-src=\"https:\/\/app.localhub.ch\/api\/image\/01m0ccqgrpkq2ab6505was8z82\/scale\/550\" class=\"lazyload\" alt=\"Chemin sans barri\u00e8re\">\n                                        <div class=\"gallery-overlay with-icon\">\n                                            <lord-icon src=\"https:\/\/cdn.lordicon.com\/fqfpkgja.json\" target=\".gallery-overlay\" trigger=\"hover\" colors=\"primary:#ffffff\" style=\"width:100px;height:100px\">\n                                            <\/lord-icon>\n                                        <\/div>\n                                                                                    <div class=\"wp-element-caption\">\n                                                MRT                                            <\/div>\n                                                                            <\/a>\n                                <\/div>\n                                                                                    <div class=\"grid-item col-6\" data-src=\"https:\/\/app.localhub.ch\/api\/image\/01kbhrbct8nyqw43hx3s1tn2db\/scale\/1920\" data-sub-html=\"F\u00eate du Dahlia_Mobilit\u00e9 r\u00e9duite - \u00a9 Rapha\u00ebl Dupertuis\">\n                                    <a href=\"\" class=\"gallery-item wp-block-image lazyload-wrapper\">\n                                        <img decoding=\"async\" src=\"https:\/\/www.vaud.ch\/app\/themes\/child\/assets\/images\/loading-pixel.svg\" data-src=\"https:\/\/app.localhub.ch\/api\/image\/01kbhrbct8nyqw43hx3s1tn2db\/scale\/550\" class=\"lazyload\" alt=\"F\u00eate du Dahlia_Mobilit\u00e9 r\u00e9duite\">\n                                        <div class=\"gallery-overlay with-icon\">\n                                            <lord-icon src=\"https:\/\/cdn.lordicon.com\/fqfpkgja.json\" target=\".gallery-overlay\" trigger=\"hover\" colors=\"primary:#ffffff\" style=\"width:100px;height:100px\">\n                                            <\/lord-icon>\n                                        <\/div>\n                                                                                    <div class=\"wp-element-caption\">\n                                                Rapha\u00ebl Dupertuis                                            <\/div>\n                                                                            <\/a>\n                                <\/div>\n                                                                                    <div class=\"grid-item col-6\" data-src=\"https:\/\/app.localhub.ch\/api\/image\/01m0ccqgrtq98e81pj1zf6x06j\/scale\/1920\" data-sub-html=\"Quais de Morges_Mobilit\u00e9 r\u00e9duite - \u00a9 Rapha\u00ebl Dupertuis\">\n                                    <a href=\"\" class=\"gallery-item wp-block-image lazyload-wrapper\">\n                                        <img decoding=\"async\" src=\"https:\/\/www.vaud.ch\/app\/themes\/child\/assets\/images\/loading-pixel.svg\" data-src=\"https:\/\/app.localhub.ch\/api\/image\/01m0ccqgrtq98e81pj1zf6x06j\/scale\/550\" class=\"lazyload\" alt=\"Quais de Morges_Mobilit\u00e9 r\u00e9duite\">\n                                        <div class=\"gallery-overlay with-icon\">\n                                            <lord-icon src=\"https:\/\/cdn.lordicon.com\/fqfpkgja.json\" target=\".gallery-overlay\" trigger=\"hover\" colors=\"primary:#ffffff\" style=\"width:100px;height:100px\">\n                                            <\/lord-icon>\n                                        <\/div>\n                                                                                    <div class=\"wp-element-caption\">\n                                                Rapha\u00ebl Dupertuis                                            <\/div>\n                                                                            <\/a>\n                                <\/div>\n                                                                                    <div class=\"grid-item col-6\" data-src=\"https:\/\/app.localhub.ch\/api\/image\/01m0ccqgrxbn3ztp997h230gy9\/scale\/1920\" data-sub-html=\"Promenade du Littoral - \u00a9 Rapha\u00ebl Dupertuis\">\n                                    <a href=\"\" class=\"gallery-item wp-block-image lazyload-wrapper\">\n                                        <img decoding=\"async\" src=\"https:\/\/www.vaud.ch\/app\/themes\/child\/assets\/images\/loading-pixel.svg\" data-src=\"https:\/\/app.localhub.ch\/api\/image\/01m0ccqgrxbn3ztp997h230gy9\/scale\/550\" class=\"lazyload\" alt=\"Promenade du Littoral\">\n                                        <div class=\"gallery-overlay with-icon\">\n                                            <lord-icon src=\"https:\/\/cdn.lordicon.com\/fqfpkgja.json\" target=\".gallery-overlay\" trigger=\"hover\" colors=\"primary:#ffffff\" style=\"width:100px;height:100px\">\n                                            <\/lord-icon>\n                                        <\/div>\n                                                                                    <div class=\"wp-element-caption\">\n                                                Rapha\u00ebl Dupertuis                                            <\/div>\n                                                                            <\/a>\n                                <\/div>\n                                                                        <\/div>\n                <\/div>\n                    <\/section>\n    \n            <div>\n            <a target=\"_blank\" href=\"https:\/\/www.vaud.ch\/de\/tourismus\/sport\/routen\/01m0ccqfa8pygy76je7jzjrj4j\" class=\"btn\">\n                <span>Mehr lesen<\/span>\n            <\/a>\n        <\/div>\n    <\/div>\n                                    <\/div>\n                                                                    <div\n                                        class=\"itinerary-content-panel\"\n                                        id=\"itinerary-content-morges-region-tag-1-morges-und-die-weine-der-region-entdecken-step-2\"\n                                        data-lieu-id=\"morges-region\"\n                                        data-day-id=\"morges-region-tag-1-morges-und-die-weine-der-region-entdecken\"\n                                        data-step-id=\"morges-region-tag-1-morges-und-die-weine-der-region-entdecken-step-2\"\n                                    >\n                                        <div class=\"itinerary-step-content wp-block-acf-itinerary-step-content\">\n    \n\n<h4 class=\"wp-block-heading\">NACHMITTAG \u2013 Pass Wine Tasting<\/h4>\n\n\n\n<p class=\"wp-block-paragraph\">Entdecken Sie am Nachmittag mit dem Pass Wine Tasting die Weine von Morges und La C\u00f4te. Das Angebot umfasst die Degustation von vier Weinen in einem teilnehmenden Weingut Ihrer Wahl. Im direkten Austausch mit den Winzerinnen und Winzern tauchen Sie authentisch in das regionale Terroir ein. Beim Kauf von sechs Flaschen ist die Degustation kostenlos, eine sch\u00f6ne Gelegenheit, einige Erinnerungen an Ihre Auszeit mit nach Hause zu nehmen.<\/p>\n\n            <section class=\"itinerary-step-medias\">\n                            <div class=\"gallery\">\n                                        <div class=\"lightgallery row\">\n                                                        <div class=\"grid-item col-6\" data-src=\"https:\/\/app.localhub.ch\/api\/image\/01kztbz6zk4fdk1vbper8s1n5r\/scale\/1920\" data-sub-html=\"Pass Wine Tasting\">\n                                    <a href=\"\" class=\"gallery-item wp-block-image lazyload-wrapper\">\n                                        <img decoding=\"async\" src=\"https:\/\/www.vaud.ch\/app\/themes\/child\/assets\/images\/loading-pixel.svg\" data-src=\"https:\/\/app.localhub.ch\/api\/image\/01kztbz6zk4fdk1vbper8s1n5r\/scale\/550\" class=\"lazyload\" alt=\"Pass Wine Tasting\">\n                                        <div class=\"gallery-overlay with-icon\">\n                                            <lord-icon src=\"https:\/\/cdn.lordicon.com\/fqfpkgja.json\" target=\".gallery-overlay\" trigger=\"hover\" colors=\"primary:#ffffff\" style=\"width:100px;height:100px\">\n                                            <\/lord-icon>\n                                        <\/div>\n                                                                            <\/a>\n                                <\/div>\n                                                                                    <div class=\"grid-item col-6\" data-src=\"https:\/\/app.localhub.ch\/api\/image\/01kztbz6zpftsnk4pw14a7v373\/scale\/1920\" data-sub-html=\"Pass Wine Tasting\">\n                                    <a href=\"\" class=\"gallery-item wp-block-image lazyload-wrapper\">\n                                        <img decoding=\"async\" src=\"https:\/\/www.vaud.ch\/app\/themes\/child\/assets\/images\/loading-pixel.svg\" data-src=\"https:\/\/app.localhub.ch\/api\/image\/01kztbz6zpftsnk4pw14a7v373\/scale\/550\" class=\"lazyload\" alt=\"Pass Wine Tasting\">\n                                        <div class=\"gallery-overlay with-icon\">\n                                            <lord-icon src=\"https:\/\/cdn.lordicon.com\/fqfpkgja.json\" target=\".gallery-overlay\" trigger=\"hover\" colors=\"primary:#ffffff\" style=\"width:100px;height:100px\">\n                                            <\/lord-icon>\n                                        <\/div>\n                                                                            <\/a>\n                                <\/div>\n                                                                        <\/div>\n                <\/div>\n                    <\/section>\n    \n            <div>\n            <a target=\"_blank\" href=\"https:\/\/www.morges-tourisme.ch\/fr\/F2133\/pass-wine-tasting#\/\" class=\"btn\">\n                <span>Mehr lesen<\/span>\n            <\/a>\n        <\/div>\n    <\/div>\n                                    <\/div>\n                                                                    <div\n                                        class=\"itinerary-content-panel\"\n                                        id=\"itinerary-content-morges-region-tag-1-morges-und-die-weine-der-region-entdecken-step-3\"\n                                        data-lieu-id=\"morges-region\"\n                                        data-day-id=\"morges-region-tag-1-morges-und-die-weine-der-region-entdecken\"\n                                        data-step-id=\"morges-region-tag-1-morges-und-die-weine-der-region-entdecken-step-3\"\n                                    >\n                                        <div class=\"itinerary-step-content wp-block-acf-itinerary-step-content\">\n    \n\n<h4 class=\"wp-block-heading\">ABEND \u2013 Dinner mit Weinbegleitung in der Auberge de la Croix d\u2019Or in Yens<\/h4>\n\n\n\n<p class=\"wp-block-paragraph\">Mit gewecktem Appetit nehmen Sie Platz in der Auberge de la Croix d\u2019Or, einer charmanten Adresse mitten in den Rebbergen von Yens. Claudia und Olivier Hiernard empfangen Sie in ihrem Haus mit gem\u00fctlichem Bistro und gastronomischem Speisesaal. Freuen Sie sich auf eine raffinierte Karte, auf der Fische aus dem Genfersee und herbstliche Spezialit\u00e4ten wie Wild f\u00fcr ein genussvolles Erlebnis mit regionalen Aromen sorgen.<\/p>\n\n            <section class=\"itinerary-step-medias\">\n                            <div class=\"gallery\">\n                                        <div class=\"lightgallery row\">\n                                                        <div class=\"grid-item col-6\" data-src=\"https:\/\/app.localhub.ch\/api\/image\/01kbhre41sgpqh344r6ynt087r\/scale\/1920\" data-sub-html=\"Auberge de la Croix d&#039;Or - \u00a9 \u00a9Auberge de la Croix d&#039;Or\">\n                                    <a href=\"\" class=\"gallery-item wp-block-image lazyload-wrapper\">\n                                        <img decoding=\"async\" src=\"https:\/\/www.vaud.ch\/app\/themes\/child\/assets\/images\/loading-pixel.svg\" data-src=\"https:\/\/app.localhub.ch\/api\/image\/01kbhre41sgpqh344r6ynt087r\/scale\/550\" class=\"lazyload\" alt=\"Auberge de la Croix d&#039;Or\">\n                                        <div class=\"gallery-overlay with-icon\">\n                                            <lord-icon src=\"https:\/\/cdn.lordicon.com\/fqfpkgja.json\" target=\".gallery-overlay\" trigger=\"hover\" colors=\"primary:#ffffff\" style=\"width:100px;height:100px\">\n                                            <\/lord-icon>\n                                        <\/div>\n                                                                                    <div class=\"wp-element-caption\">\n                                                \u00a9Auberge de la Croix d&#8217;Or                                            <\/div>\n                                                                            <\/a>\n                                <\/div>\n                                                                                    <div class=\"grid-item col-6\" data-src=\"https:\/\/app.localhub.ch\/api\/image\/01kbhre41tpyftwsmjhgr2bey4\/scale\/1920\" data-sub-html=\"Auberge de la Croix d&#039;Or - \u00a9 \u00a9Auberge de la Croix d&#039;Or\">\n                                    <a href=\"\" class=\"gallery-item wp-block-image lazyload-wrapper\">\n                                        <img decoding=\"async\" src=\"https:\/\/www.vaud.ch\/app\/themes\/child\/assets\/images\/loading-pixel.svg\" data-src=\"https:\/\/app.localhub.ch\/api\/image\/01kbhre41tpyftwsmjhgr2bey4\/scale\/550\" class=\"lazyload\" alt=\"Auberge de la Croix d&#039;Or\">\n                                        <div class=\"gallery-overlay with-icon\">\n                                            <lord-icon src=\"https:\/\/cdn.lordicon.com\/fqfpkgja.json\" target=\".gallery-overlay\" trigger=\"hover\" colors=\"primary:#ffffff\" style=\"width:100px;height:100px\">\n                                            <\/lord-icon>\n                                        <\/div>\n                                                                                    <div class=\"wp-element-caption\">\n                                                \u00a9Auberge de la Croix d&#8217;Or                                            <\/div>\n                                                                            <\/a>\n                                <\/div>\n                                                                                    <div class=\"grid-item col-6\" data-src=\"https:\/\/app.localhub.ch\/api\/image\/01kbhre41vgbxjsenfe9gq1mwx\/scale\/1920\" data-sub-html=\"Auberge de la Croix d&#039;Or - \u00a9 \u00a9Auberge de la Croix d&#039;Or\">\n                                    <a href=\"\" class=\"gallery-item wp-block-image lazyload-wrapper\">\n                                        <img decoding=\"async\" src=\"https:\/\/www.vaud.ch\/app\/themes\/child\/assets\/images\/loading-pixel.svg\" data-src=\"https:\/\/app.localhub.ch\/api\/image\/01kbhre41vgbxjsenfe9gq1mwx\/scale\/550\" class=\"lazyload\" alt=\"Auberge de la Croix d&#039;Or\">\n                                        <div class=\"gallery-overlay with-icon\">\n                                            <lord-icon src=\"https:\/\/cdn.lordicon.com\/fqfpkgja.json\" target=\".gallery-overlay\" trigger=\"hover\" colors=\"primary:#ffffff\" style=\"width:100px;height:100px\">\n                                            <\/lord-icon>\n                                        <\/div>\n                                                                                    <div class=\"wp-element-caption\">\n                                                \u00a9Auberge de la Croix d&#8217;Or                                            <\/div>\n                                                                            <\/a>\n                                <\/div>\n                                                                                    <div class=\"grid-item col-6\" data-src=\"https:\/\/app.localhub.ch\/api\/image\/01kbhre41vgbxjsenfe9gq1mwy\/scale\/1920\" data-sub-html=\"Auberge de la Croix d&#039;Or - \u00a9 \u00a9Auberge de la Croix d&#039;Or\">\n                                    <a href=\"\" class=\"gallery-item wp-block-image lazyload-wrapper\">\n                                        <img decoding=\"async\" src=\"https:\/\/www.vaud.ch\/app\/themes\/child\/assets\/images\/loading-pixel.svg\" data-src=\"https:\/\/app.localhub.ch\/api\/image\/01kbhre41vgbxjsenfe9gq1mwy\/scale\/550\" class=\"lazyload\" alt=\"Auberge de la Croix d&#039;Or\">\n                                        <div class=\"gallery-overlay with-icon\">\n                                            <lord-icon src=\"https:\/\/cdn.lordicon.com\/fqfpkgja.json\" target=\".gallery-overlay\" trigger=\"hover\" colors=\"primary:#ffffff\" style=\"width:100px;height:100px\">\n                                            <\/lord-icon>\n                                        <\/div>\n                                                                                    <div class=\"wp-element-caption\">\n                                                \u00a9Auberge de la Croix d&#8217;Or                                            <\/div>\n                                                                            <\/a>\n                                <\/div>\n                                                                        <\/div>\n                <\/div>\n                    <\/section>\n    \n            <div>\n            <a target=\"_blank\" href=\"https:\/\/www.vaud.ch\/de\/tourismus\/aktivitaten\/gasthaus-la-croix-dor\" class=\"btn\">\n                <span>Mehr lesen<\/span>\n            <\/a>\n        <\/div>\n    <\/div>\n                                    <\/div>\n                                                                    <div\n                                        class=\"itinerary-content-panel\"\n                                        id=\"itinerary-content-morges-region-tag-1-morges-und-die-weine-der-region-entdecken-step-4\"\n                                        data-lieu-id=\"morges-region\"\n                                        data-day-id=\"morges-region-tag-1-morges-und-die-weine-der-region-entdecken\"\n                                        data-step-id=\"morges-region-tag-1-morges-und-die-weine-der-region-entdecken-step-4\"\n                                    >\n                                        <div class=\"itinerary-step-content wp-block-acf-itinerary-step-content\">\n    \n\n<h4 class=\"wp-block-heading\">\u00dcBERNACHTUNG \u2013 Hostellerie Le Petit Manoir<\/h4>\n\n\n\n<p class=\"wp-block-paragraph\">G\u00f6nnen Sie sich nach einem erlebnisreichen Tag eine wohlverdiente Pause in der Hostellerie Le Petit Manoir. Das elegante, charaktervolle Haus verbindet historischen Charme mit modernem Komfort und einer herzlichen, beinahe famili\u00e4ren Atmosph\u00e4re. Nur wenige Schritte vom Genfersee und vom Zentrum von Morges entfernt, ist es ein idealer Ausgangspunkt f\u00fcr Entdeckungen und entspannte Momente.<\/p>\n\n            <section class=\"itinerary-step-medias\">\n                            <div class=\"gallery\">\n                                        <div class=\"lightgallery row\">\n                                                        <div class=\"grid-item col-6\" data-src=\"https:\/\/app.localhub.ch\/api\/image\/01kbhrbk3j3f4hx4ssqdbd2yb8\/scale\/1920\" data-sub-html=\"Table des \u00e9crivains - Hostellerie Petit Manoir - \u00a9 Le Petit Manoir\">\n                                    <a href=\"\" class=\"gallery-item wp-block-image lazyload-wrapper\">\n                                        <img decoding=\"async\" src=\"https:\/\/www.vaud.ch\/app\/themes\/child\/assets\/images\/loading-pixel.svg\" data-src=\"https:\/\/app.localhub.ch\/api\/image\/01kbhrbk3j3f4hx4ssqdbd2yb8\/scale\/550\" class=\"lazyload\" alt=\"Table des \u00e9crivains - Hostellerie Petit Manoir\">\n                                        <div class=\"gallery-overlay with-icon\">\n                                            <lord-icon src=\"https:\/\/cdn.lordicon.com\/fqfpkgja.json\" target=\".gallery-overlay\" trigger=\"hover\" colors=\"primary:#ffffff\" style=\"width:100px;height:100px\">\n                                            <\/lord-icon>\n                                        <\/div>\n                                                                                    <div class=\"wp-element-caption\">\n                                                Le Petit Manoir                                            <\/div>\n                                                                            <\/a>\n                                <\/div>\n                                                                                    <div class=\"grid-item col-6\" data-src=\"https:\/\/app.localhub.ch\/api\/image\/01kbhrbk3mtskzpf04d6e6vz8p\/scale\/1920\" data-sub-html=\"Spa Petit Manoir - \u00a9 Le Petit Manoir\">\n                                    <a href=\"\" class=\"gallery-item wp-block-image lazyload-wrapper\">\n                                        <img decoding=\"async\" src=\"https:\/\/www.vaud.ch\/app\/themes\/child\/assets\/images\/loading-pixel.svg\" data-src=\"https:\/\/app.localhub.ch\/api\/image\/01kbhrbk3mtskzpf04d6e6vz8p\/scale\/550\" class=\"lazyload\" alt=\"Spa Petit Manoir\">\n                                        <div class=\"gallery-overlay with-icon\">\n                                            <lord-icon src=\"https:\/\/cdn.lordicon.com\/fqfpkgja.json\" target=\".gallery-overlay\" trigger=\"hover\" colors=\"primary:#ffffff\" style=\"width:100px;height:100px\">\n                                            <\/lord-icon>\n                                        <\/div>\n                                                                                    <div class=\"wp-element-caption\">\n                                                Le Petit Manoir                                            <\/div>\n                                                                            <\/a>\n                                <\/div>\n                                                                                    <div class=\"grid-item col-6\" data-src=\"https:\/\/app.localhub.ch\/api\/image\/01kbhrbk3ntpzz4pj345f59zvd\/scale\/1920\" data-sub-html=\"Spa Petit Manoir\">\n                                    <a href=\"\" class=\"gallery-item wp-block-image lazyload-wrapper\">\n                                        <img decoding=\"async\" src=\"https:\/\/www.vaud.ch\/app\/themes\/child\/assets\/images\/loading-pixel.svg\" data-src=\"https:\/\/app.localhub.ch\/api\/image\/01kbhrbk3ntpzz4pj345f59zvd\/scale\/550\" class=\"lazyload\" alt=\"Spa Petit Manoir\">\n                                        <div class=\"gallery-overlay with-icon\">\n                                            <lord-icon src=\"https:\/\/cdn.lordicon.com\/fqfpkgja.json\" target=\".gallery-overlay\" trigger=\"hover\" colors=\"primary:#ffffff\" style=\"width:100px;height:100px\">\n                                            <\/lord-icon>\n                                        <\/div>\n                                                                            <\/a>\n                                <\/div>\n                                                                                    <div class=\"grid-item col-6\" data-src=\"https:\/\/app.localhub.ch\/api\/image\/01kbhrbk3p89tfc7whb4a7f5er\/scale\/1920\" data-sub-html=\"Spa Petit Manoir - \u00a9 Le Petit Manoir\">\n                                    <a href=\"\" class=\"gallery-item wp-block-image lazyload-wrapper\">\n                                        <img decoding=\"async\" src=\"https:\/\/www.vaud.ch\/app\/themes\/child\/assets\/images\/loading-pixel.svg\" data-src=\"https:\/\/app.localhub.ch\/api\/image\/01kbhrbk3p89tfc7whb4a7f5er\/scale\/550\" class=\"lazyload\" alt=\"Spa Petit Manoir\">\n                                        <div class=\"gallery-overlay with-icon\">\n                                            <lord-icon src=\"https:\/\/cdn.lordicon.com\/fqfpkgja.json\" target=\".gallery-overlay\" trigger=\"hover\" colors=\"primary:#ffffff\" style=\"width:100px;height:100px\">\n                                            <\/lord-icon>\n                                        <\/div>\n                                                                                    <div class=\"wp-element-caption\">\n                                                Le Petit Manoir                                            <\/div>\n                                                                            <\/a>\n                                <\/div>\n                                                                        <\/div>\n                <\/div>\n                    <\/section>\n    \n            <div>\n            <a target=\"_blank\" href=\"https:\/\/www.vaud.ch\/de\/tourismus\/aktivitaten\/hostellerie-le-petit-manoir\" class=\"btn\">\n                <span>Mehr lesen<\/span>\n            <\/a>\n        <\/div>\n    <\/div>\n                                    <\/div>\n                                                                                                                                <div\n                                        class=\"itinerary-content-panel\"\n                                        id=\"itinerary-content-morges-region-tag-2-kulinarische-ausfluege-in-die-landschaft-rund-um-morges-step-1\"\n                                        data-lieu-id=\"morges-region\"\n                                        data-day-id=\"morges-region-tag-2-kulinarische-ausfluege-in-die-landschaft-rund-um-morges\"\n                                        data-step-id=\"morges-region-tag-2-kulinarische-ausfluege-in-die-landschaft-rund-um-morges-step-1\"\n                                    >\n                                        <div class=\"itinerary-step-content wp-block-acf-itinerary-step-content\">\n    \n\n<h4 class=\"wp-block-heading\">VORMITTAG \u2013 Besuch der Fromagerie Gourmande<\/h4>\n\n\n\n<p class=\"wp-block-paragraph\">Tauchen Sie am Morgen in die Welt des K\u00e4ses ein. Durch einen einzigartigen verglasten Vorf\u00fchrbereich verfolgen Sie die einzelnen Schritte der Herstellung und Reifung direkt vor Ort und entdecken das K\u00f6nnen der K\u00e4serinnen und K\u00e4ser bei einem immersiven Erlebnis im Herzen der K\u00e4setradition.<\/p>\n\n            <section class=\"itinerary-step-medias\">\n                            <div class=\"gallery\">\n                                        <div class=\"lightgallery row\">\n                                                        <div class=\"grid-item col-6\" data-src=\"https:\/\/app.localhub.ch\/api\/image\/01kbhrbg1srrehjs6zcx2q9vyj\/scale\/1920\" data-sub-html=\"Fromagerie Gourmande Montricher - \u00a9 \u00a9Commune Montricher\">\n                                    <a href=\"\" class=\"gallery-item wp-block-image lazyload-wrapper\">\n                                        <img decoding=\"async\" src=\"https:\/\/www.vaud.ch\/app\/themes\/child\/assets\/images\/loading-pixel.svg\" data-src=\"https:\/\/app.localhub.ch\/api\/image\/01kbhrbg1srrehjs6zcx2q9vyj\/scale\/550\" class=\"lazyload\" alt=\"Fromagerie Gourmande Montricher\">\n                                        <div class=\"gallery-overlay with-icon\">\n                                            <lord-icon src=\"https:\/\/cdn.lordicon.com\/fqfpkgja.json\" target=\".gallery-overlay\" trigger=\"hover\" colors=\"primary:#ffffff\" style=\"width:100px;height:100px\">\n                                            <\/lord-icon>\n                                        <\/div>\n                                                                                    <div class=\"wp-element-caption\">\n                                                \u00a9Commune Montricher                                            <\/div>\n                                                                            <\/a>\n                                <\/div>\n                                                                                    <div class=\"grid-item col-6\" data-src=\"https:\/\/app.localhub.ch\/api\/image\/01kbhrbg1tv7dn5fft0t1st1mm\/scale\/1920\" data-sub-html=\"Restaurant Fromagerie Gourmande - \u00a9 Fromagerie Gourmande\">\n                                    <a href=\"\" class=\"gallery-item wp-block-image lazyload-wrapper\">\n                                        <img decoding=\"async\" src=\"https:\/\/www.vaud.ch\/app\/themes\/child\/assets\/images\/loading-pixel.svg\" data-src=\"https:\/\/app.localhub.ch\/api\/image\/01kbhrbg1tv7dn5fft0t1st1mm\/scale\/550\" class=\"lazyload\" alt=\"Restaurant Fromagerie Gourmande\">\n                                        <div class=\"gallery-overlay with-icon\">\n                                            <lord-icon src=\"https:\/\/cdn.lordicon.com\/fqfpkgja.json\" target=\".gallery-overlay\" trigger=\"hover\" colors=\"primary:#ffffff\" style=\"width:100px;height:100px\">\n                                            <\/lord-icon>\n                                        <\/div>\n                                                                                    <div class=\"wp-element-caption\">\n                                                Fromagerie Gourmande                                            <\/div>\n                                                                            <\/a>\n                                <\/div>\n                                                                                    <div class=\"grid-item col-6\" data-src=\"https:\/\/app.localhub.ch\/api\/image\/01kbhrbg1vh0w9q5z1z3syaxbr\/scale\/1920\" data-sub-html=\"Restaurant Fromagerie Gourmande - \u00a9 \u00a9 Fromagerie Gourmande\">\n                                    <a href=\"\" class=\"gallery-item wp-block-image lazyload-wrapper\">\n                                        <img decoding=\"async\" src=\"https:\/\/www.vaud.ch\/app\/themes\/child\/assets\/images\/loading-pixel.svg\" data-src=\"https:\/\/app.localhub.ch\/api\/image\/01kbhrbg1vh0w9q5z1z3syaxbr\/scale\/550\" class=\"lazyload\" alt=\"Restaurant Fromagerie Gourmande\">\n                                        <div class=\"gallery-overlay with-icon\">\n                                            <lord-icon src=\"https:\/\/cdn.lordicon.com\/fqfpkgja.json\" target=\".gallery-overlay\" trigger=\"hover\" colors=\"primary:#ffffff\" style=\"width:100px;height:100px\">\n                                            <\/lord-icon>\n                                        <\/div>\n                                                                                    <div class=\"wp-element-caption\">\n                                                \u00a9 Fromagerie Gourmande                                            <\/div>\n                                                                            <\/a>\n                                <\/div>\n                                                                                    <div class=\"grid-item col-6\" data-src=\"https:\/\/app.localhub.ch\/api\/image\/01kbhrbg1vh0w9q5z1z3syaxbs\/scale\/1920\" data-sub-html=\"Restaurant Fromagerie Gourmande - \u00a9 \u00a9 Fromagerie Gourmande\">\n                                    <a href=\"\" class=\"gallery-item wp-block-image lazyload-wrapper\">\n                                        <img decoding=\"async\" src=\"https:\/\/www.vaud.ch\/app\/themes\/child\/assets\/images\/loading-pixel.svg\" data-src=\"https:\/\/app.localhub.ch\/api\/image\/01kbhrbg1vh0w9q5z1z3syaxbs\/scale\/550\" class=\"lazyload\" alt=\"Restaurant Fromagerie Gourmande\">\n                                        <div class=\"gallery-overlay with-icon\">\n                                            <lord-icon src=\"https:\/\/cdn.lordicon.com\/fqfpkgja.json\" target=\".gallery-overlay\" trigger=\"hover\" colors=\"primary:#ffffff\" style=\"width:100px;height:100px\">\n                                            <\/lord-icon>\n                                        <\/div>\n                                                                                    <div class=\"wp-element-caption\">\n                                                \u00a9 Fromagerie Gourmande                                            <\/div>\n                                                                            <\/a>\n                                <\/div>\n                                                                        <\/div>\n                <\/div>\n                    <\/section>\n    \n            <div>\n            <a target=\"_blank\" href=\"https:\/\/www.vaud.ch\/de\/tourismus\/aktivitaten\/die-gourmande-kaserei\" class=\"btn\">\n                <span>Mehr lesen<\/span>\n            <\/a>\n        <\/div>\n    <\/div>\n                                    <\/div>\n                                                                    <div\n                                        class=\"itinerary-content-panel\"\n                                        id=\"itinerary-content-morges-region-tag-2-kulinarische-ausfluege-in-die-landschaft-rund-um-morges-step-2\"\n                                        data-lieu-id=\"morges-region\"\n                                        data-day-id=\"morges-region-tag-2-kulinarische-ausfluege-in-die-landschaft-rund-um-morges\"\n                                        data-step-id=\"morges-region-tag-2-kulinarische-ausfluege-in-die-landschaft-rund-um-morges-step-2\"\n                                    >\n                                        <div class=\"itinerary-step-content wp-block-acf-itinerary-step-content\">\n    \n\n<h4 class=\"wp-block-heading\">MITTAG \u2013 Moulin-Huilerie de S\u00e9very<\/h4>\n\n\n\n<p class=\"wp-block-paragraph\">Setzen Sie Ihre kulinarische Entdeckungsreise mit einem Halt in der Moulin-Huilerie de S\u00e9very fort, einer echten Institution des Waadtl\u00e4nder Terroirs. Erfahren Sie mehr \u00fcber die Herstellung des ber\u00fchmten Baumnuss\u00f6ls und einer breiten Auswahl handwerklicher \u00d6le, die seit mehreren Generationen nach traditionellen Methoden produziert werden.<\/p>\n\n            <section class=\"itinerary-step-medias\">\n                            <div class=\"gallery\">\n                                        <div class=\"lightgallery row\">\n                                                        <div class=\"grid-item col-6\" data-src=\"https:\/\/app.localhub.ch\/api\/image\/01kztbywwjrng696jgjb96p8xz\/scale\/1920\" data-sub-html=\"M\u00fchle von S\u00e9very - Besuch einer Oelm\u00fchle\">\n                                    <a href=\"\" class=\"gallery-item wp-block-image lazyload-wrapper\">\n                                        <img decoding=\"async\" src=\"https:\/\/www.vaud.ch\/app\/themes\/child\/assets\/images\/loading-pixel.svg\" data-src=\"https:\/\/app.localhub.ch\/api\/image\/01kztbywwjrng696jgjb96p8xz\/scale\/550\" class=\"lazyload\" alt=\"M\u00fchle von S\u00e9very - Besuch einer Oelm\u00fchle\">\n                                        <div class=\"gallery-overlay with-icon\">\n                                            <lord-icon src=\"https:\/\/cdn.lordicon.com\/fqfpkgja.json\" target=\".gallery-overlay\" trigger=\"hover\" colors=\"primary:#ffffff\" style=\"width:100px;height:100px\">\n                                            <\/lord-icon>\n                                        <\/div>\n                                                                            <\/a>\n                                <\/div>\n                                                                                    <div class=\"grid-item col-6\" data-src=\"https:\/\/app.localhub.ch\/api\/image\/01kztbywwmtkt4vgjd5gry16d4\/scale\/1920\" data-sub-html=\"M\u00fchle von S\u00e9very - Besuch einer Oelm\u00fchle\">\n                                    <a href=\"\" class=\"gallery-item wp-block-image lazyload-wrapper\">\n                                        <img decoding=\"async\" src=\"https:\/\/www.vaud.ch\/app\/themes\/child\/assets\/images\/loading-pixel.svg\" data-src=\"https:\/\/app.localhub.ch\/api\/image\/01kztbywwmtkt4vgjd5gry16d4\/scale\/550\" class=\"lazyload\" alt=\"M\u00fchle von S\u00e9very - Besuch einer Oelm\u00fchle\">\n                                        <div class=\"gallery-overlay with-icon\">\n                                            <lord-icon src=\"https:\/\/cdn.lordicon.com\/fqfpkgja.json\" target=\".gallery-overlay\" trigger=\"hover\" colors=\"primary:#ffffff\" style=\"width:100px;height:100px\">\n                                            <\/lord-icon>\n                                        <\/div>\n                                                                            <\/a>\n                                <\/div>\n                                                                                    <div class=\"grid-item col-6\" data-src=\"https:\/\/app.localhub.ch\/api\/image\/01kztbywwpqnmfhxgzevx0zw5y\/scale\/1920\" data-sub-html=\"M\u00fchle von S\u00e9very - Besuch einer Oelm\u00fchle\">\n                                    <a href=\"\" class=\"gallery-item wp-block-image lazyload-wrapper\">\n                                        <img decoding=\"async\" src=\"https:\/\/www.vaud.ch\/app\/themes\/child\/assets\/images\/loading-pixel.svg\" data-src=\"https:\/\/app.localhub.ch\/api\/image\/01kztbywwpqnmfhxgzevx0zw5y\/scale\/550\" class=\"lazyload\" alt=\"M\u00fchle von S\u00e9very - Besuch einer Oelm\u00fchle\">\n                                        <div class=\"gallery-overlay with-icon\">\n                                            <lord-icon src=\"https:\/\/cdn.lordicon.com\/fqfpkgja.json\" target=\".gallery-overlay\" trigger=\"hover\" colors=\"primary:#ffffff\" style=\"width:100px;height:100px\">\n                                            <\/lord-icon>\n                                        <\/div>\n                                                                            <\/a>\n                                <\/div>\n                                                                                    <div class=\"grid-item col-6\" data-src=\"https:\/\/app.localhub.ch\/api\/image\/01kztbywwqcbmrehgxa1yktk3a\/scale\/1920\" data-sub-html=\"M\u00fchle von S\u00e9very - Besuch einer Oelm\u00fchle\">\n                                    <a href=\"\" class=\"gallery-item wp-block-image lazyload-wrapper\">\n                                        <img decoding=\"async\" src=\"https:\/\/www.vaud.ch\/app\/themes\/child\/assets\/images\/loading-pixel.svg\" data-src=\"https:\/\/app.localhub.ch\/api\/image\/01kztbywwqcbmrehgxa1yktk3a\/scale\/550\" class=\"lazyload\" alt=\"M\u00fchle von S\u00e9very - Besuch einer Oelm\u00fchle\">\n                                        <div class=\"gallery-overlay with-icon\">\n                                            <lord-icon src=\"https:\/\/cdn.lordicon.com\/fqfpkgja.json\" target=\".gallery-overlay\" trigger=\"hover\" colors=\"primary:#ffffff\" style=\"width:100px;height:100px\">\n                                            <\/lord-icon>\n                                        <\/div>\n                                                                            <\/a>\n                                <\/div>\n                                                                        <\/div>\n                <\/div>\n                    <\/section>\n    \n            <div>\n            <a target=\"_blank\" href=\"https:\/\/www.morges-tourisme.ch\/fr\/F690\/moulin-de-severy-visite-de-l-huilerie#\/\" class=\"btn\">\n                <span>Mehr lesen<\/span>\n            <\/a>\n        <\/div>\n    <\/div>\n                                    <\/div>\n                                                                    <div\n                                        class=\"itinerary-content-panel\"\n                                        id=\"itinerary-content-morges-region-tag-2-kulinarische-ausfluege-in-die-landschaft-rund-um-morges-step-3\"\n                                        data-lieu-id=\"morges-region\"\n                                        data-day-id=\"morges-region-tag-2-kulinarische-ausfluege-in-die-landschaft-rund-um-morges\"\n                                        data-step-id=\"morges-region-tag-2-kulinarische-ausfluege-in-die-landschaft-rund-um-morges-step-3\"\n                                    >\n                                        <div class=\"itinerary-step-content wp-block-acf-itinerary-step-content\">\n    \n\n<h4 class=\"wp-block-heading\">ABEND \u2013 Gastronomisches Dinner im Nj\u00f8rden mit Weinen von La C\u00f4te<\/h4>\n\n\n\n<p class=\"wp-block-paragraph\">Lassen Sie sich am Abend im Herzen des Kantons Waadt von einem gastronomischen Erlebnis mit nordischer Inspiration \u00fcberraschen. Eingebettet in die Rebberge von La C\u00f4te und in ruhiger Lage nahe dem Genfersee l\u00e4dt das Restaurant Nj\u00f8rden zu einer sinnlichen Reise ein, bei der jedes Detail z\u00e4hlt. Aromen, Texturen, D\u00fcfte und Atmosph\u00e4re verbinden sich zu einem raffinierten Gesamterlebnis mit kreativer, saisonaler K\u00fcche.<\/p>\n\n            <section class=\"itinerary-step-medias\">\n                            <div class=\"gallery\">\n                                        <div class=\"lightgallery row\">\n                                                        <div class=\"grid-item col-6\" data-src=\"https:\/\/app.localhub.ch\/api\/image\/01kbhrp0n7gt2kj3bcfxpfx582\/scale\/1920\" data-sub-html=\"salle resto Njorden\">\n                                    <a href=\"\" class=\"gallery-item wp-block-image lazyload-wrapper\">\n                                        <img decoding=\"async\" src=\"https:\/\/www.vaud.ch\/app\/themes\/child\/assets\/images\/loading-pixel.svg\" data-src=\"https:\/\/app.localhub.ch\/api\/image\/01kbhrp0n7gt2kj3bcfxpfx582\/scale\/550\" class=\"lazyload\" alt=\"salle resto Njorden\">\n                                        <div class=\"gallery-overlay with-icon\">\n                                            <lord-icon src=\"https:\/\/cdn.lordicon.com\/fqfpkgja.json\" target=\".gallery-overlay\" trigger=\"hover\" colors=\"primary:#ffffff\" style=\"width:100px;height:100px\">\n                                            <\/lord-icon>\n                                        <\/div>\n                                                                            <\/a>\n                                <\/div>\n                                                                                    <div class=\"grid-item col-6\" data-src=\"https:\/\/app.localhub.ch\/api\/image\/01kbhrp0n86md2nzdhj8q5y5er\/scale\/1920\" data-sub-html=\"resto Njorden\">\n                                    <a href=\"\" class=\"gallery-item wp-block-image lazyload-wrapper\">\n                                        <img decoding=\"async\" src=\"https:\/\/www.vaud.ch\/app\/themes\/child\/assets\/images\/loading-pixel.svg\" data-src=\"https:\/\/app.localhub.ch\/api\/image\/01kbhrp0n86md2nzdhj8q5y5er\/scale\/550\" class=\"lazyload\" alt=\"resto Njorden\">\n                                        <div class=\"gallery-overlay with-icon\">\n                                            <lord-icon src=\"https:\/\/cdn.lordicon.com\/fqfpkgja.json\" target=\".gallery-overlay\" trigger=\"hover\" colors=\"primary:#ffffff\" style=\"width:100px;height:100px\">\n                                            <\/lord-icon>\n                                        <\/div>\n                                                                            <\/a>\n                                <\/div>\n                                                                                    <div class=\"grid-item col-6\" data-src=\"https:\/\/app.localhub.ch\/api\/image\/01kbhrp0nbaenhn4980vw80m34\/scale\/1920\" data-sub-html=\"resto Njorden\">\n                                    <a href=\"\" class=\"gallery-item wp-block-image lazyload-wrapper\">\n                                        <img decoding=\"async\" src=\"https:\/\/www.vaud.ch\/app\/themes\/child\/assets\/images\/loading-pixel.svg\" data-src=\"https:\/\/app.localhub.ch\/api\/image\/01kbhrp0nbaenhn4980vw80m34\/scale\/550\" class=\"lazyload\" alt=\"resto Njorden\">\n                                        <div class=\"gallery-overlay with-icon\">\n                                            <lord-icon src=\"https:\/\/cdn.lordicon.com\/fqfpkgja.json\" target=\".gallery-overlay\" trigger=\"hover\" colors=\"primary:#ffffff\" style=\"width:100px;height:100px\">\n                                            <\/lord-icon>\n                                        <\/div>\n                                                                            <\/a>\n                                <\/div>\n                                                                                    <div class=\"grid-item col-6\" data-src=\"https:\/\/app.localhub.ch\/api\/image\/01kbhrp0nc1nw7wewg6g00s0tw\/scale\/1920\" data-sub-html=\"resto Njorden\">\n                                    <a href=\"\" class=\"gallery-item wp-block-image lazyload-wrapper\">\n                                        <img decoding=\"async\" src=\"https:\/\/www.vaud.ch\/app\/themes\/child\/assets\/images\/loading-pixel.svg\" data-src=\"https:\/\/app.localhub.ch\/api\/image\/01kbhrp0nc1nw7wewg6g00s0tw\/scale\/550\" class=\"lazyload\" alt=\"resto Njorden\">\n                                        <div class=\"gallery-overlay with-icon\">\n                                            <lord-icon src=\"https:\/\/cdn.lordicon.com\/fqfpkgja.json\" target=\".gallery-overlay\" trigger=\"hover\" colors=\"primary:#ffffff\" style=\"width:100px;height:100px\">\n                                            <\/lord-icon>\n                                        <\/div>\n                                                                            <\/a>\n                                <\/div>\n                                                                        <\/div>\n                <\/div>\n                    <\/section>\n    \n            <div>\n            <a target=\"_blank\" href=\"https:\/\/www.vaud.ch\/de\/tourismus\/aktivitaten\/njorden\" class=\"btn\">\n                <span>Mehr lesen<\/span>\n            <\/a>\n        <\/div>\n    <\/div>\n                                    <\/div>\n                                                                    <div\n                                        class=\"itinerary-content-panel\"\n                                        id=\"itinerary-content-morges-region-tag-2-kulinarische-ausfluege-in-die-landschaft-rund-um-morges-step-4\"\n                                        data-lieu-id=\"morges-region\"\n                                        data-day-id=\"morges-region-tag-2-kulinarische-ausfluege-in-die-landschaft-rund-um-morges\"\n                                        data-step-id=\"morges-region-tag-2-kulinarische-ausfluege-in-die-landschaft-rund-um-morges-step-4\"\n                                    >\n                                        <div class=\"itinerary-step-content wp-block-acf-itinerary-step-content\">\n    \n\n<h4 class=\"wp-block-heading\">\u00dcBERNACHTUNG \u2013 Hostellerie Le Petit Manoir<\/h4>\n\n\n\n<p class=\"wp-block-paragraph\">Nach einem Tag voller Entdeckungen geniessen Sie erneut eine wohlverdiente Pause in der Hostellerie Le Petit Manoir. Das elegante Haus verbindet historischen Charme, modernen Komfort und eine warme Atmosph\u00e4re. Seine Lage nahe dem Genfersee und dem Zentrum von Morges macht es zum perfekten Ausgangspunkt f\u00fcr weitere Erkundungen oder entspannte Stunden.<\/p>\n\n            <section class=\"itinerary-step-medias\">\n                            <div class=\"gallery\">\n                                        <div class=\"lightgallery row\">\n                                                        <div class=\"grid-item col-6\" data-src=\"https:\/\/app.localhub.ch\/api\/image\/01kbhrbk3j3f4hx4ssqdbd2yb8\/scale\/1920\" data-sub-html=\"Table des \u00e9crivains - Hostellerie Petit Manoir - \u00a9 Le Petit Manoir\">\n                                    <a href=\"\" class=\"gallery-item wp-block-image lazyload-wrapper\">\n                                        <img decoding=\"async\" src=\"https:\/\/www.vaud.ch\/app\/themes\/child\/assets\/images\/loading-pixel.svg\" data-src=\"https:\/\/app.localhub.ch\/api\/image\/01kbhrbk3j3f4hx4ssqdbd2yb8\/scale\/550\" class=\"lazyload\" alt=\"Table des \u00e9crivains - Hostellerie Petit Manoir\">\n                                        <div class=\"gallery-overlay with-icon\">\n                                            <lord-icon src=\"https:\/\/cdn.lordicon.com\/fqfpkgja.json\" target=\".gallery-overlay\" trigger=\"hover\" colors=\"primary:#ffffff\" style=\"width:100px;height:100px\">\n                                            <\/lord-icon>\n                                        <\/div>\n                                                                                    <div class=\"wp-element-caption\">\n                                                Le Petit Manoir                                            <\/div>\n                                                                            <\/a>\n                                <\/div>\n                                                                                    <div class=\"grid-item col-6\" data-src=\"https:\/\/app.localhub.ch\/api\/image\/01kbhrbk3mtskzpf04d6e6vz8p\/scale\/1920\" data-sub-html=\"Spa Petit Manoir - \u00a9 Le Petit Manoir\">\n                                    <a href=\"\" class=\"gallery-item wp-block-image lazyload-wrapper\">\n                                        <img decoding=\"async\" src=\"https:\/\/www.vaud.ch\/app\/themes\/child\/assets\/images\/loading-pixel.svg\" data-src=\"https:\/\/app.localhub.ch\/api\/image\/01kbhrbk3mtskzpf04d6e6vz8p\/scale\/550\" class=\"lazyload\" alt=\"Spa Petit Manoir\">\n                                        <div class=\"gallery-overlay with-icon\">\n                                            <lord-icon src=\"https:\/\/cdn.lordicon.com\/fqfpkgja.json\" target=\".gallery-overlay\" trigger=\"hover\" colors=\"primary:#ffffff\" style=\"width:100px;height:100px\">\n                                            <\/lord-icon>\n                                        <\/div>\n                                                                                    <div class=\"wp-element-caption\">\n                                                Le Petit Manoir                                            <\/div>\n                                                                            <\/a>\n                                <\/div>\n                                                                                    <div class=\"grid-item col-6\" data-src=\"https:\/\/app.localhub.ch\/api\/image\/01kbhrbk3ntpzz4pj345f59zvd\/scale\/1920\" data-sub-html=\"Spa Petit Manoir\">\n                                    <a href=\"\" class=\"gallery-item wp-block-image lazyload-wrapper\">\n                                        <img decoding=\"async\" src=\"https:\/\/www.vaud.ch\/app\/themes\/child\/assets\/images\/loading-pixel.svg\" data-src=\"https:\/\/app.localhub.ch\/api\/image\/01kbhrbk3ntpzz4pj345f59zvd\/scale\/550\" class=\"lazyload\" alt=\"Spa Petit Manoir\">\n                                        <div class=\"gallery-overlay with-icon\">\n                                            <lord-icon src=\"https:\/\/cdn.lordicon.com\/fqfpkgja.json\" target=\".gallery-overlay\" trigger=\"hover\" colors=\"primary:#ffffff\" style=\"width:100px;height:100px\">\n                                            <\/lord-icon>\n                                        <\/div>\n                                                                            <\/a>\n                                <\/div>\n                                                                                    <div class=\"grid-item col-6\" data-src=\"https:\/\/app.localhub.ch\/api\/image\/01kbhrbk3p89tfc7whb4a7f5er\/scale\/1920\" data-sub-html=\"Spa Petit Manoir - \u00a9 Le Petit Manoir\">\n                                    <a href=\"\" class=\"gallery-item wp-block-image lazyload-wrapper\">\n                                        <img decoding=\"async\" src=\"https:\/\/www.vaud.ch\/app\/themes\/child\/assets\/images\/loading-pixel.svg\" data-src=\"https:\/\/app.localhub.ch\/api\/image\/01kbhrbk3p89tfc7whb4a7f5er\/scale\/550\" class=\"lazyload\" alt=\"Spa Petit Manoir\">\n                                        <div class=\"gallery-overlay with-icon\">\n                                            <lord-icon src=\"https:\/\/cdn.lordicon.com\/fqfpkgja.json\" target=\".gallery-overlay\" trigger=\"hover\" colors=\"primary:#ffffff\" style=\"width:100px;height:100px\">\n                                            <\/lord-icon>\n                                        <\/div>\n                                                                                    <div class=\"wp-element-caption\">\n                                                Le Petit Manoir                                            <\/div>\n                                                                            <\/a>\n                                <\/div>\n                                                                        <\/div>\n                <\/div>\n                    <\/section>\n    \n            <div>\n            <a target=\"_blank\" href=\"https:\/\/www.vaud.ch\/de\/tourismus\/aktivitaten\/hostellerie-le-petit-manoir\" class=\"btn\">\n                <span>Mehr lesen<\/span>\n            <\/a>\n        <\/div>\n    <\/div>\n                                    <\/div>\n                                                                                                                                <div\n                                        class=\"itinerary-content-panel\"\n                                        id=\"itinerary-content-morges-region-tag-3-regionale-genuesse-und-natur-im-arboretum-step-1\"\n                                        data-lieu-id=\"morges-region\"\n                                        data-day-id=\"morges-region-tag-3-regionale-genuesse-und-natur-im-arboretum\"\n                                        data-step-id=\"morges-region-tag-3-regionale-genuesse-und-natur-im-arboretum-step-1\"\n                                    >\n                                        <div class=\"itinerary-step-content wp-block-acf-itinerary-step-content\">\n    \n\n<h4 class=\"wp-block-heading\">VORMITTAG \u2013 Brunch mit La Voie des Sens<\/h4>\n\n\n\n<p class=\"wp-block-paragraph\">Was k\u00f6nnte den dritten Tag sch\u00f6ner einl\u00e4uten als ein genussvoller Brunch an Bord der BAM? Auf der Fahrt von Morges nach L\u2019Isle f\u00fchrt die Vir\u00e9e Brunch des Champs durch Rebberge und Landschaften von La C\u00f4te. Kulinarische Zwischenhalte und ein hausgemachter Brunch von <em>Traiteurs de nos envies<\/em> mit Brot, Konfit\u00fcren, K\u00e4se, Schinken und weiteren regionalen Spezialit\u00e4ten r\u00fccken das Terroir in den Mittelpunkt.<\/p>\n\n\n\n<p class=\"wp-block-paragraph\"><strong>Information<\/strong>: Pr\u00fcfen Sie vor Ihrem Besuch unbedingt die Brunchdaten, da die Z\u00fcge nicht t\u00e4glich verkehren.<\/p>\n\n            <section class=\"itinerary-step-medias\">\n                            <div class=\"gallery\">\n                                        <div class=\"lightgallery row\">\n                                                        <div class=\"grid-item col-6\" data-src=\"https:\/\/app.localhub.ch\/api\/image\/01kztbz0gkn1c3dwckm2t7c6nz\/scale\/1920\" data-sub-html=\"Ausflug im historischen Zug: l\u00e4ndlicher Brunch\">\n                                    <a href=\"\" class=\"gallery-item wp-block-image lazyload-wrapper\">\n                                        <img decoding=\"async\" src=\"https:\/\/www.vaud.ch\/app\/themes\/child\/assets\/images\/loading-pixel.svg\" data-src=\"https:\/\/app.localhub.ch\/api\/image\/01kztbz0gkn1c3dwckm2t7c6nz\/scale\/550\" class=\"lazyload\" alt=\"Ausflug im historischen Zug: l\u00e4ndlicher Brunch\">\n                                        <div class=\"gallery-overlay with-icon\">\n                                            <lord-icon src=\"https:\/\/cdn.lordicon.com\/fqfpkgja.json\" target=\".gallery-overlay\" trigger=\"hover\" colors=\"primary:#ffffff\" style=\"width:100px;height:100px\">\n                                            <\/lord-icon>\n                                        <\/div>\n                                                                            <\/a>\n                                <\/div>\n                                                                                    <div class=\"grid-item col-6\" data-src=\"https:\/\/app.localhub.ch\/api\/image\/01kztbz0gsp6xfkqw1833qng1g\/scale\/1920\" data-sub-html=\"Ausflug im historischen Zug: l\u00e4ndlicher Brunch\">\n                                    <a href=\"\" class=\"gallery-item wp-block-image lazyload-wrapper\">\n                                        <img decoding=\"async\" src=\"https:\/\/www.vaud.ch\/app\/themes\/child\/assets\/images\/loading-pixel.svg\" data-src=\"https:\/\/app.localhub.ch\/api\/image\/01kztbz0gsp6xfkqw1833qng1g\/scale\/550\" class=\"lazyload\" alt=\"Ausflug im historischen Zug: l\u00e4ndlicher Brunch\">\n                                        <div class=\"gallery-overlay with-icon\">\n                                            <lord-icon src=\"https:\/\/cdn.lordicon.com\/fqfpkgja.json\" target=\".gallery-overlay\" trigger=\"hover\" colors=\"primary:#ffffff\" style=\"width:100px;height:100px\">\n                                            <\/lord-icon>\n                                        <\/div>\n                                                                            <\/a>\n                                <\/div>\n                                                                        <\/div>\n                <\/div>\n                    <\/section>\n    \n            <div>\n            <a target=\"_blank\" href=\"https:\/\/www.morges-tourisme.ch\/fr\/F1173\/escapade-en-train-historique-brunch-des-champs#\/\" class=\"btn\">\n                <span>Mehr lesen<\/span>\n            <\/a>\n        <\/div>\n    <\/div>\n                                    <\/div>\n                                                                    <div\n                                        class=\"itinerary-content-panel\"\n                                        id=\"itinerary-content-morges-region-tag-3-regionale-genuesse-und-natur-im-arboretum-step-2\"\n                                        data-lieu-id=\"morges-region\"\n                                        data-day-id=\"morges-region-tag-3-regionale-genuesse-und-natur-im-arboretum\"\n                                        data-step-id=\"morges-region-tag-3-regionale-genuesse-und-natur-im-arboretum-step-2\"\n                                    >\n                                        <div class=\"itinerary-step-content wp-block-acf-itinerary-step-content\">\n    \n\n<h4 class=\"wp-block-heading\">NACHMITTAG \u2013 Arboretum du Vallon de l\u2019Aubonne<\/h4>\n\n\n\n<p class=\"wp-block-paragraph\">Nach dem reichhaltigen Brunch gibt es nichts Besseres als einen Spaziergang. Oberhalb der Rebberge von La C\u00f4te, zwischen Morges und Nyon, erwarten Sie im Arboretum 200 Hektaren voller Entdeckungen. Das schweizweit einzigartige Arboretum verfolgt wissenschaftliche, p\u00e4dagogische und erholungsorientierte Ziele. Mehr als 3\u2019000 B\u00e4ume aus gem\u00e4ssigten Klimazonen der ganzen Welt gedeihen im gr\u00fcnen Vallon de l\u2019Aubonne. Mehrere Rundwege f\u00fchren zwischen B\u00e4umen, Str\u00e4uchern, Fluss und Teich hindurch.<\/p>\n\n            <section class=\"itinerary-step-medias\">\n                            <div class=\"gallery\">\n                                        <div class=\"lightgallery row\">\n                                                        <div class=\"grid-item col-6\" data-src=\"https:\/\/app.localhub.ch\/api\/image\/01kbhr8stz7q2cph01qabd1z3p\/scale\/1920\" data-sub-html=\"Arbotreum Aubonne automne 2024  \u00a9De beaux Lents demains  (17) - \u00a9 De Beaux Lents Demains\">\n                                    <a href=\"\" class=\"gallery-item wp-block-image lazyload-wrapper\">\n                                        <img decoding=\"async\" src=\"https:\/\/www.vaud.ch\/app\/themes\/child\/assets\/images\/loading-pixel.svg\" data-src=\"https:\/\/app.localhub.ch\/api\/image\/01kbhr8stz7q2cph01qabd1z3p\/scale\/550\" class=\"lazyload\" alt=\"Arbotreum Aubonne automne 2024  \u00a9De beaux Lents demains  (17)\">\n                                        <div class=\"gallery-overlay with-icon\">\n                                            <lord-icon src=\"https:\/\/cdn.lordicon.com\/fqfpkgja.json\" target=\".gallery-overlay\" trigger=\"hover\" colors=\"primary:#ffffff\" style=\"width:100px;height:100px\">\n                                            <\/lord-icon>\n                                        <\/div>\n                                                                                    <div class=\"wp-element-caption\">\n                                                De Beaux Lents Demains                                            <\/div>\n                                                                            <\/a>\n                                <\/div>\n                                                                                    <div class=\"grid-item col-6\" data-src=\"https:\/\/app.localhub.ch\/api\/image\/01kbhr8sv0pgf49d1rt8yzss53\/scale\/1920\" data-sub-html=\"Mus\u00e9e du Bois - Arboretum - \u00a9 De Beaux Lents Demains\">\n                                    <a href=\"\" class=\"gallery-item wp-block-image lazyload-wrapper\">\n                                        <img decoding=\"async\" src=\"https:\/\/www.vaud.ch\/app\/themes\/child\/assets\/images\/loading-pixel.svg\" data-src=\"https:\/\/app.localhub.ch\/api\/image\/01kbhr8sv0pgf49d1rt8yzss53\/scale\/550\" class=\"lazyload\" alt=\"Mus\u00e9e du Bois - Arboretum\">\n                                        <div class=\"gallery-overlay with-icon\">\n                                            <lord-icon src=\"https:\/\/cdn.lordicon.com\/fqfpkgja.json\" target=\".gallery-overlay\" trigger=\"hover\" colors=\"primary:#ffffff\" style=\"width:100px;height:100px\">\n                                            <\/lord-icon>\n                                        <\/div>\n                                                                                    <div class=\"wp-element-caption\">\n                                                De Beaux Lents Demains                                            <\/div>\n                                                                            <\/a>\n                                <\/div>\n                                                                                    <div class=\"grid-item col-6\" data-src=\"https:\/\/app.localhub.ch\/api\/image\/01kbhr8sv20fz13eaxtyd51bax\/scale\/1920\" data-sub-html=\"Arboretum Herbst - \u00a9 \u00a9MarieContreras\">\n                                    <a href=\"\" class=\"gallery-item wp-block-image lazyload-wrapper\">\n                                        <img decoding=\"async\" src=\"https:\/\/www.vaud.ch\/app\/themes\/child\/assets\/images\/loading-pixel.svg\" data-src=\"https:\/\/app.localhub.ch\/api\/image\/01kbhr8sv20fz13eaxtyd51bax\/scale\/550\" class=\"lazyload\" alt=\"Arboretum Herbst\">\n                                        <div class=\"gallery-overlay with-icon\">\n                                            <lord-icon src=\"https:\/\/cdn.lordicon.com\/fqfpkgja.json\" target=\".gallery-overlay\" trigger=\"hover\" colors=\"primary:#ffffff\" style=\"width:100px;height:100px\">\n                                            <\/lord-icon>\n                                        <\/div>\n                                                                                    <div class=\"wp-element-caption\">\n                                                \u00a9MarieContreras                                            <\/div>\n                                                                            <\/a>\n                                <\/div>\n                                                                                    <div class=\"grid-item col-6\" data-src=\"https:\/\/app.localhub.ch\/api\/image\/01kbhr8sv554gqp6y7pec64k1r\/scale\/1920\" data-sub-html=\"Floralies 2024 Flyer\">\n                                    <a href=\"\" class=\"gallery-item wp-block-image lazyload-wrapper\">\n                                        <img decoding=\"async\" src=\"https:\/\/www.vaud.ch\/app\/themes\/child\/assets\/images\/loading-pixel.svg\" data-src=\"https:\/\/app.localhub.ch\/api\/image\/01kbhr8sv554gqp6y7pec64k1r\/scale\/550\" class=\"lazyload\" alt=\"Floralies 2024 Flyer\">\n                                        <div class=\"gallery-overlay with-icon\">\n                                            <lord-icon src=\"https:\/\/cdn.lordicon.com\/fqfpkgja.json\" target=\".gallery-overlay\" trigger=\"hover\" colors=\"primary:#ffffff\" style=\"width:100px;height:100px\">\n                                            <\/lord-icon>\n                                        <\/div>\n                                                                            <\/a>\n                                <\/div>\n                                                                        <\/div>\n                <\/div>\n                    <\/section>\n    \n            <div>\n            <a target=\"_blank\" href=\"https:\/\/www.vaud.ch\/de\/tourismus\/aktivitaten\/arboretum-im-tal-der-aubonne\" class=\"btn\">\n                <span>Mehr lesen<\/span>\n            <\/a>\n        <\/div>\n    <\/div>\n                                    <\/div>\n                                                                    <div\n                                        class=\"itinerary-content-panel\"\n                                        id=\"itinerary-content-morges-region-tag-3-regionale-genuesse-und-natur-im-arboretum-step-3\"\n                                        data-lieu-id=\"morges-region\"\n                                        data-day-id=\"morges-region-tag-3-regionale-genuesse-und-natur-im-arboretum\"\n                                        data-step-id=\"morges-region-tag-3-regionale-genuesse-und-natur-im-arboretum-step-3\"\n                                    >\n                                        <div class=\"itinerary-step-content wp-block-acf-itinerary-step-content\">\n    \n\n<h4 class=\"wp-block-heading\">NACHMITTAG \u2013 Ausstellung \u00fcber Korbflechterei im Arboretum<\/h4>\n\n\n\n<p class=\"wp-block-paragraph\">Im Holzmuseum entdecken Sie die jahrtausendealten Beziehungen zwischen der Weide und den menschlichen Gesellschaften. Ausgehend von dieser zarten und zugleich allt\u00e4glichen Pflanze f\u00fchrt die Ausstellung von ihrem Anbau \u00fcber die Verarbeitung zu Flechtweiden bis zu vielf\u00e4ltigen Flecht- und Korbtechniken. Zugleich stellt sie Kunsthandwerkerinnen und Kunsthandwerker vor, die diese Praktiken heute in der Schweiz zwischen Tradition und zeitgen\u00f6ssischem Schaffen weiterentwickeln. Bewundern Sie ihre Arbeiten oder versuchen Sie sich selbst an dieser nachhaltigen Verbindung von Mensch und Pflanze.<\/p>\n\n            <section class=\"itinerary-step-medias\">\n                            <div class=\"gallery\">\n                                        <div class=\"lightgallery row\">\n                                                        <div class=\"grid-item col-6\" data-src=\"https:\/\/app.localhub.ch\/api\/image\/01kshqe3c29z6x9e3kdg5dtz3z\/scale\/1920\" data-sub-html=\"Capture-decran-2026-04-25-155003-1-206x300.png\">\n                                    <a href=\"\" class=\"gallery-item wp-block-image lazyload-wrapper\">\n                                        <img decoding=\"async\" src=\"https:\/\/www.vaud.ch\/app\/themes\/child\/assets\/images\/loading-pixel.svg\" data-src=\"https:\/\/app.localhub.ch\/api\/image\/01kshqe3c29z6x9e3kdg5dtz3z\/scale\/550\" class=\"lazyload\" alt=\"Capture-decran-2026-04-25-155003-1-206x300.png\">\n                                        <div class=\"gallery-overlay with-icon\">\n                                            <lord-icon src=\"https:\/\/cdn.lordicon.com\/fqfpkgja.json\" target=\".gallery-overlay\" trigger=\"hover\" colors=\"primary:#ffffff\" style=\"width:100px;height:100px\">\n                                            <\/lord-icon>\n                                        <\/div>\n                                                                            <\/a>\n                                <\/div>\n                                                                                    <div class=\"grid-item col-6\" data-src=\"https:\/\/app.localhub.ch\/api\/image\/01kshqe3c3xhzjzcsdk3rxb1bw\/scale\/1920\" data-sub-html=\"Capture-decran-2026-04-25-154840-1-248x300.png\">\n                                    <a href=\"\" class=\"gallery-item wp-block-image lazyload-wrapper\">\n                                        <img decoding=\"async\" src=\"https:\/\/www.vaud.ch\/app\/themes\/child\/assets\/images\/loading-pixel.svg\" data-src=\"https:\/\/app.localhub.ch\/api\/image\/01kshqe3c3xhzjzcsdk3rxb1bw\/scale\/550\" class=\"lazyload\" alt=\"Capture-decran-2026-04-25-154840-1-248x300.png\">\n                                        <div class=\"gallery-overlay with-icon\">\n                                            <lord-icon src=\"https:\/\/cdn.lordicon.com\/fqfpkgja.json\" target=\".gallery-overlay\" trigger=\"hover\" colors=\"primary:#ffffff\" style=\"width:100px;height:100px\">\n                                            <\/lord-icon>\n                                        <\/div>\n                                                                            <\/a>\n                                <\/div>\n                                                                                    <div class=\"grid-item col-6\" data-src=\"https:\/\/app.localhub.ch\/api\/image\/01kshqe3c4ce5egj60da2fs24y\/scale\/1920\" data-sub-html=\"Capture-decran-2026-04-25-154807-1.png\">\n                                    <a href=\"\" class=\"gallery-item wp-block-image lazyload-wrapper\">\n                                        <img decoding=\"async\" src=\"https:\/\/www.vaud.ch\/app\/themes\/child\/assets\/images\/loading-pixel.svg\" data-src=\"https:\/\/app.localhub.ch\/api\/image\/01kshqe3c4ce5egj60da2fs24y\/scale\/550\" class=\"lazyload\" alt=\"Capture-decran-2026-04-25-154807-1.png\">\n                                        <div class=\"gallery-overlay with-icon\">\n                                            <lord-icon src=\"https:\/\/cdn.lordicon.com\/fqfpkgja.json\" target=\".gallery-overlay\" trigger=\"hover\" colors=\"primary:#ffffff\" style=\"width:100px;height:100px\">\n                                            <\/lord-icon>\n                                        <\/div>\n                                                                            <\/a>\n                                <\/div>\n                                                                                    <div class=\"grid-item col-6\" data-src=\"https:\/\/app.localhub.ch\/api\/image\/01kshqe3c5gd3nawq8rcwxpee6\/scale\/1920\" data-sub-html=\"vannerie-web-01-768x518.png\">\n                                    <a href=\"\" class=\"gallery-item wp-block-image lazyload-wrapper\">\n                                        <img decoding=\"async\" src=\"https:\/\/www.vaud.ch\/app\/themes\/child\/assets\/images\/loading-pixel.svg\" data-src=\"https:\/\/app.localhub.ch\/api\/image\/01kshqe3c5gd3nawq8rcwxpee6\/scale\/550\" class=\"lazyload\" alt=\"vannerie-web-01-768x518.png\">\n                                        <div class=\"gallery-overlay with-icon\">\n                                            <lord-icon src=\"https:\/\/cdn.lordicon.com\/fqfpkgja.json\" target=\".gallery-overlay\" trigger=\"hover\" colors=\"primary:#ffffff\" style=\"width:100px;height:100px\">\n                                            <\/lord-icon>\n                                        <\/div>\n                                                                            <\/a>\n                                <\/div>\n                                                                        <\/div>\n                <\/div>\n                    <\/section>\n    \n            <div>\n            <a target=\"_blank\" href=\"https:\/\/www.vaud.ch\/de\/tourismus\/veranstaltungen\/korbwarenausstellung-im-arboretum\" class=\"btn\">\n                <span>Mehr lesen<\/span>\n            <\/a>\n        <\/div>\n    <\/div>\n                                    <\/div>\n                                                                    <div\n                                        class=\"itinerary-content-panel\"\n                                        id=\"itinerary-content-morges-region-tag-3-regionale-genuesse-und-natur-im-arboretum-step-4\"\n                                        data-lieu-id=\"morges-region\"\n                                        data-day-id=\"morges-region-tag-3-regionale-genuesse-und-natur-im-arboretum\"\n                                        data-step-id=\"morges-region-tag-3-regionale-genuesse-und-natur-im-arboretum-step-4\"\n                                    >\n                                        <div class=\"itinerary-step-content wp-block-acf-itinerary-step-content\">\n    \n\n<h4 class=\"wp-block-heading\">NACHMITTAG \u2013 Balade des Capites mit dem Kit Rando-Terroir<\/h4>\n\n\n\n<p class=\"wp-block-paragraph\">Zum kr\u00f6nenden Abschluss Ihres Aufenthalts folgen Sie der Balade des Capites durch die gesch\u00fctzten Rebberge von F\u00e9chy. Mit dem Kit Rando-Terroir geniessen Sie unterwegs kulinarische Pausen und bewundern gegen Ende des Tages die herrlichen Ausblicke auf Reben, Genfersee und Alpen.<\/p>\n\n            <section class=\"itinerary-step-medias\">\n                            <div class=\"gallery\">\n                                        <div class=\"lightgallery row\">\n                                                        <div class=\"grid-item col-6\" data-src=\"https:\/\/app.localhub.ch\/api\/image\/01kztbz4wmj9f585td8p8dpms9\/scale\/1920\" data-sub-html=\"Balade des capites - \u00a9 Vins et Terroir F\u00e9chy\">\n                                    <a href=\"\" class=\"gallery-item wp-block-image lazyload-wrapper\">\n                                        <img decoding=\"async\" src=\"https:\/\/www.vaud.ch\/app\/themes\/child\/assets\/images\/loading-pixel.svg\" data-src=\"https:\/\/app.localhub.ch\/api\/image\/01kztbz4wmj9f585td8p8dpms9\/scale\/550\" class=\"lazyload\" alt=\"Balade des capites\">\n                                        <div class=\"gallery-overlay with-icon\">\n                                            <lord-icon src=\"https:\/\/cdn.lordicon.com\/fqfpkgja.json\" target=\".gallery-overlay\" trigger=\"hover\" colors=\"primary:#ffffff\" style=\"width:100px;height:100px\">\n                                            <\/lord-icon>\n                                        <\/div>\n                                                                                    <div class=\"wp-element-caption\">\n                                                Vins et Terroir F\u00e9chy                                            <\/div>\n                                                                            <\/a>\n                                <\/div>\n                                                                                    <div class=\"grid-item col-6\" data-src=\"https:\/\/app.localhub.ch\/api\/image\/01kztbz4wqnnfhmz31n5k02bde\/scale\/1920\" data-sub-html=\"Balade des capites - \u00a9 Famille Molliex\">\n                                    <a href=\"\" class=\"gallery-item wp-block-image lazyload-wrapper\">\n                                        <img decoding=\"async\" src=\"https:\/\/www.vaud.ch\/app\/themes\/child\/assets\/images\/loading-pixel.svg\" data-src=\"https:\/\/app.localhub.ch\/api\/image\/01kztbz4wqnnfhmz31n5k02bde\/scale\/550\" class=\"lazyload\" alt=\"Balade des capites\">\n                                        <div class=\"gallery-overlay with-icon\">\n                                            <lord-icon src=\"https:\/\/cdn.lordicon.com\/fqfpkgja.json\" target=\".gallery-overlay\" trigger=\"hover\" colors=\"primary:#ffffff\" style=\"width:100px;height:100px\">\n                                            <\/lord-icon>\n                                        <\/div>\n                                                                                    <div class=\"wp-element-caption\">\n                                                Famille Molliex                                            <\/div>\n                                                                            <\/a>\n                                <\/div>\n                                                                        <\/div>\n                <\/div>\n                    <\/section>\n    \n            <div>\n            <a target=\"_blank\" href=\"https:\/\/www.morges-tourisme.ch\/fr\/F1754\/la-balade-des-capites-avec-le-kit-rando-terroir#\/\" class=\"btn\">\n                <span>Mehr lesen<\/span>\n            <\/a>\n        <\/div>\n    <\/div>\n                                    <\/div>\n                                                                                    <\/div>\n                    <\/div>\n                <\/section>\n                            <section class=\"itinerary-lieu-section\" data-lieu-id=\"pays-denhaut\">\n                    <h3 class=\"itinerary-lieu-title\">\n                        Route Pays-d\u2019Enhaut                    <\/h3>\n                                            <div class=\"itinerary-lieu-intro\">\n                            Diese dreit\u00e4gige Route im Herzen des Pays-d\u2019Enhaut l\u00e4dt dazu ein, eine Region zu entdecken, in der alpine Traditionen, handwerkliches K\u00f6nnen und regionale Spezialit\u00e4ten jede Etappe pr\u00e4gen. Zwischen dem Maison de L\u2019\u00c9tivaz, Begegnungen mit leidenschaftlichen Erzeugern, lokalen Spezialit\u00e4ten, Berglandschaften und typischen Aktivit\u00e4ten wie der Kunst des Papierschnitts oder dem Espace Ballon bietet dieser Aufenthalt ein authentisches Eintauchen in eine der unber\u00fchrtesten Regionen des Kantons Waadt.\r\n<br><br><h4>Zu probieren<\/h4>\r\n<ul>\r\n \t<li class=\"ewa-rteLine\">L&#8217;Etivaz AOP, ein gepresster und erhitzter Hartk\u00e4se<\/li>\r\n \t<li class=\"ewa-rteLine\">La Tomme Fleurette, ein Tomme-K\u00e4se aus Rohmilch<\/li>\r\n \t<li>Der Sapalet, ein Schafsk\u00e4se<\/li>\r\n \t<li class=\"ewa-rteLine\">Wildgerichte, serviert von Chefkoch Burri im H\u00f4tel de Commune<\/li>\r\n \t<li class=\"ewa-rteLine\">Eine der Cordon-Bleu-Variationen des Restaurants L\u2019Ermitage<\/li>\r\n \t<li class=\"ewa-rteLine\">Die Kr\u00e4utersalami von der Ferme de la Rosette<\/li>\r\n<\/ul>                        <\/div>\n                                        <div class=\"itinerary-layout-bottom\">\n                        <aside class=\"itinerary-sidebar\">\n                                                                                                                            <div class=\"itinerary-day-group\" data-day-id=\"pays-denhaut-tag-1-handwerk-und-tradition-der-alpen\">\n                                    <h5 class=\"itinerary-day-title\">\n                                        Tag 1 \u2013 Handwerk und Tradition der Alpen                                    <\/h5>\n                                    <ul class=\"itinerary-steps-list\">\n                                                                                    <li class=\"itinerary-step-item\">\n                                                <button\n                                                    type=\"button\"\n                                                    class=\"itinerary-step-link\"\n                                                    data-lieu-id=\"pays-denhaut\"\n                                                    data-day-id=\"pays-denhaut-tag-1-handwerk-und-tradition-der-alpen\"\n                                                    data-step-id=\"pays-denhaut-tag-1-handwerk-und-tradition-der-alpen-step-1\"\n                                                >\n                                                    <span class=\"itinerary-step-number\">1<\/span>\n                                                    <span class=\"itinerary-step-label\">Besuch der K\u00e4sekeller von L\u2019Etivaz AOP<\/span>\n                                                <\/button>\n                                            <\/li>\n                                                                                    <li class=\"itinerary-step-item\">\n                                                <button\n                                                    type=\"button\"\n                                                    class=\"itinerary-step-link\"\n                                                    data-lieu-id=\"pays-denhaut\"\n                                                    data-day-id=\"pays-denhaut-tag-1-handwerk-und-tradition-der-alpen\"\n                                                    data-step-id=\"pays-denhaut-tag-1-handwerk-und-tradition-der-alpen-step-2\"\n                                                >\n                                                    <span class=\"itinerary-step-number\">2<\/span>\n                                                    <span class=\"itinerary-step-label\">Picknick mit Produkten des Labels \u00abPays-d\u2019Enhaut Produits Authentiques\u00bb<\/span>\n                                                <\/button>\n                                            <\/li>\n                                                                                    <li class=\"itinerary-step-item\">\n                                                <button\n                                                    type=\"button\"\n                                                    class=\"itinerary-step-link\"\n                                                    data-lieu-id=\"pays-denhaut\"\n                                                    data-day-id=\"pays-denhaut-tag-1-handwerk-und-tradition-der-alpen\"\n                                                    data-step-id=\"pays-denhaut-tag-1-handwerk-und-tradition-der-alpen-step-3\"\n                                                >\n                                                    <span class=\"itinerary-step-number\">3<\/span>\n                                                    <span class=\"itinerary-step-label\">Einf\u00fchrung in den Scherenschnitt<\/span>\n                                                <\/button>\n                                            <\/li>\n                                                                                    <li class=\"itinerary-step-item\">\n                                                <button\n                                                    type=\"button\"\n                                                    class=\"itinerary-step-link\"\n                                                    data-lieu-id=\"pays-denhaut\"\n                                                    data-day-id=\"pays-denhaut-tag-1-handwerk-und-tradition-der-alpen\"\n                                                    data-step-id=\"pays-denhaut-tag-1-handwerk-und-tradition-der-alpen-step-4\"\n                                                >\n                                                    <span class=\"itinerary-step-number\">4<\/span>\n                                                    <span class=\"itinerary-step-label\">H\u00f4tel de Commune de Rougemont<\/span>\n                                                <\/button>\n                                            <\/li>\n                                                                            <\/ul>\n                                <\/div>\n                                                                                                                            <div class=\"itinerary-day-group\" data-day-id=\"pays-denhaut-tag-2-wanderung-und-kaese\">\n                                    <h5 class=\"itinerary-day-title\">\n                                        Tag 2 \u2013 Wanderung und K\u00e4se                                    <\/h5>\n                                    <ul class=\"itinerary-steps-list\">\n                                                                                    <li class=\"itinerary-step-item\">\n                                                <button\n                                                    type=\"button\"\n                                                    class=\"itinerary-step-link\"\n                                                    data-lieu-id=\"pays-denhaut\"\n                                                    data-day-id=\"pays-denhaut-tag-2-wanderung-und-kaese\"\n                                                    data-step-id=\"pays-denhaut-tag-2-wanderung-und-kaese-step-1\"\n                                                >\n                                                    <span class=\"itinerary-step-number\">1<\/span>\n                                                    <span class=\"itinerary-step-label\">Spaziergang von Rougemont \u00fcber Les Serpenteys nach Ch\u00e2teau-d\u2019\u0152x<\/span>\n                                                <\/button>\n                                            <\/li>\n                                                                                    <li class=\"itinerary-step-item\">\n                                                <button\n                                                    type=\"button\"\n                                                    class=\"itinerary-step-link\"\n                                                    data-lieu-id=\"pays-denhaut\"\n                                                    data-day-id=\"pays-denhaut-tag-2-wanderung-und-kaese\"\n                                                    data-step-id=\"pays-denhaut-tag-2-wanderung-und-kaese-step-2\"\n                                                >\n                                                    <span class=\"itinerary-step-number\">2<\/span>\n                                                    <span class=\"itinerary-step-label\">Essen im Le Chalet, Schauk\u00e4serei in Ch\u00e2teau-d\u2019\u0152x<\/span>\n                                                <\/button>\n                                            <\/li>\n                                                                                    <li class=\"itinerary-step-item\">\n                                                <button\n                                                    type=\"button\"\n                                                    class=\"itinerary-step-link\"\n                                                    data-lieu-id=\"pays-denhaut\"\n                                                    data-day-id=\"pays-denhaut-tag-2-wanderung-und-kaese\"\n                                                    data-step-id=\"pays-denhaut-tag-2-wanderung-und-kaese-step-3\"\n                                                >\n                                                    <span class=\"itinerary-step-number\">3<\/span>\n                                                    <span class=\"itinerary-step-label\">R\u00fcckfahrt nach Rougemont mit dem GoldenPass<\/span>\n                                                <\/button>\n                                            <\/li>\n                                                                                    <li class=\"itinerary-step-item\">\n                                                <button\n                                                    type=\"button\"\n                                                    class=\"itinerary-step-link\"\n                                                    data-lieu-id=\"pays-denhaut\"\n                                                    data-day-id=\"pays-denhaut-tag-2-wanderung-und-kaese\"\n                                                    data-step-id=\"pays-denhaut-tag-2-wanderung-und-kaese-step-4\"\n                                                >\n                                                    <span class=\"itinerary-step-number\">4<\/span>\n                                                    <span class=\"itinerary-step-label\">Begegnung mit Arnaud Guichard von der Fromagerie Fleurette<\/span>\n                                                <\/button>\n                                            <\/li>\n                                                                                    <li class=\"itinerary-step-item\">\n                                                <button\n                                                    type=\"button\"\n                                                    class=\"itinerary-step-link\"\n                                                    data-lieu-id=\"pays-denhaut\"\n                                                    data-day-id=\"pays-denhaut-tag-2-wanderung-und-kaese\"\n                                                    data-step-id=\"pays-denhaut-tag-2-wanderung-und-kaese-step-5\"\n                                                >\n                                                    <span class=\"itinerary-step-number\">5<\/span>\n                                                    <span class=\"itinerary-step-label\">H\u00f4tel de Commune de Rougemont<\/span>\n                                                <\/button>\n                                            <\/li>\n                                                                            <\/ul>\n                                <\/div>\n                                                                                                                            <div class=\"itinerary-day-group\" data-day-id=\"pays-denhaut-tag-3-zwischen-himmel-und-terroir\">\n                                    <h5 class=\"itinerary-day-title\">\n                                        Tag 3 \u2013 Zwischen Himmel und Terroir                                    <\/h5>\n                                    <ul class=\"itinerary-steps-list\">\n                                                                                    <li class=\"itinerary-step-item\">\n                                                <button\n                                                    type=\"button\"\n                                                    class=\"itinerary-step-link\"\n                                                    data-lieu-id=\"pays-denhaut\"\n                                                    data-day-id=\"pays-denhaut-tag-3-zwischen-himmel-und-terroir\"\n                                                    data-step-id=\"pays-denhaut-tag-3-zwischen-himmel-und-terroir-step-1\"\n                                                >\n                                                    <span class=\"itinerary-step-number\">1<\/span>\n                                                    <span class=\"itinerary-step-label\">Espace Ballon, F\u00fchrung und Flugsimulator<\/span>\n                                                <\/button>\n                                            <\/li>\n                                                                                    <li class=\"itinerary-step-item\">\n                                                <button\n                                                    type=\"button\"\n                                                    class=\"itinerary-step-link\"\n                                                    data-lieu-id=\"pays-denhaut\"\n                                                    data-day-id=\"pays-denhaut-tag-3-zwischen-himmel-und-terroir\"\n                                                    data-step-id=\"pays-denhaut-tag-3-zwischen-himmel-und-terroir-step-2\"\n                                                >\n                                                    <span class=\"itinerary-step-number\">2<\/span>\n                                                    <span class=\"itinerary-step-label\">Essen im Restaurant de l\u2019Ermitage in Ch\u00e2teau-d\u2019\u0152x<\/span>\n                                                <\/button>\n                                            <\/li>\n                                                                                    <li class=\"itinerary-step-item\">\n                                                <button\n                                                    type=\"button\"\n                                                    class=\"itinerary-step-link\"\n                                                    data-lieu-id=\"pays-denhaut\"\n                                                    data-day-id=\"pays-denhaut-tag-3-zwischen-himmel-und-terroir\"\n                                                    data-step-id=\"pays-denhaut-tag-3-zwischen-himmel-und-terroir-step-3\"\n                                                >\n                                                    <span class=\"itinerary-step-number\">3<\/span>\n                                                    <span class=\"itinerary-step-label\">Besuch der Ferme de la Rosette bei Caroline Daenzer<\/span>\n                                                <\/button>\n                                            <\/li>\n                                                                                    <li class=\"itinerary-step-item\">\n                                                <button\n                                                    type=\"button\"\n                                                    class=\"itinerary-step-link\"\n                                                    data-lieu-id=\"pays-denhaut\"\n                                                    data-day-id=\"pays-denhaut-tag-3-zwischen-himmel-und-terroir\"\n                                                    data-step-id=\"pays-denhaut-tag-3-zwischen-himmel-und-terroir-step-4\"\n                                                >\n                                                    <span class=\"itinerary-step-number\">4<\/span>\n                                                    <span class=\"itinerary-step-label\">Einkauf lokaler Produkte in der Laiterie des Moulins<\/span>\n                                                <\/button>\n                                            <\/li>\n                                                                            <\/ul>\n                                <\/div>\n                                                    <\/aside>\n\n                        <div class=\"itinerary-content\">\n                                                                                                <div\n                                        class=\"itinerary-content-panel\"\n                                        id=\"itinerary-content-pays-denhaut-tag-1-handwerk-und-tradition-der-alpen-step-1\"\n                                        data-lieu-id=\"pays-denhaut\"\n                                        data-day-id=\"pays-denhaut-tag-1-handwerk-und-tradition-der-alpen\"\n                                        data-step-id=\"pays-denhaut-tag-1-handwerk-und-tradition-der-alpen-step-1\"\n                                    >\n                                        <div class=\"itinerary-step-content wp-block-acf-itinerary-step-content\">\n    \n\n<h4 class=\"wp-block-heading\">VORMITTAG \u2013 Besuch der K\u00e4sekeller von L\u2019Etivaz AOP<\/h4>\n\n\n\n<p class=\"wp-block-paragraph\">Beginnen Sie Ihren Aufenthalt mit einem Besuch der K\u00e4sekeller von L\u2019Etivaz AOP, einem der Aush\u00e4ngeschilder des Pays-d\u2019Enhaut. Der Alpk\u00e4se wird auf 1\u2019000 bis 2\u2019000 Metern H\u00f6he nach \u00fcberliefertem Wissen hergestellt und entfaltet nach mehreren Monaten Reifung seinen ganzen Reichtum. Lernen Sie Herstellung und Affinage kennen und degustieren Sie anschliessend verschiedene Reifestufen bis hin zu den ber\u00fchmten Rebibes.<\/p>\n\n            <section class=\"itinerary-step-medias\">\n                            <div class=\"gallery\">\n                                                <div style=\"display:none;\" id=\"itinerary-step-gallery-01kbq6n5bv4zjhmzz66915s07n-video-0\">\n                                <video class=\"lg-video-object lg-html5\" controls preload=\"metadata\" poster=\"https:\/\/sos-ch-gva-2.exo.io\/sit-prod\/media\/21625\/terre-de-traditions-l-affinage.mp4#t=0.1\">\n                                    <source src=\"https:\/\/sos-ch-gva-2.exo.io\/sit-prod\/media\/21625\/terre-de-traditions-l-affinage.mp4\" type=\"video\/mp4\">\n                                    Your browser does not support the video tag.                                <\/video>\n                            <\/div>\n                                        <div class=\"lightgallery row\">\n                                                        <div class=\"grid-item col-6\" data-src=\"https:\/\/app.localhub.ch\/api\/image\/01m1147p2q8wkv4rb1wf1rzyb4\/scale\/1920\" data-sub-html=\"Caves \u00e0 fromage de L\u2019Etivaz AOP - \u00a9 Caves de L&#039;Etivaz\">\n                                    <a href=\"\" class=\"gallery-item wp-block-image lazyload-wrapper\">\n                                        <img decoding=\"async\" src=\"https:\/\/www.vaud.ch\/app\/themes\/child\/assets\/images\/loading-pixel.svg\" data-src=\"https:\/\/app.localhub.ch\/api\/image\/01m1147p2q8wkv4rb1wf1rzyb4\/scale\/550\" class=\"lazyload\" alt=\"Caves \u00e0 fromage de L\u2019Etivaz AOP\">\n                                        <div class=\"gallery-overlay with-icon\">\n                                            <lord-icon src=\"https:\/\/cdn.lordicon.com\/fqfpkgja.json\" target=\".gallery-overlay\" trigger=\"hover\" colors=\"primary:#ffffff\" style=\"width:100px;height:100px\">\n                                            <\/lord-icon>\n                                        <\/div>\n                                                                                    <div class=\"wp-element-caption\">\n                                                Caves de L&#8217;Etivaz                                            <\/div>\n                                                                            <\/a>\n                                <\/div>\n                                                                                    <div class=\"grid-item col-6\" data-src=\"https:\/\/app.localhub.ch\/api\/image\/01kbq6rbn9hdvx5m4s9mqe9sw0\/scale\/1920\" data-sub-html=\"The Maison de l\u2019Etivaz and the Caves \u00e0 fromage - \u00a9 Vaud Terroirs\">\n                                    <a href=\"\" class=\"gallery-item wp-block-image lazyload-wrapper\">\n                                        <img decoding=\"async\" src=\"https:\/\/www.vaud.ch\/app\/themes\/child\/assets\/images\/loading-pixel.svg\" data-src=\"https:\/\/app.localhub.ch\/api\/image\/01kbq6rbn9hdvx5m4s9mqe9sw0\/scale\/550\" class=\"lazyload\" alt=\"The Maison de l\u2019Etivaz and the Caves \u00e0 fromage\">\n                                        <div class=\"gallery-overlay with-icon\">\n                                            <lord-icon src=\"https:\/\/cdn.lordicon.com\/fqfpkgja.json\" target=\".gallery-overlay\" trigger=\"hover\" colors=\"primary:#ffffff\" style=\"width:100px;height:100px\">\n                                            <\/lord-icon>\n                                        <\/div>\n                                                                                    <div class=\"wp-element-caption\">\n                                                Vaud Terroirs                                            <\/div>\n                                                                            <\/a>\n                                <\/div>\n                                                                                    <div class=\"grid-item col-6\" data-src=\"https:\/\/app.localhub.ch\/api\/image\/01m1185eg5y0zk7xnw9sryd3qx\/scale\/1920\" data-sub-html=\"Maison de L&#039;Etivaz - \u00a9 Basilic &amp; Co\">\n                                    <a href=\"\" class=\"gallery-item wp-block-image lazyload-wrapper\">\n                                        <img decoding=\"async\" src=\"https:\/\/www.vaud.ch\/app\/themes\/child\/assets\/images\/loading-pixel.svg\" data-src=\"https:\/\/app.localhub.ch\/api\/image\/01m1185eg5y0zk7xnw9sryd3qx\/scale\/550\" class=\"lazyload\" alt=\"Maison de L&#039;Etivaz\">\n                                        <div class=\"gallery-overlay with-icon\">\n                                            <lord-icon src=\"https:\/\/cdn.lordicon.com\/fqfpkgja.json\" target=\".gallery-overlay\" trigger=\"hover\" colors=\"primary:#ffffff\" style=\"width:100px;height:100px\">\n                                            <\/lord-icon>\n                                        <\/div>\n                                                                                    <div class=\"wp-element-caption\">\n                                                Basilic &#038; Co                                            <\/div>\n                                                                            <\/a>\n                                <\/div>\n                                                                                    <div class=\"grid-item col-6\" data-html=\"#itinerary-step-gallery-01kbq6n5bv4zjhmzz66915s07n-video-0\" data-sub-html=\"Terre de traditions - L&#039;affinage - \u00a9 Terre de traditions\">\n                                    <a href=\"\" class=\"gallery-item wp-block-image\">\n                                        <img decoding=\"async\" src=\"https:\/\/www.vaud.ch\/app\/themes\/child\/assets\/images\/video-placeholder.svg\" alt=\"Terre de traditions - L&#039;affinage\" class=\"gallery-video-poster\" style=\"display:none;\">\n                                        <video class=\"gallery-video-poster\" muted>\n                                            <source src=\"https:\/\/sos-ch-gva-2.exo.io\/sit-prod\/media\/21625\/terre-de-traditions-l-affinage.mp4\" type=\"video\/mp4\">\n                                        <\/video>\n                                        <div class=\"gallery-overlay with-icon\">\n                                            <lord-icon src=\"https:\/\/cdn.lordicon.com\/fqfpkgja.json\" target=\".gallery-overlay\" trigger=\"hover\" colors=\"primary:#ffffff\" style=\"width:100px;height:100px\">\n                                            <\/lord-icon>\n                                        <\/div>\n                                                                                    <div class=\"wp-element-caption\">\n                                                Terre de traditions                                            <\/div>\n                                                                            <\/a>\n                                <\/div>\n                                                                        <\/div>\n                <\/div>\n                    <\/section>\n    \n            <div>\n            <a target=\"_blank\" href=\"https:\/\/www.vaud.ch\/de\/tourismus\/aktivitaten\/die-kasekeller-von-letivaz-aop\" class=\"btn\">\n                <span>Mehr lesen<\/span>\n            <\/a>\n        <\/div>\n    <\/div>\n                                    <\/div>\n                                                                    <div\n                                        class=\"itinerary-content-panel\"\n                                        id=\"itinerary-content-pays-denhaut-tag-1-handwerk-und-tradition-der-alpen-step-2\"\n                                        data-lieu-id=\"pays-denhaut\"\n                                        data-day-id=\"pays-denhaut-tag-1-handwerk-und-tradition-der-alpen\"\n                                        data-step-id=\"pays-denhaut-tag-1-handwerk-und-tradition-der-alpen-step-2\"\n                                    >\n                                        <div class=\"itinerary-step-content wp-block-acf-itinerary-step-content\">\n    \n\n<h4 class=\"wp-block-heading\">MITTAG \u2013 Picknick mit Produkten des Labels \u00abPays-d\u2019Enhaut Produits Authentiques\u00bb<\/h4>\n\n\n\n<p class=\"wp-block-paragraph\">Kaufen Sie nach dem Besuch der Maison de L\u2019Etivaz in der Boutique ein und stellen Sie ein Picknick mit Produkten des Labels \u00abPays-d\u2019Enhaut Produits Authentiques\u00bb zusammen. Je nach Wetter geniessen Sie es an einem passenden Ort.<\/p>\n\n            <section class=\"itinerary-step-medias\">\n                            <div class=\"gallery\">\n                                        <div class=\"lightgallery row\">\n                                                        <div class=\"grid-item col-6\" data-src=\"https:\/\/app.localhub.ch\/api\/image\/01m1185eg5y0zk7xnw9sryd3qx\/scale\/1920\" data-sub-html=\"Maison de L&#039;Etivaz - \u00a9 Basilic &amp; Co\">\n                                    <a href=\"\" class=\"gallery-item wp-block-image lazyload-wrapper\">\n                                        <img decoding=\"async\" src=\"https:\/\/www.vaud.ch\/app\/themes\/child\/assets\/images\/loading-pixel.svg\" data-src=\"https:\/\/app.localhub.ch\/api\/image\/01m1185eg5y0zk7xnw9sryd3qx\/scale\/550\" class=\"lazyload\" alt=\"Maison de L&#039;Etivaz\">\n                                        <div class=\"gallery-overlay with-icon\">\n                                            <lord-icon src=\"https:\/\/cdn.lordicon.com\/fqfpkgja.json\" target=\".gallery-overlay\" trigger=\"hover\" colors=\"primary:#ffffff\" style=\"width:100px;height:100px\">\n                                            <\/lord-icon>\n                                        <\/div>\n                                                                                    <div class=\"wp-element-caption\">\n                                                Basilic &#038; Co                                            <\/div>\n                                                                            <\/a>\n                                <\/div>\n                                                                                    <div class=\"grid-item col-6\" data-src=\"https:\/\/app.localhub.ch\/api\/image\/01m118qtswwa740jaceetnh2by\/scale\/1920\" data-sub-html=\"L&#039;Etivaz AOP - \u00a9 Caves de L&#039;Etivaz\">\n                                    <a href=\"\" class=\"gallery-item wp-block-image lazyload-wrapper\">\n                                        <img decoding=\"async\" src=\"https:\/\/www.vaud.ch\/app\/themes\/child\/assets\/images\/loading-pixel.svg\" data-src=\"https:\/\/app.localhub.ch\/api\/image\/01m118qtswwa740jaceetnh2by\/scale\/550\" class=\"lazyload\" alt=\"L&#039;Etivaz AOP\">\n                                        <div class=\"gallery-overlay with-icon\">\n                                            <lord-icon src=\"https:\/\/cdn.lordicon.com\/fqfpkgja.json\" target=\".gallery-overlay\" trigger=\"hover\" colors=\"primary:#ffffff\" style=\"width:100px;height:100px\">\n                                            <\/lord-icon>\n                                        <\/div>\n                                                                                    <div class=\"wp-element-caption\">\n                                                Caves de L&#8217;Etivaz                                            <\/div>\n                                                                            <\/a>\n                                <\/div>\n                                                                                    <div class=\"grid-item col-6\" data-src=\"https:\/\/app.localhub.ch\/api\/image\/01m1191my5tjadaherdpzbvsb2\/scale\/1920\" data-sub-html=\"L&#039;Etivaz AOP - \u00a9 Basilic &amp; Co\">\n                                    <a href=\"\" class=\"gallery-item wp-block-image lazyload-wrapper\">\n                                        <img decoding=\"async\" src=\"https:\/\/www.vaud.ch\/app\/themes\/child\/assets\/images\/loading-pixel.svg\" data-src=\"https:\/\/app.localhub.ch\/api\/image\/01m1191my5tjadaherdpzbvsb2\/scale\/550\" class=\"lazyload\" alt=\"L&#039;Etivaz AOP\">\n                                        <div class=\"gallery-overlay with-icon\">\n                                            <lord-icon src=\"https:\/\/cdn.lordicon.com\/fqfpkgja.json\" target=\".gallery-overlay\" trigger=\"hover\" colors=\"primary:#ffffff\" style=\"width:100px;height:100px\">\n                                            <\/lord-icon>\n                                        <\/div>\n                                                                                    <div class=\"wp-element-caption\">\n                                                Basilic &#038; Co                                            <\/div>\n                                                                            <\/a>\n                                <\/div>\n                                                                        <\/div>\n                <\/div>\n                    <\/section>\n    \n            <div>\n            <a target=\"_blank\" href=\"https:\/\/www.vaud.ch\/de\/tourismus\/aktivitaten\/maison-de-letivaz\" class=\"btn\">\n                <span>Mehr lesen<\/span>\n            <\/a>\n        <\/div>\n    <\/div>\n                                    <\/div>\n                                                                    <div\n                                        class=\"itinerary-content-panel\"\n                                        id=\"itinerary-content-pays-denhaut-tag-1-handwerk-und-tradition-der-alpen-step-3\"\n                                        data-lieu-id=\"pays-denhaut\"\n                                        data-day-id=\"pays-denhaut-tag-1-handwerk-und-tradition-der-alpen\"\n                                        data-step-id=\"pays-denhaut-tag-1-handwerk-und-tradition-der-alpen-step-3\"\n                                    >\n                                        <div class=\"itinerary-step-content wp-block-acf-itinerary-step-content\">\n    \n\n<h4 class=\"wp-block-heading\">NACHMITTAG \u2013 Einf\u00fchrung in den Scherenschnitt<\/h4>\n\n\n\n<p class=\"wp-block-paragraph\">Entdecken Sie das Pays-d\u2019Enhaut bei einem Workshop zum traditionellen Scherenschnitt. Unter Anleitung einer lokalen K\u00fcnstlerin lernen Sie diese f\u00fcr die Region typische Kunst kennen, gestalten Ihr eigenes Werk und nehmen ein einzigartiges, selbst geschaffenes Souvenir mit nach Hause.<\/p>\n\n            <section class=\"itinerary-step-medias\">\n                            <div class=\"gallery\">\n                                        <div class=\"lightgallery row\">\n                                                        <div class=\"grid-item col-6\" data-src=\"https:\/\/app.localhub.ch\/api\/image\/01kj70a92h95h58hdb07z6hkc8\/scale\/1920\" data-sub-html=\"Papier d\u00e9coup\u00e9 - \u00a9 Pays-d&#039;Enhaut R\u00e9gion\">\n                                    <a href=\"\" class=\"gallery-item wp-block-image lazyload-wrapper\">\n                                        <img decoding=\"async\" src=\"https:\/\/www.vaud.ch\/app\/themes\/child\/assets\/images\/loading-pixel.svg\" data-src=\"https:\/\/app.localhub.ch\/api\/image\/01kj70a92h95h58hdb07z6hkc8\/scale\/550\" class=\"lazyload\" alt=\"Papier d\u00e9coup\u00e9\">\n                                        <div class=\"gallery-overlay with-icon\">\n                                            <lord-icon src=\"https:\/\/cdn.lordicon.com\/fqfpkgja.json\" target=\".gallery-overlay\" trigger=\"hover\" colors=\"primary:#ffffff\" style=\"width:100px;height:100px\">\n                                            <\/lord-icon>\n                                        <\/div>\n                                                                                    <div class=\"wp-element-caption\">\n                                                Pays-d&#8217;Enhaut R\u00e9gion                                            <\/div>\n                                                                            <\/a>\n                                <\/div>\n                                                                                    <div class=\"grid-item col-6\" data-src=\"https:\/\/app.localhub.ch\/api\/image\/01m11fx1aske5x520597pwwhr5\/scale\/1920\" data-sub-html=\"Initiation au d\u00e9coupage - \u00a9 Vividimages\">\n                                    <a href=\"\" class=\"gallery-item wp-block-image lazyload-wrapper\">\n                                        <img decoding=\"async\" src=\"https:\/\/www.vaud.ch\/app\/themes\/child\/assets\/images\/loading-pixel.svg\" data-src=\"https:\/\/app.localhub.ch\/api\/image\/01m11fx1aske5x520597pwwhr5\/scale\/550\" class=\"lazyload\" alt=\"Initiation au d\u00e9coupage\">\n                                        <div class=\"gallery-overlay with-icon\">\n                                            <lord-icon src=\"https:\/\/cdn.lordicon.com\/fqfpkgja.json\" target=\".gallery-overlay\" trigger=\"hover\" colors=\"primary:#ffffff\" style=\"width:100px;height:100px\">\n                                            <\/lord-icon>\n                                        <\/div>\n                                                                                    <div class=\"wp-element-caption\">\n                                                Vividimages                                            <\/div>\n                                                                            <\/a>\n                                <\/div>\n                                                                                    <div class=\"grid-item col-6\" data-src=\"https:\/\/app.localhub.ch\/api\/image\/01m11g14nba7hnksm516n3zgwk\/scale\/1920\" data-sub-html=\"Initiation au d\u00e9coupage - \u00a9 Vividimages\">\n                                    <a href=\"\" class=\"gallery-item wp-block-image lazyload-wrapper\">\n                                        <img decoding=\"async\" src=\"https:\/\/www.vaud.ch\/app\/themes\/child\/assets\/images\/loading-pixel.svg\" data-src=\"https:\/\/app.localhub.ch\/api\/image\/01m11g14nba7hnksm516n3zgwk\/scale\/550\" class=\"lazyload\" alt=\"Initiation au d\u00e9coupage\">\n                                        <div class=\"gallery-overlay with-icon\">\n                                            <lord-icon src=\"https:\/\/cdn.lordicon.com\/fqfpkgja.json\" target=\".gallery-overlay\" trigger=\"hover\" colors=\"primary:#ffffff\" style=\"width:100px;height:100px\">\n                                            <\/lord-icon>\n                                        <\/div>\n                                                                                    <div class=\"wp-element-caption\">\n                                                Vividimages                                            <\/div>\n                                                                            <\/a>\n                                <\/div>\n                                                                                    <div class=\"grid-item col-6\" data-src=\"https:\/\/app.localhub.ch\/api\/image\/01m11gdcgr7bar15h38tp6pxsv\/scale\/1920\" data-sub-html=\"Initiation au d\u00e9coupage - \u00a9 Vividimages\">\n                                    <a href=\"\" class=\"gallery-item wp-block-image lazyload-wrapper\">\n                                        <img decoding=\"async\" src=\"https:\/\/www.vaud.ch\/app\/themes\/child\/assets\/images\/loading-pixel.svg\" data-src=\"https:\/\/app.localhub.ch\/api\/image\/01m11gdcgr7bar15h38tp6pxsv\/scale\/550\" class=\"lazyload\" alt=\"Initiation au d\u00e9coupage\">\n                                        <div class=\"gallery-overlay with-icon\">\n                                            <lord-icon src=\"https:\/\/cdn.lordicon.com\/fqfpkgja.json\" target=\".gallery-overlay\" trigger=\"hover\" colors=\"primary:#ffffff\" style=\"width:100px;height:100px\">\n                                            <\/lord-icon>\n                                        <\/div>\n                                                                                    <div class=\"wp-element-caption\">\n                                                Vividimages                                            <\/div>\n                                                                            <\/a>\n                                <\/div>\n                                                                        <\/div>\n                <\/div>\n                    <\/section>\n    \n            <div>\n            <a target=\"_blank\" href=\"https:\/\/pays-denhaut.ch\/offres\/initiation-au-decoupage-aux-ciseaux\/\" class=\"btn\">\n                <span>Mehr lesen<\/span>\n            <\/a>\n        <\/div>\n    <\/div>\n                                    <\/div>\n                                                                    <div\n                                        class=\"itinerary-content-panel\"\n                                        id=\"itinerary-content-pays-denhaut-tag-1-handwerk-und-tradition-der-alpen-step-4\"\n                                        data-lieu-id=\"pays-denhaut\"\n                                        data-day-id=\"pays-denhaut-tag-1-handwerk-und-tradition-der-alpen\"\n                                        data-step-id=\"pays-denhaut-tag-1-handwerk-und-tradition-der-alpen-step-4\"\n                                    >\n                                        <div class=\"itinerary-step-content wp-block-acf-itinerary-step-content\">\n    \n\n<h4 class=\"wp-block-heading\">\u00dcBERNACHTUNG \u2013 H\u00f4tel de Commune de Rougemont<\/h4>\n\n\n\n<p class=\"wp-block-paragraph\">Nach einem abwechslungsreichen ersten Tag beziehen Sie Ihr Zimmer im H\u00f4tel de Commune de Rougemont. Das Boutiquehotel empf\u00e4ngt Sie in einem Ambiente, das rustikalen Charakter und moderne Akzente verbindet.<\/p>\n\n            <section class=\"itinerary-step-medias\">\n                            <div class=\"gallery\">\n                                        <div class=\"lightgallery row\">\n                                                        <div class=\"grid-item col-6\" data-src=\"https:\/\/app.localhub.ch\/api\/image\/01kkbz0zrq6wcz6x3ck20s8pxp\/scale\/1920\" data-sub-html=\"H\u00f4tel de Commune Rougemont \">\n                                    <a href=\"\" class=\"gallery-item wp-block-image lazyload-wrapper\">\n                                        <img decoding=\"async\" src=\"https:\/\/www.vaud.ch\/app\/themes\/child\/assets\/images\/loading-pixel.svg\" data-src=\"https:\/\/app.localhub.ch\/api\/image\/01kkbz0zrq6wcz6x3ck20s8pxp\/scale\/550\" class=\"lazyload\" alt=\"H\u00f4tel de Commune Rougemont \">\n                                        <div class=\"gallery-overlay with-icon\">\n                                            <lord-icon src=\"https:\/\/cdn.lordicon.com\/fqfpkgja.json\" target=\".gallery-overlay\" trigger=\"hover\" colors=\"primary:#ffffff\" style=\"width:100px;height:100px\">\n                                            <\/lord-icon>\n                                        <\/div>\n                                                                            <\/a>\n                                <\/div>\n                                                                                    <div class=\"grid-item col-6\" data-src=\"https:\/\/app.localhub.ch\/api\/image\/01kbq6t6kfqc17y37bjvcw7y5q\/scale\/1920\" data-sub-html=\"Les Fr\u00e8res Brigands  - \u00a9 Les Fr\u00e8res Brigands \">\n                                    <a href=\"\" class=\"gallery-item wp-block-image lazyload-wrapper\">\n                                        <img decoding=\"async\" src=\"https:\/\/www.vaud.ch\/app\/themes\/child\/assets\/images\/loading-pixel.svg\" data-src=\"https:\/\/app.localhub.ch\/api\/image\/01kbq6t6kfqc17y37bjvcw7y5q\/scale\/550\" class=\"lazyload\" alt=\"Les Fr\u00e8res Brigands \">\n                                        <div class=\"gallery-overlay with-icon\">\n                                            <lord-icon src=\"https:\/\/cdn.lordicon.com\/fqfpkgja.json\" target=\".gallery-overlay\" trigger=\"hover\" colors=\"primary:#ffffff\" style=\"width:100px;height:100px\">\n                                            <\/lord-icon>\n                                        <\/div>\n                                                                                    <div class=\"wp-element-caption\">\n                                                Les Fr\u00e8res Brigands                                             <\/div>\n                                                                            <\/a>\n                                <\/div>\n                                                                                    <div class=\"grid-item col-6\" data-src=\"https:\/\/app.localhub.ch\/api\/image\/01kbq6t6p0d59e4fppv7wg78e3\/scale\/1920\" data-sub-html=\"Les Fr\u00e8res Brigands  - \u00a9 Les Fr\u00e8res Brigands \">\n                                    <a href=\"\" class=\"gallery-item wp-block-image lazyload-wrapper\">\n                                        <img decoding=\"async\" src=\"https:\/\/www.vaud.ch\/app\/themes\/child\/assets\/images\/loading-pixel.svg\" data-src=\"https:\/\/app.localhub.ch\/api\/image\/01kbq6t6p0d59e4fppv7wg78e3\/scale\/550\" class=\"lazyload\" alt=\"Les Fr\u00e8res Brigands \">\n                                        <div class=\"gallery-overlay with-icon\">\n                                            <lord-icon src=\"https:\/\/cdn.lordicon.com\/fqfpkgja.json\" target=\".gallery-overlay\" trigger=\"hover\" colors=\"primary:#ffffff\" style=\"width:100px;height:100px\">\n                                            <\/lord-icon>\n                                        <\/div>\n                                                                                    <div class=\"wp-element-caption\">\n                                                Les Fr\u00e8res Brigands                                             <\/div>\n                                                                            <\/a>\n                                <\/div>\n                                                                                    <div class=\"grid-item col-6\" data-src=\"https:\/\/app.localhub.ch\/api\/image\/01kbq6t66svavmrnmprhjnqq6v\/scale\/1920\" data-sub-html=\"Les Fr\u00e8res Brigands  - \u00a9 Les Fr\u00e8res Brigands \">\n                                    <a href=\"\" class=\"gallery-item wp-block-image lazyload-wrapper\">\n                                        <img decoding=\"async\" src=\"https:\/\/www.vaud.ch\/app\/themes\/child\/assets\/images\/loading-pixel.svg\" data-src=\"https:\/\/app.localhub.ch\/api\/image\/01kbq6t66svavmrnmprhjnqq6v\/scale\/550\" class=\"lazyload\" alt=\"Les Fr\u00e8res Brigands \">\n                                        <div class=\"gallery-overlay with-icon\">\n                                            <lord-icon src=\"https:\/\/cdn.lordicon.com\/fqfpkgja.json\" target=\".gallery-overlay\" trigger=\"hover\" colors=\"primary:#ffffff\" style=\"width:100px;height:100px\">\n                                            <\/lord-icon>\n                                        <\/div>\n                                                                                    <div class=\"wp-element-caption\">\n                                                Les Fr\u00e8res Brigands                                             <\/div>\n                                                                            <\/a>\n                                <\/div>\n                                                                        <\/div>\n                <\/div>\n                    <\/section>\n    \n            <div>\n            <a target=\"_blank\" href=\"https:\/\/www.vaud.ch\/de\/tourismus\/aktivitaten\/hotel-de-commune-de-rougemont\" class=\"btn\">\n                <span>Mehr lesen<\/span>\n            <\/a>\n        <\/div>\n    <\/div>\n                                    <\/div>\n                                                                                                                                <div\n                                        class=\"itinerary-content-panel\"\n                                        id=\"itinerary-content-pays-denhaut-tag-2-wanderung-und-kaese-step-1\"\n                                        data-lieu-id=\"pays-denhaut\"\n                                        data-day-id=\"pays-denhaut-tag-2-wanderung-und-kaese\"\n                                        data-step-id=\"pays-denhaut-tag-2-wanderung-und-kaese-step-1\"\n                                    >\n                                        <div class=\"itinerary-step-content wp-block-acf-itinerary-step-content\">\n    \n\n<h4 class=\"wp-block-heading\">VORMITTAG \u2013 Spaziergang von Rougemont \u00fcber Les Serpenteys nach Ch\u00e2teau-d\u2019\u0152x<\/h4>\n\n\n\n<p class=\"wp-block-paragraph\">Starten Sie mit einem Spaziergang von Rougemont nach Ch\u00e2teau-d\u2019\u0152x und machen Sie unterwegs Halt in einer kleinen Alpwirtschaft. Der perfekte Ort f\u00fcr eine wohlverdiente Pause, bevor es weiter ins Dorf geht.<\/p>\n\n            <section class=\"itinerary-step-medias\">\n                            <div class=\"gallery\">\n                                        <div class=\"lightgallery row\">\n                                                        <div class=\"grid-item col-6\" data-src=\"https:\/\/app.localhub.ch\/api\/image\/01kbq6r2119d7yyzgegs0z1yng\/scale\/1920\" data-sub-html=\"Outside the Serpentheys bar - summer - Rougemont - Les Serpentheys - \u00a9 Pays-d&#039;Enhaut Tourisme\">\n                                    <a href=\"\" class=\"gallery-item wp-block-image lazyload-wrapper\">\n                                        <img decoding=\"async\" src=\"https:\/\/www.vaud.ch\/app\/themes\/child\/assets\/images\/loading-pixel.svg\" data-src=\"https:\/\/app.localhub.ch\/api\/image\/01kbq6r2119d7yyzgegs0z1yng\/scale\/550\" class=\"lazyload\" alt=\"Outside the Serpentheys bar - summer - Rougemont - Les Serpentheys\">\n                                        <div class=\"gallery-overlay with-icon\">\n                                            <lord-icon src=\"https:\/\/cdn.lordicon.com\/fqfpkgja.json\" target=\".gallery-overlay\" trigger=\"hover\" colors=\"primary:#ffffff\" style=\"width:100px;height:100px\">\n                                            <\/lord-icon>\n                                        <\/div>\n                                                                                    <div class=\"wp-element-caption\">\n                                                Pays-d&#8217;Enhaut Tourisme                                            <\/div>\n                                                                            <\/a>\n                                <\/div>\n                                                                        <\/div>\n                <\/div>\n                    <\/section>\n    \n            <div>\n            <a target=\"_blank\" href=\"https:\/\/www.vaud.ch\/de\/tourismus\/sport\/routen\/von-chateau-doex-bis-rougemont-durch-die-serpenteys\" class=\"btn\">\n                <span>Mehr lesen<\/span>\n            <\/a>\n        <\/div>\n    <\/div>\n                                    <\/div>\n                                                                    <div\n                                        class=\"itinerary-content-panel\"\n                                        id=\"itinerary-content-pays-denhaut-tag-2-wanderung-und-kaese-step-2\"\n                                        data-lieu-id=\"pays-denhaut\"\n                                        data-day-id=\"pays-denhaut-tag-2-wanderung-und-kaese\"\n                                        data-step-id=\"pays-denhaut-tag-2-wanderung-und-kaese-step-2\"\n                                    >\n                                        <div class=\"itinerary-step-content wp-block-acf-itinerary-step-content\">\n    \n\n<h4 class=\"wp-block-heading\">MITTAG \u2013 Essen im Le Chalet, Schauk\u00e4serei in Ch\u00e2teau-d\u2019\u0152x<\/h4>\n\n\n\n<p class=\"wp-block-paragraph\">In Ch\u00e2teau-d\u2019\u0152x erleben Sie mitten im Familienrestaurant Le Chalet die K\u00e4seherstellung. Der K\u00e4ser erkl\u00e4rt den traditionellen, auf den Alpen praktizierten Prozess und verr\u00e4t einige seiner Geheimnisse.<\/p>\n\n            <section class=\"itinerary-step-medias\">\n                            <div class=\"gallery\">\n                                        <div class=\"lightgallery row\">\n                                                        <div class=\"grid-item col-6\" data-src=\"https:\/\/app.localhub.ch\/api\/image\/01kbq6r56r15qh60r6cnmt6dr2\/scale\/1920\" data-sub-html=\"Restaurant Le Chalet - \u00a9 Le Chalet\">\n                                    <a href=\"\" class=\"gallery-item wp-block-image lazyload-wrapper\">\n                                        <img decoding=\"async\" src=\"https:\/\/www.vaud.ch\/app\/themes\/child\/assets\/images\/loading-pixel.svg\" data-src=\"https:\/\/app.localhub.ch\/api\/image\/01kbq6r56r15qh60r6cnmt6dr2\/scale\/550\" class=\"lazyload\" alt=\"Restaurant Le Chalet\">\n                                        <div class=\"gallery-overlay with-icon\">\n                                            <lord-icon src=\"https:\/\/cdn.lordicon.com\/fqfpkgja.json\" target=\".gallery-overlay\" trigger=\"hover\" colors=\"primary:#ffffff\" style=\"width:100px;height:100px\">\n                                            <\/lord-icon>\n                                        <\/div>\n                                                                                    <div class=\"wp-element-caption\">\n                                                Le Chalet                                            <\/div>\n                                                                            <\/a>\n                                <\/div>\n                                                                                    <div class=\"grid-item col-6\" data-src=\"https:\/\/app.localhub.ch\/api\/image\/01kbq6vynh2vfq8fh97q9a6nm3\/scale\/1920\" data-sub-html=\"Terrace - \u00a9 Le Chalet\">\n                                    <a href=\"\" class=\"gallery-item wp-block-image lazyload-wrapper\">\n                                        <img decoding=\"async\" src=\"https:\/\/www.vaud.ch\/app\/themes\/child\/assets\/images\/loading-pixel.svg\" data-src=\"https:\/\/app.localhub.ch\/api\/image\/01kbq6vynh2vfq8fh97q9a6nm3\/scale\/550\" class=\"lazyload\" alt=\"Terrace\">\n                                        <div class=\"gallery-overlay with-icon\">\n                                            <lord-icon src=\"https:\/\/cdn.lordicon.com\/fqfpkgja.json\" target=\".gallery-overlay\" trigger=\"hover\" colors=\"primary:#ffffff\" style=\"width:100px;height:100px\">\n                                            <\/lord-icon>\n                                        <\/div>\n                                                                                    <div class=\"wp-element-caption\">\n                                                Le Chalet                                            <\/div>\n                                                                            <\/a>\n                                <\/div>\n                                                                                    <div class=\"grid-item col-6\" data-src=\"https:\/\/app.localhub.ch\/api\/image\/01kbq6vyyhsb102kt24zx1sf0h\/scale\/1920\" data-sub-html=\"Fromagerie Le Chalet - \u00a9 Fr\u00e9d\u00e9ric Grangier\">\n                                    <a href=\"\" class=\"gallery-item wp-block-image lazyload-wrapper\">\n                                        <img decoding=\"async\" src=\"https:\/\/www.vaud.ch\/app\/themes\/child\/assets\/images\/loading-pixel.svg\" data-src=\"https:\/\/app.localhub.ch\/api\/image\/01kbq6vyyhsb102kt24zx1sf0h\/scale\/550\" class=\"lazyload\" alt=\"Fromagerie Le Chalet\">\n                                        <div class=\"gallery-overlay with-icon\">\n                                            <lord-icon src=\"https:\/\/cdn.lordicon.com\/fqfpkgja.json\" target=\".gallery-overlay\" trigger=\"hover\" colors=\"primary:#ffffff\" style=\"width:100px;height:100px\">\n                                            <\/lord-icon>\n                                        <\/div>\n                                                                                    <div class=\"wp-element-caption\">\n                                                Fr\u00e9d\u00e9ric Grangier                                            <\/div>\n                                                                            <\/a>\n                                <\/div>\n                                                                        <\/div>\n                <\/div>\n                    <\/section>\n    \n            <div>\n            <a target=\"_blank\" href=\"https:\/\/www.vaud.ch\/de\/tourismus\/aktivitaten\/restaurant-le-chalet\" class=\"btn\">\n                <span>Mehr lesen<\/span>\n            <\/a>\n        <\/div>\n    <\/div>\n                                    <\/div>\n                                                                    <div\n                                        class=\"itinerary-content-panel\"\n                                        id=\"itinerary-content-pays-denhaut-tag-2-wanderung-und-kaese-step-3\"\n                                        data-lieu-id=\"pays-denhaut\"\n                                        data-day-id=\"pays-denhaut-tag-2-wanderung-und-kaese\"\n                                        data-step-id=\"pays-denhaut-tag-2-wanderung-und-kaese-step-3\"\n                                    >\n                                        <div class=\"itinerary-step-content wp-block-acf-itinerary-step-content\">\n    \n\n<h4 class=\"wp-block-heading\">NACHMITTAG \u2013 R\u00fcckfahrt nach Rougemont mit dem GoldenPass<\/h4>\n\n\n\n<p class=\"wp-block-paragraph\">Nach dem Essen beginnt eine Panoramafahrt nach Rougemont. Durch die grossen Zugfenster geniessen Sie ein eindrucksvolles Schauspiel aus Bergen, Alpweiden und charmanten D\u00f6rfern.<\/p>\n\n            <section class=\"itinerary-step-medias\">\n                            <div class=\"gallery\">\n                                        <div class=\"lightgallery row\">\n                                                        <div class=\"grid-item col-6\" data-src=\"https:\/\/app.localhub.ch\/api\/image\/01kbq6wag8nxz4hrq2csdrnfz7\/scale\/1920\" data-sub-html=\"Goldenpass Belle Epoque Waggons mit Paar - Rougemont - Sommer - MOB - \u00a9 MOB - Goldenpass\">\n                                    <a href=\"\" class=\"gallery-item wp-block-image lazyload-wrapper\">\n                                        <img decoding=\"async\" src=\"https:\/\/www.vaud.ch\/app\/themes\/child\/assets\/images\/loading-pixel.svg\" data-src=\"https:\/\/app.localhub.ch\/api\/image\/01kbq6wag8nxz4hrq2csdrnfz7\/scale\/550\" class=\"lazyload\" alt=\"Goldenpass Belle Epoque Waggons mit Paar - Rougemont - Sommer - MOB\">\n                                        <div class=\"gallery-overlay with-icon\">\n                                            <lord-icon src=\"https:\/\/cdn.lordicon.com\/fqfpkgja.json\" target=\".gallery-overlay\" trigger=\"hover\" colors=\"primary:#ffffff\" style=\"width:100px;height:100px\">\n                                            <\/lord-icon>\n                                        <\/div>\n                                                                                    <div class=\"wp-element-caption\">\n                                                MOB &#8211; Goldenpass                                            <\/div>\n                                                                            <\/a>\n                                <\/div>\n                                                                                    <div class=\"grid-item col-6\" data-src=\"https:\/\/app.localhub.ch\/api\/image\/01kbq6warc6qgzagh9cdvthfwr\/scale\/1920\" data-sub-html=\"MOB Goldenpass Panoramic with snow-capped mountains - Spring - Saanen - MOB-Goldenpass\">\n                                    <a href=\"\" class=\"gallery-item wp-block-image lazyload-wrapper\">\n                                        <img decoding=\"async\" src=\"https:\/\/www.vaud.ch\/app\/themes\/child\/assets\/images\/loading-pixel.svg\" data-src=\"https:\/\/app.localhub.ch\/api\/image\/01kbq6warc6qgzagh9cdvthfwr\/scale\/550\" class=\"lazyload\" alt=\"MOB Goldenpass Panoramic with snow-capped mountains - Spring - Saanen - MOB-Goldenpass\">\n                                        <div class=\"gallery-overlay with-icon\">\n                                            <lord-icon src=\"https:\/\/cdn.lordicon.com\/fqfpkgja.json\" target=\".gallery-overlay\" trigger=\"hover\" colors=\"primary:#ffffff\" style=\"width:100px;height:100px\">\n                                            <\/lord-icon>\n                                        <\/div>\n                                                                            <\/a>\n                                <\/div>\n                                                                                    <div class=\"grid-item col-6\" data-src=\"https:\/\/app.localhub.ch\/api\/image\/01kbhr9q66jygbbckzt1bhzdrn\/scale\/1920\" data-sub-html=\"MOB Goldenpass Belle Epoque Zug - Rossini\u00e8re - Winter - \u00a9 MOB - Goldenpass\">\n                                    <a href=\"\" class=\"gallery-item wp-block-image lazyload-wrapper\">\n                                        <img decoding=\"async\" src=\"https:\/\/www.vaud.ch\/app\/themes\/child\/assets\/images\/loading-pixel.svg\" data-src=\"https:\/\/app.localhub.ch\/api\/image\/01kbhr9q66jygbbckzt1bhzdrn\/scale\/550\" class=\"lazyload\" alt=\"MOB Goldenpass Belle Epoque Zug - Rossini\u00e8re - Winter\">\n                                        <div class=\"gallery-overlay with-icon\">\n                                            <lord-icon src=\"https:\/\/cdn.lordicon.com\/fqfpkgja.json\" target=\".gallery-overlay\" trigger=\"hover\" colors=\"primary:#ffffff\" style=\"width:100px;height:100px\">\n                                            <\/lord-icon>\n                                        <\/div>\n                                                                                    <div class=\"wp-element-caption\">\n                                                MOB &#8211; Goldenpass                                            <\/div>\n                                                                            <\/a>\n                                <\/div>\n                                                                        <\/div>\n                <\/div>\n                    <\/section>\n    \n            <div>\n            <a target=\"_blank\" href=\"https:\/\/www.vaud.ch\/de\/tourismus\/aktivitaten\/mob-zug-montreux-oberland-bernois\" class=\"btn\">\n                <span>Mehr lesen<\/span>\n            <\/a>\n        <\/div>\n    <\/div>\n                                    <\/div>\n                                                                    <div\n                                        class=\"itinerary-content-panel\"\n                                        id=\"itinerary-content-pays-denhaut-tag-2-wanderung-und-kaese-step-4\"\n                                        data-lieu-id=\"pays-denhaut\"\n                                        data-day-id=\"pays-denhaut-tag-2-wanderung-und-kaese\"\n                                        data-step-id=\"pays-denhaut-tag-2-wanderung-und-kaese-step-4\"\n                                    >\n                                        <div class=\"itinerary-step-content wp-block-acf-itinerary-step-content\">\n    \n\n<h4 class=\"wp-block-heading\">NACHMITTAG \u2013 Begegnung mit Arnaud Guichard von der Fromagerie Fleurette<\/h4>\n\n\n\n<p class=\"wp-block-paragraph\">Nach Ihrer Ankunft in Rougemont setzen Sie die Entdeckung der Aromen des Pays-d\u2019Enhaut in der Fromagerie Fleurette fort. Die K\u00e4serei ist f\u00fcr ihre mehrfach ausgezeichnete Tomme Fleurette bekannt und vermittelt ein f\u00fcr die Region typisches handwerkliches K\u00f6nnen.<\/p>\n\n            <section class=\"itinerary-step-medias\">\n                            <div class=\"gallery\">\n                                                <div style=\"display:none;\" id=\"itinerary-step-gallery-01kbq6nk40dkdwh153zxzhvz7r-video-0\">\n                                <video class=\"lg-video-object lg-html5\" controls preload=\"metadata\" poster=\"https:\/\/sos-ch-gva-2.exo.io\/sit-prod\/media\/21841\/fromagerie-fleurette-pepa.mp4#t=0.1\">\n                                    <source src=\"https:\/\/sos-ch-gva-2.exo.io\/sit-prod\/media\/21841\/fromagerie-fleurette-pepa.mp4\" type=\"video\/mp4\">\n                                    Your browser does not support the video tag.                                <\/video>\n                            <\/div>\n                                        <div class=\"lightgallery row\">\n                                                        <div class=\"grid-item col-6\" data-src=\"https:\/\/app.localhub.ch\/api\/image\/01kbq6vbg3zbq24b40jpywccab\/scale\/1920\" data-sub-html=\"Fromagerie fleurette portrait arnaud guichard dans caves - pas de saison - Rougemont - Pays-d&#039;Enhaut R\u00e9gion - \u00a9 Pays-d&#039;Enhaut R\u00e9gion\">\n                                    <a href=\"\" class=\"gallery-item wp-block-image lazyload-wrapper\">\n                                        <img decoding=\"async\" src=\"https:\/\/www.vaud.ch\/app\/themes\/child\/assets\/images\/loading-pixel.svg\" data-src=\"https:\/\/app.localhub.ch\/api\/image\/01kbq6vbg3zbq24b40jpywccab\/scale\/550\" class=\"lazyload\" alt=\"Fromagerie fleurette portrait arnaud guichard dans caves - pas de saison - Rougemont - Pays-d&#039;Enhaut R\u00e9gion\">\n                                        <div class=\"gallery-overlay with-icon\">\n                                            <lord-icon src=\"https:\/\/cdn.lordicon.com\/fqfpkgja.json\" target=\".gallery-overlay\" trigger=\"hover\" colors=\"primary:#ffffff\" style=\"width:100px;height:100px\">\n                                            <\/lord-icon>\n                                        <\/div>\n                                                                                    <div class=\"wp-element-caption\">\n                                                Pays-d&#8217;Enhaut R\u00e9gion                                            <\/div>\n                                                                            <\/a>\n                                <\/div>\n                                                                                    <div class=\"grid-item col-6\" data-src=\"https:\/\/app.localhub.ch\/api\/image\/01m11qexpvp4zbw5pxg1q74sw8\/scale\/1920\" data-sub-html=\"Tomme Fleurette - \u00a9 Pays-d&#039;Enhaut Produits Authentiques\">\n                                    <a href=\"\" class=\"gallery-item wp-block-image lazyload-wrapper\">\n                                        <img decoding=\"async\" src=\"https:\/\/www.vaud.ch\/app\/themes\/child\/assets\/images\/loading-pixel.svg\" data-src=\"https:\/\/app.localhub.ch\/api\/image\/01m11qexpvp4zbw5pxg1q74sw8\/scale\/550\" class=\"lazyload\" alt=\"Tomme Fleurette\">\n                                        <div class=\"gallery-overlay with-icon\">\n                                            <lord-icon src=\"https:\/\/cdn.lordicon.com\/fqfpkgja.json\" target=\".gallery-overlay\" trigger=\"hover\" colors=\"primary:#ffffff\" style=\"width:100px;height:100px\">\n                                            <\/lord-icon>\n                                        <\/div>\n                                                                                    <div class=\"wp-element-caption\">\n                                                Pays-d&#8217;Enhaut Produits Authentiques                                            <\/div>\n                                                                            <\/a>\n                                <\/div>\n                                                                                    <div class=\"grid-item col-6\" data-html=\"#itinerary-step-gallery-01kbq6nk40dkdwh153zxzhvz7r-video-0\" data-sub-html=\"Fromagerie fleurette PEPA\">\n                                    <a href=\"\" class=\"gallery-item wp-block-image\">\n                                        <img decoding=\"async\" src=\"https:\/\/www.vaud.ch\/app\/themes\/child\/assets\/images\/video-placeholder.svg\" alt=\"Fromagerie fleurette PEPA\" class=\"gallery-video-poster\" style=\"display:none;\">\n                                        <video class=\"gallery-video-poster\" muted>\n                                            <source src=\"https:\/\/sos-ch-gva-2.exo.io\/sit-prod\/media\/21841\/fromagerie-fleurette-pepa.mp4\" type=\"video\/mp4\">\n                                        <\/video>\n                                        <div class=\"gallery-overlay with-icon\">\n                                            <lord-icon src=\"https:\/\/cdn.lordicon.com\/fqfpkgja.json\" target=\".gallery-overlay\" trigger=\"hover\" colors=\"primary:#ffffff\" style=\"width:100px;height:100px\">\n                                            <\/lord-icon>\n                                        <\/div>\n                                                                            <\/a>\n                                <\/div>\n                                                                        <\/div>\n                <\/div>\n                    <\/section>\n    \n            <div>\n            <a target=\"_blank\" href=\"https:\/\/www.vaud.ch\/de\/tourismus\/aktivitaten\/kaserei-fleurette-arnaud-guichard-sarl\" class=\"btn\">\n                <span>Mehr lesen<\/span>\n            <\/a>\n        <\/div>\n    <\/div>\n                                    <\/div>\n                                                                    <div\n                                        class=\"itinerary-content-panel\"\n                                        id=\"itinerary-content-pays-denhaut-tag-2-wanderung-und-kaese-step-5\"\n                                        data-lieu-id=\"pays-denhaut\"\n                                        data-day-id=\"pays-denhaut-tag-2-wanderung-und-kaese\"\n                                        data-step-id=\"pays-denhaut-tag-2-wanderung-und-kaese-step-5\"\n                                    >\n                                        <div class=\"itinerary-step-content wp-block-acf-itinerary-step-content\">\n    \n\n<h4 class=\"wp-block-heading\">\u00dcBERNACHTUNG \u2013 H\u00f4tel de Commune de Rougemont<\/h4>\n\n\n\n<p class=\"wp-block-paragraph\">Lassen Sie einen weiteren erlebnisreichen Tag entspannt im H\u00f4tel de Commune de Rougemont ausklingen.<\/p>\n\n            <section class=\"itinerary-step-medias\">\n                            <div class=\"gallery\">\n                                        <div class=\"lightgallery row\">\n                                                        <div class=\"grid-item col-6\" data-src=\"https:\/\/app.localhub.ch\/api\/image\/01kkbz0zrq6wcz6x3ck20s8pxp\/scale\/1920\" data-sub-html=\"H\u00f4tel de Commune Rougemont \">\n                                    <a href=\"\" class=\"gallery-item wp-block-image lazyload-wrapper\">\n                                        <img decoding=\"async\" src=\"https:\/\/www.vaud.ch\/app\/themes\/child\/assets\/images\/loading-pixel.svg\" data-src=\"https:\/\/app.localhub.ch\/api\/image\/01kkbz0zrq6wcz6x3ck20s8pxp\/scale\/550\" class=\"lazyload\" alt=\"H\u00f4tel de Commune Rougemont \">\n                                        <div class=\"gallery-overlay with-icon\">\n                                            <lord-icon src=\"https:\/\/cdn.lordicon.com\/fqfpkgja.json\" target=\".gallery-overlay\" trigger=\"hover\" colors=\"primary:#ffffff\" style=\"width:100px;height:100px\">\n                                            <\/lord-icon>\n                                        <\/div>\n                                                                            <\/a>\n                                <\/div>\n                                                                                    <div class=\"grid-item col-6\" data-src=\"https:\/\/app.localhub.ch\/api\/image\/01kbq6t6kfqc17y37bjvcw7y5q\/scale\/1920\" data-sub-html=\"Les Fr\u00e8res Brigands  - \u00a9 Les Fr\u00e8res Brigands \">\n                                    <a href=\"\" class=\"gallery-item wp-block-image lazyload-wrapper\">\n                                        <img decoding=\"async\" src=\"https:\/\/www.vaud.ch\/app\/themes\/child\/assets\/images\/loading-pixel.svg\" data-src=\"https:\/\/app.localhub.ch\/api\/image\/01kbq6t6kfqc17y37bjvcw7y5q\/scale\/550\" class=\"lazyload\" alt=\"Les Fr\u00e8res Brigands \">\n                                        <div class=\"gallery-overlay with-icon\">\n                                            <lord-icon src=\"https:\/\/cdn.lordicon.com\/fqfpkgja.json\" target=\".gallery-overlay\" trigger=\"hover\" colors=\"primary:#ffffff\" style=\"width:100px;height:100px\">\n                                            <\/lord-icon>\n                                        <\/div>\n                                                                                    <div class=\"wp-element-caption\">\n                                                Les Fr\u00e8res Brigands                                             <\/div>\n                                                                            <\/a>\n                                <\/div>\n                                                                                    <div class=\"grid-item col-6\" data-src=\"https:\/\/app.localhub.ch\/api\/image\/01kbq6t6p0d59e4fppv7wg78e3\/scale\/1920\" data-sub-html=\"Les Fr\u00e8res Brigands  - \u00a9 Les Fr\u00e8res Brigands \">\n                                    <a href=\"\" class=\"gallery-item wp-block-image lazyload-wrapper\">\n                                        <img decoding=\"async\" src=\"https:\/\/www.vaud.ch\/app\/themes\/child\/assets\/images\/loading-pixel.svg\" data-src=\"https:\/\/app.localhub.ch\/api\/image\/01kbq6t6p0d59e4fppv7wg78e3\/scale\/550\" class=\"lazyload\" alt=\"Les Fr\u00e8res Brigands \">\n                                        <div class=\"gallery-overlay with-icon\">\n                                            <lord-icon src=\"https:\/\/cdn.lordicon.com\/fqfpkgja.json\" target=\".gallery-overlay\" trigger=\"hover\" colors=\"primary:#ffffff\" style=\"width:100px;height:100px\">\n                                            <\/lord-icon>\n                                        <\/div>\n                                                                                    <div class=\"wp-element-caption\">\n                                                Les Fr\u00e8res Brigands                                             <\/div>\n                                                                            <\/a>\n                                <\/div>\n                                                                                    <div class=\"grid-item col-6\" data-src=\"https:\/\/app.localhub.ch\/api\/image\/01kbq6t66svavmrnmprhjnqq6v\/scale\/1920\" data-sub-html=\"Les Fr\u00e8res Brigands  - \u00a9 Les Fr\u00e8res Brigands \">\n                                    <a href=\"\" class=\"gallery-item wp-block-image lazyload-wrapper\">\n                                        <img decoding=\"async\" src=\"https:\/\/www.vaud.ch\/app\/themes\/child\/assets\/images\/loading-pixel.svg\" data-src=\"https:\/\/app.localhub.ch\/api\/image\/01kbq6t66svavmrnmprhjnqq6v\/scale\/550\" class=\"lazyload\" alt=\"Les Fr\u00e8res Brigands \">\n                                        <div class=\"gallery-overlay with-icon\">\n                                            <lord-icon src=\"https:\/\/cdn.lordicon.com\/fqfpkgja.json\" target=\".gallery-overlay\" trigger=\"hover\" colors=\"primary:#ffffff\" style=\"width:100px;height:100px\">\n                                            <\/lord-icon>\n                                        <\/div>\n                                                                                    <div class=\"wp-element-caption\">\n                                                Les Fr\u00e8res Brigands                                             <\/div>\n                                                                            <\/a>\n                                <\/div>\n                                                                        <\/div>\n                <\/div>\n                    <\/section>\n    \n            <div>\n            <a target=\"_blank\" href=\"https:\/\/www.vaud.ch\/de\/tourismus\/aktivitaten\/hotel-de-commune-de-rougemont\" class=\"btn\">\n                <span>Mehr lesen<\/span>\n            <\/a>\n        <\/div>\n    <\/div>\n                                    <\/div>\n                                                                                                                                <div\n                                        class=\"itinerary-content-panel\"\n                                        id=\"itinerary-content-pays-denhaut-tag-3-zwischen-himmel-und-terroir-step-1\"\n                                        data-lieu-id=\"pays-denhaut\"\n                                        data-day-id=\"pays-denhaut-tag-3-zwischen-himmel-und-terroir\"\n                                        data-step-id=\"pays-denhaut-tag-3-zwischen-himmel-und-terroir-step-1\"\n                                    >\n                                        <div class=\"itinerary-step-content wp-block-acf-itinerary-step-content\">\n    \n\n<h4 class=\"wp-block-heading\">VORMITTAG \u2013 Espace Ballon, F\u00fchrung und Flugsimulator<\/h4>\n\n\n\n<p class=\"wp-block-paragraph\">Entdecken Sie am Morgen im Espace Ballon die Welt der Heissluftballone auf lehrreiche, unterhaltsame und faszinierende Weise. Dank seines f\u00fcr Ballonfahrten g\u00fcnstigen Mikroklimas ist Ch\u00e2teau-d\u2019\u0152x zur Schweizer Hauptstadt des Heissluftballons geworden.<\/p>\n\n            <section class=\"itinerary-step-medias\">\n                            <div class=\"gallery\">\n                                        <div class=\"lightgallery row\">\n                                                        <div class=\"grid-item col-6\" data-src=\"https:\/\/app.localhub.ch\/api\/image\/01kbq6r9d8hd8ydmheggvmkrh1\/scale\/1920\" data-sub-html=\"Espace Ballon - \u00a9 David Bochud\">\n                                    <a href=\"\" class=\"gallery-item wp-block-image lazyload-wrapper\">\n                                        <img decoding=\"async\" src=\"https:\/\/www.vaud.ch\/app\/themes\/child\/assets\/images\/loading-pixel.svg\" data-src=\"https:\/\/app.localhub.ch\/api\/image\/01kbq6r9d8hd8ydmheggvmkrh1\/scale\/550\" class=\"lazyload\" alt=\"Espace Ballon\">\n                                        <div class=\"gallery-overlay with-icon\">\n                                            <lord-icon src=\"https:\/\/cdn.lordicon.com\/fqfpkgja.json\" target=\".gallery-overlay\" trigger=\"hover\" colors=\"primary:#ffffff\" style=\"width:100px;height:100px\">\n                                            <\/lord-icon>\n                                        <\/div>\n                                                                                    <div class=\"wp-element-caption\">\n                                                David Bochud                                            <\/div>\n                                                                            <\/a>\n                                <\/div>\n                                                                                    <div class=\"grid-item col-6\" data-src=\"https:\/\/app.localhub.ch\/api\/image\/01kbq6r9m7zh08sym4ahmnwzsa\/scale\/1920\" data-sub-html=\"Espace Ballon - \u00a9 David Bochud\">\n                                    <a href=\"\" class=\"gallery-item wp-block-image lazyload-wrapper\">\n                                        <img decoding=\"async\" src=\"https:\/\/www.vaud.ch\/app\/themes\/child\/assets\/images\/loading-pixel.svg\" data-src=\"https:\/\/app.localhub.ch\/api\/image\/01kbq6r9m7zh08sym4ahmnwzsa\/scale\/550\" class=\"lazyload\" alt=\"Espace Ballon\">\n                                        <div class=\"gallery-overlay with-icon\">\n                                            <lord-icon src=\"https:\/\/cdn.lordicon.com\/fqfpkgja.json\" target=\".gallery-overlay\" trigger=\"hover\" colors=\"primary:#ffffff\" style=\"width:100px;height:100px\">\n                                            <\/lord-icon>\n                                        <\/div>\n                                                                                    <div class=\"wp-element-caption\">\n                                                David Bochud                                            <\/div>\n                                                                            <\/a>\n                                <\/div>\n                                                                                    <div class=\"grid-item col-6\" data-src=\"https:\/\/app.localhub.ch\/api\/image\/01kbq6r9n41x72e8zqj0byc003\/scale\/1920\" data-sub-html=\"Espace Ballon - \u00a9 David Bochud\">\n                                    <a href=\"\" class=\"gallery-item wp-block-image lazyload-wrapper\">\n                                        <img decoding=\"async\" src=\"https:\/\/www.vaud.ch\/app\/themes\/child\/assets\/images\/loading-pixel.svg\" data-src=\"https:\/\/app.localhub.ch\/api\/image\/01kbq6r9n41x72e8zqj0byc003\/scale\/550\" class=\"lazyload\" alt=\"Espace Ballon\">\n                                        <div class=\"gallery-overlay with-icon\">\n                                            <lord-icon src=\"https:\/\/cdn.lordicon.com\/fqfpkgja.json\" target=\".gallery-overlay\" trigger=\"hover\" colors=\"primary:#ffffff\" style=\"width:100px;height:100px\">\n                                            <\/lord-icon>\n                                        <\/div>\n                                                                                    <div class=\"wp-element-caption\">\n                                                David Bochud                                            <\/div>\n                                                                            <\/a>\n                                <\/div>\n                                                                                    <div class=\"grid-item col-6\" data-src=\"https:\/\/app.localhub.ch\/api\/image\/01kbq6r9tebr4565g0fr5s2xn1\/scale\/1920\" data-sub-html=\"Espace Ballon - \u00a9 David Bochud\">\n                                    <a href=\"\" class=\"gallery-item wp-block-image lazyload-wrapper\">\n                                        <img decoding=\"async\" src=\"https:\/\/www.vaud.ch\/app\/themes\/child\/assets\/images\/loading-pixel.svg\" data-src=\"https:\/\/app.localhub.ch\/api\/image\/01kbq6r9tebr4565g0fr5s2xn1\/scale\/550\" class=\"lazyload\" alt=\"Espace Ballon\">\n                                        <div class=\"gallery-overlay with-icon\">\n                                            <lord-icon src=\"https:\/\/cdn.lordicon.com\/fqfpkgja.json\" target=\".gallery-overlay\" trigger=\"hover\" colors=\"primary:#ffffff\" style=\"width:100px;height:100px\">\n                                            <\/lord-icon>\n                                        <\/div>\n                                                                                    <div class=\"wp-element-caption\">\n                                                David Bochud                                            <\/div>\n                                                                            <\/a>\n                                <\/div>\n                                                                        <\/div>\n                <\/div>\n                    <\/section>\n    \n            <div>\n            <a target=\"_blank\" href=\"https:\/\/www.vaud.ch\/de\/tourismus\/aktivitaten\/espace-ballon\" class=\"btn\">\n                <span>Mehr lesen<\/span>\n            <\/a>\n        <\/div>\n    <\/div>\n                                    <\/div>\n                                                                    <div\n                                        class=\"itinerary-content-panel\"\n                                        id=\"itinerary-content-pays-denhaut-tag-3-zwischen-himmel-und-terroir-step-2\"\n                                        data-lieu-id=\"pays-denhaut\"\n                                        data-day-id=\"pays-denhaut-tag-3-zwischen-himmel-und-terroir\"\n                                        data-step-id=\"pays-denhaut-tag-3-zwischen-himmel-und-terroir-step-2\"\n                                    >\n                                        <div class=\"itinerary-step-content wp-block-acf-itinerary-step-content\">\n    \n\n<h4 class=\"wp-block-heading\">MITTAG \u2013 Essen im Restaurant de l\u2019Ermitage in Ch\u00e2teau-d\u2019\u0152x<\/h4>\n\n\n\n<p class=\"wp-block-paragraph\">Nach dem H\u00f6henflug g\u00f6nnen Sie sich im Restaurant de l\u2019Ermitage eine genussvolle Pause. In herzlicher Atmosph\u00e4re verw\u00f6hnt Sie die Familie Pilet mit saisonaler K\u00fcche, die regionale Aromen in den Mittelpunkt stellt.<\/p>\n\n            <section class=\"itinerary-step-medias\">\n                            <div class=\"gallery\">\n                                        <div class=\"lightgallery row\">\n                                                        <div class=\"grid-item col-6\" data-src=\"https:\/\/app.localhub.ch\/api\/image\/01kcknggz3wn1fvfva45yqqbgf\/scale\/1920\" data-sub-html=\"Restaurant de l&#039;Ermitage\">\n                                    <a href=\"\" class=\"gallery-item wp-block-image lazyload-wrapper\">\n                                        <img decoding=\"async\" src=\"https:\/\/www.vaud.ch\/app\/themes\/child\/assets\/images\/loading-pixel.svg\" data-src=\"https:\/\/app.localhub.ch\/api\/image\/01kcknggz3wn1fvfva45yqqbgf\/scale\/550\" class=\"lazyload\" alt=\"Restaurant de l&#039;Ermitage\">\n                                        <div class=\"gallery-overlay with-icon\">\n                                            <lord-icon src=\"https:\/\/cdn.lordicon.com\/fqfpkgja.json\" target=\".gallery-overlay\" trigger=\"hover\" colors=\"primary:#ffffff\" style=\"width:100px;height:100px\">\n                                            <\/lord-icon>\n                                        <\/div>\n                                                                            <\/a>\n                                <\/div>\n                                                                                    <div class=\"grid-item col-6\" data-src=\"https:\/\/app.localhub.ch\/api\/image\/01m11sr72ezqs32skc3eznm7pz\/scale\/1920\" data-sub-html=\"Restaurant de l&#039;Ermitage - \u00a9 Maison de l&#039;Ermitage\">\n                                    <a href=\"\" class=\"gallery-item wp-block-image lazyload-wrapper\">\n                                        <img decoding=\"async\" src=\"https:\/\/www.vaud.ch\/app\/themes\/child\/assets\/images\/loading-pixel.svg\" data-src=\"https:\/\/app.localhub.ch\/api\/image\/01m11sr72ezqs32skc3eznm7pz\/scale\/550\" class=\"lazyload\" alt=\"Restaurant de l&#039;Ermitage\">\n                                        <div class=\"gallery-overlay with-icon\">\n                                            <lord-icon src=\"https:\/\/cdn.lordicon.com\/fqfpkgja.json\" target=\".gallery-overlay\" trigger=\"hover\" colors=\"primary:#ffffff\" style=\"width:100px;height:100px\">\n                                            <\/lord-icon>\n                                        <\/div>\n                                                                                    <div class=\"wp-element-caption\">\n                                                Maison de l&#8217;Ermitage                                            <\/div>\n                                                                            <\/a>\n                                <\/div>\n                                                                                    <div class=\"grid-item col-6\" data-src=\"https:\/\/app.localhub.ch\/api\/image\/01m11svgtsvztz4k7ttpgyx3hk\/scale\/1920\" data-sub-html=\"Restaurant de l&#039;Ermitage - \u00a9 Maison de l&#039;Ermitage\">\n                                    <a href=\"\" class=\"gallery-item wp-block-image lazyload-wrapper\">\n                                        <img decoding=\"async\" src=\"https:\/\/www.vaud.ch\/app\/themes\/child\/assets\/images\/loading-pixel.svg\" data-src=\"https:\/\/app.localhub.ch\/api\/image\/01m11svgtsvztz4k7ttpgyx3hk\/scale\/550\" class=\"lazyload\" alt=\"Restaurant de l&#039;Ermitage\">\n                                        <div class=\"gallery-overlay with-icon\">\n                                            <lord-icon src=\"https:\/\/cdn.lordicon.com\/fqfpkgja.json\" target=\".gallery-overlay\" trigger=\"hover\" colors=\"primary:#ffffff\" style=\"width:100px;height:100px\">\n                                            <\/lord-icon>\n                                        <\/div>\n                                                                                    <div class=\"wp-element-caption\">\n                                                Maison de l&#8217;Ermitage                                            <\/div>\n                                                                            <\/a>\n                                <\/div>\n                                                                                    <div class=\"grid-item col-6\" data-src=\"https:\/\/app.localhub.ch\/api\/image\/01m11swrs32yr3neym5m2yfm09\/scale\/1920\" data-sub-html=\"Restaurant de l&#039;Ermitage - \u00a9 Maison de l&#039;Ermitage\">\n                                    <a href=\"\" class=\"gallery-item wp-block-image lazyload-wrapper\">\n                                        <img decoding=\"async\" src=\"https:\/\/www.vaud.ch\/app\/themes\/child\/assets\/images\/loading-pixel.svg\" data-src=\"https:\/\/app.localhub.ch\/api\/image\/01m11swrs32yr3neym5m2yfm09\/scale\/550\" class=\"lazyload\" alt=\"Restaurant de l&#039;Ermitage\">\n                                        <div class=\"gallery-overlay with-icon\">\n                                            <lord-icon src=\"https:\/\/cdn.lordicon.com\/fqfpkgja.json\" target=\".gallery-overlay\" trigger=\"hover\" colors=\"primary:#ffffff\" style=\"width:100px;height:100px\">\n                                            <\/lord-icon>\n                                        <\/div>\n                                                                                    <div class=\"wp-element-caption\">\n                                                Maison de l&#8217;Ermitage                                            <\/div>\n                                                                            <\/a>\n                                <\/div>\n                                                                        <\/div>\n                <\/div>\n                    <\/section>\n    \n            <div>\n            <a target=\"_blank\" href=\"https:\/\/www.vaud.ch\/de\/tourismus\/aktivitaten\/restaurant-de-lermitage\" class=\"btn\">\n                <span>Mehr lesen<\/span>\n            <\/a>\n        <\/div>\n    <\/div>\n                                    <\/div>\n                                                                    <div\n                                        class=\"itinerary-content-panel\"\n                                        id=\"itinerary-content-pays-denhaut-tag-3-zwischen-himmel-und-terroir-step-3\"\n                                        data-lieu-id=\"pays-denhaut\"\n                                        data-day-id=\"pays-denhaut-tag-3-zwischen-himmel-und-terroir\"\n                                        data-step-id=\"pays-denhaut-tag-3-zwischen-himmel-und-terroir-step-3\"\n                                    >\n                                        <div class=\"itinerary-step-content wp-block-acf-itinerary-step-content\">\n    \n\n<h4 class=\"wp-block-heading\">NACHMITTAG \u2013 Besuch der Ferme de la Rosette bei Caroline Daenzer<\/h4>\n\n\n\n<p class=\"wp-block-paragraph\">Wenn Sie noch etwas Energie haben, besuchen Sie die Ferme de la Rosette. Steeve und Caroline Daenzer halten mit viel Leidenschaft Salers-Rinder, eine robuste Rasse, die f\u00fcr die Qualit\u00e4t ihres Fleisches gesch\u00e4tzt wird. Entdecken Sie den Betrieb, das Know-how und authentische Produkte aus dem Pays-d\u2019Enhaut.<\/p>\n\n            <section class=\"itinerary-step-medias\">\n                            <div class=\"gallery\">\n                                        <div class=\"lightgallery row\">\n                                                        <div class=\"grid-item col-6\" data-src=\"https:\/\/app.localhub.ch\/api\/image\/01kbq6zk5mcqn7qc89epx0rha1\/scale\/1920\" data-sub-html=\"Rosette farm - summer - Ch\u00e2teau-d&#039;Oex - Pays-d&#039;Enhaut R\u00e9gion\">\n                                    <a href=\"\" class=\"gallery-item wp-block-image lazyload-wrapper\">\n                                        <img decoding=\"async\" src=\"https:\/\/www.vaud.ch\/app\/themes\/child\/assets\/images\/loading-pixel.svg\" data-src=\"https:\/\/app.localhub.ch\/api\/image\/01kbq6zk5mcqn7qc89epx0rha1\/scale\/550\" class=\"lazyload\" alt=\"Rosette farm - summer - Ch\u00e2teau-d&#039;Oex - Pays-d&#039;Enhaut R\u00e9gion\">\n                                        <div class=\"gallery-overlay with-icon\">\n                                            <lord-icon src=\"https:\/\/cdn.lordicon.com\/fqfpkgja.json\" target=\".gallery-overlay\" trigger=\"hover\" colors=\"primary:#ffffff\" style=\"width:100px;height:100px\">\n                                            <\/lord-icon>\n                                        <\/div>\n                                                                            <\/a>\n                                <\/div>\n                                                                        <\/div>\n                <\/div>\n                    <\/section>\n    \n            <div>\n            <a target=\"_blank\" href=\"https:\/\/www.vaud.ch\/de\/tourismus\/aktivitaten\/bergbauernhof-la-rosette\" class=\"btn\">\n                <span>Mehr lesen<\/span>\n            <\/a>\n        <\/div>\n    <\/div>\n                                    <\/div>\n                                                                    <div\n                                        class=\"itinerary-content-panel\"\n                                        id=\"itinerary-content-pays-denhaut-tag-3-zwischen-himmel-und-terroir-step-4\"\n                                        data-lieu-id=\"pays-denhaut\"\n                                        data-day-id=\"pays-denhaut-tag-3-zwischen-himmel-und-terroir\"\n                                        data-step-id=\"pays-denhaut-tag-3-zwischen-himmel-und-terroir-step-4\"\n                                    >\n                                        <div class=\"itinerary-step-content wp-block-acf-itinerary-step-content\">\n    \n\n<h4 class=\"wp-block-heading\">NACHMITTAG \u2013 Einkauf lokaler Produkte in der Laiterie des Moulins<\/h4>\n\n\n\n<p class=\"wp-block-paragraph\">Bevor Sie die Heimreise antreten, decken Sie sich in der Fromagerie Buchiller mit regionalen Spezialit\u00e4ten ein. Gruy\u00e8re AOP und authentische Produkte aus dem Pays-d\u2019Enhaut verl\u00e4ngern das Erlebnis zu Hause.<\/p>\n\n            <section class=\"itinerary-step-medias\">\n                            <div class=\"gallery\">\n                                        <div class=\"lightgallery row\">\n                                                        <div class=\"grid-item col-6\" data-src=\"https:\/\/app.localhub.ch\/api\/image\/01kbq6vdvkd7k12e43hpw43g1b\/scale\/1920\" data-sub-html=\"Distributeur Fromagerie Moulins - ext\u00e9rieur - Les Moulins - Printemps - PERET - \u00a9 Pays d&#039;Enhaut R\u00e9gion\">\n                                    <a href=\"\" class=\"gallery-item wp-block-image lazyload-wrapper\">\n                                        <img decoding=\"async\" src=\"https:\/\/www.vaud.ch\/app\/themes\/child\/assets\/images\/loading-pixel.svg\" data-src=\"https:\/\/app.localhub.ch\/api\/image\/01kbq6vdvkd7k12e43hpw43g1b\/scale\/550\" class=\"lazyload\" alt=\"Distributeur Fromagerie Moulins - ext\u00e9rieur - Les Moulins - Printemps - PERET\">\n                                        <div class=\"gallery-overlay with-icon\">\n                                            <lord-icon src=\"https:\/\/cdn.lordicon.com\/fqfpkgja.json\" target=\".gallery-overlay\" trigger=\"hover\" colors=\"primary:#ffffff\" style=\"width:100px;height:100px\">\n                                            <\/lord-icon>\n                                        <\/div>\n                                                                                    <div class=\"wp-element-caption\">\n                                                Pays d&#8217;Enhaut R\u00e9gion                                            <\/div>\n                                                                            <\/a>\n                                <\/div>\n                                                                                    <div class=\"grid-item col-6\" data-src=\"https:\/\/app.localhub.ch\/api\/image\/01kbq6veaj2dyr14d5qsv006ke\/scale\/1920\" data-sub-html=\"Fromagerie\/laiterie des Moulins m et mme buchilier - pas de saison - Les Moulins - Fabrice Wagner - \u00a9 Fabrice Wagner\">\n                                    <a href=\"\" class=\"gallery-item wp-block-image lazyload-wrapper\">\n                                        <img decoding=\"async\" src=\"https:\/\/www.vaud.ch\/app\/themes\/child\/assets\/images\/loading-pixel.svg\" data-src=\"https:\/\/app.localhub.ch\/api\/image\/01kbq6veaj2dyr14d5qsv006ke\/scale\/550\" class=\"lazyload\" alt=\"Fromagerie\/laiterie des Moulins m et mme buchilier - pas de saison - Les Moulins - Fabrice Wagner\">\n                                        <div class=\"gallery-overlay with-icon\">\n                                            <lord-icon src=\"https:\/\/cdn.lordicon.com\/fqfpkgja.json\" target=\".gallery-overlay\" trigger=\"hover\" colors=\"primary:#ffffff\" style=\"width:100px;height:100px\">\n                                            <\/lord-icon>\n                                        <\/div>\n                                                                                    <div class=\"wp-element-caption\">\n                                                Fabrice Wagner                                            <\/div>\n                                                                            <\/a>\n                                <\/div>\n                                                                        <\/div>\n                <\/div>\n                    <\/section>\n    \n            <div>\n            <a target=\"_blank\" href=\"https:\/\/www.vaud.ch\/de\/tourismus\/aktivitaten\/bio-molkerei-les-moulins\" class=\"btn\">\n                <span>Mehr lesen<\/span>\n            <\/a>\n        <\/div>\n    <\/div>\n                                    <\/div>\n                                                                                    <\/div>\n                    <\/div>\n                <\/section>\n                            <section class=\"itinerary-lieu-section\" data-lieu-id=\"alpes-vaudoises\">\n                    <h3 class=\"itinerary-lieu-title\">\n                        Route Alpes Vaudoises                    <\/h3>\n                                            <div class=\"itinerary-lieu-intro\">\n                            Diese dreit\u00e4gige Route durch die Waadtl\u00e4nder Alpen l\u00e4dt Sie zu einer Entdeckungsreise durch Weinberge, Kulturerbe, regionale Spezialit\u00e4ten und Alpenlandschaften ein. Von den Weinbergen von Aigle \u00fcber die Salzminen von Bex bis hin zu den lokalen K\u00f6stlichkeiten von Solalex und den Panoramablicken von Villars \u2013 jede Etappe bringt die nat\u00fcrlichen und kulinarischen Sch\u00e4tze der Region zur Geltung.\r\n<br><br><h4>Zu probieren<\/h4>\r\n<ul>\r\n \t<li>Der Chasselas Aigle Grand Cru Chablais AOC auf der Domaine Emery<\/li>\r\n \t<li>Das Moiti\u00e9-Moiti\u00e9-Fondue und das Raclette vom Holzfeuer in Solalex<\/li>\r\n \t<li>Die K\u00e4sesorten von der Alm Bovonne<\/li>\r\n \t<li>Die Jagd auf den Miroir d\u2019Argentine<\/li>\r\n \t<li>Die Forelle nach M\u00fcllerinart im Restaurant du Lac des Chavonnes<\/li>\r\n \t<li>Die handwerklich hergestellten Pralinen und Schokoladen von Charlet in Gryon<\/li>\r\n<\/ul>                        <\/div>\n                                        <div class=\"itinerary-layout-bottom\">\n                        <aside class=\"itinerary-sidebar\">\n                                                                                                                            <div class=\"itinerary-day-group\" data-day-id=\"alpes-vaudoises-tag-1-von-den-rebbergen-in-die-berge\">\n                                    <h5 class=\"itinerary-day-title\">\n                                        Tag 1 \u2013 Von den Rebbergen in die Berge                                    <\/h5>\n                                    <ul class=\"itinerary-steps-list\">\n                                                                                    <li class=\"itinerary-step-item\">\n                                                <button\n                                                    type=\"button\"\n                                                    class=\"itinerary-step-link\"\n                                                    data-lieu-id=\"alpes-vaudoises\"\n                                                    data-day-id=\"alpes-vaudoises-tag-1-von-den-rebbergen-in-die-berge\"\n                                                    data-step-id=\"alpes-vaudoises-tag-1-von-den-rebbergen-in-die-berge-step-1\"\n                                                >\n                                                    <span class=\"itinerary-step-number\">1<\/span>\n                                                    <span class=\"itinerary-step-label\">Ch\u00e2teau d\u2019Aigle, Weinmuseum und Essen in der Pinte du Paradis<\/span>\n                                                <\/button>\n                                            <\/li>\n                                                                                    <li class=\"itinerary-step-item\">\n                                                <button\n                                                    type=\"button\"\n                                                    class=\"itinerary-step-link\"\n                                                    data-lieu-id=\"alpes-vaudoises\"\n                                                    data-day-id=\"alpes-vaudoises-tag-1-von-den-rebbergen-in-die-berge\"\n                                                    data-step-id=\"alpes-vaudoises-tag-1-von-den-rebbergen-in-die-berge-step-2\"\n                                                >\n                                                    <span class=\"itinerary-step-number\">2<\/span>\n                                                    <span class=\"itinerary-step-label\">Erlebnisweg \u00abLa Cl\u00e9 des Vignes\u00bb in Aigle<\/span>\n                                                <\/button>\n                                            <\/li>\n                                                                                    <li class=\"itinerary-step-item\">\n                                                <button\n                                                    type=\"button\"\n                                                    class=\"itinerary-step-link\"\n                                                    data-lieu-id=\"alpes-vaudoises\"\n                                                    data-day-id=\"alpes-vaudoises-tag-1-von-den-rebbergen-in-die-berge\"\n                                                    data-step-id=\"alpes-vaudoises-tag-1-von-den-rebbergen-in-die-berge-step-3\"\n                                                >\n                                                    <span class=\"itinerary-step-number\">3<\/span>\n                                                    <span class=\"itinerary-step-label\">Besuch der Salzminen von Bex<\/span>\n                                                <\/button>\n                                            <\/li>\n                                                                                    <li class=\"itinerary-step-item\">\n                                                <button\n                                                    type=\"button\"\n                                                    class=\"itinerary-step-link\"\n                                                    data-lieu-id=\"alpes-vaudoises\"\n                                                    data-day-id=\"alpes-vaudoises-tag-1-von-den-rebbergen-in-die-berge\"\n                                                    data-step-id=\"alpes-vaudoises-tag-1-von-den-rebbergen-in-die-berge-step-4\"\n                                                >\n                                                    <span class=\"itinerary-step-number\">4<\/span>\n                                                    <span class=\"itinerary-step-label\">H\u00f4tel Miroir d\u2019Argentine und Essen im Refuge de Solalex<\/span>\n                                                <\/button>\n                                            <\/li>\n                                                                            <\/ul>\n                                <\/div>\n                                                                                                                            <div class=\"itinerary-day-group\" data-day-id=\"alpes-vaudoises-tag-2-kulinarische-auszeit-in-solalex\">\n                                    <h5 class=\"itinerary-day-title\">\n                                        Tag 2 \u2013 Kulinarische Auszeit in Solalex                                    <\/h5>\n                                    <ul class=\"itinerary-steps-list\">\n                                                                                    <li class=\"itinerary-step-item\">\n                                                <button\n                                                    type=\"button\"\n                                                    class=\"itinerary-step-link\"\n                                                    data-lieu-id=\"alpes-vaudoises\"\n                                                    data-day-id=\"alpes-vaudoises-tag-2-kulinarische-auszeit-in-solalex\"\n                                                    data-step-id=\"alpes-vaudoises-tag-2-kulinarische-auszeit-in-solalex-step-1\"\n                                                >\n                                                    <span class=\"itinerary-step-number\">1<\/span>\n                                                    <span class=\"itinerary-step-label\">Ausflug nach Solalex und Panoramawanderung<\/span>\n                                                <\/button>\n                                            <\/li>\n                                                                                    <li class=\"itinerary-step-item\">\n                                                <button\n                                                    type=\"button\"\n                                                    class=\"itinerary-step-link\"\n                                                    data-lieu-id=\"alpes-vaudoises\"\n                                                    data-day-id=\"alpes-vaudoises-tag-2-kulinarische-auszeit-in-solalex\"\n                                                    data-step-id=\"alpes-vaudoises-tag-2-kulinarische-auszeit-in-solalex-step-2\"\n                                                >\n                                                    <span class=\"itinerary-step-number\">2<\/span>\n                                                    <span class=\"itinerary-step-label\">Regionale Eink\u00e4ufe im Comptoir de Solalex<\/span>\n                                                <\/button>\n                                            <\/li>\n                                                                                    <li class=\"itinerary-step-item\">\n                                                <button\n                                                    type=\"button\"\n                                                    class=\"itinerary-step-link\"\n                                                    data-lieu-id=\"alpes-vaudoises\"\n                                                    data-day-id=\"alpes-vaudoises-tag-2-kulinarische-auszeit-in-solalex\"\n                                                    data-step-id=\"alpes-vaudoises-tag-2-kulinarische-auszeit-in-solalex-step-3\"\n                                                >\n                                                    <span class=\"itinerary-step-number\">3<\/span>\n                                                    <span class=\"itinerary-step-label\">Gastronomisches Dinner mit Weinbegleitung im Restaurant Miroir d\u2019Argentine<\/span>\n                                                <\/button>\n                                            <\/li>\n                                                                                    <li class=\"itinerary-step-item\">\n                                                <button\n                                                    type=\"button\"\n                                                    class=\"itinerary-step-link\"\n                                                    data-lieu-id=\"alpes-vaudoises\"\n                                                    data-day-id=\"alpes-vaudoises-tag-2-kulinarische-auszeit-in-solalex\"\n                                                    data-step-id=\"alpes-vaudoises-tag-2-kulinarische-auszeit-in-solalex-step-4\"\n                                                >\n                                                    <span class=\"itinerary-step-number\">4<\/span>\n                                                    <span class=\"itinerary-step-label\">H\u00f4tel Miroir d\u2019Argentine<\/span>\n                                                <\/button>\n                                            <\/li>\n                                                                            <\/ul>\n                                <\/div>\n                                                                                                                            <div class=\"itinerary-day-group\" data-day-id=\"alpes-vaudoises-tag-3-gipfel-und-frische-bergluft\">\n                                    <h5 class=\"itinerary-day-title\">\n                                        Tag 3 \u2013 Gipfel und frische Bergluft                                    <\/h5>\n                                    <ul class=\"itinerary-steps-list\">\n                                                                                    <li class=\"itinerary-step-item\">\n                                                <button\n                                                    type=\"button\"\n                                                    class=\"itinerary-step-link\"\n                                                    data-lieu-id=\"alpes-vaudoises\"\n                                                    data-day-id=\"alpes-vaudoises-tag-3-gipfel-und-frische-bergluft\"\n                                                    data-step-id=\"alpes-vaudoises-tag-3-gipfel-und-frische-bergluft-step-1\"\n                                                >\n                                                    <span class=\"itinerary-step-number\">1<\/span>\n                                                    <span class=\"itinerary-step-label\">Fahrt mit der Gondelbahn zum Roc d\u2019Orsay<\/span>\n                                                <\/button>\n                                            <\/li>\n                                                                                    <li class=\"itinerary-step-item\">\n                                                <button\n                                                    type=\"button\"\n                                                    class=\"itinerary-step-link\"\n                                                    data-lieu-id=\"alpes-vaudoises\"\n                                                    data-day-id=\"alpes-vaudoises-tag-3-gipfel-und-frische-bergluft\"\n                                                    data-step-id=\"alpes-vaudoises-tag-3-gipfel-und-frische-bergluft-step-2\"\n                                                >\n                                                    <span class=\"itinerary-step-number\">2<\/span>\n                                                    <span class=\"itinerary-step-label\">Riesenschaukel in Villars<\/span>\n                                                <\/button>\n                                            <\/li>\n                                                                                    <li class=\"itinerary-step-item\">\n                                                <button\n                                                    type=\"button\"\n                                                    class=\"itinerary-step-link\"\n                                                    data-lieu-id=\"alpes-vaudoises\"\n                                                    data-day-id=\"alpes-vaudoises-tag-3-gipfel-und-frische-bergluft\"\n                                                    data-step-id=\"alpes-vaudoises-tag-3-gipfel-und-frische-bergluft-step-3\"\n                                                >\n                                                    <span class=\"itinerary-step-number\">3<\/span>\n                                                    <span class=\"itinerary-step-label\">Essen am Lac des Chavonnes<\/span>\n                                                <\/button>\n                                            <\/li>\n                                                                                    <li class=\"itinerary-step-item\">\n                                                <button\n                                                    type=\"button\"\n                                                    class=\"itinerary-step-link\"\n                                                    data-lieu-id=\"alpes-vaudoises\"\n                                                    data-day-id=\"alpes-vaudoises-tag-3-gipfel-und-frische-bergluft\"\n                                                    data-step-id=\"alpes-vaudoises-tag-3-gipfel-und-frische-bergluft-step-4\"\n                                                >\n                                                    <span class=\"itinerary-step-number\">4<\/span>\n                                                    <span class=\"itinerary-step-label\">Zugfahrt von Bretaye nach Villars durch die Herbstlandschaft<\/span>\n                                                <\/button>\n                                            <\/li>\n                                                                            <\/ul>\n                                <\/div>\n                                                    <\/aside>\n\n                        <div class=\"itinerary-content\">\n                                                                                                <div\n                                        class=\"itinerary-content-panel\"\n                                        id=\"itinerary-content-alpes-vaudoises-tag-1-von-den-rebbergen-in-die-berge-step-1\"\n                                        data-lieu-id=\"alpes-vaudoises\"\n                                        data-day-id=\"alpes-vaudoises-tag-1-von-den-rebbergen-in-die-berge\"\n                                        data-step-id=\"alpes-vaudoises-tag-1-von-den-rebbergen-in-die-berge-step-1\"\n                                    >\n                                        <div class=\"itinerary-step-content wp-block-acf-itinerary-step-content\">\n    \n\n<h4 class=\"wp-block-heading\">VORMITTAG UND MITTAG \u2013 Ch\u00e2teau d\u2019Aigle, Weinmuseum und Essen in der Pinte du Paradis<\/h4>\n\n\n\n<p class=\"wp-block-paragraph\">Beginnen Sie Ihren Aufenthalt im Ch\u00e2teau d\u2019Aigle mit einem Besuch des Mus\u00e9e de la Vigne, du Vin et de l\u2019\u00c9tiquette. Tauchen Sie im Herzen des Chablais AOC auf spielerische und immersive Weise in die Geschichte und Weintraditionen der Region ein, ideal als Einf\u00fchrung in die Welt der Waadtl\u00e4nder Weine.<\/p>\n\n            <section class=\"itinerary-step-medias\">\n                            <div class=\"gallery\">\n                                        <div class=\"lightgallery row\">\n                                                        <div class=\"grid-item col-6\" data-src=\"https:\/\/app.localhub.ch\/api\/image\/01kbhr8mm13kzrdv24jhcd6xvd\/scale\/1920\" data-sub-html=\"Blick \u00fcber Aigle und das verschneite Schloss - \u00a9 Visualps - Matthias Lehmann\">\n                                    <a href=\"\" class=\"gallery-item wp-block-image lazyload-wrapper\">\n                                        <img decoding=\"async\" src=\"https:\/\/www.vaud.ch\/app\/themes\/child\/assets\/images\/loading-pixel.svg\" data-src=\"https:\/\/app.localhub.ch\/api\/image\/01kbhr8mm13kzrdv24jhcd6xvd\/scale\/550\" class=\"lazyload\" alt=\"Blick \u00fcber Aigle und das verschneite Schloss\">\n                                        <div class=\"gallery-overlay with-icon\">\n                                            <lord-icon src=\"https:\/\/cdn.lordicon.com\/fqfpkgja.json\" target=\".gallery-overlay\" trigger=\"hover\" colors=\"primary:#ffffff\" style=\"width:100px;height:100px\">\n                                            <\/lord-icon>\n                                        <\/div>\n                                                                                    <div class=\"wp-element-caption\">\n                                                Visualps &#8211; Matthias Lehmann                                            <\/div>\n                                                                            <\/a>\n                                <\/div>\n                                                                                    <div class=\"grid-item col-6\" data-src=\"https:\/\/app.localhub.ch\/api\/image\/01kbhr8mm0njtha0vc1ytqewb7\/scale\/1920\" data-sub-html=\"Schloss von Aigle - Sommer - Aigle - \u00a9 Visualps Matthias Lehmann\">\n                                    <a href=\"\" class=\"gallery-item wp-block-image lazyload-wrapper\">\n                                        <img decoding=\"async\" src=\"https:\/\/www.vaud.ch\/app\/themes\/child\/assets\/images\/loading-pixel.svg\" data-src=\"https:\/\/app.localhub.ch\/api\/image\/01kbhr8mm0njtha0vc1ytqewb7\/scale\/550\" class=\"lazyload\" alt=\"Schloss von Aigle - Sommer - Aigle\">\n                                        <div class=\"gallery-overlay with-icon\">\n                                            <lord-icon src=\"https:\/\/cdn.lordicon.com\/fqfpkgja.json\" target=\".gallery-overlay\" trigger=\"hover\" colors=\"primary:#ffffff\" style=\"width:100px;height:100px\">\n                                            <\/lord-icon>\n                                        <\/div>\n                                                                                    <div class=\"wp-element-caption\">\n                                                Visualps Matthias Lehmann                                            <\/div>\n                                                                            <\/a>\n                                <\/div>\n                                                                        <\/div>\n                <\/div>\n                    <\/section>\n    \n            <div>\n            <a target=\"_blank\" href=\"https:\/\/alpesvaudoises.ch\/fr\/F715\/aigle\/chateau-daigle-musee-du-vin-entree\" class=\"btn\">\n                <span>Mehr lesen<\/span>\n            <\/a>\n        <\/div>\n    <\/div>\n                                    <\/div>\n                                                                    <div\n                                        class=\"itinerary-content-panel\"\n                                        id=\"itinerary-content-alpes-vaudoises-tag-1-von-den-rebbergen-in-die-berge-step-2\"\n                                        data-lieu-id=\"alpes-vaudoises\"\n                                        data-day-id=\"alpes-vaudoises-tag-1-von-den-rebbergen-in-die-berge\"\n                                        data-step-id=\"alpes-vaudoises-tag-1-von-den-rebbergen-in-die-berge-step-2\"\n                                    >\n                                        <div class=\"itinerary-step-content wp-block-acf-itinerary-step-content\">\n    \n\n<h4 class=\"wp-block-heading\">NACHMITTAG \u2013 Erlebnisweg \u00abLa Cl\u00e9 des Vignes\u00bb in Aigle<\/h4>\n\n\n\n<p class=\"wp-block-paragraph\">Entdecken Sie am Nachmittag die Weine des Chablais bei einem Abenteuer in den Rebbergen der Cave Alain Emery. Der Degustationsspaziergang f\u00fchrt zu \u00fcberraschenden, wundersch\u00f6nen Orten. Mit einem Schl\u00fcsselbund \u00f6ffnen Sie Degustationsstationen in den Reben, geniessen Aussichtspunkte und spielerische Aktivit\u00e4ten rund um Reben und Wein.<\/p>\n\n            <section class=\"itinerary-step-medias\">\n                            <div class=\"gallery\">\n                                        <div class=\"lightgallery row\">\n                                                        <div class=\"grid-item col-6\" data-src=\"https:\/\/app.localhub.ch\/api\/image\/01kztbyw9pjnczpm3xqfdm4bx2\/scale\/1920\" data-sub-html=\"AV - Magazine - Exp\u00e9riences - Cl\u00e9 des vignes - \u00a9 Alpes Vaudoises\">\n                                    <a href=\"\" class=\"gallery-item wp-block-image lazyload-wrapper\">\n                                        <img decoding=\"async\" src=\"https:\/\/www.vaud.ch\/app\/themes\/child\/assets\/images\/loading-pixel.svg\" data-src=\"https:\/\/app.localhub.ch\/api\/image\/01kztbyw9pjnczpm3xqfdm4bx2\/scale\/550\" class=\"lazyload\" alt=\"AV - Magazine - Exp\u00e9riences - Cl\u00e9 des vignes\">\n                                        <div class=\"gallery-overlay with-icon\">\n                                            <lord-icon src=\"https:\/\/cdn.lordicon.com\/fqfpkgja.json\" target=\".gallery-overlay\" trigger=\"hover\" colors=\"primary:#ffffff\" style=\"width:100px;height:100px\">\n                                            <\/lord-icon>\n                                        <\/div>\n                                                                                    <div class=\"wp-element-caption\">\n                                                Alpes Vaudoises                                            <\/div>\n                                                                            <\/a>\n                                <\/div>\n                                                                                    <div class=\"grid-item col-6\" data-src=\"https:\/\/app.localhub.ch\/api\/image\/01kztbyw9rtbhekztjjdnzawfz\/scale\/1920\" data-sub-html=\"AV - Magazine - Exp\u00e9riences - Cl\u00e9 des vignes - \u00a9 Alpes Vaudoises\">\n                                    <a href=\"\" class=\"gallery-item wp-block-image lazyload-wrapper\">\n                                        <img decoding=\"async\" src=\"https:\/\/www.vaud.ch\/app\/themes\/child\/assets\/images\/loading-pixel.svg\" data-src=\"https:\/\/app.localhub.ch\/api\/image\/01kztbyw9rtbhekztjjdnzawfz\/scale\/550\" class=\"lazyload\" alt=\"AV - Magazine - Exp\u00e9riences - Cl\u00e9 des vignes\">\n                                        <div class=\"gallery-overlay with-icon\">\n                                            <lord-icon src=\"https:\/\/cdn.lordicon.com\/fqfpkgja.json\" target=\".gallery-overlay\" trigger=\"hover\" colors=\"primary:#ffffff\" style=\"width:100px;height:100px\">\n                                            <\/lord-icon>\n                                        <\/div>\n                                                                                    <div class=\"wp-element-caption\">\n                                                Alpes Vaudoises                                            <\/div>\n                                                                            <\/a>\n                                <\/div>\n                                                                                    <div class=\"grid-item col-6\" data-src=\"https:\/\/app.localhub.ch\/api\/image\/01kztbyw9wh7k6d1p617pwq6ss\/scale\/1920\" data-sub-html=\"AV - Magazine - Exp\u00e9riences - Cl\u00e9 des vignes - \u00a9 Alpes Vaudoises\">\n                                    <a href=\"\" class=\"gallery-item wp-block-image lazyload-wrapper\">\n                                        <img decoding=\"async\" src=\"https:\/\/www.vaud.ch\/app\/themes\/child\/assets\/images\/loading-pixel.svg\" data-src=\"https:\/\/app.localhub.ch\/api\/image\/01kztbyw9wh7k6d1p617pwq6ss\/scale\/550\" class=\"lazyload\" alt=\"AV - Magazine - Exp\u00e9riences - Cl\u00e9 des vignes\">\n                                        <div class=\"gallery-overlay with-icon\">\n                                            <lord-icon src=\"https:\/\/cdn.lordicon.com\/fqfpkgja.json\" target=\".gallery-overlay\" trigger=\"hover\" colors=\"primary:#ffffff\" style=\"width:100px;height:100px\">\n                                            <\/lord-icon>\n                                        <\/div>\n                                                                                    <div class=\"wp-element-caption\">\n                                                Alpes Vaudoises                                            <\/div>\n                                                                            <\/a>\n                                <\/div>\n                                                                                    <div class=\"grid-item col-6\" data-src=\"https:\/\/app.localhub.ch\/api\/image\/01kztbyw9z5wvgjbfcjv5magtc\/scale\/1920\" data-sub-html=\"AV - Magazine - Exp\u00e9riences - Cl\u00e9 des vignes - \u00a9 Alpes Vaudoises\">\n                                    <a href=\"\" class=\"gallery-item wp-block-image lazyload-wrapper\">\n                                        <img decoding=\"async\" src=\"https:\/\/www.vaud.ch\/app\/themes\/child\/assets\/images\/loading-pixel.svg\" data-src=\"https:\/\/app.localhub.ch\/api\/image\/01kztbyw9z5wvgjbfcjv5magtc\/scale\/550\" class=\"lazyload\" alt=\"AV - Magazine - Exp\u00e9riences - Cl\u00e9 des vignes\">\n                                        <div class=\"gallery-overlay with-icon\">\n                                            <lord-icon src=\"https:\/\/cdn.lordicon.com\/fqfpkgja.json\" target=\".gallery-overlay\" trigger=\"hover\" colors=\"primary:#ffffff\" style=\"width:100px;height:100px\">\n                                            <\/lord-icon>\n                                        <\/div>\n                                                                                    <div class=\"wp-element-caption\">\n                                                Alpes Vaudoises                                            <\/div>\n                                                                            <\/a>\n                                <\/div>\n                                                                        <\/div>\n                <\/div>\n                    <\/section>\n    \n            <div>\n            <a target=\"_blank\" href=\"https:\/\/www.alpesvaudoises.ch\/fr\/F102011\/aigle\/cle-des-vignes#\/\" class=\"btn\">\n                <span>Mehr lesen<\/span>\n            <\/a>\n        <\/div>\n    <\/div>\n                                    <\/div>\n                                                                    <div\n                                        class=\"itinerary-content-panel\"\n                                        id=\"itinerary-content-alpes-vaudoises-tag-1-von-den-rebbergen-in-die-berge-step-3\"\n                                        data-lieu-id=\"alpes-vaudoises\"\n                                        data-day-id=\"alpes-vaudoises-tag-1-von-den-rebbergen-in-die-berge\"\n                                        data-step-id=\"alpes-vaudoises-tag-1-von-den-rebbergen-in-die-berge-step-3\"\n                                    >\n                                        <div class=\"itinerary-step-content wp-block-acf-itinerary-step-content\">\n    \n\n<h4 class=\"wp-block-heading\">NACHMITTAG \u2013 Besuch der Salzminen von Bex<\/h4>\n\n\n\n<p class=\"wp-block-paragraph\">Setzen Sie Ihren Entdeckungsnachmittag am Fuss der Waadtl\u00e4nder Alpen in den Salzminen von Bex fort. Die Besichtigung dieser faszinierenden unterirdischen Welt zeigt die eindrucksvollsten Elemente verschiedener alpiner Salzgewinnungstechniken, die seit 1684 eingesetzt werden. Nach einer audiovisuellen Pr\u00e4sentation bringt der Grubenzug die G\u00e4ste ins Herz des Salzbergs. Der Souvenirshop mit regionalen Produkten befindet sich im Empfangsbereich vor dem Eingang.<\/p>\n\n            <section class=\"itinerary-step-medias\">\n                            <div class=\"gallery\">\n                                        <div class=\"lightgallery row\">\n                                                        <div class=\"grid-item col-6\" data-src=\"https:\/\/app.localhub.ch\/api\/image\/01kbhra9zf9nncymcs3gn0b7mx\/scale\/1920\" data-sub-html=\"Visite des Mines de Sel de Bex \u00e0 la lanterne\">\n                                    <a href=\"\" class=\"gallery-item wp-block-image lazyload-wrapper\">\n                                        <img decoding=\"async\" src=\"https:\/\/www.vaud.ch\/app\/themes\/child\/assets\/images\/loading-pixel.svg\" data-src=\"https:\/\/app.localhub.ch\/api\/image\/01kbhra9zf9nncymcs3gn0b7mx\/scale\/550\" class=\"lazyload\" alt=\"Visite des Mines de Sel de Bex \u00e0 la lanterne\">\n                                        <div class=\"gallery-overlay with-icon\">\n                                            <lord-icon src=\"https:\/\/cdn.lordicon.com\/fqfpkgja.json\" target=\".gallery-overlay\" trigger=\"hover\" colors=\"primary:#ffffff\" style=\"width:100px;height:100px\">\n                                            <\/lord-icon>\n                                        <\/div>\n                                                                            <\/a>\n                                <\/div>\n                                                                        <\/div>\n                <\/div>\n                    <\/section>\n    \n            <div>\n            <a target=\"_blank\" href=\"https:\/\/www.alpesvaudoises.ch\/fr\/F2351\/bex\/visite-des-mines-de-sel-de-bex-a-la-lanterne\" class=\"btn\">\n                <span>Mehr lesen<\/span>\n            <\/a>\n        <\/div>\n    <\/div>\n                                    <\/div>\n                                                                    <div\n                                        class=\"itinerary-content-panel\"\n                                        id=\"itinerary-content-alpes-vaudoises-tag-1-von-den-rebbergen-in-die-berge-step-4\"\n                                        data-lieu-id=\"alpes-vaudoises\"\n                                        data-day-id=\"alpes-vaudoises-tag-1-von-den-rebbergen-in-die-berge\"\n                                        data-step-id=\"alpes-vaudoises-tag-1-von-den-rebbergen-in-die-berge-step-4\"\n                                    >\n                                        <div class=\"itinerary-step-content wp-block-acf-itinerary-step-content\">\n    \n\n<h4 class=\"wp-block-heading\">\u00dcBERNACHTUNG \u2013 H\u00f4tel Miroir d\u2019Argentine und Essen im Refuge de Solalex<\/h4>\n\n\n\n<p class=\"wp-block-paragraph\">Zum Abschluss des ersten Tages fahren Sie nach Solalex, ideal gelegen f\u00fcr die Entdeckungen des n\u00e4chsten Tages. Inmitten eines spektakul\u00e4ren Bergkessels empf\u00e4ngt Sie das Restaurant &amp; H\u00f4tel Miroir d\u2019Argentine in aussergew\u00f6hnlicher Natur. Die renovierten Zimmer verbinden Komfort und Authentizit\u00e4t f\u00fcr eine ruhige Nacht nahe den Gipfeln.<\/p>\n\n            <section class=\"itinerary-step-medias\">\n                            <div class=\"gallery\">\n                                        <div class=\"lightgallery row\">\n                                                        <div class=\"grid-item col-6\" data-src=\"https:\/\/app.localhub.ch\/api\/image\/01kvw267f73rayh34se7m9bx2g\/scale\/1920\" data-sub-html=\"Miroir d&#039;Argentine terrasse\">\n                                    <a href=\"\" class=\"gallery-item wp-block-image lazyload-wrapper\">\n                                        <img decoding=\"async\" src=\"https:\/\/www.vaud.ch\/app\/themes\/child\/assets\/images\/loading-pixel.svg\" data-src=\"https:\/\/app.localhub.ch\/api\/image\/01kvw267f73rayh34se7m9bx2g\/scale\/550\" class=\"lazyload\" alt=\"Miroir d&#039;Argentine terrasse\">\n                                        <div class=\"gallery-overlay with-icon\">\n                                            <lord-icon src=\"https:\/\/cdn.lordicon.com\/fqfpkgja.json\" target=\".gallery-overlay\" trigger=\"hover\" colors=\"primary:#ffffff\" style=\"width:100px;height:100px\">\n                                            <\/lord-icon>\n                                        <\/div>\n                                                                            <\/a>\n                                <\/div>\n                                                                                    <div class=\"grid-item col-6\" data-src=\"https:\/\/app.localhub.ch\/api\/image\/01kzqwje315sbz67r3c275m5h7\/scale\/1920\" data-sub-html=\"Miroir d&#039;Argentine terrasse - \u00a9 BRIGITTE BESSON\">\n                                    <a href=\"\" class=\"gallery-item wp-block-image lazyload-wrapper\">\n                                        <img decoding=\"async\" src=\"https:\/\/www.vaud.ch\/app\/themes\/child\/assets\/images\/loading-pixel.svg\" data-src=\"https:\/\/app.localhub.ch\/api\/image\/01kzqwje315sbz67r3c275m5h7\/scale\/550\" class=\"lazyload\" alt=\"Miroir d&#039;Argentine terrasse\">\n                                        <div class=\"gallery-overlay with-icon\">\n                                            <lord-icon src=\"https:\/\/cdn.lordicon.com\/fqfpkgja.json\" target=\".gallery-overlay\" trigger=\"hover\" colors=\"primary:#ffffff\" style=\"width:100px;height:100px\">\n                                            <\/lord-icon>\n                                        <\/div>\n                                                                                    <div class=\"wp-element-caption\">\n                                                BRIGITTE BESSON                                            <\/div>\n                                                                            <\/a>\n                                <\/div>\n                                                                                    <div class=\"grid-item col-6\" data-src=\"https:\/\/app.localhub.ch\/api\/image\/01kvw267f6c8q71nb2tqkwx23p\/scale\/1920\" data-sub-html=\"Miroir d&#039;Argentine terrasse - \u00a9 Restaurant du Miroir d&#039;Argentine\">\n                                    <a href=\"\" class=\"gallery-item wp-block-image lazyload-wrapper\">\n                                        <img decoding=\"async\" src=\"https:\/\/www.vaud.ch\/app\/themes\/child\/assets\/images\/loading-pixel.svg\" data-src=\"https:\/\/app.localhub.ch\/api\/image\/01kvw267f6c8q71nb2tqkwx23p\/scale\/550\" class=\"lazyload\" alt=\"Miroir d&#039;Argentine terrasse\">\n                                        <div class=\"gallery-overlay with-icon\">\n                                            <lord-icon src=\"https:\/\/cdn.lordicon.com\/fqfpkgja.json\" target=\".gallery-overlay\" trigger=\"hover\" colors=\"primary:#ffffff\" style=\"width:100px;height:100px\">\n                                            <\/lord-icon>\n                                        <\/div>\n                                                                                    <div class=\"wp-element-caption\">\n                                                Restaurant du Miroir d&#8217;Argentine                                            <\/div>\n                                                                            <\/a>\n                                <\/div>\n                                                                                    <div class=\"grid-item col-6\" data-src=\"https:\/\/app.localhub.ch\/api\/image\/01kzqwje34dkckccp793fwhd8z\/scale\/1920\" data-sub-html=\"Miroir d&#039;Argentine terrasse - \u00a9 Restaurant du Miroir d&#039;Argentine\">\n                                    <a href=\"\" class=\"gallery-item wp-block-image lazyload-wrapper\">\n                                        <img decoding=\"async\" src=\"https:\/\/www.vaud.ch\/app\/themes\/child\/assets\/images\/loading-pixel.svg\" data-src=\"https:\/\/app.localhub.ch\/api\/image\/01kzqwje34dkckccp793fwhd8z\/scale\/550\" class=\"lazyload\" alt=\"Miroir d&#039;Argentine terrasse\">\n                                        <div class=\"gallery-overlay with-icon\">\n                                            <lord-icon src=\"https:\/\/cdn.lordicon.com\/fqfpkgja.json\" target=\".gallery-overlay\" trigger=\"hover\" colors=\"primary:#ffffff\" style=\"width:100px;height:100px\">\n                                            <\/lord-icon>\n                                        <\/div>\n                                                                                    <div class=\"wp-element-caption\">\n                                                Restaurant du Miroir d&#8217;Argentine                                            <\/div>\n                                                                            <\/a>\n                                <\/div>\n                                                                        <\/div>\n                <\/div>\n                    <\/section>\n    \n            <div>\n            <a target=\"_blank\" href=\"https:\/\/www.vaud.ch\/de\/tourismus\/aktivitaten\/01kzqwj7eyxn22w2e7fg98rpdp\" class=\"btn\">\n                <span>Mehr lesen<\/span>\n            <\/a>\n        <\/div>\n    <\/div>\n                                    <\/div>\n                                                                                                                                <div\n                                        class=\"itinerary-content-panel\"\n                                        id=\"itinerary-content-alpes-vaudoises-tag-2-kulinarische-auszeit-in-solalex-step-1\"\n                                        data-lieu-id=\"alpes-vaudoises\"\n                                        data-day-id=\"alpes-vaudoises-tag-2-kulinarische-auszeit-in-solalex\"\n                                        data-step-id=\"alpes-vaudoises-tag-2-kulinarische-auszeit-in-solalex-step-1\"\n                                    >\n                                        <div class=\"itinerary-step-content wp-block-acf-itinerary-step-content\">\n    \n\n<h4 class=\"wp-block-heading\">VORMITTAG \u2013 Ausflug nach Solalex und Panoramawanderung<\/h4>\n\n\n\n<p class=\"wp-block-paragraph\">Nach einer erholsamen Nacht erwachen Sie in einer der sch\u00f6nsten Kulissen der Waadtl\u00e4nder Alpen. Erkunden Sie Solalex, eine Naturoase mit majest\u00e4tischen Felsw\u00e4nden, gr\u00fcnen Alpweiden und grossartigen Panoramen. Ob gem\u00fctlicher Spaziergang oder sportlichere Wanderung, dieser besondere Ort verspricht ein unvergessliches Naturerlebnis.<\/p>\n\n            <section class=\"itinerary-step-medias\">\n                            <div class=\"gallery\">\n                                        <div class=\"lightgallery row\">\n                                                        <div class=\"grid-item col-6\" data-src=\"https:\/\/app.localhub.ch\/api\/image\/01kbhrfjj6fz04b1fh0t9hy9h4\/scale\/1920\" data-sub-html=\"Solalex-hiver-\u00a9 Maxim Coquard\/Bestjobers - \u00a9 \u00a9 Maxim Coquard\/Bestjobers\">\n                                    <a href=\"\" class=\"gallery-item wp-block-image lazyload-wrapper\">\n                                        <img decoding=\"async\" src=\"https:\/\/www.vaud.ch\/app\/themes\/child\/assets\/images\/loading-pixel.svg\" data-src=\"https:\/\/app.localhub.ch\/api\/image\/01kbhrfjj6fz04b1fh0t9hy9h4\/scale\/550\" class=\"lazyload\" alt=\"Solalex-hiver-\u00a9 Maxim Coquard\/Bestjobers\">\n                                        <div class=\"gallery-overlay with-icon\">\n                                            <lord-icon src=\"https:\/\/cdn.lordicon.com\/fqfpkgja.json\" target=\".gallery-overlay\" trigger=\"hover\" colors=\"primary:#ffffff\" style=\"width:100px;height:100px\">\n                                            <\/lord-icon>\n                                        <\/div>\n                                                                                    <div class=\"wp-element-caption\">\n                                                \u00a9 Maxim Coquard\/Bestjobers                                            <\/div>\n                                                                            <\/a>\n                                <\/div>\n                                                                                    <div class=\"grid-item col-6\" data-src=\"https:\/\/app.localhub.ch\/api\/image\/01kbhrfjj8w8be2dryjx4dd57f\/scale\/1920\" data-sub-html=\"Solalex-\u00e9t\u00e9-\u00a9 Francesca Martini - \u00a9 \u00a9 Francesca Martini\">\n                                    <a href=\"\" class=\"gallery-item wp-block-image lazyload-wrapper\">\n                                        <img decoding=\"async\" src=\"https:\/\/www.vaud.ch\/app\/themes\/child\/assets\/images\/loading-pixel.svg\" data-src=\"https:\/\/app.localhub.ch\/api\/image\/01kbhrfjj8w8be2dryjx4dd57f\/scale\/550\" class=\"lazyload\" alt=\"Solalex-\u00e9t\u00e9-\u00a9 Francesca Martini\">\n                                        <div class=\"gallery-overlay with-icon\">\n                                            <lord-icon src=\"https:\/\/cdn.lordicon.com\/fqfpkgja.json\" target=\".gallery-overlay\" trigger=\"hover\" colors=\"primary:#ffffff\" style=\"width:100px;height:100px\">\n                                            <\/lord-icon>\n                                        <\/div>\n                                                                                    <div class=\"wp-element-caption\">\n                                                \u00a9 Francesca Martini                                            <\/div>\n                                                                            <\/a>\n                                <\/div>\n                                                                                    <div class=\"grid-item col-6\" data-src=\"https:\/\/app.localhub.ch\/api\/image\/01kbhrfjj9dydf9191hadp1cf5\/scale\/1920\" data-sub-html=\"Randonn\u00e9e Solalex \u00e9t\u00e9 - \u00a9 D.CARLIER \/ davidcarlierphotography.com\">\n                                    <a href=\"\" class=\"gallery-item wp-block-image lazyload-wrapper\">\n                                        <img decoding=\"async\" src=\"https:\/\/www.vaud.ch\/app\/themes\/child\/assets\/images\/loading-pixel.svg\" data-src=\"https:\/\/app.localhub.ch\/api\/image\/01kbhrfjj9dydf9191hadp1cf5\/scale\/550\" class=\"lazyload\" alt=\"Randonn\u00e9e Solalex \u00e9t\u00e9\">\n                                        <div class=\"gallery-overlay with-icon\">\n                                            <lord-icon src=\"https:\/\/cdn.lordicon.com\/fqfpkgja.json\" target=\".gallery-overlay\" trigger=\"hover\" colors=\"primary:#ffffff\" style=\"width:100px;height:100px\">\n                                            <\/lord-icon>\n                                        <\/div>\n                                                                                    <div class=\"wp-element-caption\">\n                                                D.CARLIER \/ davidcarlierphotography.com                                            <\/div>\n                                                                            <\/a>\n                                <\/div>\n                                                                                    <div class=\"grid-item col-6\" data-src=\"https:\/\/app.localhub.ch\/api\/image\/01kbhrfjjc51stdd82hjxcscmz\/scale\/1920\" data-sub-html=\"Des Chaux \u00e0 Solalex - \u00a9 Gr\u00e9gory Rohart \/ I-Trekkings.net\">\n                                    <a href=\"\" class=\"gallery-item wp-block-image lazyload-wrapper\">\n                                        <img decoding=\"async\" src=\"https:\/\/www.vaud.ch\/app\/themes\/child\/assets\/images\/loading-pixel.svg\" data-src=\"https:\/\/app.localhub.ch\/api\/image\/01kbhrfjjc51stdd82hjxcscmz\/scale\/550\" class=\"lazyload\" alt=\"Des Chaux \u00e0 Solalex\">\n                                        <div class=\"gallery-overlay with-icon\">\n                                            <lord-icon src=\"https:\/\/cdn.lordicon.com\/fqfpkgja.json\" target=\".gallery-overlay\" trigger=\"hover\" colors=\"primary:#ffffff\" style=\"width:100px;height:100px\">\n                                            <\/lord-icon>\n                                        <\/div>\n                                                                                    <div class=\"wp-element-caption\">\n                                                Gr\u00e9gory Rohart \/ I-Trekkings.net                                            <\/div>\n                                                                            <\/a>\n                                <\/div>\n                                                                        <\/div>\n                <\/div>\n                    <\/section>\n    \n            <div>\n            <a target=\"_blank\" href=\"https:\/\/www.vaud.ch\/de\/tourismus\/aktivitaten\/solalex\" class=\"btn\">\n                <span>Mehr lesen<\/span>\n            <\/a>\n        <\/div>\n    <\/div>\n                                    <\/div>\n                                                                    <div\n                                        class=\"itinerary-content-panel\"\n                                        id=\"itinerary-content-alpes-vaudoises-tag-2-kulinarische-auszeit-in-solalex-step-2\"\n                                        data-lieu-id=\"alpes-vaudoises\"\n                                        data-day-id=\"alpes-vaudoises-tag-2-kulinarische-auszeit-in-solalex\"\n                                        data-step-id=\"alpes-vaudoises-tag-2-kulinarische-auszeit-in-solalex-step-2\"\n                                    >\n                                        <div class=\"itinerary-step-content wp-block-acf-itinerary-step-content\">\n    \n\n<h4 class=\"wp-block-heading\">NACHMITTAG \u2013 Regionale Eink\u00e4ufe im Comptoir de Solalex<\/h4>\n\n\n\n<p class=\"wp-block-paragraph\">G\u00f6nnen Sie sich nach Ihrer Aktivit\u00e4t eine genussvolle Pause im Verkaufsladen des Refuge de Solalex. Entdecken Sie in dieser einmaligen Alpenkulisse mehr als 200 Weinreferenzen sowie eine grosse Auswahl an K\u00e4se und handwerklichen Spezialit\u00e4ten zum Mitnehmen.<\/p>\n\n            <section class=\"itinerary-step-medias\">\n                            <div class=\"gallery\">\n                                        <div class=\"lightgallery row\">\n                                                        <div class=\"grid-item col-6\" data-src=\"https:\/\/app.localhub.ch\/api\/image\/01kzt5ek3p4drds7d8bcnbskxk\/scale\/1920\" data-sub-html=\"5 - comptoir de Solalex\">\n                                    <a href=\"\" class=\"gallery-item wp-block-image lazyload-wrapper\">\n                                        <img decoding=\"async\" src=\"https:\/\/www.vaud.ch\/app\/themes\/child\/assets\/images\/loading-pixel.svg\" data-src=\"https:\/\/app.localhub.ch\/api\/image\/01kzt5ek3p4drds7d8bcnbskxk\/scale\/550\" class=\"lazyload\" alt=\"5 - comptoir de Solalex\">\n                                        <div class=\"gallery-overlay with-icon\">\n                                            <lord-icon src=\"https:\/\/cdn.lordicon.com\/fqfpkgja.json\" target=\".gallery-overlay\" trigger=\"hover\" colors=\"primary:#ffffff\" style=\"width:100px;height:100px\">\n                                            <\/lord-icon>\n                                        <\/div>\n                                                                            <\/a>\n                                <\/div>\n                                                                                    <div class=\"grid-item col-6\" data-src=\"https:\/\/app.localhub.ch\/api\/image\/01kzt5ek3ra8s58ztzd4p0p5fv\/scale\/1920\" data-sub-html=\"4 - comptoir de Solalex\">\n                                    <a href=\"\" class=\"gallery-item wp-block-image lazyload-wrapper\">\n                                        <img decoding=\"async\" src=\"https:\/\/www.vaud.ch\/app\/themes\/child\/assets\/images\/loading-pixel.svg\" data-src=\"https:\/\/app.localhub.ch\/api\/image\/01kzt5ek3ra8s58ztzd4p0p5fv\/scale\/550\" class=\"lazyload\" alt=\"4 - comptoir de Solalex\">\n                                        <div class=\"gallery-overlay with-icon\">\n                                            <lord-icon src=\"https:\/\/cdn.lordicon.com\/fqfpkgja.json\" target=\".gallery-overlay\" trigger=\"hover\" colors=\"primary:#ffffff\" style=\"width:100px;height:100px\">\n                                            <\/lord-icon>\n                                        <\/div>\n                                                                            <\/a>\n                                <\/div>\n                                                                                    <div class=\"grid-item col-6\" data-src=\"https:\/\/app.localhub.ch\/api\/image\/01kzt5ek3sdqma065ghfjk2vzy\/scale\/1920\" data-sub-html=\"3 - comptoir de Solalex\">\n                                    <a href=\"\" class=\"gallery-item wp-block-image lazyload-wrapper\">\n                                        <img decoding=\"async\" src=\"https:\/\/www.vaud.ch\/app\/themes\/child\/assets\/images\/loading-pixel.svg\" data-src=\"https:\/\/app.localhub.ch\/api\/image\/01kzt5ek3sdqma065ghfjk2vzy\/scale\/550\" class=\"lazyload\" alt=\"3 - comptoir de Solalex\">\n                                        <div class=\"gallery-overlay with-icon\">\n                                            <lord-icon src=\"https:\/\/cdn.lordicon.com\/fqfpkgja.json\" target=\".gallery-overlay\" trigger=\"hover\" colors=\"primary:#ffffff\" style=\"width:100px;height:100px\">\n                                            <\/lord-icon>\n                                        <\/div>\n                                                                            <\/a>\n                                <\/div>\n                                                                                    <div class=\"grid-item col-6\" data-src=\"https:\/\/app.localhub.ch\/api\/image\/01kzt5ek3tkbpa7bhmyhnynmt5\/scale\/1920\" data-sub-html=\"2 - comptoir de Solalex\">\n                                    <a href=\"\" class=\"gallery-item wp-block-image lazyload-wrapper\">\n                                        <img decoding=\"async\" src=\"https:\/\/www.vaud.ch\/app\/themes\/child\/assets\/images\/loading-pixel.svg\" data-src=\"https:\/\/app.localhub.ch\/api\/image\/01kzt5ek3tkbpa7bhmyhnynmt5\/scale\/550\" class=\"lazyload\" alt=\"2 - comptoir de Solalex\">\n                                        <div class=\"gallery-overlay with-icon\">\n                                            <lord-icon src=\"https:\/\/cdn.lordicon.com\/fqfpkgja.json\" target=\".gallery-overlay\" trigger=\"hover\" colors=\"primary:#ffffff\" style=\"width:100px;height:100px\">\n                                            <\/lord-icon>\n                                        <\/div>\n                                                                            <\/a>\n                                <\/div>\n                                                                        <\/div>\n                <\/div>\n                    <\/section>\n    \n            <div>\n            <a target=\"_blank\" href=\"https:\/\/www.vaud.ch\/de\/tourismus\/aktivitaten\/01kzt5dt1m4nmwv0sjy70hxkk4\" class=\"btn\">\n                <span>Mehr lesen<\/span>\n            <\/a>\n        <\/div>\n    <\/div>\n                                    <\/div>\n                                                                    <div\n                                        class=\"itinerary-content-panel\"\n                                        id=\"itinerary-content-alpes-vaudoises-tag-2-kulinarische-auszeit-in-solalex-step-3\"\n                                        data-lieu-id=\"alpes-vaudoises\"\n                                        data-day-id=\"alpes-vaudoises-tag-2-kulinarische-auszeit-in-solalex\"\n                                        data-step-id=\"alpes-vaudoises-tag-2-kulinarische-auszeit-in-solalex-step-3\"\n                                    >\n                                        <div class=\"itinerary-step-content wp-block-acf-itinerary-step-content\">\n    \n\n<h4 class=\"wp-block-heading\">ABEND \u2013 Gastronomisches Dinner mit Weinbegleitung im Restaurant Miroir d\u2019Argentine<\/h4>\n\n\n\n<p class=\"wp-block-paragraph\">Lehnen Sie sich bei einem alpinen Essen im Restaurant Miroir d\u2019Argentine entspannt zur\u00fcck und nehmen Sie sich Zeit f\u00fcr sich. Ein Sommelier empfiehlt eine Weinbegleitung, die perfekt auf das aktuelle Men\u00fc abgestimmt ist.<\/p>\n\n            <section class=\"itinerary-step-medias\">\n                            <div class=\"gallery\">\n                                        <div class=\"lightgallery row\">\n                                                        <div class=\"grid-item col-6\" data-src=\"https:\/\/app.localhub.ch\/api\/image\/01kztbz5qyjd71t3h4hwfsysh0\/scale\/1920\" data-sub-html=\"Plat - Miroir d&#039;Argentine - Solalex - \u00a9 Damien Bozzini\">\n                                    <a href=\"\" class=\"gallery-item wp-block-image lazyload-wrapper\">\n                                        <img decoding=\"async\" src=\"https:\/\/www.vaud.ch\/app\/themes\/child\/assets\/images\/loading-pixel.svg\" data-src=\"https:\/\/app.localhub.ch\/api\/image\/01kztbz5qyjd71t3h4hwfsysh0\/scale\/550\" class=\"lazyload\" alt=\"Plat - Miroir d&#039;Argentine - Solalex\">\n                                        <div class=\"gallery-overlay with-icon\">\n                                            <lord-icon src=\"https:\/\/cdn.lordicon.com\/fqfpkgja.json\" target=\".gallery-overlay\" trigger=\"hover\" colors=\"primary:#ffffff\" style=\"width:100px;height:100px\">\n                                            <\/lord-icon>\n                                        <\/div>\n                                                                                    <div class=\"wp-element-caption\">\n                                                Damien Bozzini                                            <\/div>\n                                                                            <\/a>\n                                <\/div>\n                                                                                    <div class=\"grid-item col-6\" data-src=\"https:\/\/app.localhub.ch\/api\/image\/01kztbz5r2rdx8jc4mv6fth434\/scale\/1920\" data-sub-html=\"Miroir Argentine.int\u00e9rieur_salle_web - \u00a9 \u00a9 Brigitte Besson\">\n                                    <a href=\"\" class=\"gallery-item wp-block-image lazyload-wrapper\">\n                                        <img decoding=\"async\" src=\"https:\/\/www.vaud.ch\/app\/themes\/child\/assets\/images\/loading-pixel.svg\" data-src=\"https:\/\/app.localhub.ch\/api\/image\/01kztbz5r2rdx8jc4mv6fth434\/scale\/550\" class=\"lazyload\" alt=\"Miroir Argentine.int\u00e9rieur_salle_web\">\n                                        <div class=\"gallery-overlay with-icon\">\n                                            <lord-icon src=\"https:\/\/cdn.lordicon.com\/fqfpkgja.json\" target=\".gallery-overlay\" trigger=\"hover\" colors=\"primary:#ffffff\" style=\"width:100px;height:100px\">\n                                            <\/lord-icon>\n                                        <\/div>\n                                                                                    <div class=\"wp-element-caption\">\n                                                \u00a9 Brigitte Besson                                            <\/div>\n                                                                            <\/a>\n                                <\/div>\n                                                                                    <div class=\"grid-item col-6\" data-src=\"https:\/\/app.localhub.ch\/api\/image\/01kztbz5r4534mvcvd50wfvw8m\/scale\/1920\" data-sub-html=\"Miroir d&#039;Argentine.cave_web - \u00a9 BRIGITTE BESSON\">\n                                    <a href=\"\" class=\"gallery-item wp-block-image lazyload-wrapper\">\n                                        <img decoding=\"async\" src=\"https:\/\/www.vaud.ch\/app\/themes\/child\/assets\/images\/loading-pixel.svg\" data-src=\"https:\/\/app.localhub.ch\/api\/image\/01kztbz5r4534mvcvd50wfvw8m\/scale\/550\" class=\"lazyload\" alt=\"Miroir d&#039;Argentine.cave_web\">\n                                        <div class=\"gallery-overlay with-icon\">\n                                            <lord-icon src=\"https:\/\/cdn.lordicon.com\/fqfpkgja.json\" target=\".gallery-overlay\" trigger=\"hover\" colors=\"primary:#ffffff\" style=\"width:100px;height:100px\">\n                                            <\/lord-icon>\n                                        <\/div>\n                                                                                    <div class=\"wp-element-caption\">\n                                                BRIGITTE BESSON                                            <\/div>\n                                                                            <\/a>\n                                <\/div>\n                                                                                    <div class=\"grid-item col-6\" data-src=\"https:\/\/app.localhub.ch\/api\/image\/01kztbz5r9y38bm8x10j8eexhp\/scale\/1920\" data-sub-html=\"Miroir d&#039;Argentine_vins - \u00a9 BRIGITTE BESSON\">\n                                    <a href=\"\" class=\"gallery-item wp-block-image lazyload-wrapper\">\n                                        <img decoding=\"async\" src=\"https:\/\/www.vaud.ch\/app\/themes\/child\/assets\/images\/loading-pixel.svg\" data-src=\"https:\/\/app.localhub.ch\/api\/image\/01kztbz5r9y38bm8x10j8eexhp\/scale\/550\" class=\"lazyload\" alt=\"Miroir d&#039;Argentine_vins\">\n                                        <div class=\"gallery-overlay with-icon\">\n                                            <lord-icon src=\"https:\/\/cdn.lordicon.com\/fqfpkgja.json\" target=\".gallery-overlay\" trigger=\"hover\" colors=\"primary:#ffffff\" style=\"width:100px;height:100px\">\n                                            <\/lord-icon>\n                                        <\/div>\n                                                                                    <div class=\"wp-element-caption\">\n                                                BRIGITTE BESSON                                            <\/div>\n                                                                            <\/a>\n                                <\/div>\n                                                                        <\/div>\n                <\/div>\n                    <\/section>\n    \n            <div>\n            <a target=\"_blank\" href=\"https:\/\/www.alpesvaudoises.ch\/fr\/F2012\/bex\/wine-and-dine-au-miroir-dargentine-solalex#\/\" class=\"btn\">\n                <span>Mehr lesen<\/span>\n            <\/a>\n        <\/div>\n    <\/div>\n                                    <\/div>\n                                                                    <div\n                                        class=\"itinerary-content-panel\"\n                                        id=\"itinerary-content-alpes-vaudoises-tag-2-kulinarische-auszeit-in-solalex-step-4\"\n                                        data-lieu-id=\"alpes-vaudoises\"\n                                        data-day-id=\"alpes-vaudoises-tag-2-kulinarische-auszeit-in-solalex\"\n                                        data-step-id=\"alpes-vaudoises-tag-2-kulinarische-auszeit-in-solalex-step-4\"\n                                    >\n                                        <div class=\"itinerary-step-content wp-block-acf-itinerary-step-content\">\n    \n\n<h4 class=\"wp-block-heading\">\u00dcBERNACHTUNG \u2013 H\u00f4tel Miroir d\u2019Argentine<\/h4>\n\n\n\n<p class=\"wp-block-paragraph\">Geniessen Sie eine weitere erholsame Nacht im Herzen der Waadtl\u00e4nder Alpen. Am n\u00e4chsten Tag warten neue Entdeckungen in einer erneut spektakul\u00e4ren Kulisse.<\/p>\n\n            <section class=\"itinerary-step-medias\">\n                            <div class=\"gallery\">\n                                        <div class=\"lightgallery row\">\n                                                        <div class=\"grid-item col-6\" data-src=\"https:\/\/app.localhub.ch\/api\/image\/01kvw267f73rayh34se7m9bx2g\/scale\/1920\" data-sub-html=\"Miroir d&#039;Argentine terrasse\">\n                                    <a href=\"\" class=\"gallery-item wp-block-image lazyload-wrapper\">\n                                        <img decoding=\"async\" src=\"https:\/\/www.vaud.ch\/app\/themes\/child\/assets\/images\/loading-pixel.svg\" data-src=\"https:\/\/app.localhub.ch\/api\/image\/01kvw267f73rayh34se7m9bx2g\/scale\/550\" class=\"lazyload\" alt=\"Miroir d&#039;Argentine terrasse\">\n                                        <div class=\"gallery-overlay with-icon\">\n                                            <lord-icon src=\"https:\/\/cdn.lordicon.com\/fqfpkgja.json\" target=\".gallery-overlay\" trigger=\"hover\" colors=\"primary:#ffffff\" style=\"width:100px;height:100px\">\n                                            <\/lord-icon>\n                                        <\/div>\n                                                                            <\/a>\n                                <\/div>\n                                                                                    <div class=\"grid-item col-6\" data-src=\"https:\/\/app.localhub.ch\/api\/image\/01kzqwje315sbz67r3c275m5h7\/scale\/1920\" data-sub-html=\"Miroir d&#039;Argentine terrasse - \u00a9 BRIGITTE BESSON\">\n                                    <a href=\"\" class=\"gallery-item wp-block-image lazyload-wrapper\">\n                                        <img decoding=\"async\" src=\"https:\/\/www.vaud.ch\/app\/themes\/child\/assets\/images\/loading-pixel.svg\" data-src=\"https:\/\/app.localhub.ch\/api\/image\/01kzqwje315sbz67r3c275m5h7\/scale\/550\" class=\"lazyload\" alt=\"Miroir d&#039;Argentine terrasse\">\n                                        <div class=\"gallery-overlay with-icon\">\n                                            <lord-icon src=\"https:\/\/cdn.lordicon.com\/fqfpkgja.json\" target=\".gallery-overlay\" trigger=\"hover\" colors=\"primary:#ffffff\" style=\"width:100px;height:100px\">\n                                            <\/lord-icon>\n                                        <\/div>\n                                                                                    <div class=\"wp-element-caption\">\n                                                BRIGITTE BESSON                                            <\/div>\n                                                                            <\/a>\n                                <\/div>\n                                                                                    <div class=\"grid-item col-6\" data-src=\"https:\/\/app.localhub.ch\/api\/image\/01kvw267f6c8q71nb2tqkwx23p\/scale\/1920\" data-sub-html=\"Miroir d&#039;Argentine terrasse - \u00a9 Restaurant du Miroir d&#039;Argentine\">\n                                    <a href=\"\" class=\"gallery-item wp-block-image lazyload-wrapper\">\n                                        <img decoding=\"async\" src=\"https:\/\/www.vaud.ch\/app\/themes\/child\/assets\/images\/loading-pixel.svg\" data-src=\"https:\/\/app.localhub.ch\/api\/image\/01kvw267f6c8q71nb2tqkwx23p\/scale\/550\" class=\"lazyload\" alt=\"Miroir d&#039;Argentine terrasse\">\n                                        <div class=\"gallery-overlay with-icon\">\n                                            <lord-icon src=\"https:\/\/cdn.lordicon.com\/fqfpkgja.json\" target=\".gallery-overlay\" trigger=\"hover\" colors=\"primary:#ffffff\" style=\"width:100px;height:100px\">\n                                            <\/lord-icon>\n                                        <\/div>\n                                                                                    <div class=\"wp-element-caption\">\n                                                Restaurant du Miroir d&#8217;Argentine                                            <\/div>\n                                                                            <\/a>\n                                <\/div>\n                                                                                    <div class=\"grid-item col-6\" data-src=\"https:\/\/app.localhub.ch\/api\/image\/01kzqwje34dkckccp793fwhd8z\/scale\/1920\" data-sub-html=\"Miroir d&#039;Argentine terrasse - \u00a9 Restaurant du Miroir d&#039;Argentine\">\n                                    <a href=\"\" class=\"gallery-item wp-block-image lazyload-wrapper\">\n                                        <img decoding=\"async\" src=\"https:\/\/www.vaud.ch\/app\/themes\/child\/assets\/images\/loading-pixel.svg\" data-src=\"https:\/\/app.localhub.ch\/api\/image\/01kzqwje34dkckccp793fwhd8z\/scale\/550\" class=\"lazyload\" alt=\"Miroir d&#039;Argentine terrasse\">\n                                        <div class=\"gallery-overlay with-icon\">\n                                            <lord-icon src=\"https:\/\/cdn.lordicon.com\/fqfpkgja.json\" target=\".gallery-overlay\" trigger=\"hover\" colors=\"primary:#ffffff\" style=\"width:100px;height:100px\">\n                                            <\/lord-icon>\n                                        <\/div>\n                                                                                    <div class=\"wp-element-caption\">\n                                                Restaurant du Miroir d&#8217;Argentine                                            <\/div>\n                                                                            <\/a>\n                                <\/div>\n                                                                        <\/div>\n                <\/div>\n                    <\/section>\n    \n            <div>\n            <a target=\"_blank\" href=\"https:\/\/www.vaud.ch\/de\/tourismus\/aktivitaten\/01kzqwj7eyxn22w2e7fg98rpdp\" class=\"btn\">\n                <span>Mehr lesen<\/span>\n            <\/a>\n        <\/div>\n    <\/div>\n                                    <\/div>\n                                                                                                                                <div\n                                        class=\"itinerary-content-panel\"\n                                        id=\"itinerary-content-alpes-vaudoises-tag-3-gipfel-und-frische-bergluft-step-1\"\n                                        data-lieu-id=\"alpes-vaudoises\"\n                                        data-day-id=\"alpes-vaudoises-tag-3-gipfel-und-frische-bergluft\"\n                                        data-step-id=\"alpes-vaudoises-tag-3-gipfel-und-frische-bergluft-step-1\"\n                                    >\n                                        <div class=\"itinerary-step-content wp-block-acf-itinerary-step-content\">\n    \n\n<h4 class=\"wp-block-heading\">VORMITTAG \u2013 Fahrt mit der Gondelbahn zum Roc d\u2019Orsay<\/h4>\n\n\n\n<p class=\"wp-block-paragraph\">Beginnen Sie Ihren Tag in der Region Villars mit der Gondelbahn zum Roc d\u2019Orsay. Oben f\u00fchrt ein kurzer Aufstieg zur ber\u00fchmten Riesenschaukel mit spektakul\u00e4rem Blick auf die umliegenden Gipfel.<\/p>\n\n            <section class=\"itinerary-step-medias\">\n                            <div class=\"gallery\">\n                                        <div class=\"lightgallery row\">\n                                                        <div class=\"grid-item col-6\" data-src=\"https:\/\/app.localhub.ch\/api\/image\/01kbhrfq7exvx0jvxn0astayn3\/scale\/1920\" data-sub-html=\"Roc d&#039;Orsay coucher de soleil - \u00a9 \u00a9 S\u00e9bastien Staub\">\n                                    <a href=\"\" class=\"gallery-item wp-block-image lazyload-wrapper\">\n                                        <img decoding=\"async\" src=\"https:\/\/www.vaud.ch\/app\/themes\/child\/assets\/images\/loading-pixel.svg\" data-src=\"https:\/\/app.localhub.ch\/api\/image\/01kbhrfq7exvx0jvxn0astayn3\/scale\/550\" class=\"lazyload\" alt=\"Roc d&#039;Orsay coucher de soleil\">\n                                        <div class=\"gallery-overlay with-icon\">\n                                            <lord-icon src=\"https:\/\/cdn.lordicon.com\/fqfpkgja.json\" target=\".gallery-overlay\" trigger=\"hover\" colors=\"primary:#ffffff\" style=\"width:100px;height:100px\">\n                                            <\/lord-icon>\n                                        <\/div>\n                                                                                    <div class=\"wp-element-caption\">\n                                                \u00a9 S\u00e9bastien Staub                                            <\/div>\n                                                                            <\/a>\n                                <\/div>\n                                                                                    <div class=\"grid-item col-6\" data-src=\"https:\/\/app.localhub.ch\/api\/image\/01kbhrfq7gehyxbm8m1wtzy7w1\/scale\/1920\" data-sub-html=\"T\u00e9l\u00e9cabine du Roc d&#039;Orsay \u00e9t\u00e9 - \u00a9 Visualps.ch\">\n                                    <a href=\"\" class=\"gallery-item wp-block-image lazyload-wrapper\">\n                                        <img decoding=\"async\" src=\"https:\/\/www.vaud.ch\/app\/themes\/child\/assets\/images\/loading-pixel.svg\" data-src=\"https:\/\/app.localhub.ch\/api\/image\/01kbhrfq7gehyxbm8m1wtzy7w1\/scale\/550\" class=\"lazyload\" alt=\"T\u00e9l\u00e9cabine du Roc d&#039;Orsay \u00e9t\u00e9\">\n                                        <div class=\"gallery-overlay with-icon\">\n                                            <lord-icon src=\"https:\/\/cdn.lordicon.com\/fqfpkgja.json\" target=\".gallery-overlay\" trigger=\"hover\" colors=\"primary:#ffffff\" style=\"width:100px;height:100px\">\n                                            <\/lord-icon>\n                                        <\/div>\n                                                                                    <div class=\"wp-element-caption\">\n                                                Visualps.ch                                            <\/div>\n                                                                            <\/a>\n                                <\/div>\n                                                                                    <div class=\"grid-item col-6\" data-src=\"https:\/\/app.localhub.ch\/api\/image\/01kbhrfq7h8vp42cdsd6zbbtnz\/scale\/1920\" data-sub-html=\"T\u00e9l\u00e9cabine du Roc d&#039;&#039;Orsay Hiver - \u00a9 Olivier Fatzer\">\n                                    <a href=\"\" class=\"gallery-item wp-block-image lazyload-wrapper\">\n                                        <img decoding=\"async\" src=\"https:\/\/www.vaud.ch\/app\/themes\/child\/assets\/images\/loading-pixel.svg\" data-src=\"https:\/\/app.localhub.ch\/api\/image\/01kbhrfq7h8vp42cdsd6zbbtnz\/scale\/550\" class=\"lazyload\" alt=\"T\u00e9l\u00e9cabine du Roc d&#039;&#039;Orsay Hiver\">\n                                        <div class=\"gallery-overlay with-icon\">\n                                            <lord-icon src=\"https:\/\/cdn.lordicon.com\/fqfpkgja.json\" target=\".gallery-overlay\" trigger=\"hover\" colors=\"primary:#ffffff\" style=\"width:100px;height:100px\">\n                                            <\/lord-icon>\n                                        <\/div>\n                                                                                    <div class=\"wp-element-caption\">\n                                                Olivier Fatzer                                            <\/div>\n                                                                            <\/a>\n                                <\/div>\n                                                                                    <div class=\"grid-item col-6\" data-src=\"https:\/\/app.localhub.ch\/api\/image\/01kbhrfq7j4tea2zjngtj01e0z\/scale\/1920\" data-sub-html=\"T\u00e9l\u00e9cabine Roc d&#039;Orsay - \u00a9 \u00a9 S\u00e9bastien Staub\">\n                                    <a href=\"\" class=\"gallery-item wp-block-image lazyload-wrapper\">\n                                        <img decoding=\"async\" src=\"https:\/\/www.vaud.ch\/app\/themes\/child\/assets\/images\/loading-pixel.svg\" data-src=\"https:\/\/app.localhub.ch\/api\/image\/01kbhrfq7j4tea2zjngtj01e0z\/scale\/550\" class=\"lazyload\" alt=\"T\u00e9l\u00e9cabine Roc d&#039;Orsay\">\n                                        <div class=\"gallery-overlay with-icon\">\n                                            <lord-icon src=\"https:\/\/cdn.lordicon.com\/fqfpkgja.json\" target=\".gallery-overlay\" trigger=\"hover\" colors=\"primary:#ffffff\" style=\"width:100px;height:100px\">\n                                            <\/lord-icon>\n                                        <\/div>\n                                                                                    <div class=\"wp-element-caption\">\n                                                \u00a9 S\u00e9bastien Staub                                            <\/div>\n                                                                            <\/a>\n                                <\/div>\n                                                                        <\/div>\n                <\/div>\n                    <\/section>\n    \n            <div>\n            <a target=\"_blank\" href=\"https:\/\/www.vaud.ch\/de\/tourismus\/aktivitaten\/gondelbahn-roc-dorsay\" class=\"btn\">\n                <span>Mehr lesen<\/span>\n            <\/a>\n        <\/div>\n    <\/div>\n                                    <\/div>\n                                                                    <div\n                                        class=\"itinerary-content-panel\"\n                                        id=\"itinerary-content-alpes-vaudoises-tag-3-gipfel-und-frische-bergluft-step-2\"\n                                        data-lieu-id=\"alpes-vaudoises\"\n                                        data-day-id=\"alpes-vaudoises-tag-3-gipfel-und-frische-bergluft\"\n                                        data-step-id=\"alpes-vaudoises-tag-3-gipfel-und-frische-bergluft-step-2\"\n                                    >\n                                        <div class=\"itinerary-step-content wp-block-acf-itinerary-step-content\">\n    \n\n<h4 class=\"wp-block-heading\">VORMITTAG \u2013 Riesenschaukel in Villars<\/h4>\n\n\n\n<p class=\"wp-block-paragraph\">Nach dem Fussweg l\u00e4dt die aussergew\u00f6hnliche Schaukel dazu ein, sich vor einem der sch\u00f6nsten Panoramen der Waadtl\u00e4nder Alpen in die H\u00f6he zu schwingen. Schon bei den ersten Bewegungen verbindet sich das Gef\u00fchl der Weite mit einem grossartigen Blick auf die Berge. Das Erlebnis l\u00e4sst sich sanft und beschaulich oder mutig gestalten, mit einer Neigung von bis zu 90 Grad f\u00fcr besonders Abenteuerlustige.<\/p>\n\n            <section class=\"itinerary-step-medias\">\n                            <div class=\"gallery\">\n                                        <div class=\"lightgallery row\">\n                                                        <div class=\"grid-item col-6\" data-src=\"https:\/\/app.localhub.ch\/api\/image\/01m0a0v1be4t0xy0kkm78px7mt\/scale\/1920\" data-sub-html=\"BalancAIR - \u00a9 VLT SA\">\n                                    <a href=\"\" class=\"gallery-item wp-block-image lazyload-wrapper\">\n                                        <img decoding=\"async\" src=\"https:\/\/www.vaud.ch\/app\/themes\/child\/assets\/images\/loading-pixel.svg\" data-src=\"https:\/\/app.localhub.ch\/api\/image\/01m0a0v1be4t0xy0kkm78px7mt\/scale\/550\" class=\"lazyload\" alt=\"BalancAIR\">\n                                        <div class=\"gallery-overlay with-icon\">\n                                            <lord-icon src=\"https:\/\/cdn.lordicon.com\/fqfpkgja.json\" target=\".gallery-overlay\" trigger=\"hover\" colors=\"primary:#ffffff\" style=\"width:100px;height:100px\">\n                                            <\/lord-icon>\n                                        <\/div>\n                                                                                    <div class=\"wp-element-caption\">\n                                                VLT SA                                            <\/div>\n                                                                            <\/a>\n                                <\/div>\n                                                                                    <div class=\"grid-item col-6\" data-src=\"https:\/\/app.localhub.ch\/api\/image\/01m0a0v1bfwfp9a5jza75gegja\/scale\/1920\" data-sub-html=\"BalancAIR - \u00a9 TVGD SA\">\n                                    <a href=\"\" class=\"gallery-item wp-block-image lazyload-wrapper\">\n                                        <img decoding=\"async\" src=\"https:\/\/www.vaud.ch\/app\/themes\/child\/assets\/images\/loading-pixel.svg\" data-src=\"https:\/\/app.localhub.ch\/api\/image\/01m0a0v1bfwfp9a5jza75gegja\/scale\/550\" class=\"lazyload\" alt=\"BalancAIR\">\n                                        <div class=\"gallery-overlay with-icon\">\n                                            <lord-icon src=\"https:\/\/cdn.lordicon.com\/fqfpkgja.json\" target=\".gallery-overlay\" trigger=\"hover\" colors=\"primary:#ffffff\" style=\"width:100px;height:100px\">\n                                            <\/lord-icon>\n                                        <\/div>\n                                                                                    <div class=\"wp-element-caption\">\n                                                TVGD SA                                            <\/div>\n                                                                            <\/a>\n                                <\/div>\n                                                                                    <div class=\"grid-item col-6\" data-src=\"https:\/\/app.localhub.ch\/api\/image\/01m0a0v1bhbazyvn0a0vag05xb\/scale\/1920\" data-sub-html=\"BalancAIR - \u00a9 TVGD SA\">\n                                    <a href=\"\" class=\"gallery-item wp-block-image lazyload-wrapper\">\n                                        <img decoding=\"async\" src=\"https:\/\/www.vaud.ch\/app\/themes\/child\/assets\/images\/loading-pixel.svg\" data-src=\"https:\/\/app.localhub.ch\/api\/image\/01m0a0v1bhbazyvn0a0vag05xb\/scale\/550\" class=\"lazyload\" alt=\"BalancAIR\">\n                                        <div class=\"gallery-overlay with-icon\">\n                                            <lord-icon src=\"https:\/\/cdn.lordicon.com\/fqfpkgja.json\" target=\".gallery-overlay\" trigger=\"hover\" colors=\"primary:#ffffff\" style=\"width:100px;height:100px\">\n                                            <\/lord-icon>\n                                        <\/div>\n                                                                                    <div class=\"wp-element-caption\">\n                                                TVGD SA                                            <\/div>\n                                                                            <\/a>\n                                <\/div>\n                                                                                    <div class=\"grid-item col-6\" data-src=\"https:\/\/app.localhub.ch\/api\/image\/01m0a0v1bjdbrfr72jknmv6qw3\/scale\/1920\" data-sub-html=\"BalancAIR - \u00a9 TVGD SA\">\n                                    <a href=\"\" class=\"gallery-item wp-block-image lazyload-wrapper\">\n                                        <img decoding=\"async\" src=\"https:\/\/www.vaud.ch\/app\/themes\/child\/assets\/images\/loading-pixel.svg\" data-src=\"https:\/\/app.localhub.ch\/api\/image\/01m0a0v1bjdbrfr72jknmv6qw3\/scale\/550\" class=\"lazyload\" alt=\"BalancAIR\">\n                                        <div class=\"gallery-overlay with-icon\">\n                                            <lord-icon src=\"https:\/\/cdn.lordicon.com\/fqfpkgja.json\" target=\".gallery-overlay\" trigger=\"hover\" colors=\"primary:#ffffff\" style=\"width:100px;height:100px\">\n                                            <\/lord-icon>\n                                        <\/div>\n                                                                                    <div class=\"wp-element-caption\">\n                                                TVGD SA                                            <\/div>\n                                                                            <\/a>\n                                <\/div>\n                                                                        <\/div>\n                <\/div>\n                    <\/section>\n    \n            <div>\n            <a target=\"_blank\" href=\"https:\/\/www.vaud.ch\/de\/tourismus\/aktivitaten\/01m0a0tggzs5bhhqytcnd79ne9\" class=\"btn\">\n                <span>Mehr lesen<\/span>\n            <\/a>\n        <\/div>\n    <\/div>\n                                    <\/div>\n                                                                    <div\n                                        class=\"itinerary-content-panel\"\n                                        id=\"itinerary-content-alpes-vaudoises-tag-3-gipfel-und-frische-bergluft-step-3\"\n                                        data-lieu-id=\"alpes-vaudoises\"\n                                        data-day-id=\"alpes-vaudoises-tag-3-gipfel-und-frische-bergluft\"\n                                        data-step-id=\"alpes-vaudoises-tag-3-gipfel-und-frische-bergluft-step-3\"\n                                    >\n                                        <div class=\"itinerary-step-content wp-block-acf-itinerary-step-content\">\n    \n\n<h4 class=\"wp-block-heading\">MITTAG \u2013 Essen am Lac des Chavonnes<\/h4>\n\n\n\n<p class=\"wp-block-paragraph\">Nach den intensiven Eindr\u00fccken geht es \u00fcber H\u00e4nge oder Grate zum Restaurant du Lac des Chavonnes. Es liegt am gleichnamigen Bergsee auf 1\u2019690 Metern H\u00f6he und empf\u00e4ngt seine G\u00e4ste im Sommer wie im Winter inmitten zauberhafter Natur. Zu den Spezialit\u00e4ten z\u00e4hlen Bl\u00e4tterteigpasteten mit Waldpilzen, mit frischen Kr\u00e4utern gebratenes Bergmilchlamm und Forelle M\u00fcllerin Art aus dem Lac des Chavonnes mit Mandeln.<\/p>\n\n            <section class=\"itinerary-step-medias\">\n                            <div class=\"gallery\">\n                                        <div class=\"lightgallery row\">\n                                                        <div class=\"grid-item col-6\" data-src=\"https:\/\/app.localhub.ch\/api\/image\/01kbhrf5h483a1e7bbpzedt8me\/scale\/1920\" data-sub-html=\"Lac des Chavonnes - \u00a9 Visualps.ch\">\n                                    <a href=\"\" class=\"gallery-item wp-block-image lazyload-wrapper\">\n                                        <img decoding=\"async\" src=\"https:\/\/www.vaud.ch\/app\/themes\/child\/assets\/images\/loading-pixel.svg\" data-src=\"https:\/\/app.localhub.ch\/api\/image\/01kbhrf5h483a1e7bbpzedt8me\/scale\/550\" class=\"lazyload\" alt=\"Lac des Chavonnes\">\n                                        <div class=\"gallery-overlay with-icon\">\n                                            <lord-icon src=\"https:\/\/cdn.lordicon.com\/fqfpkgja.json\" target=\".gallery-overlay\" trigger=\"hover\" colors=\"primary:#ffffff\" style=\"width:100px;height:100px\">\n                                            <\/lord-icon>\n                                        <\/div>\n                                                                                    <div class=\"wp-element-caption\">\n                                                Visualps.ch                                            <\/div>\n                                                                            <\/a>\n                                <\/div>\n                                                                                    <div class=\"grid-item col-6\" data-src=\"https:\/\/app.localhub.ch\/api\/image\/01kbhrf5h758wjkdgz62zbwpk3\/scale\/1920\" data-sub-html=\"Restaurant du Lac des Chavonnes - \u00a9 Visualps.ch\">\n                                    <a href=\"\" class=\"gallery-item wp-block-image lazyload-wrapper\">\n                                        <img decoding=\"async\" src=\"https:\/\/www.vaud.ch\/app\/themes\/child\/assets\/images\/loading-pixel.svg\" data-src=\"https:\/\/app.localhub.ch\/api\/image\/01kbhrf5h758wjkdgz62zbwpk3\/scale\/550\" class=\"lazyload\" alt=\"Restaurant du Lac des Chavonnes\">\n                                        <div class=\"gallery-overlay with-icon\">\n                                            <lord-icon src=\"https:\/\/cdn.lordicon.com\/fqfpkgja.json\" target=\".gallery-overlay\" trigger=\"hover\" colors=\"primary:#ffffff\" style=\"width:100px;height:100px\">\n                                            <\/lord-icon>\n                                        <\/div>\n                                                                                    <div class=\"wp-element-caption\">\n                                                Visualps.ch                                            <\/div>\n                                                                            <\/a>\n                                <\/div>\n                                                                                    <div class=\"grid-item col-6\" data-src=\"https:\/\/app.localhub.ch\/api\/image\/01kbhrf5h82bagydnk076w6fe3\/scale\/1920\" data-sub-html=\"Circuit_des_lacs_Raquettes_Lac_des_Chavonnes-Hiver-Villars-Francesca_Martini - \u00a9 \u00a9 Francesca Martini\">\n                                    <a href=\"\" class=\"gallery-item wp-block-image lazyload-wrapper\">\n                                        <img decoding=\"async\" src=\"https:\/\/www.vaud.ch\/app\/themes\/child\/assets\/images\/loading-pixel.svg\" data-src=\"https:\/\/app.localhub.ch\/api\/image\/01kbhrf5h82bagydnk076w6fe3\/scale\/550\" class=\"lazyload\" alt=\"Circuit_des_lacs_Raquettes_Lac_des_Chavonnes-Hiver-Villars-Francesca_Martini\">\n                                        <div class=\"gallery-overlay with-icon\">\n                                            <lord-icon src=\"https:\/\/cdn.lordicon.com\/fqfpkgja.json\" target=\".gallery-overlay\" trigger=\"hover\" colors=\"primary:#ffffff\" style=\"width:100px;height:100px\">\n                                            <\/lord-icon>\n                                        <\/div>\n                                                                                    <div class=\"wp-element-caption\">\n                                                \u00a9 Francesca Martini                                            <\/div>\n                                                                            <\/a>\n                                <\/div>\n                                                                        <\/div>\n                <\/div>\n                    <\/section>\n    \n            <div>\n            <a target=\"_blank\" href=\"https:\/\/www.vaud.ch\/de\/tourismus\/aktivitaten\/restaurant-du-lac-des-chavonnes\" class=\"btn\">\n                <span>Mehr lesen<\/span>\n            <\/a>\n        <\/div>\n    <\/div>\n                                    <\/div>\n                                                                    <div\n                                        class=\"itinerary-content-panel\"\n                                        id=\"itinerary-content-alpes-vaudoises-tag-3-gipfel-und-frische-bergluft-step-4\"\n                                        data-lieu-id=\"alpes-vaudoises\"\n                                        data-day-id=\"alpes-vaudoises-tag-3-gipfel-und-frische-bergluft\"\n                                        data-step-id=\"alpes-vaudoises-tag-3-gipfel-und-frische-bergluft-step-4\"\n                                    >\n                                        <div class=\"itinerary-step-content wp-block-acf-itinerary-step-content\">\n    \n\n<h4 class=\"wp-block-heading\">NACHMITTAG \u2013 Zugfahrt von Bretaye nach Villars durch die Herbstlandschaft<\/h4>\n\n\n\n<p class=\"wp-block-paragraph\">Spazieren Sie nach dem Essen gem\u00fctlich nach Bretaye und steigen Sie dort in den Zug nach Villars. Zum sch\u00f6nen Abschluss Ihres Aufenthalts geniessen Sie die Panoramafahrt und beobachten, wie sich Alpweiden, Gipfel und W\u00e4lder nach und nach vor Ihren Augen entfalten. Ein letzter besinnlicher Moment vor der R\u00fcckreise.<\/p>\n\n            <section class=\"itinerary-step-medias\">\n                            <div class=\"gallery\">\n                                        <div class=\"lightgallery row\">\n                                                        <div class=\"grid-item col-6\" data-src=\"https:\/\/app.localhub.ch\/api\/image\/01kzt5e93n89ecjzm0gwf9rw2v\/scale\/1920\" data-sub-html=\"BVB Hiver - \u00a9 (c) Guillaume Allet\">\n                                    <a href=\"\" class=\"gallery-item wp-block-image lazyload-wrapper\">\n                                        <img decoding=\"async\" src=\"https:\/\/www.vaud.ch\/app\/themes\/child\/assets\/images\/loading-pixel.svg\" data-src=\"https:\/\/app.localhub.ch\/api\/image\/01kzt5e93n89ecjzm0gwf9rw2v\/scale\/550\" class=\"lazyload\" alt=\"BVB Hiver\">\n                                        <div class=\"gallery-overlay with-icon\">\n                                            <lord-icon src=\"https:\/\/cdn.lordicon.com\/fqfpkgja.json\" target=\".gallery-overlay\" trigger=\"hover\" colors=\"primary:#ffffff\" style=\"width:100px;height:100px\">\n                                            <\/lord-icon>\n                                        <\/div>\n                                                                                    <div class=\"wp-element-caption\">\n                                                (c) Guillaume Allet                                            <\/div>\n                                                                            <\/a>\n                                <\/div>\n                                                                                    <div class=\"grid-item col-6\" data-src=\"https:\/\/app.localhub.ch\/api\/image\/01kzt5e93tk3wnvtmrsdw0fv7r\/scale\/1920\" data-sub-html=\"BVB \u00e9t\u00e9 - \u00a9 (c) Maxime Schmid\">\n                                    <a href=\"\" class=\"gallery-item wp-block-image lazyload-wrapper\">\n                                        <img decoding=\"async\" src=\"https:\/\/www.vaud.ch\/app\/themes\/child\/assets\/images\/loading-pixel.svg\" data-src=\"https:\/\/app.localhub.ch\/api\/image\/01kzt5e93tk3wnvtmrsdw0fv7r\/scale\/550\" class=\"lazyload\" alt=\"BVB \u00e9t\u00e9\">\n                                        <div class=\"gallery-overlay with-icon\">\n                                            <lord-icon src=\"https:\/\/cdn.lordicon.com\/fqfpkgja.json\" target=\".gallery-overlay\" trigger=\"hover\" colors=\"primary:#ffffff\" style=\"width:100px;height:100px\">\n                                            <\/lord-icon>\n                                        <\/div>\n                                                                                    <div class=\"wp-element-caption\">\n                                                (c) Maxime Schmid                                            <\/div>\n                                                                            <\/a>\n                                <\/div>\n                                                                        <\/div>\n                <\/div>\n                    <\/section>\n    \n            <div>\n            <a target=\"_blank\" href=\"https:\/\/www.vaud.ch\/de\/tourismus\/aktivitaten\/01kzt5dqepxp4panse0ax3ttfb\" class=\"btn\">\n                <span>Mehr lesen<\/span>\n            <\/a>\n        <\/div>\n    <\/div>\n                                    <\/div>\n                                                                                    <\/div>\n                    <\/div>\n                <\/section>\n                            <section class=\"itinerary-lieu-section\" data-lieu-id=\"montreux-riviera\">\n                    <h3 class=\"itinerary-lieu-title\">\n                        Route Montreux Riviera                    <\/h3>\n                                            <div class=\"itinerary-lieu-intro\">\n                            Diese dreit\u00e4gige Route zwischen Lavaux, Vevey und Montreux l\u00e4dt Sie ein, einige der sch\u00f6nsten Sch\u00e4tze der Waadtl\u00e4nder Riviera zu entdecken. Zwischen den zum UNESCO-Weltkulturerbe geh\u00f6renden Terrassenweinbergen, \u00f6nogastronomischen Erlebnissen, historischem Erbe und aussergew\u00f6hnlichen Ausblicken auf den Genfer See offenbart jede Etappe die Lebenskunst, f\u00fcr die die Region bekannt ist.\r\n<br><br><h4>Zu probieren<\/h4>\r\n<ul>\r\n \t<li>Die Weine aus dem Lavaux, insbesondere den Chasselas<\/li>\r\n \t<li>Fischgerichte vom See wie Eglifilet oder F\u00e9ra<\/li>\r\n \t<li>Die Raisin\u00e9e (oder <i>Vin cuit<\/i>), ein dickfl\u00fcssiger Sirup, der durch langes Einkochen von Apfel- oder Birnensaft entsteht<\/li>\r\n<\/ul>                        <\/div>\n                                        <div class=\"itinerary-layout-bottom\">\n                        <aside class=\"itinerary-sidebar\">\n                                                                                                                            <div class=\"itinerary-day-group\" data-day-id=\"montreux-riviera-tag-1-eintauchen-in-die-rebberge-von-lavaux\">\n                                    <h5 class=\"itinerary-day-title\">\n                                        Tag 1 \u2013 Eintauchen in die Rebberge von Lavaux                                    <\/h5>\n                                    <ul class=\"itinerary-steps-list\">\n                                                                                    <li class=\"itinerary-step-item\">\n                                                <button\n                                                    type=\"button\"\n                                                    class=\"itinerary-step-link\"\n                                                    data-lieu-id=\"montreux-riviera\"\n                                                    data-day-id=\"montreux-riviera-tag-1-eintauchen-in-die-rebberge-von-lavaux\"\n                                                    data-step-id=\"montreux-riviera-tag-1-eintauchen-in-die-rebberge-von-lavaux-step-1\"\n                                                >\n                                                    <span class=\"itinerary-step-number\">1<\/span>\n                                                    <span class=\"itinerary-step-label\">Route des Grands Crus<\/span>\n                                                <\/button>\n                                            <\/li>\n                                                                                    <li class=\"itinerary-step-item\">\n                                                <button\n                                                    type=\"button\"\n                                                    class=\"itinerary-step-link\"\n                                                    data-lieu-id=\"montreux-riviera\"\n                                                    data-day-id=\"montreux-riviera-tag-1-eintauchen-in-die-rebberge-von-lavaux\"\n                                                    data-step-id=\"montreux-riviera-tag-1-eintauchen-in-die-rebberge-von-lavaux-step-2\"\n                                                >\n                                                    <span class=\"itinerary-step-number\">2<\/span>\n                                                    <span class=\"itinerary-step-label\">Kellerbesuch und Degustation im Domaine Joly<\/span>\n                                                <\/button>\n                                            <\/li>\n                                                                                    <li class=\"itinerary-step-item\">\n                                                <button\n                                                    type=\"button\"\n                                                    class=\"itinerary-step-link\"\n                                                    data-lieu-id=\"montreux-riviera\"\n                                                    data-day-id=\"montreux-riviera-tag-1-eintauchen-in-die-rebberge-von-lavaux\"\n                                                    data-step-id=\"montreux-riviera-tag-1-eintauchen-in-die-rebberge-von-lavaux-step-3\"\n                                                >\n                                                    <span class=\"itinerary-step-number\">3<\/span>\n                                                    <span class=\"itinerary-step-label\">Mittagessen mit Aussicht im Tout un Monde<\/span>\n                                                <\/button>\n                                            <\/li>\n                                                                                    <li class=\"itinerary-step-item\">\n                                                <button\n                                                    type=\"button\"\n                                                    class=\"itinerary-step-link\"\n                                                    data-lieu-id=\"montreux-riviera\"\n                                                    data-day-id=\"montreux-riviera-tag-1-eintauchen-in-die-rebberge-von-lavaux\"\n                                                    data-step-id=\"montreux-riviera-tag-1-eintauchen-in-die-rebberge-von-lavaux-step-4\"\n                                                >\n                                                    <span class=\"itinerary-step-number\">4<\/span>\n                                                    <span class=\"itinerary-step-label\">H\u00f4tel du L\u00e9man<\/span>\n                                                <\/button>\n                                            <\/li>\n                                                                            <\/ul>\n                                <\/div>\n                                                                                                                            <div class=\"itinerary-day-group\" data-day-id=\"montreux-riviera-tag-2-gastronomie-an-der-riviera\">\n                                    <h5 class=\"itinerary-day-title\">\n                                        Tag 2 \u2013 Gastronomie an der Riviera                                    <\/h5>\n                                    <ul class=\"itinerary-steps-list\">\n                                                                                    <li class=\"itinerary-step-item\">\n                                                <button\n                                                    type=\"button\"\n                                                    class=\"itinerary-step-link\"\n                                                    data-lieu-id=\"montreux-riviera\"\n                                                    data-day-id=\"montreux-riviera-tag-2-gastronomie-an-der-riviera\"\n                                                    data-step-id=\"montreux-riviera-tag-2-gastronomie-an-der-riviera-step-1\"\n                                                >\n                                                    <span class=\"itinerary-step-number\">1<\/span>\n                                                    <span class=\"itinerary-step-label\">Fahrt mit dem Lavaux Panoramic<\/span>\n                                                <\/button>\n                                            <\/li>\n                                                                                    <li class=\"itinerary-step-item\">\n                                                <button\n                                                    type=\"button\"\n                                                    class=\"itinerary-step-link\"\n                                                    data-lieu-id=\"montreux-riviera\"\n                                                    data-day-id=\"montreux-riviera-tag-2-gastronomie-an-der-riviera\"\n                                                    data-step-id=\"montreux-riviera-tag-2-gastronomie-an-der-riviera-step-2\"\n                                                >\n                                                    <span class=\"itinerary-step-number\">2<\/span>\n                                                    <span class=\"itinerary-step-label\">Essen in der historischen Brasserie des H\u00f4tel Astra<\/span>\n                                                <\/button>\n                                            <\/li>\n                                                                                    <li class=\"itinerary-step-item\">\n                                                <button\n                                                    type=\"button\"\n                                                    class=\"itinerary-step-link\"\n                                                    data-lieu-id=\"montreux-riviera\"\n                                                    data-day-id=\"montreux-riviera-tag-2-gastronomie-an-der-riviera\"\n                                                    data-step-id=\"montreux-riviera-tag-2-gastronomie-an-der-riviera-step-3\"\n                                                >\n                                                    <span class=\"itinerary-step-number\">3<\/span>\n                                                    <span class=\"itinerary-step-label\">Besuch des Alimentarium in Vevey<\/span>\n                                                <\/button>\n                                            <\/li>\n                                                                                    <li class=\"itinerary-step-item\">\n                                                <button\n                                                    type=\"button\"\n                                                    class=\"itinerary-step-link\"\n                                                    data-lieu-id=\"montreux-riviera\"\n                                                    data-day-id=\"montreux-riviera-tag-2-gastronomie-an-der-riviera\"\n                                                    data-step-id=\"montreux-riviera-tag-2-gastronomie-an-der-riviera-step-4\"\n                                                >\n                                                    <span class=\"itinerary-step-number\">4<\/span>\n                                                    <span class=\"itinerary-step-label\">Dinner und Nacht im Coucou in Caux<\/span>\n                                                <\/button>\n                                            <\/li>\n                                                                            <\/ul>\n                                <\/div>\n                                                                                                                            <div class=\"itinerary-day-group\" data-day-id=\"montreux-riviera-tag-3-kultur-und-schifffahrt-auf-dem-see\">\n                                    <h5 class=\"itinerary-day-title\">\n                                        Tag 3 \u2013 Kultur und Schifffahrt auf dem See                                    <\/h5>\n                                    <ul class=\"itinerary-steps-list\">\n                                                                                    <li class=\"itinerary-step-item\">\n                                                <button\n                                                    type=\"button\"\n                                                    class=\"itinerary-step-link\"\n                                                    data-lieu-id=\"montreux-riviera\"\n                                                    data-day-id=\"montreux-riviera-tag-3-kultur-und-schifffahrt-auf-dem-see\"\n                                                    data-step-id=\"montreux-riviera-tag-3-kultur-und-schifffahrt-auf-dem-see-step-1\"\n                                                >\n                                                    <span class=\"itinerary-step-number\">1<\/span>\n                                                    <span class=\"itinerary-step-label\">Ch\u00e2teau de Chillon und die Weine des Schlosses<\/span>\n                                                <\/button>\n                                            <\/li>\n                                                                                    <li class=\"itinerary-step-item\">\n                                                <button\n                                                    type=\"button\"\n                                                    class=\"itinerary-step-link\"\n                                                    data-lieu-id=\"montreux-riviera\"\n                                                    data-day-id=\"montreux-riviera-tag-3-kultur-und-schifffahrt-auf-dem-see\"\n                                                    data-step-id=\"montreux-riviera-tag-3-kultur-und-schifffahrt-auf-dem-see-step-2\"\n                                                >\n                                                    <span class=\"itinerary-step-number\">2<\/span>\n                                                    <span class=\"itinerary-step-label\">Caf\u00e9 Byron<\/span>\n                                                <\/button>\n                                            <\/li>\n                                                                                    <li class=\"itinerary-step-item\">\n                                                <button\n                                                    type=\"button\"\n                                                    class=\"itinerary-step-link\"\n                                                    data-lieu-id=\"montreux-riviera\"\n                                                    data-day-id=\"montreux-riviera-tag-3-kultur-und-schifffahrt-auf-dem-see\"\n                                                    data-step-id=\"montreux-riviera-tag-3-kultur-und-schifffahrt-auf-dem-see-step-3\"\n                                                >\n                                                    <span class=\"itinerary-step-number\">3<\/span>\n                                                    <span class=\"itinerary-step-label\">Herbstliche Schifffahrt auf dem Genfersee<\/span>\n                                                <\/button>\n                                            <\/li>\n                                                                                    <li class=\"itinerary-step-item\">\n                                                <button\n                                                    type=\"button\"\n                                                    class=\"itinerary-step-link\"\n                                                    data-lieu-id=\"montreux-riviera\"\n                                                    data-day-id=\"montreux-riviera-tag-3-kultur-und-schifffahrt-auf-dem-see\"\n                                                    data-step-id=\"montreux-riviera-tag-3-kultur-und-schifffahrt-auf-dem-see-step-4\"\n                                                >\n                                                    <span class=\"itinerary-step-number\">4<\/span>\n                                                    <span class=\"itinerary-step-label\">Letzte Chasselas-Degustation vor der Abreise<\/span>\n                                                <\/button>\n                                            <\/li>\n                                                                            <\/ul>\n                                <\/div>\n                                                    <\/aside>\n\n                        <div class=\"itinerary-content\">\n                                                                                                <div\n                                        class=\"itinerary-content-panel\"\n                                        id=\"itinerary-content-montreux-riviera-tag-1-eintauchen-in-die-rebberge-von-lavaux-step-1\"\n                                        data-lieu-id=\"montreux-riviera\"\n                                        data-day-id=\"montreux-riviera-tag-1-eintauchen-in-die-rebberge-von-lavaux\"\n                                        data-step-id=\"montreux-riviera-tag-1-eintauchen-in-die-rebberge-von-lavaux-step-1\"\n                                    >\n                                        <div class=\"itinerary-step-content wp-block-acf-itinerary-step-content\">\n    \n\n<h4 class=\"wp-block-heading\">VORMITTAG \u2013 Route des Grands Crus<\/h4>\n\n\n\n<p class=\"wp-block-paragraph\">Beginnen Sie Ihre Auszeit auf der Route des Grands Crus de Lavaux. Zwischen Reben, malerischen D\u00f6rfern und spektakul\u00e4ren Blicken auf den Genfersee tauchen Sie in die einzigartige Welt eines UNESCO-gesch\u00fctzten Weinbaugebiets ein.<\/p>\n\n\n\n<p class=\"has-green-color-color has-text-color has-link-color wp-elements-25bb9f8cd3f6aa93d5aabf5d95358ed9 wp-block-paragraph\">Start: Cully | Ziel: Saint-Saphorin | Dauer: 3 Std. 30 Min. | Schwierigkeit: mittel<\/p>\n\n            <section class=\"itinerary-step-medias\">\n                            <div class=\"gallery\">\n                                        <div class=\"lightgallery row\">\n                                                        <div class=\"grid-item col-6\" data-src=\"https:\/\/app.localhub.ch\/api\/image\/01m0hyj4t8hm0khjvxq9drm3t2\/scale\/1920\" data-sub-html=\"La Route des Grands Crus - ST - \u00a9 Switzerland Tourism \/ Lorenz Richard\">\n                                    <a href=\"\" class=\"gallery-item wp-block-image lazyload-wrapper\">\n                                        <img decoding=\"async\" src=\"https:\/\/www.vaud.ch\/app\/themes\/child\/assets\/images\/loading-pixel.svg\" data-src=\"https:\/\/app.localhub.ch\/api\/image\/01m0hyj4t8hm0khjvxq9drm3t2\/scale\/550\" class=\"lazyload\" alt=\"La Route des Grands Crus - ST\">\n                                        <div class=\"gallery-overlay with-icon\">\n                                            <lord-icon src=\"https:\/\/cdn.lordicon.com\/fqfpkgja.json\" target=\".gallery-overlay\" trigger=\"hover\" colors=\"primary:#ffffff\" style=\"width:100px;height:100px\">\n                                            <\/lord-icon>\n                                        <\/div>\n                                                                                    <div class=\"wp-element-caption\">\n                                                Switzerland Tourism \/ Lorenz Richard                                            <\/div>\n                                                                            <\/a>\n                                <\/div>\n                                                                                    <div class=\"grid-item col-6\" data-src=\"https:\/\/app.localhub.ch\/api\/image\/01m0hyj4tavm6zfzzwsy4qqx76\/scale\/1920\" data-sub-html=\"La Route des Grands Crus - ST - \u00a9 Switzerland Tourism \/ Lorenz Richard\">\n                                    <a href=\"\" class=\"gallery-item wp-block-image lazyload-wrapper\">\n                                        <img decoding=\"async\" src=\"https:\/\/www.vaud.ch\/app\/themes\/child\/assets\/images\/loading-pixel.svg\" data-src=\"https:\/\/app.localhub.ch\/api\/image\/01m0hyj4tavm6zfzzwsy4qqx76\/scale\/550\" class=\"lazyload\" alt=\"La Route des Grands Crus - ST\">\n                                        <div class=\"gallery-overlay with-icon\">\n                                            <lord-icon src=\"https:\/\/cdn.lordicon.com\/fqfpkgja.json\" target=\".gallery-overlay\" trigger=\"hover\" colors=\"primary:#ffffff\" style=\"width:100px;height:100px\">\n                                            <\/lord-icon>\n                                        <\/div>\n                                                                                    <div class=\"wp-element-caption\">\n                                                Switzerland Tourism \/ Lorenz Richard                                            <\/div>\n                                                                            <\/a>\n                                <\/div>\n                                                                                    <div class=\"grid-item col-6\" data-src=\"https:\/\/app.localhub.ch\/api\/image\/01m0hyj4tbb7pqah3r4dmd498r\/scale\/1920\" data-sub-html=\"La Route des Grands Crus - ST - \u00a9 Switzerland Tourism \/ Lorenz Richard\">\n                                    <a href=\"\" class=\"gallery-item wp-block-image lazyload-wrapper\">\n                                        <img decoding=\"async\" src=\"https:\/\/www.vaud.ch\/app\/themes\/child\/assets\/images\/loading-pixel.svg\" data-src=\"https:\/\/app.localhub.ch\/api\/image\/01m0hyj4tbb7pqah3r4dmd498r\/scale\/550\" class=\"lazyload\" alt=\"La Route des Grands Crus - ST\">\n                                        <div class=\"gallery-overlay with-icon\">\n                                            <lord-icon src=\"https:\/\/cdn.lordicon.com\/fqfpkgja.json\" target=\".gallery-overlay\" trigger=\"hover\" colors=\"primary:#ffffff\" style=\"width:100px;height:100px\">\n                                            <\/lord-icon>\n                                        <\/div>\n                                                                                    <div class=\"wp-element-caption\">\n                                                Switzerland Tourism \/ Lorenz Richard                                            <\/div>\n                                                                            <\/a>\n                                <\/div>\n                                                                                    <div class=\"grid-item col-6\" data-src=\"https:\/\/app.localhub.ch\/api\/image\/01m0hyj4tdabm9qfp65dye97c6\/scale\/1920\" data-sub-html=\"Epesses Balades - \u00a9 Marie Contreras\">\n                                    <a href=\"\" class=\"gallery-item wp-block-image lazyload-wrapper\">\n                                        <img decoding=\"async\" src=\"https:\/\/www.vaud.ch\/app\/themes\/child\/assets\/images\/loading-pixel.svg\" data-src=\"https:\/\/app.localhub.ch\/api\/image\/01m0hyj4tdabm9qfp65dye97c6\/scale\/550\" class=\"lazyload\" alt=\"Epesses Balades\">\n                                        <div class=\"gallery-overlay with-icon\">\n                                            <lord-icon src=\"https:\/\/cdn.lordicon.com\/fqfpkgja.json\" target=\".gallery-overlay\" trigger=\"hover\" colors=\"primary:#ffffff\" style=\"width:100px;height:100px\">\n                                            <\/lord-icon>\n                                        <\/div>\n                                                                                    <div class=\"wp-element-caption\">\n                                                Marie Contreras                                            <\/div>\n                                                                            <\/a>\n                                <\/div>\n                                                                        <\/div>\n                <\/div>\n                    <\/section>\n    \n            <div>\n            <a target=\"_blank\" href=\"https:\/\/www.montreuxriviera.com\/fr\/V5262\/la-route-des-grands-crus-de-lavaux\" class=\"btn\">\n                <span>Mehr lesen<\/span>\n            <\/a>\n        <\/div>\n    <\/div>\n                                    <\/div>\n                                                                    <div\n                                        class=\"itinerary-content-panel\"\n                                        id=\"itinerary-content-montreux-riviera-tag-1-eintauchen-in-die-rebberge-von-lavaux-step-2\"\n                                        data-lieu-id=\"montreux-riviera\"\n                                        data-day-id=\"montreux-riviera-tag-1-eintauchen-in-die-rebberge-von-lavaux\"\n                                        data-step-id=\"montreux-riviera-tag-1-eintauchen-in-die-rebberge-von-lavaux-step-2\"\n                                    >\n                                        <div class=\"itinerary-step-content wp-block-acf-itinerary-step-content\">\n    \n\n<h4 class=\"wp-block-heading\">MITTAG \u2013 Kellerbesuch und Degustation im Domaine Joly<\/h4>\n\n\n\n<p class=\"wp-block-paragraph\">Machen Sie nach Ihrer Entdeckungstour auf der Route des Grands Crus de Lavaux Halt in der Cave Joly in Bourg-en-Lavaux. Das Familienweingut liegt inmitten der UNESCO-gesch\u00fctzten terrassierten Rebberge und l\u00e4dt in authentischer Atmosph\u00e4re zur Degustation seiner Weine ein, begleitet von einer aussergew\u00f6hnlichen Aussicht auf den Genfersee und die Alpen.<\/p>\n\n            <section class=\"itinerary-step-medias\">\n                            <div class=\"gallery\">\n                                        <div class=\"lightgallery row\">\n                                                        <div class=\"grid-item col-6\" data-src=\"https:\/\/app.localhub.ch\/api\/image\/01kztbys72tgmzg3026d2y88qq\/scale\/1920\" data-sub-html=\"Cave Joly - Famille\">\n                                    <a href=\"\" class=\"gallery-item wp-block-image lazyload-wrapper\">\n                                        <img decoding=\"async\" src=\"https:\/\/www.vaud.ch\/app\/themes\/child\/assets\/images\/loading-pixel.svg\" data-src=\"https:\/\/app.localhub.ch\/api\/image\/01kztbys72tgmzg3026d2y88qq\/scale\/550\" class=\"lazyload\" alt=\"Cave Joly - Famille\">\n                                        <div class=\"gallery-overlay with-icon\">\n                                            <lord-icon src=\"https:\/\/cdn.lordicon.com\/fqfpkgja.json\" target=\".gallery-overlay\" trigger=\"hover\" colors=\"primary:#ffffff\" style=\"width:100px;height:100px\">\n                                            <\/lord-icon>\n                                        <\/div>\n                                                                            <\/a>\n                                <\/div>\n                                                                                    <div class=\"grid-item col-6\" data-src=\"https:\/\/app.localhub.ch\/api\/image\/01kztbys782d8hm2sgvnkqayjr\/scale\/1920\" data-sub-html=\"Aur\u00e9lia Joly - Cave\">\n                                    <a href=\"\" class=\"gallery-item wp-block-image lazyload-wrapper\">\n                                        <img decoding=\"async\" src=\"https:\/\/www.vaud.ch\/app\/themes\/child\/assets\/images\/loading-pixel.svg\" data-src=\"https:\/\/app.localhub.ch\/api\/image\/01kztbys782d8hm2sgvnkqayjr\/scale\/550\" class=\"lazyload\" alt=\"Aur\u00e9lia Joly - Cave\">\n                                        <div class=\"gallery-overlay with-icon\">\n                                            <lord-icon src=\"https:\/\/cdn.lordicon.com\/fqfpkgja.json\" target=\".gallery-overlay\" trigger=\"hover\" colors=\"primary:#ffffff\" style=\"width:100px;height:100px\">\n                                            <\/lord-icon>\n                                        <\/div>\n                                                                            <\/a>\n                                <\/div>\n                                                                                    <div class=\"grid-item col-6\" data-src=\"https:\/\/app.localhub.ch\/api\/image\/01kztbys7aj5b2s3h7qzvzrmc4\/scale\/1920\" data-sub-html=\"Cave Joly - Weinkeller-Entdeckung &amp; Weinprobe\">\n                                    <a href=\"\" class=\"gallery-item wp-block-image lazyload-wrapper\">\n                                        <img decoding=\"async\" src=\"https:\/\/www.vaud.ch\/app\/themes\/child\/assets\/images\/loading-pixel.svg\" data-src=\"https:\/\/app.localhub.ch\/api\/image\/01kztbys7aj5b2s3h7qzvzrmc4\/scale\/550\" class=\"lazyload\" alt=\"Cave Joly - Weinkeller-Entdeckung &amp; Weinprobe\">\n                                        <div class=\"gallery-overlay with-icon\">\n                                            <lord-icon src=\"https:\/\/cdn.lordicon.com\/fqfpkgja.json\" target=\".gallery-overlay\" trigger=\"hover\" colors=\"primary:#ffffff\" style=\"width:100px;height:100px\">\n                                            <\/lord-icon>\n                                        <\/div>\n                                                                            <\/a>\n                                <\/div>\n                                                                                    <div class=\"grid-item col-6\" data-src=\"https:\/\/app.localhub.ch\/api\/image\/01kztbys7gz71ga7f43zb4hcrc\/scale\/1920\" data-sub-html=\"Cave Joly - Weinkeller-Entdeckung &amp; Weinprobe\">\n                                    <a href=\"\" class=\"gallery-item wp-block-image lazyload-wrapper\">\n                                        <img decoding=\"async\" src=\"https:\/\/www.vaud.ch\/app\/themes\/child\/assets\/images\/loading-pixel.svg\" data-src=\"https:\/\/app.localhub.ch\/api\/image\/01kztbys7gz71ga7f43zb4hcrc\/scale\/550\" class=\"lazyload\" alt=\"Cave Joly - Weinkeller-Entdeckung &amp; Weinprobe\">\n                                        <div class=\"gallery-overlay with-icon\">\n                                            <lord-icon src=\"https:\/\/cdn.lordicon.com\/fqfpkgja.json\" target=\".gallery-overlay\" trigger=\"hover\" colors=\"primary:#ffffff\" style=\"width:100px;height:100px\">\n                                            <\/lord-icon>\n                                        <\/div>\n                                                                            <\/a>\n                                <\/div>\n                                                                        <\/div>\n                <\/div>\n                    <\/section>\n    \n            <div>\n            <a target=\"_blank\" href=\"https:\/\/www.montreuxriviera.com\/fr\/F182\/cave-joly-decouverte-de-cave-and-degustation-de-vins#\/\" class=\"btn\">\n                <span>Mehr lesen<\/span>\n            <\/a>\n        <\/div>\n    <\/div>\n                                    <\/div>\n                                                                    <div\n                                        class=\"itinerary-content-panel\"\n                                        id=\"itinerary-content-montreux-riviera-tag-1-eintauchen-in-die-rebberge-von-lavaux-step-3\"\n                                        data-lieu-id=\"montreux-riviera\"\n                                        data-day-id=\"montreux-riviera-tag-1-eintauchen-in-die-rebberge-von-lavaux\"\n                                        data-step-id=\"montreux-riviera-tag-1-eintauchen-in-die-rebberge-von-lavaux-step-3\"\n                                    >\n                                        <div class=\"itinerary-step-content wp-block-acf-itinerary-step-content\">\n    \n\n<h4 class=\"wp-block-heading\">MITTAG \u2013 Mittagessen mit Aussicht im Tout un Monde<\/h4>\n\n\n\n<p class=\"wp-block-paragraph\">Verl\u00e4ngern Sie nach der Degustation in der Cave Joly das Erlebnis im Restaurant Tout un Monde, hoch \u00fcber den Reben von Lavaux. Vor einem spektakul\u00e4ren Panorama auf den Genfersee und die Alpen geniessen Sie raffinierte K\u00fcche mit regionalen und saisonalen Produkten.<\/p>\n\n            <section class=\"itinerary-step-medias\">\n                            <div class=\"gallery\">\n                                        <div class=\"lightgallery row\">\n                                                        <div class=\"grid-item col-6\" data-src=\"https:\/\/app.localhub.ch\/api\/image\/01kbhrbmxmz7yf9ecj9vs4bdp0\/scale\/1920\" data-sub-html=\"Tout un monde\">\n                                    <a href=\"\" class=\"gallery-item wp-block-image lazyload-wrapper\">\n                                        <img decoding=\"async\" src=\"https:\/\/www.vaud.ch\/app\/themes\/child\/assets\/images\/loading-pixel.svg\" data-src=\"https:\/\/app.localhub.ch\/api\/image\/01kbhrbmxmz7yf9ecj9vs4bdp0\/scale\/550\" class=\"lazyload\" alt=\"Tout un monde\">\n                                        <div class=\"gallery-overlay with-icon\">\n                                            <lord-icon src=\"https:\/\/cdn.lordicon.com\/fqfpkgja.json\" target=\".gallery-overlay\" trigger=\"hover\" colors=\"primary:#ffffff\" style=\"width:100px;height:100px\">\n                                            <\/lord-icon>\n                                        <\/div>\n                                                                            <\/a>\n                                <\/div>\n                                                                                    <div class=\"grid-item col-6\" data-src=\"https:\/\/app.localhub.ch\/api\/image\/01kbhrbmxnhcha86yh3mv08eje\/scale\/1920\" data-sub-html=\"Tout un Monde - \u00a9 Tout un Monde\">\n                                    <a href=\"\" class=\"gallery-item wp-block-image lazyload-wrapper\">\n                                        <img decoding=\"async\" src=\"https:\/\/www.vaud.ch\/app\/themes\/child\/assets\/images\/loading-pixel.svg\" data-src=\"https:\/\/app.localhub.ch\/api\/image\/01kbhrbmxnhcha86yh3mv08eje\/scale\/550\" class=\"lazyload\" alt=\"Tout un Monde\">\n                                        <div class=\"gallery-overlay with-icon\">\n                                            <lord-icon src=\"https:\/\/cdn.lordicon.com\/fqfpkgja.json\" target=\".gallery-overlay\" trigger=\"hover\" colors=\"primary:#ffffff\" style=\"width:100px;height:100px\">\n                                            <\/lord-icon>\n                                        <\/div>\n                                                                                    <div class=\"wp-element-caption\">\n                                                Tout un Monde                                            <\/div>\n                                                                            <\/a>\n                                <\/div>\n                                                                                    <div class=\"grid-item col-6\" data-src=\"https:\/\/app.localhub.ch\/api\/image\/01kbhrbmxqjrq8p1zbbs3d6zqs\/scale\/1920\" data-sub-html=\"Tout un Monde - \u00a9 Tout un Monde\">\n                                    <a href=\"\" class=\"gallery-item wp-block-image lazyload-wrapper\">\n                                        <img decoding=\"async\" src=\"https:\/\/www.vaud.ch\/app\/themes\/child\/assets\/images\/loading-pixel.svg\" data-src=\"https:\/\/app.localhub.ch\/api\/image\/01kbhrbmxqjrq8p1zbbs3d6zqs\/scale\/550\" class=\"lazyload\" alt=\"Tout un Monde\">\n                                        <div class=\"gallery-overlay with-icon\">\n                                            <lord-icon src=\"https:\/\/cdn.lordicon.com\/fqfpkgja.json\" target=\".gallery-overlay\" trigger=\"hover\" colors=\"primary:#ffffff\" style=\"width:100px;height:100px\">\n                                            <\/lord-icon>\n                                        <\/div>\n                                                                                    <div class=\"wp-element-caption\">\n                                                Tout un Monde                                            <\/div>\n                                                                            <\/a>\n                                <\/div>\n                                                                        <\/div>\n                <\/div>\n                    <\/section>\n    \n            <div>\n            <a target=\"_blank\" href=\"https:\/\/www.vaud.ch\/de\/tourismus\/aktivitaten\/tout-un-monde\" class=\"btn\">\n                <span>Mehr lesen<\/span>\n            <\/a>\n        <\/div>\n    <\/div>\n                                    <\/div>\n                                                                    <div\n                                        class=\"itinerary-content-panel\"\n                                        id=\"itinerary-content-montreux-riviera-tag-1-eintauchen-in-die-rebberge-von-lavaux-step-4\"\n                                        data-lieu-id=\"montreux-riviera\"\n                                        data-day-id=\"montreux-riviera-tag-1-eintauchen-in-die-rebberge-von-lavaux\"\n                                        data-step-id=\"montreux-riviera-tag-1-eintauchen-in-die-rebberge-von-lavaux-step-4\"\n                                    >\n                                        <div class=\"itinerary-step-content wp-block-acf-itinerary-step-content\">\n    \n\n<h4 class=\"wp-block-heading\">\u00dcBERNACHTUNG \u2013 H\u00f4tel du L\u00e9man<\/h4>\n\n\n\n<p class=\"wp-block-paragraph\">Nahe dem UNESCO-Weinbaugebiet Lavaux bietet das H\u00f4tel du L\u00e9man eine besondere Art, diese sehenswerte Region zu entdecken. Das Restaurant L\u2019\u00c9picurienne serviert kreative saisonale K\u00fcche mit bevorzugt lokalen Produkten. Erfahrene Sommeliers setzen die Weine von Lavaux gekonnt in Szene.<\/p>\n\n            <section class=\"itinerary-step-medias\">\n                            <div class=\"gallery\">\n                                        <div class=\"lightgallery row\">\n                                                        <div class=\"grid-item col-6\" data-src=\"https:\/\/app.localhub.ch\/api\/image\/01kbhrbkav42fqhf7pvrzr648c\/scale\/1920\" data-sub-html=\"Vue H\u00f4tel du L\u00e9man - \u00a9 \u00a92019 Andrea Ceriani\">\n                                    <a href=\"\" class=\"gallery-item wp-block-image lazyload-wrapper\">\n                                        <img decoding=\"async\" src=\"https:\/\/www.vaud.ch\/app\/themes\/child\/assets\/images\/loading-pixel.svg\" data-src=\"https:\/\/app.localhub.ch\/api\/image\/01kbhrbkav42fqhf7pvrzr648c\/scale\/550\" class=\"lazyload\" alt=\"Vue H\u00f4tel du L\u00e9man\">\n                                        <div class=\"gallery-overlay with-icon\">\n                                            <lord-icon src=\"https:\/\/cdn.lordicon.com\/fqfpkgja.json\" target=\".gallery-overlay\" trigger=\"hover\" colors=\"primary:#ffffff\" style=\"width:100px;height:100px\">\n                                            <\/lord-icon>\n                                        <\/div>\n                                                                                    <div class=\"wp-element-caption\">\n                                                \u00a92019 Andrea Ceriani                                            <\/div>\n                                                                            <\/a>\n                                <\/div>\n                                                                                    <div class=\"grid-item col-6\" data-src=\"https:\/\/app.localhub.ch\/api\/image\/01kbhrbkaw5e1vvs48bh11z7hh\/scale\/1920\" data-sub-html=\"H\u00f4tel du L\u00e9man mariage - \u00a9 WWW.EMO-PHOTO.COM\">\n                                    <a href=\"\" class=\"gallery-item wp-block-image lazyload-wrapper\">\n                                        <img decoding=\"async\" src=\"https:\/\/www.vaud.ch\/app\/themes\/child\/assets\/images\/loading-pixel.svg\" data-src=\"https:\/\/app.localhub.ch\/api\/image\/01kbhrbkaw5e1vvs48bh11z7hh\/scale\/550\" class=\"lazyload\" alt=\"H\u00f4tel du L\u00e9man mariage\">\n                                        <div class=\"gallery-overlay with-icon\">\n                                            <lord-icon src=\"https:\/\/cdn.lordicon.com\/fqfpkgja.json\" target=\".gallery-overlay\" trigger=\"hover\" colors=\"primary:#ffffff\" style=\"width:100px;height:100px\">\n                                            <\/lord-icon>\n                                        <\/div>\n                                                                                    <div class=\"wp-element-caption\">\n                                                WWW.EMO-PHOTO.COM                                            <\/div>\n                                                                            <\/a>\n                                <\/div>\n                                                                                    <div class=\"grid-item col-6\" data-src=\"https:\/\/app.localhub.ch\/api\/image\/01kbhrbkaxkgxp70vhah6s5mch\/scale\/1920\" data-sub-html=\"H\u00f4tel du L\u00e9man\">\n                                    <a href=\"\" class=\"gallery-item wp-block-image lazyload-wrapper\">\n                                        <img decoding=\"async\" src=\"https:\/\/www.vaud.ch\/app\/themes\/child\/assets\/images\/loading-pixel.svg\" data-src=\"https:\/\/app.localhub.ch\/api\/image\/01kbhrbkaxkgxp70vhah6s5mch\/scale\/550\" class=\"lazyload\" alt=\"H\u00f4tel du L\u00e9man\">\n                                        <div class=\"gallery-overlay with-icon\">\n                                            <lord-icon src=\"https:\/\/cdn.lordicon.com\/fqfpkgja.json\" target=\".gallery-overlay\" trigger=\"hover\" colors=\"primary:#ffffff\" style=\"width:100px;height:100px\">\n                                            <\/lord-icon>\n                                        <\/div>\n                                                                            <\/a>\n                                <\/div>\n                                                                                    <div class=\"grid-item col-6\" data-src=\"https:\/\/app.localhub.ch\/api\/image\/01kbhrbkaxkgxp70vhah6s5mcj\/scale\/1920\" data-sub-html=\"H\u00f4tel du L\u00e9man\">\n                                    <a href=\"\" class=\"gallery-item wp-block-image lazyload-wrapper\">\n                                        <img decoding=\"async\" src=\"https:\/\/www.vaud.ch\/app\/themes\/child\/assets\/images\/loading-pixel.svg\" data-src=\"https:\/\/app.localhub.ch\/api\/image\/01kbhrbkaxkgxp70vhah6s5mcj\/scale\/550\" class=\"lazyload\" alt=\"H\u00f4tel du L\u00e9man\">\n                                        <div class=\"gallery-overlay with-icon\">\n                                            <lord-icon src=\"https:\/\/cdn.lordicon.com\/fqfpkgja.json\" target=\".gallery-overlay\" trigger=\"hover\" colors=\"primary:#ffffff\" style=\"width:100px;height:100px\">\n                                            <\/lord-icon>\n                                        <\/div>\n                                                                            <\/a>\n                                <\/div>\n                                                                        <\/div>\n                <\/div>\n                    <\/section>\n    \n            <div>\n            <a target=\"_blank\" href=\"https:\/\/www.vaud.ch\/de\/tourismus\/aktivitaten\/hotel-du-leman-centre-de-seminaires\" class=\"btn\">\n                <span>Mehr lesen<\/span>\n            <\/a>\n        <\/div>\n    <\/div>\n                                    <\/div>\n                                                                                                                                <div\n                                        class=\"itinerary-content-panel\"\n                                        id=\"itinerary-content-montreux-riviera-tag-2-gastronomie-an-der-riviera-step-1\"\n                                        data-lieu-id=\"montreux-riviera\"\n                                        data-day-id=\"montreux-riviera-tag-2-gastronomie-an-der-riviera\"\n                                        data-step-id=\"montreux-riviera-tag-2-gastronomie-an-der-riviera-step-1\"\n                                    >\n                                        <div class=\"itinerary-step-content wp-block-acf-itinerary-step-content\">\n    \n\n<h4 class=\"wp-block-heading\">VORMITTAG \u2013 Fahrt mit dem Lavaux Panoramic<\/h4>\n\n\n\n<p class=\"wp-block-paragraph\">Der Tag beginnt im kleinen Panoramazug, der durch eine bezaubernde, UNESCO-gesch\u00fctzte Landschaft f\u00e4hrt. Der Lavaux Panoramic erschliesst einige der sch\u00f6nsten Aussichtspunkte der Schweiz mit Blick auf See und Berge.<\/p>\n\n            <section class=\"itinerary-step-medias\">\n                            <div class=\"gallery\">\n                                        <div class=\"lightgallery row\">\n                                                        <div class=\"grid-item col-6\" data-src=\"https:\/\/app.localhub.ch\/api\/image\/01kbhr8zfc2jjdyw21w28yvdh1\/scale\/1920\" data-sub-html=\"Lavaux Panoramic - \u00a9 Lavaux Panoramic\">\n                                    <a href=\"\" class=\"gallery-item wp-block-image lazyload-wrapper\">\n                                        <img decoding=\"async\" src=\"https:\/\/www.vaud.ch\/app\/themes\/child\/assets\/images\/loading-pixel.svg\" data-src=\"https:\/\/app.localhub.ch\/api\/image\/01kbhr8zfc2jjdyw21w28yvdh1\/scale\/550\" class=\"lazyload\" alt=\"Lavaux Panoramic\">\n                                        <div class=\"gallery-overlay with-icon\">\n                                            <lord-icon src=\"https:\/\/cdn.lordicon.com\/fqfpkgja.json\" target=\".gallery-overlay\" trigger=\"hover\" colors=\"primary:#ffffff\" style=\"width:100px;height:100px\">\n                                            <\/lord-icon>\n                                        <\/div>\n                                                                                    <div class=\"wp-element-caption\">\n                                                Lavaux Panoramic                                            <\/div>\n                                                                            <\/a>\n                                <\/div>\n                                                                                    <div class=\"grid-item col-6\" data-src=\"https:\/\/app.localhub.ch\/api\/image\/01kbhr8zffcsgr7550jrrnk5p2\/scale\/1920\" data-sub-html=\"lavaux panoramic\">\n                                    <a href=\"\" class=\"gallery-item wp-block-image lazyload-wrapper\">\n                                        <img decoding=\"async\" src=\"https:\/\/www.vaud.ch\/app\/themes\/child\/assets\/images\/loading-pixel.svg\" data-src=\"https:\/\/app.localhub.ch\/api\/image\/01kbhr8zffcsgr7550jrrnk5p2\/scale\/550\" class=\"lazyload\" alt=\"lavaux panoramic\">\n                                        <div class=\"gallery-overlay with-icon\">\n                                            <lord-icon src=\"https:\/\/cdn.lordicon.com\/fqfpkgja.json\" target=\".gallery-overlay\" trigger=\"hover\" colors=\"primary:#ffffff\" style=\"width:100px;height:100px\">\n                                            <\/lord-icon>\n                                        <\/div>\n                                                                            <\/a>\n                                <\/div>\n                                                                                    <div class=\"grid-item col-6\" data-src=\"https:\/\/app.localhub.ch\/api\/image\/01kbhr8zfgczmfbeq08q6wpajb\/scale\/1920\" data-sub-html=\"Lavaux Panoramic 2021 - \u00a9 MARIE CONTRERAS\">\n                                    <a href=\"\" class=\"gallery-item wp-block-image lazyload-wrapper\">\n                                        <img decoding=\"async\" src=\"https:\/\/www.vaud.ch\/app\/themes\/child\/assets\/images\/loading-pixel.svg\" data-src=\"https:\/\/app.localhub.ch\/api\/image\/01kbhr8zfgczmfbeq08q6wpajb\/scale\/550\" class=\"lazyload\" alt=\"Lavaux Panoramic 2021\">\n                                        <div class=\"gallery-overlay with-icon\">\n                                            <lord-icon src=\"https:\/\/cdn.lordicon.com\/fqfpkgja.json\" target=\".gallery-overlay\" trigger=\"hover\" colors=\"primary:#ffffff\" style=\"width:100px;height:100px\">\n                                            <\/lord-icon>\n                                        <\/div>\n                                                                                    <div class=\"wp-element-caption\">\n                                                MARIE CONTRERAS                                            <\/div>\n                                                                            <\/a>\n                                <\/div>\n                                                                        <\/div>\n                <\/div>\n                    <\/section>\n    \n            <div>\n            <a target=\"_blank\" href=\"https:\/\/www.vaud.ch\/de\/tourismus\/aktivitaten\/lavaux-panoramic\" class=\"btn\">\n                <span>Mehr lesen<\/span>\n            <\/a>\n        <\/div>\n    <\/div>\n                                    <\/div>\n                                                                    <div\n                                        class=\"itinerary-content-panel\"\n                                        id=\"itinerary-content-montreux-riviera-tag-2-gastronomie-an-der-riviera-step-2\"\n                                        data-lieu-id=\"montreux-riviera\"\n                                        data-day-id=\"montreux-riviera-tag-2-gastronomie-an-der-riviera\"\n                                        data-step-id=\"montreux-riviera-tag-2-gastronomie-an-der-riviera-step-2\"\n                                    >\n                                        <div class=\"itinerary-step-content wp-block-acf-itinerary-step-content\">\n    \n\n<h4 class=\"wp-block-heading\">MITTAG \u2013 Essen in der historischen Brasserie des H\u00f4tel Astra<\/h4>\n\n\n\n<p class=\"wp-block-paragraph\">Besuchen Sie die Brasserie Historique La Coupole 1912, eine bekannte Adresse in Vevey. Unter pr\u00e4chtigen Glasfenstern und Fresken, die von fr\u00fcheren F\u00eates des Vignerons inspiriert sind, erleben Sie Zeugnisse der Geschichte und Weintradition der Region. In diesem charmanten, authentischen Rahmen geniessen Sie K\u00fcche mit lokalen Spezialit\u00e4ten.<\/p>\n\n            <section class=\"itinerary-step-medias\">\n                            <div class=\"gallery\">\n                                        <div class=\"lightgallery row\">\n                                                        <div class=\"grid-item col-6\" data-src=\"https:\/\/app.localhub.ch\/api\/image\/01kbhr92c8sxq0xfjvcqfft1q8\/scale\/1920\" data-sub-html=\"la Coupole Astra 20219 - \u00a9 Luca Carmagnola - www.looka.ch - Suisse\">\n                                    <a href=\"\" class=\"gallery-item wp-block-image lazyload-wrapper\">\n                                        <img decoding=\"async\" src=\"https:\/\/www.vaud.ch\/app\/themes\/child\/assets\/images\/loading-pixel.svg\" data-src=\"https:\/\/app.localhub.ch\/api\/image\/01kbhr92c8sxq0xfjvcqfft1q8\/scale\/550\" class=\"lazyload\" alt=\"la Coupole Astra 20219\">\n                                        <div class=\"gallery-overlay with-icon\">\n                                            <lord-icon src=\"https:\/\/cdn.lordicon.com\/fqfpkgja.json\" target=\".gallery-overlay\" trigger=\"hover\" colors=\"primary:#ffffff\" style=\"width:100px;height:100px\">\n                                            <\/lord-icon>\n                                        <\/div>\n                                                                                    <div class=\"wp-element-caption\">\n                                                Luca Carmagnola &#8211; www.looka.ch &#8211; Suisse                                            <\/div>\n                                                                            <\/a>\n                                <\/div>\n                                                                                    <div class=\"grid-item col-6\" data-src=\"https:\/\/app.localhub.ch\/api\/image\/01kbhr92c9aj2bht35tk3cz8bq\/scale\/1920\" data-sub-html=\"La Coupole 1912 - \u00a9 \u00a9 Astra Hotel Vevey\">\n                                    <a href=\"\" class=\"gallery-item wp-block-image lazyload-wrapper\">\n                                        <img decoding=\"async\" src=\"https:\/\/www.vaud.ch\/app\/themes\/child\/assets\/images\/loading-pixel.svg\" data-src=\"https:\/\/app.localhub.ch\/api\/image\/01kbhr92c9aj2bht35tk3cz8bq\/scale\/550\" class=\"lazyload\" alt=\"La Coupole 1912\">\n                                        <div class=\"gallery-overlay with-icon\">\n                                            <lord-icon src=\"https:\/\/cdn.lordicon.com\/fqfpkgja.json\" target=\".gallery-overlay\" trigger=\"hover\" colors=\"primary:#ffffff\" style=\"width:100px;height:100px\">\n                                            <\/lord-icon>\n                                        <\/div>\n                                                                                    <div class=\"wp-element-caption\">\n                                                \u00a9 Astra Hotel Vevey                                            <\/div>\n                                                                            <\/a>\n                                <\/div>\n                                                                        <\/div>\n                <\/div>\n                    <\/section>\n    \n            <div>\n            <a target=\"_blank\" href=\"https:\/\/www.vaud.ch\/de\/tourismus\/aktivitaten\/la-coupole-1912\" class=\"btn\">\n                <span>Mehr lesen<\/span>\n            <\/a>\n        <\/div>\n    <\/div>\n                                    <\/div>\n                                                                    <div\n                                        class=\"itinerary-content-panel\"\n                                        id=\"itinerary-content-montreux-riviera-tag-2-gastronomie-an-der-riviera-step-3\"\n                                        data-lieu-id=\"montreux-riviera\"\n                                        data-day-id=\"montreux-riviera-tag-2-gastronomie-an-der-riviera\"\n                                        data-step-id=\"montreux-riviera-tag-2-gastronomie-an-der-riviera-step-3\"\n                                    >\n                                        <div class=\"itinerary-step-content wp-block-acf-itinerary-step-content\">\n    \n\n<h4 class=\"wp-block-heading\">NACHMITTAG \u2013 Besuch des Alimentarium in Vevey<\/h4>\n\n\n\n<p class=\"wp-block-paragraph\">Nach dem Essen geht es ins Alimentarium in Vevey. Gegen\u00fcber der ber\u00fchmten Riesen-Gabel f\u00fchrt das spielerische, interaktive Museum mit Ausstellungen, Experimenten und kulinarischen Workshops in die faszinierende Welt der Ern\u00e4hrung.<\/p>\n\n            <section class=\"itinerary-step-medias\">\n                            <div class=\"gallery\">\n                                        <div class=\"lightgallery row\">\n                                                        <div class=\"grid-item col-6\" data-src=\"https:\/\/app.localhub.ch\/api\/image\/01kbhr8esq2h6tv70jktfh1wjg\/scale\/1920\" data-sub-html=\"Alimentarium - \u00a9 Alimentarium\">\n                                    <a href=\"\" class=\"gallery-item wp-block-image lazyload-wrapper\">\n                                        <img decoding=\"async\" src=\"https:\/\/www.vaud.ch\/app\/themes\/child\/assets\/images\/loading-pixel.svg\" data-src=\"https:\/\/app.localhub.ch\/api\/image\/01kbhr8esq2h6tv70jktfh1wjg\/scale\/550\" class=\"lazyload\" alt=\"Alimentarium\">\n                                        <div class=\"gallery-overlay with-icon\">\n                                            <lord-icon src=\"https:\/\/cdn.lordicon.com\/fqfpkgja.json\" target=\".gallery-overlay\" trigger=\"hover\" colors=\"primary:#ffffff\" style=\"width:100px;height:100px\">\n                                            <\/lord-icon>\n                                        <\/div>\n                                                                                    <div class=\"wp-element-caption\">\n                                                Alimentarium                                            <\/div>\n                                                                            <\/a>\n                                <\/div>\n                                                                                    <div class=\"grid-item col-6\" data-src=\"https:\/\/app.localhub.ch\/api\/image\/01kbhr8esr8zf7cyq770h7xr7n\/scale\/1920\" data-sub-html=\"Alimentarium - \u00a9 Alimentarium\">\n                                    <a href=\"\" class=\"gallery-item wp-block-image lazyload-wrapper\">\n                                        <img decoding=\"async\" src=\"https:\/\/www.vaud.ch\/app\/themes\/child\/assets\/images\/loading-pixel.svg\" data-src=\"https:\/\/app.localhub.ch\/api\/image\/01kbhr8esr8zf7cyq770h7xr7n\/scale\/550\" class=\"lazyload\" alt=\"Alimentarium\">\n                                        <div class=\"gallery-overlay with-icon\">\n                                            <lord-icon src=\"https:\/\/cdn.lordicon.com\/fqfpkgja.json\" target=\".gallery-overlay\" trigger=\"hover\" colors=\"primary:#ffffff\" style=\"width:100px;height:100px\">\n                                            <\/lord-icon>\n                                        <\/div>\n                                                                                    <div class=\"wp-element-caption\">\n                                                Alimentarium                                            <\/div>\n                                                                            <\/a>\n                                <\/div>\n                                                                                    <div class=\"grid-item col-6\" data-src=\"https:\/\/app.localhub.ch\/api\/image\/01kbhr8ess15yta1bq4hxx4sa6\/scale\/1920\" data-sub-html=\"Alimentarium - \u00a9 Alimentarium\">\n                                    <a href=\"\" class=\"gallery-item wp-block-image lazyload-wrapper\">\n                                        <img decoding=\"async\" src=\"https:\/\/www.vaud.ch\/app\/themes\/child\/assets\/images\/loading-pixel.svg\" data-src=\"https:\/\/app.localhub.ch\/api\/image\/01kbhr8ess15yta1bq4hxx4sa6\/scale\/550\" class=\"lazyload\" alt=\"Alimentarium\">\n                                        <div class=\"gallery-overlay with-icon\">\n                                            <lord-icon src=\"https:\/\/cdn.lordicon.com\/fqfpkgja.json\" target=\".gallery-overlay\" trigger=\"hover\" colors=\"primary:#ffffff\" style=\"width:100px;height:100px\">\n                                            <\/lord-icon>\n                                        <\/div>\n                                                                                    <div class=\"wp-element-caption\">\n                                                Alimentarium                                            <\/div>\n                                                                            <\/a>\n                                <\/div>\n                                                                        <\/div>\n                <\/div>\n                    <\/section>\n    \n            <div>\n            <a target=\"_blank\" href=\"https:\/\/www.vaud.ch\/de\/tourismus\/aktivitaten\/alimentarium\" class=\"btn\">\n                <span>Mehr lesen<\/span>\n            <\/a>\n        <\/div>\n    <\/div>\n                                    <\/div>\n                                                                    <div\n                                        class=\"itinerary-content-panel\"\n                                        id=\"itinerary-content-montreux-riviera-tag-2-gastronomie-an-der-riviera-step-4\"\n                                        data-lieu-id=\"montreux-riviera\"\n                                        data-day-id=\"montreux-riviera-tag-2-gastronomie-an-der-riviera\"\n                                        data-step-id=\"montreux-riviera-tag-2-gastronomie-an-der-riviera-step-4\"\n                                    >\n                                        <div class=\"itinerary-step-content wp-block-acf-itinerary-step-content\">\n    \n\n<h4 class=\"wp-block-heading\">ABEND UND \u00dcBERNACHTUNG \u2013 Dinner und Nacht im Coucou in Caux<\/h4>\n\n\n\n<p class=\"wp-block-paragraph\">Fahren Sie hinauf, um den Sonnenuntergang \u00fcber dem Genfersee zu bewundern, bevor Sie das Coucou H\u00f4tel &amp; Restaurant in Caux erreichen. Das charmante Schweizer Chalet \u00fcberzeugt mit raffinierter K\u00fcche, einem aussergew\u00f6hnlichen Weinkeller und spektakul\u00e4rem Blick auf See und Alpen.<\/p>\n\n            <section class=\"itinerary-step-medias\">\n                            <div class=\"gallery\">\n                                        <div class=\"lightgallery row\">\n                                                        <div class=\"grid-item col-6\" data-src=\"https:\/\/app.localhub.ch\/api\/image\/01kbhrjt6jycsj2w3yez3hzjgz\/scale\/1920\" data-sub-html=\"Le Coucou Hotel - \u00a9 Le Coucou Hotel\">\n                                    <a href=\"\" class=\"gallery-item wp-block-image lazyload-wrapper\">\n                                        <img decoding=\"async\" src=\"https:\/\/www.vaud.ch\/app\/themes\/child\/assets\/images\/loading-pixel.svg\" data-src=\"https:\/\/app.localhub.ch\/api\/image\/01kbhrjt6jycsj2w3yez3hzjgz\/scale\/550\" class=\"lazyload\" alt=\"Le Coucou Hotel\">\n                                        <div class=\"gallery-overlay with-icon\">\n                                            <lord-icon src=\"https:\/\/cdn.lordicon.com\/fqfpkgja.json\" target=\".gallery-overlay\" trigger=\"hover\" colors=\"primary:#ffffff\" style=\"width:100px;height:100px\">\n                                            <\/lord-icon>\n                                        <\/div>\n                                                                                    <div class=\"wp-element-caption\">\n                                                Le Coucou Hotel                                            <\/div>\n                                                                            <\/a>\n                                <\/div>\n                                                                                    <div class=\"grid-item col-6\" data-src=\"https:\/\/app.localhub.ch\/api\/image\/01kbhrjt6kf9xgctayr3vv7rqj\/scale\/1920\" data-sub-html=\"Le Coucou H\u00f4tel &amp; Restaurant - \u00a9 VisualStoryteller\">\n                                    <a href=\"\" class=\"gallery-item wp-block-image lazyload-wrapper\">\n                                        <img decoding=\"async\" src=\"https:\/\/www.vaud.ch\/app\/themes\/child\/assets\/images\/loading-pixel.svg\" data-src=\"https:\/\/app.localhub.ch\/api\/image\/01kbhrjt6kf9xgctayr3vv7rqj\/scale\/550\" class=\"lazyload\" alt=\"Le Coucou H\u00f4tel &amp; Restaurant\">\n                                        <div class=\"gallery-overlay with-icon\">\n                                            <lord-icon src=\"https:\/\/cdn.lordicon.com\/fqfpkgja.json\" target=\".gallery-overlay\" trigger=\"hover\" colors=\"primary:#ffffff\" style=\"width:100px;height:100px\">\n                                            <\/lord-icon>\n                                        <\/div>\n                                                                                    <div class=\"wp-element-caption\">\n                                                VisualStoryteller                                            <\/div>\n                                                                            <\/a>\n                                <\/div>\n                                                                                    <div class=\"grid-item col-6\" data-src=\"https:\/\/app.localhub.ch\/api\/image\/01m0j0mq76vfvkjfas9g7pc41r\/scale\/1920\" data-sub-html=\"Le Coucou - \u00a9 Le Coucou\">\n                                    <a href=\"\" class=\"gallery-item wp-block-image lazyload-wrapper\">\n                                        <img decoding=\"async\" src=\"https:\/\/www.vaud.ch\/app\/themes\/child\/assets\/images\/loading-pixel.svg\" data-src=\"https:\/\/app.localhub.ch\/api\/image\/01m0j0mq76vfvkjfas9g7pc41r\/scale\/550\" class=\"lazyload\" alt=\"Le Coucou\">\n                                        <div class=\"gallery-overlay with-icon\">\n                                            <lord-icon src=\"https:\/\/cdn.lordicon.com\/fqfpkgja.json\" target=\".gallery-overlay\" trigger=\"hover\" colors=\"primary:#ffffff\" style=\"width:100px;height:100px\">\n                                            <\/lord-icon>\n                                        <\/div>\n                                                                                    <div class=\"wp-element-caption\">\n                                                Le Coucou                                            <\/div>\n                                                                            <\/a>\n                                <\/div>\n                                                                                    <div class=\"grid-item col-6\" data-src=\"https:\/\/app.localhub.ch\/api\/image\/01m0j0mq7b5j90w1f0jpm1bq23\/scale\/1920\" data-sub-html=\"Le Coucou - \u00a9 Le Coucou\">\n                                    <a href=\"\" class=\"gallery-item wp-block-image lazyload-wrapper\">\n                                        <img decoding=\"async\" src=\"https:\/\/www.vaud.ch\/app\/themes\/child\/assets\/images\/loading-pixel.svg\" data-src=\"https:\/\/app.localhub.ch\/api\/image\/01m0j0mq7b5j90w1f0jpm1bq23\/scale\/550\" class=\"lazyload\" alt=\"Le Coucou\">\n                                        <div class=\"gallery-overlay with-icon\">\n                                            <lord-icon src=\"https:\/\/cdn.lordicon.com\/fqfpkgja.json\" target=\".gallery-overlay\" trigger=\"hover\" colors=\"primary:#ffffff\" style=\"width:100px;height:100px\">\n                                            <\/lord-icon>\n                                        <\/div>\n                                                                                    <div class=\"wp-element-caption\">\n                                                Le Coucou                                            <\/div>\n                                                                            <\/a>\n                                <\/div>\n                                                                        <\/div>\n                <\/div>\n                    <\/section>\n    \n            <div>\n            <a target=\"_blank\" href=\"https:\/\/www.vaud.ch\/de\/tourismus\/aktivitaten\/le-coucou-hotel-restaurant\" class=\"btn\">\n                <span>Mehr lesen<\/span>\n            <\/a>\n        <\/div>\n    <\/div>\n                                    <\/div>\n                                                                                                                                <div\n                                        class=\"itinerary-content-panel\"\n                                        id=\"itinerary-content-montreux-riviera-tag-3-kultur-und-schifffahrt-auf-dem-see-step-1\"\n                                        data-lieu-id=\"montreux-riviera\"\n                                        data-day-id=\"montreux-riviera-tag-3-kultur-und-schifffahrt-auf-dem-see\"\n                                        data-step-id=\"montreux-riviera-tag-3-kultur-und-schifffahrt-auf-dem-see-step-1\"\n                                    >\n                                        <div class=\"itinerary-step-content wp-block-acf-itinerary-step-content\">\n    \n\n<h4 class=\"wp-block-heading\">VORMITTAG \u2013 Ch\u00e2teau de Chillon und die Weine des Schlosses<\/h4>\n\n\n\n<p class=\"wp-block-paragraph\">Beginnen Sie den Tag mit einem Besuch des Ch\u00e2teau de Chillon, dem Wahrzeichen am Ufer des Genfersees. Nach den geschichtstr\u00e4chtigen R\u00e4umen folgt eine Degustation der Weine des Clos de Chillon aus dem schlosseigenen Rebberg. Probieren Sie einen eleganten Chasselas Grand Cru sowie eine rote Assemblage aus Gamaret, Garanoir und Merlot, die das besondere Terroir der Region widerspiegeln.<\/p>\n\n            <section class=\"itinerary-step-medias\">\n                            <div class=\"gallery\">\n                                        <div class=\"lightgallery row\">\n                                                        <div class=\"grid-item col-6\" data-src=\"https:\/\/app.localhub.ch\/api\/image\/01kztbyvskddw41h8kqnxvjj1s\/scale\/1920\" data-sub-html=\"Ch\u00e2teau de Chillon - Visite Ext\u00e9rieur\">\n                                    <a href=\"\" class=\"gallery-item wp-block-image lazyload-wrapper\">\n                                        <img decoding=\"async\" src=\"https:\/\/www.vaud.ch\/app\/themes\/child\/assets\/images\/loading-pixel.svg\" data-src=\"https:\/\/app.localhub.ch\/api\/image\/01kztbyvskddw41h8kqnxvjj1s\/scale\/550\" class=\"lazyload\" alt=\"Ch\u00e2teau de Chillon - Visite Ext\u00e9rieur\">\n                                        <div class=\"gallery-overlay with-icon\">\n                                            <lord-icon src=\"https:\/\/cdn.lordicon.com\/fqfpkgja.json\" target=\".gallery-overlay\" trigger=\"hover\" colors=\"primary:#ffffff\" style=\"width:100px;height:100px\">\n                                            <\/lord-icon>\n                                        <\/div>\n                                                                            <\/a>\n                                <\/div>\n                                                                                    <div class=\"grid-item col-6\" data-src=\"https:\/\/app.localhub.ch\/api\/image\/01kztbyvsm1s2je7ax0xvv9sva\/scale\/1920\" data-sub-html=\"Ch\u00e2teau de Chillon - Visite Int\u00e9rieur - \u00a9 Marie Contreras\">\n                                    <a href=\"\" class=\"gallery-item wp-block-image lazyload-wrapper\">\n                                        <img decoding=\"async\" src=\"https:\/\/www.vaud.ch\/app\/themes\/child\/assets\/images\/loading-pixel.svg\" data-src=\"https:\/\/app.localhub.ch\/api\/image\/01kztbyvsm1s2je7ax0xvv9sva\/scale\/550\" class=\"lazyload\" alt=\"Ch\u00e2teau de Chillon - Visite Int\u00e9rieur\">\n                                        <div class=\"gallery-overlay with-icon\">\n                                            <lord-icon src=\"https:\/\/cdn.lordicon.com\/fqfpkgja.json\" target=\".gallery-overlay\" trigger=\"hover\" colors=\"primary:#ffffff\" style=\"width:100px;height:100px\">\n                                            <\/lord-icon>\n                                        <\/div>\n                                                                                    <div class=\"wp-element-caption\">\n                                                Marie Contreras                                            <\/div>\n                                                                            <\/a>\n                                <\/div>\n                                                                                    <div class=\"grid-item col-6\" data-src=\"https:\/\/app.localhub.ch\/api\/image\/01kztbyvsp6bz92954fwp4n0dd\/scale\/1920\" data-sub-html=\"Ch\u00e2teau Chillon visite - \u00a9 Marie Contreras\">\n                                    <a href=\"\" class=\"gallery-item wp-block-image lazyload-wrapper\">\n                                        <img decoding=\"async\" src=\"https:\/\/www.vaud.ch\/app\/themes\/child\/assets\/images\/loading-pixel.svg\" data-src=\"https:\/\/app.localhub.ch\/api\/image\/01kztbyvsp6bz92954fwp4n0dd\/scale\/550\" class=\"lazyload\" alt=\"Ch\u00e2teau Chillon visite\">\n                                        <div class=\"gallery-overlay with-icon\">\n                                            <lord-icon src=\"https:\/\/cdn.lordicon.com\/fqfpkgja.json\" target=\".gallery-overlay\" trigger=\"hover\" colors=\"primary:#ffffff\" style=\"width:100px;height:100px\">\n                                            <\/lord-icon>\n                                        <\/div>\n                                                                                    <div class=\"wp-element-caption\">\n                                                Marie Contreras                                            <\/div>\n                                                                            <\/a>\n                                <\/div>\n                                                                        <\/div>\n                <\/div>\n                    <\/section>\n    \n            <div>\n            <a target=\"_blank\" href=\"https:\/\/montreuxriviera.com\/fr\/F547\/chateau-de-chillon-entree-1-jour\" class=\"btn\">\n                <span>Mehr lesen<\/span>\n            <\/a>\n        <\/div>\n    <\/div>\n                                    <\/div>\n                                                                    <div\n                                        class=\"itinerary-content-panel\"\n                                        id=\"itinerary-content-montreux-riviera-tag-3-kultur-und-schifffahrt-auf-dem-see-step-2\"\n                                        data-lieu-id=\"montreux-riviera\"\n                                        data-day-id=\"montreux-riviera-tag-3-kultur-und-schifffahrt-auf-dem-see\"\n                                        data-step-id=\"montreux-riviera-tag-3-kultur-und-schifffahrt-auf-dem-see-step-2\"\n                                    >\n                                        <div class=\"itinerary-step-content wp-block-acf-itinerary-step-content\">\n    \n\n<h4 class=\"wp-block-heading\">MITTAG \u2013 Caf\u00e9 Byron<\/h4>\n\n\n\n<p class=\"wp-block-paragraph\">Setzen Sie Ihr Erlebnis nach dem Besuch des Ch\u00e2teau de Chillon im Caf\u00e9 Byron fort. Nur wenige Schritte vom Schloss entfernt geniessen Sie saisonale K\u00fcche mit lokalen Akzenten in privilegierter Lage gegen\u00fcber dem Genfersee. Der ideale Halt, um Kulturerbe und Tafelfreuden zu verbinden.<\/p>\n\n            <section class=\"itinerary-step-medias\">\n                            <div class=\"gallery\">\n                                        <div class=\"lightgallery row\">\n                                                        <div class=\"grid-item col-6\" data-src=\"https:\/\/app.localhub.ch\/api\/image\/01kbhrmamzjangzxx3fj192g70\/scale\/1920\" data-sub-html=\"Byron - \u00a9 \u00a9FCC, Photo Ariel Huber\">\n                                    <a href=\"\" class=\"gallery-item wp-block-image lazyload-wrapper\">\n                                        <img decoding=\"async\" src=\"https:\/\/www.vaud.ch\/app\/themes\/child\/assets\/images\/loading-pixel.svg\" data-src=\"https:\/\/app.localhub.ch\/api\/image\/01kbhrmamzjangzxx3fj192g70\/scale\/550\" class=\"lazyload\" alt=\"Byron\">\n                                        <div class=\"gallery-overlay with-icon\">\n                                            <lord-icon src=\"https:\/\/cdn.lordicon.com\/fqfpkgja.json\" target=\".gallery-overlay\" trigger=\"hover\" colors=\"primary:#ffffff\" style=\"width:100px;height:100px\">\n                                            <\/lord-icon>\n                                        <\/div>\n                                                                                    <div class=\"wp-element-caption\">\n                                                \u00a9FCC, Photo Ariel Huber                                            <\/div>\n                                                                            <\/a>\n                                <\/div>\n                                                                                    <div class=\"grid-item col-6\" data-src=\"https:\/\/app.localhub.ch\/api\/image\/01kbhrman23v28pn0ejamc9rtp\/scale\/1920\" data-sub-html=\"Caf\u00e9 Byron\">\n                                    <a href=\"\" class=\"gallery-item wp-block-image lazyload-wrapper\">\n                                        <img decoding=\"async\" src=\"https:\/\/www.vaud.ch\/app\/themes\/child\/assets\/images\/loading-pixel.svg\" data-src=\"https:\/\/app.localhub.ch\/api\/image\/01kbhrman23v28pn0ejamc9rtp\/scale\/550\" class=\"lazyload\" alt=\"Caf\u00e9 Byron\">\n                                        <div class=\"gallery-overlay with-icon\">\n                                            <lord-icon src=\"https:\/\/cdn.lordicon.com\/fqfpkgja.json\" target=\".gallery-overlay\" trigger=\"hover\" colors=\"primary:#ffffff\" style=\"width:100px;height:100px\">\n                                            <\/lord-icon>\n                                        <\/div>\n                                                                            <\/a>\n                                <\/div>\n                                                                                    <div class=\"grid-item col-6\" data-src=\"https:\/\/app.localhub.ch\/api\/image\/01m1e4nkq5w1cw048ntk65pske\/scale\/1920\" data-sub-html=\"marie-contreras-famille-72-8849-4-1750x985.jpg - \u00a9 Marie Contreras\">\n                                    <a href=\"\" class=\"gallery-item wp-block-image lazyload-wrapper\">\n                                        <img decoding=\"async\" src=\"https:\/\/www.vaud.ch\/app\/themes\/child\/assets\/images\/loading-pixel.svg\" data-src=\"https:\/\/app.localhub.ch\/api\/image\/01m1e4nkq5w1cw048ntk65pske\/scale\/550\" class=\"lazyload\" alt=\"marie-contreras-famille-72-8849-4-1750x985.jpg\">\n                                        <div class=\"gallery-overlay with-icon\">\n                                            <lord-icon src=\"https:\/\/cdn.lordicon.com\/fqfpkgja.json\" target=\".gallery-overlay\" trigger=\"hover\" colors=\"primary:#ffffff\" style=\"width:100px;height:100px\">\n                                            <\/lord-icon>\n                                        <\/div>\n                                                                                    <div class=\"wp-element-caption\">\n                                                Marie Contreras                                            <\/div>\n                                                                            <\/a>\n                                <\/div>\n                                                                        <\/div>\n                <\/div>\n                    <\/section>\n    \n            <div>\n            <a target=\"_blank\" href=\"https:\/\/www.vaud.ch\/de\/tourismus\/aktivitaten\/cafe-byron\" class=\"btn\">\n                <span>Mehr lesen<\/span>\n            <\/a>\n        <\/div>\n    <\/div>\n                                    <\/div>\n                                                                    <div\n                                        class=\"itinerary-content-panel\"\n                                        id=\"itinerary-content-montreux-riviera-tag-3-kultur-und-schifffahrt-auf-dem-see-step-3\"\n                                        data-lieu-id=\"montreux-riviera\"\n                                        data-day-id=\"montreux-riviera-tag-3-kultur-und-schifffahrt-auf-dem-see\"\n                                        data-step-id=\"montreux-riviera-tag-3-kultur-und-schifffahrt-auf-dem-see-step-3\"\n                                    >\n                                        <div class=\"itinerary-step-content wp-block-acf-itinerary-step-content\">\n    \n\n<h4 class=\"wp-block-heading\">NACHMITTAG \u2013 Herbstliche Schifffahrt auf dem Genfersee<\/h4>\n\n\n\n<p class=\"wp-block-paragraph\">Lassen Sie sich \u00fcber den Genfersee tragen und erleben Sie Lavaux von seiner sch\u00f6nsten Seite. An Bord eines CGN-Schiffs in Richtung Cully blicken Sie auf die terrassierten Rebberge, die zum See hinabfallen. Wenn der Herbst sie in Gold und Kupfer kleidet, wird die Landschaft ganz einfach magisch.<\/p>\n\n            <section class=\"itinerary-step-medias\">\n                            <div class=\"gallery\">\n                                        <div class=\"lightgallery row\">\n                                                        <div class=\"grid-item col-6\" data-src=\"https:\/\/app.localhub.ch\/api\/image\/01m0j0rvjtctm8arysz7y14ezt\/scale\/1920\" data-sub-html=\"CGN Chillon - \u00a9 Marie Contreras\">\n                                    <a href=\"\" class=\"gallery-item wp-block-image lazyload-wrapper\">\n                                        <img decoding=\"async\" src=\"https:\/\/www.vaud.ch\/app\/themes\/child\/assets\/images\/loading-pixel.svg\" data-src=\"https:\/\/app.localhub.ch\/api\/image\/01m0j0rvjtctm8arysz7y14ezt\/scale\/550\" class=\"lazyload\" alt=\"CGN Chillon\">\n                                        <div class=\"gallery-overlay with-icon\">\n                                            <lord-icon src=\"https:\/\/cdn.lordicon.com\/fqfpkgja.json\" target=\".gallery-overlay\" trigger=\"hover\" colors=\"primary:#ffffff\" style=\"width:100px;height:100px\">\n                                            <\/lord-icon>\n                                        <\/div>\n                                                                                    <div class=\"wp-element-caption\">\n                                                Marie Contreras                                            <\/div>\n                                                                            <\/a>\n                                <\/div>\n                                                                                    <div class=\"grid-item col-6\" data-src=\"https:\/\/app.localhub.ch\/api\/image\/01m0j0rvjwssg3jnerkr3p4nt8\/scale\/1920\" data-sub-html=\"CGN - Vue Pont - \u00a9 Marie Contreras\">\n                                    <a href=\"\" class=\"gallery-item wp-block-image lazyload-wrapper\">\n                                        <img decoding=\"async\" src=\"https:\/\/www.vaud.ch\/app\/themes\/child\/assets\/images\/loading-pixel.svg\" data-src=\"https:\/\/app.localhub.ch\/api\/image\/01m0j0rvjwssg3jnerkr3p4nt8\/scale\/550\" class=\"lazyload\" alt=\"CGN - Vue Pont\">\n                                        <div class=\"gallery-overlay with-icon\">\n                                            <lord-icon src=\"https:\/\/cdn.lordicon.com\/fqfpkgja.json\" target=\".gallery-overlay\" trigger=\"hover\" colors=\"primary:#ffffff\" style=\"width:100px;height:100px\">\n                                            <\/lord-icon>\n                                        <\/div>\n                                                                                    <div class=\"wp-element-caption\">\n                                                Marie Contreras                                            <\/div>\n                                                                            <\/a>\n                                <\/div>\n                                                                                    <div class=\"grid-item col-6\" data-src=\"https:\/\/app.localhub.ch\/api\/image\/01m0j0rvjzxw8rjzscd21z19t6\/scale\/1920\" data-sub-html=\"CGN - Capitaine - \u00a9 Marie Contreras\">\n                                    <a href=\"\" class=\"gallery-item wp-block-image lazyload-wrapper\">\n                                        <img decoding=\"async\" src=\"https:\/\/www.vaud.ch\/app\/themes\/child\/assets\/images\/loading-pixel.svg\" data-src=\"https:\/\/app.localhub.ch\/api\/image\/01m0j0rvjzxw8rjzscd21z19t6\/scale\/550\" class=\"lazyload\" alt=\"CGN - Capitaine\">\n                                        <div class=\"gallery-overlay with-icon\">\n                                            <lord-icon src=\"https:\/\/cdn.lordicon.com\/fqfpkgja.json\" target=\".gallery-overlay\" trigger=\"hover\" colors=\"primary:#ffffff\" style=\"width:100px;height:100px\">\n                                            <\/lord-icon>\n                                        <\/div>\n                                                                                    <div class=\"wp-element-caption\">\n                                                Marie Contreras                                            <\/div>\n                                                                            <\/a>\n                                <\/div>\n                                                                                    <div class=\"grid-item col-6\" data-src=\"https:\/\/app.localhub.ch\/api\/image\/01m0j0rvk1wn7533fncg4f3wjk\/scale\/1920\" data-sub-html=\"CGN Hiver Neige - \u00a9 Marie Contreras\">\n                                    <a href=\"\" class=\"gallery-item wp-block-image lazyload-wrapper\">\n                                        <img decoding=\"async\" src=\"https:\/\/www.vaud.ch\/app\/themes\/child\/assets\/images\/loading-pixel.svg\" data-src=\"https:\/\/app.localhub.ch\/api\/image\/01m0j0rvk1wn7533fncg4f3wjk\/scale\/550\" class=\"lazyload\" alt=\"CGN Hiver Neige\">\n                                        <div class=\"gallery-overlay with-icon\">\n                                            <lord-icon src=\"https:\/\/cdn.lordicon.com\/fqfpkgja.json\" target=\".gallery-overlay\" trigger=\"hover\" colors=\"primary:#ffffff\" style=\"width:100px;height:100px\">\n                                            <\/lord-icon>\n                                        <\/div>\n                                                                                    <div class=\"wp-element-caption\">\n                                                Marie Contreras                                            <\/div>\n                                                                            <\/a>\n                                <\/div>\n                                                                        <\/div>\n                <\/div>\n                    <\/section>\n    \n            <div>\n            <a target=\"_blank\" href=\"https:\/\/www.vaud.ch\/de\/tourismus\/aktivitaten\/01m0j0rcb4vd75nybrt3tmtary\" class=\"btn\">\n                <span>Mehr lesen<\/span>\n            <\/a>\n        <\/div>\n    <\/div>\n                                    <\/div>\n                                                                    <div\n                                        class=\"itinerary-content-panel\"\n                                        id=\"itinerary-content-montreux-riviera-tag-3-kultur-und-schifffahrt-auf-dem-see-step-4\"\n                                        data-lieu-id=\"montreux-riviera\"\n                                        data-day-id=\"montreux-riviera-tag-3-kultur-und-schifffahrt-auf-dem-see\"\n                                        data-step-id=\"montreux-riviera-tag-3-kultur-und-schifffahrt-auf-dem-see-step-4\"\n                                    >\n                                        <div class=\"itinerary-step-content wp-block-acf-itinerary-step-content\">\n    \n\n<h4 class=\"wp-block-heading\">NACHMITTAG \u2013 Letzte Chasselas-Degustation vor der Abreise<\/h4>\n\n\n\n<p class=\"wp-block-paragraph\">Beenden Sie Ihre Auszeit mit einer letzten Degustation bei M\u00e9lanie Weber in Cully. Weinhandwerk, der Charme von Lavaux und ein Glas Chasselas in der Hand bilden den idealen authentischen und geselligen Abschluss.<\/p>\n\n            <section class=\"itinerary-step-medias\">\n                            <div class=\"gallery\">\n                                        <div class=\"lightgallery row\">\n                                                        <div class=\"grid-item col-6\" data-src=\"https:\/\/app.localhub.ch\/api\/image\/01kbhrkv5n3vyt17fpefy7993e\/scale\/1920\" data-sub-html=\"M\u00e9lanie Weber Vins - \u00a9 @delfilmphotos\">\n                                    <a href=\"\" class=\"gallery-item wp-block-image lazyload-wrapper\">\n                                        <img decoding=\"async\" src=\"https:\/\/www.vaud.ch\/app\/themes\/child\/assets\/images\/loading-pixel.svg\" data-src=\"https:\/\/app.localhub.ch\/api\/image\/01kbhrkv5n3vyt17fpefy7993e\/scale\/550\" class=\"lazyload\" alt=\"M\u00e9lanie Weber Vins\">\n                                        <div class=\"gallery-overlay with-icon\">\n                                            <lord-icon src=\"https:\/\/cdn.lordicon.com\/fqfpkgja.json\" target=\".gallery-overlay\" trigger=\"hover\" colors=\"primary:#ffffff\" style=\"width:100px;height:100px\">\n                                            <\/lord-icon>\n                                        <\/div>\n                                                                                    <div class=\"wp-element-caption\">\n                                                @delfilmphotos                                            <\/div>\n                                                                            <\/a>\n                                <\/div>\n                                                                                    <div class=\"grid-item col-6\" data-src=\"https:\/\/app.localhub.ch\/api\/image\/01kbhrkv5pmzd9542kcwvaenj4\/scale\/1920\" data-sub-html=\"M\u00e9lanie Weber Vins - \u00a9 @delfilmphotos\">\n                                    <a href=\"\" class=\"gallery-item wp-block-image lazyload-wrapper\">\n                                        <img decoding=\"async\" src=\"https:\/\/www.vaud.ch\/app\/themes\/child\/assets\/images\/loading-pixel.svg\" data-src=\"https:\/\/app.localhub.ch\/api\/image\/01kbhrkv5pmzd9542kcwvaenj4\/scale\/550\" class=\"lazyload\" alt=\"M\u00e9lanie Weber Vins\">\n                                        <div class=\"gallery-overlay with-icon\">\n                                            <lord-icon src=\"https:\/\/cdn.lordicon.com\/fqfpkgja.json\" target=\".gallery-overlay\" trigger=\"hover\" colors=\"primary:#ffffff\" style=\"width:100px;height:100px\">\n                                            <\/lord-icon>\n                                        <\/div>\n                                                                                    <div class=\"wp-element-caption\">\n                                                @delfilmphotos                                            <\/div>\n                                                                            <\/a>\n                                <\/div>\n                                                                                    <div class=\"grid-item col-6\" data-src=\"https:\/\/app.localhub.ch\/api\/image\/01kbhrkv5rrnx6chj006rg3tvk\/scale\/1920\" data-sub-html=\"M\u00e9lanie Weber Vins - \u00a9 @delfilmphotos\">\n                                    <a href=\"\" class=\"gallery-item wp-block-image lazyload-wrapper\">\n                                        <img decoding=\"async\" src=\"https:\/\/www.vaud.ch\/app\/themes\/child\/assets\/images\/loading-pixel.svg\" data-src=\"https:\/\/app.localhub.ch\/api\/image\/01kbhrkv5rrnx6chj006rg3tvk\/scale\/550\" class=\"lazyload\" alt=\"M\u00e9lanie Weber Vins\">\n                                        <div class=\"gallery-overlay with-icon\">\n                                            <lord-icon src=\"https:\/\/cdn.lordicon.com\/fqfpkgja.json\" target=\".gallery-overlay\" trigger=\"hover\" colors=\"primary:#ffffff\" style=\"width:100px;height:100px\">\n                                            <\/lord-icon>\n                                        <\/div>\n                                                                                    <div class=\"wp-element-caption\">\n                                                @delfilmphotos                                            <\/div>\n                                                                            <\/a>\n                                <\/div>\n                                                                                    <div class=\"grid-item col-6\" data-src=\"https:\/\/app.localhub.ch\/api\/image\/01kbhrkv5stpm5z0ahbt9bzz2b\/scale\/1920\" data-sub-html=\"M\u00e9lanie Weber Vins - \u00a9 @delfilmphotos\">\n                                    <a href=\"\" class=\"gallery-item wp-block-image lazyload-wrapper\">\n                                        <img decoding=\"async\" src=\"https:\/\/www.vaud.ch\/app\/themes\/child\/assets\/images\/loading-pixel.svg\" data-src=\"https:\/\/app.localhub.ch\/api\/image\/01kbhrkv5stpm5z0ahbt9bzz2b\/scale\/550\" class=\"lazyload\" alt=\"M\u00e9lanie Weber Vins\">\n                                        <div class=\"gallery-overlay with-icon\">\n                                            <lord-icon src=\"https:\/\/cdn.lordicon.com\/fqfpkgja.json\" target=\".gallery-overlay\" trigger=\"hover\" colors=\"primary:#ffffff\" style=\"width:100px;height:100px\">\n                                            <\/lord-icon>\n                                        <\/div>\n                                                                                    <div class=\"wp-element-caption\">\n                                                @delfilmphotos                                            <\/div>\n                                                                            <\/a>\n                                <\/div>\n                                                                        <\/div>\n                <\/div>\n                    <\/section>\n    \n            <div>\n            <a target=\"_blank\" href=\"https:\/\/www.vaud.ch\/de\/tourismus\/aktivitaten\/melanie-weber-vins\" class=\"btn\">\n                <span>Mehr lesen<\/span>\n            <\/a>\n        <\/div>\n    <\/div>\n                                    <\/div>\n                                                                                    <\/div>\n                    <\/div>\n                <\/section>\n                            <section class=\"itinerary-lieu-section\" data-lieu-id=\"nord-vaudois\">\n                    <h3 class=\"itinerary-lieu-title\">\n                        Route Nord vaudois                    <\/h3>\n                                            <div class=\"itinerary-lieu-intro\">\n                            Diese dreit\u00e4gige Reiseroute l\u00e4dt Sie ein, den Norden des Kantons Waadt mit seinem Kulturerbe, seinen Weinbergen und seinen regionalen Spezialit\u00e4ten zu erkunden. Entdecken Sie zwischen Yverdon-les-Bains, Bonvillars und den C\u00f4tes de l\u2019Orbe einzigartiges handwerkliches K\u00f6nnen, authentische Verkostungen und Landschaften, die vom Weinbau gepr\u00e4gt sind.\r\n<br><br><h4>Zu probieren<\/h4>\r\n<ul>\r\n \t<li>Die Cuv\u00e9e &#8220;Mirabilis&#8221; vom gleichnamigen Weingut\r\n<\/li>\r\n \t<li>Exploz, der Weisssekt der Cave des Viticulteurs de Bonvillars<\/li>\r\n \t<li>L\u2019Amandine aus Sainte-Croix<\/li>\r\n \t<li>Tr\u00fcffel in all ihren Formen<\/li>\r\n \t<li>Brot und Pralinen aus der B\u00e4ckerei Gerber-Wyss<\/li>\r\n<\/ul>                        <\/div>\n                                        <div class=\"itinerary-layout-bottom\">\n                        <aside class=\"itinerary-sidebar\">\n                                                                                                                            <div class=\"itinerary-day-group\" data-day-id=\"nord-vaudois-tag-1-stadtbesichtigung-und-gastronomisches-dinner\">\n                                    <h5 class=\"itinerary-day-title\">\n                                        Tag 1 \u2013 Stadtbesichtigung und gastronomisches Dinner                                    <\/h5>\n                                    <ul class=\"itinerary-steps-list\">\n                                                                                    <li class=\"itinerary-step-item\">\n                                                <button\n                                                    type=\"button\"\n                                                    class=\"itinerary-step-link\"\n                                                    data-lieu-id=\"nord-vaudois\"\n                                                    data-day-id=\"nord-vaudois-tag-1-stadtbesichtigung-und-gastronomisches-dinner\"\n                                                    data-step-id=\"nord-vaudois-tag-1-stadtbesichtigung-und-gastronomisches-dinner-step-1\"\n                                                >\n                                                    <span class=\"itinerary-step-number\">1<\/span>\n                                                    <span class=\"itinerary-step-label\">Brunnenrundgang durch die Stadt<\/span>\n                                                <\/button>\n                                            <\/li>\n                                                                                    <li class=\"itinerary-step-item\">\n                                                <button\n                                                    type=\"button\"\n                                                    class=\"itinerary-step-link\"\n                                                    data-lieu-id=\"nord-vaudois\"\n                                                    data-day-id=\"nord-vaudois-tag-1-stadtbesichtigung-und-gastronomisches-dinner\"\n                                                    data-step-id=\"nord-vaudois-tag-1-stadtbesichtigung-und-gastronomisches-dinner-step-2\"\n                                                >\n                                                    <span class=\"itinerary-step-number\">2<\/span>\n                                                    <span class=\"itinerary-step-label\">Ch\u00e2teau und Mus\u00e9e d\u2019Yverdon et R\u00e9gion<\/span>\n                                                <\/button>\n                                            <\/li>\n                                                                                    <li class=\"itinerary-step-item\">\n                                                <button\n                                                    type=\"button\"\n                                                    class=\"itinerary-step-link\"\n                                                    data-lieu-id=\"nord-vaudois\"\n                                                    data-day-id=\"nord-vaudois-tag-1-stadtbesichtigung-und-gastronomisches-dinner\"\n                                                    data-step-id=\"nord-vaudois-tag-1-stadtbesichtigung-und-gastronomisches-dinner-step-3\"\n                                                >\n                                                    <span class=\"itinerary-step-number\">3<\/span>\n                                                    <span class=\"itinerary-step-label\">Gastronomisches Dinner mit Waadtl\u00e4nder Weinbegleitung bei Gerber-Wyss<\/span>\n                                                <\/button>\n                                            <\/li>\n                                                                                    <li class=\"itinerary-step-item\">\n                                                <button\n                                                    type=\"button\"\n                                                    class=\"itinerary-step-link\"\n                                                    data-lieu-id=\"nord-vaudois\"\n                                                    data-day-id=\"nord-vaudois-tag-1-stadtbesichtigung-und-gastronomisches-dinner\"\n                                                    data-step-id=\"nord-vaudois-tag-1-stadtbesichtigung-und-gastronomisches-dinner-step-4\"\n                                                >\n                                                    <span class=\"itinerary-step-number\">4<\/span>\n                                                    <span class=\"itinerary-step-label\">Grand H\u00f4tel des Bains<\/span>\n                                                <\/button>\n                                            <\/li>\n                                                                            <\/ul>\n                                <\/div>\n                                                                                                                            <div class=\"itinerary-day-group\" data-day-id=\"nord-vaudois-tag-2-rebberge-und-trueffel-von-bonvillars\">\n                                    <h5 class=\"itinerary-day-title\">\n                                        Tag 2 \u2013 Rebberge und Tr\u00fcffel von Bonvillars                                    <\/h5>\n                                    <ul class=\"itinerary-steps-list\">\n                                                                                    <li class=\"itinerary-step-item\">\n                                                <button\n                                                    type=\"button\"\n                                                    class=\"itinerary-step-link\"\n                                                    data-lieu-id=\"nord-vaudois\"\n                                                    data-day-id=\"nord-vaudois-tag-2-rebberge-und-trueffel-von-bonvillars\"\n                                                    data-step-id=\"nord-vaudois-tag-2-rebberge-und-trueffel-von-bonvillars-step-1\"\n                                                >\n                                                    <span class=\"itinerary-step-number\">1<\/span>\n                                                    <span class=\"itinerary-step-label\">Bonvillars zu Fuss oder mit dem E-Bike<\/span>\n                                                <\/button>\n                                            <\/li>\n                                                                                    <li class=\"itinerary-step-item\">\n                                                <button\n                                                    type=\"button\"\n                                                    class=\"itinerary-step-link\"\n                                                    data-lieu-id=\"nord-vaudois\"\n                                                    data-day-id=\"nord-vaudois-tag-2-rebberge-und-trueffel-von-bonvillars\"\n                                                    data-step-id=\"nord-vaudois-tag-2-rebberge-und-trueffel-von-bonvillars-step-2\"\n                                                >\n                                                    <span class=\"itinerary-step-number\">2<\/span>\n                                                    <span class=\"itinerary-step-label\">Besuch und Degustation in der Cave des Viticulteurs de Bonvillars<\/span>\n                                                <\/button>\n                                            <\/li>\n                                                                                    <li class=\"itinerary-step-item\">\n                                                <button\n                                                    type=\"button\"\n                                                    class=\"itinerary-step-link\"\n                                                    data-lieu-id=\"nord-vaudois\"\n                                                    data-day-id=\"nord-vaudois-tag-2-rebberge-und-trueffel-von-bonvillars\"\n                                                    data-step-id=\"nord-vaudois-tag-2-rebberge-und-trueffel-von-bonvillars-step-3\"\n                                                >\n                                                    <span class=\"itinerary-step-number\">3<\/span>\n                                                    <span class=\"itinerary-step-label\">Didaktische Tr\u00fcffelplantage und Ap\u00e9ro mit Tr\u00fcffelprodukten<\/span>\n                                                <\/button>\n                                            <\/li>\n                                                                                    <li class=\"itinerary-step-item\">\n                                                <button\n                                                    type=\"button\"\n                                                    class=\"itinerary-step-link\"\n                                                    data-lieu-id=\"nord-vaudois\"\n                                                    data-day-id=\"nord-vaudois-tag-2-rebberge-und-trueffel-von-bonvillars\"\n                                                    data-step-id=\"nord-vaudois-tag-2-rebberge-und-trueffel-von-bonvillars-step-4\"\n                                                >\n                                                    <span class=\"itinerary-step-number\">4<\/span>\n                                                    <span class=\"itinerary-step-label\">Lokale Produkte in der Maison des Terroirs<\/span>\n                                                <\/button>\n                                            <\/li>\n                                                                                    <li class=\"itinerary-step-item\">\n                                                <button\n                                                    type=\"button\"\n                                                    class=\"itinerary-step-link\"\n                                                    data-lieu-id=\"nord-vaudois\"\n                                                    data-day-id=\"nord-vaudois-tag-2-rebberge-und-trueffel-von-bonvillars\"\n                                                    data-step-id=\"nord-vaudois-tag-2-rebberge-und-trueffel-von-bonvillars-step-5\"\n                                                >\n                                                    <span class=\"itinerary-step-number\">5<\/span>\n                                                    <span class=\"itinerary-step-label\">Grand H\u00f4tel des Bains<\/span>\n                                                <\/button>\n                                            <\/li>\n                                                                            <\/ul>\n                                <\/div>\n                                                                                                                            <div class=\"itinerary-day-group\" data-day-id=\"nord-vaudois-tag-3-weintourismus-in-den-cotes-de-lorbe\">\n                                    <h5 class=\"itinerary-day-title\">\n                                        Tag 3 \u2013 Weintourismus in den C\u00f4tes de l\u2019Orbe                                    <\/h5>\n                                    <ul class=\"itinerary-steps-list\">\n                                                                                    <li class=\"itinerary-step-item\">\n                                                <button\n                                                    type=\"button\"\n                                                    class=\"itinerary-step-link\"\n                                                    data-lieu-id=\"nord-vaudois\"\n                                                    data-day-id=\"nord-vaudois-tag-3-weintourismus-in-den-cotes-de-lorbe\"\n                                                    data-step-id=\"nord-vaudois-tag-3-weintourismus-in-den-cotes-de-lorbe-step-1\"\n                                                >\n                                                    <span class=\"itinerary-step-number\">1<\/span>\n                                                    <span class=\"itinerary-step-label\">Besuch der K\u00fcferei des Domaine du Manoir in Valeyres-sous-Rances<\/span>\n                                                <\/button>\n                                            <\/li>\n                                                                                    <li class=\"itinerary-step-item\">\n                                                <button\n                                                    type=\"button\"\n                                                    class=\"itinerary-step-link\"\n                                                    data-lieu-id=\"nord-vaudois\"\n                                                    data-day-id=\"nord-vaudois-tag-3-weintourismus-in-den-cotes-de-lorbe\"\n                                                    data-step-id=\"nord-vaudois-tag-3-weintourismus-in-den-cotes-de-lorbe-step-2\"\n                                                >\n                                                    <span class=\"itinerary-step-number\">2<\/span>\n                                                    <span class=\"itinerary-step-label\">Besichtigung und Degustation in der Cave Mirabilis<\/span>\n                                                <\/button>\n                                            <\/li>\n                                                                                    <li class=\"itinerary-step-item\">\n                                                <button\n                                                    type=\"button\"\n                                                    class=\"itinerary-step-link\"\n                                                    data-lieu-id=\"nord-vaudois\"\n                                                    data-day-id=\"nord-vaudois-tag-3-weintourismus-in-den-cotes-de-lorbe\"\n                                                    data-step-id=\"nord-vaudois-tag-3-weintourismus-in-den-cotes-de-lorbe-step-3\"\n                                                >\n                                                    <span class=\"itinerary-step-number\">3<\/span>\n                                                    <span class=\"itinerary-step-label\">Essen in der Vieille Auberge in Valeyres-sous-Rances<\/span>\n                                                <\/button>\n                                            <\/li>\n                                                                                    <li class=\"itinerary-step-item\">\n                                                <button\n                                                    type=\"button\"\n                                                    class=\"itinerary-step-link\"\n                                                    data-lieu-id=\"nord-vaudois\"\n                                                    data-day-id=\"nord-vaudois-tag-3-weintourismus-in-den-cotes-de-lorbe\"\n                                                    data-step-id=\"nord-vaudois-tag-3-weintourismus-in-den-cotes-de-lorbe-step-4\"\n                                                >\n                                                    <span class=\"itinerary-step-number\">4<\/span>\n                                                    <span class=\"itinerary-step-label\">Wanderung durch die C\u00f4tes de l\u2019Orbe und den Jurafuss<\/span>\n                                                <\/button>\n                                            <\/li>\n                                                                            <\/ul>\n                                <\/div>\n                                                    <\/aside>\n\n                        <div class=\"itinerary-content\">\n                                                                                                <div\n                                        class=\"itinerary-content-panel\"\n                                        id=\"itinerary-content-nord-vaudois-tag-1-stadtbesichtigung-und-gastronomisches-dinner-step-1\"\n                                        data-lieu-id=\"nord-vaudois\"\n                                        data-day-id=\"nord-vaudois-tag-1-stadtbesichtigung-und-gastronomisches-dinner\"\n                                        data-step-id=\"nord-vaudois-tag-1-stadtbesichtigung-und-gastronomisches-dinner-step-1\"\n                                    >\n                                        <div class=\"itinerary-step-content wp-block-acf-itinerary-step-content\">\n    \n\n<h4 class=\"wp-block-heading\">VORMITTAG \u2013 Brunnenrundgang durch die Stadt<\/h4>\n\n\n\n<p class=\"wp-block-paragraph\">Beginnen Sie Ihren Aufenthalt in der Nordwaadt mit einer Entdeckungstour durch Yverdon-les-Bains entlang des Wassers. Brunnen und Kan\u00e4le erz\u00e4hlen ihre Geschichte und Anekdoten und lassen Sie mehr \u00fcber jene Sch\u00e4tze erfahren, die das Stadtbild bereichern.<\/p>\n\n            <section class=\"itinerary-step-medias\">\n                            <div class=\"gallery\">\n                                        <div class=\"lightgallery row\">\n                                                        <div class=\"grid-item col-6\" data-src=\"https:\/\/app.localhub.ch\/api\/image\/01m0cd0kw01nzeyqg1nz19tme3\/scale\/1920\" data-sub-html=\"Historische Brunnen von Yverdon - \u00a9 ADNV - Lionel Bourgeois\">\n                                    <a href=\"\" class=\"gallery-item wp-block-image lazyload-wrapper\">\n                                        <img decoding=\"async\" src=\"https:\/\/www.vaud.ch\/app\/themes\/child\/assets\/images\/loading-pixel.svg\" data-src=\"https:\/\/app.localhub.ch\/api\/image\/01m0cd0kw01nzeyqg1nz19tme3\/scale\/550\" class=\"lazyload\" alt=\"Historische Brunnen von Yverdon\">\n                                        <div class=\"gallery-overlay with-icon\">\n                                            <lord-icon src=\"https:\/\/cdn.lordicon.com\/fqfpkgja.json\" target=\".gallery-overlay\" trigger=\"hover\" colors=\"primary:#ffffff\" style=\"width:100px;height:100px\">\n                                            <\/lord-icon>\n                                        <\/div>\n                                                                                    <div class=\"wp-element-caption\">\n                                                ADNV &#8211; Lionel Bourgeois                                            <\/div>\n                                                                            <\/a>\n                                <\/div>\n                                                                                    <div class=\"grid-item col-6\" data-src=\"https:\/\/app.localhub.ch\/api\/image\/01m0cd0kw21gn30aen5sg7ksrt\/scale\/1920\" data-sub-html=\"Historische Brunnen von Yverdon - \u00a9 ADNV - Lionel Bourgeois\">\n                                    <a href=\"\" class=\"gallery-item wp-block-image lazyload-wrapper\">\n                                        <img decoding=\"async\" src=\"https:\/\/www.vaud.ch\/app\/themes\/child\/assets\/images\/loading-pixel.svg\" data-src=\"https:\/\/app.localhub.ch\/api\/image\/01m0cd0kw21gn30aen5sg7ksrt\/scale\/550\" class=\"lazyload\" alt=\"Historische Brunnen von Yverdon\">\n                                        <div class=\"gallery-overlay with-icon\">\n                                            <lord-icon src=\"https:\/\/cdn.lordicon.com\/fqfpkgja.json\" target=\".gallery-overlay\" trigger=\"hover\" colors=\"primary:#ffffff\" style=\"width:100px;height:100px\">\n                                            <\/lord-icon>\n                                        <\/div>\n                                                                                    <div class=\"wp-element-caption\">\n                                                ADNV &#8211; Lionel Bourgeois                                            <\/div>\n                                                                            <\/a>\n                                <\/div>\n                                                                                    <div class=\"grid-item col-6\" data-src=\"https:\/\/app.localhub.ch\/api\/image\/01m0cd0kw39zjera3421e0c2am\/scale\/1920\" data-sub-html=\"Historische Brunnen von Yverdon - \u00a9 ADNV - Lionel Bourgeois\">\n                                    <a href=\"\" class=\"gallery-item wp-block-image lazyload-wrapper\">\n                                        <img decoding=\"async\" src=\"https:\/\/www.vaud.ch\/app\/themes\/child\/assets\/images\/loading-pixel.svg\" data-src=\"https:\/\/app.localhub.ch\/api\/image\/01m0cd0kw39zjera3421e0c2am\/scale\/550\" class=\"lazyload\" alt=\"Historische Brunnen von Yverdon\">\n                                        <div class=\"gallery-overlay with-icon\">\n                                            <lord-icon src=\"https:\/\/cdn.lordicon.com\/fqfpkgja.json\" target=\".gallery-overlay\" trigger=\"hover\" colors=\"primary:#ffffff\" style=\"width:100px;height:100px\">\n                                            <\/lord-icon>\n                                        <\/div>\n                                                                                    <div class=\"wp-element-caption\">\n                                                ADNV &#8211; Lionel Bourgeois                                            <\/div>\n                                                                            <\/a>\n                                <\/div>\n                                                                        <\/div>\n                <\/div>\n                    <\/section>\n    \n            <div>\n            <a target=\"_blank\" href=\"https:\/\/www.vaud.ch\/de\/tourismus\/sport\/routen\/historische-brunnen-von-yverdon\" class=\"btn\">\n                <span>Mehr lesen<\/span>\n            <\/a>\n        <\/div>\n    <\/div>\n                                    <\/div>\n                                                                    <div\n                                        class=\"itinerary-content-panel\"\n                                        id=\"itinerary-content-nord-vaudois-tag-1-stadtbesichtigung-und-gastronomisches-dinner-step-2\"\n                                        data-lieu-id=\"nord-vaudois\"\n                                        data-day-id=\"nord-vaudois-tag-1-stadtbesichtigung-und-gastronomisches-dinner\"\n                                        data-step-id=\"nord-vaudois-tag-1-stadtbesichtigung-und-gastronomisches-dinner-step-2\"\n                                    >\n                                        <div class=\"itinerary-step-content wp-block-acf-itinerary-step-content\">\n    \n\n<h4 class=\"wp-block-heading\">NACHMITTAG \u2013 Ch\u00e2teau und Mus\u00e9e d\u2019Yverdon et R\u00e9gion<\/h4>\n\n\n\n<p class=\"wp-block-paragraph\">Setzen Sie Ihre kulturelle Entdeckungstour im Mus\u00e9e d\u2019Yverdon et R\u00e9gion fort. Das Museum im Ch\u00e2teau d\u2019Yverdon-les-Bains l\u00e4sst 8\u2019000 Jahre Geschichte lebendig werden und beleuchtet die UNESCO-gesch\u00fctzten Pfahlbaust\u00e4tten.<\/p>\n\n            <section class=\"itinerary-step-medias\">\n                            <div class=\"gallery\">\n                                        <div class=\"lightgallery row\">\n                                                        <div class=\"grid-item col-6\" data-src=\"https:\/\/app.localhub.ch\/api\/image\/01kbhr8k33qvgx7zfd0rvwn5mw\/scale\/1920\" data-sub-html=\"D\u00e9tail du sarcophage \u00e9gyptien du pr\u00eatre Nes-Shou \u00a9 Mus\u00e9e d\u2019Yverdon et r\u00e9gion \/ Thierry Porchet - \u00a9 \u00a9 Thierry Porchet\">\n                                    <a href=\"\" class=\"gallery-item wp-block-image lazyload-wrapper\">\n                                        <img decoding=\"async\" src=\"https:\/\/www.vaud.ch\/app\/themes\/child\/assets\/images\/loading-pixel.svg\" data-src=\"https:\/\/app.localhub.ch\/api\/image\/01kbhr8k33qvgx7zfd0rvwn5mw\/scale\/550\" class=\"lazyload\" alt=\"D\u00e9tail du sarcophage \u00e9gyptien du pr\u00eatre Nes-Shou \u00a9 Mus\u00e9e d\u2019Yverdon et r\u00e9gion \/ Thierry Porchet\">\n                                        <div class=\"gallery-overlay with-icon\">\n                                            <lord-icon src=\"https:\/\/cdn.lordicon.com\/fqfpkgja.json\" target=\".gallery-overlay\" trigger=\"hover\" colors=\"primary:#ffffff\" style=\"width:100px;height:100px\">\n                                            <\/lord-icon>\n                                        <\/div>\n                                                                                    <div class=\"wp-element-caption\">\n                                                \u00a9 Thierry Porchet                                            <\/div>\n                                                                            <\/a>\n                                <\/div>\n                                                                                    <div class=\"grid-item col-6\" data-src=\"https:\/\/app.localhub.ch\/api\/image\/01kbhr8k34mj47qxz64xhefa0k\/scale\/1920\" data-sub-html=\"alle des Celtes aux Burgondes \u00a9 Mus\u00e9e d\u2019Yverdon et r\u00e9gion \/ Suzanne et Daniel Fibbi-Aeppli\">\n                                    <a href=\"\" class=\"gallery-item wp-block-image lazyload-wrapper\">\n                                        <img decoding=\"async\" src=\"https:\/\/www.vaud.ch\/app\/themes\/child\/assets\/images\/loading-pixel.svg\" data-src=\"https:\/\/app.localhub.ch\/api\/image\/01kbhr8k34mj47qxz64xhefa0k\/scale\/550\" class=\"lazyload\" alt=\"alle des Celtes aux Burgondes \u00a9 Mus\u00e9e d\u2019Yverdon et r\u00e9gion \/ Suzanne et Daniel Fibbi-Aeppli\">\n                                        <div class=\"gallery-overlay with-icon\">\n                                            <lord-icon src=\"https:\/\/cdn.lordicon.com\/fqfpkgja.json\" target=\".gallery-overlay\" trigger=\"hover\" colors=\"primary:#ffffff\" style=\"width:100px;height:100px\">\n                                            <\/lord-icon>\n                                        <\/div>\n                                                                            <\/a>\n                                <\/div>\n                                                                                    <div class=\"grid-item col-6\" data-src=\"https:\/\/app.localhub.ch\/api\/image\/01kbhr8k36h5z22z18zfdgahww\/scale\/1920\" data-sub-html=\"Salle bernoise du ch\u00e2teau d\u2019Yverdon-les-Bains \u00a9 Mus\u00e9e d\u2019Yverdon et r\u00e9gion \/ Thierry Porchet\">\n                                    <a href=\"\" class=\"gallery-item wp-block-image lazyload-wrapper\">\n                                        <img decoding=\"async\" src=\"https:\/\/www.vaud.ch\/app\/themes\/child\/assets\/images\/loading-pixel.svg\" data-src=\"https:\/\/app.localhub.ch\/api\/image\/01kbhr8k36h5z22z18zfdgahww\/scale\/550\" class=\"lazyload\" alt=\"Salle bernoise du ch\u00e2teau d\u2019Yverdon-les-Bains \u00a9 Mus\u00e9e d\u2019Yverdon et r\u00e9gion \/ Thierry Porchet\">\n                                        <div class=\"gallery-overlay with-icon\">\n                                            <lord-icon src=\"https:\/\/cdn.lordicon.com\/fqfpkgja.json\" target=\".gallery-overlay\" trigger=\"hover\" colors=\"primary:#ffffff\" style=\"width:100px;height:100px\">\n                                            <\/lord-icon>\n                                        <\/div>\n                                                                            <\/a>\n                                <\/div>\n                                                                                    <div class=\"grid-item col-6\" data-src=\"https:\/\/app.localhub.ch\/api\/image\/01kbhr8k37rdg9qyc9zsj0x31n\/scale\/1920\" data-sub-html=\"yverdon - chateau - juin 08 - \u00a9 Thierry Porchet - \u00a9 \u00a9 Thierry Porchet\">\n                                    <a href=\"\" class=\"gallery-item wp-block-image lazyload-wrapper\">\n                                        <img decoding=\"async\" src=\"https:\/\/www.vaud.ch\/app\/themes\/child\/assets\/images\/loading-pixel.svg\" data-src=\"https:\/\/app.localhub.ch\/api\/image\/01kbhr8k37rdg9qyc9zsj0x31n\/scale\/550\" class=\"lazyload\" alt=\"yverdon - chateau - juin 08 - \u00a9 Thierry Porchet\">\n                                        <div class=\"gallery-overlay with-icon\">\n                                            <lord-icon src=\"https:\/\/cdn.lordicon.com\/fqfpkgja.json\" target=\".gallery-overlay\" trigger=\"hover\" colors=\"primary:#ffffff\" style=\"width:100px;height:100px\">\n                                            <\/lord-icon>\n                                        <\/div>\n                                                                                    <div class=\"wp-element-caption\">\n                                                \u00a9 Thierry Porchet                                            <\/div>\n                                                                            <\/a>\n                                <\/div>\n                                                                        <\/div>\n                <\/div>\n                    <\/section>\n    \n            <div>\n            <a target=\"_blank\" href=\"https:\/\/www.vaud.ch\/de\/tourismus\/aktivitaten\/museum-von-yverdon-und-region\" class=\"btn\">\n                <span>Mehr lesen<\/span>\n            <\/a>\n        <\/div>\n    <\/div>\n                                    <\/div>\n                                                                    <div\n                                        class=\"itinerary-content-panel\"\n                                        id=\"itinerary-content-nord-vaudois-tag-1-stadtbesichtigung-und-gastronomisches-dinner-step-3\"\n                                        data-lieu-id=\"nord-vaudois\"\n                                        data-day-id=\"nord-vaudois-tag-1-stadtbesichtigung-und-gastronomisches-dinner\"\n                                        data-step-id=\"nord-vaudois-tag-1-stadtbesichtigung-und-gastronomisches-dinner-step-3\"\n                                    >\n                                        <div class=\"itinerary-step-content wp-block-acf-itinerary-step-content\">\n    \n\n<h4 class=\"wp-block-heading\">ABEND \u2013 Gastronomisches Dinner mit Waadtl\u00e4nder Weinbegleitung bei Gerber-Wyss<\/h4>\n\n\n\n<p class=\"wp-block-paragraph\">Nehmen Sie im Herzen der Altstadt von Yverdon-les-Bains bei Gerber Wyss Platz, einer unverzichtbaren Adresse f\u00fcr Feinschmecker. Gr\u00e9gory und Laurena Wyss entwickeln eine von der Natur inspirierte K\u00fcche, in der die Einfachheit der Produkte, authentische Aromen und der Reichtum des Terroirs voll zur Geltung kommen.<\/p>\n\n            <section class=\"itinerary-step-medias\">\n                            <div class=\"gallery\">\n                                        <div class=\"lightgallery row\">\n                                                        <div class=\"grid-item col-6\" data-src=\"https:\/\/app.localhub.ch\/api\/image\/01kbhr92esy0wembg6cjjzgr6n\/scale\/1920\" data-sub-html=\"gerber wyss automne - \u00a9 gerber_wyss automne\">\n                                    <a href=\"\" class=\"gallery-item wp-block-image lazyload-wrapper\">\n                                        <img decoding=\"async\" src=\"https:\/\/www.vaud.ch\/app\/themes\/child\/assets\/images\/loading-pixel.svg\" data-src=\"https:\/\/app.localhub.ch\/api\/image\/01kbhr92esy0wembg6cjjzgr6n\/scale\/550\" class=\"lazyload\" alt=\"gerber wyss automne\">\n                                        <div class=\"gallery-overlay with-icon\">\n                                            <lord-icon src=\"https:\/\/cdn.lordicon.com\/fqfpkgja.json\" target=\".gallery-overlay\" trigger=\"hover\" colors=\"primary:#ffffff\" style=\"width:100px;height:100px\">\n                                            <\/lord-icon>\n                                        <\/div>\n                                                                                    <div class=\"wp-element-caption\">\n                                                gerber_wyss automne                                            <\/div>\n                                                                            <\/a>\n                                <\/div>\n                                                                                    <div class=\"grid-item col-6\" data-src=\"https:\/\/app.localhub.ch\/api\/image\/01kbhr92evcfxa3sbe2gr2z097\/scale\/1920\" data-sub-html=\"gerber wyss int\u00e9rieur - \u00a9 gerber_wyss Adrian_Ehrbar Photography\">\n                                    <a href=\"\" class=\"gallery-item wp-block-image lazyload-wrapper\">\n                                        <img decoding=\"async\" src=\"https:\/\/www.vaud.ch\/app\/themes\/child\/assets\/images\/loading-pixel.svg\" data-src=\"https:\/\/app.localhub.ch\/api\/image\/01kbhr92evcfxa3sbe2gr2z097\/scale\/550\" class=\"lazyload\" alt=\"gerber wyss int\u00e9rieur\">\n                                        <div class=\"gallery-overlay with-icon\">\n                                            <lord-icon src=\"https:\/\/cdn.lordicon.com\/fqfpkgja.json\" target=\".gallery-overlay\" trigger=\"hover\" colors=\"primary:#ffffff\" style=\"width:100px;height:100px\">\n                                            <\/lord-icon>\n                                        <\/div>\n                                                                                    <div class=\"wp-element-caption\">\n                                                gerber_wyss Adrian_Ehrbar Photography                                            <\/div>\n                                                                            <\/a>\n                                <\/div>\n                                                                                    <div class=\"grid-item col-6\" data-src=\"https:\/\/app.localhub.ch\/api\/image\/01kbhr92evcfxa3sbe2gr2z098\/scale\/1920\" data-sub-html=\"Restauration Gerber Wyss - \u00a9 \u00a9 R\u00e9gis Matthey 2020\">\n                                    <a href=\"\" class=\"gallery-item wp-block-image lazyload-wrapper\">\n                                        <img decoding=\"async\" src=\"https:\/\/www.vaud.ch\/app\/themes\/child\/assets\/images\/loading-pixel.svg\" data-src=\"https:\/\/app.localhub.ch\/api\/image\/01kbhr92evcfxa3sbe2gr2z098\/scale\/550\" class=\"lazyload\" alt=\"Restauration Gerber Wyss\">\n                                        <div class=\"gallery-overlay with-icon\">\n                                            <lord-icon src=\"https:\/\/cdn.lordicon.com\/fqfpkgja.json\" target=\".gallery-overlay\" trigger=\"hover\" colors=\"primary:#ffffff\" style=\"width:100px;height:100px\">\n                                            <\/lord-icon>\n                                        <\/div>\n                                                                                    <div class=\"wp-element-caption\">\n                                                \u00a9 R\u00e9gis Matthey 2020                                            <\/div>\n                                                                            <\/a>\n                                <\/div>\n                                                                                    <div class=\"grid-item col-6\" data-src=\"https:\/\/app.localhub.ch\/api\/image\/01kbhr92ewt4nzbamv4d5kfrfm\/scale\/1920\" data-sub-html=\"Cuisine Gerber Wyss - \u00a9 \u00a9 R\u00e9gis Matthey 2020\">\n                                    <a href=\"\" class=\"gallery-item wp-block-image lazyload-wrapper\">\n                                        <img decoding=\"async\" src=\"https:\/\/www.vaud.ch\/app\/themes\/child\/assets\/images\/loading-pixel.svg\" data-src=\"https:\/\/app.localhub.ch\/api\/image\/01kbhr92ewt4nzbamv4d5kfrfm\/scale\/550\" class=\"lazyload\" alt=\"Cuisine Gerber Wyss\">\n                                        <div class=\"gallery-overlay with-icon\">\n                                            <lord-icon src=\"https:\/\/cdn.lordicon.com\/fqfpkgja.json\" target=\".gallery-overlay\" trigger=\"hover\" colors=\"primary:#ffffff\" style=\"width:100px;height:100px\">\n                                            <\/lord-icon>\n                                        <\/div>\n                                                                                    <div class=\"wp-element-caption\">\n                                                \u00a9 R\u00e9gis Matthey 2020                                            <\/div>\n                                                                            <\/a>\n                                <\/div>\n                                                                        <\/div>\n                <\/div>\n                    <\/section>\n    \n            <div>\n            <a target=\"_blank\" href=\"https:\/\/www.vaud.ch\/de\/tourismus\/aktivitaten\/restaurant-gerber-wyss\" class=\"btn\">\n                <span>Mehr lesen<\/span>\n            <\/a>\n        <\/div>\n    <\/div>\n                                    <\/div>\n                                                                    <div\n                                        class=\"itinerary-content-panel\"\n                                        id=\"itinerary-content-nord-vaudois-tag-1-stadtbesichtigung-und-gastronomisches-dinner-step-4\"\n                                        data-lieu-id=\"nord-vaudois\"\n                                        data-day-id=\"nord-vaudois-tag-1-stadtbesichtigung-und-gastronomisches-dinner\"\n                                        data-step-id=\"nord-vaudois-tag-1-stadtbesichtigung-und-gastronomisches-dinner-step-4\"\n                                    >\n                                        <div class=\"itinerary-step-content wp-block-acf-itinerary-step-content\">\n    \n\n<h4 class=\"wp-block-heading\">\u00dcBERNACHTUNG \u2013 Grand H\u00f4tel des Bains<\/h4>\n\n\n\n<p class=\"wp-block-paragraph\">Beenden Sie den ersten Tag im Zeichen des Wohlbefindens im Grand H\u00f4tel des Bains. Das Haus ist mit dem bekannten Thermalzentrum von Yverdon-les-Bains verbunden und f\u00fchrt seit dem 18. Jahrhundert eine Tradition der Erholung fort. Sein eleganter, raffinierter Rahmen l\u00e4dt dazu ein, sich zu entspannen und den Aufenthalt voll auszukosten.<\/p>\n\n            <section class=\"itinerary-step-medias\">\n                            <div class=\"gallery\">\n                                        <div class=\"lightgallery row\">\n                                                        <div class=\"grid-item col-6\" data-src=\"https:\/\/app.localhub.ch\/api\/image\/01kbhr93637rjkmzmm3we6a7jf\/scale\/1920\" data-sub-html=\"Touristischer Plan - Yverdon-les-Bains - \u00a9 Nuno Acacio\">\n                                    <a href=\"\" class=\"gallery-item wp-block-image lazyload-wrapper\">\n                                        <img decoding=\"async\" src=\"https:\/\/www.vaud.ch\/app\/themes\/child\/assets\/images\/loading-pixel.svg\" data-src=\"https:\/\/app.localhub.ch\/api\/image\/01kbhr93637rjkmzmm3we6a7jf\/scale\/550\" class=\"lazyload\" alt=\"Touristischer Plan - Yverdon-les-Bains\">\n                                        <div class=\"gallery-overlay with-icon\">\n                                            <lord-icon src=\"https:\/\/cdn.lordicon.com\/fqfpkgja.json\" target=\".gallery-overlay\" trigger=\"hover\" colors=\"primary:#ffffff\" style=\"width:100px;height:100px\">\n                                            <\/lord-icon>\n                                        <\/div>\n                                                                                    <div class=\"wp-element-caption\">\n                                                Nuno Acacio                                            <\/div>\n                                                                            <\/a>\n                                <\/div>\n                                                                                    <div class=\"grid-item col-6\" data-src=\"https:\/\/app.localhub.ch\/api\/image\/01kbhred4ejd4h8wk83q5zvyw7\/scale\/1920\" data-sub-html=\"Grand H\u00f4tel des Bains - \u00a9 Grand H\u00f4tel des Bains\">\n                                    <a href=\"\" class=\"gallery-item wp-block-image lazyload-wrapper\">\n                                        <img decoding=\"async\" src=\"https:\/\/www.vaud.ch\/app\/themes\/child\/assets\/images\/loading-pixel.svg\" data-src=\"https:\/\/app.localhub.ch\/api\/image\/01kbhred4ejd4h8wk83q5zvyw7\/scale\/550\" class=\"lazyload\" alt=\"Grand H\u00f4tel des Bains\">\n                                        <div class=\"gallery-overlay with-icon\">\n                                            <lord-icon src=\"https:\/\/cdn.lordicon.com\/fqfpkgja.json\" target=\".gallery-overlay\" trigger=\"hover\" colors=\"primary:#ffffff\" style=\"width:100px;height:100px\">\n                                            <\/lord-icon>\n                                        <\/div>\n                                                                                    <div class=\"wp-element-caption\">\n                                                Grand H\u00f4tel des Bains                                            <\/div>\n                                                                            <\/a>\n                                <\/div>\n                                                                                    <div class=\"grid-item col-6\" data-src=\"https:\/\/app.localhub.ch\/api\/image\/01kbhred4fmeev7kkcbq921ek6\/scale\/1920\" data-sub-html=\"Villa d\u2019Entremont\">\n                                    <a href=\"\" class=\"gallery-item wp-block-image lazyload-wrapper\">\n                                        <img decoding=\"async\" src=\"https:\/\/www.vaud.ch\/app\/themes\/child\/assets\/images\/loading-pixel.svg\" data-src=\"https:\/\/app.localhub.ch\/api\/image\/01kbhred4fmeev7kkcbq921ek6\/scale\/550\" class=\"lazyload\" alt=\"Villa d\u2019Entremont\">\n                                        <div class=\"gallery-overlay with-icon\">\n                                            <lord-icon src=\"https:\/\/cdn.lordicon.com\/fqfpkgja.json\" target=\".gallery-overlay\" trigger=\"hover\" colors=\"primary:#ffffff\" style=\"width:100px;height:100px\">\n                                            <\/lord-icon>\n                                        <\/div>\n                                                                            <\/a>\n                                <\/div>\n                                                                        <\/div>\n                <\/div>\n                    <\/section>\n    \n            <div>\n            <a target=\"_blank\" href=\"https:\/\/www.vaud.ch\/de\/tourismus\/aktivitaten\/grand-hotel-und-thermalzentrum\" class=\"btn\">\n                <span>Mehr lesen<\/span>\n            <\/a>\n        <\/div>\n    <\/div>\n                                    <\/div>\n                                                                                                                                <div\n                                        class=\"itinerary-content-panel\"\n                                        id=\"itinerary-content-nord-vaudois-tag-2-rebberge-und-trueffel-von-bonvillars-step-1\"\n                                        data-lieu-id=\"nord-vaudois\"\n                                        data-day-id=\"nord-vaudois-tag-2-rebberge-und-trueffel-von-bonvillars\"\n                                        data-step-id=\"nord-vaudois-tag-2-rebberge-und-trueffel-von-bonvillars-step-1\"\n                                    >\n                                        <div class=\"itinerary-step-content wp-block-acf-itinerary-step-content\">\n    \n\n<h4 class=\"wp-block-heading\">VORMITTAG \u2013 Bonvillars zu Fuss oder mit dem E-Bike<\/h4>\n\n\n\n<p class=\"wp-block-paragraph\">Starten Sie im Herzen des Terroirs Bonvillars AOC, einer authentischen Weinregion, die sich auf Spazierg\u00e4ngen durch die Reben entdecken l\u00e4sst. Zwischen Grandson und Concise \u00f6ffnen lokale Weinkeller ihre T\u00fcren und pr\u00e4sentieren charaktervolle Weine aus einem der sch\u00f6nsten Rebgebiete der Nordwaadt.<\/p>\n\n            <section class=\"itinerary-step-medias\">\n                            <div class=\"gallery\">\n                                        <div class=\"lightgallery row\">\n                                                        <div class=\"grid-item col-6\" data-src=\"https:\/\/app.localhub.ch\/api\/image\/01kbhr90af9qw946gy4mnqkmq2\/scale\/1920\" data-sub-html=\"Vignobles Bonvillars AOC - \u00a9 Swiss-Fly Boris Bron\">\n                                    <a href=\"\" class=\"gallery-item wp-block-image lazyload-wrapper\">\n                                        <img decoding=\"async\" src=\"https:\/\/www.vaud.ch\/app\/themes\/child\/assets\/images\/loading-pixel.svg\" data-src=\"https:\/\/app.localhub.ch\/api\/image\/01kbhr90af9qw946gy4mnqkmq2\/scale\/550\" class=\"lazyload\" alt=\"Vignobles Bonvillars AOC\">\n                                        <div class=\"gallery-overlay with-icon\">\n                                            <lord-icon src=\"https:\/\/cdn.lordicon.com\/fqfpkgja.json\" target=\".gallery-overlay\" trigger=\"hover\" colors=\"primary:#ffffff\" style=\"width:100px;height:100px\">\n                                            <\/lord-icon>\n                                        <\/div>\n                                                                                    <div class=\"wp-element-caption\">\n                                                Swiss-Fly Boris Bron                                            <\/div>\n                                                                            <\/a>\n                                <\/div>\n                                                                                    <div class=\"grid-item col-6\" data-src=\"https:\/\/app.localhub.ch\/api\/image\/01kbhr90ahxtvn0hnw5gwevrnz\/scale\/1920\" data-sub-html=\"AOC Bonvillars - \u00a9 claudejaccard.com\">\n                                    <a href=\"\" class=\"gallery-item wp-block-image lazyload-wrapper\">\n                                        <img decoding=\"async\" src=\"https:\/\/www.vaud.ch\/app\/themes\/child\/assets\/images\/loading-pixel.svg\" data-src=\"https:\/\/app.localhub.ch\/api\/image\/01kbhr90ahxtvn0hnw5gwevrnz\/scale\/550\" class=\"lazyload\" alt=\"AOC Bonvillars\">\n                                        <div class=\"gallery-overlay with-icon\">\n                                            <lord-icon src=\"https:\/\/cdn.lordicon.com\/fqfpkgja.json\" target=\".gallery-overlay\" trigger=\"hover\" colors=\"primary:#ffffff\" style=\"width:100px;height:100px\">\n                                            <\/lord-icon>\n                                        <\/div>\n                                                                                    <div class=\"wp-element-caption\">\n                                                claudejaccard.com                                            <\/div>\n                                                                            <\/a>\n                                <\/div>\n                                                                                    <div class=\"grid-item col-6\" data-src=\"https:\/\/app.localhub.ch\/api\/image\/01kbhr90am40th572280q1nqg6\/scale\/1920\" data-sub-html=\"Bonvillars AOC - \u00a9 \u00a9 Office du Tourisme d&#039;Yverdon-les-Bains\">\n                                    <a href=\"\" class=\"gallery-item wp-block-image lazyload-wrapper\">\n                                        <img decoding=\"async\" src=\"https:\/\/www.vaud.ch\/app\/themes\/child\/assets\/images\/loading-pixel.svg\" data-src=\"https:\/\/app.localhub.ch\/api\/image\/01kbhr90am40th572280q1nqg6\/scale\/550\" class=\"lazyload\" alt=\"Bonvillars AOC\">\n                                        <div class=\"gallery-overlay with-icon\">\n                                            <lord-icon src=\"https:\/\/cdn.lordicon.com\/fqfpkgja.json\" target=\".gallery-overlay\" trigger=\"hover\" colors=\"primary:#ffffff\" style=\"width:100px;height:100px\">\n                                            <\/lord-icon>\n                                        <\/div>\n                                                                                    <div class=\"wp-element-caption\">\n                                                \u00a9 Office du Tourisme d&#8217;Yverdon-les-Bains                                            <\/div>\n                                                                            <\/a>\n                                <\/div>\n                                                                                    <div class=\"grid-item col-6\" data-src=\"https:\/\/app.localhub.ch\/api\/image\/01kbhre0km1eg1nxgtf6qc1f6s\/scale\/1920\" data-sub-html=\"Vignobles Bonvillars AOC - \u00a9 ADNV - Lionel Bourgeois\">\n                                    <a href=\"\" class=\"gallery-item wp-block-image lazyload-wrapper\">\n                                        <img decoding=\"async\" src=\"https:\/\/www.vaud.ch\/app\/themes\/child\/assets\/images\/loading-pixel.svg\" data-src=\"https:\/\/app.localhub.ch\/api\/image\/01kbhre0km1eg1nxgtf6qc1f6s\/scale\/550\" class=\"lazyload\" alt=\"Vignobles Bonvillars AOC\">\n                                        <div class=\"gallery-overlay with-icon\">\n                                            <lord-icon src=\"https:\/\/cdn.lordicon.com\/fqfpkgja.json\" target=\".gallery-overlay\" trigger=\"hover\" colors=\"primary:#ffffff\" style=\"width:100px;height:100px\">\n                                            <\/lord-icon>\n                                        <\/div>\n                                                                                    <div class=\"wp-element-caption\">\n                                                ADNV &#8211; Lionel Bourgeois                                            <\/div>\n                                                                            <\/a>\n                                <\/div>\n                                                                        <\/div>\n                <\/div>\n                    <\/section>\n    \n            <div>\n            <a target=\"_blank\" href=\"https:\/\/www.vaud.ch\/de\/tourismus\/aktivitaten\/bonvillars-aoc\" class=\"btn\">\n                <span>Mehr lesen<\/span>\n            <\/a>\n        <\/div>\n    <\/div>\n                                    <\/div>\n                                                                    <div\n                                        class=\"itinerary-content-panel\"\n                                        id=\"itinerary-content-nord-vaudois-tag-2-rebberge-und-trueffel-von-bonvillars-step-2\"\n                                        data-lieu-id=\"nord-vaudois\"\n                                        data-day-id=\"nord-vaudois-tag-2-rebberge-und-trueffel-von-bonvillars\"\n                                        data-step-id=\"nord-vaudois-tag-2-rebberge-und-trueffel-von-bonvillars-step-2\"\n                                    >\n                                        <div class=\"itinerary-step-content wp-block-acf-itinerary-step-content\">\n    \n\n<h4 class=\"wp-block-heading\">MITTAG \u2013 Besuch und Degustation in der Cave des Viticulteurs de Bonvillars<\/h4>\n\n\n\n<p class=\"wp-block-paragraph\">G\u00f6nnen Sie sich w\u00e4hrend Ihrer Entdeckungstour durch die Rebberge von Bonvillars einen Halt in der Cave des Viticulteurs de Bonvillars. Seit 1943 b\u00fcndeln die Winzerinnen und Winzer der Region hier ihre Produktion und empfangen G\u00e4ste in einem modernen Raum, der zur Degustation und Entdeckung lokaler Weine einl\u00e4dt.<\/p>\n\n            <section class=\"itinerary-step-medias\">\n                            <div class=\"gallery\">\n                                        <div class=\"lightgallery row\">\n                                                        <div class=\"grid-item col-6\" data-src=\"https:\/\/app.localhub.ch\/api\/image\/01kbhredjqexpb7t9vaev4ys6a\/scale\/1920\" data-sub-html=\"Cave des Viticulteurs de Bonvillars - \u00a9 ADNV - Lionel Bourgeois\">\n                                    <a href=\"\" class=\"gallery-item wp-block-image lazyload-wrapper\">\n                                        <img decoding=\"async\" src=\"https:\/\/www.vaud.ch\/app\/themes\/child\/assets\/images\/loading-pixel.svg\" data-src=\"https:\/\/app.localhub.ch\/api\/image\/01kbhredjqexpb7t9vaev4ys6a\/scale\/550\" class=\"lazyload\" alt=\"Cave des Viticulteurs de Bonvillars\">\n                                        <div class=\"gallery-overlay with-icon\">\n                                            <lord-icon src=\"https:\/\/cdn.lordicon.com\/fqfpkgja.json\" target=\".gallery-overlay\" trigger=\"hover\" colors=\"primary:#ffffff\" style=\"width:100px;height:100px\">\n                                            <\/lord-icon>\n                                        <\/div>\n                                                                                    <div class=\"wp-element-caption\">\n                                                ADNV &#8211; Lionel Bourgeois                                            <\/div>\n                                                                            <\/a>\n                                <\/div>\n                                                                                    <div class=\"grid-item col-6\" data-src=\"https:\/\/app.localhub.ch\/api\/image\/01kbhredjsz048epv0j7p2aq03\/scale\/1920\" data-sub-html=\"Cave des viticulteurs de Bonvillars\">\n                                    <a href=\"\" class=\"gallery-item wp-block-image lazyload-wrapper\">\n                                        <img decoding=\"async\" src=\"https:\/\/www.vaud.ch\/app\/themes\/child\/assets\/images\/loading-pixel.svg\" data-src=\"https:\/\/app.localhub.ch\/api\/image\/01kbhredjsz048epv0j7p2aq03\/scale\/550\" class=\"lazyload\" alt=\"Cave des viticulteurs de Bonvillars\">\n                                        <div class=\"gallery-overlay with-icon\">\n                                            <lord-icon src=\"https:\/\/cdn.lordicon.com\/fqfpkgja.json\" target=\".gallery-overlay\" trigger=\"hover\" colors=\"primary:#ffffff\" style=\"width:100px;height:100px\">\n                                            <\/lord-icon>\n                                        <\/div>\n                                                                            <\/a>\n                                <\/div>\n                                                                                    <div class=\"grid-item col-6\" data-src=\"https:\/\/app.localhub.ch\/api\/image\/01kbhredjwajetnknt114z78zn\/scale\/1920\" data-sub-html=\"Semin\u00e4r - Cave de Bonvillars - \u00a9 Cave de Bonvillars\">\n                                    <a href=\"\" class=\"gallery-item wp-block-image lazyload-wrapper\">\n                                        <img decoding=\"async\" src=\"https:\/\/www.vaud.ch\/app\/themes\/child\/assets\/images\/loading-pixel.svg\" data-src=\"https:\/\/app.localhub.ch\/api\/image\/01kbhredjwajetnknt114z78zn\/scale\/550\" class=\"lazyload\" alt=\"Semin\u00e4r - Cave de Bonvillars\">\n                                        <div class=\"gallery-overlay with-icon\">\n                                            <lord-icon src=\"https:\/\/cdn.lordicon.com\/fqfpkgja.json\" target=\".gallery-overlay\" trigger=\"hover\" colors=\"primary:#ffffff\" style=\"width:100px;height:100px\">\n                                            <\/lord-icon>\n                                        <\/div>\n                                                                                    <div class=\"wp-element-caption\">\n                                                Cave de Bonvillars                                            <\/div>\n                                                                            <\/a>\n                                <\/div>\n                                                                        <\/div>\n                <\/div>\n                    <\/section>\n    \n            <div>\n            <a target=\"_blank\" href=\"https:\/\/www.vaud.ch\/de\/tourismus\/aktivitaten\/winzerkeller-von-bonvillars\" class=\"btn\">\n                <span>Mehr lesen<\/span>\n            <\/a>\n        <\/div>\n    <\/div>\n                                    <\/div>\n                                                                    <div\n                                        class=\"itinerary-content-panel\"\n                                        id=\"itinerary-content-nord-vaudois-tag-2-rebberge-und-trueffel-von-bonvillars-step-3\"\n                                        data-lieu-id=\"nord-vaudois\"\n                                        data-day-id=\"nord-vaudois-tag-2-rebberge-und-trueffel-von-bonvillars\"\n                                        data-step-id=\"nord-vaudois-tag-2-rebberge-und-trueffel-von-bonvillars-step-3\"\n                                    >\n                                        <div class=\"itinerary-step-content wp-block-acf-itinerary-step-content\">\n    \n\n<h4 class=\"wp-block-heading\">NACHMITTAG \u2013 Didaktische Tr\u00fcffelplantage und Ap\u00e9ro mit Tr\u00fcffelprodukten<\/h4>\n\n\n\n<p class=\"wp-block-paragraph\">Entdecken Sie am Nachmittag bei einer F\u00fchrung durch eine Fachperson f\u00fcr Tr\u00fcffelanbau die faszinierende Welt der Tr\u00fcffel. Mit viel Leidenschaft werden die Geheimnisse der Kultivierung und Ernte dieses ebenso geheimnisvollen wie kostbaren Pilzes vermittelt. Das rund zweist\u00fcndige Erlebnis endet mit einer geselligen Degustation regionaler Produkte mitten in der Tr\u00fcffelplantage.<\/p>\n\n            <section class=\"itinerary-step-medias\">\n                            <div class=\"gallery\">\n                                        <div class=\"lightgallery row\">\n                                                        <div class=\"grid-item col-6\" data-src=\"https:\/\/app.localhub.ch\/api\/image\/01kbhrnhfjvrs7b5j9758dbyzv\/scale\/1920\" data-sub-html=\"Besuch der ersten didaktischen Tr\u00fcffelfarm in Europa - \u00a9 APRTS\">\n                                    <a href=\"\" class=\"gallery-item wp-block-image lazyload-wrapper\">\n                                        <img decoding=\"async\" src=\"https:\/\/www.vaud.ch\/app\/themes\/child\/assets\/images\/loading-pixel.svg\" data-src=\"https:\/\/app.localhub.ch\/api\/image\/01kbhrnhfjvrs7b5j9758dbyzv\/scale\/550\" class=\"lazyload\" alt=\"Besuch der ersten didaktischen Tr\u00fcffelfarm in Europa\">\n                                        <div class=\"gallery-overlay with-icon\">\n                                            <lord-icon src=\"https:\/\/cdn.lordicon.com\/fqfpkgja.json\" target=\".gallery-overlay\" trigger=\"hover\" colors=\"primary:#ffffff\" style=\"width:100px;height:100px\">\n                                            <\/lord-icon>\n                                        <\/div>\n                                                                                    <div class=\"wp-element-caption\">\n                                                APRTS                                            <\/div>\n                                                                            <\/a>\n                                <\/div>\n                                                                                    <div class=\"grid-item col-6\" data-src=\"https:\/\/app.localhub.ch\/api\/image\/01kbhrnhfkp49ts2pgdpv89dm8\/scale\/1920\" data-sub-html=\"Truffes - Nord vaudois - \u00a9 www.bailly-photo.ch\">\n                                    <a href=\"\" class=\"gallery-item wp-block-image lazyload-wrapper\">\n                                        <img decoding=\"async\" src=\"https:\/\/www.vaud.ch\/app\/themes\/child\/assets\/images\/loading-pixel.svg\" data-src=\"https:\/\/app.localhub.ch\/api\/image\/01kbhrnhfkp49ts2pgdpv89dm8\/scale\/550\" class=\"lazyload\" alt=\"Truffes - Nord vaudois\">\n                                        <div class=\"gallery-overlay with-icon\">\n                                            <lord-icon src=\"https:\/\/cdn.lordicon.com\/fqfpkgja.json\" target=\".gallery-overlay\" trigger=\"hover\" colors=\"primary:#ffffff\" style=\"width:100px;height:100px\">\n                                            <\/lord-icon>\n                                        <\/div>\n                                                                                    <div class=\"wp-element-caption\">\n                                                www.bailly-photo.ch                                            <\/div>\n                                                                            <\/a>\n                                <\/div>\n                                                                                    <div class=\"grid-item col-6\" data-src=\"https:\/\/app.localhub.ch\/api\/image\/01kbhrnhfnkrehx0zjyscaj80w\/scale\/1920\" data-sub-html=\"Besuch der ersten didaktischen Tr\u00fcffelfarm in Europa - \u00a9 Visite de la Premi\u00e8re Truffi\u00e8re Didactique d&#039;Europe\">\n                                    <a href=\"\" class=\"gallery-item wp-block-image lazyload-wrapper\">\n                                        <img decoding=\"async\" src=\"https:\/\/www.vaud.ch\/app\/themes\/child\/assets\/images\/loading-pixel.svg\" data-src=\"https:\/\/app.localhub.ch\/api\/image\/01kbhrnhfnkrehx0zjyscaj80w\/scale\/550\" class=\"lazyload\" alt=\"Besuch der ersten didaktischen Tr\u00fcffelfarm in Europa\">\n                                        <div class=\"gallery-overlay with-icon\">\n                                            <lord-icon src=\"https:\/\/cdn.lordicon.com\/fqfpkgja.json\" target=\".gallery-overlay\" trigger=\"hover\" colors=\"primary:#ffffff\" style=\"width:100px;height:100px\">\n                                            <\/lord-icon>\n                                        <\/div>\n                                                                                    <div class=\"wp-element-caption\">\n                                                Visite de la Premi\u00e8re Truffi\u00e8re Didactique d&#8217;Europe                                            <\/div>\n                                                                            <\/a>\n                                <\/div>\n                                                                        <\/div>\n                <\/div>\n                    <\/section>\n    \n            <div>\n            <a target=\"_blank\" href=\"https:\/\/www.vaud.ch\/de\/tourismus\/aktivitaten\/besuch-der-ersten-didaktischen-truffelfarm-in-europa\" class=\"btn\">\n                <span>Mehr lesen<\/span>\n            <\/a>\n        <\/div>\n    <\/div>\n                                    <\/div>\n                                                                    <div\n                                        class=\"itinerary-content-panel\"\n                                        id=\"itinerary-content-nord-vaudois-tag-2-rebberge-und-trueffel-von-bonvillars-step-4\"\n                                        data-lieu-id=\"nord-vaudois\"\n                                        data-day-id=\"nord-vaudois-tag-2-rebberge-und-trueffel-von-bonvillars\"\n                                        data-step-id=\"nord-vaudois-tag-2-rebberge-und-trueffel-von-bonvillars-step-4\"\n                                    >\n                                        <div class=\"itinerary-step-content wp-block-acf-itinerary-step-content\">\n    \n\n<h4 class=\"wp-block-heading\">NACHMITTAG \u2013 Lokale Produkte in der Maison des Terroirs<\/h4>\n\n\n\n<p class=\"wp-block-paragraph\">Zu einem kulinarischen Aufenthalt geh\u00f6ren auch einige Aromen f\u00fcr zu Hause. Machen Sie Halt in der Maison des Terroirs in Grandson, wo regionale Produkte und Weindegustationen zusammenkommen und das Erlebnis nach der R\u00fcckkehr verl\u00e4ngern.<\/p>\n\n            <section class=\"itinerary-step-medias\">\n                            <div class=\"gallery\">\n                                        <div class=\"lightgallery row\">\n                                                        <div class=\"grid-item col-6\" data-src=\"https:\/\/app.localhub.ch\/api\/image\/01kbhrb57w8eppbca6qe7jvh4z\/scale\/1920\" data-sub-html=\"Maison des terroirs - \u00a9 Didier Hauswirth\">\n                                    <a href=\"\" class=\"gallery-item wp-block-image lazyload-wrapper\">\n                                        <img decoding=\"async\" src=\"https:\/\/www.vaud.ch\/app\/themes\/child\/assets\/images\/loading-pixel.svg\" data-src=\"https:\/\/app.localhub.ch\/api\/image\/01kbhrb57w8eppbca6qe7jvh4z\/scale\/550\" class=\"lazyload\" alt=\"Maison des terroirs\">\n                                        <div class=\"gallery-overlay with-icon\">\n                                            <lord-icon src=\"https:\/\/cdn.lordicon.com\/fqfpkgja.json\" target=\".gallery-overlay\" trigger=\"hover\" colors=\"primary:#ffffff\" style=\"width:100px;height:100px\">\n                                            <\/lord-icon>\n                                        <\/div>\n                                                                                    <div class=\"wp-element-caption\">\n                                                Didier Hauswirth                                            <\/div>\n                                                                            <\/a>\n                                <\/div>\n                                                                                    <div class=\"grid-item col-6\" data-src=\"https:\/\/app.localhub.ch\/api\/image\/01kbhrb57xbezc7ednhg8p0rtg\/scale\/1920\" data-sub-html=\"Maison des terroirs - \u00a9 ISO Agency\">\n                                    <a href=\"\" class=\"gallery-item wp-block-image lazyload-wrapper\">\n                                        <img decoding=\"async\" src=\"https:\/\/www.vaud.ch\/app\/themes\/child\/assets\/images\/loading-pixel.svg\" data-src=\"https:\/\/app.localhub.ch\/api\/image\/01kbhrb57xbezc7ednhg8p0rtg\/scale\/550\" class=\"lazyload\" alt=\"Maison des terroirs\">\n                                        <div class=\"gallery-overlay with-icon\">\n                                            <lord-icon src=\"https:\/\/cdn.lordicon.com\/fqfpkgja.json\" target=\".gallery-overlay\" trigger=\"hover\" colors=\"primary:#ffffff\" style=\"width:100px;height:100px\">\n                                            <\/lord-icon>\n                                        <\/div>\n                                                                                    <div class=\"wp-element-caption\">\n                                                ISO Agency                                            <\/div>\n                                                                            <\/a>\n                                <\/div>\n                                                                                    <div class=\"grid-item col-6\" data-src=\"https:\/\/app.localhub.ch\/api\/image\/01kbhrb57z4f4ze10sxg7cj8nx\/scale\/1920\" data-sub-html=\"Maison des terroirs - \u00a9 Didier Hauswirth\">\n                                    <a href=\"\" class=\"gallery-item wp-block-image lazyload-wrapper\">\n                                        <img decoding=\"async\" src=\"https:\/\/www.vaud.ch\/app\/themes\/child\/assets\/images\/loading-pixel.svg\" data-src=\"https:\/\/app.localhub.ch\/api\/image\/01kbhrb57z4f4ze10sxg7cj8nx\/scale\/550\" class=\"lazyload\" alt=\"Maison des terroirs\">\n                                        <div class=\"gallery-overlay with-icon\">\n                                            <lord-icon src=\"https:\/\/cdn.lordicon.com\/fqfpkgja.json\" target=\".gallery-overlay\" trigger=\"hover\" colors=\"primary:#ffffff\" style=\"width:100px;height:100px\">\n                                            <\/lord-icon>\n                                        <\/div>\n                                                                                    <div class=\"wp-element-caption\">\n                                                Didier Hauswirth                                            <\/div>\n                                                                            <\/a>\n                                <\/div>\n                                                                                    <div class=\"grid-item col-6\" data-src=\"https:\/\/app.localhub.ch\/api\/image\/01kbhrb582m0h9eq8f5g81fvyy\/scale\/1920\" data-sub-html=\"Maison des terroirs - \u00a9 Didier Hauswirth\">\n                                    <a href=\"\" class=\"gallery-item wp-block-image lazyload-wrapper\">\n                                        <img decoding=\"async\" src=\"https:\/\/www.vaud.ch\/app\/themes\/child\/assets\/images\/loading-pixel.svg\" data-src=\"https:\/\/app.localhub.ch\/api\/image\/01kbhrb582m0h9eq8f5g81fvyy\/scale\/550\" class=\"lazyload\" alt=\"Maison des terroirs\">\n                                        <div class=\"gallery-overlay with-icon\">\n                                            <lord-icon src=\"https:\/\/cdn.lordicon.com\/fqfpkgja.json\" target=\".gallery-overlay\" trigger=\"hover\" colors=\"primary:#ffffff\" style=\"width:100px;height:100px\">\n                                            <\/lord-icon>\n                                        <\/div>\n                                                                                    <div class=\"wp-element-caption\">\n                                                Didier Hauswirth                                            <\/div>\n                                                                            <\/a>\n                                <\/div>\n                                                                        <\/div>\n                <\/div>\n                    <\/section>\n    \n            <div>\n            <a target=\"_blank\" href=\"https:\/\/www.vaud.ch\/de\/tourismus\/aktivitaten\/maison-des-terroirs-in-grandson\" class=\"btn\">\n                <span>Mehr lesen<\/span>\n            <\/a>\n        <\/div>\n    <\/div>\n                                    <\/div>\n                                                                    <div\n                                        class=\"itinerary-content-panel\"\n                                        id=\"itinerary-content-nord-vaudois-tag-2-rebberge-und-trueffel-von-bonvillars-step-5\"\n                                        data-lieu-id=\"nord-vaudois\"\n                                        data-day-id=\"nord-vaudois-tag-2-rebberge-und-trueffel-von-bonvillars\"\n                                        data-step-id=\"nord-vaudois-tag-2-rebberge-und-trueffel-von-bonvillars-step-5\"\n                                    >\n                                        <div class=\"itinerary-step-content wp-block-acf-itinerary-step-content\">\n    \n\n<h4 class=\"wp-block-heading\">\u00dcBERNACHTUNG \u2013 Grand H\u00f4tel des Bains<\/h4>\n\n\n\n<p class=\"wp-block-paragraph\">Nach diesem erlebnisreichen zweiten Tag verbringen Sie eine weitere Nacht im Grand H\u00f4tel des Bains.<\/p>\n\n            <section class=\"itinerary-step-medias\">\n                            <div class=\"gallery\">\n                                        <div class=\"lightgallery row\">\n                                                        <div class=\"grid-item col-6\" data-src=\"https:\/\/app.localhub.ch\/api\/image\/01kbhr93637rjkmzmm3we6a7jf\/scale\/1920\" data-sub-html=\"Touristischer Plan - Yverdon-les-Bains - \u00a9 Nuno Acacio\">\n                                    <a href=\"\" class=\"gallery-item wp-block-image lazyload-wrapper\">\n                                        <img decoding=\"async\" src=\"https:\/\/www.vaud.ch\/app\/themes\/child\/assets\/images\/loading-pixel.svg\" data-src=\"https:\/\/app.localhub.ch\/api\/image\/01kbhr93637rjkmzmm3we6a7jf\/scale\/550\" class=\"lazyload\" alt=\"Touristischer Plan - Yverdon-les-Bains\">\n                                        <div class=\"gallery-overlay with-icon\">\n                                            <lord-icon src=\"https:\/\/cdn.lordicon.com\/fqfpkgja.json\" target=\".gallery-overlay\" trigger=\"hover\" colors=\"primary:#ffffff\" style=\"width:100px;height:100px\">\n                                            <\/lord-icon>\n                                        <\/div>\n                                                                                    <div class=\"wp-element-caption\">\n                                                Nuno Acacio                                            <\/div>\n                                                                            <\/a>\n                                <\/div>\n                                                                                    <div class=\"grid-item col-6\" data-src=\"https:\/\/app.localhub.ch\/api\/image\/01kbhred4ejd4h8wk83q5zvyw7\/scale\/1920\" data-sub-html=\"Grand H\u00f4tel des Bains - \u00a9 Grand H\u00f4tel des Bains\">\n                                    <a href=\"\" class=\"gallery-item wp-block-image lazyload-wrapper\">\n                                        <img decoding=\"async\" src=\"https:\/\/www.vaud.ch\/app\/themes\/child\/assets\/images\/loading-pixel.svg\" data-src=\"https:\/\/app.localhub.ch\/api\/image\/01kbhred4ejd4h8wk83q5zvyw7\/scale\/550\" class=\"lazyload\" alt=\"Grand H\u00f4tel des Bains\">\n                                        <div class=\"gallery-overlay with-icon\">\n                                            <lord-icon src=\"https:\/\/cdn.lordicon.com\/fqfpkgja.json\" target=\".gallery-overlay\" trigger=\"hover\" colors=\"primary:#ffffff\" style=\"width:100px;height:100px\">\n                                            <\/lord-icon>\n                                        <\/div>\n                                                                                    <div class=\"wp-element-caption\">\n                                                Grand H\u00f4tel des Bains                                            <\/div>\n                                                                            <\/a>\n                                <\/div>\n                                                                                    <div class=\"grid-item col-6\" data-src=\"https:\/\/app.localhub.ch\/api\/image\/01kbhred4fmeev7kkcbq921ek6\/scale\/1920\" data-sub-html=\"Villa d\u2019Entremont\">\n                                    <a href=\"\" class=\"gallery-item wp-block-image lazyload-wrapper\">\n                                        <img decoding=\"async\" src=\"https:\/\/www.vaud.ch\/app\/themes\/child\/assets\/images\/loading-pixel.svg\" data-src=\"https:\/\/app.localhub.ch\/api\/image\/01kbhred4fmeev7kkcbq921ek6\/scale\/550\" class=\"lazyload\" alt=\"Villa d\u2019Entremont\">\n                                        <div class=\"gallery-overlay with-icon\">\n                                            <lord-icon src=\"https:\/\/cdn.lordicon.com\/fqfpkgja.json\" target=\".gallery-overlay\" trigger=\"hover\" colors=\"primary:#ffffff\" style=\"width:100px;height:100px\">\n                                            <\/lord-icon>\n                                        <\/div>\n                                                                            <\/a>\n                                <\/div>\n                                                                        <\/div>\n                <\/div>\n                    <\/section>\n    \n            <div>\n            <a target=\"_blank\" href=\"https:\/\/www.vaud.ch\/de\/tourismus\/aktivitaten\/grand-hotel-und-thermalzentrum\" class=\"btn\">\n                <span>Mehr lesen<\/span>\n            <\/a>\n        <\/div>\n    <\/div>\n                                    <\/div>\n                                                                                                                                <div\n                                        class=\"itinerary-content-panel\"\n                                        id=\"itinerary-content-nord-vaudois-tag-3-weintourismus-in-den-cotes-de-lorbe-step-1\"\n                                        data-lieu-id=\"nord-vaudois\"\n                                        data-day-id=\"nord-vaudois-tag-3-weintourismus-in-den-cotes-de-lorbe\"\n                                        data-step-id=\"nord-vaudois-tag-3-weintourismus-in-den-cotes-de-lorbe-step-1\"\n                                    >\n                                        <div class=\"itinerary-step-content wp-block-acf-itinerary-step-content\">\n    \n\n<h4 class=\"wp-block-heading\">VORMITTAG \u2013 Besuch der K\u00fcferei des Domaine du Manoir in Valeyres-sous-Rances<\/h4>\n\n\n\n<p class=\"wp-block-paragraph\">Werfen Sie zum Tagesbeginn einen Blick hinter die Kulissen der K\u00fcferei des Domaine du Manoir in Valeyres-sous-Rances. Der Besuch f\u00fchrt in die faszinierende Herstellung von Eichenf\u00e4ssern ein und zeigt jenes handwerkliche K\u00f6nnen, das grosse Weine aus der Region und dar\u00fcber hinaus mitpr\u00e4gt.<\/p>\n\n            <section class=\"itinerary-step-medias\">\n                            <div class=\"gallery\">\n                                        <div class=\"lightgallery row\">\n                                                        <div class=\"grid-item col-6\" data-src=\"https:\/\/app.localhub.ch\/api\/image\/01m0saafzh8x9qfvcje8htjnh6\/scale\/1920\" data-sub-html=\"K\u00fcferei Domaine du Manoir - \u00a9 \u00a9Emma Noir\">\n                                    <a href=\"\" class=\"gallery-item wp-block-image lazyload-wrapper\">\n                                        <img decoding=\"async\" src=\"https:\/\/www.vaud.ch\/app\/themes\/child\/assets\/images\/loading-pixel.svg\" data-src=\"https:\/\/app.localhub.ch\/api\/image\/01m0saafzh8x9qfvcje8htjnh6\/scale\/550\" class=\"lazyload\" alt=\"K\u00fcferei Domaine du Manoir\">\n                                        <div class=\"gallery-overlay with-icon\">\n                                            <lord-icon src=\"https:\/\/cdn.lordicon.com\/fqfpkgja.json\" target=\".gallery-overlay\" trigger=\"hover\" colors=\"primary:#ffffff\" style=\"width:100px;height:100px\">\n                                            <\/lord-icon>\n                                        <\/div>\n                                                                                    <div class=\"wp-element-caption\">\n                                                \u00a9Emma Noir                                            <\/div>\n                                                                            <\/a>\n                                <\/div>\n                                                                                    <div class=\"grid-item col-6\" data-src=\"https:\/\/app.localhub.ch\/api\/image\/01m0saafzp861nmv1g9jhqvstk\/scale\/1920\" data-sub-html=\"K\u00fcferei Domaine du Manoir - \u00a9 \u00a9Emma Noir\">\n                                    <a href=\"\" class=\"gallery-item wp-block-image lazyload-wrapper\">\n                                        <img decoding=\"async\" src=\"https:\/\/www.vaud.ch\/app\/themes\/child\/assets\/images\/loading-pixel.svg\" data-src=\"https:\/\/app.localhub.ch\/api\/image\/01m0saafzp861nmv1g9jhqvstk\/scale\/550\" class=\"lazyload\" alt=\"K\u00fcferei Domaine du Manoir\">\n                                        <div class=\"gallery-overlay with-icon\">\n                                            <lord-icon src=\"https:\/\/cdn.lordicon.com\/fqfpkgja.json\" target=\".gallery-overlay\" trigger=\"hover\" colors=\"primary:#ffffff\" style=\"width:100px;height:100px\">\n                                            <\/lord-icon>\n                                        <\/div>\n                                                                                    <div class=\"wp-element-caption\">\n                                                \u00a9Emma Noir                                            <\/div>\n                                                                            <\/a>\n                                <\/div>\n                                                                                    <div class=\"grid-item col-6\" data-src=\"https:\/\/app.localhub.ch\/api\/image\/01m0saafzttx60vv7ptesgde63\/scale\/1920\" data-sub-html=\"K\u00fcferei Domaine du Manoir - \u00a9 \u00a9Emma Noir\">\n                                    <a href=\"\" class=\"gallery-item wp-block-image lazyload-wrapper\">\n                                        <img decoding=\"async\" src=\"https:\/\/www.vaud.ch\/app\/themes\/child\/assets\/images\/loading-pixel.svg\" data-src=\"https:\/\/app.localhub.ch\/api\/image\/01m0saafzttx60vv7ptesgde63\/scale\/550\" class=\"lazyload\" alt=\"K\u00fcferei Domaine du Manoir\">\n                                        <div class=\"gallery-overlay with-icon\">\n                                            <lord-icon src=\"https:\/\/cdn.lordicon.com\/fqfpkgja.json\" target=\".gallery-overlay\" trigger=\"hover\" colors=\"primary:#ffffff\" style=\"width:100px;height:100px\">\n                                            <\/lord-icon>\n                                        <\/div>\n                                                                                    <div class=\"wp-element-caption\">\n                                                \u00a9Emma Noir                                            <\/div>\n                                                                            <\/a>\n                                <\/div>\n                                                                        <\/div>\n                <\/div>\n                    <\/section>\n    \n            <div>\n            <a target=\"_blank\" href=\"https:\/\/www.vaud.ch\/de\/tourismus\/aktivitaten\/01m0saa2smtrgwm17x90wwsa4j\" class=\"btn\">\n                <span>Mehr lesen<\/span>\n            <\/a>\n        <\/div>\n    <\/div>\n                                    <\/div>\n                                                                    <div\n                                        class=\"itinerary-content-panel\"\n                                        id=\"itinerary-content-nord-vaudois-tag-3-weintourismus-in-den-cotes-de-lorbe-step-2\"\n                                        data-lieu-id=\"nord-vaudois\"\n                                        data-day-id=\"nord-vaudois-tag-3-weintourismus-in-den-cotes-de-lorbe\"\n                                        data-step-id=\"nord-vaudois-tag-3-weintourismus-in-den-cotes-de-lorbe-step-2\"\n                                    >\n                                        <div class=\"itinerary-step-content wp-block-acf-itinerary-step-content\">\n    \n\n<h4 class=\"wp-block-heading\">VORMITTAG \u2013 Besichtigung und Degustation in der Cave Mirabilis<\/h4>\n\n\n\n<p class=\"wp-block-paragraph\">Nach Ihrem Besuch in der Tonnellerie setzen Sie Ihr Erlebnis im Herzen der C\u00f4tes de l\u2019Orbe mit einem Zwischenhalt in der Cave Mirabilis fort. Pierre-Yves Poget, der einzige Winzer und Kellermeister der Gemeinde Agiez, bewirtschaftet ein 3.5 ha grosses Familienweingut. Er keltert und vertreibt ein Dutzend Weine, die regelm\u00e4ssig an verschiedenen Wettbewerben ausgezeichnet werden.<\/p>\n\n            <section class=\"itinerary-step-medias\">\n                            <div class=\"gallery\">\n                                        <div class=\"lightgallery row\">\n                                                        <div class=\"grid-item col-6\" data-src=\"https:\/\/app.localhub.ch\/api\/image\/01m1e97e5jkv3vn6d3vv97tenx\/scale\/1920\" data-sub-html=\"Cave Mirabilis, Pierre-Yves Poget - \u00a9 Cave Mirabilis, Pierre-Yves Poget\">\n                                    <a href=\"\" class=\"gallery-item wp-block-image lazyload-wrapper\">\n                                        <img decoding=\"async\" src=\"https:\/\/www.vaud.ch\/app\/themes\/child\/assets\/images\/loading-pixel.svg\" data-src=\"https:\/\/app.localhub.ch\/api\/image\/01m1e97e5jkv3vn6d3vv97tenx\/scale\/550\" class=\"lazyload\" alt=\"Cave Mirabilis, Pierre-Yves Poget\">\n                                        <div class=\"gallery-overlay with-icon\">\n                                            <lord-icon src=\"https:\/\/cdn.lordicon.com\/fqfpkgja.json\" target=\".gallery-overlay\" trigger=\"hover\" colors=\"primary:#ffffff\" style=\"width:100px;height:100px\">\n                                            <\/lord-icon>\n                                        <\/div>\n                                                                                    <div class=\"wp-element-caption\">\n                                                Cave Mirabilis, Pierre-Yves Poget                                            <\/div>\n                                                                            <\/a>\n                                <\/div>\n                                                                                    <div class=\"grid-item col-6\" data-src=\"https:\/\/app.localhub.ch\/api\/image\/01m1e97e5nmvkqbxrsw7eax6cf\/scale\/1920\" data-sub-html=\"Cave Mirabilis, Pierre-Yves Poget - \u00a9 Cave Mirabilis, Pierre-Yves Poget\">\n                                    <a href=\"\" class=\"gallery-item wp-block-image lazyload-wrapper\">\n                                        <img decoding=\"async\" src=\"https:\/\/www.vaud.ch\/app\/themes\/child\/assets\/images\/loading-pixel.svg\" data-src=\"https:\/\/app.localhub.ch\/api\/image\/01m1e97e5nmvkqbxrsw7eax6cf\/scale\/550\" class=\"lazyload\" alt=\"Cave Mirabilis, Pierre-Yves Poget\">\n                                        <div class=\"gallery-overlay with-icon\">\n                                            <lord-icon src=\"https:\/\/cdn.lordicon.com\/fqfpkgja.json\" target=\".gallery-overlay\" trigger=\"hover\" colors=\"primary:#ffffff\" style=\"width:100px;height:100px\">\n                                            <\/lord-icon>\n                                        <\/div>\n                                                                                    <div class=\"wp-element-caption\">\n                                                Cave Mirabilis, Pierre-Yves Poget                                            <\/div>\n                                                                            <\/a>\n                                <\/div>\n                                                                                    <div class=\"grid-item col-6\" data-src=\"https:\/\/app.localhub.ch\/api\/image\/01m1e97e5qaat0ary87xravsha\/scale\/1920\" data-sub-html=\"Cave Mirabilis \u00a9 ADNV - Lionel Bourgeois - \u00a9 ADNV - Lionel Bourgeois\">\n                                    <a href=\"\" class=\"gallery-item wp-block-image lazyload-wrapper\">\n                                        <img decoding=\"async\" src=\"https:\/\/www.vaud.ch\/app\/themes\/child\/assets\/images\/loading-pixel.svg\" data-src=\"https:\/\/app.localhub.ch\/api\/image\/01m1e97e5qaat0ary87xravsha\/scale\/550\" class=\"lazyload\" alt=\"Cave Mirabilis \u00a9 ADNV - Lionel Bourgeois\">\n                                        <div class=\"gallery-overlay with-icon\">\n                                            <lord-icon src=\"https:\/\/cdn.lordicon.com\/fqfpkgja.json\" target=\".gallery-overlay\" trigger=\"hover\" colors=\"primary:#ffffff\" style=\"width:100px;height:100px\">\n                                            <\/lord-icon>\n                                        <\/div>\n                                                                                    <div class=\"wp-element-caption\">\n                                                ADNV &#8211; Lionel Bourgeois                                            <\/div>\n                                                                            <\/a>\n                                <\/div>\n                                                                        <\/div>\n                <\/div>\n                    <\/section>\n    \n            <div>\n            <a target=\"_blank\" href=\"https:\/\/www.vaud.ch\/de\/tourismus\/aktivitaten\/01m1e973we5zb3njjnv81havzs\" class=\"btn\">\n                <span>Mehr lesen<\/span>\n            <\/a>\n        <\/div>\n    <\/div>\n                                    <\/div>\n                                                                    <div\n                                        class=\"itinerary-content-panel\"\n                                        id=\"itinerary-content-nord-vaudois-tag-3-weintourismus-in-den-cotes-de-lorbe-step-3\"\n                                        data-lieu-id=\"nord-vaudois\"\n                                        data-day-id=\"nord-vaudois-tag-3-weintourismus-in-den-cotes-de-lorbe\"\n                                        data-step-id=\"nord-vaudois-tag-3-weintourismus-in-den-cotes-de-lorbe-step-3\"\n                                    >\n                                        <div class=\"itinerary-step-content wp-block-acf-itinerary-step-content\">\n    \n\n<h4 class=\"wp-block-heading\">MITTAG \u2013 Essen in der Vieille Auberge in Valeyres-sous-Rances<\/h4>\n\n\n\n<p class=\"wp-block-paragraph\">Nach der Degustation erwartet Sie in der Vieille Auberge de Valeyres-sous-Rances ein gastronomisches Mittagessen. Das charaktervolle Haus im Dorfzentrum begeistert mit raffinierter K\u00fcche und von saisonalen Produkten inspirierten Men\u00fcs. Tagesmen\u00fc, Entdeckungsmen\u00fc und gastronomische Erlebnisse setzen das Terroir kreativ und elegant in Szene.<\/p>\n\n            <section class=\"itinerary-step-medias\">\n                            <div class=\"gallery\">\n                                        <div class=\"lightgallery row\">\n                                                        <div class=\"grid-item col-6\" data-src=\"https:\/\/app.localhub.ch\/api\/image\/01kbhrenw9w2rba35t5g3gfj2a\/scale\/1920\" data-sub-html=\"A la Vieille Auberge - \u00a9 Yverdon-les-Bains Region\">\n                                    <a href=\"\" class=\"gallery-item wp-block-image lazyload-wrapper\">\n                                        <img decoding=\"async\" src=\"https:\/\/www.vaud.ch\/app\/themes\/child\/assets\/images\/loading-pixel.svg\" data-src=\"https:\/\/app.localhub.ch\/api\/image\/01kbhrenw9w2rba35t5g3gfj2a\/scale\/550\" class=\"lazyload\" alt=\"A la Vieille Auberge\">\n                                        <div class=\"gallery-overlay with-icon\">\n                                            <lord-icon src=\"https:\/\/cdn.lordicon.com\/fqfpkgja.json\" target=\".gallery-overlay\" trigger=\"hover\" colors=\"primary:#ffffff\" style=\"width:100px;height:100px\">\n                                            <\/lord-icon>\n                                        <\/div>\n                                                                                    <div class=\"wp-element-caption\">\n                                                Yverdon-les-Bains Region                                            <\/div>\n                                                                            <\/a>\n                                <\/div>\n                                                                        <\/div>\n                <\/div>\n                    <\/section>\n    \n            <div>\n            <a target=\"_blank\" href=\"https:\/\/www.vaud.ch\/de\/tourismus\/aktivitaten\/la-vieille-auberge\" class=\"btn\">\n                <span>Mehr lesen<\/span>\n            <\/a>\n        <\/div>\n    <\/div>\n                                    <\/div>\n                                                                    <div\n                                        class=\"itinerary-content-panel\"\n                                        id=\"itinerary-content-nord-vaudois-tag-3-weintourismus-in-den-cotes-de-lorbe-step-4\"\n                                        data-lieu-id=\"nord-vaudois\"\n                                        data-day-id=\"nord-vaudois-tag-3-weintourismus-in-den-cotes-de-lorbe\"\n                                        data-step-id=\"nord-vaudois-tag-3-weintourismus-in-den-cotes-de-lorbe-step-4\"\n                                    >\n                                        <div class=\"itinerary-step-content wp-block-acf-itinerary-step-content\">\n    \n\n<h4 class=\"wp-block-heading\">NACHMITTAG \u2013 Wanderung durch die C\u00f4tes de l\u2019Orbe und den Jurafuss<\/h4>\n\n\n\n<p class=\"wp-block-paragraph\">Beenden Sie Ihre Auszeit mit einem Eintauchen in die Rebberge der C\u00f4tes de l\u2019Orbe AOC. Der Weinwanderweg am Jurafuss f\u00fchrt durch idyllische Landschaften mit kulturellen Sch\u00e4tzen. Von r\u00f6mischen Mosaiken \u00fcber die Ufer der Orbe bis zu Winzerd\u00f6rfern und Weinkellern zeigt jede Etappe eine neue Facette dieses authentischen Terroirs, in dem Geschichte, Natur und Weintradition zusammentreffen.<\/p>\n\n            <section class=\"itinerary-step-medias\">\n                            <div class=\"gallery\">\n                                        <div class=\"lightgallery row\">\n                                                        <div class=\"grid-item col-6\" data-src=\"https:\/\/app.localhub.ch\/api\/image\/01kbhrb5851cndryty9c64sk0z\/scale\/1920\" data-sub-html=\"Weinberg zwischen Rances und Valeyres-sous-Rances - \u00a9 ADNV - Justine Perrenoud\">\n                                    <a href=\"\" class=\"gallery-item wp-block-image lazyload-wrapper\">\n                                        <img decoding=\"async\" src=\"https:\/\/www.vaud.ch\/app\/themes\/child\/assets\/images\/loading-pixel.svg\" data-src=\"https:\/\/app.localhub.ch\/api\/image\/01kbhrb5851cndryty9c64sk0z\/scale\/550\" class=\"lazyload\" alt=\"Weinberg zwischen Rances und Valeyres-sous-Rances\">\n                                        <div class=\"gallery-overlay with-icon\">\n                                            <lord-icon src=\"https:\/\/cdn.lordicon.com\/fqfpkgja.json\" target=\".gallery-overlay\" trigger=\"hover\" colors=\"primary:#ffffff\" style=\"width:100px;height:100px\">\n                                            <\/lord-icon>\n                                        <\/div>\n                                                                                    <div class=\"wp-element-caption\">\n                                                ADNV &#8211; Justine Perrenoud                                            <\/div>\n                                                                            <\/a>\n                                <\/div>\n                                                                                    <div class=\"grid-item col-6\" data-src=\"https:\/\/app.localhub.ch\/api\/image\/01kbhrb587bh57989rnzhngsrc\/scale\/1920\" data-sub-html=\"Weinberg zwischen Rances und Valeyres-sous-Rances - \u00a9 ADNV - Lionel Bourgeois\">\n                                    <a href=\"\" class=\"gallery-item wp-block-image lazyload-wrapper\">\n                                        <img decoding=\"async\" src=\"https:\/\/www.vaud.ch\/app\/themes\/child\/assets\/images\/loading-pixel.svg\" data-src=\"https:\/\/app.localhub.ch\/api\/image\/01kbhrb587bh57989rnzhngsrc\/scale\/550\" class=\"lazyload\" alt=\"Weinberg zwischen Rances und Valeyres-sous-Rances\">\n                                        <div class=\"gallery-overlay with-icon\">\n                                            <lord-icon src=\"https:\/\/cdn.lordicon.com\/fqfpkgja.json\" target=\".gallery-overlay\" trigger=\"hover\" colors=\"primary:#ffffff\" style=\"width:100px;height:100px\">\n                                            <\/lord-icon>\n                                        <\/div>\n                                                                                    <div class=\"wp-element-caption\">\n                                                ADNV &#8211; Lionel Bourgeois                                            <\/div>\n                                                                            <\/a>\n                                <\/div>\n                                                                        <\/div>\n                <\/div>\n                    <\/section>\n    \n            <div>\n            <a target=\"_blank\" href=\"https:\/\/www.vaud.ch\/de\/tourismus\/sport\/routen\/spaziergang-in-den-weinbergen-der-cotes-de-lorbe-jurafuss\" class=\"btn\">\n                <span>Mehr lesen<\/span>\n            <\/a>\n        <\/div>\n    <\/div>\n                                    <\/div>\n                                                                                    <\/div>\n                    <\/div>\n                <\/section>\n                    <\/div>\n\n                <script type=\"application\/json\" class=\"itinerary-map-data\">\n            {\"mapId\":\"itinerary-map-block_3e6b8c44408775ddb77ba648d3b39080\",\"itineraries\":[{\"id\":\"morges-region-tag-1-morges-und-die-weine-der-region-entdecken\",\"name\":\"Tag 1 \\u2013 Morges und die Weine der Region entdecken\",\"lieu_id\":\"morges-region\",\"color\":\"#199573\",\"waypoints\":[{\"lat\":46.50511261346151,\"lon\":6.495580673217774,\"name\":\"Kultureller Spaziergang durch Morges\",\"desc\":\"\",\"step_id\":\"morges-region-tag-1-morges-und-die-weine-der-region-entdecken-step-1\",\"step_api_id\":\"01m0ccqfa8pygy76je7jzjrj4j\",\"step_type\":\"tour\",\"day_id\":\"morges-region-tag-1-morges-und-die-weine-der-region-entdecken\",\"lieu_id\":\"morges-region\",\"image\":\"https:\\\/\\\/sos-ch-gva-2.exo.io\\\/sit-prod\\\/media\\\/32345\\\/promenade-du-littoral.jpg\"},{\"lat\":46.5082579,\"lon\":6.4980645,\"name\":\"Pass Wine Tasting\",\"desc\":\"\",\"step_id\":\"morges-region-tag-1-morges-und-die-weine-der-region-entdecken-step-2\",\"step_api_id\":\"01kztbyq6wgp7hxynksnjh9jtb\",\"step_type\":\"service\",\"day_id\":\"morges-region-tag-1-morges-und-die-weine-der-region-entdecken\",\"lieu_id\":\"morges-region\",\"image\":\"https:\\\/\\\/sos-ch-gva-2.exo.io\\\/sit-prod\\\/media\\\/31925\\\/650fc408b3146e4887945de729b27abb2fc4b18a.jpg\"},{\"lat\":46.518482540915,\"lon\":6.4161758031696,\"name\":\"Dinner mit Weinbegleitung in der Auberge de la Croix d\\u2019Or in Yens\",\"desc\":\"\",\"step_id\":\"morges-region-tag-1-morges-und-die-weine-der-region-entdecken-step-3\",\"step_api_id\":\"01kbhre3z0dzq4kjyv8s5gf4g6\",\"step_type\":\"poi\",\"day_id\":\"morges-region-tag-1-morges-und-die-weine-der-region-entdecken\",\"lieu_id\":\"morges-region\",\"image\":\"https:\\\/\\\/sos-ch-gva-2.exo.io\\\/sit-prod\\\/media\\\/10404\\\/auberge-de-la-croix-d-or-tables-yens-2021cauberge-de-la-croix-d-or-5.jpg\"},{\"lat\":46.507304815158,\"lon\":6.4924569034576,\"name\":\"Hostellerie Le Petit Manoir\",\"desc\":\"\",\"step_id\":\"morges-region-tag-1-morges-und-die-weine-der-region-entdecken-step-4\",\"step_api_id\":\"01kbhrb6qk6ty5fd0zf8bqqyb2\",\"step_type\":\"poi\",\"day_id\":\"morges-region-tag-1-morges-und-die-weine-der-region-entdecken\",\"lieu_id\":\"morges-region\",\"image\":\"https:\\\/\\\/sos-ch-gva-2.exo.io\\\/sit-prod\\\/media\\\/6723\\\/nunoacacio-20190710-072526-9520.jpg\"}],\"trackPoints\":[]},{\"id\":\"morges-region-tag-2-kulinarische-ausfluege-in-die-landschaft-rund-um-morges\",\"name\":\"Tag 2 \\u2013 Kulinarische Ausfl\\u00fcge in die Landschaft rund um Morges\",\"lieu_id\":\"morges-region\",\"color\":\"#199573\",\"waypoints\":[{\"lat\":46.593708062022,\"lon\":6.3783756495832,\"name\":\"Besuch der Fromagerie Gourmande\",\"desc\":\"\",\"step_id\":\"morges-region-tag-2-kulinarische-ausfluege-in-die-landschaft-rund-um-morges-step-1\",\"step_api_id\":\"01kbhrb6qk6ty5fd0zf8bqqyaq\",\"step_type\":\"poi\",\"day_id\":\"morges-region-tag-2-kulinarische-ausfluege-in-die-landschaft-rund-um-morges\",\"lieu_id\":\"morges-region\",\"image\":\"https:\\\/\\\/sos-ch-gva-2.exo.io\\\/sit-prod\\\/media\\\/6631\\\/fromagerie-gourmande-montricher.jpg\"},{\"lat\":46.568317,\"lon\":6.449552,\"name\":\"Moulin-Huilerie de S\\u00e9very\",\"desc\":\"\",\"step_id\":\"morges-region-tag-2-kulinarische-ausfluege-in-die-landschaft-rund-um-morges-step-2\",\"step_api_id\":\"01kztbyq6wgp7hxynksnjh9jrn\",\"step_type\":\"service\",\"day_id\":\"morges-region-tag-2-kulinarische-ausfluege-in-die-landschaft-rund-um-morges\",\"lieu_id\":\"morges-region\",\"image\":\"https:\\\/\\\/sos-ch-gva-2.exo.io\\\/sit-prod\\\/media\\\/31730\\\/6c2f9b1c1395bcd5d18898ecb790a7fe7beae8a1.jpg\"},{\"lat\":46.495174823576,\"lon\":6.3913609610521,\"name\":\"Gastronomisches Dinner im Nj\\u00f8rden mit Weinen von La C\\u00f4te\",\"desc\":\"\",\"step_id\":\"morges-region-tag-2-kulinarische-ausfluege-in-die-landschaft-rund-um-morges-step-3\",\"step_api_id\":\"01kbhrn2jyhhmy5zp68kd9xtpe\",\"step_type\":\"poi\",\"day_id\":\"morges-region-tag-2-kulinarische-ausfluege-in-die-landschaft-rund-um-morges\",\"lieu_id\":\"morges-region\",\"image\":\"https:\\\/\\\/sos-ch-gva-2.exo.io\\\/sit-prod\\\/media\\\/28673\\\/njorden-terrasse.jpg\"},{\"lat\":46.507304815158,\"lon\":6.4924569034576,\"name\":\"Hostellerie Le Petit Manoir\",\"desc\":\"\",\"step_id\":\"morges-region-tag-2-kulinarische-ausfluege-in-die-landschaft-rund-um-morges-step-4\",\"step_api_id\":\"01kbhrb6qk6ty5fd0zf8bqqyb2\",\"step_type\":\"poi\",\"day_id\":\"morges-region-tag-2-kulinarische-ausfluege-in-die-landschaft-rund-um-morges\",\"lieu_id\":\"morges-region\",\"image\":\"https:\\\/\\\/sos-ch-gva-2.exo.io\\\/sit-prod\\\/media\\\/6723\\\/nunoacacio-20190710-072526-9520.jpg\"}],\"trackPoints\":[]},{\"id\":\"morges-region-tag-3-regionale-genuesse-und-natur-im-arboretum\",\"name\":\"Tag 3 \\u2013 Regionale Gen\\u00fcsse und Natur im Arboretum\",\"lieu_id\":\"morges-region\",\"color\":\"#199573\",\"waypoints\":[{\"lat\":46.511007143726,\"lon\":6.4941229335207,\"name\":\"Brunch mit La Voie des Sens\",\"desc\":\"\",\"step_id\":\"morges-region-tag-3-regionale-genuesse-und-natur-im-arboretum-step-1\",\"step_api_id\":\"01kztbyq6wgp7hxynksnjh9jsa\",\"step_type\":\"service\",\"day_id\":\"morges-region-tag-3-regionale-genuesse-und-natur-im-arboretum\",\"lieu_id\":\"morges-region\",\"image\":\"https:\\\/\\\/sos-ch-gva-2.exo.io\\\/sit-prod\\\/media\\\/31801\\\/51c41a5ccf709abeff3837a6796cf3dd24e7eded.jpg\"},{\"lat\":46.511409422832,\"lon\":6.3662679400295,\"name\":\"Arboretum du Vallon de l\\u2019Aubonne\",\"desc\":\"\",\"step_id\":\"morges-region-tag-3-regionale-genuesse-und-natur-im-arboretum-step-2\",\"step_api_id\":\"01kbhr8dw0qzwn5jph0xdga57y\",\"step_type\":\"poi\",\"day_id\":\"morges-region-tag-3-regionale-genuesse-und-natur-im-arboretum\",\"lieu_id\":\"morges-region\",\"image\":\"https:\\\/\\\/sos-ch-gva-2.exo.io\\\/sit-prod\\\/media\\\/2068\\\/arboretum-fauteuil-jst-claryssa-grosjean-netzwerk-schweizer-paerke-1-min.jpg\"},{\"lat\":46.511128841754,\"lon\":6.3668607082218,\"name\":\"Ausstellung \\u00fcber Korbflechterei im Arboretum\",\"desc\":\"\",\"step_id\":\"morges-region-tag-3-regionale-genuesse-und-natur-im-arboretum-step-3\",\"step_api_id\":\"01kshqdx884wwbh27ne2by7gdk\",\"step_type\":\"event\",\"day_id\":\"morges-region-tag-3-regionale-genuesse-und-natur-im-arboretum\",\"lieu_id\":\"morges-region\",\"image\":\"https:\\\/\\\/sos-ch-gva-2.exo.io\\\/sit-prod\\\/media\\\/27826\\\/vannerie-web-01-768x518-png.png\"},{\"lat\":46.480244401111,\"lon\":6.3607976773071,\"name\":\"Balade des Capites mit dem Kit Rando-Terroir\",\"desc\":\"\",\"step_id\":\"morges-region-tag-3-regionale-genuesse-und-natur-im-arboretum-step-4\",\"step_api_id\":\"01kztbyq6wgp7hxynksnjh9jt0\",\"step_type\":\"service\",\"day_id\":\"morges-region-tag-3-regionale-genuesse-und-natur-im-arboretum\",\"lieu_id\":\"morges-region\",\"image\":\"https:\\\/\\\/sos-ch-gva-2.exo.io\\\/sit-prod\\\/media\\\/31885\\\/balade-des-capites.jpg\"}],\"trackPoints\":[]},{\"id\":\"pays-denhaut-tag-1-handwerk-und-tradition-der-alpen\",\"name\":\"Tag 1 \\u2013 Handwerk und Tradition der Alpen\",\"lieu_id\":\"pays-denhaut\",\"color\":\"#199573\",\"waypoints\":[{\"lat\":46.423727741337,\"lon\":7.1451216444712,\"name\":\"Besuch der K\\u00e4sekeller von L\\u2019Etivaz AOP\",\"desc\":\"\",\"step_id\":\"pays-denhaut-tag-1-handwerk-und-tradition-der-alpen-step-1\",\"step_api_id\":\"01kbq6n5bv4zjhmzz66915s07n\",\"step_type\":\"poi\",\"day_id\":\"pays-denhaut-tag-1-handwerk-und-tradition-der-alpen\",\"lieu_id\":\"pays-denhaut\",\"image\":\"https:\\\/\\\/sos-ch-gva-2.exo.io\\\/sit-prod\\\/media\\\/34750\\\/01M1147P5394YY5PTGW3DR3EQ1.JPG\"},{\"lat\":46.423742750778,\"lon\":7.1451357901424,\"name\":\"Picknick mit Produkten des Labels \\u00abPays-d\\u2019Enhaut Produits Authentiques\\u00bb\",\"desc\":\"\",\"step_id\":\"pays-denhaut-tag-1-handwerk-und-tradition-der-alpen-step-2\",\"step_api_id\":\"01kbq6nmcgaj6tt4a3q465dshw\",\"step_type\":\"poi\",\"day_id\":\"pays-denhaut-tag-1-handwerk-und-tradition-der-alpen\",\"lieu_id\":\"pays-denhaut\",\"image\":\"https:\\\/\\\/sos-ch-gva-2.exo.io\\\/sit-prod\\\/media\\\/34751\\\/01M1185EK41RF67NCWBAR05KKY.jpg\"},{\"lat\":46.474,\"lon\":7.1292,\"name\":\"Einf\\u00fchrung in den Scherenschnitt\",\"desc\":\"\",\"step_id\":\"pays-denhaut-tag-1-handwerk-und-tradition-der-alpen-step-3\",\"step_api_id\":\"01kbkvrnar5w1jymemzgk7qkf4\",\"step_type\":\"service\",\"day_id\":\"pays-denhaut-tag-1-handwerk-und-tradition-der-alpen\",\"lieu_id\":\"pays-denhaut\",\"image\":\"https:\\\/\\\/sos-ch-gva-2.exo.io\\\/sit-prod\\\/media\\\/23701\\\/TDS00020016203331809.png\"},{\"lat\":46.489898314239,\"lon\":7.2108936309814,\"name\":\"H\\u00f4tel de Commune de Rougemont\",\"desc\":\"\",\"step_id\":\"pays-denhaut-tag-1-handwerk-und-tradition-der-alpen-step-4\",\"step_api_id\":\"01kbq6ncy7cey13va32c56chdp\",\"step_type\":\"poi\",\"day_id\":\"pays-denhaut-tag-1-handwerk-und-tradition-der-alpen\",\"lieu_id\":\"pays-denhaut\",\"image\":\"https:\\\/\\\/sos-ch-gva-2.exo.io\\\/sit-prod\\\/media\\\/24584\\\/01KKBZ0ZVXDRAGD5ZD40VDX1XP.png\"}],\"trackPoints\":[]},{\"id\":\"pays-denhaut-tag-2-wanderung-und-kaese\",\"name\":\"Tag 2 \\u2013 Wanderung und K\\u00e4se\",\"lieu_id\":\"pays-denhaut\",\"color\":\"#199573\",\"waypoints\":[{\"lat\":46.4898,\"lon\":7.2106,\"name\":\"Spaziergang von Rougemont \\u00fcber Les Serpenteys nach Ch\\u00e2teau-d\\u2019\\u0152x\",\"desc\":\"\",\"step_id\":\"pays-denhaut-tag-2-wanderung-und-kaese-step-1\",\"step_api_id\":\"01kbq6qhfk3bzac2dfer8j564a\",\"step_type\":\"tour\",\"day_id\":\"pays-denhaut-tag-2-wanderung-und-kaese\",\"lieu_id\":\"pays-denhaut\",\"image\":\"https:\\\/\\\/sos-ch-gva-2.exo.io\\\/sit-prod\\\/media\\\/21587\\\/fd303097c45d273684d0ff7a8314148a0c0167b4.JPG\"},{\"lat\":46.473652721584,\"lon\":7.1334950030177,\"name\":\"Essen im Le Chalet, Schauk\\u00e4serei in Ch\\u00e2teau-d\\u2019\\u0152x\",\"desc\":\"\",\"step_id\":\"pays-denhaut-tag-2-wanderung-und-kaese-step-2\",\"step_api_id\":\"01kbq6nnbvvgem3vgm7rbdqj52\",\"step_type\":\"poi\",\"day_id\":\"pays-denhaut-tag-2-wanderung-und-kaese\",\"lieu_id\":\"pays-denhaut\",\"image\":\"https:\\\/\\\/sos-ch-gva-2.exo.io\\\/sit-prod\\\/media\\\/21599\\\/restaurant-le-chalet-vue-sur-table-pas-de-saison-chax-le-chalet.png\"},{\"lat\":46.474825649606,\"lon\":7.1324999034732,\"name\":\"R\\u00fcckfahrt nach Rougemont mit dem GoldenPass\",\"desc\":\"\",\"step_id\":\"pays-denhaut-tag-2-wanderung-und-kaese-step-3\",\"step_api_id\":\"01kbq6nqeqtx43s7m0azzt9egn\",\"step_type\":\"poi\",\"day_id\":\"pays-denhaut-tag-2-wanderung-und-kaese\",\"lieu_id\":\"pays-denhaut\",\"image\":\"https:\\\/\\\/sos-ch-gva-2.exo.io\\\/sit-prod\\\/media\\\/21919\\\/mob-goldenpass-panoramic-avec-montagnes-enneigees-printemps-saanen-mob-goldenpass.png\"},{\"lat\":46.48788764028,\"lon\":7.2048095767968,\"name\":\"Begegnung mit Arnaud Guichard von der Fromagerie Fleurette\",\"desc\":\"\",\"step_id\":\"pays-denhaut-tag-2-wanderung-und-kaese-step-4\",\"step_api_id\":\"01kbq6nk40dkdwh153zxzhvz7r\",\"step_type\":\"poi\",\"day_id\":\"pays-denhaut-tag-2-wanderung-und-kaese\",\"lieu_id\":\"pays-denhaut\",\"image\":\"https:\\\/\\\/sos-ch-gva-2.exo.io\\\/sit-prod\\\/media\\\/21839\\\/fromagerie-fleurette-portrait-arnaud-guichard-dans-caves-pas-de-saison-rougemont-pays-d-enhaut-region.png\"},{\"lat\":46.489898314239,\"lon\":7.2108936309814,\"name\":\"H\\u00f4tel de Commune de Rougemont\",\"desc\":\"\",\"step_id\":\"pays-denhaut-tag-2-wanderung-und-kaese-step-5\",\"step_api_id\":\"01kbq6ncy7cey13va32c56chdp\",\"step_type\":\"poi\",\"day_id\":\"pays-denhaut-tag-2-wanderung-und-kaese\",\"lieu_id\":\"pays-denhaut\",\"image\":\"https:\\\/\\\/sos-ch-gva-2.exo.io\\\/sit-prod\\\/media\\\/24584\\\/01KKBZ0ZVXDRAGD5ZD40VDX1XP.png\"}],\"trackPoints\":[]},{\"id\":\"pays-denhaut-tag-3-zwischen-himmel-und-terroir\",\"name\":\"Tag 3 \\u2013 Zwischen Himmel und Terroir\",\"lieu_id\":\"pays-denhaut\",\"color\":\"#199573\",\"waypoints\":[{\"lat\":46.473070444713,\"lon\":7.1303324773908,\"name\":\"Espace Ballon, F\\u00fchrung und Flugsimulator\",\"desc\":\"\",\"step_id\":\"pays-denhaut-tag-3-zwischen-himmel-und-terroir-step-1\",\"step_api_id\":\"01kbq6n4xqa707y68nr5m280xk\",\"step_type\":\"poi\",\"day_id\":\"pays-denhaut-tag-3-zwischen-himmel-und-terroir\",\"lieu_id\":\"pays-denhaut\",\"image\":\"https:\\\/\\\/sos-ch-gva-2.exo.io\\\/sit-prod\\\/media\\\/21617\\\/espace-ballon-2024-dsf3979-c-david-bochud.jpg\"},{\"lat\":46.471106013044,\"lon\":7.1269405956193,\"name\":\"Essen im Restaurant de l\\u2019Ermitage in Ch\\u00e2teau-d\\u2019\\u0152x\",\"desc\":\"\",\"step_id\":\"pays-denhaut-tag-3-zwischen-himmel-und-terroir-step-2\",\"step_api_id\":\"01kckmh62gg2pdr21zsaq51yf9\",\"step_type\":\"poi\",\"day_id\":\"pays-denhaut-tag-3-zwischen-himmel-und-terroir\",\"lieu_id\":\"pays-denhaut\",\"image\":\"https:\\\/\\\/sos-ch-gva-2.exo.io\\\/sit-prod\\\/media\\\/22706\\\/01KCKNGH2KS84GPE7HQ511W5W6.png\"},{\"lat\":46.45920391447,\"lon\":7.1222520936682,\"name\":\"Besuch der Ferme de la Rosette bei Caroline Daenzer\",\"desc\":\"\",\"step_id\":\"pays-denhaut-tag-3-zwischen-himmel-und-terroir-step-3\",\"step_api_id\":\"01kbq6p4wyhar88qxftjkm7e88\",\"step_type\":\"poi\",\"day_id\":\"pays-denhaut-tag-3-zwischen-himmel-und-terroir\",\"lieu_id\":\"pays-denhaut\",\"image\":\"https:\\\/\\\/sos-ch-gva-2.exo.io\\\/sit-prod\\\/media\\\/22318\\\/ferme-la-rosette.jpg\"},{\"lat\":46.459877072598,\"lon\":7.1075557619497,\"name\":\"Einkauf lokaler Produkte in der Laiterie des Moulins\",\"desc\":\"\",\"step_id\":\"pays-denhaut-tag-3-zwischen-himmel-und-terroir-step-4\",\"step_api_id\":\"01kbq6nk9yjjzb8m95vgz1t7za\",\"step_type\":\"poi\",\"day_id\":\"pays-denhaut-tag-3-zwischen-himmel-und-terroir\",\"lieu_id\":\"pays-denhaut\",\"image\":\"https:\\\/\\\/sos-ch-gva-2.exo.io\\\/sit-prod\\\/media\\\/21844\\\/b7b41315ec821a4943ff17fff224a4a5eeb29c81.jpg\"}],\"trackPoints\":[]},{\"id\":\"alpes-vaudoises-tag-1-von-den-rebbergen-in-die-berge\",\"name\":\"Tag 1 \\u2013 Von den Rebbergen in die Berge\",\"lieu_id\":\"alpes-vaudoises\",\"color\":\"#199573\",\"waypoints\":[{\"lat\":46.314909276854,\"lon\":6.9759975514858,\"name\":\"Ch\\u00e2teau d\\u2019Aigle, Weinmuseum und Essen in der Pinte du Paradis\",\"desc\":\"\",\"step_id\":\"alpes-vaudoises-tag-1-von-den-rebbergen-in-die-berge-step-1\",\"step_api_id\":\"01kztbyq6wgp7hxynksnjh9jrv\",\"step_type\":\"service\",\"day_id\":\"alpes-vaudoises-tag-1-von-den-rebbergen-in-die-berge\",\"lieu_id\":\"alpes-vaudoises\",\"image\":\"https:\\\/\\\/sos-ch-gva-2.exo.io\\\/sit-prod\\\/media\\\/1911\\\/chateau-d-aigle-ete-aigle.png\"},{\"lat\":46.3160788,\"lon\":6.9732781,\"name\":\"Erlebnisweg \\u00abLa Cl\\u00e9 des Vignes\\u00bb in Aigle\",\"desc\":\"\",\"step_id\":\"alpes-vaudoises-tag-1-von-den-rebbergen-in-die-berge-step-2\",\"step_api_id\":\"01kztbyrffe9apnspwkngppva6\",\"step_type\":\"service\",\"day_id\":\"alpes-vaudoises-tag-1-von-den-rebbergen-in-die-berge\",\"lieu_id\":\"alpes-vaudoises\",\"image\":\"https:\\\/\\\/sos-ch-gva-2.exo.io\\\/sit-prod\\\/media\\\/31982\\\/av-magazine-experiences-cle-des-vignes.jpg\"},{\"lat\":46.277813308966,\"lon\":7.0262941233033,\"name\":\"Besuch der Salzminen von Bex\",\"desc\":\"\",\"step_id\":\"alpes-vaudoises-tag-1-von-den-rebbergen-in-die-berge-step-3\",\"step_api_id\":\"01kztbyq6wgp7hxynksnjh9jtn\",\"step_type\":\"service\",\"day_id\":\"alpes-vaudoises-tag-1-von-den-rebbergen-in-die-berge\",\"lieu_id\":\"alpes-vaudoises\",\"image\":\"https:\\\/\\\/sos-ch-gva-2.exo.io\\\/sit-prod\\\/media\\\/26051\\\/visite-des-mines-de-sel-de-bex-a-la-lanterne.PNG\"},{\"lat\":46.28836902873,\"lon\":7.1373081654474,\"name\":\"H\\u00f4tel Miroir d\\u2019Argentine und Essen im Refuge de Solalex\",\"desc\":\"\",\"step_id\":\"alpes-vaudoises-tag-1-von-den-rebbergen-in-die-berge-step-4\",\"step_api_id\":\"01kzqwj7eyxn22w2e7fg98rpdp\",\"step_type\":\"poi\",\"day_id\":\"alpes-vaudoises-tag-1-von-den-rebbergen-in-die-berge\",\"lieu_id\":\"alpes-vaudoises\",\"image\":\"https:\\\/\\\/sos-ch-gva-2.exo.io\\\/sit-prod\\\/media\\\/29807\\\/restaurant-du-miroir-de-l-argentine.jpg\"}],\"trackPoints\":[]},{\"id\":\"alpes-vaudoises-tag-2-kulinarische-auszeit-in-solalex\",\"name\":\"Tag 2 \\u2013 Kulinarische Auszeit in Solalex\",\"lieu_id\":\"alpes-vaudoises\",\"color\":\"#199573\",\"waypoints\":[{\"lat\":46.288278115114,\"lon\":7.1368185276515,\"name\":\"Ausflug nach Solalex und Panoramawanderung\",\"desc\":\"\",\"step_id\":\"alpes-vaudoises-tag-2-kulinarische-auszeit-in-solalex-step-1\",\"step_api_id\":\"01kbhrfj3k3gsdannj7qj99sb6\",\"step_type\":\"poi\",\"day_id\":\"alpes-vaudoises-tag-2-kulinarische-auszeit-in-solalex\",\"lieu_id\":\"alpes-vaudoises\",\"image\":\"https:\\\/\\\/sos-ch-gva-2.exo.io\\\/sit-prod\\\/media\\\/11456\\\/randonnee-solalex-ete.jpg\"},{\"lat\":46.288985502746,\"lon\":7.1372470078037,\"name\":\"Regionale Eink\\u00e4ufe im Comptoir de Solalex\",\"desc\":\"\",\"step_id\":\"alpes-vaudoises-tag-2-kulinarische-auszeit-in-solalex-step-2\",\"step_api_id\":\"01kzt5dt1m4nmwv0sjy70hxkk4\",\"step_type\":\"poi\",\"day_id\":\"alpes-vaudoises-tag-2-kulinarische-auszeit-in-solalex\",\"lieu_id\":\"alpes-vaudoises\",\"image\":\"https:\\\/\\\/sos-ch-gva-2.exo.io\\\/sit-prod\\\/media\\\/30578\\\/1-comptoir-de-solalex.jpg\"},{\"lat\":46.2884296842,\"lon\":7.1372715129669,\"name\":\"Gastronomisches Dinner mit Weinbegleitung im Restaurant Miroir d\\u2019Argentine\",\"desc\":\"\",\"step_id\":\"alpes-vaudoises-tag-2-kulinarische-auszeit-in-solalex-step-3\",\"step_api_id\":\"01kztbyq6wgp7hxynksnjh9jt5\",\"step_type\":\"service\",\"day_id\":\"alpes-vaudoises-tag-2-kulinarische-auszeit-in-solalex\",\"lieu_id\":\"alpes-vaudoises\",\"image\":\"https:\\\/\\\/sos-ch-gva-2.exo.io\\\/sit-prod\\\/media\\\/31898\\\/plat-miroir-d-argentine-solalex.jpg\"},{\"lat\":46.28836902873,\"lon\":7.1373081654474,\"name\":\"H\\u00f4tel Miroir d\\u2019Argentine\",\"desc\":\"\",\"step_id\":\"alpes-vaudoises-tag-2-kulinarische-auszeit-in-solalex-step-4\",\"step_api_id\":\"01kzqwj7eyxn22w2e7fg98rpdp\",\"step_type\":\"poi\",\"day_id\":\"alpes-vaudoises-tag-2-kulinarische-auszeit-in-solalex\",\"lieu_id\":\"alpes-vaudoises\",\"image\":\"https:\\\/\\\/sos-ch-gva-2.exo.io\\\/sit-prod\\\/media\\\/29807\\\/restaurant-du-miroir-de-l-argentine.jpg\"}],\"trackPoints\":[]},{\"id\":\"alpes-vaudoises-tag-3-gipfel-und-frische-bergluft\",\"name\":\"Tag 3 \\u2013 Gipfel und frische Bergluft\",\"lieu_id\":\"alpes-vaudoises\",\"color\":\"#199573\",\"waypoints\":[{\"lat\":46.303583807738,\"lon\":7.0549752116858,\"name\":\"Fahrt mit der Gondelbahn zum Roc d\\u2019Orsay\",\"desc\":\"\",\"step_id\":\"alpes-vaudoises-tag-3-gipfel-und-frische-bergluft-step-1\",\"step_api_id\":\"01kbhrfj3k3gsdannj7qj99sbw\",\"step_type\":\"poi\",\"day_id\":\"alpes-vaudoises-tag-3-gipfel-und-frische-bergluft\",\"lieu_id\":\"alpes-vaudoises\",\"image\":\"https:\\\/\\\/sos-ch-gva-2.exo.io\\\/sit-prod\\\/media\\\/11509\\\/dsxf5263.jpg\"},{\"lat\":46.326818832569,\"lon\":7.061935456508,\"name\":\"Riesenschaukel in Villars\",\"desc\":\"\",\"step_id\":\"alpes-vaudoises-tag-3-gipfel-und-frische-bergluft-step-2\",\"step_api_id\":\"01m0a0tggzs5bhhqytcnd79ne9\",\"step_type\":\"poi\",\"day_id\":\"alpes-vaudoises-tag-3-gipfel-und-frische-bergluft\",\"lieu_id\":\"alpes-vaudoises\",\"image\":\"https:\\\/\\\/sos-ch-gva-2.exo.io\\\/sit-prod\\\/media\\\/32301\\\/balancair.png\"},{\"lat\":46.331713552116,\"lon\":7.0849984511733,\"name\":\"Essen am Lac des Chavonnes\",\"desc\":\"\",\"step_id\":\"alpes-vaudoises-tag-3-gipfel-und-frische-bergluft-step-3\",\"step_api_id\":\"01kbhrep8p4yq9mcj77gt3js8n\",\"step_type\":\"poi\",\"day_id\":\"alpes-vaudoises-tag-3-gipfel-und-frische-bergluft\",\"lieu_id\":\"alpes-vaudoises\",\"image\":\"https:\\\/\\\/sos-ch-gva-2.exo.io\\\/sit-prod\\\/media\\\/10468\\\/restaurant-du-lac-des-chavonnes.jpg\"},{\"lat\":46.295977621891,\"lon\":7.0562384504719,\"name\":\"Zugfahrt von Bretaye nach Villars durch die Herbstlandschaft\",\"desc\":\"\",\"step_id\":\"alpes-vaudoises-tag-3-gipfel-und-frische-bergluft-step-4\",\"step_api_id\":\"01kzt5dqepxp4panse0ax3ttfb\",\"step_type\":\"poi\",\"day_id\":\"alpes-vaudoises-tag-3-gipfel-und-frische-bergluft\",\"lieu_id\":\"alpes-vaudoises\",\"image\":\"https:\\\/\\\/sos-ch-gva-2.exo.io\\\/sit-prod\\\/media\\\/30531\\\/bvb-hiver.jpg\"}],\"trackPoints\":[]},{\"id\":\"montreux-riviera-tag-1-eintauchen-in-die-rebberge-von-lavaux\",\"name\":\"Tag 1 \\u2013 Eintauchen in die Rebberge von Lavaux\",\"lieu_id\":\"montreux-riviera\",\"color\":\"#199573\",\"waypoints\":[{\"lat\":46.48829,\"lon\":6.75183,\"name\":\"Route des Grands Crus\",\"desc\":\"\",\"step_id\":\"montreux-riviera-tag-1-eintauchen-in-die-rebberge-von-lavaux-step-1\",\"step_api_id\":\"01m0hyj4mj8n2sakt2z5wcxjwy\",\"step_type\":\"tour\",\"day_id\":\"montreux-riviera-tag-1-eintauchen-in-die-rebberge-von-lavaux\",\"lieu_id\":\"montreux-riviera\",\"image\":\"https:\\\/\\\/sos-ch-gva-2.exo.io\\\/sit-prod\\\/media\\\/32684\\\/st-kc-lavaux-2025-0010-copie.jpg\"},{\"lat\":46.4945541,\"lon\":6.7157599,\"name\":\"Kellerbesuch und Degustation im Domaine Joly\",\"desc\":\"\",\"step_id\":\"montreux-riviera-tag-1-eintauchen-in-die-rebberge-von-lavaux-step-2\",\"step_api_id\":\"01kztbyq6wgp7hxynksnjh9jr2\",\"step_type\":\"service\",\"day_id\":\"montreux-riviera-tag-1-eintauchen-in-die-rebberge-von-lavaux\",\"lieu_id\":\"montreux-riviera\",\"image\":\"https:\\\/\\\/sos-ch-gva-2.exo.io\\\/sit-prod\\\/media\\\/30719\\\/cave-joly-famille.jpg\"},{\"lat\":46.493614866041,\"lon\":6.7164858654223,\"name\":\"Mittagessen mit Aussicht im Tout un Monde\",\"desc\":\"\",\"step_id\":\"montreux-riviera-tag-1-eintauchen-in-die-rebberge-von-lavaux-step-3\",\"step_api_id\":\"01kbhrbb9jh8zgjgk0f083fdrt\",\"step_type\":\"poi\",\"day_id\":\"montreux-riviera-tag-1-eintauchen-in-die-rebberge-von-lavaux\",\"lieu_id\":\"montreux-riviera\",\"image\":\"https:\\\/\\\/sos-ch-gva-2.exo.io\\\/sit-prod\\\/media\\\/29794\\\/tout-un-monde.png\"},{\"lat\":46.477893739769,\"lon\":6.8422293663025,\"name\":\"H\\u00f4tel du L\\u00e9man\",\"desc\":\"\",\"step_id\":\"montreux-riviera-tag-1-eintauchen-in-die-rebberge-von-lavaux-step-4\",\"step_api_id\":\"01kbhrbb9jh8zgjgk0f083fdrg\",\"step_type\":\"poi\",\"day_id\":\"montreux-riviera-tag-1-eintauchen-in-die-rebberge-von-lavaux\",\"lieu_id\":\"montreux-riviera\",\"image\":\"https:\\\/\\\/sos-ch-gva-2.exo.io\\\/sit-prod\\\/media\\\/6162\\\/vue-hotel-du-leman.jpg\"}],\"trackPoints\":[]},{\"id\":\"montreux-riviera-tag-2-gastronomie-an-der-riviera\",\"name\":\"Tag 2 \\u2013 Gastronomie an der Riviera\",\"lieu_id\":\"montreux-riviera\",\"color\":\"#199573\",\"waypoints\":[{\"lat\":46.481200794646,\"lon\":6.7787519256145,\"name\":\"Fahrt mit dem Lavaux Panoramic\",\"desc\":\"\",\"step_id\":\"montreux-riviera-tag-2-gastronomie-an-der-riviera-step-1\",\"step_api_id\":\"01kbhr8xrzk357aa5qz4evbfse\",\"step_type\":\"poi\",\"day_id\":\"montreux-riviera-tag-2-gastronomie-an-der-riviera\",\"lieu_id\":\"montreux-riviera\",\"image\":\"https:\\\/\\\/sos-ch-gva-2.exo.io\\\/sit-prod\\\/media\\\/2633\\\/lavaux-panoramic-2021.jpg\"},{\"lat\":46.462456027838,\"lon\":6.8428891897202,\"name\":\"Essen in der historischen Brasserie des H\\u00f4tel Astra\",\"desc\":\"\",\"step_id\":\"montreux-riviera-tag-2-gastronomie-an-der-riviera-step-2\",\"step_api_id\":\"01kbhr8xs0kg0qc2417mjgc5ff\",\"step_type\":\"poi\",\"day_id\":\"montreux-riviera-tag-2-gastronomie-an-der-riviera\",\"lieu_id\":\"montreux-riviera\",\"image\":\"https:\\\/\\\/sos-ch-gva-2.exo.io\\\/sit-prod\\\/media\\\/2694\\\/la-coupole-astra-20219.jpg\"},{\"lat\":46.458361624773,\"lon\":6.8464449940802,\"name\":\"Besuch des Alimentarium in Vevey\",\"desc\":\"\",\"step_id\":\"montreux-riviera-tag-2-gastronomie-an-der-riviera-step-3\",\"step_api_id\":\"01kbhr8dw0qzwn5jph0xdga569\",\"step_type\":\"poi\",\"day_id\":\"montreux-riviera-tag-2-gastronomie-an-der-riviera\",\"lieu_id\":\"montreux-riviera\",\"image\":\"https:\\\/\\\/sos-ch-gva-2.exo.io\\\/sit-prod\\\/media\\\/1763\\\/dsc00393.jpg\"},{\"lat\":46.434189506398,\"lon\":6.945698261261,\"name\":\"Dinner und Nacht im Coucou in Caux\",\"desc\":\"\",\"step_id\":\"montreux-riviera-tag-2-gastronomie-an-der-riviera-step-4\",\"step_api_id\":\"01kbhrjdaawk53y8nyy30r3zqz\",\"step_type\":\"poi\",\"day_id\":\"montreux-riviera-tag-2-gastronomie-an-der-riviera\",\"lieu_id\":\"montreux-riviera\",\"image\":\"https:\\\/\\\/sos-ch-gva-2.exo.io\\\/sit-prod\\\/media\\\/32790\\\/coucou-jpg.jpg\"}],\"trackPoints\":[]},{\"id\":\"montreux-riviera-tag-3-kultur-und-schifffahrt-auf-dem-see\",\"name\":\"Tag 3 \\u2013 Kultur und Schifffahrt auf dem See\",\"lieu_id\":\"montreux-riviera\",\"color\":\"#199573\",\"waypoints\":[{\"lat\":46.41,\"lon\":6.93,\"name\":\"Ch\\u00e2teau de Chillon und die Weine des Schlosses\",\"desc\":\"\",\"step_id\":\"montreux-riviera-tag-3-kultur-und-schifffahrt-auf-dem-see-step-1\",\"step_api_id\":\"01kztbyq6wgp7hxynksnjh9jrd\",\"step_type\":\"service\",\"day_id\":\"montreux-riviera-tag-3-kultur-und-schifffahrt-auf-dem-see\",\"lieu_id\":\"montreux-riviera\",\"image\":\"https:\\\/\\\/sos-ch-gva-2.exo.io\\\/sit-prod\\\/media\\\/31712\\\/chateau-de-chillon-visite-exterieur.jpg\"},{\"lat\":46.414091963839,\"lon\":6.9277223813384,\"name\":\"Caf\\u00e9 Byron\",\"desc\":\"\",\"step_id\":\"montreux-riviera-tag-3-kultur-und-schifffahrt-auf-dem-see-step-2\",\"step_api_id\":\"01kbhrkpg2320nkkh2w483x0xv\",\"step_type\":\"poi\",\"day_id\":\"montreux-riviera-tag-3-kultur-und-schifffahrt-auf-dem-see\",\"lieu_id\":\"montreux-riviera\",\"image\":\"https:\\\/\\\/sos-ch-gva-2.exo.io\\\/sit-prod\\\/media\\\/34779\\\/marie-contreras-famille-72-8849-4-1750x985-jpg.jpg\"},{\"lat\":46.43446869497,\"lon\":6.9092378416056,\"name\":\"Herbstliche Schifffahrt auf dem Genfersee\",\"desc\":\"\",\"step_id\":\"montreux-riviera-tag-3-kultur-und-schifffahrt-auf-dem-see-step-3\",\"step_api_id\":\"01m0j0rcb4vd75nybrt3tmtary\",\"step_type\":\"poi\",\"day_id\":\"montreux-riviera-tag-3-kultur-und-schifffahrt-auf-dem-see\",\"lieu_id\":\"montreux-riviera\",\"image\":\"https:\\\/\\\/sos-ch-gva-2.exo.io\\\/sit-prod\\\/media\\\/32813\\\/cgn-chillon.jpg\"},{\"lat\":46.488664065291,\"lon\":6.7298088638237,\"name\":\"Letzte Chasselas-Degustation vor der Abreise\",\"desc\":\"\",\"step_id\":\"montreux-riviera-tag-3-kultur-und-schifffahrt-auf-dem-see-step-4\",\"step_api_id\":\"01kbhrkpg2320nkkh2w483x0w3\",\"step_type\":\"poi\",\"day_id\":\"montreux-riviera-tag-3-kultur-und-schifffahrt-auf-dem-see\",\"lieu_id\":\"montreux-riviera\",\"image\":\"https:\\\/\\\/sos-ch-gva-2.exo.io\\\/sit-prod\\\/media\\\/17122\\\/caissette-dans-le-paysage.jpg\"}],\"trackPoints\":[]},{\"id\":\"nord-vaudois-tag-1-stadtbesichtigung-und-gastronomisches-dinner\",\"name\":\"Tag 1 \\u2013 Stadtbesichtigung und gastronomisches Dinner\",\"lieu_id\":\"nord-vaudois\",\"color\":\"#199573\",\"waypoints\":[{\"lat\":46.7788,\"lon\":6.6411,\"name\":\"Brunnenrundgang durch die Stadt\",\"desc\":\"\",\"step_id\":\"nord-vaudois-tag-1-stadtbesichtigung-und-gastronomisches-dinner-step-1\",\"step_api_id\":\"01m0cd0knkg04tvkzfe9kb34et\",\"step_type\":\"tour\",\"day_id\":\"nord-vaudois-tag-1-stadtbesichtigung-und-gastronomisches-dinner\",\"lieu_id\":\"nord-vaudois\",\"image\":\"https:\\\/\\\/sos-ch-gva-2.exo.io\\\/sit-prod\\\/media\\\/32468\\\/fontaines-historiques-d-yverdon-c-adnv-lionel-bourgeois-36.jpg\"},{\"lat\":46.778247710545,\"lon\":6.6415218450129,\"name\":\"Ch\\u00e2teau und Mus\\u00e9e d\\u2019Yverdon et R\\u00e9gion\",\"desc\":\"\",\"step_id\":\"nord-vaudois-tag-1-stadtbesichtigung-und-gastronomisches-dinner-step-2\",\"step_api_id\":\"01kbhr8dw0qzwn5jph0xdga56v\",\"step_type\":\"poi\",\"day_id\":\"nord-vaudois-tag-1-stadtbesichtigung-und-gastronomisches-dinner\",\"lieu_id\":\"nord-vaudois\",\"image\":\"https:\\\/\\\/sos-ch-gva-2.exo.io\\\/sit-prod\\\/media\\\/1864\\\/yverdon-chateau-juin-08-c-thierry-porchet.jpg\"},{\"lat\":46.778382855945,\"lon\":6.6403792239726,\"name\":\"Gastronomisches Dinner mit Waadtl\\u00e4nder Weinbegleitung bei Gerber-Wyss\",\"desc\":\"\",\"step_id\":\"nord-vaudois-tag-1-stadtbesichtigung-und-gastronomisches-dinner-step-3\",\"step_api_id\":\"01kbhr8xs0kg0qc2417mjgc5fg\",\"step_type\":\"poi\",\"day_id\":\"nord-vaudois-tag-1-stadtbesichtigung-und-gastronomisches-dinner\",\"lieu_id\":\"nord-vaudois\",\"image\":\"https:\\\/\\\/sos-ch-gva-2.exo.io\\\/sit-prod\\\/media\\\/2703\\\/gerber-wyss.jpg\"},{\"lat\":46.771329724516,\"lon\":6.649474343285,\"name\":\"Grand H\\u00f4tel des Bains\",\"desc\":\"\",\"step_id\":\"nord-vaudois-tag-1-stadtbesichtigung-und-gastronomisches-dinner-step-4\",\"step_api_id\":\"01kbhrec294sbdtd757cyxvgyx\",\"step_type\":\"poi\",\"day_id\":\"nord-vaudois-tag-1-stadtbesichtigung-und-gastronomisches-dinner\",\"lieu_id\":\"nord-vaudois\",\"image\":\"https:\\\/\\\/sos-ch-gva-2.exo.io\\\/sit-prod\\\/media\\\/9852\\\/grand-hotel-des-bains.jpg\"}],\"trackPoints\":[]},{\"id\":\"nord-vaudois-tag-2-rebberge-und-trueffel-von-bonvillars\",\"name\":\"Tag 2 \\u2013 Rebberge und Tr\\u00fcffel von Bonvillars\",\"lieu_id\":\"nord-vaudois\",\"color\":\"#199573\",\"waypoints\":[{\"lat\":46.80867922876,\"lon\":6.6443424392492,\"name\":\"Bonvillars zu Fuss oder mit dem E-Bike\",\"desc\":\"\",\"step_id\":\"nord-vaudois-tag-2-rebberge-und-trueffel-von-bonvillars-step-1\",\"step_api_id\":\"01kbhr8xrzk357aa5qz4evbfsm\",\"step_type\":\"poi\",\"day_id\":\"nord-vaudois-tag-2-rebberge-und-trueffel-von-bonvillars\",\"lieu_id\":\"nord-vaudois\",\"image\":\"https:\\\/\\\/sos-ch-gva-2.exo.io\\\/sit-prod\\\/media\\\/8969\\\/f6eacee11eaae03de4bddc08ccf8ae5623d58e2b.jpg\"},{\"lat\":46.835222048225,\"lon\":6.668822709471,\"name\":\"Besuch und Degustation in der Cave des Viticulteurs de Bonvillars\",\"desc\":\"\",\"step_id\":\"nord-vaudois-tag-2-rebberge-und-trueffel-von-bonvillars-step-2\",\"step_api_id\":\"01kbhrec294sbdtd757cyxvgyz\",\"step_type\":\"poi\",\"day_id\":\"nord-vaudois-tag-2-rebberge-und-trueffel-von-bonvillars\",\"lieu_id\":\"nord-vaudois\",\"image\":\"https:\\\/\\\/sos-ch-gva-2.exo.io\\\/sit-prod\\\/media\\\/9864\\\/cave-des-viticulteurs-de-bonvillars.png\"},{\"lat\":46.837741880417,\"lon\":6.6677292665385,\"name\":\"Didaktische Tr\\u00fcffelplantage und Ap\\u00e9ro mit Tr\\u00fcffelprodukten\",\"desc\":\"\",\"step_id\":\"nord-vaudois-tag-2-rebberge-und-trueffel-von-bonvillars-step-3\",\"step_api_id\":\"01kbhrnf2q9w8hb6t3qdksmv41\",\"step_type\":\"poi\",\"day_id\":\"nord-vaudois-tag-2-rebberge-und-trueffel-von-bonvillars\",\"lieu_id\":\"nord-vaudois\",\"image\":\"https:\\\/\\\/sos-ch-gva-2.exo.io\\\/sit-prod\\\/media\\\/19504\\\/img-20230606-wa0006.jpg\"},{\"lat\":46.808627826273,\"lon\":6.6443352308124,\"name\":\"Lokale Produkte in der Maison des Terroirs\",\"desc\":\"\",\"step_id\":\"nord-vaudois-tag-2-rebberge-und-trueffel-von-bonvillars-step-4\",\"step_api_id\":\"01kbhrargkvaj65bzmjdn95wwx\",\"step_type\":\"poi\",\"day_id\":\"nord-vaudois-tag-2-rebberge-und-trueffel-von-bonvillars\",\"lieu_id\":\"nord-vaudois\",\"image\":\"https:\\\/\\\/sos-ch-gva-2.exo.io\\\/sit-prod\\\/media\\\/5627\\\/dsc-0099.JPG\"},{\"lat\":46.771329724516,\"lon\":6.649474343285,\"name\":\"Grand H\\u00f4tel des Bains\",\"desc\":\"\",\"step_id\":\"nord-vaudois-tag-2-rebberge-und-trueffel-von-bonvillars-step-5\",\"step_api_id\":\"01kbhrec294sbdtd757cyxvgyx\",\"step_type\":\"poi\",\"day_id\":\"nord-vaudois-tag-2-rebberge-und-trueffel-von-bonvillars\",\"lieu_id\":\"nord-vaudois\",\"image\":\"https:\\\/\\\/sos-ch-gva-2.exo.io\\\/sit-prod\\\/media\\\/9852\\\/grand-hotel-des-bains.jpg\"}],\"trackPoints\":[]},{\"id\":\"nord-vaudois-tag-3-weintourismus-in-den-cotes-de-lorbe\",\"name\":\"Tag 3 \\u2013 Weintourismus in den C\\u00f4tes de l\\u2019Orbe\",\"lieu_id\":\"nord-vaudois\",\"color\":\"#199573\",\"waypoints\":[{\"lat\":46.754206142016,\"lon\":6.5283552195741,\"name\":\"Besuch der K\\u00fcferei des Domaine du Manoir in Valeyres-sous-Rances\",\"desc\":\"\",\"step_id\":\"nord-vaudois-tag-3-weintourismus-in-den-cotes-de-lorbe-step-1\",\"step_api_id\":\"01m0saa2smtrgwm17x90wwsa4j\",\"step_type\":\"poi\",\"day_id\":\"nord-vaudois-tag-3-weintourismus-in-den-cotes-de-lorbe\",\"lieu_id\":\"nord-vaudois\",\"image\":\"https:\\\/\\\/sos-ch-gva-2.exo.io\\\/sit-prod\\\/media\\\/34518\\\/39-tonellerie-emmanoir-20231.jpg\"},{\"lat\":46.720442567215,\"lon\":6.5089135989547,\"name\":\"Besichtigung und Degustation in der Cave Mirabilis\",\"desc\":\"\",\"step_id\":\"nord-vaudois-tag-3-weintourismus-in-den-cotes-de-lorbe-step-2\",\"step_api_id\":\"01m1e973we5zb3njjnv81havzs\",\"step_type\":\"poi\",\"day_id\":\"nord-vaudois-tag-3-weintourismus-in-den-cotes-de-lorbe\",\"lieu_id\":\"nord-vaudois\",\"image\":\"https:\\\/\\\/sos-ch-gva-2.exo.io\\\/sit-prod\\\/media\\\/34801\\\/vignoble-agiez-c-adnv-lionel-bourgeois-13-jpg.jpg\"},{\"lat\":46.753123056366,\"lon\":6.5257635712624,\"name\":\"Essen in der Vieille Auberge in Valeyres-sous-Rances\",\"desc\":\"\",\"step_id\":\"nord-vaudois-tag-3-weintourismus-in-den-cotes-de-lorbe-step-3\",\"step_api_id\":\"01kbhrec294sbdtd757cyxvh0r\",\"step_type\":\"poi\",\"day_id\":\"nord-vaudois-tag-3-weintourismus-in-den-cotes-de-lorbe\",\"lieu_id\":\"nord-vaudois\",\"image\":\"https:\\\/\\\/sos-ch-gva-2.exo.io\\\/sit-prod\\\/media\\\/9988\\\/d739098ecb61a87f50b7897e993a07f5d1e4581e.JPG\"},{\"lat\":46.753,\"lon\":6.5258,\"name\":\"Wanderung durch die C\\u00f4tes de l\\u2019Orbe und den Jurafuss\",\"desc\":\"\",\"step_id\":\"nord-vaudois-tag-3-weintourismus-in-den-cotes-de-lorbe-step-4\",\"step_api_id\":\"01kbhrb2vm8wq6fjej5s9nkmcr\",\"step_type\":\"tour\",\"day_id\":\"nord-vaudois-tag-3-weintourismus-in-den-cotes-de-lorbe\",\"lieu_id\":\"nord-vaudois\",\"image\":\"https:\\\/\\\/sos-ch-gva-2.exo.io\\\/sit-prod\\\/media\\\/5040\\\/vignoble-entre-rances-et-valeyres-sous-rances.jpg\"}],\"trackPoints\":[]}],\"defaultIconUrl\":\"https:\\\/\\\/www.vaud.ch\\\/app\\\/themes\\\/child\\\/assets\\\/images\\\/map-pins\\\/pin-default.svg\",\"labels\":{\"knowmore\":\"Mehr lesen\"}}        <\/script>\n    <\/div>\n\n\n\n<div style=\"height:92px\" aria-hidden=\"true\" class=\"wp-block-spacer\"><\/div>\n\n\n\n<h2 class=\"wp-block-heading\">Noch mehr Aktivit\u00e4ten und Genussmomente<\/h2>\n\n\n\n<div style=\"height:20px\" aria-hidden=\"true\" class=\"wp-block-spacer\"><\/div>\n\n\n\n    <div class=\"cta-block cta-full-width \"  style=\"\">\n        \n        <div class=\"cta-full-width-list\">\n                            <div class=\"cta-full-width-slide is-right has-image\">\n                                            <img decoding=\"async\" src=\"https:\/\/www.vaud.ch\/app\/uploads\/2026\/08\/VP-Sallaz-02-1920x1080.png\" alt=\"Weintourismus\" class=\"cta-full-width-slide__bg skip-lazy\">\n                                        <div class=\"container\">\n                        <div class=\"row\">\n                            <div class=\"col-md-6 col-lg-5 col-xl-4 offset-md-6 offset-lg-6 offset-xl-7\">\n                                <div class=\"cta-full-width-slide__panel\">\n                                                                                                                <h3>Weintourismus<\/h3>\n                                                                                                                <div class=\"cta-slide-description\"><p>Waadtl\u00e4nder Weintourismus geht weit \u00fcber die Degustation hinaus. Spazierg\u00e4nge durch die Reben, spielerische Parcours, Schifffahrten, immersive Workshops, Begegnungen mit Winzerinnen und Winzern sowie kulinarische Erlebnisse erf\u00fcllen unterschiedlichste W\u00fcnsche.<\/p>\n<\/div>\n                                                                                                                <a class=\"btn secondary-btn\" href=\"https:\/\/www.vaud.ch\/de\/tourismus\/weintourismus\/\" target=\"_blank\">\n                                            Weintourismus erleben                                        <\/a>\n                                                                    <\/div>\n                            <\/div>\n                        <\/div>\n                    <\/div>\n                <\/div>\n                            <div class=\"cta-full-width-slide is-left has-image\">\n                                            <img decoding=\"async\" src=\"https:\/\/www.vaud.ch\/app\/uploads\/2025\/08\/Buvette-des-Serpenteys-\u00a9Parc-Gruyere-Pays-dEnhaut-1920x1080.jpg\" alt=\"Agrotourismus\" class=\"cta-full-width-slide__bg skip-lazy\">\n                                        <div class=\"container\">\n                        <div class=\"row\">\n                            <div class=\"col-md-6 col-lg-5 col-xl-4 offset-md-1 offset-lg-1 offset-xl-1\">\n                                <div class=\"cta-full-width-slide__panel\">\n                                                                                                                <h3>Agrotourismus<\/h3>\n                                                                                                                <div class=\"cta-slide-description\"><p>Tauchen Sie in die Waadtl\u00e4nder Landschaft ein und begegnen Sie den Menschen, die sie pr\u00e4gen. Hofbesuche, Degustationen regionaler Produkte, Aktivit\u00e4ten im Freien und charaktervolle Unterk\u00fcnfte laden dazu ein, sich wieder mit der Natur und dem lokalen K\u00f6nnen zu verbinden.<\/p>\n<\/div>\n                                                                                                                <a class=\"btn secondary-btn\" href=\"https:\/\/www.vaud.ch\/de\/tourismus\/agritourismous\/\" target=\"_blank\">\n                                            Waadtl\u00e4nder Agrotourismus entdecken                                        <\/a>\n                                                                    <\/div>\n                            <\/div>\n                        <\/div>\n                    <\/div>\n                <\/div>\n                            <div class=\"cta-full-width-slide is-right has-image\">\n                                            <img decoding=\"async\" src=\"https:\/\/www.vaud.ch\/app\/uploads\/2025\/11\/jonathanviey-6996-scaled-1920x1080.jpg\" alt=\"Produkte VAUD CERTIFI\u00c9 D\u2019ICI\" class=\"cta-full-width-slide__bg skip-lazy\">\n                                        <div class=\"container\">\n                        <div class=\"row\">\n                            <div class=\"col-md-6 col-lg-5 col-xl-4 offset-md-6 offset-lg-6 offset-xl-7\">\n                                <div class=\"cta-full-width-slide__panel\">\n                                                                                                                <h3>Produkte VAUD CERTIFI\u00c9 D\u2019ICI<\/h3>\n                                                                                                                <div class=\"cta-slide-description\"><p>Der Kanton Waadt ist reich an lokalen Aromen. M\u00e4rkte, Lebensmittelgesch\u00e4fte, Weing\u00fcter und Hofl\u00e4den bieten eine breite Auswahl an Produkten mit dem Label VAUD CERTIFI\u00c9 D\u2019ICI. K\u00e4se, Weine, Fleischwaren und handwerkliche Spezialit\u00e4ten verl\u00e4ngern das Waadtl\u00e4nder Erlebnis und unterst\u00fctzen zugleich das regionale Know-how.<\/p>\n<\/div>\n                                                                                                                <a class=\"btn secondary-btn\" href=\"https:\/\/www.vaud.ch\/de\/das-label-vaud-certifie-dici\/\" target=\"_blank\">\n                                            Das Label entdecken                                        <\/a>\n                                                                    <\/div>\n                            <\/div>\n                        <\/div>\n                    <\/div>\n                <\/div>\n                    <\/div>\n    <\/div>\n\n\n\n<div style=\"height:60px\" aria-hidden=\"true\" class=\"wp-block-spacer\"><\/div>\n\n\n\n<h2 class=\"wp-block-heading\">Veranstaltungen, die Sie nicht verpassen sollten<\/h2>\n\n\n    <div class=\"events-list-outer posts-list-map \"  style=\"\" data-max-post=\"6\" data-type=\"events\" data-lang=\"de\">\n        <div class=\"row\">\n            <div class=\"col-lg-5\">\n                <div class=\"filter-outer\">\n                    <div class=\"filters-tools v2 show\">\n                        <span class=\"total\">\n                            <span class=\"number\">42<\/span>\n                            Ergebnisse                        <\/span>\n                        <a href=\"#\" class=\"reset-filters with-icon d-none\">\n                            Filter zur\u00fccksetzen                            <lord-icon src=\"https:\/\/cdn.lordicon.com\/ebyacdql.json\" target=\".reset-filters\" trigger=\"hover\" colors=\"primary:#0A4069\" style=\"width:24px;height:24px\"><\/lord-icon>\n                        <\/a>\n                        <lord-icon src=\"https:\/\/cdn.lordicon.com\/gkryirhd.json\" class=\"loading-icon\" trigger=\"loop\" state=\"loop-snake\" colors=\"primary:#0a4069\" style=\"width:30px;height:30px\"><\/lord-icon>\n                    <\/div>\n                    <div class=\"mobile-filters-btn with-icon\">\n                        <span class=\"icon\">\n                            <lord-icon src=\"https:\/\/cdn.lordicon.com\/qhybrhfg.json\" target=\".mobile-filters-btn\" trigger=\"hover\" colors=\"primary:#0A4069\" state=\"hover\" style=\"width:26px;height:26px\"><\/lord-icon>\n                        <\/span>\n                        Filter                    <\/div>\n                    <div class=\"filter-inner\">\n                        <div class=\"filters v2\">\n                                                            <div class=\"filter-input search-input with-icon\">\n                                    <input type=\"text\" class=\"search\" placeholder=\"Suche\" value=\"\">\n                                    <lord-icon src=\"https:\/\/cdn.lordicon.com\/xaekjsls.json\" target=\".filter-input\" trigger=\"hover\" colors=\"primary:#0A4069\" style=\"width:30px;height:30px\"><\/lord-icon>\n                                <\/div>\n                                <div class=\"daterangepicker-input with-icon\">\n                                    <input type=\"text\" id=\"datepicker\" autocomplete=\"off\" class=\"datepicker\" placeholder=\"Daten\" value=\"\">\n                                    <lord-icon src=\"https:\/\/cdn.lordicon.com\/qjuahhae.json\" target=\".daterangepicker-input\" trigger=\"hover\" colors=\"primary:#0A4069\" style=\"width:30px;height:30px\"><\/lord-icon>\n                                    <button type=\"button\" class=\"datepicker-reset\" style=\"display: none;\">\n                                        <i class=\"fal fa-times\"><\/i>\n                                    <\/button>\n                                <\/div>\n                                                                <select class=\"types with-search\" data-placeholder=\"Suche\">\n                                    <option value=\"\">Types<\/option>\n                                                                            <option value=\"01kbhq6q0fxsptexq41bx51kmc\" >Anderes<\/option>\n                                                                            <option value=\"01kbhq6q0he3enc6mw8c0g5t9x\" >Business<\/option>\n                                                                            <option value=\"01kbhq6q0jrjsh7457hd70gsqn\" >Kino<\/option>\n                                                                            <option value=\"01kbhq6q0krcha13f5nggbvgz7\" >Konzert<\/option>\n                                                                            <option value=\"01kbhq6q0nmsm7s02w4n9fds5d\" >Konferenz<\/option>\n                                                                            <option value=\"01kbhq6q0pexs3bjp0dhapfzf7\" >Kurse &amp; Weiterbildung<\/option>\n                                                                            <option value=\"01kbhq6q0rcrw590jy6z0vhneq\" >Kochkurse und Kostproben<\/option>\n                                                                            <option value=\"01kbhq6q0sphmx67nm2dw1dnp7\" >Kultur und Kulturerbe<\/option>\n                                                                            <option value=\"01kbhq6q0twy5yvsa4ewe4fnwn\" >Ev\u00e9nements<\/option>\n                                                                            <option value=\"01kbhq6q0wnxgrdjqx65dzfn0p\" >Ausstellung<\/option>\n                                                                            <option value=\"01kbhq6q0xj1agnkpedcsaw5je\" >Feste und Festivals<\/option>\n                                                                            <option value=\"01kbhq6q0yx9dtzm6xsafzmty0\" selected>Gastronomie &amp; Wein<\/option>\n                                                                            <option value=\"01kbhq6q0zvqq1pf2mnn1jkksc\" >Veranstaltungen<\/option>\n                                                                            <option value=\"01kbhq6q11vgagqw13syzb7aq2\" >M\u00e4rkte<\/option>\n                                                                            <option value=\"01kbhq6q13n8jrt1yej60mqajt\" >Natur<\/option>\n                                                                            <option value=\"01kbhq6q14k1y0zwx269ebtfk4\" >Sport<\/option>\n                                                                            <option value=\"01kbhq6q169m7bnr5cxxha140s\" >Theatre und Shows<\/option>\n                                                                            <option value=\"01kbhq6q17v7hvscmxb4mpvw4m\" >Besuche und F\u00fchrungen<\/option>\n                                                                            <option value=\"01kkerp7402x3djdch9h173c0x\" >Brauchtum, Markt, Handwerk<\/option>\n                                                                            <option value=\"01kkg8sdw7vbqd51k7jxmwd9jg\" >Theater, Kino, Vorf\u00fchrung<\/option>\n                                                                            <option value=\"01kn4gfva67hfpdbqvavtvm8q2\" >Spectacle<\/option>\n                                                                            <option value=\"01kp2nnx5b6x6gbc26m4ekvepq\" >Sport<\/option>\n                                                                            <option value=\"01kp2nspr8vnp5p5898pwqyq99\" >F\u00eate<\/option>\n                                                                            <option value=\"01kzxsbzz57drpxe14vbe02gdd\" >Fest, Festival<\/option>\n                                                                            <option value=\"01m0fxkmvftcfx9bjaykqqr2n9\" >Kongress, Konferenz, Kurs, Seminar, Messe<\/option>\n                                                                            <option value=\"01m0fxkn1n0bp2fgtjxr2fbjzv\" >Konzert, Musik<\/option>\n                                                                    <\/select>\n                                                                <select class=\"destinations with-search\" data-placeholder=\"Suche\">\n                                    <option value=\"\">Reiseziele<\/option>\n                                                                            <option value=\"01kbhq6f0sdeybeqq9zpy5pvn5\" >Aigle-Leysin-Les Mosses<\/option>\n                                                                            <option value=\"01kbhq6f0z02pm0fh2z2qmmmm3\" >Avenches Tourisme<\/option>\n                                                                            <option value=\"01kbhq6f144f0wgf98qtxczv8n\" >Echallens Tourisme<\/option>\n                                                                            <option value=\"01kbhq6f17v1w23f955n5q26gf\" >Lausanne Tourisme<\/option>\n                                                                            <option value=\"01kbhq6f1ajnfshmvbrygj5dq6\" >Montreux Riviera<\/option>\n                                                                            <option value=\"01kbhq6f1hfdzebz7avxw43j5t\" >Morges R\u00e9gion Tourisme<\/option>\n                                                                            <option value=\"01kbhq6f1p1jrttn4jhtxgmmz3\" >Moudon Tourisme<\/option>\n                                                                            <option value=\"01kbhq6f1vhhzm5gf2rvq4xxdj\" >Nyon R\u00e9gion Tourisme<\/option>\n                                                                            <option value=\"01kbhq6f20gcwnd0r20fr4rtez\" >Pays-d\u2019Enhaut Tourisme<\/option>\n                                                                            <option value=\"01kbhq6f26s7v3a536ec8hzhzq\" >Vall\u00e9e de Joux Tourisme<\/option>\n                                                                            <option value=\"01kbhq6f2c9y3drg0aa7fb43pj\" >Villars-Gryon-Les Diablerets-Bex<\/option>\n                                                                            <option value=\"01kbhq6f2h6rsvnj8egf0cchd8\" >Yverdon-les-Bains R\u00e9gion<\/option>\n                                                                            <option value=\"01kkerp73yjxqs2q9dknyy75z9\" >Payerne R\u00e9gion<\/option>\n                                                                    <\/select>\n\n                                                                    <select class=\"seasons\" id=\"event_AT290\">\n                                        <option value=\"\">Saison<\/option>\n                                                                                    <option value=\"AT290_0\" >Hiver<\/option>\n                                                                                    <option value=\"AT290_1\" >Printemps<\/option>\n                                                                                    <option value=\"AT290_2\" >\u00c9t\u00e9<\/option>\n                                                                                    <option value=\"AT290_3\" >Automne<\/option>\n                                                                            <\/select>\n                                \n                                <div class=\"accessibility\">\n                                    <input type=\"checkbox\" class=\"checkbox\" id=\"event_AT194\" name=\"event_AT194\" >\n                                    <label for=\"event_AT194\">Rollstuhlgerecht<\/label>\n                                <\/div>\n                                                    <\/div>\n                    <\/div>\n                <\/div>\n            <\/div>\n            <div class=\"col-lg-7\">\n                                    <ul class=\"view-switcher switcher-tab-nav\">\n                        <li class=\"grid-view active\" data-tab=\"1\">Raster<\/li>\n                        <li class=\"map-view\" data-tab=\"2\">Karte<\/li>\n                    <\/ul>\n                                <div class=\"switcher-tab-content\">\n                    <div class=\"switcher-tab active\" data-tab=\"1\">\n                        <div class=\"row events-list\">\n                            <div class=\"col-md-6\">\n    <a href=\"https:\/\/www.vaud.ch\/de\/tourismus\/veranstaltungen\/01krwytv3tw4wdng722ndn33sv\" data-id=\"01krwytv3tw4wdng722ndn33sv\" class=\"event-card v2\">\n        <div class=\"img-wrap\">\n                            <div class=\"event-cat\">\n                    <span>Gastronomie &#038; Wein<\/span>\n                <\/div>\n                                        <img decoding=\"async\" src=\"https:\/\/www.vaud.ch\/app\/themes\/child\/assets\/images\/loading-pixel.svg\" class=\"lazyload\" data-src=\"https:\/\/app.localhub.ch\/api\/image\/01krwytxqtkrr7wx8exy9vnknp\/scale\/800\" alt=\"D\u00e9gustation Vins &amp; Chocolats\">\n                        <button class=\"favorite-button\" data-item-title=\"Wein- und Schokoladenverkostung\" data-item-id=\"01krwytv3tw4wdng722ndn33sv\" data-item-type=\"events\">\n                <i class=\"fas fa-heart favorite__icon favorite--enable\"><\/i>\n                <i class=\"far fa-heart favorite__icon favorite--not\"><\/i>\n            <\/button>\n        <\/div>\n        <div class=\"event-content\">\n            <h3>Wein- und Schokoladenverkostung<\/h3>\n            <div class=\"post-meta\">\n                                    <span class=\"location\"><img decoding=\"async\" src=\"https:\/\/www.vaud.ch\/app\/themes\/child\/assets\/images\/location-v2.svg\" alt=\"\" class=\"skip-lazy\">Morges R\u00e9gion Tourisme<\/span>\n                            <\/div>\n        <\/div>\n    <\/a>\n<\/div><div class=\"col-md-6\">\n    <a href=\"https:\/\/www.vaud.ch\/de\/tourismus\/veranstaltungen\/rallye-der-sinne\" data-id=\"01krwytv3tw4wdng722ndn33sx\" class=\"event-card v2\">\n        <div class=\"img-wrap\">\n                            <div class=\"event-cat\">\n                    <span>Gastronomie &#038; Wein<\/span>\n                <\/div>\n                                        <img decoding=\"async\" src=\"https:\/\/www.vaud.ch\/app\/themes\/child\/assets\/images\/loading-pixel.svg\" class=\"lazyload\" data-src=\"https:\/\/app.localhub.ch\/api\/image\/01krwyty00z0wcez1yy4tq0j2n\/scale\/800\" alt=\"Rallye des Sens\">\n                        <button class=\"favorite-button\" data-item-title=\"In jeder Hinsicht \u2013 Eine kulinarische Reise f\u00fcr Ihre Sinne\" data-item-id=\"01krwytv3tw4wdng722ndn33sx\" data-item-type=\"events\">\n                <i class=\"fas fa-heart favorite__icon favorite--enable\"><\/i>\n                <i class=\"far fa-heart favorite__icon favorite--not\"><\/i>\n            <\/button>\n        <\/div>\n        <div class=\"event-content\">\n            <h3>In jeder Hinsicht \u2013 Eine kulinarische Reise f\u00fcr Ihre Sinne<\/h3>\n            <div class=\"post-meta\">\n                                    <span class=\"location\"><img decoding=\"async\" src=\"https:\/\/www.vaud.ch\/app\/themes\/child\/assets\/images\/location-v2.svg\" alt=\"\" class=\"skip-lazy\">Morges R\u00e9gion Tourisme<\/span>\n                            <\/div>\n        <\/div>\n    <\/a>\n<\/div><div class=\"col-md-6\">\n    <a href=\"https:\/\/www.vaud.ch\/de\/tourismus\/veranstaltungen\/lebensart-gut-essen-auf-der-terrasse-die-besten-adressen\" data-id=\"01kvw266q9b35r76gsez253ywh\" class=\"event-card v2\">\n        <div class=\"img-wrap\">\n                            <div class=\"event-cat\">\n                    <span>Gastronomie &#038; Wein<\/span>\n                <\/div>\n                                        <img decoding=\"async\" src=\"https:\/\/www.vaud.ch\/app\/themes\/child\/assets\/images\/loading-pixel.svg\" class=\"lazyload\" data-src=\"https:\/\/app.localhub.ch\/api\/image\/01kvw26b14zm261y333txaeptb\/scale\/800\" alt=\"Terrasse 3.jpg\">\n                        <button class=\"favorite-button\" data-item-title=\"Lebensart \u2013 Gut essen auf der Terrasse: die besten Adressen\" data-item-id=\"01kvw266q9b35r76gsez253ywh\" data-item-type=\"events\">\n                <i class=\"fas fa-heart favorite__icon favorite--enable\"><\/i>\n                <i class=\"far fa-heart favorite__icon favorite--not\"><\/i>\n            <\/button>\n        <\/div>\n        <div class=\"event-content\">\n            <h3>Lebensart \u2013 Gut essen auf der Terrasse: die besten Adressen<\/h3>\n            <div class=\"post-meta\">\n                                    <span class=\"location\"><img decoding=\"async\" src=\"https:\/\/www.vaud.ch\/app\/themes\/child\/assets\/images\/location-v2.svg\" alt=\"\" class=\"skip-lazy\">Morges R\u00e9gion Tourisme<\/span>\n                            <\/div>\n        <\/div>\n    <\/a>\n<\/div><div class=\"col-md-6\">\n    <a href=\"https:\/\/www.vaud.ch\/de\/tourismus\/veranstaltungen\/aventicum-western-classic-1\" data-id=\"01kbhra95k2w9ea42dq8qj1fvn\" class=\"event-card v2\">\n        <div class=\"img-wrap\">\n                            <div class=\"event-cat\">\n                    <span>Gastronomie &#038; Wein<\/span>\n                <\/div>\n                                        <img decoding=\"async\" src=\"https:\/\/www.vaud.ch\/app\/themes\/child\/assets\/images\/loading-pixel.svg\" class=\"lazyload\" data-src=\"https:\/\/app.localhub.ch\/api\/image\/01kbhrad620b02v1hdw78mwb84\/scale\/800\" alt=\"MACADAM_2024-c-Caroline Lebet\">\n                        <button class=\"favorite-button\" data-item-title=\"Let&#039;s Move: Seid Aktiv Raum!\" data-item-id=\"01kbhra95k2w9ea42dq8qj1fvn\" data-item-type=\"events\">\n                <i class=\"fas fa-heart favorite__icon favorite--enable\"><\/i>\n                <i class=\"far fa-heart favorite__icon favorite--not\"><\/i>\n            <\/button>\n        <\/div>\n        <div class=\"event-content\">\n            <h3>Let&#8217;s Move: Seid Aktiv Raum!<\/h3>\n            <div class=\"post-meta\">\n                                    <span class=\"location\"><img decoding=\"async\" src=\"https:\/\/www.vaud.ch\/app\/themes\/child\/assets\/images\/location-v2.svg\" alt=\"\" class=\"skip-lazy\">Moudon Tourisme<\/span>\n                            <\/div>\n        <\/div>\n    <\/a>\n<\/div><div class=\"col-md-6\">\n    <a href=\"https:\/\/www.vaud.ch\/de\/tourismus\/veranstaltungen\/dj-wine-raclette-afterwork\" data-id=\"01kjs8hymbevnx5z3sdr9s01wp\" class=\"event-card v2\">\n        <div class=\"img-wrap\">\n                            <div class=\"event-cat\">\n                    <span>Gastronomie &#038; Wein<\/span>\n                <\/div>\n                                        <img decoding=\"async\" src=\"https:\/\/www.vaud.ch\/app\/themes\/child\/assets\/images\/loading-pixel.svg\" class=\"lazyload\" data-src=\"https:\/\/app.localhub.ch\/api\/image\/01krb4r1ftr67bfbqfvcyzzem4\/scale\/800\" alt=\"DJ. WINE. RACLETTE \u2013 Afterwork\">\n                        <button class=\"favorite-button\" data-item-title=\"DJ. WINE. RACLETTE \u2013 Afterwork\" data-item-id=\"01kjs8hymbevnx5z3sdr9s01wp\" data-item-type=\"events\">\n                <i class=\"fas fa-heart favorite__icon favorite--enable\"><\/i>\n                <i class=\"far fa-heart favorite__icon favorite--not\"><\/i>\n            <\/button>\n        <\/div>\n        <div class=\"event-content\">\n            <h3>DJ. WINE. RACLETTE \u2013 Afterwork<\/h3>\n            <div class=\"post-meta\">\n                                    <span class=\"location\"><img decoding=\"async\" src=\"https:\/\/www.vaud.ch\/app\/themes\/child\/assets\/images\/location-v2.svg\" alt=\"\" class=\"skip-lazy\">Morges R\u00e9gion Tourisme<\/span>\n                            <\/div>\n        <\/div>\n    <\/a>\n<\/div><div class=\"col-md-6\">\n    <a href=\"https:\/\/www.vaud.ch\/de\/tourismus\/veranstaltungen\/01kr355apdkyh94s1v8zgv5rh6\" data-id=\"01kr355apdkyh94s1v8zgv5rh6\" class=\"event-card v2\">\n        <div class=\"img-wrap\">\n                            <div class=\"event-cat\">\n                    <span>Gastronomie &#038; Wein<\/span>\n                <\/div>\n                                        <img decoding=\"async\" src=\"https:\/\/www.vaud.ch\/app\/themes\/child\/assets\/images\/loading-pixel.svg\" class=\"lazyload\" data-src=\"https:\/\/app.localhub.ch\/api\/image\/01kr355e6sptgsg5xfw7ccs2t8\/scale\/800\" alt=\"Bi\u00e8res &amp; Burgers\">\n                        <button class=\"favorite-button\" data-item-title=\"Zug Bier &amp; Burgers\" data-item-id=\"01kr355apdkyh94s1v8zgv5rh6\" data-item-type=\"events\">\n                <i class=\"fas fa-heart favorite__icon favorite--enable\"><\/i>\n                <i class=\"far fa-heart favorite__icon favorite--not\"><\/i>\n            <\/button>\n        <\/div>\n        <div class=\"event-content\">\n            <h3>Zug Bier &#038; Burgers<\/h3>\n            <div class=\"post-meta\">\n                                    <span class=\"location\"><img decoding=\"async\" src=\"https:\/\/www.vaud.ch\/app\/themes\/child\/assets\/images\/location-v2.svg\" alt=\"\" class=\"skip-lazy\">Morges R\u00e9gion Tourisme<\/span>\n                            <\/div>\n        <\/div>\n    <\/a>\n<\/div>                        <\/div>\n                                                    <div>\n                                                                <a href=\"#\"\n                                    class=\"load-more-btn btn \"\n                                    data-page=\"1\"\n                                    data-post-per-page=\"6\">\n                                    <span>Mehr anzeigen<\/span>\n                                    <img decoding=\"async\" src=\"https:\/\/www.vaud.ch\/app\/themes\/child\/assets\/images\/loader.svg\" alt=\"\" class=\"skip-lazy\">\n                                <\/a>\n                            <\/div>\n                                            <\/div>\n                                            <div class=\"map-outer switcher-tab\" data-tab=\"2\">\n                            <div id=\"map\">\n                                <div id=\"map-loading\">\n                                    <span><lord-icon src=\"https:\/\/cdn.lordicon.com\/gkryirhd.json\" trigger=\"loop\" state=\"loop-snake\" colors=\"primary:#0a4069\" style=\"width:70px;height:70px\"><\/lord-icon><\/span>\n                                <\/div>\n                            <\/div>\n                            <div class=\"overlay-zoom\">\n                                <span class=\"desktop-msg\">\n                                    Mit STRG + Scrollrad k\u00f6nnen Sie die Karte vergr\u00f6\u00dfern                                <\/span>\n                                <span class=\"touch-msg\">\n                                    Verwenden Sie zwei Finger, um die Karte zu verschieben                                <\/span>\n                            <\/div>\n                        <\/div>\n                                    <\/div>\n            <\/div>\n        <\/div>\n    <\/div>\n\n\n            <script>\n            jQuery('#datepicker').daterangepicker({\n                \"autoApply\": true,\n                \"linkedCalendars\": false,\n                \"showCustomRangeLabel\": false,\n                \"startDate\": \"03.09.2026\",\n                \"endDate\": false,\n                \"autoUpdateInput\": false,\n                \"minDate\": \"03.09.2026\",\n                \"maxDate\": false,\n                \"value\": \"03.09.2026 - \",\n                \"locale\": {\n                    \"format\": \"DD.MM.YYYY\",\n                    \"daysOfWeek\": [\n                        \"Son\",\n                        \"Mon\",\n                        \"Die\",\n                        \"Mitt\",\n                        \"Don\",\n                        \"Fre\",\n                        \"Sam\"\n                    ],\n                    \"monthNames\": [\n                        \"<b>Januar<\/b>\",\n                        \"<b>Februar<\/b>\",\n                        \"<b>M\u00e4rz<\/b>\",\n                        \"<b>April<\/b>\",\n                        \"<b>Mai<\/b>\",\n                        \"<b>Juni<\/b>\",\n                        \"<b>Juli<\/b>\",\n                        \"<b>August<\/b>\",\n                        \"<b>September<\/b>\",\n                        \"<b>Oktober<\/b>\",\n                        \"<b>November<\/b>\",\n                        \"<b>Dezember <\/b>\"\n                    ],\n                    \"firstDay\": 1\n                },\n            });\n\n            jQuery('#datepicker').on('show.daterangepicker', function(ev, picker) {\n                jQuery(this).addClass('active');\n            });\n\n            jQuery('#datepicker').on('hide.daterangepicker', function(ev, picker) {\n                jQuery(this).removeClass('active');\n            });\n\n            jQuery('#datepicker').on('apply.daterangepicker', function(ev, picker) {\n                jQuery(this).val(picker.startDate.format('DD.MM.YYYY') + ' - ' + picker.endDate.format('DD.MM.YYYY'));\n                var $datepicker_reset = jQuery('.datepicker-reset');\n                if (jQuery('#datepicker').val() != '') {\n                    $datepicker_reset.show();\n                } else {\n                    $datepicker_reset.hide();\n                }\n            });\n\n            jQuery(document).on('click', '.datepicker-reset', function() {\n                var $el = jQuery('#datepicker');\n                var drp = $el.data('daterangepicker');\n                if (drp && typeof drp.clickCancel === 'function') {\n                    drp.clickCancel();\n                } else {\n                    \/\/ Fallback: \u00e9mettre l'\u00e9v\u00e9nement cancel\n                    $el.trigger('cancel.daterangepicker', [drp]);\n                }\n                jQuery(this).hide();\n            });\n        <\/script>\n\n\n\n<div style=\"height:100px\" aria-hidden=\"true\" class=\"wp-block-spacer\"><\/div>\n\n\n\n<div class=\"wp-block-columns is-layout-flex wp-container-core-columns-is-layout-8f761849 wp-block-columns-is-layout-flex\">\n<div class=\"wp-block-column is-layout-flow wp-block-column-is-layout-flow\">\n<div id=\"swt\" class=\"wp-block-group has-green-color-background-color has-background is-layout-constrained wp-block-group-is-layout-constrained\">\n<div style=\"height:0px\" aria-hidden=\"true\" class=\"wp-block-spacer\"><\/div>\n\n\n\n<h2 class=\"wp-block-heading has-white-color-color has-text-color has-link-color wp-elements-45a6559ebd4352486d2d17c2892bb9e8\">Weitere Regionen des Kantons Waadt entdecken<\/h2>\n\n\n\n<div style=\"height:0px\" aria-hidden=\"true\" class=\"wp-block-spacer\"><\/div>\n\n\n\n<p class=\"has-white-color-color has-text-color has-link-color wp-elements-0d9b7acddfb4eee348f48205282deb27 wp-block-paragraph\">M\u00f6chten Sie Ihre Entdeckungsreise fortsetzen? Erkunden Sie weitere Destinationen im Kanton Waadt. Abwechslungsreiche Landschaften, authentische Erlebnisse, gute Adressen und Ideen f\u00fcr Ausfl\u00fcge erwarten Sie ganz in der N\u00e4he.<\/p>\n\n\n\n<div class=\"wp-block-buttons is-layout-flex wp-block-buttons-is-layout-flex\">\n<div class=\"wp-block-button\"><a class=\"wp-block-button__link wp-element-button\" href=\"https:\/\/www.vaud.ch\/de\/tourismus\/nos-destinations\/\">Jetzt entdecken<\/a><\/div>\n<\/div>\n\n\n\n<div style=\"height:0px\" aria-hidden=\"true\" class=\"wp-block-spacer\"><\/div>\n<\/div>\n<\/div>\n<\/div>\n\n\n\n<p class=\"wp-block-paragraph\"><\/p>\n","protected":false},"excerpt":{"rendered":"<p>5 Destinationen, 5 Genussreisen f\u00fcr drei Tage Nehmen Sie sich diesen Herbst Zeit f\u00fcr das Waadtl\u00e4nder Lebensgef\u00fchl. Entdecken Sie auf f\u00fcnf genussvollen 3-Tages-Routen die sch\u00f6nsten Regionen des Kantons und geniessen Sie das Beste, was das Waadtland zu bieten hat: Weinberge, saisonale Spezialit\u00e4ten, charaktervolle Restaurants und authentische Begegnungen. Noch mehr Aktivit\u00e4ten und Genussmomente Veranstaltungen, die Sie [&hellip;]<\/p>\n","protected":false},"author":15,"featured_media":8208,"parent":0,"menu_order":0,"comment_status":"closed","ping_status":"closed","template":"landing-page.php","meta":{"_acf_changed":false,"footnotes":""},"class_list":["post-23794","page","type-page","status-publish","has-post-thumbnail","hentry"],"acf":[],"aioseo_notices":[],"aioseo_head":"\n\t\t<!-- All in One SEO 5.0.0.1 - aioseo.com -->\n\t<meta name=\"description\" content=\"Wir laden Sie ein, diesen Sommer einen Gang runterzuschalten. Jede Region des Waadtlands wird von einem Fluss durchquert, grenzt an ein Gew\u00e4sser oder entspringt ihm. Dieser blaue Faden \u2013 See, Fluss, Quelle, Wasserfall \u2013 wird zum nat\u00fcrlichen Begleiter auf diesen f\u00fcnf dreit\u00e4gigen Routen. Ein erfrischender Wasserfall nach einer Wanderung, ein stiller See am fr\u00fchen Morgen, fangfrischer Fisch auf dem Teller\u2026\" \/>\n\t<meta name=\"robots\" content=\"max-image-preview:large\" \/>\n\t<link rel=\"canonical\" href=\"https:\/\/www.vaud.ch\/de\/herbst-gastronomie\/\" \/>\n\t<meta name=\"generator\" content=\"All in One SEO (AIOSEO) 5.0.0.1\" \/>\n\t\t<meta property=\"og:locale\" content=\"de_DE\" \/>\n\t\t<meta property=\"og:site_name\" content=\"VAUD -\" \/>\n\t\t<meta property=\"og:type\" content=\"article\" \/>\n\t\t<meta property=\"og:title\" content=\"VAUD - Herbstlicher Genuss im Kanton Waadt\" \/>\n\t\t<meta property=\"og:description\" content=\"Wir laden Sie ein, diesen Sommer einen Gang runterzuschalten. Jede Region des Waadtlands wird von einem Fluss durchquert, grenzt an ein Gew\u00e4sser oder entspringt ihm. Dieser blaue Faden \u2013 See, Fluss, Quelle, Wasserfall \u2013 wird zum nat\u00fcrlichen Begleiter auf diesen f\u00fcnf dreit\u00e4gigen Routen. Ein erfrischender Wasserfall nach einer Wanderung, ein stiller See am fr\u00fchen Morgen, fangfrischer Fisch auf dem Teller\u2026\" \/>\n\t\t<meta property=\"og:url\" content=\"https:\/\/www.vaud.ch\/de\/herbst-gastronomie\/\" \/>\n\t\t<meta property=\"og:image\" content=\"https:\/\/www.vaud.ch\/app\/uploads\/2023\/09\/cover-fb.jpg\" \/>\n\t\t<meta property=\"og:image:secure_url\" content=\"https:\/\/www.vaud.ch\/app\/uploads\/2023\/09\/cover-fb.jpg\" \/>\n\t\t<meta property=\"og:image:width\" content=\"1200\" \/>\n\t\t<meta property=\"og:image:height\" content=\"630\" \/>\n\t\t<meta property=\"article:published_time\" content=\"2026-08-17T09:03:49+00:00\" \/>\n\t\t<meta property=\"article:modified_time\" content=\"2026-09-02T08:28:23+00:00\" \/>\n\t\t<meta name=\"twitter:card\" content=\"summary_large_image\" \/>\n\t\t<meta name=\"twitter:title\" content=\"VAUD - Herbstlicher Genuss im Kanton Waadt\" \/>\n\t\t<meta name=\"twitter:description\" content=\"Wir laden Sie ein, diesen Sommer einen Gang runterzuschalten. Jede Region des Waadtlands wird von einem Fluss durchquert, grenzt an ein Gew\u00e4sser oder entspringt ihm. Dieser blaue Faden \u2013 See, Fluss, Quelle, Wasserfall \u2013 wird zum nat\u00fcrlichen Begleiter auf diesen f\u00fcnf dreit\u00e4gigen Routen. Ein erfrischender Wasserfall nach einer Wanderung, ein stiller See am fr\u00fchen Morgen, fangfrischer Fisch auf dem Teller\u2026\" \/>\n\t\t<meta name=\"twitter:image\" content=\"https:\/\/www.vaud.ch\/app\/uploads\/2023\/09\/cover-fb.jpg\" \/>\n\t\t<script type=\"application\/ld+json\" class=\"aioseo-schema\">\n\t\t\t{\"@context\":\"https:\\\/\\\/schema.org\",\"@graph\":[{\"@type\":\"BreadcrumbList\",\"@id\":\"https:\\\/\\\/www.vaud.ch\\\/de\\\/herbst-gastronomie\\\/#breadcrumblist\",\"itemListElement\":[{\"@type\":\"ListItem\",\"@id\":\"https:\\\/\\\/www.vaud.ch\\\/de\\\/#listItem\",\"position\":1,\"name\":\"Home\",\"item\":\"https:\\\/\\\/www.vaud.ch\\\/de\\\/\",\"nextItem\":{\"@type\":\"ListItem\",\"@id\":\"https:\\\/\\\/www.vaud.ch\\\/de\\\/herbst-gastronomie\\\/#listItem\",\"name\":\"Herbstlicher Genuss im Kanton Waadt\"}},{\"@type\":\"ListItem\",\"@id\":\"https:\\\/\\\/www.vaud.ch\\\/de\\\/herbst-gastronomie\\\/#listItem\",\"position\":2,\"name\":\"Herbstlicher Genuss im Kanton Waadt\",\"previousItem\":{\"@type\":\"ListItem\",\"@id\":\"https:\\\/\\\/www.vaud.ch\\\/de\\\/#listItem\",\"name\":\"Home\"}}]},{\"@type\":\"Organization\",\"@id\":\"https:\\\/\\\/www.vaud.ch\\\/de\\\/#organization\",\"name\":\"VAUD\",\"url\":\"https:\\\/\\\/www.vaud.ch\\\/de\\\/\",\"logo\":{\"@type\":\"ImageObject\",\"url\":\"https:\\\/\\\/www.vaud.ch\\\/app\\\/uploads\\\/2023\\\/09\\\/cover-fb.jpg\",\"@id\":\"https:\\\/\\\/www.vaud.ch\\\/de\\\/herbst-gastronomie\\\/#organizationLogo\",\"width\":1200,\"height\":630},\"image\":{\"@id\":\"https:\\\/\\\/www.vaud.ch\\\/de\\\/herbst-gastronomie\\\/#organizationLogo\"}},{\"@type\":\"WebPage\",\"@id\":\"https:\\\/\\\/www.vaud.ch\\\/de\\\/herbst-gastronomie\\\/#webpage\",\"url\":\"https:\\\/\\\/www.vaud.ch\\\/de\\\/herbst-gastronomie\\\/\",\"name\":\"VAUD - Herbstlicher Genuss im Kanton Waadt\",\"description\":\"Wir laden Sie ein, diesen Sommer einen Gang runterzuschalten. Jede Region des Waadtlands wird von einem Fluss durchquert, grenzt an ein Gew\\u00e4sser oder entspringt ihm. Dieser blaue Faden \\u2013 See, Fluss, Quelle, Wasserfall \\u2013 wird zum nat\\u00fcrlichen Begleiter auf diesen f\\u00fcnf dreit\\u00e4gigen Routen. Ein erfrischender Wasserfall nach einer Wanderung, ein stiller See am fr\\u00fchen Morgen, fangfrischer Fisch auf dem Teller\\u2026\",\"inLanguage\":\"de-DE\",\"isPartOf\":{\"@id\":\"https:\\\/\\\/www.vaud.ch\\\/de\\\/#website\"},\"breadcrumb\":{\"@id\":\"https:\\\/\\\/www.vaud.ch\\\/de\\\/herbst-gastronomie\\\/#breadcrumblist\"},\"image\":{\"@type\":\"ImageObject\",\"url\":\"https:\\\/\\\/www.vaud.ch\\\/app\\\/uploads\\\/2024\\\/09\\\/Montreux-Gastronomie-2-scaled.jpg\",\"@id\":\"https:\\\/\\\/www.vaud.ch\\\/de\\\/herbst-gastronomie\\\/#mainImage\",\"width\":2560,\"height\":1707},\"primaryImageOfPage\":{\"@id\":\"https:\\\/\\\/www.vaud.ch\\\/de\\\/herbst-gastronomie\\\/#mainImage\"},\"datePublished\":\"2026-08-17T11:03:49+02:00\",\"dateModified\":\"2026-09-02T10:28:23+02:00\"},{\"@type\":\"WebSite\",\"@id\":\"https:\\\/\\\/www.vaud.ch\\\/de\\\/#website\",\"url\":\"https:\\\/\\\/www.vaud.ch\\\/de\\\/\",\"name\":\"VAUD\",\"inLanguage\":\"de-DE\",\"publisher\":{\"@id\":\"https:\\\/\\\/www.vaud.ch\\\/de\\\/#organization\"}}]}\n\t\t<\/script>\n\t\t<!-- All in One SEO -->\n\n","aioseo_head_json":{"title":"VAUD - Herbstlicher Genuss im Kanton Waadt","description":"Wir laden Sie ein, diesen Sommer einen Gang runterzuschalten. Jede Region des Waadtlands wird von einem Fluss durchquert, grenzt an ein Gew\u00e4sser oder entspringt ihm. Dieser blaue Faden \u2013 See, Fluss, Quelle, Wasserfall \u2013 wird zum nat\u00fcrlichen Begleiter auf diesen f\u00fcnf dreit\u00e4gigen Routen. Ein erfrischender Wasserfall nach einer Wanderung, ein stiller See am fr\u00fchen Morgen, fangfrischer Fisch auf dem Teller\u2026","canonical_url":"https:\/\/www.vaud.ch\/de\/herbst-gastronomie\/","robots":"max-image-preview:large","keywords":"","webmasterTools":{"miscellaneous":""},"schema":{"@context":"https:\/\/schema.org","@graph":[{"@type":"BreadcrumbList","@id":"https:\/\/www.vaud.ch\/de\/herbst-gastronomie\/#breadcrumblist","itemListElement":[{"@type":"ListItem","@id":"https:\/\/www.vaud.ch\/de\/#listItem","position":1,"name":"Home","item":"https:\/\/www.vaud.ch\/de\/","nextItem":{"@type":"ListItem","@id":"https:\/\/www.vaud.ch\/de\/herbst-gastronomie\/#listItem","name":"Herbstlicher Genuss im Kanton Waadt"}},{"@type":"ListItem","@id":"https:\/\/www.vaud.ch\/de\/herbst-gastronomie\/#listItem","position":2,"name":"Herbstlicher Genuss im Kanton Waadt","previousItem":{"@type":"ListItem","@id":"https:\/\/www.vaud.ch\/de\/#listItem","name":"Home"}}]},{"@type":"Organization","@id":"https:\/\/www.vaud.ch\/de\/#organization","name":"VAUD","url":"https:\/\/www.vaud.ch\/de\/","logo":{"@type":"ImageObject","url":"https:\/\/www.vaud.ch\/app\/uploads\/2023\/09\/cover-fb.jpg","@id":"https:\/\/www.vaud.ch\/de\/herbst-gastronomie\/#organizationLogo","width":1200,"height":630},"image":{"@id":"https:\/\/www.vaud.ch\/de\/herbst-gastronomie\/#organizationLogo"}},{"@type":"WebPage","@id":"https:\/\/www.vaud.ch\/de\/herbst-gastronomie\/#webpage","url":"https:\/\/www.vaud.ch\/de\/herbst-gastronomie\/","name":"VAUD - Herbstlicher Genuss im Kanton Waadt","description":"Wir laden Sie ein, diesen Sommer einen Gang runterzuschalten. Jede Region des Waadtlands wird von einem Fluss durchquert, grenzt an ein Gew\u00e4sser oder entspringt ihm. Dieser blaue Faden \u2013 See, Fluss, Quelle, Wasserfall \u2013 wird zum nat\u00fcrlichen Begleiter auf diesen f\u00fcnf dreit\u00e4gigen Routen. Ein erfrischender Wasserfall nach einer Wanderung, ein stiller See am fr\u00fchen Morgen, fangfrischer Fisch auf dem Teller\u2026","inLanguage":"de-DE","isPartOf":{"@id":"https:\/\/www.vaud.ch\/de\/#website"},"breadcrumb":{"@id":"https:\/\/www.vaud.ch\/de\/herbst-gastronomie\/#breadcrumblist"},"image":{"@type":"ImageObject","url":"https:\/\/www.vaud.ch\/app\/uploads\/2024\/09\/Montreux-Gastronomie-2-scaled.jpg","@id":"https:\/\/www.vaud.ch\/de\/herbst-gastronomie\/#mainImage","width":2560,"height":1707},"primaryImageOfPage":{"@id":"https:\/\/www.vaud.ch\/de\/herbst-gastronomie\/#mainImage"},"datePublished":"2026-08-17T11:03:49+02:00","dateModified":"2026-09-02T10:28:23+02:00"},{"@type":"WebSite","@id":"https:\/\/www.vaud.ch\/de\/#website","url":"https:\/\/www.vaud.ch\/de\/","name":"VAUD","inLanguage":"de-DE","publisher":{"@id":"https:\/\/www.vaud.ch\/de\/#organization"}}]},"og:locale":"de_DE","og:site_name":"VAUD -","og:type":"article","og:title":"VAUD - Herbstlicher Genuss im Kanton Waadt","og:description":"Wir laden Sie ein, diesen Sommer einen Gang runterzuschalten. Jede Region des Waadtlands wird von einem Fluss durchquert, grenzt an ein Gew\u00e4sser oder entspringt ihm. Dieser blaue Faden \u2013 See, Fluss, Quelle, Wasserfall \u2013 wird zum nat\u00fcrlichen Begleiter auf diesen f\u00fcnf dreit\u00e4gigen Routen. Ein erfrischender Wasserfall nach einer Wanderung, ein stiller See am fr\u00fchen Morgen, fangfrischer Fisch auf dem Teller\u2026","og:url":"https:\/\/www.vaud.ch\/de\/herbst-gastronomie\/","og:image":"https:\/\/www.vaud.ch\/app\/uploads\/2023\/09\/cover-fb.jpg","og:image:secure_url":"https:\/\/www.vaud.ch\/app\/uploads\/2023\/09\/cover-fb.jpg","og:image:width":1200,"og:image:height":630,"article:published_time":"2026-08-17T09:03:49+00:00","article:modified_time":"2026-09-02T08:28:23+00:00","twitter:card":"summary_large_image","twitter:title":"VAUD - Herbstlicher Genuss im Kanton Waadt","twitter:description":"Wir laden Sie ein, diesen Sommer einen Gang runterzuschalten. Jede Region des Waadtlands wird von einem Fluss durchquert, grenzt an ein Gew\u00e4sser oder entspringt ihm. Dieser blaue Faden \u2013 See, Fluss, Quelle, Wasserfall \u2013 wird zum nat\u00fcrlichen Begleiter auf diesen f\u00fcnf dreit\u00e4gigen Routen. Ein erfrischender Wasserfall nach einer Wanderung, ein stiller See am fr\u00fchen Morgen, fangfrischer Fisch auf dem Teller\u2026","twitter:image":"https:\/\/www.vaud.ch\/app\/uploads\/2023\/09\/cover-fb.jpg"},"aioseo_meta_data":{"post_id":"23794","title":null,"description":"Wir laden Sie ein, diesen Sommer einen Gang runterzuschalten. Jede Region des Waadtlands wird von einem Fluss durchquert, grenzt an ein Gew\u00e4sser oder entspringt ihm. Dieser blaue Faden \u2013 See, Fluss, Quelle, Wasserfall \u2013 wird zum nat\u00fcrlichen Begleiter auf diesen f\u00fcnf dreit\u00e4gigen Routen. Ein erfrischender Wasserfall nach einer Wanderung, ein stiller See am fr\u00fchen Morgen, fangfrischer Fisch auf dem Teller\u2026","keywords":null,"keyphrases":{"focus":{"keyphrase":"","score":0,"analysis":{"keyphraseInTitle":{"score":0,"maxScore":9,"error":1}}},"additional":[]},"primary_term":null,"canonical_url":null,"og_title":null,"og_description":null,"og_object_type":"default","og_image_type":"default","og_image_url":null,"og_image_width":null,"og_image_height":null,"og_image_custom_url":null,"og_image_custom_fields":null,"og_video":"","og_custom_url":null,"og_article_section":null,"og_article_tags":null,"twitter_use_og":false,"twitter_card":"default","twitter_image_type":"default","twitter_image_url":null,"twitter_image_custom_url":null,"twitter_image_custom_fields":null,"twitter_title":null,"twitter_description":null,"schema":{"blockGraphs":[],"customGraphs":[],"default":{"data":{"Article":[],"Course":[],"Dataset":[],"FAQPage":[],"Movie":[],"Person":[],"Product":[],"ProductReview":[],"Car":[],"Recipe":[],"Service":[],"SoftwareApplication":[],"WebPage":[]},"graphName":"WebPage","isEnabled":true},"graphs":[]},"schema_type":"default","schema_type_options":null,"pillar_content":false,"robots_default":true,"robots_noindex":false,"robots_noarchive":false,"robots_nosnippet":false,"robots_nofollow":false,"robots_noimageindex":false,"robots_noodp":false,"robots_notranslate":false,"robots_max_snippet":"-1","robots_max_videopreview":"-1","robots_max_imagepreview":"large","priority":null,"frequency":"default","local_seo":null,"breadcrumb_settings":null,"limit_modified_date":false,"ai":{"faqs":[],"keyPoints":[],"schemas":[],"titles":[],"descriptions":[],"socialPosts":{"email":{"subject":"","preview":"","content":""},"linkedin":[],"twitter":[],"facebook":[],"instagram":[]}},"created":"2026-07-27 10:03:23","updated":"2026-09-02 09:26:40","seo_analyzer_scan_date":null,"focus_keyword":null,"additional_keywords":null,"truseo_locale":null},"aioseo_breadcrumb":"<div class=\"aioseo-breadcrumbs\"><span class=\"aioseo-breadcrumb\">\n\t\t\t<a href=\"https:\/\/www.vaud.ch\/de\/\" title=\"Home\">Home<\/a>\n\t\t<\/span><span class=\"aioseo-breadcrumb-separator\">\u00bb<\/span><span class=\"aioseo-breadcrumb\">\n\t\t\tHerbstlicher Genuss im Kanton Waadt\n\t\t<\/span><\/div>","aioseo_breadcrumb_json":[{"label":"Home","link":"https:\/\/www.vaud.ch\/de\/"},{"label":"Herbstlicher Genuss im Kanton Waadt","link":"https:\/\/www.vaud.ch\/de\/herbst-gastronomie\/"}],"_links":{"self":[{"href":"https:\/\/www.vaud.ch\/de\/wp-json\/wp\/v2\/pages\/23794","targetHints":{"allow":["GET"]}}],"collection":[{"href":"https:\/\/www.vaud.ch\/de\/wp-json\/wp\/v2\/pages"}],"about":[{"href":"https:\/\/www.vaud.ch\/de\/wp-json\/wp\/v2\/types\/page"}],"author":[{"embeddable":true,"href":"https:\/\/www.vaud.ch\/de\/wp-json\/wp\/v2\/users\/15"}],"replies":[{"embeddable":true,"href":"https:\/\/www.vaud.ch\/de\/wp-json\/wp\/v2\/comments?post=23794"}],"version-history":[{"count":24,"href":"https:\/\/www.vaud.ch\/de\/wp-json\/wp\/v2\/pages\/23794\/revisions"}],"predecessor-version":[{"id":24543,"href":"https:\/\/www.vaud.ch\/de\/wp-json\/wp\/v2\/pages\/23794\/revisions\/24543"}],"wp:attachment":[{"href":"https:\/\/www.vaud.ch\/de\/wp-json\/wp\/v2\/media?parent=23794"}],"curies":[{"name":"wp","href":"https:\/\/api.w.org\/{rel}","templated":true}]}}