{"id":2475,"date":"2023-08-14T15:05:35","date_gmt":"2023-08-14T13:05:35","guid":{"rendered":"https:\/\/www.vaud.ch\/?page_id=2475"},"modified":"2025-11-26T14:58:31","modified_gmt":"2025-11-26T13:58:31","slug":"praktische-tipps","status":"publish","type":"page","link":"https:\/\/www.vaud.ch\/de\/praktische-tipps\/","title":{"rendered":"Praktische Tipps"},"content":{"rendered":"<div class=\"wp-bootstrap-blocks-row row justify-content-center\">\n\t\n\n<div class=\"col-12 col-md-10 col-xl-7\">\n\t\t\t\n\n<p class=\"is-style-heading-p\">Der Kanton Waadt, ideal im Herzen von Europa und in unmittelbarer N\u00e4he des internationalen Flughafens Genf gelegen, ist eine leicht erreichbare und einfach zu besichtigende Region. Hier finden Sie alles, damit Ihr Aufenthalt \u2013 oder Ihre Niederlassung \u2013 bestm\u00f6glich verl\u00e4uft.&nbsp;<\/p>\n\n\n\n            <div class=\"sticky-nav-outer \"  style=\"\">\n            <div class=\"sticky-nav\">\n                <div class=\"sticky-nav-inner\">\n                                                                        <span class=\"label\">\n                                Weitere Informationen                                <i class=\"far fa-angle-right\"><\/i>\n                            <\/span>\n                                                                <ul>\n                        <li><a href=\"#Accord\u00e9ons1\">Allgemeine Informationen<\/a><\/li><li><a href=\"#Accord\u00e9ons2\">Sprachen, Geld, Notrufnummern, Klima  <\/a><\/li><li><a href=\"#Accord\u00e9ons3\">Transport &#038; Behinderung<\/a><\/li>                    <\/ul>\n                <\/div>\n            <\/div>\n        <\/div>\n    \n\n\n<h2 class=\"wp-block-heading\">Waadt, einfach und praktisch&nbsp;<\/h2>\n\n\n\n<figure class=\"wp-block-image size-full\"><img loading=\"lazy\" decoding=\"async\" width=\"1600\" height=\"1067\" src=\"https:\/\/www.vaud.ch\/app\/uploads\/2023\/08\/MOB_Valentin-Flauraud3.jpg\" alt=\"\" class=\"wp-image-1848\" srcset=\"https:\/\/www.vaud.ch\/app\/uploads\/2023\/08\/MOB_Valentin-Flauraud3.jpg 1600w, https:\/\/www.vaud.ch\/app\/uploads\/2023\/08\/MOB_Valentin-Flauraud3-750x500.jpg 750w, https:\/\/www.vaud.ch\/app\/uploads\/2023\/08\/MOB_Valentin-Flauraud3-300x200.jpg 300w, https:\/\/www.vaud.ch\/app\/uploads\/2023\/08\/MOB_Valentin-Flauraud3-768x512.jpg 768w, https:\/\/www.vaud.ch\/app\/uploads\/2023\/08\/MOB_Valentin-Flauraud3-1024x683.jpg 1024w, https:\/\/www.vaud.ch\/app\/uploads\/2023\/08\/MOB_Valentin-Flauraud3-1536x1024.jpg 1536w\" sizes=\"auto, (max-width: 1600px) 100vw, 1600px\" \/><figcaption class=\"wp-element-caption\">Ligne MOB Panoramique au Chatelard ce mardi 3 septembre 2019. (VFPIX.COM \/Valentin Flauraud)<\/figcaption><\/figure>\n\n\n\n<p>Es ist Zeit, Ihre Ankunft im Kanton Waadt vorzubereiten. Aber wo liegt der Kanton Waadt nun genau? Werfen Sie weiter unten einen Blick auf die Landkarte. Und wie kommt man hierher? Nichts einfacher als das! Sie k\u00f6nnen selbstverst\u00e4ndlich den Luftweg w\u00e4hlen, sich aber auch f\u00fcr die Bahn, Strasse oder das Schiff entscheiden.&nbsp;<\/p>\n\n\n\n<p>Einmal vor Ort, erm\u00f6glicht Ihnen unser vielf\u00e4ltiges Angebot an Verkehrsmitteln aller Art, von den g\u00e4ngigsten bis zu den malerischsten, sich leicht fortzubewegen. Da wir auch G\u00e4ste mit eingeschr\u00e4nkter Mobilit\u00e4t unter optimalen Bedingungen willkommen heissen m\u00f6chten, haben wir eine Liste mit Sehensw\u00fcrdigkeiten und Dienstleistungen zusammengestellt, die f\u00fcr Menschen mit Behinderung zug\u00e4nglich sind.&nbsp;&nbsp;<\/p>\n\n\n\n<p>Und um Ihnen die Buchung Ihrer Unterkunft und Ihrer Aktivit\u00e4ten zu erleichtern, haben wir eine benutzerfreundliche, leistungsstarke <a href=\"https:\/\/shop.myvaud.ch\/VP\/ukv?lang=de\" target=\"_blank\" rel=\"noreferrer noopener\">Online-Plattform<\/a> entwickelt. Damit haben Sie alles in der Hand f\u00fcr einen wunderbaren Aufenthalt im Kanton Waadt.&nbsp;<\/p>\n\n\n\n    <div class=\"accordions \" id=\"Accord\u00e9ons1\" style=\"\">\n                        <div class=\"accordion-item\">\n                    <div class=\"accordion-header with-icon\">\n                        <lord-icon src=\"https:\/\/cdn.lordicon.com\/xsdtfyne.json\" target=\".accordion-header\" trigger=\"hover\" colors=\"primary:#0A4069\" style=\"width:34px;height:34px\"><\/lord-icon>\n                        <h4>Geografische Lage <\/h4>\n                    <\/div>\n                    <div class=\"accordion-content\">\n                        <p><span class=\"TextRun SCXW74486368 BCX0\" lang=\"DE-CH\" xml:lang=\"DE-CH\" data-contrast=\"auto\"><span class=\"NormalTextRun SCXW74486368 BCX0\">Der Kanton Waadt <\/span><span class=\"NormalTextRun SCXW74486368 BCX0\">erstreckt sich<\/span><span class=\"NormalTextRun SCXW74486368 BCX0\"> im S\u00fcdwesten der Schweiz zwischen Genfer- und <\/span><span class=\"NormalTextRun SpellingErrorV2Themed SCXW74486368 BCX0\">Neuenburgersee<\/span><span class=\"NormalTextRun SCXW74486368 BCX0\">, <\/span><span class=\"NormalTextRun SCXW74486368 BCX0\">zwischen<\/span><span class=\"NormalTextRun SCXW74486368 BCX0\"> Alpen und Jura.<\/span> <span class=\"NormalTextRun SCXW74486368 BCX0\">Er grenzt <\/span><span class=\"NormalTextRun SCXW74486368 BCX0\">an <\/span><span class=\"NormalTextRun SCXW74486368 BCX0\">Frankreich und f\u00fcnf weitere Schweizer Kantone (Genf, Neuenburg, Freiburg, Bern und Wallis)<\/span><span class=\"NormalTextRun SCXW74486368 BCX0\"> und ist <\/span><span class=\"NormalTextRun SCXW74486368 BCX0\">Teil der<\/span><span class=\"NormalTextRun SCXW74486368 BCX0\"> franz\u00f6sischsprachigen Schweiz, die man auch Westschweiz oder <\/span><span class=\"NormalTextRun SpellingErrorV2Themed SCXW74486368 BCX0\">Romandie<\/span><span class=\"NormalTextRun SCXW74486368 BCX0\"> nennt.<\/span><span class=\"NormalTextRun SCXW74486368 BCX0\">\u00a0<\/span><\/span><span class=\"EOP SCXW74486368 BCX0\" data-ccp-props=\"{}\">\u00a0<\/span><\/p>\n                    <\/div>\n                <\/div>\n                        <div class=\"accordion-item\">\n                    <div class=\"accordion-header with-icon\">\n                        <lord-icon src=\"https:\/\/cdn.lordicon.com\/xsdtfyne.json\" target=\".accordion-header\" trigger=\"hover\" colors=\"primary:#0A4069\" style=\"width:34px;height:34px\"><\/lord-icon>\n                        <h4>Anreise <\/h4>\n                    <\/div>\n                    <div class=\"accordion-content\">\n                        <p><span data-contrast=\"auto\">Aufgrund seiner Lage im Herzen von Europa ist der Kanton Waadt leicht \u00fcber den Luft-, Land- oder gar Seeweg erreichbar.<\/span><span data-ccp-props=\"{}\">\u00a0<\/span><\/p>\n<ul>\n<li aria-setsize=\"-1\" data-leveltext=\"\uf0b7\" data-font=\"Symbol\" data-listid=\"1\" data-list-defn-props=\"{&quot;335552541&quot;:1,&quot;335559685&quot;:720,&quot;335559991&quot;:360,&quot;469769226&quot;:&quot;Symbol&quot;,&quot;469769242&quot;:[8226],&quot;469777803&quot;:&quot;left&quot;,&quot;469777804&quot;:&quot;\uf0b7&quot;,&quot;469777815&quot;:&quot;hybridMultilevel&quot;}\" data-aria-posinset=\"1\" data-aria-level=\"1\"><b><span data-contrast=\"auto\">Flugzeug<\/span><\/b><span data-contrast=\"auto\">: Der Kanton Waadt liegt nur wenige Kilometer vom <\/span><a href=\"https:\/\/www.gva.ch\/de\/\"><span data-contrast=\"none\">Flughafen Genf<\/span><\/a><span data-contrast=\"auto\"> entfernt und ist auch \u00fcber die Flugh\u00e4fen <\/span><a href=\"https:\/\/www.flughafen-zuerich.ch\/de\/passagiere\"><span data-contrast=\"none\">Z\u00fcrich Kloten<\/span><\/a><span data-contrast=\"auto\">, Basel-Mulhouse und Bern Belp gut zu erreichen.<\/span><span data-ccp-props=\"{}\">\u00a0<\/span><\/li>\n<\/ul>\n<ul>\n<li aria-setsize=\"-1\" data-leveltext=\"\uf0b7\" data-font=\"Symbol\" data-listid=\"1\" data-list-defn-props=\"{&quot;335552541&quot;:1,&quot;335559685&quot;:720,&quot;335559991&quot;:360,&quot;469769226&quot;:&quot;Symbol&quot;,&quot;469769242&quot;:[8226],&quot;469777803&quot;:&quot;left&quot;,&quot;469777804&quot;:&quot;\uf0b7&quot;,&quot;469777815&quot;:&quot;hybridMultilevel&quot;}\" data-aria-posinset=\"2\" data-aria-level=\"1\"><b><span data-contrast=\"auto\">Bahn<\/span><\/b><span data-contrast=\"auto\">: <\/span><a href=\"https:\/\/www.sbb.ch\/de\"><span data-contrast=\"none\">Zugreisen<\/span><\/a><span data-contrast=\"auto\"> sind bei unseren europ\u00e4ischen G\u00e4sten sehr beliebt.<\/span> <span data-contrast=\"auto\">Die Kantonshauptstadt Lausanne ist dank einer direkten TGV-Verbindung in weniger als 4\u202fStunden von Paris her zu erreichen.<\/span><span data-ccp-props=\"{}\">\u00a0<\/span><\/li>\n<\/ul>\n<ul>\n<li aria-setsize=\"-1\" data-leveltext=\"\uf0b7\" data-font=\"Symbol\" data-listid=\"1\" data-list-defn-props=\"{&quot;335552541&quot;:1,&quot;335559685&quot;:720,&quot;335559991&quot;:360,&quot;469769226&quot;:&quot;Symbol&quot;,&quot;469769242&quot;:[8226],&quot;469777803&quot;:&quot;left&quot;,&quot;469777804&quot;:&quot;\uf0b7&quot;,&quot;469777815&quot;:&quot;hybridMultilevel&quot;}\" data-aria-posinset=\"3\" data-aria-level=\"1\"><b><span data-contrast=\"auto\">Auto<\/span><\/b><span data-contrast=\"auto\">: Der Kanton Waadt ist \u00fcber gut unterhaltene Autobahnen mit dem Rest der Schweiz und dem benachbarten Frankreich verbunden.<\/span> <span data-contrast=\"auto\">Die Autobahngeb\u00fchren werden im ganzen Land mit einer sogenannten Vignette bezahlt. Sie kostet 40\u202fSchweizer Franken, ist jeweils ab 31.\u202fJanuar ein Jahr lang g\u00fcltig und online auf <\/span><a href=\"https:\/\/www.e-vignette.ch\/\"><span data-contrast=\"none\">www.e-vignette.ch<\/span><\/a><span data-contrast=\"auto\"> oder bei Poststellen, Tankstellen und Autobahn-Grenz\u00fcberg\u00e4ngen erh\u00e4ltlich.<\/span><span data-ccp-props=\"{}\">\u00a0<\/span><\/li>\n<\/ul>\n<ul>\n<li aria-setsize=\"-1\" data-leveltext=\"\uf0b7\" data-font=\"Symbol\" data-listid=\"1\" data-list-defn-props=\"{&quot;335552541&quot;:1,&quot;335559685&quot;:720,&quot;335559991&quot;:360,&quot;469769226&quot;:&quot;Symbol&quot;,&quot;469769242&quot;:[8226],&quot;469777803&quot;:&quot;left&quot;,&quot;469777804&quot;:&quot;\uf0b7&quot;,&quot;469777815&quot;:&quot;hybridMultilevel&quot;}\" data-aria-posinset=\"4\" data-aria-level=\"1\"><b><span data-contrast=\"auto\">Schiff<\/span><\/b><span data-contrast=\"auto\">: Der zwischen Genfer- und Neuenburgersee gelegene Kanton Waadt ist auch per Schiff erreichbar. \u00dcberfahrten zwischen Frankreich (Evian, Thonon-les-Bains, Yvoire) und der Schweiz (Lausanne und Nyon) werden von der <\/span><a href=\"https:\/\/www.cgn.ch\/de\/\"><span data-contrast=\"none\">CGN<\/span><\/a><span data-contrast=\"auto\"> (Schifffahrtsgesellschaft des Genfersees) sichergestellt. Die Schifffahrtsgesellschaft <\/span><a href=\"https:\/\/www.lnm.ch\/\"><span data-contrast=\"none\">LNM<\/span><\/a><span data-contrast=\"auto\"> verkehrt ihrerseits auf dem Neuenburger-, Bieler- und Murtensee.\u00a0<\/span><span data-ccp-props=\"{}\">\u00a0<\/span><\/li>\n<\/ul>\n                    <\/div>\n                <\/div>\n                        <div class=\"accordion-item\">\n                    <div class=\"accordion-header with-icon\">\n                        <lord-icon src=\"https:\/\/cdn.lordicon.com\/xsdtfyne.json\" target=\".accordion-header\" trigger=\"hover\" colors=\"primary:#0A4069\" style=\"width:34px;height:34px\"><\/lord-icon>\n                        <h4>Nachhaltiger Verkehr: Zug, Bus, Schiff und Velo <\/h4>\n                    <\/div>\n                    <div class=\"accordion-content\">\n                        <p><span data-contrast=\"auto\">Der Kanton Waadt \u00fcberrascht durch die Vielfalt und Sch\u00f6nheit seiner Landschaften. Damit Besucher auch jeden Winkel entdecken k\u00f6nnen, galt es, das Tourismusangebot auszubauen und den \u00f6rtlichen Gegebenheiten anzupassen. Wie l\u00e4sst sich ein atemberaubendes Panorama besser bewundern als zu Fuss oder mit dem Velo? Wie erreicht man die steilen Gipfel oberhalb des Genfersees besser als mit der Zahnradbahn? Wie verbindet man die verschiedenen Seeufer besser als mit dem Schiff?\u00a0<\/span><span data-ccp-props=\"{}\">\u00a0<\/span><\/p>\n<p><span data-contrast=\"auto\">Der Kanton Waadt besitzt heute markierte Wanderwege von unvergleichlicher Qualit\u00e4t und ein effizientes st\u00e4dtisches und touristisches Verkehrsnetz, das Reisenden manch sch\u00f6ne \u00dcberraschungen bereith\u00e4lt. In einer Stadt wie Lausanne \u2013 die \u00fcber eine in der Schweiz einzigartige und die weltweit steilste U-Bahn auf R\u00e4dern verf\u00fcgt \u2013 l\u00e4sst man das Auto besser auf einem Park-and-Ride am Stadtrand stehen und nutzt die \u00f6ffentlichen Verkehrsmittel, um die Kantonshauptstadt sorgenfrei zu erkunden. Sp\u00e4tabends bringen Sie sogenannte Taxibusse ab den 12\u202fwichtigsten Bushaltestellen im Grossraum Lausanne nach Hause.<\/span><span data-ccp-props=\"{}\">\u00a0<\/span><\/p>\n<p><strong>Fahrpl\u00e4ne, Strecken und Tarife\u00a0\u00a0<\/strong><\/p>\n<ul>\n<li aria-setsize=\"-1\" data-leveltext=\"\uf0b7\" data-font=\"Symbol\" data-listid=\"2\" data-list-defn-props=\"{&quot;335552541&quot;:1,&quot;335559685&quot;:720,&quot;335559991&quot;:360,&quot;469769226&quot;:&quot;Symbol&quot;,&quot;469769242&quot;:[8226],&quot;469777803&quot;:&quot;left&quot;,&quot;469777804&quot;:&quot;\uf0b7&quot;,&quot;469777815&quot;:&quot;hybridMultilevel&quot;}\" data-aria-posinset=\"1\" data-aria-level=\"1\"><span data-contrast=\"auto\">Auf der <\/span><a href=\"https:\/\/www.sbb.ch\/de\"><span data-contrast=\"none\">Website der SBB<\/span><\/a><span data-contrast=\"auto\"> finden Sie alle Fahrpl\u00e4ne und das passende Verkehrsmittel ob Zug, Bus oder Schiff.\u00a0<\/span><span data-ccp-props=\"{}\">\u00a0<\/span><\/li>\n<\/ul>\n<ul>\n<li aria-setsize=\"-1\" data-leveltext=\"\uf0b7\" data-font=\"Symbol\" data-listid=\"2\" data-list-defn-props=\"{&quot;335552541&quot;:1,&quot;335559685&quot;:720,&quot;335559991&quot;:360,&quot;469769226&quot;:&quot;Symbol&quot;,&quot;469769242&quot;:[8226],&quot;469777803&quot;:&quot;left&quot;,&quot;469777804&quot;:&quot;\uf0b7&quot;,&quot;469777815&quot;:&quot;hybridMultilevel&quot;}\" data-aria-posinset=\"2\" data-aria-level=\"1\"><span data-contrast=\"auto\">Der <\/span><a href=\"https:\/\/www.sbb.ch\/de\/billette-angebote\/billette\/gaeste-ausland\/swiss-travel-pass.html\"><span data-contrast=\"none\">Swiss Travel Pass<\/span><\/a><span data-contrast=\"auto\"> ist internationalen Reisenden vorbehalten f\u00fcr unbegrenzte Fahrten mit dem Zug, Bus und Schiff auf rund 29&#8217;000\u202fkm. F\u00fcr auf den Kanton Waadt begrenzte Aufenthalte ist der <\/span><a href=\"https:\/\/www.mob.ch\/de\/stories\/regional-pass-leman-alpes\"><span data-contrast=\"none\">Regional Pass<\/span><\/a><span data-contrast=\"auto\"> eine ideale Alternative.\u00a0<\/span><span data-ccp-props=\"{}\">\u00a0<\/span><\/li>\n<\/ul>\n<ul>\n<li aria-setsize=\"-1\" data-leveltext=\"\uf0b7\" data-font=\"Symbol\" data-listid=\"2\" data-list-defn-props=\"{&quot;335552541&quot;:1,&quot;335559685&quot;:720,&quot;335559991&quot;:360,&quot;469769226&quot;:&quot;Symbol&quot;,&quot;469769242&quot;:[8226],&quot;469777803&quot;:&quot;left&quot;,&quot;469777804&quot;:&quot;\uf0b7&quot;,&quot;469777815&quot;:&quot;hybridMultilevel&quot;}\" data-aria-posinset=\"3\" data-aria-level=\"1\"><span data-contrast=\"auto\">Velorouten finden Sie auf unserer Seite \u00abEntdecken\u00bb. In den meisten Sportgesch\u00e4ften der Region k\u00f6nnen Fahrr\u00e4der und E-Bikes gemietet werden.<\/span><span data-ccp-props=\"{}\">\u00a0<\/span><\/li>\n<\/ul>\n                    <\/div>\n                <\/div>\n                        <div class=\"accordion-item\">\n                    <div class=\"accordion-header with-icon\">\n                        <lord-icon src=\"https:\/\/cdn.lordicon.com\/xsdtfyne.json\" target=\".accordion-header\" trigger=\"hover\" colors=\"primary:#0A4069\" style=\"width:34px;height:34px\"><\/lord-icon>\n                        <h4>Visum und Einreiseformalit\u00e4ten <\/h4>\n                    <\/div>\n                    <div class=\"accordion-content\">\n                        <p><span data-contrast=\"auto\">Die Schweiz geh\u00f6rt wie 25 weitere europ\u00e4ische L\u00e4nder zum Schengen-Raum und wendet dieselben Einreiseformalit\u00e4ten an.<\/span><span data-ccp-props=\"{}\">\u00a0<\/span><\/p>\n<ul>\n<li aria-setsize=\"-1\" data-leveltext=\"\uf0b7\" data-font=\"Symbol\" data-listid=\"3\" data-list-defn-props=\"{&quot;335552541&quot;:1,&quot;335559685&quot;:720,&quot;335559991&quot;:360,&quot;469769226&quot;:&quot;Symbol&quot;,&quot;469769242&quot;:[8226],&quot;469777803&quot;:&quot;left&quot;,&quot;469777804&quot;:&quot;\uf0b7&quot;,&quot;469777815&quot;:&quot;hybridMultilevel&quot;}\" data-aria-posinset=\"1\" data-aria-level=\"1\"><span data-contrast=\"auto\">Besucher des Kantons Waadt k\u00f6nnen in der Schweiz unbeschr\u00e4nkt reisen, vorausgesetzt, sie verf\u00fcgen \u00fcber ein g\u00fcltiges Reisedokument (je nach Nationalit\u00e4t Reisepass und\/oder Identit\u00e4tskarte\/Personalausweis) und halten sich nicht l\u00e4nger als 90\u202fTage (3\u202fMonate) hier auf. Die G\u00fcltigkeit eines Reisedokuments ist von unterschiedlichen Kriterien im jeweiligen Land abh\u00e4ngig.<\/span><span data-ccp-props=\"{}\">\u00a0<\/span><\/li>\n<\/ul>\n<ul>\n<li aria-setsize=\"-1\" data-leveltext=\"\uf0b7\" data-font=\"Symbol\" data-listid=\"3\" data-list-defn-props=\"{&quot;335552541&quot;:1,&quot;335559685&quot;:720,&quot;335559991&quot;:360,&quot;469769226&quot;:&quot;Symbol&quot;,&quot;469769242&quot;:[8226],&quot;469777803&quot;:&quot;left&quot;,&quot;469777804&quot;:&quot;\uf0b7&quot;,&quot;469777815&quot;:&quot;hybridMultilevel&quot;}\" data-aria-posinset=\"2\" data-aria-level=\"1\"><span data-contrast=\"auto\">F\u00fcr Aufenthalte von mehr als 90\u202fTagen ist ein Visum erforderlich.\u00a0<\/span><span data-ccp-props=\"{}\">\u00a0<\/span><\/li>\n<\/ul>\n<p><span data-contrast=\"auto\">Weiterf\u00fchrende Informationen finden Sie \u00fcber die nachfolgenden Links oder beim n\u00e4chstgelegenen Schweizerischen Generalkonsulat.<\/span><span data-ccp-props=\"{}\">\u00a0<\/span><\/p>\n<p><a href=\"https:\/\/www.dfae.admin.ch\/eda\/de\/home.html\"><span data-contrast=\"none\">Eidgen\u00f6ssisches Departement f\u00fcr ausw\u00e4rtige Angelegenheiten<\/span><\/a><span data-ccp-props=\"{}\">\u00a0<\/span><\/p>\n<p><a href=\"https:\/\/www.sem.admin.ch\/sem\/de\/home\/themen.html\"><span data-contrast=\"none\">Einreise und Aufenthalt in der Schweiz<\/span><\/a><span data-ccp-props=\"{}\">\u00a0<\/span><\/p>\n<p><a href=\"https:\/\/www.sem.admin.ch\/sem\/de\/home\/themen.html\"><span data-contrast=\"none\">Reisedokumente<\/span><\/a><span data-ccp-props=\"{}\">\u00a0<\/span><\/p>\n<p><a href=\"https:\/\/www.sem.admin.ch\/sem\/de\/home\/themen\/einreise\/visumantragsformular.html\"><span data-contrast=\"none\">Visumsantragsformular<\/span><\/a><span data-ccp-props=\"{}\">\u00a0<\/span><\/p>\n                    <\/div>\n                <\/div>\n            <\/div>\n\n\n\n\n<h3 class=\"wp-block-heading\">Weitere praktische Informationen: Sprachen, Geld, Notrufnummern, Klima&nbsp;&nbsp;<\/h3>\n\n\n\n    <div class=\"accordions \" id=\"Accord\u00e9ons2\" style=\"\">\n                        <div class=\"accordion-item\">\n                    <div class=\"accordion-header with-icon\">\n                        <lord-icon src=\"https:\/\/cdn.lordicon.com\/xsdtfyne.json\" target=\".accordion-header\" trigger=\"hover\" colors=\"primary:#0A4069\" style=\"width:34px;height:34px\"><\/lord-icon>\n                        <h4>Sprachen <\/h4>\n                    <\/div>\n                    <div class=\"accordion-content\">\n                        <p><span class=\"TextRun SCXW77083476 BCX0\" lang=\"DE-CH\" xml:lang=\"DE-CH\" data-contrast=\"auto\"><span class=\"NormalTextRun SCXW77083476 BCX0\">Der Kanton Waadt liegt in der <\/span><span class=\"NormalTextRun SpellingErrorV2Themed SCXW77083476 BCX0\">Romandie<\/span><span class=\"NormalTextRun SCXW77083476 BCX0\">, das heisst in einer offiziell franz\u00f6sischsprachigen Region.<\/span> <span class=\"NormalTextRun SCXW77083476 BCX0\">Man spricht<\/span><span class=\"NormalTextRun SCXW77083476 BCX0\"> hier auch h\u00e4ufig die anderen Schweizer Amtssprachen, insbesondere Deutsch.<\/span> <span class=\"NormalTextRun SCXW77083476 BCX0\">In den Tourismusdestinationen <\/span><span class=\"NormalTextRun SCXW77083476 BCX0\">erfolgen<\/span><span class=\"NormalTextRun SCXW77083476 BCX0\"> Erkl\u00e4rungen meistens in drei Sprachen: Franz\u00f6sisch, Deutsch und Englisch. Englisch ist weit verbreitet, vor allem in Lausanne, wo viele multinationale Unternehmen, internationale Sportverb\u00e4nde und<\/span> <span class=\"NormalTextRun SCXW77083476 BCX0\">Schulen ihren Sitz haben.<\/span><\/span><span class=\"EOP SCXW77083476 BCX0\" data-ccp-props=\"{}\">\u00a0<\/span><\/p>\n                    <\/div>\n                <\/div>\n                        <div class=\"accordion-item\">\n                    <div class=\"accordion-header with-icon\">\n                        <lord-icon src=\"https:\/\/cdn.lordicon.com\/xsdtfyne.json\" target=\".accordion-header\" trigger=\"hover\" colors=\"primary:#0A4069\" style=\"width:34px;height:34px\"><\/lord-icon>\n                        <h4>Lebenshaltungskosten und Geld  <\/h4>\n                    <\/div>\n                    <div class=\"accordion-content\">\n                        <p><span data-contrast=\"auto\">Der Schweizer Franken ist die allgemein verwendete Landesw\u00e4hrung. An touristischen Orten kann man oft in Euro bezahlen, das R\u00fcckgeld wird aber in Schweizer Franken gegeben. Mit den meisten Bank- und Kreditkarten kann man bargeldlos bezahlen und bei Automaten Geld abheben.\u00a0<\/span><span data-ccp-props=\"{}\">\u00a0<\/span><\/p>\n<p><span data-ccp-props=\"{}\">\u00a0<\/span><\/p>\n<p><span data-contrast=\"auto\">In den Restaurants der Schweiz ist die Bedienung im Preis inbegriffen. Es wird jedoch gerne gesehen, wenn man etwa 5% Trinkgeld gibt. Auch Taxifahrer nehmen gerne ein Trinkgeld. Die wichtigste Verbrauchssteuer ist die Mehrwertsteuer (franz. TVA). Sie betr\u00e4gt 8.1%<\/span><span data-contrast=\"auto\">1<\/span><span data-contrast=\"auto\"> des Verkaufspreises. Ausl\u00e4ndische Besucher k\u00f6nnen eine R\u00fcckerstattung der Mehrwertsteuer verlangen. Gesch\u00e4fte mit der Bezeichnung \u00abTax Free\u00bb geben die entsprechenden Formulare ab.<\/span><span data-ccp-props=\"{}\">\u00a0<\/span><\/p>\n                    <\/div>\n                <\/div>\n                        <div class=\"accordion-item\">\n                    <div class=\"accordion-header with-icon\">\n                        <lord-icon src=\"https:\/\/cdn.lordicon.com\/xsdtfyne.json\" target=\".accordion-header\" trigger=\"hover\" colors=\"primary:#0A4069\" style=\"width:34px;height:34px\"><\/lord-icon>\n                        <h4>Notrufnummern <\/h4>\n                    <\/div>\n                    <div class=\"accordion-content\">\n                        <p><span data-contrast=\"auto\"><strong>1811 \u2013<\/strong> Telefonische Auskunft f\u00fcr die Schweiz<\/span><span data-ccp-props=\"{}\">\u00a0<\/span><\/p>\n<p><span data-contrast=\"auto\"><strong>117 \u2013<\/strong> Polizei\u00a0<\/span><span data-ccp-props=\"{}\">\u00a0<\/span><\/p>\n<p><span data-contrast=\"auto\"><strong>118 \u2013<\/strong> Feuerwehr<\/span><span data-ccp-props=\"{}\">\u00a0<\/span><\/p>\n<p><span data-contrast=\"auto\"><strong>140 \u2013<\/strong> Pannenhilfe<\/span><span data-ccp-props=\"{}\">\u00a0<\/span><\/p>\n<p><span data-contrast=\"auto\"><strong>144 \u2013<\/strong> Notarzt und Ambulanz<\/span><span data-ccp-props=\"{}\">\u00a0<\/span><\/p>\n<p><span data-contrast=\"auto\"><strong>162 \u2013<\/strong> Wetterprognosen<\/span><span data-ccp-props=\"{}\">\u00a0<\/span><\/p>\n                    <\/div>\n                <\/div>\n                        <div class=\"accordion-item\">\n                    <div class=\"accordion-header with-icon\">\n                        <lord-icon src=\"https:\/\/cdn.lordicon.com\/xsdtfyne.json\" target=\".accordion-header\" trigger=\"hover\" colors=\"primary:#0A4069\" style=\"width:34px;height:34px\"><\/lord-icon>\n                        <h4>Klima und Wetter <\/h4>\n                    <\/div>\n                    <div class=\"accordion-content\">\n                        <p><span data-contrast=\"auto\">Der Kanton Waadt profitiert von einem angenehmen sonnigen Kontinentalklima. Die Temperaturschwankungen zwischen den Winter- und Sommermonaten sind erheblich (3 bis 5\u202fGrad im Flachland im Winter \/ 25 bis 30\u202fGrad im Juli und August).\u00a0<\/span><span data-ccp-props=\"{}\">\u00a0<\/span><\/p>\n<p>&nbsp;<\/p>\n<p><span data-contrast=\"auto\">Die umliegenden Berge sorgen f\u00fcr recht viel Niederschlag im Kanton (im Jahresdurchschnitt jeden dritten Tag), doch das verhindert nicht eine hohe Anzahl Sonnenstunden. Im Sommer scheint die Sonne rund um den Genfersee im Durchschnitt 8\u202fStunden pro Tag. Im Winter, wenn in unteren Lagen der Nebel h\u00e4ngt, profitieren die Wintersportorte im Jura und in den Waadtl\u00e4nder Alpen oft von einem strahlend blauen Himmel.\u00a0<\/span><span data-ccp-props=\"{}\">\u00a0<\/span><\/p>\n                    <\/div>\n                <\/div>\n            <\/div>\n\n\n\n\n<h3 class=\"wp-block-heading\">Barrierefreier Tourismus im Kanton Waadt&nbsp;&nbsp;<\/h3>\n\n\n\n<p class=\"is-style-default\">In Zusammenarbeit mit der Schweizer Dachorganisation Pro Infirmis hat Vaud Promotion eine Auswahl touristischer Sehensw\u00fcrdigkeiten und Leistungen f\u00fcr Menschen mit eingeschr\u00e4nkter Mobilit\u00e4t und f\u00fcr Menschen mit Behinderung zusammengestellt. Mehr als 700\u202fAnbieter \u2013 Museen, Restaurants, Hotels, Kulturst\u00e4tten und viele mehr \u2013 wurden von Vertretern der Vereinigung nach einer Reihe von Kriterien der Barrierefreiheit untersucht.\u00a0<\/p>\n\n\n\n    <div class=\"accordions \" id=\"Accord\u00e9ons3\" style=\"\">\n                        <div class=\"accordion-item\">\n                    <div class=\"accordion-header with-icon\">\n                        <lord-icon src=\"https:\/\/cdn.lordicon.com\/xsdtfyne.json\" target=\".accordion-header\" trigger=\"hover\" colors=\"primary:#0A4069\" style=\"width:34px;height:34px\"><\/lord-icon>\n                        <h4>Verkehrmittel<\/h4>\n                    <\/div>\n                    <div class=\"accordion-content\">\n                        <h4>Flugzeug<\/h4>\n<p><a href=\"http:\/\/www.gva.ch\/de\/DesktopDefault.aspx\/tabid-329\/\" target=\"_blank\" rel=\"noopener\">Informationen f\u00fcr mobilit\u00e4tseingeschr\u00e4nkte Passagiere Flughafen Genf<\/a><\/p>\n<h4>Schiff<\/h4>\n<p><strong>Compagnie G\u00e9n\u00e9rale de Navigation auf dem Genfersee (CGN)<\/strong><br \/>\nGenerell rollstuhlg\u00e4ngig. Dies h\u00e4ngt jedoch von der Anzahl Fahrg\u00e4ste und der Schiffgr\u00f6sse ab. Behinderten-WC stehen auf allen Schiffen zur Verf\u00fcgung, ausser auf dem \u00abRh\u00f4ne\u00bb, \u00abCol-Vert\u00bb und\u00a0 \u00abG\u00e9n\u00e9ral-Guisan\u00bb. Personen im Rollstuhl wird empfohlen, die CGN f\u00fcr n\u00e4here Ausk\u00fcnfte zu kontaktieren:<\/p>\n<p>0900 929 929<br \/>\n<a href=\"mailto:info@cgn.ch\">info@cgn.ch<\/a><br \/>\n<a href=\"https:\/\/www.cgn.ch\/de\/\" target=\"_blank\" rel=\"noopener\">https:\/\/www.cgn.ch\/de\/<\/a><\/p>\n<p><strong>Soci\u00e9t\u00e9 de navigation auf dem Neuenburger- und Murtensee<\/strong><br \/>\nAlle Schiffe sind rollstuhlg\u00e4ngig, aber nur die neuesten verf\u00fcgen \u00fcber die entsprechenden WC.<\/p>\n<p>032 729 96 00<br \/>\n<a href=\"mailto:info@navig.ch\">info@navig.ch<\/a><br \/>\n<a href=\"http:\/\/www.navig.ch\/\" target=\"_blank\" rel=\"noopener\">http:\/\/www.navig.ch\/<\/a><\/p>\n<h4>Zug<\/h4>\n<p><a href=\"https:\/\/www.sbb.ch\/de\/bahnhof-services\/reisende-mit-handicap.html\" target=\"_blank\" rel=\"noopener\">Personen mit einer Behinderung<\/a><\/p>\n<h4>Bus<\/h4>\n<p><a href=\"https:\/\/www.fahrplanfelder.ch\/de\/willkommen.html\" target=\"_blank\" rel=\"noopener\">Offizielles Schweizer Kursbuch &#8211; Fahrplanfelder<\/a><br \/>\nAuf der Seite \u00abFahrplanfelder\u00bb k\u00f6nnen die Fahrplanfelder des offiziellen Schweizer Kursbuches online heruntergeladen werden. Das Schweizer Kursbuch enth\u00e4lt die meisten regionalen und nationalen Fahrpl\u00e4ne f\u00fcr Zug, Bus und Schiff. Eine Liste der Liniennetzpl\u00e4ne (ohne Fahrpl\u00e4ne) ist ebenfalls verf\u00fcgbar.<\/p>\n<p><a href=\"https:\/\/www.fahrplanfelder.ch\/de\/rollstuhl.html\" target=\"_blank\" rel=\"noopener\">Eine Seite ist spezifisch f\u00fcr Reisende im Rollstuhl<\/a>:<br \/>\nSie enth\u00e4lt diverse Beschreibungen \u00fcber rollstuhlg\u00e4ngige Verkehrsmittel, darunter eine Liste der Zugarten und deren Zug\u00e4nglichkeit sowie ein Verzeichnis der rollstuhlg\u00e4ngigen Bahnh\u00f6fe.<\/p>\n<p>Wenn Sie Ihren Reiseweg festgelegt haben, empfiehlt es sich, diese Informationen direkt mit dem jeweiligen Transportunternehmen zu \u00fcberpr\u00fcfen.<\/p>\n<h4>\nPrivatauto<\/h4>\n<p><a href=\"http:\/\/www.rollstuhlparkplatz.ch\/?zoom=2&amp;lon=670000&amp;lat=180000\" target=\"_blank\" rel=\"noopener\">Behindertenparkpl\u00e4tze in der Schweiz<\/a><br \/>\n<a href=\"http:\/\/www.lausanne.ch\/lausanne-officielle\/administration\/finances-et-mobilite\/routes-mobilite\/parkings-stationnement\/stationnement-handicapes.html\" target=\"_blank\" rel=\"noopener\">Reservierte Parkpl\u00e4tze f\u00fcr Behinderte in Lausanne<\/a><\/p>\n<p><strong>OK:GO<\/strong><br \/>\nOK:GO unterst\u00fctzt Tourismusanbieter in der Schweiz Informationen zur Zug\u00e4nglichkeit ihrer Angebote und Dienstleistungen zu erfassen und zu ver\u00f6ffentlichen. Damit wird die Reiseplanung f\u00fcr Menschen mit Behinderungen, SeniorInnen und Familien mit kleinen Kindern erleichtert. Ein Mehrwert f\u00fcr alle!<br \/>\nMehr Informationen:\u00a0<a href=\"https:\/\/www.ok-go.org\/\">https:\/\/www.ok-go.org\/<\/a><br \/>\nLaden Sie die App herunter:\u00a0<a href=\"https:\/\/www.ginto.guide\/de\">https:\/\/www.ginto.guide\/de<\/a><\/p>\n<p><strong>Transport Handicap VauD (THVD)<\/strong><br \/>\nDie spezialisierten Fahrer von THVD bieten Transporte rund um die Uhr und an allen sieben Wochentagen, auf Vorbestellung und f\u00fcr alle Transportarten (Therapie, Schule, Beruf oder Freizeit). Die Fahrzeuge sind f\u00fcr Rollst\u00fchle geeignet. Es k\u00f6nnen auch liegende, nicht-medizinische Transporte organisiert werden.<\/p>\n<p>021 648 53 57<br \/>\n<a href=\"mailto:info@thvd.ch\">info@thvd.ch<\/a><br \/>\n<a href=\"http:\/\/www.thvd.ch\/\" target=\"_blank\" rel=\"noopener\">http:\/\/www.thvd.ch<\/a><\/p>\n<p><strong>Handicool<\/strong><br \/>\nTransport nach Mass f\u00fcr Personen mit eingeschr\u00e4nkter Mobilit\u00e4t, einschliesslich f\u00fcr Freizeitaktivit\u00e4ten in der gesamten Westschweiz, rund um die Uhr und an allen sieben Wochentagen. Die zu transportierende Person kann an deren Wohnung abgeholt, bis zum Bestimmungsort gebracht und w\u00e4hrend der Aktivit\u00e4t oder dem Termin begleitet werden.<\/p>\n<p>079 912 50 40<br \/>\n<a href=\"mailto:jl.bapst@bluewin.ch\">jl.bapst@bluewin.ch<\/a><br \/>\n<a href=\"http:\/\/handicool.ch\/\" target=\"_blank\" rel=\"noopener\">http:\/\/handicool.ch<\/a><\/p>\n<p><strong>Serenity Transport<\/strong><br \/>\nDas Unternehmen Serenity bietet Transportm\u00f6glichkeiten f\u00fcr Personen mit eingeschr\u00e4nkter Mobilit\u00e4t, ob f\u00fcr einen Arzttermin oder f\u00fcr Freizeitaktivit\u00e4ten.<\/p>\n<p>Die Fahrzeuge sind mit einem elektrischen Drehstuhl ausgestattet, in dem die Person ausserhalb des Fahrzeugs Platz nehmen und komfortabel und sicher ins Fahrzeuginnere bef\u00f6rdert werden kann.<\/p>\n<p>Die Anpassung der Sitzh\u00f6he erm\u00f6glicht einen leichteren \u00dcbergang von einem Rollstuhl aus.<\/p>\n<p>Avenue Collonges 25<br \/>\n1004 Lausanne<br \/>\n079 138 47 47<br \/>\n<a href=\"mailto:info@serenity-t.ch\">info@serenity-t.ch<\/a><br \/>\n<a href=\"https:\/\/www.serenity-t.ch\/mobilite-reduite\" target=\"_blank\" rel=\"noopener\">https:\/\/www.serenity-t.ch\/mobilite-reduite<\/a><\/p>\n<p><strong>SWeetMobil (SWM)<\/strong><br \/>\nSweetMobil mit Sitz in Gland bietet u.a. einen Fahrservice f\u00fcr Personen mit einer Behinderung, mit oder ohne Rollstuhl. Sie besitzt zwei Fahrzeuge mit einer automatischen Hebeb\u00fchne, die bis zu drei Rollst\u00fchle aufnehmen kann, sowie zwei kleinere Fahrzeuge f\u00fcr die Aufnahme einer Person im Rollstuhl mit einem Begleiter. Sie transportiert den Kunden von seinem Wohnsitz bis zu seinem Bestimmungsort und zwar f\u00fcr alle Arten von Fahrten.<\/p>\n<p>078 637 09 55<br \/>\n<a href=\"mailto:sweetmobil@hotmail.ch\">sweetmobil@hotmail.ch<\/a><br \/>\n<a href=\"https:\/\/sweetmobil.com\/\" target=\"_blank\" rel=\"noopener\">https:\/\/sweetmobil.com<\/a><\/p>\n                    <\/div>\n                <\/div>\n                        <div class=\"accordion-item\">\n                    <div class=\"accordion-header with-icon\">\n                        <lord-icon src=\"https:\/\/cdn.lordicon.com\/xsdtfyne.json\" target=\".accordion-header\" trigger=\"hover\" colors=\"primary:#0A4069\" style=\"width:34px;height:34px\"><\/lord-icon>\n                        <h4>Dienstleistungen<\/h4>\n                    <\/div>\n                    <div class=\"accordion-content\">\n                        <p><strong>ParaMap<\/strong><br \/>\nParaMap unterst\u00fctzt die Mobilit\u00e4t von Menschen im Rollstuhl mit Hilfe einer Karte, die die rollstuhlg\u00e4ngigen Parkpl\u00e4tze, WC, Hotels und Geldautomaten auflistet.<\/p>\n<p>Eine mobile Anwendung steht auf iPhone zur Verf\u00fcgung. Benutzer von Android und anderen Smartphones finden dieselben Angaben \u00fcber den Webbrowser.<br \/>\n<a href=\"https:\/\/www.paramap.ch\/\" target=\"_blank\" rel=\"noopener\">https:\/\/www.paramap.ch\/<\/a><\/p>\n<p><strong>Mit Eurokey zug\u00e4ngliche Anlagen (WC, Aufz\u00fcge, Treppenlift, Hebeb\u00fchnen, usw.)<\/strong><br \/>\nAlle f\u00fcr Behinderte mit Eurokey zug\u00e4nglichen Anlagen in der Schweiz werden durch Pro Infirmis aufgelistet und sind mit einem der folgenden Mittel zug\u00e4nglich:<br \/>\n&#8211; Online Verzeichnis der Anlagen (Suche pro Kanton oder Gemeinde m\u00f6glich)<br \/>\n<a href=\"https:\/\/www.eurokey.ch\/\" target=\"_blank\" rel=\"noopener\">https:\/\/www.eurokey.ch\/<\/a><\/p>\n<p>&#8211;\u00a0<a href=\"https:\/\/www.eurokey.ch\/karte-eurokey-standorte.html\" target=\"_blank\" rel=\"noopener\">Karte der Eurokey-Standorte<\/a><br \/>\n&#8211;\u00a0<a href=\"https:\/\/itunes.apple.com\/fr\/app\/eurokey-iphone-app\/id640097694?mt=8\" target=\"_blank\" rel=\"noopener\">Pro Infirmis Eurokey App f\u00fcr iPhone<\/a><br \/>\n&#8211;\u00a0<a href=\"https:\/\/play.google.com\/store\/apps\/details?id=com.proinfirmis.eurokey.android&amp;feature=search_result\" target=\"_blank\" rel=\"noopener\">Pro Infirmis Eurokey App f\u00fcr Android<\/a><\/p>\n<p><strong>Wie einen Eurokey erhalten?<\/strong><br \/>\n<a href=\"https:\/\/www.eurokey.ch\/menschen-mit-behinderung\/eurokey-online-bestellung.html\" target=\"_blank\" rel=\"noopener\">Einen Eurokey online bestellen und sich liefern lassen<\/a><br \/>\n<a href=\"https:\/\/www.eurokey.ch\/menschen-mit-behinderung\/abgabestellen.html\" target=\"_blank\" rel=\"noopener\">Einen Eurokey bei einer Vertriebsservicestelle abholen<\/a><\/p>\n<p><strong>WC-Guide<\/strong><br \/>\nWC-Guide ist das gr\u00f6sste Verzeichnis f\u00fcr \u00f6ffentliche Toiletten in der Schweiz. Das Verzeichnis wurde auf der Grundlage von Angaben der Gemeinden, Eurokey (siehe entsprechende Seite) und Internetbenutzern erstellt. Dank einem Filter k\u00f6nnen einzig die f\u00fcr behinderte Personen zug\u00e4nglichen WC angezeigt werden.<\/p>\n<p>Das Verzeichnis ist mit einem der folgenden Mittel zug\u00e4nglich:<br \/>\n&#8211;\u00a0<a href=\"https:\/\/www.wc-guide.ch\/deu#lat=46.8738&amp;lng=8.26863000000003&amp;zoom=8\" target=\"_blank\" rel=\"noopener\">Verzeichnis online<\/a><\/p>\n<p>(Denken Sie daran, den Reiter \u00abFilter\u00bb rechts anzuw\u00e4hlen und nur die f\u00fcr Behinderte zug\u00e4nglichen WC auszuw\u00e4hlen)<\/p>\n<p>&#8211;\u00a0<a href=\"https:\/\/itunes.apple.com\/ch\/app\/wc-guide\/id409342528?mt=8\" target=\"_blank\" rel=\"noopener\">WC-Guide, application pour iPhone<\/a><br \/>\n&#8211;\u00a0<a href=\"https:\/\/play.google.com\/store\/apps\/details?id=com.ibros.wcguide\" target=\"_blank\" rel=\"noopener\">WC-Guide, App f\u00fcr Android<\/a><\/p>\n<p><strong>Accessible Tour of Switzerland\u00a0<\/strong><br \/>\nMachen Sie eine barrierefreie Rundreise durch die Schweiz und den Kanton Waadt. Entdecken Sie die atemberaubenden Naturlandschaften und malerischen St\u00e4dte in Ihrem eigenen Tempo.<br \/>\n<a href=\"https:\/\/www.claireundgeorge.ch\/de\/barrierefreie-ausfluege-und-touren\/tour\/accessible-tour-of-switzerland\" target=\"_blank\" rel=\"noopener\">Weitere Informationen<\/a><\/p>\n<p><strong>C\u00e9r\u00e9bral<\/strong><br \/>\nVermietung von verschiedenem Material (Velos, Skis, usw.) f\u00fcr Personen mit einer cerebralen Bewegungsbehinderung.<br \/>\n<a href=\"https:\/\/www.cerebral.ch\/de\/hilfsangebote\/erholung-und-freizeit\/\" target=\"_blank\" rel=\"noopener\">https:\/\/www.cerebral.ch\/de\/hilfsangebote\/erholung-und-freizeit\/<\/a><\/p>\n<p><strong>Association Handiconcept in Villars Gryon<\/strong><br \/>\nDieser Verband bietet menschliche und technische Hilfe, damit behinderte Menschen zu jeder Jahreszeit Aktivit\u00e4ten allein oder mit der Familie geniessen k\u00f6nnen. Sie haben die Wahl zwischen zahlreichen Leistungen: Ski-Rollstuhl, Monoski, Biski, Paragliding, Bob-Ski, Ski zu zweit, Helikopterflug, Gel\u00e4nderollstuhl, massgeschneiderte Wanderungen.<\/p>\n<p>Association Handiconcept Handicap Sport et Loisirs<br \/>\n1882 Gryon<br \/>\n+41(0)79 240 70 82<br \/>\n<a href=\"http:\/\/www.handiconcept.ch\/\" target=\"_blank\" rel=\"noopener\">http:\/\/www.handiconcept.ch\/<\/a><\/p>\n                    <\/div>\n                <\/div>\n                        <div class=\"accordion-item\">\n                    <div class=\"accordion-header with-icon\">\n                        <lord-icon src=\"https:\/\/cdn.lordicon.com\/xsdtfyne.json\" target=\".accordion-header\" trigger=\"hover\" colors=\"primary:#0A4069\" style=\"width:34px;height:34px\"><\/lord-icon>\n                        <h4>Unterk\u00fcnfte<\/h4>\n                    <\/div>\n                    <div class=\"accordion-content\">\n                        <p><strong>C&amp;G &#8211; Hotelspitex &#8211; Hilfe und Betreuung im Hotel<\/strong><br \/>\nDie Stiftung Claire &amp; George ist ein Ferien-Vermittlungsdienst f\u00fcr Hotelaufenthalte in der Schweiz f\u00fcr Personen mit eingeschr\u00e4nkter Mobilit\u00e4t, die w\u00e4hrend ihrem Aufenthalt Hilfe und Betreuung ben\u00f6tigen. Sie nimmt die Buchungen vor, koordiniert die gew\u00fcnschten Hilfe- und Pflegeleistungen und l\u00f6st die Probleme im Bereich Transport und Hilfsmittel. Dieser Service ist gratis.<\/p>\n<p><strong>Herberge ohne Hindernis<\/strong><br \/>\nDie Webseite der Jugendherbergen Schweiz bietet in der ganzen Schweiz 32 Betriebe ohne Hindernisse zu kleinen Preisen an (von insgesamt 51 Herbergen). Die Jugendherbergen sind oft sehr gut gelegen. Auf der Webseite \u00abFilter\u00bb anw\u00e4hlen und \u00abHindernisfreie Zimmer\u00bb ankreuzen.<\/p>\n                    <\/div>\n                <\/div>\n                        <div class=\"accordion-item\">\n                    <div class=\"accordion-header with-icon\">\n                        <lord-icon src=\"https:\/\/cdn.lordicon.com\/xsdtfyne.json\" target=\".accordion-header\" trigger=\"hover\" colors=\"primary:#0A4069\" style=\"width:34px;height:34px\"><\/lord-icon>\n                        <h4>Gesundheit<\/h4>\n                    <\/div>\n                    <div class=\"accordion-content\">\n                        <section class=\"section\">\n<div class=\"container container-large\">\n<div class=\"row\">\n<div class=\"col-lg-12\">\n<div id=\"accordion\" class=\"accordion\">\n<div class=\"card\">\n<div id=\"collapse4\" class=\"collapse show\" aria-labelledby=\"heading4\" data-parent=\"#accordion\">\n<div class=\"card-body\">\n<div class=\"rich-text\"><strong>Notfallnummern rund um die Uhr<\/strong><br \/>\nSchwerwiegende Notf\u00e4lle Erwachsene und Kinder<br \/>\nTel.: 144<\/p>\n<p>Leichtere Notf\u00e4lle Erwachsene und Kinder<br \/>\nTel.: 0848 133 133 (Telefonzentrale der diensthabenden \u00c4rzte im Kanton Waadt)<\/p>\n<p><strong>Medizinischen Poliklinik (PMU)<\/strong><br \/>\nPMU &#8211; in der N\u00e4he des CHUV &#8211; ist eine Referenz f\u00fcr innere und allgemeine Medizin. Sie bietet medizinische Grundversorgung und Hilfe bei medizinischen Notf\u00e4llen, rund um die Uhr und sieben Tage die Woche.<\/p>\n<p>Rue du Bugnon 44<br \/>\n1011 Lausanne<br \/>\n021 314 60 60<\/p>\n<p><strong>Medizinische Poliklinik, Anlaufstelle des Quartiers Flon (PMU-FLON)<\/strong><br \/>\nDie im Zentrum von Lausanne gelegene medizinische Anlaufstelle PMU-FLON bietet medizinische Grundversorgung und Notversorgung an sieben Tagen der Woche, von 7 &#8211; 21 Uhr vom Montag bis Samstag und von 9-19 Uhr an Sonn- und Feiertagen.<\/p>\n<p>Geb\u00e4ude Les Mercier A,<br \/>\nVoie du Chariot 4<br \/>\n1003 Lausanne<br \/>\n021 314 90 90<\/p><\/div>\n<\/div>\n<\/div>\n<\/div>\n<\/div>\n<\/div>\n<\/div>\n<\/div>\n<\/section>\n                    <\/div>\n                <\/div>\n            <\/div>\n\n\n\t<\/div>\n\n<\/div>\n","protected":false},"excerpt":{"rendered":"","protected":false},"author":8,"featured_media":1871,"parent":0,"menu_order":0,"comment_status":"closed","ping_status":"closed","template":"","meta":{"_acf_changed":false,"footnotes":""},"class_list":["post-2475","page","type-page","status-publish","has-post-thumbnail","hentry"],"acf":[],"aioseo_notices":[],"_links":{"self":[{"href":"https:\/\/www.vaud.ch\/de\/wp-json\/wp\/v2\/pages\/2475","targetHints":{"allow":["GET"]}}],"collection":[{"href":"https:\/\/www.vaud.ch\/de\/wp-json\/wp\/v2\/pages"}],"about":[{"href":"https:\/\/www.vaud.ch\/de\/wp-json\/wp\/v2\/types\/page"}],"author":[{"embeddable":true,"href":"https:\/\/www.vaud.ch\/de\/wp-json\/wp\/v2\/users\/8"}],"replies":[{"embeddable":true,"href":"https:\/\/www.vaud.ch\/de\/wp-json\/wp\/v2\/comments?post=2475"}],"version-history":[{"count":10,"href":"https:\/\/www.vaud.ch\/de\/wp-json\/wp\/v2\/pages\/2475\/revisions"}],"predecessor-version":[{"id":17109,"href":"https:\/\/www.vaud.ch\/de\/wp-json\/wp\/v2\/pages\/2475\/revisions\/17109"}],"wp:featuredmedia":[{"embeddable":true,"href":"https:\/\/www.vaud.ch\/de\/wp-json\/wp\/v2\/media\/1871"}],"wp:attachment":[{"href":"https:\/\/www.vaud.ch\/de\/wp-json\/wp\/v2\/media?parent=2475"}],"curies":[{"name":"wp","href":"https:\/\/api.w.org\/{rel}","templated":true}]}}