{"id":2495,"date":"2023-08-09T16:27:28","date_gmt":"2023-08-09T14:27:28","guid":{"rendered":"https:\/\/www.vaud.ch\/?page_id=2495"},"modified":"2025-12-11T15:34:50","modified_gmt":"2025-12-11T14:34:50","slug":"leben","status":"publish","type":"page","link":"https:\/\/www.vaud.ch\/de\/leben\/","title":{"rendered":"Im Kanton Waadt leben\u00a0"},"content":{"rendered":"<div class=\"wp-bootstrap-blocks-row row justify-content-center\">\n\t\n\n<div class=\"col-12 col-md-10 col-xl-8\">\n\t\t\t\n\n<p class=\"is-style-heading-p\">Auf der Suche nach einer sicheren, authentischen und stimulierenden Gegend, in der Sie sich verwirklichen k\u00f6nnen? Lust auf Kultur, Erlebnisse und Innovation, die Ihren Alltag vers\u00fcssen? Willkommen im Kanton Waadt!&nbsp;<\/p>\n\n\n\n<h2 class=\"wp-block-heading\">Waadtl\u00e4nder Lebenskunst&nbsp;<\/h2>\n\n\n\n<figure class=\"wp-block-image size-full\"><img loading=\"lazy\" decoding=\"async\" width=\"2560\" height=\"1708\" src=\"https:\/\/www.vaud.ch\/app\/uploads\/2023\/08\/VivreVaud_jonathanviey-7723-scaled.jpg\" alt=\"\" class=\"wp-image-1437\" srcset=\"https:\/\/www.vaud.ch\/app\/uploads\/2023\/08\/VivreVaud_jonathanviey-7723-scaled.jpg 2560w, https:\/\/www.vaud.ch\/app\/uploads\/2023\/08\/VivreVaud_jonathanviey-7723-768x513.jpg 768w, https:\/\/www.vaud.ch\/app\/uploads\/2023\/08\/VivreVaud_jonathanviey-7723-2048x1367.jpg 2048w, https:\/\/www.vaud.ch\/app\/uploads\/2023\/08\/VivreVaud_jonathanviey-7723-749x500.jpg 749w, https:\/\/www.vaud.ch\/app\/uploads\/2023\/08\/VivreVaud_jonathanviey-7723-300x200.jpg 300w, https:\/\/www.vaud.ch\/app\/uploads\/2023\/08\/VivreVaud_jonathanviey-7723-1024x683.jpg 1024w, https:\/\/www.vaud.ch\/app\/uploads\/2023\/08\/VivreVaud_jonathanviey-7723-1536x1025.jpg 1536w\" sizes=\"auto, (max-width: 2560px) 100vw, 2560px\" \/><figcaption class=\"wp-element-caption\">\u00a9Jonathan Viey<\/figcaption><\/figure>\n\n\n\n<h3 class=\"wp-block-heading\">Ein aussergew\u00f6hnlicher Rahmen, in dem sich jeder frei entfalten kann&nbsp;<\/h3>\n\n\n\n<p>Wer sich zum ersten Mal im Kanton Waadt aufh\u00e4lt, entdeckt eine einmalige Umgebung und eine unvergleichliche Mentalit\u00e4t, die beste Voraussetzungen f\u00fcr ein erf\u00fclltes Leben bieten. Es ist ein Ort, wo es sich gut leben l\u00e4sst\u202f\u2026 und wo man gut leben kann!&nbsp;<\/p>\n\n\n\n<p>Folgendes zeichnet den Kanton Waadt aus:&nbsp;&nbsp;<\/p>\n\n\n\n<ul class=\"wp-block-list editor-list\">\n<li>Seine Landschaften von atemberaubender Sch\u00f6nheit und grosser Vielfalt: Der Genfersee mit seinen Wasserspiegelungen, Weinberge in tausend Farben, paradiesische Landstriche und Gebirgsz\u00fcge werden Ihr Herz erobern und Sie in Staunen versetzen.&nbsp;&nbsp;<\/li>\n\n\n\n<li>Seine dreizehn Regionen, eine einzigartiger als die andere: Von ihrem fruchtbaren Terroir und ihrem fantastischen gastronomischen und kulturellen Angebot werden Sie begeistert sein.&nbsp;&nbsp;<\/li>\n\n\n\n<li>Seine stimulierende kollektive Energie: Sein Talentpool, seine wirtschaftliche und intellektuelle Vielfalt werden f\u00fcr jedes Ihrer Projekte den entscheidenden Unterschied machen.&nbsp;<\/li>\n\n\n\n<li>Sicherheitsgef\u00fchl und Zuverl\u00e4ssigkeit: Seine politische Stabilit\u00e4t, die Effizienz seiner Institutionen und die Waadtl\u00e4nder Lebenskunst werden Ihnen Lust machen, langfristige Pl\u00e4ne zu schmieden.&nbsp;<\/li>\n\n\n\n<li>Ein perfektes Gleichgewicht zwischen beruflichen und akademischen M\u00f6glichkeiten und erholsamen Freizeitaktivit\u00e4ten: mit anderen Worten ein Ort, an dem sich jeder frei entfalten kann.&nbsp;&nbsp;<\/li>\n<\/ul>\n\n\n\n<hr class=\"wp-block-separator has-alpha-channel-opacity is-style-default\"\/>\n\n\n\n\t<div class=\"tabs \"  style=\"\">\n\t\t<div class=\"tabs-nav\">\n\t\t\t<ul>\n\t\t\t\t\t\t\t\t\t\t\t\t\t<li class=\"active\" data-tab-nav=\"0\">Ein anerkanntes Know-how <\/li>\n\t\t\t\t\t\t\t\t\t\t\t\t\t\t\t\t<li data-tab-nav=\"1\">Innovation und Gesundheit <\/li>\n\t\t\t\t\t\t\t\t\t\t\t\t\t\t\t\t<li data-tab-nav=\"2\">Ein guter Wohnort <\/li>\n\t\t\t\t\t\t\t\t\t\t\t\t\t\t\t\t<\/ul>\n\t\t<\/div>\n\t\t<div class=\"tabs-content\">\n\t\t\t\t\t\t\t\t\t\t\t<div class=\"tab active\" data-tab-content=\"0\">\n\t\t\t\t\t\t<p><span data-contrast=\"auto\">Mit zwei Labeln w\u00fcrdigt der Kanton Waadt lokale Unternehmen und Terroir-Produkte, die ihm im In- und Ausland Ausstrahlung verschaffen.<\/span><span data-ccp-props=\"{}\">\u00a0<\/span><\/p>\n<ul>\n<li aria-setsize=\"-1\" data-leveltext=\"\uf0b7\" data-font=\"Symbol\" data-listid=\"3\" data-list-defn-props=\"{&quot;335552541&quot;:1,&quot;335559685&quot;:720,&quot;335559991&quot;:360,&quot;469769226&quot;:&quot;Symbol&quot;,&quot;469769242&quot;:[8226],&quot;469777803&quot;:&quot;left&quot;,&quot;469777804&quot;:&quot;\uf0b7&quot;,&quot;469777815&quot;:&quot;hybridMultilevel&quot;}\" data-aria-posinset=\"1\" data-aria-level=\"1\"><span data-contrast=\"auto\">Das Label <\/span><a href=\"https:\/\/www.vaud.ch\/de\/vaud-ambassadeur\/\"><span data-contrast=\"none\">VAUD AMBASSADEUR<\/span><\/a><span data-contrast=\"auto\"> vereint Unternehmen und Institutionen, die so wichtige Werte wie Respekt, Ethik und Nachhaltigkeit f\u00f6rdern und verteidigen.<\/span><span data-ccp-props=\"{}\">\u00a0<\/span><\/li>\n<\/ul>\n<ul>\n<li aria-setsize=\"-1\" data-leveltext=\"\uf0b7\" data-font=\"Symbol\" data-listid=\"3\" data-list-defn-props=\"{&quot;335552541&quot;:1,&quot;335559685&quot;:720,&quot;335559991&quot;:360,&quot;469769226&quot;:&quot;Symbol&quot;,&quot;469769242&quot;:[8226],&quot;469777803&quot;:&quot;left&quot;,&quot;469777804&quot;:&quot;\uf0b7&quot;,&quot;469777815&quot;:&quot;hybridMultilevel&quot;}\" data-aria-posinset=\"2\" data-aria-level=\"1\"><span data-contrast=\"auto\">Das Label <\/span><a href=\"https:\/\/www.vaud.ch\/de\/das-label-vaud-certifie-dici\/\"><span data-contrast=\"none\">VAUD CERTIFI\u00c9 D\u2019ICI<\/span><\/a><span data-contrast=\"auto\"> garantiert f\u00fcr die N\u00e4he, Vielfalt, Authentizit\u00e4t und R\u00fcckverfolgbarkeit von mehr als 1800\u202fWaadtl\u00e4nder Produkten.<\/span><span data-ccp-props=\"{}\">\u00a0<\/span><\/li>\n<\/ul>\n<p><span data-contrast=\"auto\">VAUD bedeutet Leidenschaft f\u00fcr Exzellenz im Dienste der Qualit\u00e4t. Ganz einfach.<\/span><span data-ccp-props=\"{}\">\u00a0<\/span><\/p>\n\t\t\t\t\t<\/div>\n\t\t\t\t\t\t\t\t\t\t\t\t<div class=\"tab\" data-tab-content=\"1\">\n\t\t\t\t\t\t<p><span data-contrast=\"auto\">Die gute Lebensqualit\u00e4t im Kanton Waadt ist auch seinen Forschungs- und Innovationszentren, seinen Inkubatoren, seinen Hochschulen und seinem Gesundheitsnetzwerk zu verdanken.\u00a0<\/span><span data-ccp-props=\"{}\">\u00a0<\/span><\/p>\n<ul>\n<li aria-setsize=\"-1\" data-leveltext=\"\uf0b7\" data-font=\"Symbol\" data-listid=\"2\" data-list-defn-props=\"{&quot;335552541&quot;:1,&quot;335559685&quot;:720,&quot;335559991&quot;:360,&quot;469769226&quot;:&quot;Symbol&quot;,&quot;469769242&quot;:[8226],&quot;469777803&quot;:&quot;left&quot;,&quot;469777804&quot;:&quot;\uf0b7&quot;,&quot;469777815&quot;:&quot;hybridMultilevel&quot;}\" data-aria-posinset=\"1\" data-aria-level=\"1\"><span data-contrast=\"auto\">Durch das Zusammenbringen und die Vernetzung von Universit\u00e4ten, Hochschulen, Forschungszentren, Investoren und Unternehmern schafft der Kanton Waadt einen \u00e4usserst stimulierenden Innovations-Hub.<\/span><span data-ccp-props=\"{}\">\u00a0<\/span><\/li>\n<\/ul>\n<ul>\n<li aria-setsize=\"-1\" data-leveltext=\"\uf0b7\" data-font=\"Symbol\" data-listid=\"2\" data-list-defn-props=\"{&quot;335552541&quot;:1,&quot;335559685&quot;:720,&quot;335559991&quot;:360,&quot;469769226&quot;:&quot;Symbol&quot;,&quot;469769242&quot;:[8226],&quot;469777803&quot;:&quot;left&quot;,&quot;469777804&quot;:&quot;\uf0b7&quot;,&quot;469777815&quot;:&quot;hybridMultilevel&quot;}\" data-aria-posinset=\"2\" data-aria-level=\"1\"><span data-contrast=\"auto\">Dank seines Universit\u00e4tsspitals <\/span><a href=\"https:\/\/www.chuv.ch\/fr\/\"><span data-contrast=\"none\">CHUV<\/span><\/a><span data-contrast=\"auto\"> (Centre hospitalier universitaire) und der dort t\u00e4tigen hochkar\u00e4tigen Spezialisten wird der Kanton Waadt auch als \u00abHealth Valley\u00bb bezeichnet. Es besteht eine breite Palette an Gesundheitsleistungen von modernsten medizinischen Behandlungen bis zu Erholungskuren, die f\u00fcr eine bessere k\u00f6rperliche und psychische Gesundheit garantieren.<\/span><span data-ccp-props=\"{}\">\u00a0<\/span><\/li>\n<\/ul>\n<p><span data-contrast=\"auto\">Die Exzellenz des Kantons Waadt wird nicht dem Zufall \u00fcberlassen, sie wird mit Freude und Dynamik gepflegt.\u00a0<\/span><span data-ccp-props=\"{}\">\u00a0<\/span><\/p>\n\t\t\t\t\t<\/div>\n\t\t\t\t\t\t\t\t\t\t\t\t<div class=\"tab\" data-tab-content=\"2\">\n\t\t\t\t\t\t<p><span data-contrast=\"auto\">Dank seiner Willkommenskultur ist der Kanton Waadt eine der kosmopolitischsten Regionen der Schweiz. M\u00f6chten Sie sich hier niederlassen? Wir begleiten Sie Schritt f\u00fcr Schritt.\u00a0<\/span><span data-ccp-props=\"{}\">\u00a0<\/span><\/p>\n<ul>\n<li aria-setsize=\"-1\" data-leveltext=\"\uf0b7\" data-font=\"Symbol\" data-listid=\"5\" data-list-defn-props=\"{&quot;335552541&quot;:1,&quot;335559685&quot;:720,&quot;335559991&quot;:360,&quot;469769226&quot;:&quot;Symbol&quot;,&quot;469769242&quot;:[8226],&quot;469777803&quot;:&quot;left&quot;,&quot;469777804&quot;:&quot;\uf0b7&quot;,&quot;469777815&quot;:&quot;hybridMultilevel&quot;}\" data-aria-posinset=\"1\" data-aria-level=\"1\"><span data-contrast=\"auto\">Auf unserer Seite <\/span><a href=\"https:\/\/www.vaud.ch\/de\/praktische-tipps\/\"><span data-contrast=\"none\">Praktische Tipps<\/span><\/a><span data-contrast=\"auto\"> finden Sie alle n\u00fctzlichen Informationen.<\/span><span data-ccp-props=\"{}\">\u00a0<\/span><\/li>\n<\/ul>\n<ul>\n<li aria-setsize=\"-1\" data-leveltext=\"\uf0b7\" data-font=\"Symbol\" data-listid=\"5\" data-list-defn-props=\"{&quot;335552541&quot;:1,&quot;335559685&quot;:720,&quot;335559991&quot;:360,&quot;469769226&quot;:&quot;Symbol&quot;,&quot;469769242&quot;:[8226],&quot;469777803&quot;:&quot;left&quot;,&quot;469777804&quot;:&quot;\uf0b7&quot;,&quot;469777815&quot;:&quot;hybridMultilevel&quot;}\" data-aria-posinset=\"2\" data-aria-level=\"1\"><span data-contrast=\"auto\">Die Website der Fachstelle f\u00fcr Ausl\u00e4nderintegration und Rassismuspr\u00e4vention (<\/span><a href=\"https:\/\/www.vaud-bienvenue.ch\/\"><span data-contrast=\"none\">Bureau cantonal pour l\u2019int\u00e9gration des \u00e9trangers et la pr\u00e9vention du racisme<\/span><\/a><span data-contrast=\"auto\">) informiert Sie \u00fcber die administrativen Schritte in Zusammenhang mit Ihrer Niederlassung, die Bedingungen auf dem Arbeitsmarkt, die Wohnungssuche und M\u00f6glichkeiten, Franz\u00f6sischkurse zu besuchen.<\/span><span data-ccp-props=\"{}\">\u00a0<\/span><\/li>\n<\/ul>\n<p><span data-contrast=\"auto\">Willkommen im Kanton Waadt!<\/span><span data-ccp-props=\"{}\">\u00a0<\/span><\/p>\n\t\t\t\t\t<\/div>\n\t\t\t\t\t\t\t\t\t\t\t\t<\/div>\n\t<\/div>\n\n\n\n\t<\/div>\n\n\n\n<div class=\"col-12\">\n\t\t\t\n\n    <div class=\"post-list-arrows \">\n                <div class=\"arrows\">\n            <div class=\" prev-arrow\">\n                <img decoding=\"async\" src=\"https:\/\/www.vaud.ch\/app\/themes\/child\/assets\/images\/system-outline-161-trending-flat.svg\" alt=\"\" class=\"skip-lazy\">\n            <\/div>\n            <div class=\"next-arrow\">\n                <img decoding=\"async\" src=\"https:\/\/www.vaud.ch\/app\/themes\/child\/assets\/images\/system-outline-161-trending-flat.svg\" alt=\"\" class=\"skip-lazy\">\n            <\/div>\n        <\/div>\n\n    <\/div>\n    <div class=\"call-to-action  row  \"  style=\"\">\n                        <div class=\"col-md-3\">\n                                            <a class=\"cta-item \" href=\"https:\/\/shop.myvaud.ch\/VP\/ukv?lang=de\" target=\"_self\">\n                                                                                    <img data-lazy=\"https:\/\/www.vaud.ch\/app\/uploads\/2025\/08\/Romantik-Hotel-Mont-Blanc-2013-8.jpg\" alt=\"Buchen Sie ein Hotel in der Region\" class=\"skip-lazy\">\n                                                        <span class=\"text\">Buchen Sie ein Hotel in der Region<\/span>\n                            <span class=\"read-more\">Mehr lesen<\/span>\n                                                    <\/a>\n                        <\/div>\n                <div class=\"col-md-3\">\n                                            <a class=\"cta-item \" href=\"https:\/\/www.vaud.ch\/de\/praktische-tipps\/\" target=\"_self\">\n                                                                                    <img data-lazy=\"https:\/\/www.vaud.ch\/app\/uploads\/2023\/08\/VivreVaud_Montreux_vue_depuis_hauts\u00aeMontreux-Riviera_MaudeRion-2-751x500.jpg\" alt=\"Praktische Tipps\" class=\"skip-lazy\">\n                                                        <span class=\"text\">Praktische Tipps<\/span>\n                            <span class=\"read-more\">Mehr lesen<\/span>\n                                                    <\/a>\n                        <\/div>\n                <div class=\"col-md-3\">\n                                            <a class=\"cta-item \" href=\"https:\/\/www.vaud.ch\/de\/leben\/communaute-vaud\/\" target=\"_self\">\n                                                                                    <img data-lazy=\"https:\/\/www.vaud.ch\/app\/uploads\/2023\/08\/Nestle_labo_3_MAG-738x500.jpg\" alt=\"Unsere 2 Labels f\u00fcr Waadtl\u00e4nder Exzellenz entdecken\" class=\"skip-lazy\">\n                                                        <span class=\"text\">Unsere 2 Labels f\u00fcr Waadtl\u00e4nder Exzellenz entdecken<\/span>\n                            <span class=\"read-more\">Mehr lesen<\/span>\n                                                    <\/a>\n                        <\/div>\n                <div class=\"col-md-3\">\n                                            <a class=\"cta-item \" href=\"https:\/\/www.vaud.ch\/de\/bildung\/\" target=\"_self\">\n                                                                                    <img data-lazy=\"https:\/\/www.vaud.ch\/app\/uploads\/2023\/08\/Campus-EPFL_Alain-Herzog-1-750x500.jpg\" alt=\"Von der akademischen Exzellenz profitieren\" class=\"skip-lazy\">\n                                                        <span class=\"text\">Von der akademischen Exzellenz profitieren<\/span>\n                            <span class=\"read-more\">Mehr lesen<\/span>\n                                                    <\/a>\n                        <\/div>\n                <div class=\"col-md-3\">\n                                            <a class=\"cta-item \" href=\"https:\/\/www.vaud.ch\/de\/tourismus\/sport\/\" target=\"_self\">\n                                                                                    <img data-lazy=\"https:\/\/www.vaud.ch\/app\/uploads\/2023\/08\/TourismeVaud_Leysin-8_Schweiz-Tourismus-Daniel-Loosli-750x500.jpg\" alt=\"Sport und Nervenkitzel \" class=\"skip-lazy\">\n                                                        <span class=\"text\">Sport und Nervenkitzel <\/span>\n                            <span class=\"read-more\">Mehr lesen<\/span>\n                                                    <\/a>\n                        <\/div>\n<\/div>\n\n\n\t<\/div>\n\n<\/div>\n","protected":false},"excerpt":{"rendered":"","protected":false},"author":8,"featured_media":1475,"parent":0,"menu_order":0,"comment_status":"closed","ping_status":"closed","template":"","meta":{"_acf_changed":false,"footnotes":""},"class_list":["post-2495","page","type-page","status-publish","has-post-thumbnail","hentry"],"acf":[],"aioseo_notices":[],"_links":{"self":[{"href":"https:\/\/www.vaud.ch\/de\/wp-json\/wp\/v2\/pages\/2495","targetHints":{"allow":["GET"]}}],"collection":[{"href":"https:\/\/www.vaud.ch\/de\/wp-json\/wp\/v2\/pages"}],"about":[{"href":"https:\/\/www.vaud.ch\/de\/wp-json\/wp\/v2\/types\/page"}],"author":[{"embeddable":true,"href":"https:\/\/www.vaud.ch\/de\/wp-json\/wp\/v2\/users\/8"}],"replies":[{"embeddable":true,"href":"https:\/\/www.vaud.ch\/de\/wp-json\/wp\/v2\/comments?post=2495"}],"version-history":[{"count":20,"href":"https:\/\/www.vaud.ch\/de\/wp-json\/wp\/v2\/pages\/2495\/revisions"}],"predecessor-version":[{"id":20069,"href":"https:\/\/www.vaud.ch\/de\/wp-json\/wp\/v2\/pages\/2495\/revisions\/20069"}],"wp:featuredmedia":[{"embeddable":true,"href":"https:\/\/www.vaud.ch\/de\/wp-json\/wp\/v2\/media\/1475"}],"wp:attachment":[{"href":"https:\/\/www.vaud.ch\/de\/wp-json\/wp\/v2\/media?parent=2495"}],"curies":[{"name":"wp","href":"https:\/\/api.w.org\/{rel}","templated":true}]}}