{"id":2572,"date":"2023-08-14T14:56:02","date_gmt":"2023-08-14T12:56:02","guid":{"rendered":"https:\/\/www.vaud.ch\/?page_id=2572"},"modified":"2026-04-01T17:22:43","modified_gmt":"2026-04-01T15:22:43","slug":"bildung-2","status":"publish","type":"page","link":"https:\/\/www.vaud.ch\/de\/leben\/bildung-2\/","title":{"rendered":"Bildung"},"content":{"rendered":"<div class=\"wp-bootstrap-blocks-row row justify-content-center\">\n\t\n\n<div class=\"col-12 col-md-10 col-xl-7\">\n\t\t\t\n\n<p class=\"is-style-heading-p\">Wussten Sie, dass die renommierten Waadtl\u00e4nder Schulen nicht nur jungen Waadtl\u00e4nderinnen und Waadtl\u00e4ndern Zugang zu einer erstklassigen Ausbildung verschaffen, sondern auch Studierende und Forschende aus der ganzen Welt anziehen?<\/p>\n\n\n\n<h2 class=\"wp-block-heading\"><strong>International anerkannte akademische Exzellenz<\/strong><\/h2>\n\n\n\n\n\n<figure class=\"wp-block-video\"><video height=\"1080\" style=\"aspect-ratio: 1920 \/ 1080;\" width=\"1920\" autoplay controls loop muted src=\"https:\/\/www.vaud.ch\/app\/uploads\/2024\/12\/vfinale_corr_Hautes-ecoles_VaudPromotion_HD.mp4\"><\/video><\/figure>\n\n\n\n<p>Waadtl\u00e4nderinnen und Waadtl\u00e4nder haben erstklassige Ausbildungsm\u00f6glichkeiten. Die renommierten Schulen im Kanton ziehen aber auch unz\u00e4hlige Studentinnen und Studenten aus der ganzen Welt an den Genfersee.<\/p>\n\n\n\n<h3 class=\"wp-block-heading\">Die Freiheit, sich selbst zu verwirklichen, beginnt in der Schule<\/h3>\n\n\n\n<p>In der Kantonshauptstadt Lausanne gibt es 4 international renommierte Universit\u00e4ten und Schulen: <a href=\"https:\/\/www.epfl.ch\/de\/\" target=\"_blank\" rel=\"noopener\" title=\"die Eidgen\u00f6ssische Technische Hochschule Lausanne (EPFL)\">die Eidgen\u00f6ssische Technische Hochschule Lausanne (EPFL)<\/a>, <a href=\"https:\/\/www.unil.ch\/central\/en\/home.html\" target=\"_blank\" rel=\"noopener\" title=\"die Universit\u00e4t Lausanne (UNIL)\">die Universit\u00e4t Lausanne (UNIL)<\/a>, <a href=\"https:\/\/www.ehl.edu\/de\/\" target=\"_blank\" rel=\"noopener\" title=\"die Hotelfachschule Lausanne (EHL)\">die Hotelfachschule Lausanne (EHL)<\/a> und <a href=\"https:\/\/www.imd.org\/\" target=\"_blank\" rel=\"noopener\" title=\"das International Institute for Management Development (IMD\">das International Institute for Management Development (IMD<\/a>).<\/p>\n\n\n\n<figure class=\"wp-block-image size-full\"><img loading=\"lazy\" decoding=\"async\" width=\"2560\" height=\"1706\" src=\"https:\/\/www.vaud.ch\/app\/uploads\/2023\/08\/ADNV_Coupe-de-robotique_SwissEurobot-2015_\u00a9-Robot_pfg@p-f.ch-_\u00a9-Robot-CH-PFGauthey-heig--scaled.jpg\" alt=\"Coupe de robotique avec des \u00e9tudiants de la HEIG-VD\" class=\"wp-image-1579\" srcset=\"https:\/\/www.vaud.ch\/app\/uploads\/2023\/08\/ADNV_Coupe-de-robotique_SwissEurobot-2015_\u00a9-Robot_pfg@p-f.ch-_\u00a9-Robot-CH-PFGauthey-heig--scaled.jpg 2560w, https:\/\/www.vaud.ch\/app\/uploads\/2023\/08\/ADNV_Coupe-de-robotique_SwissEurobot-2015_\u00a9-Robot_pfg@p-f.ch-_\u00a9-Robot-CH-PFGauthey-heig--1024x683.jpg 1024w, https:\/\/www.vaud.ch\/app\/uploads\/2023\/08\/ADNV_Coupe-de-robotique_SwissEurobot-2015_\u00a9-Robot_pfg@p-f.ch-_\u00a9-Robot-CH-PFGauthey-heig--750x500.jpg 750w, https:\/\/www.vaud.ch\/app\/uploads\/2023\/08\/ADNV_Coupe-de-robotique_SwissEurobot-2015_\u00a9-Robot_pfg@p-f.ch-_\u00a9-Robot-CH-PFGauthey-heig--300x200.jpg 300w, https:\/\/www.vaud.ch\/app\/uploads\/2023\/08\/ADNV_Coupe-de-robotique_SwissEurobot-2015_\u00a9-Robot_pfg@p-f.ch-_\u00a9-Robot-CH-PFGauthey-heig--768x512.jpg 768w, https:\/\/www.vaud.ch\/app\/uploads\/2023\/08\/ADNV_Coupe-de-robotique_SwissEurobot-2015_\u00a9-Robot_pfg@p-f.ch-_\u00a9-Robot-CH-PFGauthey-heig--1536x1024.jpg 1536w, https:\/\/www.vaud.ch\/app\/uploads\/2023\/08\/ADNV_Coupe-de-robotique_SwissEurobot-2015_\u00a9-Robot_pfg@p-f.ch-_\u00a9-Robot-CH-PFGauthey-heig--2048x1365.jpg 2048w\" sizes=\"auto, (max-width: 2560px) 100vw, 2560px\" \/><figcaption class=\"wp-element-caption\">pfg@p-f.ch _\u00a9 Robot-CH, PFGauthey, heig<\/figcaption><\/figure>\n\n\n\n<p>Die Schulen des <a href=\"https:\/\/www.hes-so.ch\/de\/startseite\" target=\"_blank\" rel=\"noopener\" title=\"\">HES-SO<\/a> Netzerks, darunter die <a href=\"https:\/\/heig-vd.ch\/en\" target=\"_blank\" rel=\"noopener\" title=\"HEIG-VD\">HEIG-VD<\/a> oder die <a href=\"https:\/\/ecal.ch\/en\/\" target=\"_blank\" rel=\"noopener\" title=\"ECAL\">ECAL<\/a>, bieten zahlreiche Studieng\u00e4nge an, die sich auf die angewandte Forschung konzentrieren. Vier Hotelfachschulen, die zu den zehn besten der Welt geh\u00f6ren, haben sich in <a href=\"https:\/\/www.glion.edu\/\" target=\"_blank\" rel=\"noopener\" title=\"Glion\">Glion<\/a>, <a href=\"https:\/\/www.shms.com\/en\/about-swiss-hotel-management-school\/leysin-campus\/\" target=\"_blank\" rel=\"noopener\" title=\"Leysin\">Leysin<\/a>, <a href=\"https:\/\/www.hotelinstitutemontreux.com\/en\/\" target=\"_blank\" rel=\"noopener\" title=\"Montreux \">Montreux <\/a>und <a href=\"https:\/\/www.shms.com\/en\/about-swiss-hotel-management-school\/caux-campus\/\" target=\"_blank\" rel=\"noopener\" title=\"Caux \">Caux <\/a>niedergelassen. In der Region gibt es zahlreiche <a href=\"https:\/\/www.vd.ch\/themes\/formation\/enseignement-superieur\/liste-des-institutions\">weitere Bildungseinrichtungen<\/a> und auch viele private Institute.<\/p>\n\n\n\n<h3 class=\"wp-block-heading\">Starke wirtschaftliche Auswirkungen<\/h3>\n\n\n\n<p>Die Waadtl\u00e4nder Hochschulen tragen mit ihren beachtlichen Einnahmen zur Wirtschaft des Kantons und des Landes bei.<\/p>\n\n\n\n<p>Laut einer von der EPFL durchgef\u00fchrten Studie brachte die zweitgr\u00f6sste technische Hochschule des Landes im Jahr 2021 der Schweizer Wirtschaft 5,8&nbsp;Milliarden Franken ein, 4&nbsp;Milliarden davon dem Kanton Waadt.<\/p>\n\n\n\n<h3 class=\"wp-block-heading\">Weitere Informationen zu den Fachhochschulen im Kanton Waadt:<\/h3>\n\n\n\n<p>Grundlagenforschung<\/p>\n\n\n\n<ul class=\"wp-block-list\">\n<li><a href=\"https:\/\/www.unil.ch\/unil\/en\/home.html\" target=\"_blank\" rel=\"noopener\" title=\"\">Universit\u00e4t Lausanne (UNIL)<\/a><\/li>\n\n\n\n<li><a href=\"https:\/\/www.epfl.ch\/de\/\" target=\"_blank\" rel=\"noopener\" title=\"\">Eidgen\u00f6ssische Technische Hochschule Lausanne (EPFL)<\/a><\/li>\n\n\n\n<li><a href=\"https:\/\/www.imd.org\/\" target=\"_blank\" rel=\"noopener\" title=\"\">International Institute for Management Development (IMD)<\/a><\/li>\n<\/ul>\n\n\n\n<p>Bildungsforschung<\/p>\n\n\n\n<ul class=\"wp-block-list\">\n<li><a href=\"https:\/\/www.hepl.ch\/\" target=\"_blank\" rel=\"noopener\" title=\"\">P\u00e4dagogische Hochschule des Kantons Waadt (HEP Vaud)<\/a><\/li>\n\n\n\n<li><a href=\"https:\/\/www.ehb.swiss\/\" target=\"_blank\" rel=\"noopener\" title=\"\">Eidgen\u00f6ssisches Institut f\u00fcr Berufsbildung (HEFP)<\/a><\/li>\n<\/ul>\n\n\n\n<p>Angewandte Forschung<\/p>\n\n\n\n<ul class=\"wp-block-list\">\n<li><a href=\"https:\/\/ecal.ch\/en\/\" target=\"_blank\" rel=\"noopener\" title=\"\">Kantonale Kunsthochschule Lausanne (ECAL)<\/a><\/li>\n\n\n\n<li><a href=\"https:\/\/heig-vd.ch\/\" target=\"_blank\" rel=\"noopener\" title=\"\">Hochschule f\u00fcr Technik und Kunst des Kantons Waadt (HEIG-VD)<\/a><\/li>\n\n\n\n<li><a href=\"https:\/\/hesav.ch\/\" target=\"_blank\" rel=\"noopener\" title=\"\">Hochschule f\u00fcr Technik und Kunst Waadt (HESAV)<\/a><\/li>\n\n\n\n<li><a href=\"https:\/\/www.hemu.ch\/en\/home\" target=\"_blank\" rel=\"noopener\" title=\"\">Hochschule f\u00fcr Musik (HEMU)<\/a><\/li>\n\n\n\n<li><a href=\"https:\/\/www.hetsl.ch\/international\" target=\"_blank\" rel=\"noopener\" title=\"\">Hochschule f\u00fcr Technik und Kunst Lausanne (HETSL)<\/a><\/li>\n\n\n\n<li><a href=\"https:\/\/www.ecolelasource.ch\/en\/\" target=\"_blank\" rel=\"noopener\" title=\"\">Institut und Hochschule f\u00fcr Gesundheitswissenschaften (La Source)<\/a><\/li>\n\n\n\n<li><a href=\"https:\/\/www.changins.ch\/de\/\" target=\"_blank\" rel=\"noopener\" title=\"\">Hochschule f\u00fcr Weinbau und \u00d6nologie (Changins)<\/a><\/li>\n\n\n\n<li><a href=\"https:\/\/www.ehl.edu\/de\/\" target=\"_blank\" rel=\"noopener\" title=\"\">Hochschule f\u00fcr Hotellerie (EHL)<\/a><\/li>\n\n\n\n<li><a href=\"https:\/\/www.manufacture.ch\/\" target=\"_blank\" rel=\"noopener\" title=\"\">Hochschule f\u00fcr darstellende K\u00fcnste (La Manufacture)<\/a><\/li>\n\n\n\n<li><a href=\"https:\/\/www.kalaidos-fh.ch\/de-CH\/\" target=\"_blank\" rel=\"noopener\" title=\"\">Fachhochschule Kalaidos (Kalaidos)<\/a><\/li>\n\n\n\n<li><a href=\"https:\/\/www.glion.edu\/\" target=\"_blank\" rel=\"noopener\" title=\"\">Glion Institute of Higher Education (Glion)<\/a><\/li>\n\n\n\n<li><a href=\"https:\/\/www.hes-so.ch\/en\/master\/hes-so-master\/programmes\/integrated-innovation-for-product-and-business-development-innokick\" target=\"_blank\" rel=\"noopener\" title=\"\">Master in Integrierter Innovation f\u00fcr Produkt- und Gesch\u00e4ftsentwicklung (HES-SO Master Innokick)<\/a><\/li>\n<\/ul>\n\n\n\n<div class=\"wp-block-group is-content-justification-center is-nowrap is-layout-flex wp-container-core-group-is-layout-94bc23d7 wp-block-group-is-layout-flex\">\n<figure class=\"wp-block-image aligncenter size-full is-resized\"><img loading=\"lazy\" decoding=\"async\" width=\"419\" height=\"474\" src=\"https:\/\/www.vaud.ch\/app\/uploads\/2024\/12\/logos-3.png\" alt=\"\" class=\"wp-image-10338\" style=\"width:373px;height:auto\" srcset=\"https:\/\/www.vaud.ch\/app\/uploads\/2024\/12\/logos-3.png 419w, https:\/\/www.vaud.ch\/app\/uploads\/2024\/12\/logos-3-265x300.png 265w\" sizes=\"auto, (max-width: 419px) 100vw, 419px\" \/><\/figure>\n<\/div>\n\n\t<\/div>\n\n<\/div>\n\n\n\n<div class=\"wp-block-group is-style-section has-lightblue-color-2-background-color has-background is-layout-flow wp-block-group-is-layout-flow\" style=\"margin-top:0px;margin-bottom:0px\"><div class=\"wp-bootstrap-blocks-row row justify-content-center\">\n\t\n\n<div class=\"col-12 col-md-4\">\n\t\t\t\n\n<figure class=\"wp-block-image size-full\"><img loading=\"lazy\" decoding=\"async\" width=\"1600\" height=\"1067\" src=\"https:\/\/www.vaud.ch\/app\/uploads\/2023\/08\/EHL_2017_students_tonykunz-122.jpg\" alt=\"Etudiants \u00e0 l'EHL\" class=\"wp-image-1585\" srcset=\"https:\/\/www.vaud.ch\/app\/uploads\/2023\/08\/EHL_2017_students_tonykunz-122.jpg 1600w, https:\/\/www.vaud.ch\/app\/uploads\/2023\/08\/EHL_2017_students_tonykunz-122-750x500.jpg 750w, https:\/\/www.vaud.ch\/app\/uploads\/2023\/08\/EHL_2017_students_tonykunz-122-300x200.jpg 300w, https:\/\/www.vaud.ch\/app\/uploads\/2023\/08\/EHL_2017_students_tonykunz-122-768x512.jpg 768w, https:\/\/www.vaud.ch\/app\/uploads\/2023\/08\/EHL_2017_students_tonykunz-122-1024x683.jpg 1024w, https:\/\/www.vaud.ch\/app\/uploads\/2023\/08\/EHL_2017_students_tonykunz-122-1536x1024.jpg 1536w\" sizes=\"auto, (max-width: 1600px) 100vw, 1600px\" \/><figcaption class=\"wp-element-caption\">EHL Hospitality Business School von Lausanne<\/figcaption><\/figure>\n\n\t<\/div>\n\n\n\n<div class=\"col-12 col-md-4 offset-md-1\">\n\t\t\t\n\n<h2 class=\"wp-block-heading has-white-color-color has-text-color\">M\u00f6chten Sie sich mehr \u00fcber das Bildungsangebot erfahren ?<\/h2>\n\n\n\n<p class=\"has-white-color-color has-text-color\">Wenden Sie sich an das Departement f\u00fcr Schule und Berufsbildung.<a href=\"https:\/\/www.vd.ch\/toutes-les-autorites\/departements\/departement-de-lenseignement-et-de-la-formation-professionnelle-def#c2019655\">.<\/a><\/p>\n\n\n\n<div class=\"wp-block-buttons is-layout-flex wp-block-buttons-is-layout-flex\">\n<div class=\"wp-block-button is-style-fill\"><a class=\"wp-block-button__link has-green-color-background-color has-background wp-element-button\" href=\"https:\/\/www.vd.ch\/themes\/formation\">Mehr dazu<\/a><\/div>\n<\/div>\n\n\t<\/div>\n\n<\/div>\n<\/div>\n","protected":false},"excerpt":{"rendered":"","protected":false},"author":8,"featured_media":1433,"parent":2495,"menu_order":0,"comment_status":"closed","ping_status":"closed","template":"","meta":{"_acf_changed":false,"footnotes":""},"class_list":["post-2572","page","type-page","status-publish","has-post-thumbnail","hentry"],"acf":[],"aioseo_notices":[],"_links":{"self":[{"href":"https:\/\/www.vaud.ch\/de\/wp-json\/wp\/v2\/pages\/2572","targetHints":{"allow":["GET"]}}],"collection":[{"href":"https:\/\/www.vaud.ch\/de\/wp-json\/wp\/v2\/pages"}],"about":[{"href":"https:\/\/www.vaud.ch\/de\/wp-json\/wp\/v2\/types\/page"}],"author":[{"embeddable":true,"href":"https:\/\/www.vaud.ch\/de\/wp-json\/wp\/v2\/users\/8"}],"replies":[{"embeddable":true,"href":"https:\/\/www.vaud.ch\/de\/wp-json\/wp\/v2\/comments?post=2572"}],"version-history":[{"count":12,"href":"https:\/\/www.vaud.ch\/de\/wp-json\/wp\/v2\/pages\/2572\/revisions"}],"predecessor-version":[{"id":21107,"href":"https:\/\/www.vaud.ch\/de\/wp-json\/wp\/v2\/pages\/2572\/revisions\/21107"}],"up":[{"embeddable":true,"href":"https:\/\/www.vaud.ch\/de\/wp-json\/wp\/v2\/pages\/2495"}],"wp:featuredmedia":[{"embeddable":true,"href":"https:\/\/www.vaud.ch\/de\/wp-json\/wp\/v2\/media\/1433"}],"wp:attachment":[{"href":"https:\/\/www.vaud.ch\/de\/wp-json\/wp\/v2\/media?parent=2572"}],"curies":[{"name":"wp","href":"https:\/\/api.w.org\/{rel}","templated":true}]}}