{"id":12721,"date":"2025-04-16T13:42:41","date_gmt":"2025-04-16T11:42:41","guid":{"rendered":"https:\/\/www.vaud.ch\/?page_id=12721"},"modified":"2026-04-17T07:40:44","modified_gmt":"2026-04-17T05:40:44","slug":"open-cellars-vaud","status":"publish","type":"page","link":"https:\/\/www.vaud.ch\/en\/tourism\/wine-tourism\/open-cellars-vaud\/","title":{"rendered":"Open cellars in Canton of Vaud"},"content":{"rendered":"\n<div class=\"wp-block-group is-style-section is-layout-constrained wp-block-group-is-layout-constrained\">\n<h2 class=\"wp-block-heading\"><strong>23 and 24 May 2026<\/strong><\/h2>\n\n\n\n<p class=\"is-style-heading-p\">Over the Whitsun weekend, more than 250 wineries will be opening their doors across the canton of Vaud, inviting wine lovers, connoisseurs and those simply curious to discover the richness of Vaud\u2019s six wine-growing regions. Make the most of your getaway to explore the canton by bike, follow scenic routes through the heart of the vineyards, stay in charming accommodation and round off the experience with cultural activities.<\/p>\n\n\n\n            <div class=\"sticky-nav-outer \"  style=\"\">\n            <div class=\"sticky-nav\">\n                <div class=\"sticky-nav-inner\">\n                                                                        <span class=\"label\">\n                                Caves Ouvertes Vaudoises                                <i class=\"far fa-angle-right\"><\/i>\n                            <\/span>\n                                                                <ul>\n                        <li><a href=\"#tickets\">Tickets<\/a><\/li><li><a href=\"#hotels_speciales\">Special offers <\/a><\/li><li><a href=\"#hotels\">Accommodation<\/a><\/li><li><a href=\"#velo\">The canton by bike<\/a><\/li><li><a href=\"#activites\">Activity ideas<\/a><\/li>                    <\/ul>\n                <\/div>\n            <\/div>\n        <\/div>\n    \n\n\n<figure class=\"wp-block-image aligncenter size-full\"><img loading=\"lazy\" decoding=\"async\" width=\"2560\" height=\"1440\" src=\"https:\/\/www.vaud.ch\/app\/uploads\/2026\/03\/Domaine-du-Manoir-\u00a9-ADNV-Lionel-Bourgeois-3-scaled.jpeg\" alt=\"\" class=\"wp-image-20942\" srcset=\"https:\/\/www.vaud.ch\/app\/uploads\/2026\/03\/Domaine-du-Manoir-\u00a9-ADNV-Lionel-Bourgeois-3-scaled.jpeg 2560w, https:\/\/www.vaud.ch\/app\/uploads\/2026\/03\/Domaine-du-Manoir-\u00a9-ADNV-Lionel-Bourgeois-3-300x169.jpeg 300w, https:\/\/www.vaud.ch\/app\/uploads\/2026\/03\/Domaine-du-Manoir-\u00a9-ADNV-Lionel-Bourgeois-3-1024x576.jpeg 1024w, https:\/\/www.vaud.ch\/app\/uploads\/2026\/03\/Domaine-du-Manoir-\u00a9-ADNV-Lionel-Bourgeois-3-768x432.jpeg 768w, https:\/\/www.vaud.ch\/app\/uploads\/2026\/03\/Domaine-du-Manoir-\u00a9-ADNV-Lionel-Bourgeois-3-1536x864.jpeg 1536w, https:\/\/www.vaud.ch\/app\/uploads\/2026\/03\/Domaine-du-Manoir-\u00a9-ADNV-Lionel-Bourgeois-3-2048x1152.jpeg 2048w, https:\/\/www.vaud.ch\/app\/uploads\/2026\/03\/Domaine-du-Manoir-\u00a9-ADNV-Lionel-Bourgeois-3-1920x1080.jpeg 1920w, https:\/\/www.vaud.ch\/app\/uploads\/2026\/03\/Domaine-du-Manoir-\u00a9-ADNV-Lionel-Bourgeois-3-889x500.jpeg 889w\" sizes=\"auto, (max-width: 2560px) 100vw, 2560px\" \/><figcaption class=\"wp-element-caption\">\u00a9 ADNV &#8211; Lionel Bourgeois<\/figcaption><\/figure>\n\n\n\n<div style=\"height:56px\" aria-hidden=\"true\" class=\"wp-block-spacer\"><\/div>\n\n\n\n<h3 class=\"wp-block-heading has-blue-color-color has-text-color has-link-color wp-elements-41f5973e7008f8da24c0933cf6ec47d4\" id=\"tickets\"><strong>The ticket, priced at CHF 40.00, includes:<\/strong><\/h3>\n\n\n\n<div style=\"height:52px\" aria-hidden=\"true\" class=\"wp-block-spacer\"><\/div>\n\n\n\n<div class=\"wp-block-columns is-layout-flex wp-container-core-columns-is-layout-9d6595d7 wp-block-columns-is-layout-flex\">\n<div class=\"wp-block-column is-layout-flow wp-block-column-is-layout-flow\">\n<h4 class=\"wp-block-heading has-green-color-color has-text-color has-link-color wp-elements-af9f8c3e2ff01e28b1942dd2b16e6850\">\u2022 All tastings and activities<\/h4>\n\n\n\n<p><em>in the six participating wine-growing regions<\/em><\/p>\n\n\n\n<h4 class=\"wp-block-heading has-green-color-color has-text-color has-link-color wp-elements-ff2b0b99b8f5ae4c2f6c68142ad66763\">\u2022 Free public transport<\/h4>\n\n\n\n<p><em>in Mobilis zones when shopping online<\/em><\/p>\n\n\n\n<h4 class=\"wp-block-heading has-green-color-color has-text-color has-link-color wp-elements-4cd3fa9f8f1cb1972a986d8426268338\">\u2022 A discount of CHF 20.00<\/h4>\n\n\n\n<p><em>when you buy 6 bottles from participating wine merchants<\/em><\/p>\n\n\n\n<div style=\"height:12px\" aria-hidden=\"true\" class=\"wp-block-spacer\"><\/div>\n\n\n\n<div class=\"wp-block-buttons is-layout-flex wp-block-buttons-is-layout-flex\">\n<div class=\"wp-block-button\"><a class=\"wp-block-button__link wp-element-button\" href=\"https:\/\/www.mescavesouvertes.ch\/\">Buy your ticket<\/a><\/div>\n<\/div>\n<\/div>\n\n\n\n<div class=\"wp-block-column is-layout-flow wp-block-column-is-layout-flow\">\n        <div class=\"gallery \"  style=\"\">\n            <div class=\"gallery-slider\">\n                                            <div>\n                                <img data-lazy=\"https:\/\/www.vaud.ch\/app\/uploads\/2024\/05\/IMG_5086-1000x680.jpg\" alt=\"\" class=\"skip-lazy\">\n                                                                    <figcaption class=\"wp-element-caption\">\u00a9Office des Vins Vaudois<\/figcaption>\n                                                            <\/div>\n                        \n                                                                <div>\n                                <img data-lazy=\"https:\/\/www.vaud.ch\/app\/uploads\/2024\/05\/IMG_5094-1000x680.jpg\" alt=\"\" class=\"skip-lazy\">\n                                                                    <figcaption class=\"wp-element-caption\">\u00a9Office des Vins Vaudois<\/figcaption>\n                                                            <\/div>\n                        \n                                                                <div>\n                                <img data-lazy=\"https:\/\/www.vaud.ch\/app\/uploads\/2024\/05\/IMG_5105-1000x680.jpg\" alt=\"\" class=\"skip-lazy\">\n                                                                    <figcaption class=\"wp-element-caption\">\u00a9Office des Vins Vaudois<\/figcaption>\n                                                            <\/div>\n                        \n                                                                <div>\n                                <img data-lazy=\"https:\/\/www.vaud.ch\/app\/uploads\/2025\/04\/Caves-Ouvertes-2024-6-1000x680.jpg\" alt=\"\" class=\"skip-lazy\">\n                                                                    <figcaption class=\"wp-element-caption\">Caves Ouvertes 2024<\/figcaption>\n                                                            <\/div>\n                        \n                                                <\/div>\n        <\/div>\n<\/div>\n<\/div>\n\n\n\n<div style=\"height:50px\" aria-hidden=\"true\" class=\"wp-block-spacer\"><\/div>\n\n\n\n<div id=\"hotels_speciales\" class=\"wp-block-group hotels has-blue-color-color has-lightblue-color-full-background-color has-text-color has-background has-link-color wp-elements-289f2f3b9f677cf575231bb0b63e3c60 is-layout-constrained wp-block-group-is-layout-constrained\">\n<h2 class=\"wp-block-heading has-blue-color-color has-text-color has-link-color wp-elements-e8d9d3f40655f7986704cda02b4c1b9c\">Special offers<\/h2>\n\n\n\n<h3 class=\"wp-block-heading has-green-color-color has-text-color has-link-color wp-elements-b2bbb55d56c440505b9dbaf8d2aa4271\">Nord vaudois and Chablais<\/h3>\n\n\n\n<p>On the occasion of the Vaud Open Wine Cellars, Vaud Promotion joins forces with the <strong>Vaud Wine Office<\/strong> and the <strong>Association Romande des H\u00f4teliers <\/strong>to offer you a unique experience combining terroir, relaxation and discovery.<\/p>\n\n\n\n<p>Book your stay over the extended Vaud Open Wine Cellars weekend at one of our partner hotels and receive <strong>a bottle of Vaud wine<\/strong> in your room. Don\u2019t miss the <strong>additional special offer<\/strong> put in place by the hotel for this major wine tourism weekend.<\/p>\n\n\n\n<div style=\"height:20px\" aria-hidden=\"true\" class=\"wp-block-spacer\"><\/div>\n\n\n\n<div style=\"height:0px\" aria-hidden=\"true\" class=\"wp-block-spacer\"><\/div>\n\n\n\n<div class=\"wp-block-columns is-layout-flex wp-container-core-columns-is-layout-9d6595d7 wp-block-columns-is-layout-flex\">\n<div class=\"wp-block-column is-layout-flow wp-block-column-is-layout-flow\">\n            <a class=\"special-link with-icon external with-img\" href=\"https:\/\/api.mews.com\/distributor\/c4c1d9b8-4722-4775-90d6-b41800f985d8\" target=\"_blank\">\n                            <img decoding=\"async\" src=\"https:\/\/www.vaud.ch\/app\/uploads\/2026\/03\/Media-Export-Template-Horizontal_0006_Calque-6-750x500.jpg\" alt=\"Y Parc in Yverdon-les-Bains - 10% off the second night\">\n                        <div class=\"special-link-content\">\n                                    <lord-icon src=\"https:\/\/cdn.lordicon.com\/qwegujbf.json\" target=\".special-link\" trigger=\"hover\" colors=\"primary:#199573\" style=\"width:28px;height:28px\"><\/lord-icon>\n                \n                Y Parc in Yverdon-les-Bains &#8211; 10% off the second night            <\/div>\n        <\/a>\n    \n\n\n            <a class=\"special-link with-icon external with-img\" href=\"https:\/\/bookings.hoteldunord.ch\/hotel-du-nord\/package\/A4476?language=en\" target=\"_blank\">\n                            <img decoding=\"async\" src=\"https:\/\/www.vaud.ch\/app\/uploads\/2026\/04\/Hotel_du_Nord-016-1024x683-1-750x500.jpg\" alt=\"H\u00f4tel du Nord in Aigle - Up to 15% off on stays of 1, 2 or 3 nights\">\n                        <div class=\"special-link-content\">\n                                    <lord-icon src=\"https:\/\/cdn.lordicon.com\/qwegujbf.json\" target=\".special-link\" trigger=\"hover\" colors=\"primary:#199573\" style=\"width:28px;height:28px\"><\/lord-icon>\n                \n                H\u00f4tel du Nord in Aigle &#8211; Up to 15% off on stays of 1, 2 or 3 nights            <\/div>\n        <\/a>\n    \n\n<\/div>\n\n\n\n<div class=\"wp-block-column is-layout-flow wp-block-column-is-layout-flow\">\n\n\n\n\n            <a class=\"special-link with-icon external with-img\" href=\"https:\/\/www.simplebooking.it\/ibe2\/hotel\/8394?lang=EN&#038;cur=CHF&#038;in=2026-05-22&#038;out=2026-05-24&#038;guests=A%2CA&#038;coupon=COV\" target=\"_blank\">\n                            <img decoding=\"async\" src=\"https:\/\/www.vaud.ch\/app\/uploads\/2026\/03\/Hotel-Viu-3_4166_20220602091633-890x500.jpg\" alt=\"Viu H\u00f4tel in Villars sur Ollon - 20% off the standard rate\">\n                        <div class=\"special-link-content\">\n                                    <lord-icon src=\"https:\/\/cdn.lordicon.com\/qwegujbf.json\" target=\".special-link\" trigger=\"hover\" colors=\"primary:#199573\" style=\"width:28px;height:28px\"><\/lord-icon>\n                \n                Viu H\u00f4tel in Villars sur Ollon &#8211; 20% off the standard rate            <\/div>\n        <\/a>\n    <\/div>\n<\/div>\n<\/div>\n\n\n\n<div class=\"wp-block-group hotels has-blue-color-color has-text-color has-link-color wp-elements-8d2659218a2f154ddeddfa141750fd50 is-layout-constrained wp-block-group-is-layout-constrained\">\n<div id=\"hotels\" class=\"wp-block-group is-style-section has-white-color-color has-green-color-background-color has-text-color has-background has-link-color wp-elements-4713cb7359b05f1813fdf962d86a56b8 is-layout-flow wp-block-group-is-layout-flow\" style=\"padding-top:var(--wp--preset--spacing--80);padding-bottom:var(--wp--preset--spacing--80)\">\n<h3 class=\"wp-block-heading\">Stay in one of the six wine regions<\/h3>\n\n\n\n<p class=\"has-white-color-color has-text-color has-link-color wp-elements-9d3bc67856f96a01ba054f61d081f2f7\">Extend your experience of the Caves Ouvertes Vaudoises by staying in the heart of the vineyards. Nestled between the lake and the mountains, the six wine-growing regions of Vaud welcome you for a weekend combining wine tastings, stunning scenery and the art of living.<\/p>\n\n\n\n    <div class=\"post-list-arrows \">\n                <div class=\"arrows\">\n            <div class=\" prev-arrow\">\n                <img decoding=\"async\" src=\"https:\/\/www.vaud.ch\/app\/themes\/child\/assets\/images\/system-outline-161-trending-flat.svg\" alt=\"\" class=\"skip-lazy\">\n            <\/div>\n            <div class=\"next-arrow\">\n                <img decoding=\"async\" src=\"https:\/\/www.vaud.ch\/app\/themes\/child\/assets\/images\/system-outline-161-trending-flat.svg\" alt=\"\" class=\"skip-lazy\">\n            <\/div>\n        <\/div>\n\n    <\/div>\n    <div class=\"call-to-action  row v2 \"  style=\"margin-top:0;margin-bottom:0;\">\n                        <div class=\"col-md-3\">\n                                            <a class=\"cta-item \" href=\"https:\/\/yverdonlesbainsregion.ch\/en\/find-accommodation\/\" target=\"_blank\">\n                                                                                    <img data-lazy=\"https:\/\/www.vaud.ch\/app\/uploads\/2026\/03\/Vignoble-Arnex-sur-Orbe-\u00a9-ADNV-Lionel-Bourgeois-15-891x500.jpeg\" alt=\"Bonvillars &#038; C\u00f4tes de l'Orbe (Nord vaudois)\" class=\"skip-lazy\">\n                                                        <span class=\"text\">Bonvillars &amp; C\u00f4tes de l&#039;Orbe (Nord vaudois)<\/span>\n                            <span class=\"read-more\">Read more<\/span>\n                                                    <\/a>\n                        <\/div>\n                <div class=\"col-md-3\">\n                                            <a class=\"cta-item \" href=\"https:\/\/booking.alpesvaudoises.ch\/s?ctx=oDlCQP1rAo&#038;locale=en-GB\" target=\"_blank\">\n                                                                                    <img data-lazy=\"https:\/\/www.vaud.ch\/app\/uploads\/2025\/11\/Aigle-Chateau-c-Visualps-Matthias-Lehmann-1-750x500.jpg\" alt=\"Chablais (Alpes Vaudoises)\" class=\"skip-lazy\">\n                                                        <span class=\"text\">Chablais (Alpes Vaudoises)<\/span>\n                            <span class=\"read-more\">Read more<\/span>\n                                                    <\/a>\n                        <\/div>\n                <div class=\"col-md-3\">\n                                            <a class=\"cta-item \" href=\"https:\/\/shop.morges-tourisme.ch\/Morges\/ukv\/search?lang=en\" target=\"_blank\">\n                                                                                    <img data-lazy=\"https:\/\/www.vaud.ch\/app\/uploads\/2025\/03\/ST-ete-2021-La-Cote-2-3-811x500.jpg\" alt=\"La C\u00f4te (Morges R\u00e9gion)\" class=\"skip-lazy\">\n                                                        <span class=\"text\">La C\u00f4te (Morges R\u00e9gion)<\/span>\n                            <span class=\"read-more\">Read more<\/span>\n                                                    <\/a>\n                        <\/div>\n                <div class=\"col-md-3\">\n                                            <a class=\"cta-item \" href=\"https:\/\/shop.lacote-tourisme.ch\/Nyon\/ukv\/search?lang=en\" target=\"_blank\">\n                                                                                    <img data-lazy=\"https:\/\/www.vaud.ch\/app\/uploads\/2025\/04\/Maison-Vins-699x500.jpg\" alt=\"La C\u00f4te (Nyon R\u00e9gion)\" class=\"skip-lazy\">\n                                                        <span class=\"text\">La C\u00f4te (Nyon R\u00e9gion)<\/span>\n                            <span class=\"read-more\">Read more<\/span>\n                                                    <\/a>\n                        <\/div>\n                <div class=\"col-md-3\">\n                                            <a class=\"cta-item \" href=\"https:\/\/www.lausanne-tourisme.ch\/en\/accommodation\/\" target=\"_blank\">\n                                                                                    <img data-lazy=\"https:\/\/www.vaud.ch\/app\/uploads\/2026\/03\/Burignon_2024_06-500x500.jpg\" alt=\"Lavaux (Lausanne R\u00e9gion)\" class=\"skip-lazy\">\n                                                        <span class=\"text\">Lavaux (Lausanne R\u00e9gion)<\/span>\n                            <span class=\"read-more\">Read more<\/span>\n                                                    <\/a>\n                        <\/div>\n                <div class=\"col-md-3\">\n                                            <a class=\"cta-item \" href=\"https:\/\/www.montreuxriviera.com\/en\/G13\/accommodations\" target=\"_blank\">\n                                                                                    <img data-lazy=\"https:\/\/www.vaud.ch\/app\/uploads\/2025\/07\/Lavaux-Patrimoine.png\" alt=\"Lavaux (Montreux Riviera)\" class=\"skip-lazy\">\n                                                        <span class=\"text\">Lavaux (Montreux Riviera)<\/span>\n                            <span class=\"read-more\">Read more<\/span>\n                                                    <\/a>\n                        <\/div>\n                <div class=\"col-md-3\">\n                                            <a class=\"cta-item \" href=\"https:\/\/fribourg.ch\/en\/regionmurtensee\/le-vully-et-son-vignoble\/\" target=\"_self\">\n                                                                                    <img data-lazy=\"https:\/\/www.vaud.ch\/app\/uploads\/2026\/03\/Vully_velo_DCARLIER_2017_d8009091-749x500.jpeg\" alt=\"Vully (Vully-les-Lacs)\" class=\"skip-lazy\">\n                                                        <span class=\"text\">Vully (Vully-les-Lacs)<\/span>\n                            <span class=\"read-more\">Read more<\/span>\n                                                    <\/a>\n                        <\/div>\n<\/div>\n\n<\/div>\n<\/div>\n\n\n\n<div style=\"height:61px\" aria-hidden=\"true\" class=\"wp-block-spacer\"><\/div>\n\n\n\n<div style=\"height:61px\" aria-hidden=\"true\" class=\"wp-block-spacer\"><\/div>\n\n\n\n<h3 class=\"wp-block-heading\" id=\"velo\">Explore the canton of Vaud by bike<\/h3>\n\n\n\n<div style=\"height:38px\" aria-hidden=\"true\" class=\"wp-block-spacer\"><\/div>\n\n\n\n<div class=\"wp-block-columns is-layout-flex wp-container-core-columns-is-layout-9d6595d7 wp-block-columns-is-layout-flex\">\n<div class=\"wp-block-column is-layout-flow wp-block-column-is-layout-flow\">\n<h3 class=\"wp-block-heading has-green-color-color has-text-color has-link-color wp-elements-d78042c8b6c91b153f2ce5acf7eb7892\">Gravel begins here<\/h3>\n\n\n\n<p class=\"has-blue-color-color has-text-color has-link-color wp-elements-e68b1cfc96955fe1abcd4eb065d5da68\">The sun is shining, the trails are open, it\u2019s time to ride! With the return of fine weather, the gravel season is kicking off in the Canton of Vaud. This versatile bike, a cross between a road bike and a mountain bike, is perfect for exploring the most beautiful routes in the Vaud region.<\/p>\n\n\n\n<p class=\"has-blue-color-color has-text-color has-link-color wp-elements-a9a5ad1e61e585668b291a50801fb206\">Vineyards, forests, mountains, lakes\u2026 The Canton of Vaud is full of regions to explore by bike! Nyon, Vall\u00e9e de Joux, Nord vaudois and the Alpes Vaudoises are ideal destinations for combining gravel biking with exploring the local heritage.<\/p>\n\n\n\n<div class=\"wp-block-buttons is-layout-flex wp-block-buttons-is-layout-flex\">\n<div class=\"wp-block-button\"><a class=\"wp-block-button__link wp-element-button\" href=\"https:\/\/www.vaud.ch\/en\/tourism\/sport\/gravel\/\">Discover our Gravel tips<\/a><\/div>\n<\/div>\n<\/div>\n\n\n\n<div class=\"wp-block-column is-layout-flow wp-block-column-is-layout-flow\">\n<figure class=\"wp-block-embed is-type-video is-provider-youtube wp-block-embed-youtube wp-embed-aspect-16-9 wp-has-aspect-ratio\"><div class=\"wp-block-embed__wrapper\">\n<iframe loading=\"lazy\" title=\"Le Gravel, \u00e7a commence ici | VAUD\" width=\"500\" height=\"281\" src=\"https:\/\/www.youtube.com\/embed\/fFtkkWzSKVU?feature=oembed\" frameborder=\"0\" allow=\"accelerometer; autoplay; clipboard-write; encrypted-media; gyroscope; picture-in-picture; web-share\" referrerpolicy=\"strict-origin-when-cross-origin\" allowfullscreen><\/iframe>\n<\/div><\/figure>\n<\/div>\n<\/div>\n\n\n\n<div style=\"height:100px\" aria-hidden=\"true\" class=\"wp-block-spacer\"><\/div>\n\n\n\n<h3 class=\"wp-block-heading\" id=\"activites\">Come and explore the Canton of Vaud<\/h3>\n\n\n\n<p class=\"has-blue-color-color has-text-color has-link-color wp-elements-7c01f073fc9cf4087977a966ea8407b3\">During your weekend or holiday, treat yourself to a wide range of activities suitable for everyone: family time, romantic getaways, outings with friends or solo adventures.<\/p>\n\n\n\n<div style=\"height:38px\" aria-hidden=\"true\" class=\"wp-block-spacer\"><\/div>\n\n\n    <div class=\"events-list-outer posts-list-map \"  style=\"\" data-max-post=\"8\" data-type=\"pois\" data-lang=\"en\">\n        <div class=\"row\">\n            <div class=\"col-lg-5\">\n                <div class=\"filter-outer\">\n                    <div class=\"filters-tools v2 show\">\n                        <span class=\"total\">\n                            <span class=\"number\">1000<\/span>\n                            Results                        <\/span>\n                        <a href=\"#\" class=\"reset-filters with-icon d-none\">\n                            Reset filters                            <lord-icon src=\"https:\/\/cdn.lordicon.com\/ebyacdql.json\" target=\".reset-filters\" trigger=\"hover\" colors=\"primary:#0A4069\" style=\"width:24px;height:24px\"><\/lord-icon>\n                        <\/a>\n                        <lord-icon src=\"https:\/\/cdn.lordicon.com\/gkryirhd.json\" class=\"loading-icon\" trigger=\"loop\" state=\"loop-snake\" colors=\"primary:#0a4069\" style=\"width:30px;height:30px\"><\/lord-icon>\n                    <\/div>\n                    <div class=\"mobile-filters-btn with-icon\">\n                        <span class=\"icon\">\n                            <lord-icon src=\"https:\/\/cdn.lordicon.com\/qhybrhfg.json\" target=\".mobile-filters-btn\" trigger=\"hover\" colors=\"primary:#0A4069\" state=\"hover\" style=\"width:26px;height:26px\"><\/lord-icon>\n                        <\/span>\n                        Filters                    <\/div>\n                    <div class=\"filter-inner\">\n                        <div class=\"filters v2\">\n                                                            <div class=\"filter-input search-input with-icon\">\n                                    <input type=\"text\" class=\"search\" placeholder=\"Search\" value=\"\">\n                                    <lord-icon src=\"https:\/\/cdn.lordicon.com\/xaekjsls.json\" target=\".filter-input\" trigger=\"hover\" colors=\"primary:#0A4069\" style=\"width:30px;height:30px\"><\/lord-icon>\n                                <\/div>\n                                                                <select class=\"types with-search\" data-placeholder=\"Search\">\n                                    <option value=\"\">Types<\/option>\n                                                                            <option value=\"01kbhq6pz0dbqtqty0cwtnyf5k\" >Family<\/option>\n                                                                            <option value=\"01kbhq6pz17xw2s4913ya8410e\" >Wellness<\/option>\n                                                                            <option value=\"01kbhq6pz3bb2zp6e6xsk68wz1\" >Summer activities<\/option>\n                                                                            <option value=\"01kbhq6pz484896fk070ypfxf1\" >Sports &amp; Leisure<\/option>\n                                                                            <option value=\"01kbhq6pz5764eqq96arhf9d8c\" >Winter activities<\/option>\n                                                                            <option value=\"01kbhq6pz7y3rqsqj1f3wpbaye\" >Nature<\/option>\n                                                                            <option value=\"01kbhq6pz8j9s4vadcct8nctrj\" >Nature<\/option>\n                                                                            <option value=\"01kbhq6pz9k0and37pp76jqzf3\" >Parks<\/option>\n                                                                            <option value=\"01kbhq6pzajjthdd0ffbexdm70\" >Sport<\/option>\n                                                                            <option value=\"01kbhq6pzbtjar18zcxw1tc8ke\" >Tourist Transport<\/option>\n                                                                            <option value=\"01kbhq6pzevrkeysj4q3wxwzfv\" >Business tourism<\/option>\n                                                                            <option value=\"01kbhq6pzf2f1sz995yehqjxmx\" >Schools &amp; Institutions<\/option>\n                                                                            <option value=\"01kbhq6pzgtfk7hn158f706dwh\" >Accommodation<\/option>\n                                                                            <option value=\"01kbhq6pzh0vxc0wtdakf313r9\" >Accommodations<\/option>\n                                                                            <option value=\"01kbhq6pzj9t0yb27t751hyyj0\" >Information<\/option>\n                                                                            <option value=\"01kbhq6pzmmra8mkmebfn25zpv\" >Infrastructure<\/option>\n                                                                            <option value=\"01kbhq6pznjepgm0p0pexrg7fv\" >Tourist Office<\/option>\n                                                                            <option value=\"01kbhq6pzqff75xg911vy01vmv\" >Shopping<\/option>\n                                                                            <option value=\"01kbhq6pzrr9qshb16v76zxn3w\" >Transports<\/option>\n                                                                            <option value=\"01kbhq6pzsws05nw992x8bc176\" >Appartement<\/option>\n                                                                            <option value=\"01kbhq6pzvtjdmy5am83c7tzjc\" >Camping<\/option>\n                                                                            <option value=\"01kbhq6pzwskywbs76k7rc3kbq\" >Chalet<\/option>\n                                                                            <option value=\"01kbhq6pzy32phmhtq4v96aw9x\" >Bed and breakfast<\/option>\n                                                                            <option value=\"01kbhq6pzz50ts4jqa63n4aebg\" >Dormitory \/ mountain hut<\/option>\n                                                                            <option value=\"01kbhq6q01rs896wqhzhe0eygy\" >Hotel<\/option>\n                                                                            <option value=\"01kbhq6q026w3hf0nh8dksyypg\" >Shops<\/option>\n                                                                            <option value=\"01kbhq6q045gqm2r6esgpwfkk5\" >Culture<\/option>\n                                                                            <option value=\"01kbhq6q051w7g4m5g4m55p9jx\" >Culture and Heritage<\/option>\n                                                                            <option value=\"01kbhq6q06m1bp94zdy5xsrrhr\" >Museums<\/option>\n                                                                            <option value=\"01kbhq6q08bkeczvd631afd16h\" >Gastronomy and Wines<\/option>\n                                                                            <option value=\"01kbhq6q09f7h5pztvh94ds10n\" >Nightlife<\/option>\n                                                                            <option value=\"01kbhq6q0avhryqgqmhy3g0vgc\" >Local products<\/option>\n                                                                            <option value=\"01kbhq6q0cmct7y73xtj1mncva\" >Restaurants<\/option>\n                                                                            <option value=\"01kbhq6q0dcff7hkt2y71z46d5\" >Night life<\/option>\n                                                                            <option value=\"01kp2pfy09vn846dke9zt3e4dt\" >Aventure et loisirs<\/option>\n                                                                    <\/select>\n                                                                <select class=\"destinations with-search\" data-placeholder=\"Search\">\n                                    <option value=\"\">Destinations<\/option>\n                                                                            <option value=\"01kbhq6f0sdeybeqq9zpy5pvn5\" >Aigle-Leysin-Les Mosses<\/option>\n                                                                            <option value=\"01kbhq6f0z02pm0fh2z2qmmmm3\" >Avenches Tourisme<\/option>\n                                                                            <option value=\"01kbhq6f144f0wgf98qtxczv8n\" >Echallens Tourisme<\/option>\n                                                                            <option value=\"01kbhq6f17v1w23f955n5q26gf\" >Lausanne Tourisme<\/option>\n                                                                            <option value=\"01kbhq6f1ajnfshmvbrygj5dq6\" >Montreux Riviera<\/option>\n                                                                            <option value=\"01kbhq6f1hfdzebz7avxw43j5t\" >Morges R\u00e9gion Tourisme<\/option>\n                                                                            <option value=\"01kbhq6f1p1jrttn4jhtxgmmz3\" >Moudon Tourisme<\/option>\n                                                                            <option value=\"01kbhq6f1vhhzm5gf2rvq4xxdj\" >Nyon R\u00e9gion Tourisme<\/option>\n                                                                            <option value=\"01kbhq6f20gcwnd0r20fr4rtez\" >Pays-d\u2019Enhaut Tourisme<\/option>\n                                                                            <option value=\"01kbhq6f26s7v3a536ec8hzhzq\" >Vall\u00e9e de Joux Tourisme<\/option>\n                                                                            <option value=\"01kbhq6f2c9y3drg0aa7fb43pj\" >Villars-Gryon-Les Diablerets-Bex<\/option>\n                                                                            <option value=\"01kbhq6f2h6rsvnj8egf0cchd8\" >Yverdon-les-Bains R\u00e9gion<\/option>\n                                                                    <\/select>\n                                                                    <select class=\"seasons\" id=\"landmark_AT290\">\n                                        <option value=\"\">Season<\/option>\n                                                                                    <option value=\"AT290_0\" >Hiver<\/option>\n                                                                                    <option value=\"AT290_1\" >Printemps<\/option>\n                                                                                    <option value=\"AT290_2\" >\u00c9t\u00e9<\/option>\n                                                                                    <option value=\"AT290_3\" >Automne<\/option>\n                                                                                    <option value=\"AT290_0\" >Hiver<\/option>\n                                                                                    <option value=\"AT290_1\" >Printemps<\/option>\n                                                                                    <option value=\"AT290_2\" >\u00c9t\u00e9<\/option>\n                                                                                    <option value=\"AT290_3\" >Automne<\/option>\n                                                                            <\/select>\n                                \n                                <div class=\"accessibility\">\n                                    <input type=\"checkbox\" class=\"checkbox\" id=\"landmark_AT194\" name=\"landmark_AT194\" >\n                                    <label for=\"landmark_AT194\">Wheelchair accessible<\/label>\n                                <\/div>\n                                                    <\/div>\n                    <\/div>\n                <\/div>\n            <\/div>\n            <div class=\"col-lg-7\">\n                                    <ul class=\"view-switcher switcher-tab-nav\">\n                        <li class=\"grid-view active\" data-tab=\"1\">Grid<\/li>\n                        <li class=\"map-view\" data-tab=\"2\">Map<\/li>\n                    <\/ul>\n                                <div class=\"switcher-tab-content\">\n                    <div class=\"switcher-tab active\" data-tab=\"1\">\n                        <div class=\"row events-list\">\n                            <div class=\"col-md-6\">\n    <a href=\"https:\/\/www.vaud.ch\/en\/tourism\/activites\/the-olympic-museum\" data-id=\"01kbhr8dw0qzwn5jph0xdga565\" class=\"event-card v2\">\n        <div class=\"img-wrap\">\n                            <div class=\"event-cat\">\n                    <span>Museums<\/span>\n                <\/div>\n                                        <img decoding=\"async\" src=\"https:\/\/www.vaud.ch\/app\/themes\/child\/assets\/images\/loading-pixel.svg\" class=\"lazyload\" data-src=\"https:\/\/app.localhub.ch\/api\/image\/01kbhr8dyv1jg3mdwqpgz4f9ar\/scale\/800\" alt=\"The Olympic Museum\">\n                        <button class=\"favorite-button\" data-item-title=\"The Olympic Museum\" data-item-id=\"01kbhr8dw0qzwn5jph0xdga565\" data-item-type=\"pois\">\n                <i class=\"fas fa-heart favorite__icon favorite--enable\"><\/i>\n                <i class=\"far fa-heart favorite__icon favorite--not\"><\/i>\n            <\/button>\n        <\/div>\n        <div class=\"event-content\">\n            <h3>The Olympic Museum<\/h3>\n            <div class=\"post-meta\">\n                                    <span class=\"location\"><img decoding=\"async\" src=\"https:\/\/www.vaud.ch\/app\/themes\/child\/assets\/images\/location-v2.svg\" alt=\"\" class=\"skip-lazy\">Lausanne Tourisme<\/span>\n                            <\/div>\n        <\/div>\n    <\/a>\n<\/div><div class=\"col-md-6\">\n    <a href=\"https:\/\/www.vaud.ch\/en\/tourism\/activites\/collection-de-lart-brut\" data-id=\"01kbhr8dw0qzwn5jph0xdga566\" class=\"event-card v2\">\n        <div class=\"img-wrap\">\n                            <div class=\"event-cat\">\n                    <span>Museums<\/span>\n                <\/div>\n                                        <img decoding=\"async\" src=\"https:\/\/www.vaud.ch\/app\/themes\/child\/assets\/images\/loading-pixel.svg\" class=\"lazyload\" data-src=\"https:\/\/app.localhub.ch\/api\/image\/01kbhr8e96h59ztx053hhay9j6\/scale\/800\" alt=\"Collection de l&#039;Art Brut\">\n                        <button class=\"favorite-button\" data-item-title=\"Collection de l&#039;Art Brut\" data-item-id=\"01kbhr8dw0qzwn5jph0xdga566\" data-item-type=\"pois\">\n                <i class=\"fas fa-heart favorite__icon favorite--enable\"><\/i>\n                <i class=\"far fa-heart favorite__icon favorite--not\"><\/i>\n            <\/button>\n        <\/div>\n        <div class=\"event-content\">\n            <h3>Collection de l&#8217;Art Brut<\/h3>\n            <div class=\"post-meta\">\n                                    <span class=\"location\"><img decoding=\"async\" src=\"https:\/\/www.vaud.ch\/app\/themes\/child\/assets\/images\/location-v2.svg\" alt=\"\" class=\"skip-lazy\">Lausanne Tourisme<\/span>\n                            <\/div>\n        <\/div>\n    <\/a>\n<\/div><div class=\"col-md-6\">\n    <a href=\"https:\/\/www.vaud.ch\/en\/tourism\/activites\/goldenpass-panoramic\" data-id=\"01kbhr8dw0qzwn5jph0xdga567\" class=\"event-card v2\">\n        <div class=\"img-wrap\">\n                            <div class=\"event-cat\">\n                    <span>Tourist Transport<\/span>\n                <\/div>\n                                        <img decoding=\"async\" src=\"https:\/\/www.vaud.ch\/app\/themes\/child\/assets\/images\/loading-pixel.svg\" class=\"lazyload\" data-src=\"https:\/\/app.localhub.ch\/api\/image\/01kbhr8ef887qrbb5pg3hy9a0d\/scale\/800\" alt=\"GoldenPass Panoramic\">\n                        <button class=\"favorite-button\" data-item-title=\"GoldenPass Panoramic\" data-item-id=\"01kbhr8dw0qzwn5jph0xdga567\" data-item-type=\"pois\">\n                <i class=\"fas fa-heart favorite__icon favorite--enable\"><\/i>\n                <i class=\"far fa-heart favorite__icon favorite--not\"><\/i>\n            <\/button>\n        <\/div>\n        <div class=\"event-content\">\n            <h3>GoldenPass Panoramic<\/h3>\n            <div class=\"post-meta\">\n                                    <span class=\"location\"><img decoding=\"async\" src=\"https:\/\/www.vaud.ch\/app\/themes\/child\/assets\/images\/location-v2.svg\" alt=\"\" class=\"skip-lazy\">Montreux-Vevey Tourisme<\/span>\n                            <\/div>\n        <\/div>\n    <\/a>\n<\/div><div class=\"col-md-6\">\n    <a href=\"https:\/\/www.vaud.ch\/en\/tourism\/activites\/musee-de-montreux\" data-id=\"01kbhr8dw0qzwn5jph0xdga568\" class=\"event-card v2\">\n        <div class=\"img-wrap\">\n                            <div class=\"event-cat\">\n                    <span>Museums<\/span>\n                <\/div>\n                                        <img decoding=\"async\" src=\"https:\/\/www.vaud.ch\/app\/themes\/child\/assets\/images\/loading-pixel.svg\" class=\"lazyload\" data-src=\"https:\/\/app.localhub.ch\/api\/image\/01kbhr8ensxws8eymwtcdkafpc\/scale\/800\" alt=\"Montreux Museum\">\n                        <button class=\"favorite-button\" data-item-title=\"Montreux Museum\" data-item-id=\"01kbhr8dw0qzwn5jph0xdga568\" data-item-type=\"pois\">\n                <i class=\"fas fa-heart favorite__icon favorite--enable\"><\/i>\n                <i class=\"far fa-heart favorite__icon favorite--not\"><\/i>\n            <\/button>\n        <\/div>\n        <div class=\"event-content\">\n            <h3>Montreux Museum<\/h3>\n            <div class=\"post-meta\">\n                                    <span class=\"location\"><img decoding=\"async\" src=\"https:\/\/www.vaud.ch\/app\/themes\/child\/assets\/images\/location-v2.svg\" alt=\"\" class=\"skip-lazy\">Montreux-Vevey Tourisme<\/span>\n                            <\/div>\n        <\/div>\n    <\/a>\n<\/div><div class=\"col-md-6\">\n    <a href=\"https:\/\/www.vaud.ch\/en\/tourism\/activites\/alimentarium\" data-id=\"01kbhr8dw0qzwn5jph0xdga569\" class=\"event-card v2\">\n        <div class=\"img-wrap\">\n                            <div class=\"event-cat\">\n                    <span>Museums<\/span>\n                <\/div>\n                                        <img decoding=\"async\" src=\"https:\/\/www.vaud.ch\/app\/themes\/child\/assets\/images\/loading-pixel.svg\" class=\"lazyload\" data-src=\"https:\/\/app.localhub.ch\/api\/image\/01kbhr8ess15yta1bq4hxx4sa6\/scale\/800\" alt=\"Alimentarium\">\n                        <button class=\"favorite-button\" data-item-title=\"Alimentarium\" data-item-id=\"01kbhr8dw0qzwn5jph0xdga569\" data-item-type=\"pois\">\n                <i class=\"fas fa-heart favorite__icon favorite--enable\"><\/i>\n                <i class=\"far fa-heart favorite__icon favorite--not\"><\/i>\n            <\/button>\n        <\/div>\n        <div class=\"event-content\">\n            <h3>Alimentarium<\/h3>\n            <div class=\"post-meta\">\n                                    <span class=\"location\"><img decoding=\"async\" src=\"https:\/\/www.vaud.ch\/app\/themes\/child\/assets\/images\/location-v2.svg\" alt=\"\" class=\"skip-lazy\">Montreux-Vevey Tourisme<\/span>\n                            <\/div>\n        <\/div>\n    <\/a>\n<\/div><div class=\"col-md-6\">\n    <a href=\"https:\/\/www.vaud.ch\/en\/tourism\/activites\/musee-alexis-forel\" data-id=\"01kbhr8dw0qzwn5jph0xdga56a\" class=\"event-card v2\">\n        <div class=\"img-wrap\">\n                            <div class=\"event-cat\">\n                    <span>Museums<\/span>\n                <\/div>\n                                        <img decoding=\"async\" src=\"https:\/\/www.vaud.ch\/app\/themes\/child\/assets\/images\/loading-pixel.svg\" class=\"lazyload\" data-src=\"https:\/\/app.localhub.ch\/api\/image\/01kbhr8exwrf3ysm7vgtm6dyzm\/scale\/800\" alt=\"Mus\u00e9e Alexis Forel\">\n                        <button class=\"favorite-button\" data-item-title=\"Mus\u00e9e Alexis Forel\" data-item-id=\"01kbhr8dw0qzwn5jph0xdga56a\" data-item-type=\"pois\">\n                <i class=\"fas fa-heart favorite__icon favorite--enable\"><\/i>\n                <i class=\"far fa-heart favorite__icon favorite--not\"><\/i>\n            <\/button>\n        <\/div>\n        <div class=\"event-content\">\n            <h3>Mus\u00e9e Alexis Forel<\/h3>\n            <div class=\"post-meta\">\n                                    <span class=\"location\"><img decoding=\"async\" src=\"https:\/\/www.vaud.ch\/app\/themes\/child\/assets\/images\/location-v2.svg\" alt=\"\" class=\"skip-lazy\">Morges R\u00e9gion Tourisme<\/span>\n                            <\/div>\n        <\/div>\n    <\/a>\n<\/div><div class=\"col-md-6\">\n    <a href=\"https:\/\/www.vaud.ch\/en\/tourism\/activites\/roman-museum-of-nyon\" data-id=\"01kbhr8dw0qzwn5jph0xdga56b\" class=\"event-card v2\">\n        <div class=\"img-wrap\">\n                            <div class=\"event-cat\">\n                    <span>Museums<\/span>\n                <\/div>\n                                        <img decoding=\"async\" src=\"https:\/\/www.vaud.ch\/app\/themes\/child\/assets\/images\/loading-pixel.svg\" class=\"lazyload\" data-src=\"https:\/\/app.localhub.ch\/api\/image\/01kbhr8f537ekhd3exyng926js\/scale\/800\" alt=\"Roman Museum of Nyon\">\n                        <button class=\"favorite-button\" data-item-title=\"Roman Museum of Nyon\" data-item-id=\"01kbhr8dw0qzwn5jph0xdga56b\" data-item-type=\"pois\">\n                <i class=\"fas fa-heart favorite__icon favorite--enable\"><\/i>\n                <i class=\"far fa-heart favorite__icon favorite--not\"><\/i>\n            <\/button>\n        <\/div>\n        <div class=\"event-content\">\n            <h3>Roman Museum of Nyon<\/h3>\n            <div class=\"post-meta\">\n                                    <span class=\"location\"><img decoding=\"async\" src=\"https:\/\/www.vaud.ch\/app\/themes\/child\/assets\/images\/location-v2.svg\" alt=\"\" class=\"skip-lazy\">Nyon R\u00e9gion Tourisme<\/span>\n                            <\/div>\n        <\/div>\n    <\/a>\n<\/div><div class=\"col-md-6\">\n    <a href=\"https:\/\/www.vaud.ch\/en\/tourism\/activites\/espace-horloger-vallee-de-joux-watch-museum\" data-id=\"01kbhr8dw0qzwn5jph0xdga56c\" class=\"event-card v2\">\n        <div class=\"img-wrap\">\n                            <div class=\"event-cat\">\n                    <span>Museums<\/span>\n                <\/div>\n                                        <img decoding=\"async\" src=\"https:\/\/www.vaud.ch\/app\/themes\/child\/assets\/images\/loading-pixel.svg\" class=\"lazyload\" data-src=\"https:\/\/app.localhub.ch\/api\/image\/01kbhr8fdzkgbpq2k75p0f1ghq\/scale\/800\" alt=\"Espace Horloger Vall\u00e9e de Joux - Watch Museum\">\n                        <button class=\"favorite-button\" data-item-title=\"Espace Horloger Vall\u00e9e de Joux - Watch Museum\" data-item-id=\"01kbhr8dw0qzwn5jph0xdga56c\" data-item-type=\"pois\">\n                <i class=\"fas fa-heart favorite__icon favorite--enable\"><\/i>\n                <i class=\"far fa-heart favorite__icon favorite--not\"><\/i>\n            <\/button>\n        <\/div>\n        <div class=\"event-content\">\n            <h3>Espace Horloger Vall\u00e9e de Joux &#8211; Watch Museum<\/h3>\n            <div class=\"post-meta\">\n                                    <span class=\"location\"><img decoding=\"async\" src=\"https:\/\/www.vaud.ch\/app\/themes\/child\/assets\/images\/location-v2.svg\" alt=\"\" class=\"skip-lazy\">Vall\u00e9e de Joux Tourisme<\/span>\n                            <\/div>\n        <\/div>\n    <\/a>\n<\/div>                        <\/div>\n                                                    <div>\n                                                                <a href=\"#\"\n                                    class=\"load-more-btn btn \"\n                                    data-page=\"1\"\n                                    data-post-per-page=\"8\">\n                                    <span>Load more<\/span>\n                                    <img decoding=\"async\" src=\"https:\/\/www.vaud.ch\/app\/themes\/child\/assets\/images\/loader.svg\" alt=\"\" class=\"skip-lazy\">\n                                <\/a>\n                            <\/div>\n                                            <\/div>\n                                            <div class=\"map-outer switcher-tab\" data-tab=\"2\">\n                            <div id=\"map\">\n                                <div id=\"map-loading\">\n                                    <span><lord-icon src=\"https:\/\/cdn.lordicon.com\/gkryirhd.json\" trigger=\"loop\" state=\"loop-snake\" colors=\"primary:#0a4069\" style=\"width:70px;height:70px\"><\/lord-icon><\/span>\n                                <\/div>\n                            <\/div>\n                            <div class=\"overlay-zoom\">\n                                <span class=\"desktop-msg\">\n                                    You can zoom in on the map using CTRL + scroll wheel                                <\/span>\n                                <span class=\"touch-msg\">\n                                    Use two fingers to move the map                                <\/span>\n                            <\/div>\n                        <\/div>\n                                    <\/div>\n            <\/div>\n        <\/div>\n    <\/div>\n\n\n    <\/div>\n\n\n\n<div class=\"wp-block-group is-style-section has-white-color-color has-green-color-background-color has-text-color has-background has-link-color wp-elements-005a97d85eac8cff4059a6f12b67d0db is-layout-flow wp-block-group-is-layout-flow\" style=\"padding-top:var(--wp--preset--spacing--80);padding-bottom:var(--wp--preset--spacing--80)\">\n    <div class=\"post-list-arrows cta-title\">\n                    <h2>D\u00e9couvrez d&#8217;autres id\u00e9es d&#8217;activit\u00e9s dans le canton<\/h2>\n                <div class=\"arrows\">\n            <div class=\" prev-arrow\">\n                <img decoding=\"async\" src=\"https:\/\/www.vaud.ch\/app\/themes\/child\/assets\/images\/system-outline-161-trending-flat.svg\" alt=\"\" class=\"skip-lazy\">\n            <\/div>\n            <div class=\"next-arrow\">\n                <img decoding=\"async\" src=\"https:\/\/www.vaud.ch\/app\/themes\/child\/assets\/images\/system-outline-161-trending-flat.svg\" alt=\"\" class=\"skip-lazy\">\n            <\/div>\n        <\/div>\n\n    <\/div>\n    <div class=\"call-to-action  row  \"  style=\"margin-top:0;margin-bottom:0;\">\n                        <div class=\"col-md-3\">\n                                            <a class=\"cta-item \" href=\"https:\/\/www.vaud.ch\/en\/tourism\/culture-and-heritage\/lake-geneva-flowers\/\" target=\"_blank\">\n                                                                                    <img data-lazy=\"https:\/\/www.vaud.ch\/app\/uploads\/2025\/03\/Tulipes-Morges-1-750x500.jpg\" alt=\"Flowers in Canton of Vaud\" class=\"skip-lazy\">\n                                                        <span class=\"text\">Flowers in Canton of Vaud<\/span>\n                            <span class=\"read-more\">Read more<\/span>\n                                                    <\/a>\n                        <\/div>\n                <div class=\"col-md-3\">\n                                            <a class=\"cta-item \" href=\"https:\/\/www.vaud.ch\/en\/tourism\/wine-tourism\/history-and-wine-by-bike\/\" target=\"_blank\">\n                                                                                    <img data-lazy=\"https:\/\/www.vaud.ch\/app\/uploads\/2025\/03\/2V0A1916-750x500.jpg\" alt=\"Wine-tasting bike tours\" class=\"skip-lazy\">\n                                                        <span class=\"text\">Wine-tasting bike tours<\/span>\n                            <span class=\"read-more\">Read more<\/span>\n                                                    <\/a>\n                        <\/div>\n                <div class=\"col-md-3\">\n                                            <a class=\"cta-item \" href=\"https:\/\/www.vaud.ch\/en\/tourism\/sport\/gravel\/\" target=\"_blank\">\n                                                                                    <img data-lazy=\"https:\/\/www.vaud.ch\/app\/uploads\/2025\/04\/IMG_6317-333x500.jpg\" alt=\"Gravel cycling in the Canton of Vaud\" class=\"skip-lazy\">\n                                                        <span class=\"text\">Gravel cycling in the Canton of Vaud<\/span>\n                            <span class=\"read-more\">Read more<\/span>\n                                                    <\/a>\n                        <\/div>\n                <div class=\"col-md-3\">\n                                            <a class=\"cta-item \" href=\"https:\/\/www.vaud.ch\/en\/tourism\/events\/\" target=\"_blank\">\n                                                                                    <img data-lazy=\"https:\/\/www.vaud.ch\/app\/uploads\/2023\/08\/MJF_Vaudplus_Ambassadeur.jpg\" alt=\"Calendar and events\" class=\"skip-lazy\">\n                                                        <span class=\"text\">Calendar and events<\/span>\n                            <span class=\"read-more\">Read more<\/span>\n                                                    <\/a>\n                        <\/div>\n<\/div>\n\n<\/div>\n","protected":false},"excerpt":{"rendered":"<p>23 and 24 May 2026 Over the Whitsun weekend, more than 250 wineries will be opening their doors across the canton of Vaud, inviting wine lovers, connoisseurs and those simply curious to discover the richness of Vaud\u2019s six wine-growing regions. Make the most of your getaway to explore the canton by bike, follow scenic routes [&hellip;]<\/p>\n","protected":false},"author":15,"featured_media":20925,"parent":10823,"menu_order":0,"comment_status":"closed","ping_status":"closed","template":"","meta":{"_acf_changed":false,"footnotes":""},"class_list":["post-12721","page","type-page","status-publish","has-post-thumbnail","hentry"],"acf":[],"aioseo_notices":[],"_links":{"self":[{"href":"https:\/\/www.vaud.ch\/en\/wp-json\/wp\/v2\/pages\/12721","targetHints":{"allow":["GET"]}}],"collection":[{"href":"https:\/\/www.vaud.ch\/en\/wp-json\/wp\/v2\/pages"}],"about":[{"href":"https:\/\/www.vaud.ch\/en\/wp-json\/wp\/v2\/types\/page"}],"author":[{"embeddable":true,"href":"https:\/\/www.vaud.ch\/en\/wp-json\/wp\/v2\/users\/15"}],"replies":[{"embeddable":true,"href":"https:\/\/www.vaud.ch\/en\/wp-json\/wp\/v2\/comments?post=12721"}],"version-history":[{"count":25,"href":"https:\/\/www.vaud.ch\/en\/wp-json\/wp\/v2\/pages\/12721\/revisions"}],"predecessor-version":[{"id":21704,"href":"https:\/\/www.vaud.ch\/en\/wp-json\/wp\/v2\/pages\/12721\/revisions\/21704"}],"up":[{"embeddable":true,"href":"https:\/\/www.vaud.ch\/en\/wp-json\/wp\/v2\/pages\/10823"}],"wp:featuredmedia":[{"embeddable":true,"href":"https:\/\/www.vaud.ch\/en\/wp-json\/wp\/v2\/media\/20925"}],"wp:attachment":[{"href":"https:\/\/www.vaud.ch\/en\/wp-json\/wp\/v2\/media?parent=12721"}],"curies":[{"name":"wp","href":"https:\/\/api.w.org\/{rel}","templated":true}]}}