{"id":15035,"date":"2025-08-28T14:18:29","date_gmt":"2025-08-28T12:18:29","guid":{"rendered":"https:\/\/www.vaud.ch\/?page_id=15035"},"modified":"2025-12-05T13:31:35","modified_gmt":"2025-12-05T12:31:35","slug":"agritourism","status":"publish","type":"page","link":"https:\/\/www.vaud.ch\/en\/tourism\/agritourism\/","title":{"rendered":"Agritourism"},"content":{"rendered":"<div class=\"wp-bootstrap-blocks-row row justify-content-center\">\n\t\n\n<div class=\"col-12 col-md-10 col-xl-7\">\n\t\t\t\n\n<p class=\"is-style-heading-p\">Du pied des Alpes aux rives du L\u00e9man, le Canton de Vaud offre une mosa\u00efque de paysages et de savoir-faire agricoles. L\u2019agritourisme y est bien plus qu\u2019une activit\u00e9 : c\u2019est une immersion dans la vie rurale, une rencontre avec les producteurs passionn\u00e9s et une c\u00e9l\u00e9bration des produits locaux.<\/p>\n\n\n\n\n\n\n\n<h2 class=\"wp-block-heading\">A la rencontre du terroir vivant<\/h2>\n\n\n\n        <div class=\"gallery \"  style=\"\">\n            <div class=\"gallery-slider\">\n                                            <div>\n                                <img data-lazy=\"https:\/\/www.vaud.ch\/app\/uploads\/2025\/08\/Fabrication-LEtivaz-AOP-Les-Arpilles-\u00a9Parc-Gruyere-Pays-dEnhaut-1000x680.jpg\" alt=\"\" class=\"skip-lazy\">\n                                                            <\/div>\n                        \n                                                                <div>\n                                <img data-lazy=\"https:\/\/www.vaud.ch\/app\/uploads\/2025\/08\/Nicolas-Mottier-sonnailles\u00a9Frederic-Grangier-_-Parc-Gruyere-Pays-dEnhaut-1000x680.jpg\" alt=\"\" class=\"skip-lazy\">\n                                                            <\/div>\n                        \n                                                                <div>\n                                <img data-lazy=\"https:\/\/www.vaud.ch\/app\/uploads\/2025\/08\/Fabrication-LEtivaz-AOP-La-Cluse-\u00a9Parc-Gruyere-Pays-dEnhaut-1000x680.jpg\" alt=\"\" class=\"skip-lazy\">\n                                                            <\/div>\n                        \n                                                                <div>\n                                <img data-lazy=\"https:\/\/www.vaud.ch\/app\/uploads\/2025\/08\/LEtivaz-AOP-\u00a9Frederic-Grangier-_-Parc-Gruyere-Pays-dEnhaut.jpg\" alt=\"\" class=\"skip-lazy\">\n                                                            <\/div>\n                        \n                                                                <div>\n                                <img data-lazy=\"https:\/\/www.vaud.ch\/app\/uploads\/2025\/08\/Buvette-Serpenteys-\u00a9Parc-Gruyere-Pays-dEnhaut-1000x680.jpg\" alt=\"\" class=\"skip-lazy\">\n                                                            <\/div>\n                        \n                                                                <div>\n                                <img data-lazy=\"https:\/\/www.vaud.ch\/app\/uploads\/2025\/08\/Alpage-Bassine-\u00a9-CREATIVES-MRT-PDRA-32-1000x680.jpg\" alt=\"\" class=\"skip-lazy\">\n                                                            <\/div>\n                        \n                                                                <div>\n                                <img data-lazy=\"https:\/\/www.vaud.ch\/app\/uploads\/2025\/08\/Fromagerie-Gourmande-entree-\u00a9Commune-Montricher-1000x680.jpg\" alt=\"\" class=\"skip-lazy\">\n                                                            <\/div>\n                        \n                                                <\/div>\n        <\/div>\n\n\n\n<h3 class=\"wp-block-heading\">Notre s\u00e9lection d&#8217;activit\u00e9s agritouristiques<\/h3>\n\n\n\n<p>Dormez \u00e0 la ferme, partagez le quotidien des agriculteurs, savourez des produits du terroir frais et locaux ou d\u00e9tendez-vous dans une buvette d\u2019alpage avec vue sur le lac et les montagnes. <\/p>\n\n\n\n<hr class=\"wp-block-separator has-alpha-channel-opacity\"\/>\n\n\n\n\t<div class=\"tabs \"  style=\"\">\n\t\t<div class=\"tabs-nav\">\n\t\t\t<ul>\n\t\t\t\t\t\t\t\t\t\t\t\t\t<li class=\"active\" data-tab-nav=\"0\">Dormir au vert<\/li>\n\t\t\t\t\t\t\t\t\t\t\t\t\t\t\t\t<li data-tab-nav=\"1\"> Fabrication de fromage et vie \u00e0 la ferme<\/li>\n\t\t\t\t\t\t\t\t\t\t\t\t\t\t\t\t<li data-tab-nav=\"2\">Buvettes d&#8217;alpage<\/li>\n\t\t\t\t\t\t\t\t\t\t\t\t\t\t\t\t<li data-tab-nav=\"3\">Vente directe des produits<\/li>\n\t\t\t\t\t\t\t\t\t\t\t\t\t\t\t\t<\/ul>\n\t\t<\/div>\n\t\t<div class=\"tabs-content\">\n\t\t\t\t\t\t\t\t\t\t\t<div class=\"tab active\" data-tab-content=\"0\">\n\t\t\t\t\t\t<p><strong><a href=\"https:\/\/www.lescabanesdemarie.com\/\">Les Cabanes de Marie<\/a> \u00e0 Ogens<\/strong> : offrez-vous une nuit magique dans des cabanes perch\u00e9es dans les arbres ou sur pilotis, au c\u0153ur de la campagne vaudoise. Ce lieu hors du temps vous invite \u00e0 ralentir, r\u00eaver et vous reconnecter \u00e0 la nature dans un cadre \u00e9cologique et chaleureux.<\/p>\n<p><strong><a href=\"https:\/\/www.chambresdhotesduberceau.ch\/\">Ferme du Berceau<\/a> \u00e0 Ch\u00e2teau d&#8217;Oex<\/strong> : ce B&amp;B vous accueille toute l\u2019ann\u00e9e dans un cadre bucolique au bord de la Sarine. Profitez de chambres confortables, d\u2019un petit-d\u00e9jeuner maison, d\u2019un spa, et de visites de la ferme. Vente de glaces et yogourts artisanaux.<\/p>\n<p><strong><a href=\"https:\/\/www.alpesvaudoises.ch\/fr\/P50095\/pays-d'enhaut\/chalet-d'alpage-or-les-arpilles\">Chalet d\u2019alpage Les Arpilles<\/a> <\/strong>: situ\u00e9 dans le Pays-d\u2019Enhaut, ce chalet propose une nuit sur la paille avec souper et petit-d\u00e9jeuner, ainsi qu\u2019une d\u00e9monstration de fabrication de L\u2019Etivaz AOP au feu de bois. La production est biologique et l\u2019accueil authentique.<\/p>\n<p><strong><a href=\"https:\/\/www.alpesvaudoises.ch\/fr\/P911\/col-des-mosses\/buvette-des-petits-lacs\">Buvette des Petits Lacs<\/a> aux Mosses :<\/strong> \u00e0\u00a02000 m d\u2019altitude, cette buvette offre une restauration simple \u00e0 base de mets au fromage, dans un cadre sauvage et paisible. Possibilit\u00e9 de dormir sur la paille ou sur matelas, sans eau ni \u00e9lectricit\u00e9, pour une immersion totale<\/p>\n<p><strong><a href=\"https:\/\/etivaz-aop.ch\/chalet\/le-grin\/\">Chalet d\u2019alpage sur le Grin<\/a> \u00e0 Ch\u00e2teau d&#8217;Oex<\/strong> : ce chalet authentique propose des d\u00e9monstrations de fabrication de fromage au feu de bois. Il offre aussi un restaurant d\u2019alpage, un magasin de produits r\u00e9gionaux et des possibilit\u00e9s d\u2019h\u00e9bergement.<\/p>\n\t\t\t\t\t<\/div>\n\t\t\t\t\t\t\t\t\t\t\t\t<div class=\"tab\" data-tab-content=\"1\">\n\t\t\t\t\t\t<p><strong>\u26a0\ufe0f De mai\/juin \u00e0 ao\u00fbt\/septembre<\/strong><\/p>\n<p><a href=\"https:\/\/www.lafermedesmorand.ch\/\"><strong>La Ferme des Morand<\/strong><\/a><strong> \u00e0 St-Prex<\/strong> : cette ferme familiale propose une immersion dans le monde agricole \u00e0 travers des activit\u00e9s p\u00e9dagogiques pour les \u00e9coles, les familles et les groupes. Sur rendez-vous, les visiteurs peuvent rencontrer les animaux (chevaux, poneys, cochons, ch\u00e8vres, lapins, volailles\u2026), participer \u00e0 des balades, anniversaires ou visites guid\u00e9es, et d\u00e9couvrir la vie \u00e0 la ferme dans un cadre chaleureux et \u00e9ducatif.<\/p>\n<p><a href=\"https:\/\/www.montreuxriviera.com\/fr\/P121502\/fromagerie-de-l-alpage-de-jaman\"><strong>Fromagerie de Jaman et Chalet Le Revon<\/strong><\/a> : situ\u00e9 au col de Jaman, ce chalet transform\u00e9 en fromagerie offre des d\u00e9monstrations de fabrication de fromage, des visites guid\u00e9es de la cave et la vente directe de produits artisanaux. Une immersion dans les traditions fromag\u00e8res vaudoises dans un cadre alpin exceptionnel.<\/p>\n<p><strong><a href=\"https:\/\/etivaz-aop.ch\/chalet\/le-tompey\/\">Chalet d\u2019alpage Le Tompey<\/a> <\/strong>: dans les Alpes Vaudoises, ce chalet accueille les visiteurs pour des d\u00e9monstrations artisanales de fabrication du fromage L\u2019Etivaz AOP, r\u00e9alis\u00e9es au feu de bois. Un savoir-faire transmis de g\u00e9n\u00e9ration en g\u00e9n\u00e9ration.<\/p>\n<p><a href=\"https:\/\/www.alpesvaudoises.ch\/fr\/P16294\/col-des-mosses\/fromagerie-du-lioson-d'en-bas\"><strong>Chalet du Lioson d\u2019En Bas<\/strong><\/a> : ce chalet embl\u00e9matique propose des d\u00e9monstrations de fabrication de L\u2019Etivaz AOP, des d\u00e9gustations et la vente de produits locaux. Chaque \u00e9t\u00e9, il attire des milliers de visiteurs curieux de d\u00e9couvrir les secrets de ce fromage d\u2019exception.<\/p>\n<p><a href=\"https:\/\/www.alpesvaudoises.ch\/fr\/P50234\/pays-d'enhaut\/chalet-d'alpage-or-ratevel\"><strong>Chalet d\u2019alpage de Ratevel<\/strong><\/a> : \u00c0 1400 m\u00e8tres d\u2019altitude, la famille Marmillod vous accueille pour d\u00e9couvrir la fabrication traditionnelle du fromage L\u2019Etivaz AOP. D\u00e9gustations et rencontres avec les armaillis font de cette visite une exp\u00e9rience authentique et chaleureuse.<\/p>\n<p><strong><a href=\"https:\/\/etivaz-aop.ch\/chalet\/le-grin\/\">Chalet d\u2019alpage sur le Grin<\/a><\/strong> : situ\u00e9 au c\u0153ur des Alpes Vaudoises, ce chalet propose des d\u00e9monstrations de fabrication artisanale de L\u2019Etivaz AOP au feu de bois, ainsi que des possibilit\u00e9s d\u2019h\u00e9bergement et de restauration pour une immersion compl\u00e8te dans la vie d\u2019alpage.<\/p>\n\t\t\t\t\t<\/div>\n\t\t\t\t\t\t\t\t\t\t\t\t<div class=\"tab\" data-tab-content=\"2\">\n\t\t\t\t\t\t<p><strong>\u26a0\ufe0f De mai\/juin \u00e0 ao\u00fbt\/septembre <\/strong><\/p>\n<p><strong><a href=\"https:\/\/www.votre-cercledevie.ch\/ferme-bio\/la-vie-a-lalpage\">Chalet d\u2019alpage du P\u00e2quier-Mottier<\/a><\/strong> : situ\u00e9 dans le Pays-d\u2019Enhaut, ce chalet propose un brunch convivial \u00e0 l\u2019alpage, accompagn\u00e9 d\u2019une d\u00e9monstration de fabrication artisanale de fromage.<\/p>\n<p><strong><a href=\"https:\/\/www.alpesvaudoises.ch\/fr\/P16481\/col-des-mosses\/buvette-des-charmilles\">Buvette des Charmilles <\/a>\u00e0 L&#8217;Etivaz<\/strong> : nich\u00e9e sur le plateau de Pra Cornet, cette buvette d\u2019alpage est accessible \u00e0 pied et offre une vue imprenable sur les montagnes environnantes. Elle propose une cuisine traditionnelle avec fondue, macaronis du chalet, charcuterie locale et meringues \u00e0 la double cr\u00e8me. Pour une exp\u00e9rience insolite, dormez sous tipi et r\u00e9veillez-vous avec un petit-d\u00e9jeuner montagnar<\/p>\n<p><strong><a href=\"https:\/\/etivaz-aop.ch\/chalet\/le-grin\/\">Chalet d\u2019alpage sur le Grin<\/a><\/strong> : ce chalet situ\u00e9 au c\u0153ur des Alpes vaudoises propose des d\u00e9monstrations de fabrication artisanale de fromage L\u2019Etivaz AOP, r\u00e9alis\u00e9es au feu de bois dans un cadre authentique. Il offre \u00e9galement des possibilit\u00e9s d\u2019h\u00e9bergement et de restauration, pour une immersion compl\u00e8te dans la vie d\u2019alpage.<\/p>\n<p>&nbsp;<\/p>\n\t\t\t\t\t<\/div>\n\t\t\t\t\t\t\t\t\t\t\t\t<div class=\"tab\" data-tab-content=\"3\">\n\t\t\t\t\t\t<p><a href=\"https:\/\/moulindesevery.ch\/\"><strong>Le Moulin de S\u00e9very<\/strong><\/a> : plongez dans l\u2019univers ancestral de la fabrication d\u2019huile dans le dernier moulin artisanal de Suisse encore en activit\u00e9. Visites guid\u00e9es, d\u00e9gustations et \u00e9picerie fine vous attendent dans ce lieu charg\u00e9 d\u2019histoire.<\/p>\n<p><strong><a href=\"https:\/\/www.lafromageriegourmande.ch\/\">La Fromagerie Gourmande<\/a> \u00e0 Montricher<\/strong> : cette coop\u00e9rative de producteurs de Gruy\u00e8re AOP vous propose une visite immersive dans le monde du fromage vaudois, avec vue sur les cuves, cave d\u2019affinage robotis\u00e9e et restaurant p\u00e9dagogique.<\/p>\n<p><strong><a href=\"https:\/\/www.nidabeilles.ch\/\">Nid\u2019Abeilles<\/a> \u00e0 Forel-Lavaux<\/strong> : situ\u00e9e dans une ancienne laiterie, cette \u00e9picerie coop\u00e9rative propose plus de 100 produits locaux issus d\u2019une agriculture durable, avec un fort engagement pour le terroir et les circuits courts.<\/p>\n<p><strong><a href=\"https:\/\/sdevcprs.ch\/project\/self-des-amoureux\/\">Self des Amoureux<\/a> \u00e0 Puidoux<\/strong> : une \u00e9picerie en libre-service ouverte 7\/7, fond\u00e9e par des producteurs locaux. Vous y trouverez des produits frais, de saison et sans interm\u00e9diaire, dans un esprit communautaire et \u00e9quitable.<\/p>\n<p><a href=\"https:\/\/vergers.ch\/\"><strong>Vergers d\u2019Aigle et Yvorne<\/strong><\/a><strong> \u00e0 Aigle<\/strong> : ferme fruiti\u00e8re artisanale au c\u0153ur du Chablais, proposant plus de 50 vari\u00e9t\u00e9s de fruits, un march\u00e9 \u00e0 la ferme et des activit\u00e9s d\u2019autocueillette. Un lieu id\u00e9al pour les amateurs de nature et de saveurs authentiques<\/p>\n<p><a href=\"https:\/\/lafermeyverdon.ch\/\"><strong>La Ferme<\/strong><\/a><strong> \u00e0 Yverdon-les-Bains<\/strong> : depuis 1996, cette boutique chaleureuse valorise les artisans vaudois avec plus de 100 fournisseurs. Produits fermiers, paniers cadeaux et service traiteur y sont propos\u00e9s dans un cadre convivial.<\/p>\n<p><strong><a href=\"https:\/\/www\">La Ferme Beck<\/a> \u00e0 Cudrefin<\/strong> : march\u00e9 \u00e0 la ferme familial proposant des fruits, l\u00e9gumes et produits mara\u00eechers de qualit\u00e9, cultiv\u00e9s avec passion et vendus directement aux consommateurs dans un esprit de proximit\u00e9.<\/p>\n<p><a href=\"https:\/\/lapetiteepicerie.ch\/ou-trouver-les-petites-epiceries\/\"><strong>La Petite Epicerie<\/strong><\/a> : un r\u00e9seau innovant de 14 points de vente, dont 6 vaudoises, autonomes et connect\u00e9s, accessibles 24\/7 via une application mobile. Ces \u00e9piceries \u00e9co-responsables proposent des produits locaux et de premi\u00e8re n\u00e9cessit\u00e9, directement du producteur au consommateur.<\/p>\n\t\t\t\t\t<\/div>\n\t\t\t\t\t\t\t\t\t\t\t\t<\/div>\n\t<\/div>\n\n\n\n\n\n            <a class=\"special-link with-icon external with-img\" href=\"https:\/\/www.gruyerepaysdenhaut.ch\/de\/landwirtschaft\/lagritourisme\" target=\"_blank\">\n                            <img decoding=\"async\" src=\"https:\/\/www.vaud.ch\/app\/uploads\/2025\/08\/Chalet-de-Jaman-2278x2848-636x795-1-400x500.webp\" alt=\"Plus d'adresses dans le Parc Gruy\u00e8re Pays-d'Enhaut\">\n                        <div class=\"special-link-content\">\n                                    <lord-icon src=\"https:\/\/cdn.lordicon.com\/qwegujbf.json\" target=\".special-link\" trigger=\"hover\" colors=\"primary:#199573\" style=\"width:28px;height:28px\"><\/lord-icon>\n                \n                Plus d&#039;adresses dans le Parc Gruy\u00e8re Pays-d&#039;Enhaut            <\/div>\n        <\/a>\n    \n\t<\/div>\n\n\n\n<div class=\"col-12\">\n\t\t\t\n\n    <div class=\"post-list-arrows \">\n                <div class=\"arrows\">\n            <div class=\" prev-arrow\">\n                <img decoding=\"async\" src=\"https:\/\/www.vaud.ch\/app\/themes\/child\/assets\/images\/system-outline-161-trending-flat.svg\" alt=\"\" class=\"skip-lazy\">\n            <\/div>\n            <div class=\"next-arrow\">\n                <img decoding=\"async\" src=\"https:\/\/www.vaud.ch\/app\/themes\/child\/assets\/images\/system-outline-161-trending-flat.svg\" alt=\"\" class=\"skip-lazy\">\n            <\/div>\n        <\/div>\n\n    <\/div>\n    <div class=\"call-to-action  row  \"  style=\"\">\n                        <div class=\"col-md-3\">\n                                            <a class=\"cta-item \" href=\"https:\/\/www.gruyerepaysdenhaut.ch\/fr\/agriculture\/lagritourisme\" target=\"_self\">\n                                                                                    <img data-lazy=\"https:\/\/www.vaud.ch\/app\/uploads\/2025\/08\/Chalet-de-Jaman-2278x2848-636x795-1-400x500.webp\" alt=\"Parc naturel r\u00e9gional Gruy\u00e8re Pays-d\u2019Enhaut\" class=\"skip-lazy\">\n                                                        <span class=\"text\">Parc naturel r\u00e9gional Gruy\u00e8re Pays-d\u2019Enhaut<\/span>\n                            <span class=\"read-more\">Read more<\/span>\n                                                    <\/a>\n                        <\/div>\n                <div class=\"col-md-3\">\n                                            <a class=\"cta-item \" href=\"https:\/\/www.vaud.ch\/tourisme\/oenotourisme\/\" target=\"_self\">\n                                                                                    <img data-lazy=\"https:\/\/www.vaud.ch\/app\/uploads\/2025\/08\/IMG_6713-2-750x500.jpg\" alt=\"\u0152notourisme \" class=\"skip-lazy\">\n                                                        <span class=\"text\">\u0152notourisme <\/span>\n                            <span class=\"read-more\">Read more<\/span>\n                                                    <\/a>\n                        <\/div>\n                <div class=\"col-md-3\">\n                                            <a class=\"cta-item \" href=\"https:\/\/www.vaud.ch\/vivre\/sport\/gravel-canton-vaud\/\" target=\"_self\">\n                                                                                    <img data-lazy=\"https:\/\/www.vaud.ch\/app\/uploads\/2025\/03\/Villars-sur-Ollon-Shooting-velo-Gravel-c-A-Swiss-With-A-Pulse-3-1-750x500.jpg\" alt=\"Gravel\" class=\"skip-lazy\">\n                                                        <span class=\"text\">Gravel<\/span>\n                            <span class=\"read-more\">Read more<\/span>\n                                                    <\/a>\n                        <\/div>\n                <div class=\"col-md-3\">\n                                            <a class=\"cta-item \" href=\"https:\/\/www.vaud.ch\/tourisme\/destinations\/\" target=\"_self\">\n                                                                                    <img data-lazy=\"https:\/\/www.vaud.ch\/app\/uploads\/2025\/07\/BEAU-RIVAGE-PALACE-VUE-667x500.jpg\" alt=\"Nos destinations\" class=\"skip-lazy\">\n                                                        <span class=\"text\">Nos destinations<\/span>\n                            <span class=\"read-more\">Read more<\/span>\n                                                    <\/a>\n                        <\/div>\n<\/div>\n\n\n\t<\/div>\n\n<\/div>\n","protected":false},"excerpt":{"rendered":"","protected":false},"author":15,"featured_media":15101,"parent":2869,"menu_order":0,"comment_status":"closed","ping_status":"closed","template":"","meta":{"_acf_changed":false,"footnotes":""},"class_list":["post-15035","page","type-page","status-publish","has-post-thumbnail","hentry"],"acf":[],"aioseo_notices":[],"_links":{"self":[{"href":"https:\/\/www.vaud.ch\/en\/wp-json\/wp\/v2\/pages\/15035","targetHints":{"allow":["GET"]}}],"collection":[{"href":"https:\/\/www.vaud.ch\/en\/wp-json\/wp\/v2\/pages"}],"about":[{"href":"https:\/\/www.vaud.ch\/en\/wp-json\/wp\/v2\/types\/page"}],"author":[{"embeddable":true,"href":"https:\/\/www.vaud.ch\/en\/wp-json\/wp\/v2\/users\/15"}],"replies":[{"embeddable":true,"href":"https:\/\/www.vaud.ch\/en\/wp-json\/wp\/v2\/comments?post=15035"}],"version-history":[{"count":3,"href":"https:\/\/www.vaud.ch\/en\/wp-json\/wp\/v2\/pages\/15035\/revisions"}],"predecessor-version":[{"id":19214,"href":"https:\/\/www.vaud.ch\/en\/wp-json\/wp\/v2\/pages\/15035\/revisions\/19214"}],"up":[{"embeddable":true,"href":"https:\/\/www.vaud.ch\/en\/wp-json\/wp\/v2\/pages\/2869"}],"wp:featuredmedia":[{"embeddable":true,"href":"https:\/\/www.vaud.ch\/en\/wp-json\/wp\/v2\/media\/15101"}],"wp:attachment":[{"href":"https:\/\/www.vaud.ch\/en\/wp-json\/wp\/v2\/media?parent=15035"}],"curies":[{"name":"wp","href":"https:\/\/api.w.org\/{rel}","templated":true}]}}